{"id":19034,"date":"2021-08-31T11:33:53","date_gmt":"2021-08-31T09:33:53","guid":{"rendered":"https:\/\/institutfrancais.sk\/podujatie\/tedxyouthbratislava-2021-na-vazkach\/"},"modified":"2021-09-07T13:55:43","modified_gmt":"2021-09-07T11:55:43","slug":"tedxyouthbratislava-2021-na-vazkach","status":"publish","type":"podujatie","link":"https:\/\/institutfrancais.sk\/fr\/podujatie\/tedxyouthbratislava-2021-na-vazkach\/","title":{"rendered":"TEDxYouth@Bratislava 2021"},"content":{"rendered":"\n<h2 class=\"wp-block-heading\">Description de l&rsquo;\u00e9v\u00e8nement<\/h2>\n\n\n\n<p>Les conf\u00e9rences TEDx constituent un format de renomm\u00e9e mondiale qui se distingue des \u00e9v\u00e9nements similaires par leur devise de diffuser \u00ab&nbsp;<em>les id\u00e9es qui valent la peine d&rsquo;\u00eatre diffus\u00e9es&nbsp;<\/em>\u00bb. Le format consiste en des conf\u00e9rences appel\u00e9es TED Talks, auxquelles sont invit\u00e9s des invit\u00e9s int\u00e9ressants de divers domaines de la science, de l&rsquo;art, de la politique, de l&rsquo;\u00e9ducation, des affaires ou de la technologie. Lors de conf\u00e9rences telles que TEDx, les jeunes ont la possibilit\u00e9 d&rsquo;\u00e9largir leurs horizons, de nouer des relations avec leur propre pays \u00e0 travers des histoires et des pairs inspirants, et de trouver la motivation pour am\u00e9liorer leur environnement. Cette ann\u00e9e, TEDx accueillera <strong>10 intervenants<\/strong> qui, en lien avec le th\u00e8me \u00ab d\u00e9cisions importantes \u00e0 prendre \u00bb, pr\u00e9senteront des sujets li\u00e9s \u00e0 la prise de d\u00e9cision et aux changements de vie. Parmi les intervenants figurent des noms tels que les fondatrices du podcast \u00ab\u00a0Education sexuelle\u00a0\u00bb ou encore l&rsquo;influenceuse Ema M\u00fcller, le scientifique Martin Plesch ou l&rsquo;illustratrice Tina Minor.<\/p>\n\n\n<div class=\"space md\"><\/div>\n\n\n<h2 class=\"wp-block-heading\">Institut fran\u00e7ais, fier partenaire de TEDxYouth@Bratislava 2021<\/h2>\n\n\n\n<p>Dans le cadre du programme d&rsquo;accompagnement, l&rsquo;Institut fran\u00e7ais proposera de riches informations sur :<\/p>\n\n\n\n<ul><li>les possibilit\u00e9s d&rsquo;\u00e9tudes en France par le biais de l&rsquo;\u00e9quipe <strong><a href=\"https:\/\/institutfrancais.sk\/fr\/science-et-universite\/etudes-superieures\/en-france\/\" target=\"_blank\" rel=\"noreferrer noopener\">Campus France<\/a><\/strong><\/li><li>la pr\u00e9paration linguistique \u00e0 l&rsquo;occasion des inscriptions aux <strong><a href=\"https:\/\/institutfrancais.sk\/fr\/jesenne-kurzy-francuzstiny-2021\/\" target=\"_blank\" rel=\"noreferrer noopener\">cours de fran\u00e7ais du trimestre d&rsquo;automne<\/a><\/strong> (les d\u00e9tenteurs de la carte ISISC b\u00e9n\u00e9ficient d&rsquo;une r\u00e9duction \u00e0 hauteur de 10%) <\/li><li>la <a href=\"https:\/\/institutfrancais.sk\/fr\/mediatheque\/\"><strong>m\u00e9diath\u00e8que <\/strong><\/a>de l&rsquo;Institut fran\u00e7ais<\/li><\/ul>\n\n\n\n<p>Les types plus comp\u00e9titifs peuvent tester leurs connaissances sur la France \u00e0 travers un quiz et gagner des prix sympas !<\/p>\n\n\n<div class=\"space md\"><\/div>\n\n\n<h2 class=\"wp-block-heading\">Informations importantes<\/h2>\n\n\n\n<p>L&rsquo;admission \u00e0 l&rsquo;\u00e9v\u00e9nement est possible pour les personnes vaccin\u00e9es, test\u00e9es et gu\u00e9ries du covid. Le GreenPass sera inspect\u00e9 avant l&rsquo;\u00e9v\u00e9nement et l&rsquo;organisateur de l&rsquo;\u00e9v\u00e9nement se r\u00e9serve le droit de ne pas admettre sur le site une personne sans justificatif. <\/p>\n\n\n<div class=\"space xs\"><\/div>\n\n<a href=\"https:\/\/www.ticketportal.sk\/event\/TEDxYouthBratislava-2021-Na-Vazkach\" class=\"btn\">Acheter vos places<\/a>\n\n<div class=\"space md\"><\/div>\n\n<\/div><iframe loading=\"lazy\" src=\"https:\/\/www.google.com\/maps\/embed?pb=!1m18!1m12!1m3!1d2662.0391185099625!2d17.14527301581849!3d48.148051058410154!2m3!1f0!2f0!3f0!3m2!1i1024!2i768!4f13.1!3m3!1m2!1s0x476c8928d531cd95%3A0x6e66429f19539c7c!2sPrievozsk%C3%A1%203987%2F18%2C%20821%2009%20Bratislava!5e0!3m2!1ssk!2ssk!4v1630919900260!5m2!1ssk!2ssk\" width=\"100%\" height=\"558\" frameborder=\"0\" class=\"gmap-iframe\" allowfullscreen=\"\"><\/iframe><div class=\"wrap narrow-wrap\">\n\n\n<p><br><\/p>\n","protected":false},"featured_media":19024,"template":"","typ-podujatia":[53],"acf":[],"yoast_head":"<!-- This site is optimized with the Yoast SEO plugin v24.5 - https:\/\/yoast.com\/wordpress\/plugins\/seo\/ -->\n<title>TEDxYouth@Bratislava 2021 - Franc\u00fazsky in\u0161tit\u00fat na Slovensku<\/title>\n<meta name=\"robots\" content=\"index, follow, max-snippet:-1, max-image-preview:large, max-video-preview:-1\" \/>\n<link rel=\"canonical\" href=\"https:\/\/institutfrancais.sk\/fr\/podujatie\/tedxyouthbratislava-2021-na-vazkach\/\" \/>\n<meta property=\"og:locale\" content=\"fr_FR\" \/>\n<meta property=\"og:type\" content=\"article\" \/>\n<meta property=\"og:title\" content=\"TEDxYouth@Bratislava 2021 - Franc\u00fazsky in\u0161tit\u00fat na Slovensku\" \/>\n<meta property=\"og:description\" content=\"Description de l&rsquo;\u00e9v\u00e8nement Les conf\u00e9rences TEDx constituent un format de renomm\u00e9e mondiale qui se distingue des \u00e9v\u00e9nements similaires par leur devise de diffuser \u00ab&nbsp;les id\u00e9es qui valent la peine d&rsquo;\u00eatre diffus\u00e9es&nbsp;\u00bb. Le format consiste en des conf\u00e9rences appel\u00e9es TED Talks, auxquelles sont invit\u00e9s des invit\u00e9s int\u00e9ressants de divers domaines de la science, de l&rsquo;art, de [&hellip;]\" \/>\n<meta property=\"og:url\" content=\"https:\/\/institutfrancais.sk\/fr\/podujatie\/tedxyouthbratislava-2021-na-vazkach\/\" \/>\n<meta property=\"og:site_name\" content=\"Franc\u00fazsky in\u0161tit\u00fat na Slovensku\" \/>\n<meta property=\"article:modified_time\" content=\"2021-09-07T11:55:43+00:00\" \/>\n<meta property=\"og:image\" content=\"https:\/\/institutfrancais.sk\/wp-content\/uploads\/2021\/09\/235104946_1852007058320144_2693391881128516054_n.jpg\" \/>\n\t<meta property=\"og:image:width\" content=\"1920\" \/>\n\t<meta property=\"og:image:height\" content=\"993\" \/>\n\t<meta property=\"og:image:type\" content=\"image\/jpeg\" \/>\n<meta name=\"twitter:card\" content=\"summary_large_image\" \/>\n<meta name=\"twitter:label1\" content=\"Dur\u00e9e de lecture estim\u00e9e\" \/>\n\t<meta name=\"twitter:data1\" content=\"2 minutes\" \/>\n<script type=\"application\/ld+json\" class=\"yoast-schema-graph\">{\"@context\":\"https:\/\/schema.org\",\"@graph\":[{\"@type\":\"WebPage\",\"@id\":\"https:\/\/institutfrancais.sk\/fr\/podujatie\/tedxyouthbratislava-2021-na-vazkach\/\",\"url\":\"https:\/\/institutfrancais.sk\/fr\/podujatie\/tedxyouthbratislava-2021-na-vazkach\/\",\"name\":\"TEDxYouth@Bratislava 2021 - Franc\u00fazsky in\u0161tit\u00fat na Slovensku\",\"isPartOf\":{\"@id\":\"https:\/\/institutfrancais.sk\/fr\/#website\"},\"primaryImageOfPage\":{\"@id\":\"https:\/\/institutfrancais.sk\/fr\/podujatie\/tedxyouthbratislava-2021-na-vazkach\/#primaryimage\"},\"image\":{\"@id\":\"https:\/\/institutfrancais.sk\/fr\/podujatie\/tedxyouthbratislava-2021-na-vazkach\/#primaryimage\"},\"thumbnailUrl\":\"https:\/\/institutfrancais.sk\/wp-content\/uploads\/2021\/09\/235104946_1852007058320144_2693391881128516054_n.jpg\",\"datePublished\":\"2021-08-31T09:33:53+00:00\",\"dateModified\":\"2021-09-07T11:55:43+00:00\",\"breadcrumb\":{\"@id\":\"https:\/\/institutfrancais.sk\/fr\/podujatie\/tedxyouthbratislava-2021-na-vazkach\/#breadcrumb\"},\"inLanguage\":\"fr-FR\",\"potentialAction\":[{\"@type\":\"ReadAction\",\"target\":[\"https:\/\/institutfrancais.sk\/fr\/podujatie\/tedxyouthbratislava-2021-na-vazkach\/\"]}]},{\"@type\":\"ImageObject\",\"inLanguage\":\"fr-FR\",\"@id\":\"https:\/\/institutfrancais.sk\/fr\/podujatie\/tedxyouthbratislava-2021-na-vazkach\/#primaryimage\",\"url\":\"https:\/\/institutfrancais.sk\/wp-content\/uploads\/2021\/09\/235104946_1852007058320144_2693391881128516054_n.jpg\",\"contentUrl\":\"https:\/\/institutfrancais.sk\/wp-content\/uploads\/2021\/09\/235104946_1852007058320144_2693391881128516054_n.jpg\",\"width\":1920,\"height\":993},{\"@type\":\"BreadcrumbList\",\"@id\":\"https:\/\/institutfrancais.sk\/fr\/podujatie\/tedxyouthbratislava-2021-na-vazkach\/#breadcrumb\",\"itemListElement\":[{\"@type\":\"ListItem\",\"position\":1,\"name\":\"Home\",\"item\":\"https:\/\/institutfrancais.sk\/fr\/\"},{\"@type\":\"ListItem\",\"position\":2,\"name\":\"Events\",\"item\":\"https:\/\/institutfrancais.sk\/fr\/podujatie\/\"},{\"@type\":\"ListItem\",\"position\":3,\"name\":\"TEDxYouth@Bratislava 2021\"}]},{\"@type\":\"WebSite\",\"@id\":\"https:\/\/institutfrancais.sk\/fr\/#website\",\"url\":\"https:\/\/institutfrancais.sk\/fr\/\",\"name\":\"Franc\u00fazsky in\u0161tit\u00fat na Slovensku\",\"description\":\"Franc\u00fazsky in\u0161tit\u00fat na Slovensku\",\"potentialAction\":[{\"@type\":\"SearchAction\",\"target\":{\"@type\":\"EntryPoint\",\"urlTemplate\":\"https:\/\/institutfrancais.sk\/fr\/?s={search_term_string}\"},\"query-input\":{\"@type\":\"PropertyValueSpecification\",\"valueRequired\":true,\"valueName\":\"search_term_string\"}}],\"inLanguage\":\"fr-FR\"}]}<\/script>\n<!-- \/ Yoast SEO plugin. -->","yoast_head_json":{"title":"TEDxYouth@Bratislava 2021 - Franc\u00fazsky in\u0161tit\u00fat na Slovensku","robots":{"index":"index","follow":"follow","max-snippet":"max-snippet:-1","max-image-preview":"max-image-preview:large","max-video-preview":"max-video-preview:-1"},"canonical":"https:\/\/institutfrancais.sk\/fr\/podujatie\/tedxyouthbratislava-2021-na-vazkach\/","og_locale":"fr_FR","og_type":"article","og_title":"TEDxYouth@Bratislava 2021 - Franc\u00fazsky in\u0161tit\u00fat na Slovensku","og_description":"Description de l&rsquo;\u00e9v\u00e8nement Les conf\u00e9rences TEDx constituent un format de renomm\u00e9e mondiale qui se distingue des \u00e9v\u00e9nements similaires par leur devise de diffuser \u00ab&nbsp;les id\u00e9es qui valent la peine d&rsquo;\u00eatre diffus\u00e9es&nbsp;\u00bb. Le format consiste en des conf\u00e9rences appel\u00e9es TED Talks, auxquelles sont invit\u00e9s des invit\u00e9s int\u00e9ressants de divers domaines de la science, de l&rsquo;art, de [&hellip;]","og_url":"https:\/\/institutfrancais.sk\/fr\/podujatie\/tedxyouthbratislava-2021-na-vazkach\/","og_site_name":"Franc\u00fazsky in\u0161tit\u00fat na Slovensku","article_modified_time":"2021-09-07T11:55:43+00:00","og_image":[{"width":1920,"height":993,"url":"https:\/\/institutfrancais.sk\/wp-content\/uploads\/2021\/09\/235104946_1852007058320144_2693391881128516054_n.jpg","type":"image\/jpeg"}],"twitter_card":"summary_large_image","twitter_misc":{"Dur\u00e9e de lecture estim\u00e9e":"2 minutes"},"schema":{"@context":"https:\/\/schema.org","@graph":[{"@type":"WebPage","@id":"https:\/\/institutfrancais.sk\/fr\/podujatie\/tedxyouthbratislava-2021-na-vazkach\/","url":"https:\/\/institutfrancais.sk\/fr\/podujatie\/tedxyouthbratislava-2021-na-vazkach\/","name":"TEDxYouth@Bratislava 2021 - Franc\u00fazsky in\u0161tit\u00fat na Slovensku","isPartOf":{"@id":"https:\/\/institutfrancais.sk\/fr\/#website"},"primaryImageOfPage":{"@id":"https:\/\/institutfrancais.sk\/fr\/podujatie\/tedxyouthbratislava-2021-na-vazkach\/#primaryimage"},"image":{"@id":"https:\/\/institutfrancais.sk\/fr\/podujatie\/tedxyouthbratislava-2021-na-vazkach\/#primaryimage"},"thumbnailUrl":"https:\/\/institutfrancais.sk\/wp-content\/uploads\/2021\/09\/235104946_1852007058320144_2693391881128516054_n.jpg","datePublished":"2021-08-31T09:33:53+00:00","dateModified":"2021-09-07T11:55:43+00:00","breadcrumb":{"@id":"https:\/\/institutfrancais.sk\/fr\/podujatie\/tedxyouthbratislava-2021-na-vazkach\/#breadcrumb"},"inLanguage":"fr-FR","potentialAction":[{"@type":"ReadAction","target":["https:\/\/institutfrancais.sk\/fr\/podujatie\/tedxyouthbratislava-2021-na-vazkach\/"]}]},{"@type":"ImageObject","inLanguage":"fr-FR","@id":"https:\/\/institutfrancais.sk\/fr\/podujatie\/tedxyouthbratislava-2021-na-vazkach\/#primaryimage","url":"https:\/\/institutfrancais.sk\/wp-content\/uploads\/2021\/09\/235104946_1852007058320144_2693391881128516054_n.jpg","contentUrl":"https:\/\/institutfrancais.sk\/wp-content\/uploads\/2021\/09\/235104946_1852007058320144_2693391881128516054_n.jpg","width":1920,"height":993},{"@type":"BreadcrumbList","@id":"https:\/\/institutfrancais.sk\/fr\/podujatie\/tedxyouthbratislava-2021-na-vazkach\/#breadcrumb","itemListElement":[{"@type":"ListItem","position":1,"name":"Home","item":"https:\/\/institutfrancais.sk\/fr\/"},{"@type":"ListItem","position":2,"name":"Events","item":"https:\/\/institutfrancais.sk\/fr\/podujatie\/"},{"@type":"ListItem","position":3,"name":"TEDxYouth@Bratislava 2021"}]},{"@type":"WebSite","@id":"https:\/\/institutfrancais.sk\/fr\/#website","url":"https:\/\/institutfrancais.sk\/fr\/","name":"Franc\u00fazsky in\u0161tit\u00fat na Slovensku","description":"Franc\u00fazsky in\u0161tit\u00fat na Slovensku","potentialAction":[{"@type":"SearchAction","target":{"@type":"EntryPoint","urlTemplate":"https:\/\/institutfrancais.sk\/fr\/?s={search_term_string}"},"query-input":{"@type":"PropertyValueSpecification","valueRequired":true,"valueName":"search_term_string"}}],"inLanguage":"fr-FR"}]}},"_links":{"self":[{"href":"https:\/\/institutfrancais.sk\/fr\/wp-json\/wp\/v2\/podujatie\/19034"}],"collection":[{"href":"https:\/\/institutfrancais.sk\/fr\/wp-json\/wp\/v2\/podujatie"}],"about":[{"href":"https:\/\/institutfrancais.sk\/fr\/wp-json\/wp\/v2\/types\/podujatie"}],"wp:featuredmedia":[{"embeddable":true,"href":"https:\/\/institutfrancais.sk\/fr\/wp-json\/wp\/v2\/media\/19024"}],"wp:attachment":[{"href":"https:\/\/institutfrancais.sk\/fr\/wp-json\/wp\/v2\/media?parent=19034"}],"wp:term":[{"taxonomy":"typ-podujatia","embeddable":true,"href":"https:\/\/institutfrancais.sk\/fr\/wp-json\/wp\/v2\/typ-podujatia?post=19034"}],"curies":[{"name":"wp","href":"https:\/\/api.w.org\/{rel}","templated":true}]}}