{"id":19117,"date":"2021-09-07T10:13:24","date_gmt":"2021-09-07T08:13:24","guid":{"rendered":"https:\/\/institutfrancais.sk\/?post_type=podujatie&#038;p=19117"},"modified":"2021-09-13T20:23:59","modified_gmt":"2021-09-13T18:23:59","slug":"reflexions-sur-la-perception-de-leurope-centrale-en-france-et-ses-mediations","status":"publish","type":"podujatie","link":"https:\/\/institutfrancais.sk\/fr\/podujatie\/reflexions-sur-la-perception-de-leurope-centrale-en-france-et-ses-mediations\/","title":{"rendered":"R\u00e9flexions sur la perception de l\u2019Europe centrale en France et ses m\u00e9diations"},"content":{"rendered":"\n<p>Apr\u00e8s avoir bri\u00e8vement \u00e9voqu\u00e9 sa trajectoire de \u00ab&nbsp;m\u00e9diateur&nbsp;\u00bb de l\u2019Europe centrale, <strong>Antoine Mar\u00e8s<\/strong> abordera les deux pr\u00e9alables \u00e0 la perception de cette r\u00e9gion en France&nbsp;: le poids des relations centre-europ\u00e9ennes sur les perceptions fran\u00e7aises d\u2019une part, les sp\u00e9cificit\u00e9s fran\u00e7aises de ces perceptions. Une troisi\u00e8me partie sera consacr\u00e9e aux approches disciplinaires et aux profils des m\u00e9diateurs. Enfin, une derni\u00e8re partie caract\u00e9risera les quatre grandes \u00e9tapes chronologiques de ces m\u00e9diations&nbsp;: XIXe si\u00e8cle, entre-deux-guerres, p\u00e9riode communiste, apr\u00e8s-1989.<\/p>\n\n\n<div class=\"space\"><\/div>\n\n\n<h2 class=\"wp-block-heading\"> Traduction simultan\u00e9e SK-FR <\/h2>\n\n\n<div class=\"space\"><\/div>\n\n\n<div class=\"wp-block-image\"><figure class=\"alignleft size-full\"><img loading=\"lazy\" decoding=\"async\" width=\"306\" height=\"195\" src=\"https:\/\/institutfrancais.sk\/wp-content\/uploads\/2021\/09\/mares-.png\" alt=\"\" class=\"wp-image-19120\" srcset=\"https:\/\/institutfrancais.sk\/wp-content\/uploads\/2021\/09\/mares-.png 306w, https:\/\/institutfrancais.sk\/wp-content\/uploads\/2021\/09\/mares--300x191.png 300w\" sizes=\"(max-width: 306px) 100vw, 306px\" \/><\/figure><\/div>\n\n\n\n<p><em>Conf\u00e9rencier : <strong>Antoine Mar\u00e8s<\/strong>, Professeur d\u2019histoire \u00e0 l\u2019Universit\u00e9 Paris 1 Panth\u00e9on-Sorbonne<\/em><\/p>\n\n\n<div class=\"space md\"><\/div>\n\n\n<p><em>Organisateurs : Institut fran\u00e7ais de Slovaquie en coop\u00e9ration avec le l&rsquo;Institut d&rsquo;histoire de l&rsquo;Acad\u00e9mie des sciences slovaque <\/em> <\/p>\n\n\n<div class=\"space\"><\/div>\n\n<\/div><iframe loading=\"lazy\" src=\"https:\/\/www.google.com\/maps\/embed?pb=!1m18!1m12!1m3!1d2661.9793995783593!2d17.104635015528345!3d48.14920237922436!2m3!1f0!2f0!3f0!3m2!1i1024!2i768!4f13.1!3m3!1m2!1s0x476c895a5478360b%3A0xbcdb993353899a08!2sMal%C3%A9%20kongresov%C3%A9%20centrum%20SAV!5e0!3m2!1sfr!2ssk!4v1631556714621!5m2!1sfr!2ssk\" width=\"100%\" height=\"558\" frameborder=\"0\" class=\"gmap-iframe\" allowfullscreen=\"\"><\/iframe><div class=\"wrap narrow-wrap\">","protected":false},"featured_media":19118,"template":"","typ-podujatia":[53],"acf":[],"yoast_head":"<!-- This site is optimized with the Yoast SEO plugin v24.5 - https:\/\/yoast.com\/wordpress\/plugins\/seo\/ -->\n<title>R\u00e9flexions sur la perception de l\u2019Europe centrale en France et ses m\u00e9diations - Franc\u00fazsky in\u0161tit\u00fat na Slovensku<\/title>\n<meta name=\"robots\" content=\"index, follow, max-snippet:-1, max-image-preview:large, max-video-preview:-1\" \/>\n<link rel=\"canonical\" href=\"https:\/\/institutfrancais.sk\/fr\/podujatie\/reflexions-sur-la-perception-de-leurope-centrale-en-france-et-ses-mediations\/\" \/>\n<meta property=\"og:locale\" content=\"fr_FR\" \/>\n<meta property=\"og:type\" content=\"article\" \/>\n<meta property=\"og:title\" content=\"R\u00e9flexions sur la perception de l\u2019Europe centrale en France et ses m\u00e9diations - Franc\u00fazsky in\u0161tit\u00fat na Slovensku\" \/>\n<meta property=\"og:description\" content=\"Apr\u00e8s avoir bri\u00e8vement \u00e9voqu\u00e9 sa trajectoire de \u00ab&nbsp;m\u00e9diateur&nbsp;\u00bb de l\u2019Europe centrale, Antoine Mar\u00e8s abordera les deux pr\u00e9alables \u00e0 la perception de cette r\u00e9gion en France&nbsp;: le poids des relations centre-europ\u00e9ennes sur les perceptions fran\u00e7aises d\u2019une part, les sp\u00e9cificit\u00e9s fran\u00e7aises de ces perceptions. Une troisi\u00e8me partie sera consacr\u00e9e aux approches disciplinaires et aux profils des m\u00e9diateurs. [&hellip;]\" \/>\n<meta property=\"og:url\" content=\"https:\/\/institutfrancais.sk\/fr\/podujatie\/reflexions-sur-la-perception-de-leurope-centrale-en-france-et-ses-mediations\/\" \/>\n<meta property=\"og:site_name\" content=\"Franc\u00fazsky in\u0161tit\u00fat na Slovensku\" \/>\n<meta property=\"article:modified_time\" content=\"2021-09-13T18:23:59+00:00\" \/>\n<meta property=\"og:image\" content=\"https:\/\/institutfrancais.sk\/wp-content\/uploads\/2021\/09\/conf-mares-elektricka.jpg\" \/>\n\t<meta property=\"og:image:width\" content=\"2218\" \/>\n\t<meta property=\"og:image:height\" content=\"1248\" \/>\n\t<meta property=\"og:image:type\" content=\"image\/jpeg\" \/>\n<meta name=\"twitter:card\" content=\"summary_large_image\" \/>\n<meta name=\"twitter:label1\" content=\"Dur\u00e9e de lecture estim\u00e9e\" \/>\n\t<meta name=\"twitter:data1\" content=\"1 minute\" \/>\n<script type=\"application\/ld+json\" class=\"yoast-schema-graph\">{\"@context\":\"https:\/\/schema.org\",\"@graph\":[{\"@type\":\"WebPage\",\"@id\":\"https:\/\/institutfrancais.sk\/fr\/podujatie\/reflexions-sur-la-perception-de-leurope-centrale-en-france-et-ses-mediations\/\",\"url\":\"https:\/\/institutfrancais.sk\/fr\/podujatie\/reflexions-sur-la-perception-de-leurope-centrale-en-france-et-ses-mediations\/\",\"name\":\"R\u00e9flexions sur la perception de l\u2019Europe centrale en France et ses m\u00e9diations - Franc\u00fazsky in\u0161tit\u00fat na Slovensku\",\"isPartOf\":{\"@id\":\"https:\/\/institutfrancais.sk\/fr\/#website\"},\"primaryImageOfPage\":{\"@id\":\"https:\/\/institutfrancais.sk\/fr\/podujatie\/reflexions-sur-la-perception-de-leurope-centrale-en-france-et-ses-mediations\/#primaryimage\"},\"image\":{\"@id\":\"https:\/\/institutfrancais.sk\/fr\/podujatie\/reflexions-sur-la-perception-de-leurope-centrale-en-france-et-ses-mediations\/#primaryimage\"},\"thumbnailUrl\":\"https:\/\/institutfrancais.sk\/wp-content\/uploads\/2021\/09\/conf-mares-elektricka.jpg\",\"datePublished\":\"2021-09-07T08:13:24+00:00\",\"dateModified\":\"2021-09-13T18:23:59+00:00\",\"breadcrumb\":{\"@id\":\"https:\/\/institutfrancais.sk\/fr\/podujatie\/reflexions-sur-la-perception-de-leurope-centrale-en-france-et-ses-mediations\/#breadcrumb\"},\"inLanguage\":\"fr-FR\",\"potentialAction\":[{\"@type\":\"ReadAction\",\"target\":[\"https:\/\/institutfrancais.sk\/fr\/podujatie\/reflexions-sur-la-perception-de-leurope-centrale-en-france-et-ses-mediations\/\"]}]},{\"@type\":\"ImageObject\",\"inLanguage\":\"fr-FR\",\"@id\":\"https:\/\/institutfrancais.sk\/fr\/podujatie\/reflexions-sur-la-perception-de-leurope-centrale-en-france-et-ses-mediations\/#primaryimage\",\"url\":\"https:\/\/institutfrancais.sk\/wp-content\/uploads\/2021\/09\/conf-mares-elektricka.jpg\",\"contentUrl\":\"https:\/\/institutfrancais.sk\/wp-content\/uploads\/2021\/09\/conf-mares-elektricka.jpg\",\"width\":2218,\"height\":1248},{\"@type\":\"BreadcrumbList\",\"@id\":\"https:\/\/institutfrancais.sk\/fr\/podujatie\/reflexions-sur-la-perception-de-leurope-centrale-en-france-et-ses-mediations\/#breadcrumb\",\"itemListElement\":[{\"@type\":\"ListItem\",\"position\":1,\"name\":\"Home\",\"item\":\"https:\/\/institutfrancais.sk\/fr\/\"},{\"@type\":\"ListItem\",\"position\":2,\"name\":\"Events\",\"item\":\"https:\/\/institutfrancais.sk\/fr\/podujatie\/\"},{\"@type\":\"ListItem\",\"position\":3,\"name\":\"R\u00e9flexions sur la perception de l\u2019Europe centrale en France et ses m\u00e9diations\"}]},{\"@type\":\"WebSite\",\"@id\":\"https:\/\/institutfrancais.sk\/fr\/#website\",\"url\":\"https:\/\/institutfrancais.sk\/fr\/\",\"name\":\"Franc\u00fazsky in\u0161tit\u00fat na Slovensku\",\"description\":\"Franc\u00fazsky in\u0161tit\u00fat na Slovensku\",\"potentialAction\":[{\"@type\":\"SearchAction\",\"target\":{\"@type\":\"EntryPoint\",\"urlTemplate\":\"https:\/\/institutfrancais.sk\/fr\/?s={search_term_string}\"},\"query-input\":{\"@type\":\"PropertyValueSpecification\",\"valueRequired\":true,\"valueName\":\"search_term_string\"}}],\"inLanguage\":\"fr-FR\"}]}<\/script>\n<!-- \/ Yoast SEO plugin. -->","yoast_head_json":{"title":"R\u00e9flexions sur la perception de l\u2019Europe centrale en France et ses m\u00e9diations - Franc\u00fazsky in\u0161tit\u00fat na Slovensku","robots":{"index":"index","follow":"follow","max-snippet":"max-snippet:-1","max-image-preview":"max-image-preview:large","max-video-preview":"max-video-preview:-1"},"canonical":"https:\/\/institutfrancais.sk\/fr\/podujatie\/reflexions-sur-la-perception-de-leurope-centrale-en-france-et-ses-mediations\/","og_locale":"fr_FR","og_type":"article","og_title":"R\u00e9flexions sur la perception de l\u2019Europe centrale en France et ses m\u00e9diations - Franc\u00fazsky in\u0161tit\u00fat na Slovensku","og_description":"Apr\u00e8s avoir bri\u00e8vement \u00e9voqu\u00e9 sa trajectoire de \u00ab&nbsp;m\u00e9diateur&nbsp;\u00bb de l\u2019Europe centrale, Antoine Mar\u00e8s abordera les deux pr\u00e9alables \u00e0 la perception de cette r\u00e9gion en France&nbsp;: le poids des relations centre-europ\u00e9ennes sur les perceptions fran\u00e7aises d\u2019une part, les sp\u00e9cificit\u00e9s fran\u00e7aises de ces perceptions. Une troisi\u00e8me partie sera consacr\u00e9e aux approches disciplinaires et aux profils des m\u00e9diateurs. [&hellip;]","og_url":"https:\/\/institutfrancais.sk\/fr\/podujatie\/reflexions-sur-la-perception-de-leurope-centrale-en-france-et-ses-mediations\/","og_site_name":"Franc\u00fazsky in\u0161tit\u00fat na Slovensku","article_modified_time":"2021-09-13T18:23:59+00:00","og_image":[{"width":2218,"height":1248,"url":"https:\/\/institutfrancais.sk\/wp-content\/uploads\/2021\/09\/conf-mares-elektricka.jpg","type":"image\/jpeg"}],"twitter_card":"summary_large_image","twitter_misc":{"Dur\u00e9e de lecture estim\u00e9e":"1 minute"},"schema":{"@context":"https:\/\/schema.org","@graph":[{"@type":"WebPage","@id":"https:\/\/institutfrancais.sk\/fr\/podujatie\/reflexions-sur-la-perception-de-leurope-centrale-en-france-et-ses-mediations\/","url":"https:\/\/institutfrancais.sk\/fr\/podujatie\/reflexions-sur-la-perception-de-leurope-centrale-en-france-et-ses-mediations\/","name":"R\u00e9flexions sur la perception de l\u2019Europe centrale en France et ses m\u00e9diations - Franc\u00fazsky in\u0161tit\u00fat na Slovensku","isPartOf":{"@id":"https:\/\/institutfrancais.sk\/fr\/#website"},"primaryImageOfPage":{"@id":"https:\/\/institutfrancais.sk\/fr\/podujatie\/reflexions-sur-la-perception-de-leurope-centrale-en-france-et-ses-mediations\/#primaryimage"},"image":{"@id":"https:\/\/institutfrancais.sk\/fr\/podujatie\/reflexions-sur-la-perception-de-leurope-centrale-en-france-et-ses-mediations\/#primaryimage"},"thumbnailUrl":"https:\/\/institutfrancais.sk\/wp-content\/uploads\/2021\/09\/conf-mares-elektricka.jpg","datePublished":"2021-09-07T08:13:24+00:00","dateModified":"2021-09-13T18:23:59+00:00","breadcrumb":{"@id":"https:\/\/institutfrancais.sk\/fr\/podujatie\/reflexions-sur-la-perception-de-leurope-centrale-en-france-et-ses-mediations\/#breadcrumb"},"inLanguage":"fr-FR","potentialAction":[{"@type":"ReadAction","target":["https:\/\/institutfrancais.sk\/fr\/podujatie\/reflexions-sur-la-perception-de-leurope-centrale-en-france-et-ses-mediations\/"]}]},{"@type":"ImageObject","inLanguage":"fr-FR","@id":"https:\/\/institutfrancais.sk\/fr\/podujatie\/reflexions-sur-la-perception-de-leurope-centrale-en-france-et-ses-mediations\/#primaryimage","url":"https:\/\/institutfrancais.sk\/wp-content\/uploads\/2021\/09\/conf-mares-elektricka.jpg","contentUrl":"https:\/\/institutfrancais.sk\/wp-content\/uploads\/2021\/09\/conf-mares-elektricka.jpg","width":2218,"height":1248},{"@type":"BreadcrumbList","@id":"https:\/\/institutfrancais.sk\/fr\/podujatie\/reflexions-sur-la-perception-de-leurope-centrale-en-france-et-ses-mediations\/#breadcrumb","itemListElement":[{"@type":"ListItem","position":1,"name":"Home","item":"https:\/\/institutfrancais.sk\/fr\/"},{"@type":"ListItem","position":2,"name":"Events","item":"https:\/\/institutfrancais.sk\/fr\/podujatie\/"},{"@type":"ListItem","position":3,"name":"R\u00e9flexions sur la perception de l\u2019Europe centrale en France et ses m\u00e9diations"}]},{"@type":"WebSite","@id":"https:\/\/institutfrancais.sk\/fr\/#website","url":"https:\/\/institutfrancais.sk\/fr\/","name":"Franc\u00fazsky in\u0161tit\u00fat na Slovensku","description":"Franc\u00fazsky in\u0161tit\u00fat na Slovensku","potentialAction":[{"@type":"SearchAction","target":{"@type":"EntryPoint","urlTemplate":"https:\/\/institutfrancais.sk\/fr\/?s={search_term_string}"},"query-input":{"@type":"PropertyValueSpecification","valueRequired":true,"valueName":"search_term_string"}}],"inLanguage":"fr-FR"}]}},"_links":{"self":[{"href":"https:\/\/institutfrancais.sk\/fr\/wp-json\/wp\/v2\/podujatie\/19117"}],"collection":[{"href":"https:\/\/institutfrancais.sk\/fr\/wp-json\/wp\/v2\/podujatie"}],"about":[{"href":"https:\/\/institutfrancais.sk\/fr\/wp-json\/wp\/v2\/types\/podujatie"}],"wp:featuredmedia":[{"embeddable":true,"href":"https:\/\/institutfrancais.sk\/fr\/wp-json\/wp\/v2\/media\/19118"}],"wp:attachment":[{"href":"https:\/\/institutfrancais.sk\/fr\/wp-json\/wp\/v2\/media?parent=19117"}],"wp:term":[{"taxonomy":"typ-podujatia","embeddable":true,"href":"https:\/\/institutfrancais.sk\/fr\/wp-json\/wp\/v2\/typ-podujatia?post=19117"}],"curies":[{"name":"wp","href":"https:\/\/api.w.org\/{rel}","templated":true}]}}