{"id":19228,"date":"2021-09-17T17:55:39","date_gmt":"2021-09-17T15:55:39","guid":{"rendered":"https:\/\/institutfrancais.sk\/?post_type=podujatie&#038;p=19228"},"modified":"2021-10-13T14:29:41","modified_gmt":"2021-10-13T12:29:41","slug":"reflexions-parisiennes-de-peter-cvik-et-andrea-kopecka-a-linstitut-francais-de-slovaquie","status":"publish","type":"podujatie","link":"https:\/\/institutfrancais.sk\/fr\/podujatie\/reflexions-parisiennes-de-peter-cvik-et-andrea-kopecka-a-linstitut-francais-de-slovaquie\/","title":{"rendered":"\u00ab\u00a0R\u00e9flexions parisiennes\u00a0\u00bb de Peter Cvik et Andrea Kopeck\u00e1 \u00e0 l&rsquo;Institut fran\u00e7ais de Slovaquie"},"content":{"rendered":"\n<h2 class=\"wp-block-heading\">Un mot sur l&rsquo;exposition<\/h2>\n\n\n\n<p>L&rsquo;Atelier des artistes slovaques \u00e0 la Cit\u00e9 internationale des arts \u00e0 Paris est un lieu de r\u00e9sidence pour les artistes slovaques depuis vingt-cinq ans.<\/p>\n\n\n\n<p><a><\/a>L&rsquo;environnement inspirant de cette m\u00e9tropole, ainsi que la Cit\u00e9 elle-m\u00eame, o\u00f9 vivent et travaillent plus de trois cents artistes du monde entier, sont vraiment exceptionnels.<\/p>\n\n\n\n<p><a><\/a>Il a&nbsp;\u00e9galement impressionn\u00e9 les jeunes artistes de Bratislava Andrea Kopecka et Petr Cvik.&nbsp;<\/p>\n\n\n\n<p>L&rsquo;atmosph\u00e8re de Paris, son histoire, ses monuments artistiques, mais surtout le pouls incessant de la ville, dans lequel r\u00e9sonne la vie de ses habitants et de ses visiteurs, a&nbsp;naturellement imprim\u00e9 son sceau sur leur travail. L&rsquo;exposition&nbsp;<em>R\u00e9flexions parisiennes<\/em> \u00e0 l&rsquo;Institut fran\u00e7ais de Bratislava pr\u00e9sente une s\u00e9lection de leurs derni\u00e8res \u0153uvres.<\/p>\n\n\n\n<p><strong>Peter Cvik <\/strong>est l&rsquo;un des jeunes artistes qui conna\u00eet le plus de succ\u00e8s. Il a&nbsp;re\u00e7u une excellente formation dans le studio du professeur Ivan Csudai, une liste impressionnante d&rsquo;expositions nationales et internationales et de nombreux prix. Son travail se concentre principalement sur la peinture, le dessin et l&rsquo;objet, avec actuellement un accent sur la peinture de paysage, o\u00f9 sa fascination pour la ville, sa r\u00e9flexion sur les interventions urbaines dans le paysage et la cartographie des traces de l&rsquo;activit\u00e9 humaine sont au premier plan.<\/p>\n\n\n\n<p><a><\/a>Tout d\u2019abord, Peter Cvik a&nbsp;utilis\u00e9 diverses m\u00e9thodes exp\u00e9rimentales qui lui ont permis de se d\u00e9placer dans l&rsquo;espace et le temps, puis il a&nbsp;introduit dans les compositions ainsi con\u00e7ues des interventions picturales qui ont conf\u00e9r\u00e9 une \u00e2me \u00e0 l&rsquo;ensemble de l&rsquo;\u0153uvre.<\/p>\n\n\n\n<p><a><\/a>Dans ses \u0153uvres les plus r\u00e9centes, cependant, il se concentre enti\u00e8rement sur les techniques de peinture, notamment l&rsquo;acrylique.<\/p>\n\n\n\n<p><a><\/a>C&rsquo;est \u00e0 Paris, \u00e0 l&rsquo;\u00e9poque du confinement qu&rsquo;il a&nbsp;cr\u00e9\u00e9 une s\u00e9rie d&rsquo;\u0153uvres peintes avec une spontan\u00e9it\u00e9 et une passion qu\u2019il sait transmettre aux spectateurs, par leur perspective fascinante et leurs formes uniques, les impressions in\u00e9dites de cet environnement unique.<\/p>\n\n\n\n<p><a><\/a>Les \u00ab\u00a0reflets\u00a0\u00bb parisiens de Cvik capturent le genius loci myst\u00e9rieux de cette ville, mais plut\u00f4t que d&rsquo;\u00eatre un enregistrement r\u00e9aliste du paysage urbain, ils transmettent un \u00ab\u00a0message cod\u00e9\u00a0\u00bb sur ses formes subversives.<\/p>\n\n\n\n<p><a><\/a>Nous les percevons comme une impression pure, une sorte d&rsquo;extrait spirituel, dans lequel nous ressentons la forme visuelle de lieux familiers ou iconiques, mais nous sommes \u00e9galement conscients des aspects sociaux, des espaces abandonn\u00e9s et vid\u00e9s, des traces d&rsquo;espoir, de la nostalgie, mais aussi des sombres pressentiments. L&rsquo;artiste lui-m\u00eame parle de ces \u0153uvres. \u00ab\u00a0&#8230;&nbsp;<em>Je me concentre principalement sur les traces de souvenirs dans mon propre espace mental, que je couche progressivement sur la toile. Ce que je recherche, c&rsquo;est l&rsquo;apport intellectuel du spectateur, qui a&nbsp;la possibilit\u00e9 de d\u00e9chiffrer mes compositions et de compl\u00e9ter ainsi sa propre histoire \u00e0 partir de ses propres souvenirs et exp\u00e9riences\u2026<\/em>\u201d<\/p>\n\n\n\n<p><a><\/a><strong>Andrea Kopeck\u00e1 <\/strong>est \u00e9galement dipl\u00f4m\u00e9e du d\u00e9partement de la peinture et des autres m\u00e9dias, dans le \u00ab\u00a0quatri\u00e8me studio\u00a0\u00bb sous la direction du professeur Ivan Csudai.<\/p>\n\n\n\n<p><a><\/a>Elle a&nbsp;capt\u00e9 l&rsquo;attention du public d\u00e8s ses premi\u00e8res peintures, r\u00e9alis\u00e9es avec des techniques inhabituelles et cr\u00e9atives, d\u00e9velopp\u00e9es en \u00e9troite relation avec ses activit\u00e9s fructueuses dans le domaine du tatouage.<\/p>\n\n\n\n<p><a><\/a>Elle s&rsquo;est \u00e9galement int\u00e9ress\u00e9e dans un premier temps au paysage urbain, o\u00f9 elle a&nbsp;\u00e9t\u00e9 particuli\u00e8rement attir\u00e9e par les solitaires architecturaux d\u00e9vast\u00e9s de Bratislava, marqu\u00e9s par une trace n\u00e9gative distincte, \u00e9voquant leur avenir incertain, menac\u00e9 par les intentions des investisseurs commerciaux. Elle a&nbsp;choisi une technique int\u00e9ressante consistant \u00e0 faire se chevaucher puis \u00e0 enlever les diff\u00e9rentes couches de peinture, ce qui conf\u00e8re \u00e0 ses \u0153uvres un \u00e9l\u00e9ment d&rsquo;anonymat myst\u00e9rieux, renforc\u00e9 par une palette de couleurs subtiles, presque monochromatiques.<\/p>\n\n\n\n<p><a><\/a>Parall\u00e8lement \u00e0 ces paysages intimes, elle a&nbsp;r\u00e9alis\u00e9 des visages et des profils f\u00e9minins \u00e0 grande \u00e9chelle, en appliquant des couches de peinture suppl\u00e9mentaires sur le portrait fini, souvent agrandi, puis, apr\u00e8s s\u00e9chage partiel, en les d\u00e9collant progressivement et en les lavant, sugg\u00e9rant des parall\u00e8les entre la toile recouverte de peinture et la peau humaine r\u00e9agissant \u00e0 l&rsquo;intervention du tatoueur.<\/p>\n\n\n\n<p><a><\/a>Le tout premier s\u00e9jour d&rsquo;Andrea Kopecka \u00e0 Paris, \u00e0 la Cit\u00e9, a&nbsp;inspir\u00e9 sa s\u00e9rie de paysages imaginaires monochromes, o\u00f9 elle se d\u00e9tache progressivement de l&rsquo;optique r\u00e9elle vers les limites de l&rsquo;abstraction. La m\u00e9thode consistant \u00e0 superposer les couches de peinture, puis \u00e0 les \u00e9liminer par lavage, r\u00e9v\u00e9lant ainsi les d\u00e9tails du tableau, ses coordonn\u00e9es de composition et ses structures myst\u00e9rieuses, ainsi que le r\u00e9sultat pr\u00e9alablement impr\u00e9visible et la n\u00e9cessit\u00e9 de corriger le moment de \u00a0\u00bb hasard \u00ab\u00a0, conf\u00e8rent \u00e0 ses tableaux un sentiment de substance vivante. Ses peintures expressives agissent comme un souvenir fugace et intemporel de l&rsquo;atmosph\u00e8re d&rsquo;un paysage largement fictif, dans lequel la palette de couleurs noires et blanches, froide et aust\u00e8re, \u00e9voquant le contraste symbolique de la lumi\u00e8re et de l&rsquo;obscurit\u00e9, est une m\u00e9taphore appropri\u00e9e de la p\u00e9riode et de son large spectre de formes.<\/p>\n\n\n\n<p class=\"has-text-align-right\"><em>M\u00e1ria Horv\u00e1thov\u00e1<\/em><\/p>\n\n\n<div class=\"space\"><\/div>\n\n\n<h2 class=\"wp-block-heading\">Un mot sur les artistes<\/h2>\n\n\n\n<h3 class=\"wp-block-heading\">Peter Cvik<\/h3>\n\n\n\n<p>Peter Cvik est n\u00e9 le 28 septembre 1985 \u00e0 Bratislava. De 2006 \u00e0 2012, il a&nbsp;\u00e9tudi\u00e9 \u00e0 l&rsquo;Acad\u00e9mie des beaux-arts de Bratislava, au d\u00e9partement de la peinture et des autres m\u00e9dias, dans le \u00ab\u00a04e studio\u00a0\u00bb sous la direction du professeur Ivan Csudai. En 2012 &#8211;&nbsp;2016, il a&nbsp;termin\u00e9 ses \u00e9tudes doctorales \u00e0 l&rsquo;Acad\u00e9mie des Beaux-Arts de Bratislava.<\/p>\n\n\n\n<p>Il vit \u00e0 Bratislava et se consacre \u00e0 la peinture. Il a&nbsp;pr\u00e9sent\u00e9 avec succ\u00e8s de nombreuses expositions et concours. Il a&nbsp;\u00e9t\u00e9 finaliste du Strabag Art Award (Vienne 2011) et finaliste de plusieurs \u00e9ditions du concours Painting of the Year, a&nbsp;particip\u00e9 \u00e0 4. Biennale internationale d&rsquo;art jeune \u00e0 Moscou (2014) et la 6e Biennale de Moscou (2015). En 2016, il a&nbsp;\u00e9t\u00e9 invit\u00e9 \u00e0 la 5e Biennale internationale d&rsquo;art jeune de Moscou, o\u00f9 il a&nbsp;pr\u00e9sent\u00e9 une exposition personnelle intitul\u00e9e Architektony.<\/p>\n\n\n<div class=\"space md\"><\/div>\n\n\n<h4 class=\"wp-block-heading\"><a><\/a>EXPOSITIONS INDIVIDUELLES<\/h4>\n\n\n\n<p>2010<br>Crossroads (Carrefours). Salon de la musique. Palais Zichy. Bratislava<\/p>\n\n\n\n<p>2011<br>Cvik Cvak. Studios Hangar Transit. Bratislava<\/p>\n\n\n\n<p>2012<br>Ann\u00e9es scolaires. Entrep\u00f4t n\u00b0 17. SpaP a.s. Port de Bratislava<\/p>\n\n\n\n<p>2013<br>Space Culture (Culture de l&rsquo;espace). Hop Kirk Culture Bar. Bratislava<br>Peter Cvik \/ Alexandra Barth. Spaces Between Us (Espaces entre nous). SND. Bratislava<\/p>\n\n\n\n<p>2014<br>RAMroom24. Magdal\u00e9na. 4D Gallery. Bratislava<br>P. Cvik. J. Hr\u010dka. A. Kopeck\u00e1 vs. Connect coworking. Connect. Bratislava<br>Emotion of Digital Memory (Emotion de la m\u00e9moire num\u00e9rique). Freshmen&rsquo;s. Bratislava &nbsp;&nbsp;&nbsp;&nbsp;&nbsp;&nbsp;&nbsp;&nbsp;<\/p>\n\n\n\n<p>2015<br>Histoires in\u00e9dites. Gallery Slovakia. Bratislava<\/p>\n\n\n\n<p>2016<br>Substance of painting (Substance de la peinture). ART AIA. Berlin<br>\u0410\u0440\u0445\u0438\u0442\u0435\u043a\u0442\u043e\u043d\u044b \/ Architektony. 5. Biennale internationale d&rsquo;art jeune. Galerie SI. Moscou<br>\u0410\u0440\u0445\u0438\u0442\u0435\u043a\u0442\u043e\u043d\u044b \/ Architektony. Centre du mus\u00e9e de Krasnoyarsk. Krasnoyarsk. Moscou<br>#hashtag. Galerie \u010cin \u010cin. Bratislava<br>(Accompagnement)introduction par la pens\u00e9e. Galerie Nibiru. Ostrava<br>N\u00e9buleuse num\u00e9rique dans la caverne de Platon. Centre culturel et librarie Diera do&nbsp;sveta (Un trou dans le monde). Liptovsk\u00fd Mikul\u00e1\u0161<\/p>\n\n\n\n<p>2017<br>De la surface \u00e0 la mati\u00e8re. Galerie Hot Dock. Bratislava<\/p>\n\n\n\n<p>2018<br>Peter Cvik, Suzana Brborovi\u010d. Multi-layered. Encounter in Leipzig. Galerie Sechzig. Feldkirchen (A)<br>Des endroits o\u00f9 je ne suis jamais all\u00e9&#8230;&nbsp;Galerie Alvitr \/ Glavny Prospekt, Ekaterinbourg (RU)<br>Histoires russes de Leipzig. Galerie Atelier XIII, Bratislava<\/p>\n\n\n\n<p>2019<br>Flickering Boarders. Galerie Alvitr. St. Petersburg (RU)<\/p>\n\n\n\n<p>2020<br>TOK\/FLOW. Galerie d&rsquo;art contemporain White&amp;Weiss. Bratislava<\/p>\n\n\n<div class=\"space md\"><\/div>\n\n\n<h4 class=\"wp-block-heading\"><a><\/a>EXPOSITIONS COLLECTIVES<\/h4>\n\n\n\n<p>2009<br>Bestseller de No\u00ebl. Galerie Soda. Bratislava<br>Enthropia + petite \u00e9chelle 2. Galerie Kreslling. Bratislava<\/p>\n\n\n\n<p>2010<br>Bestseller de No\u00ebl vol. 2. Galerie Soda. Bratislava<br>Autrement. Galerie d&rsquo;art Slovanet. Bratislava 120&#215;120. Galerie 66. Prague<br>Paralelles. Barcsay terem. &nbsp;Magyar K\u00e9pz\u00f6m\u00fcv\u00e9szeti Egyetem. Budapest &nbsp;&nbsp;&nbsp;<\/p>\n\n\n\n<p>2011<br>Consistent. Galerie d&rsquo;Orava. Doln\u00fd Kub\u00edn<br>Bestseller de No\u00ebl vol. 3. Galerie Soda. Bratislava<br>Boyband. Galerie de Nitra. Galerie des jeunes. Nitra<br>Porte \/ Kapu. KC Dunaj. Bratislava<\/p>\n\n\n\n<p>2012<br>Vente aux ench\u00e8res d&rsquo;art slovaque contemporain. (NCSU. Sothesby&rsquo;s&nbsp;Autriche). Entrep\u00f4t n\u00b0 7. Eurovea. Bratislava<br>Peinture 2012. Dvorana. Minist\u00e8re de la Culture de la R\u00e9publique slovaque. Bratislava<br>M\u00e9moires de dipl\u00f4me \u00e0 l&rsquo;Acad\u00e9mie des Beaux-Arts. Dom umenia. Bratislava<br>Second season (Deuxi\u00e8me saison). AMOYA. Prague.<br>Excursions dans des mondes \u00e9trangers. T-Gallery. Bratislava<\/p>\n\n\n\n<p>2013<br>Panel story. Galerie de la ville de Bratislava. Palais P\u00e1lffy. Bratislava<br>Sppirit. Galerie SPP. Bratislava<\/p>\n\n\n\n<p>2014<br>Retrospective preview (Aper\u00e7u de la r\u00e9trospective). Freshmen&rsquo;s&nbsp;Gallery. Palais Keglewicz. Bratislava<br>Exposition pr\u00e9alable \u00e0 la vente aux ench\u00e8res White&amp;Weiss. Palais Erd\u00f6dy. Bratislava<br>Peinture de l&rsquo;ann\u00e9e 2014. Galerie Nedbalka. Bratislava<br>Traces de d\u00e9cembre III. Galerie \u010cin \u010cin. Bratislava<br>S\u00e9lection d&rsquo;hiver III. Flat Gallery. Bratislava<br>999. River Gallery. Bratislava<br>AGRO. Galerie 4D. Galanta<br>Yong Art Show Moscow (Exposition d&rsquo;art jeune Moscou). 4. Biennale internationale d&rsquo;art jeune. Mus\u00e9e national de l&rsquo;histoire contemporaine de la Russie. Moscou<br>Goulash 3. River Gallery. Bratislava<br>Fait \/ Fiction. Galerie S\u00fdpka. Vala\u0161sk\u00e9 Mezi\u0159\u00ed\u010d\u00ed<\/p>\n\n\n\n<p>2015<br>Jeune artiste slovaque \u00e0 Moscou 2015.&nbsp;6. Biennale de Moscou. Galerie de l&rsquo;Institut slovaque \u00e0 Moscou. Moscou<br>10 ANS DANS LE CONFORT. Galerie Milo\u0161 Alexander Bazovsk\u00fd \u00e0 Tren\u010d\u00edn. Tren\u010d\u00edn<br>10 ANS DANS LE CONFORT. Freshmen&rsquo;s. Palais Keglevich. Bratislava<br>HALA 2015. Ex &#8211;&nbsp;Pr\u00e9occupations li\u00e9es au coton Tren\u010d\u00edn. Tren\u010d\u00edn<br>Exposition pr\u00e9alable \u00e0 la vente aux ench\u00e8res White&amp;Weiss. Palais Erd\u00f6dy. Bratislava<br>Conception du garage. Feshmen&rsquo;s&nbsp;(pop-up). Znojmo<br>VEHEMENTER TURBATU TURBA. Nov\u00e9 koupelny. D\u00fal Dlubina. Ostrava<br>Jeune art slovaque. Galerie Tver. Moscou<br>Jeune art slovaque. Galerie de l&rsquo;Oural. Yekaterinburg. (RU)<br>Appartement n\u00b06. Appartement priv\u00e9. Brno<\/p>\n\n\n\n<p>2016<br>FolksNow.sk. BERLIN BLUE art. Berlin<br>Noir et blanc ou mourir. M Galerie. A. Bazovsky \u00e0 Tren\u010d\u00edn. Tren\u010d\u00edn<\/p>\n\n\n\n<p>2017<br>Recherche de fronti\u00e8res. Galerie PRFR. Bratislava<br>Wratislavia pro Bratislava \/ Bratislava pro Wratislavia. Galeria Mijeska \u00e0 Wroc\u0142aw. Wroclaw (PL)<\/p>\n\n\n\n<p>2018<br>Join The Dots \/ Unire le distanze, Salone Degli Incanti. L. Benetton Collection. Trieste (I)<br>Peinture 2018. Galerie Nedbalka. Bratislava<br>Between Us. Incident Accident 4, The City Gallery in Czestochowa (PL)<br>Art Brutal. Gallery Mine Michal. Ostrava<br>Searching of Boarders. Mestsk\u00e1 galerie. Ostrava<\/p>\n\n\n\n<p>2019<br>TRI. Loft 8 Galerie. Vienne<br>World Art Road Show. Winzavod\/Alvitr Gallery. Moscou<br>Peinture 2019, Galerie Nedbalka. Bratislava<\/p>\n\n\n\n<p>2020<br>Trous Noirs \u2013 189 \u0153uvres graphiques. Soga. Bratislava<\/p>\n\n\n\n<p>2021<br>Trous Noirs \u2013 209 \u0153uvres graphiques. Nouvelle Synagogue. \u017dilina<br>Trous Noirs \u2013 242 \u0153uvres graphiques. K-13, Alfa Gallery. Ko\u0161ice<\/p>\n\n\n\n<p>Plus sur <a href=\"https:\/\/petercvik.com\/\" target=\"_blank\" rel=\"noreferrer noopener\">www.petercvik.sk<\/a> <\/p>\n\n\n<div class=\"space\"><\/div>\n\n\n<h3 class=\"wp-block-heading\"><strong>Andrea Kopeck\u00e1<\/strong><\/h3>\n\n\n\n<p><a><\/a>Elle est n\u00e9e le 15 septembre 1988 \u00e0 Bratislava. De 2004 \u00e0 2008, elle a&nbsp;\u00e9tudi\u00e9 \u00e0 l&rsquo;\u00e9cole d&rsquo;arts appliqu\u00e9s Josef Vydra sous la direction du prof. Milan Bo\u010dkay et ensuite \u00e0 l&rsquo;Acad\u00e9mie des Beaux-Arts de Bratislava, de 2008 \u00e0 2010 au d\u00e9partement des arts graphiques et autres m\u00e9dias et de 2010 \u00e0 2014 au d\u00e9partement de la peinture et autres m\u00e9dias, 4\u00e8me atelier avec le prof. Ivan Csudai.<\/p>\n\n\n\n<p><a><\/a>En 2014, elle a&nbsp;re\u00e7u le prix de la commission du recteur slovaque pour l&rsquo;art et, en 2019, le prix Martin Benka.<\/p>\n\n\n\n<p>Elle vit \u00e0 Bratislava et se consacre \u00e0 la peinture et au tatouage. Elle a&nbsp;eu plusieurs expositions personnelles et plusieurs pr\u00e9sentations en Suisse et \u00e0 l&rsquo;\u00e9tranger. Elle est membre du groupe artistique BAnda.<\/p>\n\n\n<div class=\"space md\"><\/div>\n\n\n<h4 class=\"wp-block-heading\"><a><\/a>Expositions individuelles :<\/h4>\n\n\n\n<p><a><\/a>2012 A. Kopeck\u00e1, J. Hr\u010dka. Carnaval de la destruction. Sous l&rsquo;arbre de pierre. Bratislava<\/p>\n\n\n\n<p><a><\/a>2012 A. Kopeck\u00e1, J. Hr\u010dka. Buran Buran. Hopkirk. Bratislava<\/p>\n\n\n\n<p><a><\/a>2013 Andrea Kopeck\u00e1.&nbsp;&nbsp;R\u00e9v\u00e9ler l&rsquo;inconnu. Galerie M++. Bratislava<\/p>\n\n\n\n<p><a><\/a>2013 Andrea Kopeck\u00e1. Imprim\u00e9s. V\u0160VU. Bratislava<\/p>\n\n\n\n<p><a><\/a>2014 Andrea Kopeck\u00e1. Des porcelets. Cesspool. Bratislava<\/p>\n\n\n\n<p><a><\/a>2014 Andrea Kopeck\u00e1. Le folklore personnel. Galerie des nouveaux arrivants. Bratislava<\/p>\n\n\n\n<p><a><\/a>2014 A. Kopeck\u00e1, S. Pat\u00facov\u00e1, M. Schniererov\u00e1.&nbsp;&nbsp;Petit avec grand. V\u0160VU. Bratislava<\/p>\n\n\n\n<p><a><\/a>2014 Andrea Kopeck\u00e1. Flesh Art. Club Bateli\u00e9r. Bratislava<\/p>\n\n\n\n<p>2016 Andrea Kopeck\u00e1.Toucher la ville. Galerie \u010cin \u010cin. Bratislava<\/p>\n\n\n<div class=\"space md\"><\/div>\n\n\n<h4 class=\"wp-block-heading\"><a><\/a>Expositions collectives &#8211;&nbsp;s\u00e9lection :<\/h4>\n\n\n\n<p>2009 &#8211;&nbsp;Triennale du textile. Maison de l&rsquo;art. Bratislava<\/p>\n\n\n\n<p><a><\/a>2011 &#8211;&nbsp;Figurama. Biblioth\u00e8que technique nationale. Prague<\/p>\n\n\n\n<p><a><\/a>2012 &#8211;&nbsp;Soyart. L&rsquo;endroit. Bratislava<\/p>\n\n\n\n<p><a><\/a>2013 &#8211;&nbsp;Presahy. Galerie EGO. Bratislava<\/p>\n\n\n\n<p><a><\/a>2013 &#8211;&nbsp;Sppirit. Galerie CAP. Bratislava<\/p>\n\n\n\n<p><a><\/a>2013 &#8211;&nbsp;TedX. Th\u00e9\u00e2tre national slovaque. Bratislava<\/p>\n\n\n\n<p><a><\/a>2013 &#8211;&nbsp;D\u00e9partement de la peinture. Reduta. Bratislava<\/p>\n\n\n\n<p><a><\/a>2014 &#8211;&nbsp;BAnda. Galerie CAP. Bratislava<\/p>\n\n\n\n<p><a><\/a>2014 &#8211;&nbsp;Solitude. Galerie de la rivi\u00e8re. Bratislava<\/p>\n\n\n\n<p><a><\/a>2014 &#8211;&nbsp;\u00ab\u00a0999\u00a0\u00bb. Galerie de la rivi\u00e8re. Bratislava<\/p>\n\n\n\n<p><a><\/a>2014 &#8211;&nbsp;Contempo. Galerie EGO&#8230;&nbsp;Bratislava<\/p>\n\n\n\n<p><a><\/a>2015 &#8211;&nbsp;Nouveau maintenant. Westergasfabriek. Amsterdam. NL<\/p>\n\n\n\n<p><a><\/a>2015 &#8211;&nbsp;Banda -Obstination. Galerie Caesar. Olomouc<\/p>\n\n\n\n<p><a><\/a>2015 &#8211;&nbsp;BAnda &#8211;&nbsp;Tortur\u00e9. Galerie Jan Koniarek. La villa de Koppl. Trnava<\/p>\n\n\n\n<p><a><\/a>2015 &#8211;&nbsp;BAnda &#8211;&nbsp;Pr\u00e9sent dans les anciens m\u00e9dias. Galerie Magna. Ostrava<\/p>\n\n\n\n<p><a><\/a>2015 &#8211;&nbsp;BAnda &#8211;&nbsp;P.&nbsp;Galerie Artatak. Prague<\/p>\n\n\n\n<p><a><\/a>2015 &#8211;&nbsp;Anticipation. Galerie des \u00e9tudiants de premi\u00e8re ann\u00e9e. Bratislava<\/p>\n\n\n\n<p><a><\/a>2015 &#8211;&nbsp;R\u00e9trospective des \u00e9tudiants de premi\u00e8re ann\u00e9e. Palais Keglevich. Bratislava<\/p>\n\n\n\n<p><a><\/a>2016 &#8211;&nbsp;Noir et blanc ou mourir ! Galerie M. A. Bazovsky. Tren\u010d\u00edn<\/p>\n\n\n\n<p><a><\/a>2016 &#8211;&nbsp;Modern Art Slovakia &#8211;&nbsp;Kunst aus Trnava. Landesgalerie Burgenland. Eisenstadt AT<\/p>\n\n\n\n<p><a><\/a>2016 &#8211;&nbsp;Biennale d&rsquo;art visuel libre. Galerie Tur\u010dianska \u00e0 Martin. Martin<\/p>\n\n\n\n<p><a><\/a>2017 &#8211;&nbsp;La recherch\u00e9 d&rsquo;une identit\u00e9 &#8211;&nbsp;L&rsquo;art Slovaque \u00e0 la Cit\u00e9 internationale des arts. Paris<\/p>\n\n\n\n<p><a><\/a>2017 &#8211;&nbsp;90e anniversaire. Galerie Umelka. Bratislava<\/p>\n\n\n\n<p><a><\/a>2018 &#8211;&nbsp;S\u00e9lection. La galerie de Viktoria. Bratislava<\/p>\n\n\n\n<p><a><\/a>2018 &#8211;&nbsp;M\u00e9tamorphose de la peinture II. Lapidarium du ch\u00e2teau de Bratislava. Bratislava<\/p>\n\n\n\n<p><a><\/a>2018 &#8211;&nbsp;Sprednji svet. Galerie Dom\u017eale. Dom\u017eale (SLO)<\/p>\n\n\n\n<p><a><\/a>2018 &#8211;&nbsp;Jeune art contemporain slovaque. Ausstellungsbr\u00fccke. St. P\u00f6lten<\/p>\n\n\n\n<p><a><\/a>2019 &#8211;&nbsp;Exposition-vente collective d&rsquo;\u00e9t\u00e9.&nbsp;&nbsp;Livres d&rsquo;art Caf\u00e9. Bratislava<\/p>\n\n\n\n<p><a><\/a>2019 &#8211;&nbsp;M\u00e9tamorphose de la peinture II. Galerie Alfa. K&nbsp;13 Kulturpark. Ko\u0161ice<\/p>\n\n\n\n<p><a><\/a>2020 &#8211;&nbsp;Trio. Galerie 19, Bratislava<\/p>\n\n\n\n<p>2021 &#8211;&nbsp;Pas ce genre d&rsquo;aiguille. The Embroiderers&rsquo;&nbsp;Guild NSW. Galerie 76. Sydney<\/p>\n\n\n\n<p>Plus sur <a href=\"http:\/\/andreakopecka.com\" target=\"_blank\" rel=\"noreferrer noopener\">andreakopecka.com<\/a> <\/p>\n\n\n<div class=\"space md\"><\/div>\n\n\n<figure class=\"wp-block-image size-large\"><img loading=\"lazy\" decoding=\"async\" width=\"878\" height=\"1024\" src=\"https:\/\/institutfrancais.sk\/wp-content\/uploads\/2021\/09\/plagat-Expo-KopeckaCvik-v2b-1-878x1024.jpg\" alt=\"\" class=\"wp-image-19224\" srcset=\"https:\/\/institutfrancais.sk\/wp-content\/uploads\/2021\/09\/plagat-Expo-KopeckaCvik-v2b-1-878x1024.jpg 878w, https:\/\/institutfrancais.sk\/wp-content\/uploads\/2021\/09\/plagat-Expo-KopeckaCvik-v2b-1-257x300.jpg 257w, https:\/\/institutfrancais.sk\/wp-content\/uploads\/2021\/09\/plagat-Expo-KopeckaCvik-v2b-1-768x896.jpg 768w, https:\/\/institutfrancais.sk\/wp-content\/uploads\/2021\/09\/plagat-Expo-KopeckaCvik-v2b-1-1317x1536.jpg 1317w, https:\/\/institutfrancais.sk\/wp-content\/uploads\/2021\/09\/plagat-Expo-KopeckaCvik-v2b-1-1756x2048.jpg 1756w, https:\/\/institutfrancais.sk\/wp-content\/uploads\/2021\/09\/plagat-Expo-KopeckaCvik-v2b-1-857x1000.jpg 857w\" sizes=\"(max-width: 878px) 100vw, 878px\" \/><\/figure>\n\n\n<div class=\"space\"><\/div>\n\n<\/div><iframe loading=\"lazy\" src=\"https:\/\/www.google.com\/maps\/embed?pb=!1m18!1m12!1m3!1d2662.2735746915087!2d17.10532635165492!3d48.14353077912193!2m3!1f0!2f0!3f0!3m2!1i1024!2i768!4f13.1!3m3!1m2!1s0x476c8942d3867d0f%3A0xf92cfa7be90ee73!2zRnJhbmPDunpza3kgaW7FoXRpdMO6dA!5e0!3m2!1ssk!2ssk!4v1575902399794!5m2!1ssk!2ssk\" width=\"100%\" height=\"558\" frameborder=\"0\" class=\"gmap-iframe\" allowfullscreen=\"\"><\/iframe><div class=\"wrap narrow-wrap\">\n\n<div class=\"space md\"><\/div>\n\n<\/div><div class=\"articles articles-events\"><div class=\"gray-bg\"><div class=\"lines-bg lines-bg-boldright-c\"><div class=\"wrap\"><div class=\"white-boxes\"><h2>Il pourrait <span class=\"orange\">\/vous int\u00e9resser<\/span><\/h2><div class=\"row posts-list\"><a class=\"articles-redirection\" href=\"https:\/\/institutfrancais.sk\/fr\/fr\/informacie\/\"><svg xmlns=\"http:\/\/www.w3.org\/2000\/svg\" viewBox=\"0 0 320 512\" width=\"20\"><path fill=\"#000\" d=\"M285.476 272.971L91.132 467.314c-9.373 9.373-24.569 9.373-33.941 0l-22.667-22.667c-9.357-9.357-9.375-24.522-.04-33.901L188.505 256 34.484 101.255c-9.335-9.379-9.317-24.544.04-33.901l22.667-22.667c9.373-9.373 24.569-9.373 33.941 0L285.475 239.03c9.373 9.372 9.373 24.568.001 33.941z\"><\/path><\/svg> <\/a><div class=\"col-lg-4 col-md-6 col-sm-6\">\n<section>\n<div class=\"post\">\n<div class=\"post-container\">\n<a href=\"https:\/\/institutfrancais.sk\/fr\/spievam-po-francuzsky-2026-2\/\"><div class=\"post-img\">\n<img decoding=\"async\" src=\"https:\/\/institutfrancais.sk\/wp-content\/uploads\/2025\/11\/SPF-2026-J1-537x235.png\" alt=\"Spievam po\u00a0franc\u00fazsky 2026 &#8211;&nbsp;le concours de la chanson francophone\" class=\"post-thumbnail\" width=\"100%\">\n<\/div><\/a>\n<div class=\"card-content\">\n<div class=\"post-meta\">\n<a href=\"https:\/\/institutfrancais.sk\/fr\/category\/non-classifiee\/\">Musique<\/a> \/<\/div>\n<a href=\"https:\/\/institutfrancais.sk\/fr\/spievam-po-francuzsky-2026-2\/\">\n<h1>Spievam po\u00a0franc\u00fazsky 2026 &#8211;&nbsp;le concours de la chanson francophone<\/h1>\n<\/a>\n<div class=\"line-after-title\"><\/div>\n<article>\n<p>Le concours de la chanson francophone&nbsp;&nbsp;Je chante en fran\u00e7ais &nbsp;est de retour en 2026 ! Vous \u00eates amateurs de chansons francophones ? Votre langue maternelle n&rsquo;est pas le fran\u00e7ais ? Vous r\u00e9sidez en Slovaquie ? Vous \u00eates \u00e0 la bonne adresse ! Inscrivez-vous jusqu\u2019au 15 mars 2026 ! Comment faire&#8230;<\/p>\n<\/article>\n<\/div>\n<\/div>\n<\/div>\n<\/section>\n<\/div>\n<div class=\"col-lg-4 col-md-6 col-sm-6\">\n<section>\n<div class=\"post\">\n<div class=\"post-container\">\n<a href=\"https:\/\/institutfrancais.sk\/fr\/avis-aux-artistes-slovaques-residences-a-la-cite-internationale-des-arts-a-paris\/\"><div class=\"post-img\">\n<img decoding=\"async\" src=\"https:\/\/institutfrancais.sk\/wp-content\/uploads\/2021\/10\/aislingmccoy-1024x495.jpg\" alt=\"Avis aux artistes slovaques : r\u00e9sidences \u00e0 la Cit\u00e9 internationale des arts \u00e0 Paris\" class=\"post-thumbnail\" width=\"100%\">\n<\/div><\/a>\n<div class=\"card-content\">\n<div class=\"post-meta\">\n<a href=\"https:\/\/institutfrancais.sk\/fr\/category\/appel\/\">Appel<\/a> \/<\/div>\n<a href=\"https:\/\/institutfrancais.sk\/fr\/avis-aux-artistes-slovaques-residences-a-la-cite-internationale-des-arts-a-paris\/\">\n<h1>Avis aux artistes slovaques : r\u00e9sidences \u00e0 la Cit\u00e9 internationale des arts \u00e0 Paris<\/h1>\n<\/a>\n<div class=\"line-after-title\"><\/div>\n<article>\n<p>Appel \u00e0 candidature ouvert\nDu\u00a015 septembre 2021\u00a0au 29 octobre 2021\n<\/p>\n<\/article>\n<\/div>\n<\/div>\n<\/div>\n<\/section>\n<\/div>\n<\/div><\/div><div class=\"btn-articles-redirection\"><a class=\"btn btn-black\" href=\"https:\/\/institutfrancais.sk\/fr\/informacie\/\">Plus d&rsquo;infos<\/a><\/div><\/div><\/div><\/div><\/div><div class=\"wrap narrow-wrap\">","protected":false},"featured_media":19226,"template":"","typ-podujatia":[56],"acf":[],"yoast_head":"<!-- This site is optimized with the Yoast SEO plugin v24.5 - https:\/\/yoast.com\/wordpress\/plugins\/seo\/ -->\n<title>&quot;R\u00e9flexions parisiennes&quot; de Peter Cvik et Andrea Kopeck\u00e1 \u00e0 l&#039;Institut fran\u00e7ais de Slovaquie - Franc\u00fazsky in\u0161tit\u00fat na Slovensku<\/title>\n<meta name=\"description\" content=\"L&#039;exposition &quot;R\u00e9flexion parisiennes&quot; de Peter Cvik et Andrea Kopeck\u00e1 pr\u00e9sente une s\u00e9lection de leurs derni\u00e8res \u0153uvres inspir\u00e9es des s\u00e9jours \u00e0 la Cit\u00e9 des arts de Paris.\" \/>\n<meta name=\"robots\" content=\"index, follow, max-snippet:-1, max-image-preview:large, max-video-preview:-1\" \/>\n<link rel=\"canonical\" href=\"https:\/\/institutfrancais.sk\/fr\/podujatie\/reflexions-parisiennes-de-peter-cvik-et-andrea-kopecka-a-linstitut-francais-de-slovaquie\/\" \/>\n<meta property=\"og:locale\" content=\"fr_FR\" \/>\n<meta property=\"og:type\" content=\"article\" \/>\n<meta property=\"og:title\" content=\"&quot;R\u00e9flexions parisiennes&quot; de Peter Cvik et Andrea Kopeck\u00e1 \u00e0 l&#039;Institut fran\u00e7ais de Slovaquie - Franc\u00fazsky in\u0161tit\u00fat na Slovensku\" \/>\n<meta property=\"og:description\" content=\"L&#039;exposition &quot;R\u00e9flexion parisiennes&quot; de Peter Cvik et Andrea Kopeck\u00e1 pr\u00e9sente une s\u00e9lection de leurs derni\u00e8res \u0153uvres inspir\u00e9es des s\u00e9jours \u00e0 la Cit\u00e9 des arts de Paris.\" \/>\n<meta property=\"og:url\" content=\"https:\/\/institutfrancais.sk\/fr\/podujatie\/reflexions-parisiennes-de-peter-cvik-et-andrea-kopecka-a-linstitut-francais-de-slovaquie\/\" \/>\n<meta property=\"og:site_name\" content=\"Franc\u00fazsky in\u0161tit\u00fat na Slovensku\" \/>\n<meta property=\"article:modified_time\" content=\"2021-10-13T12:29:41+00:00\" \/>\n<meta property=\"og:image\" content=\"https:\/\/institutfrancais.sk\/wp-content\/uploads\/2021\/09\/pozvanka-Expo-KopeckaCvik-h-page001.jpg\" \/>\n\t<meta property=\"og:image:width\" content=\"2480\" \/>\n\t<meta property=\"og:image:height\" content=\"2551\" \/>\n\t<meta property=\"og:image:type\" content=\"image\/jpeg\" \/>\n<meta name=\"twitter:card\" content=\"summary_large_image\" \/>\n<meta name=\"twitter:label1\" content=\"Dur\u00e9e de lecture estim\u00e9e\" \/>\n\t<meta name=\"twitter:data1\" content=\"10 minutes\" \/>\n<script type=\"application\/ld+json\" class=\"yoast-schema-graph\">{\"@context\":\"https:\/\/schema.org\",\"@graph\":[{\"@type\":\"WebPage\",\"@id\":\"https:\/\/institutfrancais.sk\/fr\/podujatie\/reflexions-parisiennes-de-peter-cvik-et-andrea-kopecka-a-linstitut-francais-de-slovaquie\/\",\"url\":\"https:\/\/institutfrancais.sk\/fr\/podujatie\/reflexions-parisiennes-de-peter-cvik-et-andrea-kopecka-a-linstitut-francais-de-slovaquie\/\",\"name\":\"\\\"R\u00e9flexions parisiennes\\\" de Peter Cvik et Andrea Kopeck\u00e1 \u00e0 l'Institut fran\u00e7ais de Slovaquie - Franc\u00fazsky in\u0161tit\u00fat na Slovensku\",\"isPartOf\":{\"@id\":\"https:\/\/institutfrancais.sk\/fr\/#website\"},\"primaryImageOfPage\":{\"@id\":\"https:\/\/institutfrancais.sk\/fr\/podujatie\/reflexions-parisiennes-de-peter-cvik-et-andrea-kopecka-a-linstitut-francais-de-slovaquie\/#primaryimage\"},\"image\":{\"@id\":\"https:\/\/institutfrancais.sk\/fr\/podujatie\/reflexions-parisiennes-de-peter-cvik-et-andrea-kopecka-a-linstitut-francais-de-slovaquie\/#primaryimage\"},\"thumbnailUrl\":\"https:\/\/institutfrancais.sk\/wp-content\/uploads\/2021\/09\/pozvanka-Expo-KopeckaCvik-h-page001.jpg\",\"datePublished\":\"2021-09-17T15:55:39+00:00\",\"dateModified\":\"2021-10-13T12:29:41+00:00\",\"description\":\"L'exposition \\\"R\u00e9flexion parisiennes\\\" de Peter Cvik et Andrea Kopeck\u00e1 pr\u00e9sente une s\u00e9lection de leurs derni\u00e8res \u0153uvres inspir\u00e9es des s\u00e9jours \u00e0 la Cit\u00e9 des arts de Paris.\",\"breadcrumb\":{\"@id\":\"https:\/\/institutfrancais.sk\/fr\/podujatie\/reflexions-parisiennes-de-peter-cvik-et-andrea-kopecka-a-linstitut-francais-de-slovaquie\/#breadcrumb\"},\"inLanguage\":\"fr-FR\",\"potentialAction\":[{\"@type\":\"ReadAction\",\"target\":[\"https:\/\/institutfrancais.sk\/fr\/podujatie\/reflexions-parisiennes-de-peter-cvik-et-andrea-kopecka-a-linstitut-francais-de-slovaquie\/\"]}]},{\"@type\":\"ImageObject\",\"inLanguage\":\"fr-FR\",\"@id\":\"https:\/\/institutfrancais.sk\/fr\/podujatie\/reflexions-parisiennes-de-peter-cvik-et-andrea-kopecka-a-linstitut-francais-de-slovaquie\/#primaryimage\",\"url\":\"https:\/\/institutfrancais.sk\/wp-content\/uploads\/2021\/09\/pozvanka-Expo-KopeckaCvik-h-page001.jpg\",\"contentUrl\":\"https:\/\/institutfrancais.sk\/wp-content\/uploads\/2021\/09\/pozvanka-Expo-KopeckaCvik-h-page001.jpg\",\"width\":2480,\"height\":2551},{\"@type\":\"BreadcrumbList\",\"@id\":\"https:\/\/institutfrancais.sk\/fr\/podujatie\/reflexions-parisiennes-de-peter-cvik-et-andrea-kopecka-a-linstitut-francais-de-slovaquie\/#breadcrumb\",\"itemListElement\":[{\"@type\":\"ListItem\",\"position\":1,\"name\":\"Home\",\"item\":\"https:\/\/institutfrancais.sk\/fr\/\"},{\"@type\":\"ListItem\",\"position\":2,\"name\":\"Events\",\"item\":\"https:\/\/institutfrancais.sk\/fr\/podujatie\/\"},{\"@type\":\"ListItem\",\"position\":3,\"name\":\"\u00ab\u00a0R\u00e9flexions parisiennes\u00a0\u00bb de Peter Cvik et Andrea Kopeck\u00e1 \u00e0 l&rsquo;Institut fran\u00e7ais de Slovaquie\"}]},{\"@type\":\"WebSite\",\"@id\":\"https:\/\/institutfrancais.sk\/fr\/#website\",\"url\":\"https:\/\/institutfrancais.sk\/fr\/\",\"name\":\"Franc\u00fazsky in\u0161tit\u00fat na Slovensku\",\"description\":\"Franc\u00fazsky in\u0161tit\u00fat na Slovensku\",\"potentialAction\":[{\"@type\":\"SearchAction\",\"target\":{\"@type\":\"EntryPoint\",\"urlTemplate\":\"https:\/\/institutfrancais.sk\/fr\/?s={search_term_string}\"},\"query-input\":{\"@type\":\"PropertyValueSpecification\",\"valueRequired\":true,\"valueName\":\"search_term_string\"}}],\"inLanguage\":\"fr-FR\"}]}<\/script>\n<!-- \/ Yoast SEO plugin. -->","yoast_head_json":{"title":"\"R\u00e9flexions parisiennes\" de Peter Cvik et Andrea Kopeck\u00e1 \u00e0 l'Institut fran\u00e7ais de Slovaquie - Franc\u00fazsky in\u0161tit\u00fat na Slovensku","description":"L'exposition \"R\u00e9flexion parisiennes\" de Peter Cvik et Andrea Kopeck\u00e1 pr\u00e9sente une s\u00e9lection de leurs derni\u00e8res \u0153uvres inspir\u00e9es des s\u00e9jours \u00e0 la Cit\u00e9 des arts de Paris.","robots":{"index":"index","follow":"follow","max-snippet":"max-snippet:-1","max-image-preview":"max-image-preview:large","max-video-preview":"max-video-preview:-1"},"canonical":"https:\/\/institutfrancais.sk\/fr\/podujatie\/reflexions-parisiennes-de-peter-cvik-et-andrea-kopecka-a-linstitut-francais-de-slovaquie\/","og_locale":"fr_FR","og_type":"article","og_title":"\"R\u00e9flexions parisiennes\" de Peter Cvik et Andrea Kopeck\u00e1 \u00e0 l'Institut fran\u00e7ais de Slovaquie - Franc\u00fazsky in\u0161tit\u00fat na Slovensku","og_description":"L'exposition \"R\u00e9flexion parisiennes\" de Peter Cvik et Andrea Kopeck\u00e1 pr\u00e9sente une s\u00e9lection de leurs derni\u00e8res \u0153uvres inspir\u00e9es des s\u00e9jours \u00e0 la Cit\u00e9 des arts de Paris.","og_url":"https:\/\/institutfrancais.sk\/fr\/podujatie\/reflexions-parisiennes-de-peter-cvik-et-andrea-kopecka-a-linstitut-francais-de-slovaquie\/","og_site_name":"Franc\u00fazsky in\u0161tit\u00fat na Slovensku","article_modified_time":"2021-10-13T12:29:41+00:00","og_image":[{"width":2480,"height":2551,"url":"https:\/\/institutfrancais.sk\/wp-content\/uploads\/2021\/09\/pozvanka-Expo-KopeckaCvik-h-page001.jpg","type":"image\/jpeg"}],"twitter_card":"summary_large_image","twitter_misc":{"Dur\u00e9e de lecture estim\u00e9e":"10 minutes"},"schema":{"@context":"https:\/\/schema.org","@graph":[{"@type":"WebPage","@id":"https:\/\/institutfrancais.sk\/fr\/podujatie\/reflexions-parisiennes-de-peter-cvik-et-andrea-kopecka-a-linstitut-francais-de-slovaquie\/","url":"https:\/\/institutfrancais.sk\/fr\/podujatie\/reflexions-parisiennes-de-peter-cvik-et-andrea-kopecka-a-linstitut-francais-de-slovaquie\/","name":"\"R\u00e9flexions parisiennes\" de Peter Cvik et Andrea Kopeck\u00e1 \u00e0 l'Institut fran\u00e7ais de Slovaquie - Franc\u00fazsky in\u0161tit\u00fat na Slovensku","isPartOf":{"@id":"https:\/\/institutfrancais.sk\/fr\/#website"},"primaryImageOfPage":{"@id":"https:\/\/institutfrancais.sk\/fr\/podujatie\/reflexions-parisiennes-de-peter-cvik-et-andrea-kopecka-a-linstitut-francais-de-slovaquie\/#primaryimage"},"image":{"@id":"https:\/\/institutfrancais.sk\/fr\/podujatie\/reflexions-parisiennes-de-peter-cvik-et-andrea-kopecka-a-linstitut-francais-de-slovaquie\/#primaryimage"},"thumbnailUrl":"https:\/\/institutfrancais.sk\/wp-content\/uploads\/2021\/09\/pozvanka-Expo-KopeckaCvik-h-page001.jpg","datePublished":"2021-09-17T15:55:39+00:00","dateModified":"2021-10-13T12:29:41+00:00","description":"L'exposition \"R\u00e9flexion parisiennes\" de Peter Cvik et Andrea Kopeck\u00e1 pr\u00e9sente une s\u00e9lection de leurs derni\u00e8res \u0153uvres inspir\u00e9es des s\u00e9jours \u00e0 la Cit\u00e9 des arts de Paris.","breadcrumb":{"@id":"https:\/\/institutfrancais.sk\/fr\/podujatie\/reflexions-parisiennes-de-peter-cvik-et-andrea-kopecka-a-linstitut-francais-de-slovaquie\/#breadcrumb"},"inLanguage":"fr-FR","potentialAction":[{"@type":"ReadAction","target":["https:\/\/institutfrancais.sk\/fr\/podujatie\/reflexions-parisiennes-de-peter-cvik-et-andrea-kopecka-a-linstitut-francais-de-slovaquie\/"]}]},{"@type":"ImageObject","inLanguage":"fr-FR","@id":"https:\/\/institutfrancais.sk\/fr\/podujatie\/reflexions-parisiennes-de-peter-cvik-et-andrea-kopecka-a-linstitut-francais-de-slovaquie\/#primaryimage","url":"https:\/\/institutfrancais.sk\/wp-content\/uploads\/2021\/09\/pozvanka-Expo-KopeckaCvik-h-page001.jpg","contentUrl":"https:\/\/institutfrancais.sk\/wp-content\/uploads\/2021\/09\/pozvanka-Expo-KopeckaCvik-h-page001.jpg","width":2480,"height":2551},{"@type":"BreadcrumbList","@id":"https:\/\/institutfrancais.sk\/fr\/podujatie\/reflexions-parisiennes-de-peter-cvik-et-andrea-kopecka-a-linstitut-francais-de-slovaquie\/#breadcrumb","itemListElement":[{"@type":"ListItem","position":1,"name":"Home","item":"https:\/\/institutfrancais.sk\/fr\/"},{"@type":"ListItem","position":2,"name":"Events","item":"https:\/\/institutfrancais.sk\/fr\/podujatie\/"},{"@type":"ListItem","position":3,"name":"\u00ab\u00a0R\u00e9flexions parisiennes\u00a0\u00bb de Peter Cvik et Andrea Kopeck\u00e1 \u00e0 l&rsquo;Institut fran\u00e7ais de Slovaquie"}]},{"@type":"WebSite","@id":"https:\/\/institutfrancais.sk\/fr\/#website","url":"https:\/\/institutfrancais.sk\/fr\/","name":"Franc\u00fazsky in\u0161tit\u00fat na Slovensku","description":"Franc\u00fazsky in\u0161tit\u00fat na Slovensku","potentialAction":[{"@type":"SearchAction","target":{"@type":"EntryPoint","urlTemplate":"https:\/\/institutfrancais.sk\/fr\/?s={search_term_string}"},"query-input":{"@type":"PropertyValueSpecification","valueRequired":true,"valueName":"search_term_string"}}],"inLanguage":"fr-FR"}]}},"_links":{"self":[{"href":"https:\/\/institutfrancais.sk\/fr\/wp-json\/wp\/v2\/podujatie\/19228"}],"collection":[{"href":"https:\/\/institutfrancais.sk\/fr\/wp-json\/wp\/v2\/podujatie"}],"about":[{"href":"https:\/\/institutfrancais.sk\/fr\/wp-json\/wp\/v2\/types\/podujatie"}],"wp:featuredmedia":[{"embeddable":true,"href":"https:\/\/institutfrancais.sk\/fr\/wp-json\/wp\/v2\/media\/19226"}],"wp:attachment":[{"href":"https:\/\/institutfrancais.sk\/fr\/wp-json\/wp\/v2\/media?parent=19228"}],"wp:term":[{"taxonomy":"typ-podujatia","embeddable":true,"href":"https:\/\/institutfrancais.sk\/fr\/wp-json\/wp\/v2\/typ-podujatia?post=19228"}],"curies":[{"name":"wp","href":"https:\/\/api.w.org\/{rel}","templated":true}]}}