{"id":19270,"date":"2021-09-21T15:21:47","date_gmt":"2021-09-21T13:21:47","guid":{"rendered":"https:\/\/institutfrancais.sk\/?post_type=podujatie&#038;p=19270"},"modified":"2021-09-21T15:23:38","modified_gmt":"2021-09-21T13:23:38","slug":"rencontre-avec-les-architectes-francais-lacaton-et-vassal-au-festival-daad-2021","status":"publish","type":"podujatie","link":"https:\/\/institutfrancais.sk\/fr\/podujatie\/rencontre-avec-les-architectes-francais-lacaton-et-vassal-au-festival-daad-2021\/","title":{"rendered":"Rencontre avec les architectes fran\u00e7ais Lacaton et Vassal au festival DAAD 2021"},"content":{"rendered":"\n<p>Les laur\u00e9ats de cette ann\u00e9e du prix Pritzker d&rsquo;architecture. D\u00e8s le d\u00e9but de leur travail, ils r\u00e9sonnent dans la conscience architecturale mondiale. Leurs premiers petits b\u00e2timents refl\u00e8tent l&rsquo;exp\u00e9rience nord-africaine avec la lumi\u00e8re, l&rsquo;air et la ventilation naturelle. De petites commandes, cette sp\u00e9cificit\u00e9 s&rsquo;est peu \u00e0 peu transform\u00e9e en grosses commandes et est devenue leur \u00e9criture typique. Chaque projet ouvre de nouvelles perspectives avec l&rsquo;intention de trouver des solutions originales mais rationnelles et logiques. Un chapitre distinct et prim\u00e9 de leur travail est une s\u00e9rie de reconstructions de b\u00e2timents r\u00e9sidentiels pr\u00e9fabriqu\u00e9s. Le bardage de balcon suspendu et l&rsquo;ouverture de fa\u00e7ade am\u00e9liorent la qualit\u00e9 et le confort des utilisateurs. Anne Lacaton et Jean-Philippe Vassal soulignent syst\u00e9matiquement la dimension sociale et durable de l&rsquo;architecture et ouvrent des alternatives conceptuelles aux r\u00e9flexions actuelles sur le logement social.<\/p>\n\n\n\n<h2 class=\"wp-block-heading\">Programme<\/h2>\n\n\n\n<p>19h10-20h10 Presentation du studio d&rsquo;architecture LACATON &amp;\u00a0VASSAL<\/p>\n\n\n\n<p>20h10-20h40 D\u00e9bat avec Anne LACATON et\u00a0Jean-Philippe VASSAL. Animation par Henrietta Morav\u010d\u00edkov\u00e1<\/p>\n\n\n\n<p>20h40-21h00 Projection du film documentaire IMAGINAIRES DE TRANSFORMATION (2015, un film de Dana Karine) sur le projet de reconstruction des b\u00e2timents r\u00e9sidentiels Grand Parc \u00e0 Bordeaux (Anne Lacaton et Jean-Philippe Vassal avec Fr\u00e9d\u00e9ric Druot et\u00a0Christophe Hutin)<\/p>\n\n\n\n<p>21h00-22h15 &nbsp;Projection du film documentaire HABITATIONS L\u00c9G\u00c8RMEN MODIFI\u00c9ES (2013, un film de Guillaume Meigneux) &nbsp;sur le projet de reconstruction de la tour r\u00e9sidentielle Bois-le-Pr\u00eatre surnomm\u00e9e Alcatraz (Anne Lacaton et Jean-Philippe Vassal avec\u00a0Fr\u00e9d\u00e9ric Druot)<\/p>\n\n\n<a href=\"https:\/\/www.daad.sk\/\" class=\"btn\" target=\"blank\" rel=\"noreferrer noopener\">Programme en ligne sur www.daad.sk<\/a>\n\n<div class=\"space md\"><\/div>\n\n\n<figure class=\"wp-block-gallery columns-3 is-cropped wp-block-gallery-1 is-layout-flex wp-block-gallery-is-layout-flex\"><ul class=\"blocks-gallery-grid\"><li class=\"blocks-gallery-item\"><figure><img loading=\"lazy\" decoding=\"async\" width=\"1000\" height=\"677\" src=\"https:\/\/institutfrancais.sk\/wp-content\/uploads\/2021\/09\/Transformation-process-2bis.jpg\" alt=\"\" data-id=\"19269\" data-full-url=\"https:\/\/institutfrancais.sk\/wp-content\/uploads\/2021\/09\/Transformation-process-2bis.jpg\" data-link=\"https:\/\/institutfrancais.sk\/fr\/?attachment_id=19269\" class=\"wp-image-19269\" srcset=\"https:\/\/institutfrancais.sk\/wp-content\/uploads\/2021\/09\/Transformation-process-2bis.jpg 1000w, https:\/\/institutfrancais.sk\/wp-content\/uploads\/2021\/09\/Transformation-process-2bis-300x203.jpg 300w, https:\/\/institutfrancais.sk\/wp-content\/uploads\/2021\/09\/Transformation-process-2bis-768x520.jpg 768w\" sizes=\"(max-width: 1000px) 100vw, 1000px\" \/><\/figure><\/li><li class=\"blocks-gallery-item\"><figure><img decoding=\"async\" src=\"https:\/\/institutfrancais.sk\/wp-content\/uploads\/2021\/09\/portret-Lacaton-Vassal-600x506-2.jpg\" alt=\"\" data-id=\"19267\" data-full-url=\"https:\/\/institutfrancais.sk\/wp-content\/uploads\/2021\/09\/portret-Lacaton-Vassal-600x506-2.jpg\" data-link=\"https:\/\/institutfrancais.sk\/fr\/?attachment_id=19267\" class=\"wp-image-19267\"\/><\/figure><\/li><li class=\"blocks-gallery-item\"><figure><img loading=\"lazy\" decoding=\"async\" width=\"1000\" height=\"648\" src=\"https:\/\/institutfrancais.sk\/wp-content\/uploads\/2021\/09\/Latapie-House-_-Photo-_-Philippe-Ruault.jpg\" alt=\"\" data-id=\"19265\" data-full-url=\"https:\/\/institutfrancais.sk\/wp-content\/uploads\/2021\/09\/Latapie-House-_-Photo-_-Philippe-Ruault.jpg\" data-link=\"https:\/\/institutfrancais.sk\/fr\/?attachment_id=19265\" class=\"wp-image-19265\" srcset=\"https:\/\/institutfrancais.sk\/wp-content\/uploads\/2021\/09\/Latapie-House-_-Photo-_-Philippe-Ruault.jpg 1000w, https:\/\/institutfrancais.sk\/wp-content\/uploads\/2021\/09\/Latapie-House-_-Photo-_-Philippe-Ruault-300x194.jpg 300w, https:\/\/institutfrancais.sk\/wp-content\/uploads\/2021\/09\/Latapie-House-_-Photo-_-Philippe-Ruault-768x498.jpg 768w\" sizes=\"(max-width: 1000px) 100vw, 1000px\" \/><\/figure><\/li><li class=\"blocks-gallery-item\"><figure><img loading=\"lazy\" decoding=\"async\" width=\"1000\" height=\"667\" src=\"https:\/\/institutfrancais.sk\/wp-content\/uploads\/2021\/09\/frac-of-the-north-region.jpg\" alt=\"\" data-id=\"19263\" data-full-url=\"https:\/\/institutfrancais.sk\/wp-content\/uploads\/2021\/09\/frac-of-the-north-region.jpg\" data-link=\"https:\/\/institutfrancais.sk\/fr\/?attachment_id=19263\" class=\"wp-image-19263\" srcset=\"https:\/\/institutfrancais.sk\/wp-content\/uploads\/2021\/09\/frac-of-the-north-region.jpg 1000w, https:\/\/institutfrancais.sk\/wp-content\/uploads\/2021\/09\/frac-of-the-north-region-300x200.jpg 300w, https:\/\/institutfrancais.sk\/wp-content\/uploads\/2021\/09\/frac-of-the-north-region-768x512.jpg 768w\" sizes=\"(max-width: 1000px) 100vw, 1000px\" \/><\/figure><\/li><li class=\"blocks-gallery-item\"><figure><img loading=\"lazy\" decoding=\"async\" width=\"1000\" height=\"505\" src=\"https:\/\/institutfrancais.sk\/wp-content\/uploads\/2021\/09\/Cap-Ferret-House-plan.jpg\" alt=\"\" data-id=\"19261\" data-full-url=\"https:\/\/institutfrancais.sk\/wp-content\/uploads\/2021\/09\/Cap-Ferret-House-plan.jpg\" data-link=\"https:\/\/institutfrancais.sk\/fr\/?attachment_id=19261\" class=\"wp-image-19261\" srcset=\"https:\/\/institutfrancais.sk\/wp-content\/uploads\/2021\/09\/Cap-Ferret-House-plan.jpg 1000w, https:\/\/institutfrancais.sk\/wp-content\/uploads\/2021\/09\/Cap-Ferret-House-plan-300x152.jpg 300w, https:\/\/institutfrancais.sk\/wp-content\/uploads\/2021\/09\/Cap-Ferret-House-plan-768x388.jpg 768w\" sizes=\"(max-width: 1000px) 100vw, 1000px\" \/><\/figure><\/li><\/ul><\/figure>\n\n\n<div class=\"space md\"><\/div>","protected":false},"featured_media":19259,"template":"","typ-podujatia":[52,53],"acf":[],"yoast_head":"<!-- This site is optimized with the Yoast SEO plugin v24.5 - https:\/\/yoast.com\/wordpress\/plugins\/seo\/ -->\n<title>Rencontre avec les architectes fran\u00e7ais Lacaton et Vassal au festival DAAD 2021 - Franc\u00fazsky in\u0161tit\u00fat na Slovensku<\/title>\n<meta name=\"robots\" content=\"index, follow, max-snippet:-1, max-image-preview:large, max-video-preview:-1\" \/>\n<link rel=\"canonical\" href=\"https:\/\/institutfrancais.sk\/fr\/podujatie\/rencontre-avec-les-architectes-francais-lacaton-et-vassal-au-festival-daad-2021\/\" \/>\n<meta property=\"og:locale\" content=\"fr_FR\" \/>\n<meta property=\"og:type\" content=\"article\" \/>\n<meta property=\"og:title\" content=\"Rencontre avec les architectes fran\u00e7ais Lacaton et Vassal au festival DAAD 2021 - Franc\u00fazsky in\u0161tit\u00fat na Slovensku\" \/>\n<meta property=\"og:description\" content=\"Les laur\u00e9ats de cette ann\u00e9e du prix Pritzker d&rsquo;architecture. D\u00e8s le d\u00e9but de leur travail, ils r\u00e9sonnent dans la conscience architecturale mondiale. Leurs premiers petits b\u00e2timents refl\u00e8tent l&rsquo;exp\u00e9rience nord-africaine avec la lumi\u00e8re, l&rsquo;air et la ventilation naturelle. De petites commandes, cette sp\u00e9cificit\u00e9 s&rsquo;est peu \u00e0 peu transform\u00e9e en grosses commandes et est devenue leur \u00e9criture [&hellip;]\" \/>\n<meta property=\"og:url\" content=\"https:\/\/institutfrancais.sk\/fr\/podujatie\/rencontre-avec-les-architectes-francais-lacaton-et-vassal-au-festival-daad-2021\/\" \/>\n<meta property=\"og:site_name\" content=\"Franc\u00fazsky in\u0161tit\u00fat na Slovensku\" \/>\n<meta property=\"article:modified_time\" content=\"2021-09-21T13:23:38+00:00\" \/>\n<meta property=\"og:image\" content=\"https:\/\/institutfrancais.sk\/wp-content\/uploads\/2021\/09\/portret-Lacaton-Vassal-600x506-1.jpg\" \/>\n\t<meta property=\"og:image:width\" content=\"600\" \/>\n\t<meta property=\"og:image:height\" content=\"506\" \/>\n\t<meta property=\"og:image:type\" content=\"image\/jpeg\" \/>\n<meta name=\"twitter:card\" content=\"summary_large_image\" \/>\n<meta name=\"twitter:label1\" content=\"Dur\u00e9e de lecture estim\u00e9e\" \/>\n\t<meta name=\"twitter:data1\" content=\"2 minutes\" \/>\n<script type=\"application\/ld+json\" class=\"yoast-schema-graph\">{\"@context\":\"https:\/\/schema.org\",\"@graph\":[{\"@type\":\"WebPage\",\"@id\":\"https:\/\/institutfrancais.sk\/fr\/podujatie\/rencontre-avec-les-architectes-francais-lacaton-et-vassal-au-festival-daad-2021\/\",\"url\":\"https:\/\/institutfrancais.sk\/fr\/podujatie\/rencontre-avec-les-architectes-francais-lacaton-et-vassal-au-festival-daad-2021\/\",\"name\":\"Rencontre avec les architectes fran\u00e7ais Lacaton et Vassal au festival DAAD 2021 - Franc\u00fazsky in\u0161tit\u00fat na Slovensku\",\"isPartOf\":{\"@id\":\"https:\/\/institutfrancais.sk\/fr\/#website\"},\"primaryImageOfPage\":{\"@id\":\"https:\/\/institutfrancais.sk\/fr\/podujatie\/rencontre-avec-les-architectes-francais-lacaton-et-vassal-au-festival-daad-2021\/#primaryimage\"},\"image\":{\"@id\":\"https:\/\/institutfrancais.sk\/fr\/podujatie\/rencontre-avec-les-architectes-francais-lacaton-et-vassal-au-festival-daad-2021\/#primaryimage\"},\"thumbnailUrl\":\"https:\/\/institutfrancais.sk\/wp-content\/uploads\/2021\/09\/portret-Lacaton-Vassal-600x506-1.jpg\",\"datePublished\":\"2021-09-21T13:21:47+00:00\",\"dateModified\":\"2021-09-21T13:23:38+00:00\",\"breadcrumb\":{\"@id\":\"https:\/\/institutfrancais.sk\/fr\/podujatie\/rencontre-avec-les-architectes-francais-lacaton-et-vassal-au-festival-daad-2021\/#breadcrumb\"},\"inLanguage\":\"fr-FR\",\"potentialAction\":[{\"@type\":\"ReadAction\",\"target\":[\"https:\/\/institutfrancais.sk\/fr\/podujatie\/rencontre-avec-les-architectes-francais-lacaton-et-vassal-au-festival-daad-2021\/\"]}]},{\"@type\":\"ImageObject\",\"inLanguage\":\"fr-FR\",\"@id\":\"https:\/\/institutfrancais.sk\/fr\/podujatie\/rencontre-avec-les-architectes-francais-lacaton-et-vassal-au-festival-daad-2021\/#primaryimage\",\"url\":\"https:\/\/institutfrancais.sk\/wp-content\/uploads\/2021\/09\/portret-Lacaton-Vassal-600x506-1.jpg\",\"contentUrl\":\"https:\/\/institutfrancais.sk\/wp-content\/uploads\/2021\/09\/portret-Lacaton-Vassal-600x506-1.jpg\",\"width\":600,\"height\":506},{\"@type\":\"BreadcrumbList\",\"@id\":\"https:\/\/institutfrancais.sk\/fr\/podujatie\/rencontre-avec-les-architectes-francais-lacaton-et-vassal-au-festival-daad-2021\/#breadcrumb\",\"itemListElement\":[{\"@type\":\"ListItem\",\"position\":1,\"name\":\"Home\",\"item\":\"https:\/\/institutfrancais.sk\/fr\/\"},{\"@type\":\"ListItem\",\"position\":2,\"name\":\"Events\",\"item\":\"https:\/\/institutfrancais.sk\/fr\/podujatie\/\"},{\"@type\":\"ListItem\",\"position\":3,\"name\":\"Rencontre avec les architectes fran\u00e7ais Lacaton et Vassal au festival DAAD 2021\"}]},{\"@type\":\"WebSite\",\"@id\":\"https:\/\/institutfrancais.sk\/fr\/#website\",\"url\":\"https:\/\/institutfrancais.sk\/fr\/\",\"name\":\"Franc\u00fazsky in\u0161tit\u00fat na Slovensku\",\"description\":\"Franc\u00fazsky in\u0161tit\u00fat na Slovensku\",\"potentialAction\":[{\"@type\":\"SearchAction\",\"target\":{\"@type\":\"EntryPoint\",\"urlTemplate\":\"https:\/\/institutfrancais.sk\/fr\/?s={search_term_string}\"},\"query-input\":{\"@type\":\"PropertyValueSpecification\",\"valueRequired\":true,\"valueName\":\"search_term_string\"}}],\"inLanguage\":\"fr-FR\"}]}<\/script>\n<!-- \/ Yoast SEO plugin. -->","yoast_head_json":{"title":"Rencontre avec les architectes fran\u00e7ais Lacaton et Vassal au festival DAAD 2021 - Franc\u00fazsky in\u0161tit\u00fat na Slovensku","robots":{"index":"index","follow":"follow","max-snippet":"max-snippet:-1","max-image-preview":"max-image-preview:large","max-video-preview":"max-video-preview:-1"},"canonical":"https:\/\/institutfrancais.sk\/fr\/podujatie\/rencontre-avec-les-architectes-francais-lacaton-et-vassal-au-festival-daad-2021\/","og_locale":"fr_FR","og_type":"article","og_title":"Rencontre avec les architectes fran\u00e7ais Lacaton et Vassal au festival DAAD 2021 - Franc\u00fazsky in\u0161tit\u00fat na Slovensku","og_description":"Les laur\u00e9ats de cette ann\u00e9e du prix Pritzker d&rsquo;architecture. D\u00e8s le d\u00e9but de leur travail, ils r\u00e9sonnent dans la conscience architecturale mondiale. Leurs premiers petits b\u00e2timents refl\u00e8tent l&rsquo;exp\u00e9rience nord-africaine avec la lumi\u00e8re, l&rsquo;air et la ventilation naturelle. De petites commandes, cette sp\u00e9cificit\u00e9 s&rsquo;est peu \u00e0 peu transform\u00e9e en grosses commandes et est devenue leur \u00e9criture [&hellip;]","og_url":"https:\/\/institutfrancais.sk\/fr\/podujatie\/rencontre-avec-les-architectes-francais-lacaton-et-vassal-au-festival-daad-2021\/","og_site_name":"Franc\u00fazsky in\u0161tit\u00fat na Slovensku","article_modified_time":"2021-09-21T13:23:38+00:00","og_image":[{"width":600,"height":506,"url":"https:\/\/institutfrancais.sk\/wp-content\/uploads\/2021\/09\/portret-Lacaton-Vassal-600x506-1.jpg","type":"image\/jpeg"}],"twitter_card":"summary_large_image","twitter_misc":{"Dur\u00e9e de lecture estim\u00e9e":"2 minutes"},"schema":{"@context":"https:\/\/schema.org","@graph":[{"@type":"WebPage","@id":"https:\/\/institutfrancais.sk\/fr\/podujatie\/rencontre-avec-les-architectes-francais-lacaton-et-vassal-au-festival-daad-2021\/","url":"https:\/\/institutfrancais.sk\/fr\/podujatie\/rencontre-avec-les-architectes-francais-lacaton-et-vassal-au-festival-daad-2021\/","name":"Rencontre avec les architectes fran\u00e7ais Lacaton et Vassal au festival DAAD 2021 - Franc\u00fazsky in\u0161tit\u00fat na Slovensku","isPartOf":{"@id":"https:\/\/institutfrancais.sk\/fr\/#website"},"primaryImageOfPage":{"@id":"https:\/\/institutfrancais.sk\/fr\/podujatie\/rencontre-avec-les-architectes-francais-lacaton-et-vassal-au-festival-daad-2021\/#primaryimage"},"image":{"@id":"https:\/\/institutfrancais.sk\/fr\/podujatie\/rencontre-avec-les-architectes-francais-lacaton-et-vassal-au-festival-daad-2021\/#primaryimage"},"thumbnailUrl":"https:\/\/institutfrancais.sk\/wp-content\/uploads\/2021\/09\/portret-Lacaton-Vassal-600x506-1.jpg","datePublished":"2021-09-21T13:21:47+00:00","dateModified":"2021-09-21T13:23:38+00:00","breadcrumb":{"@id":"https:\/\/institutfrancais.sk\/fr\/podujatie\/rencontre-avec-les-architectes-francais-lacaton-et-vassal-au-festival-daad-2021\/#breadcrumb"},"inLanguage":"fr-FR","potentialAction":[{"@type":"ReadAction","target":["https:\/\/institutfrancais.sk\/fr\/podujatie\/rencontre-avec-les-architectes-francais-lacaton-et-vassal-au-festival-daad-2021\/"]}]},{"@type":"ImageObject","inLanguage":"fr-FR","@id":"https:\/\/institutfrancais.sk\/fr\/podujatie\/rencontre-avec-les-architectes-francais-lacaton-et-vassal-au-festival-daad-2021\/#primaryimage","url":"https:\/\/institutfrancais.sk\/wp-content\/uploads\/2021\/09\/portret-Lacaton-Vassal-600x506-1.jpg","contentUrl":"https:\/\/institutfrancais.sk\/wp-content\/uploads\/2021\/09\/portret-Lacaton-Vassal-600x506-1.jpg","width":600,"height":506},{"@type":"BreadcrumbList","@id":"https:\/\/institutfrancais.sk\/fr\/podujatie\/rencontre-avec-les-architectes-francais-lacaton-et-vassal-au-festival-daad-2021\/#breadcrumb","itemListElement":[{"@type":"ListItem","position":1,"name":"Home","item":"https:\/\/institutfrancais.sk\/fr\/"},{"@type":"ListItem","position":2,"name":"Events","item":"https:\/\/institutfrancais.sk\/fr\/podujatie\/"},{"@type":"ListItem","position":3,"name":"Rencontre avec les architectes fran\u00e7ais Lacaton et Vassal au festival DAAD 2021"}]},{"@type":"WebSite","@id":"https:\/\/institutfrancais.sk\/fr\/#website","url":"https:\/\/institutfrancais.sk\/fr\/","name":"Franc\u00fazsky in\u0161tit\u00fat na Slovensku","description":"Franc\u00fazsky in\u0161tit\u00fat na Slovensku","potentialAction":[{"@type":"SearchAction","target":{"@type":"EntryPoint","urlTemplate":"https:\/\/institutfrancais.sk\/fr\/?s={search_term_string}"},"query-input":{"@type":"PropertyValueSpecification","valueRequired":true,"valueName":"search_term_string"}}],"inLanguage":"fr-FR"}]}},"_links":{"self":[{"href":"https:\/\/institutfrancais.sk\/fr\/wp-json\/wp\/v2\/podujatie\/19270"}],"collection":[{"href":"https:\/\/institutfrancais.sk\/fr\/wp-json\/wp\/v2\/podujatie"}],"about":[{"href":"https:\/\/institutfrancais.sk\/fr\/wp-json\/wp\/v2\/types\/podujatie"}],"wp:featuredmedia":[{"embeddable":true,"href":"https:\/\/institutfrancais.sk\/fr\/wp-json\/wp\/v2\/media\/19259"}],"wp:attachment":[{"href":"https:\/\/institutfrancais.sk\/fr\/wp-json\/wp\/v2\/media?parent=19270"}],"wp:term":[{"taxonomy":"typ-podujatia","embeddable":true,"href":"https:\/\/institutfrancais.sk\/fr\/wp-json\/wp\/v2\/typ-podujatia?post=19270"}],"curies":[{"name":"wp","href":"https:\/\/api.w.org\/{rel}","templated":true}]}}