{"id":19331,"date":"2021-09-28T12:16:26","date_gmt":"2021-09-28T10:16:26","guid":{"rendered":"https:\/\/institutfrancais.sk\/?post_type=podujatie&#038;p=19331"},"modified":"2021-09-29T16:47:09","modified_gmt":"2021-09-29T14:47:09","slug":"musiciens-francais-aux-fetes-de-musique-de-bratislava-bhs","status":"publish","type":"podujatie","link":"https:\/\/institutfrancais.sk\/fr\/podujatie\/musiciens-francais-aux-fetes-de-musique-de-bratislava-bhs\/","title":{"rendered":"Musiciens fran\u00e7ais aux F\u00eates de musique de Bratislava (BHS)"},"content":{"rendered":"\n<h2 class=\"wp-block-heading\">Thierry Escaich et Romain Leleu<\/h2>\n\n\n\n<h4 class=\"wp-block-heading\">dimanche 26 septembre \u00e0 16h, Salle de concert de la Philharmonie slovaque<\/h4>\n\n\n\n<p>Orgue et trompette;&nbsp;depuis des si\u00e8cles ils vivent en parfaite harmonie. Ils \u00e9taient autrefois un duo instrumental id\u00e9al dans la pr\u00e9sentation au temple de reflets sacr\u00e9s, dans la c\u00e9l\u00e9bration de la perfection divine et des hauteurs transcendantales. Aujourd&rsquo;hui, ils sont \u00e9galement efficaces sur la sc\u00e8ne du concert ;&nbsp;des titres originaux sont cr\u00e9\u00e9s, mais une paire d&rsquo;instruments distinctifs s\u00e9duisent de nombreux musiciens vers des adaptations et des transcriptions humoristiques. Compositeur et organiste <strong>Thierry Escaich<\/strong> a&nbsp;d&rsquo;excellentes capacit\u00e9s d&rsquo;improvisation, qu&rsquo;il combine avec ses propres compositions lors de concerts. Il se produit fr\u00e9quamment avec <strong>Romain Leleu<\/strong>, l&rsquo;un des jeunes trompettistes europ\u00e9ens les plus remarquables.<\/p>\n\n\n\n<p>Programme: <strong>Vassily Brandt, Reinhold Gli\u00e8re, Louis Vierne, Camille Saint-Sa\u00ebns, Sergej Rachmaninov, Erik Satie, Amilcare Ponchielli<\/strong> <\/p>\n\n\n\n<figure class=\"wp-block-gallery columns-2 is-cropped wp-block-gallery-1 is-layout-flex wp-block-gallery-is-layout-flex\"><ul class=\"blocks-gallery-grid\"><li class=\"blocks-gallery-item\"><figure><img loading=\"lazy\" decoding=\"async\" width=\"1024\" height=\"655\" src=\"https:\/\/institutfrancais.sk\/wp-content\/uploads\/2021\/09\/01Thierry_Escaich-organiste-1024x655-2.jpg\" alt=\"\" data-id=\"19322\" data-full-url=\"https:\/\/institutfrancais.sk\/wp-content\/uploads\/2021\/09\/01Thierry_Escaich-organiste-1024x655-2.jpg\" data-link=\"https:\/\/institutfrancais.sk\/fr\/?attachment_id=19322\" class=\"wp-image-19322\" srcset=\"https:\/\/institutfrancais.sk\/wp-content\/uploads\/2021\/09\/01Thierry_Escaich-organiste-1024x655-2.jpg 1024w, https:\/\/institutfrancais.sk\/wp-content\/uploads\/2021\/09\/01Thierry_Escaich-organiste-1024x655-2-300x192.jpg 300w, https:\/\/institutfrancais.sk\/wp-content\/uploads\/2021\/09\/01Thierry_Escaich-organiste-1024x655-2-768x491.jpg 768w\" sizes=\"(max-width: 1024px) 100vw, 1024px\" \/><figcaption class=\"blocks-gallery-item__caption\">Thierry Escaich<\/figcaption><\/figure><\/li><li class=\"blocks-gallery-item\"><figure><img loading=\"lazy\" decoding=\"async\" width=\"1024\" height=\"682\" src=\"https:\/\/institutfrancais.sk\/wp-content\/uploads\/2021\/09\/02-Romain-Leleu_0JB3942-c-Jean-Baptiste-Millot-1024x682-2.jpg\" alt=\"\" data-id=\"19324\" data-full-url=\"https:\/\/institutfrancais.sk\/wp-content\/uploads\/2021\/09\/02-Romain-Leleu_0JB3942-c-Jean-Baptiste-Millot-1024x682-2.jpg\" data-link=\"https:\/\/institutfrancais.sk\/fr\/?attachment_id=19324\" class=\"wp-image-19324\" srcset=\"https:\/\/institutfrancais.sk\/wp-content\/uploads\/2021\/09\/02-Romain-Leleu_0JB3942-c-Jean-Baptiste-Millot-1024x682-2.jpg 1024w, https:\/\/institutfrancais.sk\/wp-content\/uploads\/2021\/09\/02-Romain-Leleu_0JB3942-c-Jean-Baptiste-Millot-1024x682-2-300x200.jpg 300w, https:\/\/institutfrancais.sk\/wp-content\/uploads\/2021\/09\/02-Romain-Leleu_0JB3942-c-Jean-Baptiste-Millot-1024x682-2-768x512.jpg 768w\" sizes=\"(max-width: 1024px) 100vw, 1024px\" \/><figcaption class=\"blocks-gallery-item__caption\">Romain Leleu<\/figcaption><\/figure><\/li><\/ul><\/figure>\n\n\n<a href=\"https:\/\/www.bhsfestival.sk\/en\/portfolio\/organ-concerto\/\" class=\"btn\" target=\"blank\" rel=\"noreferrer noopener\">Plus sur le site du festival<\/a>\n\n<div class=\"space md\"><\/div>\n\n\n<h2 class=\"wp-block-heading\">Emmanuel Villaume, la Philharmonie slovaque et le Ch\u0153ur de la Philharmonie slovaque pr\u00e9senteront le Requiem de Verdi <\/h2>\n\n\n\n<h4 class=\"wp-block-heading\">mercredi 29 septembre \u00e0 19h30, Salle de concert de la Philharmonie slovaque<\/h4>\n\n\n\n<p>Avec<\/p>\n\n\n\n<p><strong>Philharmonie slovaque<br>Ch\u0153ur de la Philharmonie slovaque<br>Emmanuel Villaume<\/strong> \u2013 chef d&rsquo;orchestre<br><strong>Jozef Chabro\u0148<\/strong>&nbsp;\u2013&nbsp;chef du ch\u0153ur<br><strong>Dinara Alieva<\/strong>&nbsp;\u2013&nbsp;soprano<br><strong>Olesya Petrova<\/strong>&nbsp;\u2013&nbsp;mezzo-soprano<strong><br>\u0160tefan Pop<\/strong> \u2013&nbsp;t\u00e9nor<br><strong>Dmitry Bellosselskiy<\/strong> \u2013&nbsp;bas<\/p>\n\n\n\n<p>Programme<\/p>\n\n\n\n<p><strong>Giuseppe Verdi<\/strong> \u2013 Messa da Requiem<\/p>\n\n\n\n<p>Le chef d&rsquo;orchestre fran\u00e7ais <strong>Emmanuel Villaume<\/strong> pr\u00e9sentera l&rsquo;\u0153uvre monumentale de Verdi avec la <strong>Philharmonie slovaque<\/strong>, le <strong>Ch\u0153ur de la Philharmonie slovaque<\/strong> et un quatuor de solistes \u00e9trangers exceptionnels, en parfaite harmonie avec la nature interpr\u00e9tative du chef. Le Requiem a&nbsp;\u00e9t\u00e9 cr\u00e9\u00e9 en 1874 en hommage \u00e0 Alessandro Manzoni, le repr\u00e9sentant supr\u00eame du romantisme litt\u00e9raire italien, que Verdi tenait en haute estime. La premi\u00e8re a&nbsp;eu lieu le jour du premier anniversaire de la mort de Manzoni dans l&rsquo;\u00e9glise de Saint-Marc de Milan sous la baguette du compositeur lui-m\u00eame et l&rsquo;\u0153uvre entame bient\u00f4t un voyage triomphal sur les sc\u00e8nes de concert europ\u00e9ennes. La Philharmonie slovaque sur la sc\u00e8ne du festival BHS interpr\u00e8te le Requiem de Verdi \u00e0 la m\u00e9moire de toutes les victimes de la pand\u00e9mie de COVID-19.<\/p>\n\n\n\n<figure class=\"wp-block-gallery columns-3 is-cropped wp-block-gallery-2 is-layout-flex wp-block-gallery-is-layout-flex\"><ul class=\"blocks-gallery-grid\"><li class=\"blocks-gallery-item\"><figure><img loading=\"lazy\" decoding=\"async\" width=\"1024\" height=\"683\" src=\"https:\/\/institutfrancais.sk\/wp-content\/uploads\/2021\/09\/01-Emmanuel-Villaume-foto-Pavel-Hejny-taktovka_0-1-1024x683.jpg\" alt=\"\" data-id=\"19291\" data-full-url=\"https:\/\/institutfrancais.sk\/wp-content\/uploads\/2021\/09\/01-Emmanuel-Villaume-foto-Pavel-Hejny-taktovka_0-1.jpg\" data-link=\"https:\/\/institutfrancais.sk\/fr\/?attachment_id=19291\" class=\"wp-image-19291\" srcset=\"https:\/\/institutfrancais.sk\/wp-content\/uploads\/2021\/09\/01-Emmanuel-Villaume-foto-Pavel-Hejny-taktovka_0-1-1024x683.jpg 1024w, https:\/\/institutfrancais.sk\/wp-content\/uploads\/2021\/09\/01-Emmanuel-Villaume-foto-Pavel-Hejny-taktovka_0-1-300x200.jpg 300w, https:\/\/institutfrancais.sk\/wp-content\/uploads\/2021\/09\/01-Emmanuel-Villaume-foto-Pavel-Hejny-taktovka_0-1-768x512.jpg 768w, https:\/\/institutfrancais.sk\/wp-content\/uploads\/2021\/09\/01-Emmanuel-Villaume-foto-Pavel-Hejny-taktovka_0-1-1190x793.jpg 1190w, https:\/\/institutfrancais.sk\/wp-content\/uploads\/2021\/09\/01-Emmanuel-Villaume-foto-Pavel-Hejny-taktovka_0-1.jpg 1200w\" sizes=\"(max-width: 1024px) 100vw, 1024px\" \/><figcaption class=\"blocks-gallery-item__caption\">Emmanuel Villaume<\/figcaption><\/figure><\/li><li class=\"blocks-gallery-item\"><figure><img loading=\"lazy\" decoding=\"async\" width=\"1024\" height=\"629\" src=\"https:\/\/institutfrancais.sk\/wp-content\/uploads\/2021\/09\/06-Slovenska-filharmonia-2021-BRENKUS-c-9770-1-1024x629.jpg\" alt=\"\" data-id=\"19293\" data-full-url=\"https:\/\/institutfrancais.sk\/wp-content\/uploads\/2021\/09\/06-Slovenska-filharmonia-2021-BRENKUS-c-9770-1-scaled.jpg\" data-link=\"https:\/\/institutfrancais.sk\/fr\/?attachment_id=19293\" class=\"wp-image-19293\" srcset=\"https:\/\/institutfrancais.sk\/wp-content\/uploads\/2021\/09\/06-Slovenska-filharmonia-2021-BRENKUS-c-9770-1-1024x629.jpg 1024w, https:\/\/institutfrancais.sk\/wp-content\/uploads\/2021\/09\/06-Slovenska-filharmonia-2021-BRENKUS-c-9770-1-300x184.jpg 300w, https:\/\/institutfrancais.sk\/wp-content\/uploads\/2021\/09\/06-Slovenska-filharmonia-2021-BRENKUS-c-9770-1-768x472.jpg 768w, https:\/\/institutfrancais.sk\/wp-content\/uploads\/2021\/09\/06-Slovenska-filharmonia-2021-BRENKUS-c-9770-1-1536x944.jpg 1536w, https:\/\/institutfrancais.sk\/wp-content\/uploads\/2021\/09\/06-Slovenska-filharmonia-2021-BRENKUS-c-9770-1-2048x1258.jpg 2048w, https:\/\/institutfrancais.sk\/wp-content\/uploads\/2021\/09\/06-Slovenska-filharmonia-2021-BRENKUS-c-9770-1-1190x731.jpg 1190w, https:\/\/institutfrancais.sk\/wp-content\/uploads\/2021\/09\/06-Slovenska-filharmonia-2021-BRENKUS-c-9770-1-1627x1000.jpg 1627w\" sizes=\"(max-width: 1024px) 100vw, 1024px\" \/><figcaption class=\"blocks-gallery-item__caption\">Philharmonie slovaque<\/figcaption><\/figure><\/li><li class=\"blocks-gallery-item\"><figure><img loading=\"lazy\" decoding=\"async\" width=\"800\" height=\"569\" src=\"https:\/\/institutfrancais.sk\/wp-content\/uploads\/2021\/09\/07-Slovensky-filharmonicky-zbor-foto-Jan-Lukas.jpg\" alt=\"\" data-id=\"19295\" data-full-url=\"https:\/\/institutfrancais.sk\/wp-content\/uploads\/2021\/09\/07-Slovensky-filharmonicky-zbor-foto-Jan-Lukas.jpg\" data-link=\"https:\/\/institutfrancais.sk\/fr\/?attachment_id=19295\" class=\"wp-image-19295\" srcset=\"https:\/\/institutfrancais.sk\/wp-content\/uploads\/2021\/09\/07-Slovensky-filharmonicky-zbor-foto-Jan-Lukas.jpg 800w, https:\/\/institutfrancais.sk\/wp-content\/uploads\/2021\/09\/07-Slovensky-filharmonicky-zbor-foto-Jan-Lukas-300x213.jpg 300w, https:\/\/institutfrancais.sk\/wp-content\/uploads\/2021\/09\/07-Slovensky-filharmonicky-zbor-foto-Jan-Lukas-768x546.jpg 768w\" sizes=\"(max-width: 800px) 100vw, 800px\" \/><figcaption class=\"blocks-gallery-item__caption\">Ch\u0153ur de la Philharmonie slovaque<\/figcaption><\/figure><\/li><\/ul><\/figure>\n\n\n\n<figure class=\"wp-block-gallery columns-5 is-cropped wp-block-gallery-3 is-layout-flex wp-block-gallery-is-layout-flex\"><ul class=\"blocks-gallery-grid\"><li class=\"blocks-gallery-item\"><figure><img loading=\"lazy\" decoding=\"async\" width=\"768\" height=\"1024\" src=\"https:\/\/institutfrancais.sk\/wp-content\/uploads\/2021\/09\/02-Dinara-Alieva-5213-1950x2600-1-768x1024.jpg\" alt=\"\" data-id=\"19297\" data-full-url=\"https:\/\/institutfrancais.sk\/wp-content\/uploads\/2021\/09\/02-Dinara-Alieva-5213-1950x2600-1-scaled.jpg\" data-link=\"https:\/\/institutfrancais.sk\/fr\/?attachment_id=19297\" class=\"wp-image-19297\" srcset=\"https:\/\/institutfrancais.sk\/wp-content\/uploads\/2021\/09\/02-Dinara-Alieva-5213-1950x2600-1-768x1024.jpg 768w, https:\/\/institutfrancais.sk\/wp-content\/uploads\/2021\/09\/02-Dinara-Alieva-5213-1950x2600-1-225x300.jpg 225w, https:\/\/institutfrancais.sk\/wp-content\/uploads\/2021\/09\/02-Dinara-Alieva-5213-1950x2600-1-1152x1536.jpg 1152w, https:\/\/institutfrancais.sk\/wp-content\/uploads\/2021\/09\/02-Dinara-Alieva-5213-1950x2600-1-1536x2048.jpg 1536w, https:\/\/institutfrancais.sk\/wp-content\/uploads\/2021\/09\/02-Dinara-Alieva-5213-1950x2600-1-750x1000.jpg 750w, https:\/\/institutfrancais.sk\/wp-content\/uploads\/2021\/09\/02-Dinara-Alieva-5213-1950x2600-1-scaled.jpg 1920w\" sizes=\"(max-width: 768px) 100vw, 768px\" \/><figcaption class=\"blocks-gallery-item__caption\">Dinara Alieva<\/figcaption><\/figure><\/li><li class=\"blocks-gallery-item\"><figure><img loading=\"lazy\" decoding=\"async\" width=\"768\" height=\"1024\" src=\"https:\/\/institutfrancais.sk\/wp-content\/uploads\/2021\/09\/03-Olesya-Petrova-2-Photo-by-Andrey-Revenko-768x1024.jpg\" alt=\"\" data-id=\"19299\" data-full-url=\"https:\/\/institutfrancais.sk\/wp-content\/uploads\/2021\/09\/03-Olesya-Petrova-2-Photo-by-Andrey-Revenko-scaled.jpg\" data-link=\"https:\/\/institutfrancais.sk\/fr\/?attachment_id=19299\" class=\"wp-image-19299\" srcset=\"https:\/\/institutfrancais.sk\/wp-content\/uploads\/2021\/09\/03-Olesya-Petrova-2-Photo-by-Andrey-Revenko-768x1024.jpg 768w, https:\/\/institutfrancais.sk\/wp-content\/uploads\/2021\/09\/03-Olesya-Petrova-2-Photo-by-Andrey-Revenko-225x300.jpg 225w, https:\/\/institutfrancais.sk\/wp-content\/uploads\/2021\/09\/03-Olesya-Petrova-2-Photo-by-Andrey-Revenko-1152x1536.jpg 1152w, https:\/\/institutfrancais.sk\/wp-content\/uploads\/2021\/09\/03-Olesya-Petrova-2-Photo-by-Andrey-Revenko-1536x2048.jpg 1536w, https:\/\/institutfrancais.sk\/wp-content\/uploads\/2021\/09\/03-Olesya-Petrova-2-Photo-by-Andrey-Revenko-750x1000.jpg 750w, https:\/\/institutfrancais.sk\/wp-content\/uploads\/2021\/09\/03-Olesya-Petrova-2-Photo-by-Andrey-Revenko-scaled.jpg 1920w\" sizes=\"(max-width: 768px) 100vw, 768px\" \/><figcaption class=\"blocks-gallery-item__caption\">Olesya Petrova<\/figcaption><\/figure><\/li><li class=\"blocks-gallery-item\"><figure><img loading=\"lazy\" decoding=\"async\" width=\"800\" height=\"926\" src=\"https:\/\/institutfrancais.sk\/wp-content\/uploads\/2021\/09\/04-Dmitry-Belosselskiy-NEW_2018_WEB__C__Serj_Longray_5334c5d1e8-1.jpg\" alt=\"\" data-id=\"19301\" data-full-url=\"https:\/\/institutfrancais.sk\/wp-content\/uploads\/2021\/09\/04-Dmitry-Belosselskiy-NEW_2018_WEB__C__Serj_Longray_5334c5d1e8-1.jpg\" data-link=\"https:\/\/institutfrancais.sk\/fr\/?attachment_id=19301\" class=\"wp-image-19301\" srcset=\"https:\/\/institutfrancais.sk\/wp-content\/uploads\/2021\/09\/04-Dmitry-Belosselskiy-NEW_2018_WEB__C__Serj_Longray_5334c5d1e8-1.jpg 800w, https:\/\/institutfrancais.sk\/wp-content\/uploads\/2021\/09\/04-Dmitry-Belosselskiy-NEW_2018_WEB__C__Serj_Longray_5334c5d1e8-1-259x300.jpg 259w, https:\/\/institutfrancais.sk\/wp-content\/uploads\/2021\/09\/04-Dmitry-Belosselskiy-NEW_2018_WEB__C__Serj_Longray_5334c5d1e8-1-768x889.jpg 768w\" sizes=\"(max-width: 800px) 100vw, 800px\" \/><figcaption class=\"blocks-gallery-item__caption\">\u0160tefan Pop <\/figcaption><\/figure><\/li><li class=\"blocks-gallery-item\"><figure><img loading=\"lazy\" decoding=\"async\" width=\"450\" height=\"600\" src=\"https:\/\/institutfrancais.sk\/wp-content\/uploads\/2021\/09\/04-Stefan-Pop-p3-1.jpg\" alt=\"\" data-id=\"19303\" data-full-url=\"https:\/\/institutfrancais.sk\/wp-content\/uploads\/2021\/09\/04-Stefan-Pop-p3-1.jpg\" data-link=\"https:\/\/institutfrancais.sk\/fr\/?attachment_id=19303\" class=\"wp-image-19303\" srcset=\"https:\/\/institutfrancais.sk\/wp-content\/uploads\/2021\/09\/04-Stefan-Pop-p3-1.jpg 450w, https:\/\/institutfrancais.sk\/wp-content\/uploads\/2021\/09\/04-Stefan-Pop-p3-1-225x300.jpg 225w\" sizes=\"(max-width: 450px) 100vw, 450px\" \/><figcaption class=\"blocks-gallery-item__caption\">Dmitry Bellosselskiy<\/figcaption><\/figure><\/li><li class=\"blocks-gallery-item\"><figure><img loading=\"lazy\" decoding=\"async\" width=\"1024\" height=\"957\" src=\"https:\/\/institutfrancais.sk\/wp-content\/uploads\/2021\/09\/05-Jozef-Chabron\u030c-3397-CB-1-1024x957.jpg\" alt=\"\" data-id=\"19305\" data-full-url=\"https:\/\/institutfrancais.sk\/wp-content\/uploads\/2021\/09\/05-Jozef-Chabron\u030c-3397-CB-1-scaled.jpg\" data-link=\"https:\/\/institutfrancais.sk\/fr\/?attachment_id=19305\" class=\"wp-image-19305\" srcset=\"https:\/\/institutfrancais.sk\/wp-content\/uploads\/2021\/09\/05-Jozef-Chabron\u030c-3397-CB-1-1024x957.jpg 1024w, https:\/\/institutfrancais.sk\/wp-content\/uploads\/2021\/09\/05-Jozef-Chabron\u030c-3397-CB-1-300x280.jpg 300w, https:\/\/institutfrancais.sk\/wp-content\/uploads\/2021\/09\/05-Jozef-Chabron\u030c-3397-CB-1-768x718.jpg 768w, https:\/\/institutfrancais.sk\/wp-content\/uploads\/2021\/09\/05-Jozef-Chabron\u030c-3397-CB-1-1536x1436.jpg 1536w, https:\/\/institutfrancais.sk\/wp-content\/uploads\/2021\/09\/05-Jozef-Chabron\u030c-3397-CB-1-2048x1914.jpg 2048w, https:\/\/institutfrancais.sk\/wp-content\/uploads\/2021\/09\/05-Jozef-Chabron\u030c-3397-CB-1-1070x1000.jpg 1070w\" sizes=\"(max-width: 1024px) 100vw, 1024px\" \/><figcaption class=\"blocks-gallery-item__caption\">Jozef Chabro\u0148<\/figcaption><\/figure><\/li><\/ul><\/figure>\n\n\n<a href=\"https:\/\/www.bhsfestival.sk\/en\/portfolio\/slovak-philharmonic-6\/\" class=\"btn\" target=\"blank\" rel=\"noreferrer noopener\">Plus sur le site du festival<\/a>\n\n<div class=\"space md\"><\/div>\n\n\n<h2 class=\"wp-block-heading\">Alain Altinoglu, Gautier Capu\u00e7on et la Philharmonie de Vienne<\/h2>\n\n\n\n<h4 class=\"wp-block-heading\">jeudi 30 septembre \u00e0 19h30, Salle de concert de la Philharmonie slovaque<\/h4>\n\n\n\n<p>Avec<\/p>\n\n\n\n<p><strong>Wiener Philharmoniker<\/strong><br><strong>Alain Altinoglu<\/strong> \u2013 chef d&rsquo;orchestre<br><strong>Gautier Capu\u00e7on<\/strong> \u2013 violoncelle<\/p>\n\n\n\n<p>Programme<\/p>\n\n\n\n<p><strong>Anton\u00edn Dvo\u0159\u00e1k<\/strong> \u2013 Concerto pour violoncelle et orchestre en si mineur, op. 104<br><strong>C\u00e9sar Franck<\/strong> \u2013 Symphonie en r\u00e9 mineur, FWV 48<\/p>\n\n\n\n<p>Les concerts de l&rsquo;<strong>Orchestre philharmonique de Vienne<\/strong> au festival BHS sous la baguette de chefs d&rsquo;orchestre exceptionnels du monde entier sont devenus une tradition sans laquelle nous pouvons difficilement imaginer le programme du festival BHS. Cette fois, l&rsquo;un des orchestres europ\u00e9ens les plus renomm\u00e9s a&nbsp;choisi un programme compos\u00e9 de deux \u0153uvres centrales du romantisme musical. Le concerto pour violoncelle le plus c\u00e9l\u00e8bre, datant du s\u00e9jour d&rsquo;Anton\u00edn Dvo\u0159\u00e1k en Am\u00e9rique, est compl\u00e9t\u00e9 par la Symphonie en r\u00e9 mineur \u00e0 la fois po\u00e9tique et passionn\u00e9e du compositeur franco-belge C\u00e9sar Franck de 1889.<br>Le chef d&rsquo;orchestre fran\u00e7ais <strong>Alain Altinoglu<\/strong> se produira pour la premi\u00e8re fois en Slovaquie. <strong>Gautier Capu\u00e7on<\/strong>, soliste du concert, est bien connu aux visiteurs de BHS. Au d\u00e9but de sa carri\u00e8re fulgurante, il a&nbsp;remport\u00e9 une victoire \u00e0 la Tribune internationale pour jeunes interpr\u00e8tes New Talent (2001) \u00e0 Bratislava. C&rsquo;est un artiste qui \u00ab r\u00e9v\u00e8le tous les aspects techniques et \u00e9motionnels de la partition dans une interpr\u00e9tation tr\u00e8s raffin\u00e9e \u00bb (Chicago Sun Times). Gautier Capu\u00e7on joue du rare violoncelle Matteo Goffriller L&rsquo;Ambassadeur de 1701.<\/p>\n\n\n\n<figure class=\"wp-block-gallery columns-3 is-cropped wp-block-gallery-4 is-layout-flex wp-block-gallery-is-layout-flex\"><ul class=\"blocks-gallery-grid\"><li class=\"blocks-gallery-item\"><figure><img loading=\"lazy\" decoding=\"async\" width=\"1024\" height=\"768\" src=\"https:\/\/institutfrancais.sk\/wp-content\/uploads\/2021\/09\/02-Alain-Altinoglu-x-1-1-1024x768.jpg\" alt=\"\" data-id=\"19313\" data-full-url=\"https:\/\/institutfrancais.sk\/wp-content\/uploads\/2021\/09\/02-Alain-Altinoglu-x-1-1.jpg\" data-link=\"https:\/\/institutfrancais.sk\/fr\/?attachment_id=19313\" class=\"wp-image-19313\" srcset=\"https:\/\/institutfrancais.sk\/wp-content\/uploads\/2021\/09\/02-Alain-Altinoglu-x-1-1-1024x768.jpg 1024w, https:\/\/institutfrancais.sk\/wp-content\/uploads\/2021\/09\/02-Alain-Altinoglu-x-1-1-300x225.jpg 300w, https:\/\/institutfrancais.sk\/wp-content\/uploads\/2021\/09\/02-Alain-Altinoglu-x-1-1-768x576.jpg 768w, https:\/\/institutfrancais.sk\/wp-content\/uploads\/2021\/09\/02-Alain-Altinoglu-x-1-1-1190x893.jpg 1190w, https:\/\/institutfrancais.sk\/wp-content\/uploads\/2021\/09\/02-Alain-Altinoglu-x-1-1.jpg 1300w\" sizes=\"(max-width: 1024px) 100vw, 1024px\" \/><figcaption class=\"blocks-gallery-item__caption\">Alain Altinoglu<\/figcaption><\/figure><\/li><li class=\"blocks-gallery-item\"><figure><img loading=\"lazy\" decoding=\"async\" width=\"1024\" height=\"683\" src=\"https:\/\/institutfrancais.sk\/wp-content\/uploads\/2021\/09\/03-Gautier-Capucon-foto-Anoush-Abrar-1-1-1024x683.jpg\" alt=\"\" data-id=\"19315\" data-full-url=\"https:\/\/institutfrancais.sk\/wp-content\/uploads\/2021\/09\/03-Gautier-Capucon-foto-Anoush-Abrar-1-1.jpg\" data-link=\"https:\/\/institutfrancais.sk\/fr\/?attachment_id=19315\" class=\"wp-image-19315\" srcset=\"https:\/\/institutfrancais.sk\/wp-content\/uploads\/2021\/09\/03-Gautier-Capucon-foto-Anoush-Abrar-1-1-1024x683.jpg 1024w, https:\/\/institutfrancais.sk\/wp-content\/uploads\/2021\/09\/03-Gautier-Capucon-foto-Anoush-Abrar-1-1-300x200.jpg 300w, https:\/\/institutfrancais.sk\/wp-content\/uploads\/2021\/09\/03-Gautier-Capucon-foto-Anoush-Abrar-1-1-768x512.jpg 768w, https:\/\/institutfrancais.sk\/wp-content\/uploads\/2021\/09\/03-Gautier-Capucon-foto-Anoush-Abrar-1-1-1536x1024.jpg 1536w, https:\/\/institutfrancais.sk\/wp-content\/uploads\/2021\/09\/03-Gautier-Capucon-foto-Anoush-Abrar-1-1-1190x793.jpg 1190w, https:\/\/institutfrancais.sk\/wp-content\/uploads\/2021\/09\/03-Gautier-Capucon-foto-Anoush-Abrar-1-1-1500x1000.jpg 1500w, https:\/\/institutfrancais.sk\/wp-content\/uploads\/2021\/09\/03-Gautier-Capucon-foto-Anoush-Abrar-1-1.jpg 1800w\" sizes=\"(max-width: 1024px) 100vw, 1024px\" \/><figcaption class=\"blocks-gallery-item__caption\">Gautier Capu\u00e7on<\/figcaption><\/figure><\/li><li class=\"blocks-gallery-item\"><figure><img loading=\"lazy\" decoding=\"async\" width=\"1024\" height=\"843\" src=\"https:\/\/institutfrancais.sk\/wp-content\/uploads\/2021\/09\/01-Wiener-Philharmoniker-foto-Lois-Lammerhuber-1-1024x843.jpg\" alt=\"\" data-id=\"19317\" data-full-url=\"https:\/\/institutfrancais.sk\/wp-content\/uploads\/2021\/09\/01-Wiener-Philharmoniker-foto-Lois-Lammerhuber-1.jpg\" data-link=\"https:\/\/institutfrancais.sk\/fr\/?attachment_id=19317\" class=\"wp-image-19317\" srcset=\"https:\/\/institutfrancais.sk\/wp-content\/uploads\/2021\/09\/01-Wiener-Philharmoniker-foto-Lois-Lammerhuber-1-1024x843.jpg 1024w, https:\/\/institutfrancais.sk\/wp-content\/uploads\/2021\/09\/01-Wiener-Philharmoniker-foto-Lois-Lammerhuber-1-300x247.jpg 300w, https:\/\/institutfrancais.sk\/wp-content\/uploads\/2021\/09\/01-Wiener-Philharmoniker-foto-Lois-Lammerhuber-1-768x632.jpg 768w, https:\/\/institutfrancais.sk\/wp-content\/uploads\/2021\/09\/01-Wiener-Philharmoniker-foto-Lois-Lammerhuber-1-1536x1265.jpg 1536w, https:\/\/institutfrancais.sk\/wp-content\/uploads\/2021\/09\/01-Wiener-Philharmoniker-foto-Lois-Lammerhuber-1-1190x980.jpg 1190w, https:\/\/institutfrancais.sk\/wp-content\/uploads\/2021\/09\/01-Wiener-Philharmoniker-foto-Lois-Lammerhuber-1-1215x1000.jpg 1215w, https:\/\/institutfrancais.sk\/wp-content\/uploads\/2021\/09\/01-Wiener-Philharmoniker-foto-Lois-Lammerhuber-1.jpg 1800w\" sizes=\"(max-width: 1024px) 100vw, 1024px\" \/><figcaption class=\"blocks-gallery-item__caption\">Wiener Philharmoniker<\/figcaption><\/figure><\/li><\/ul><\/figure>\n\n\n<a href=\"https:\/\/www.bhsfestival.sk\/en\/portfolio\/wiener-philharmoniker-2021-eng\/\" class=\"btn\" target=\"blank\" rel=\"noreferrer noopener\">Plus sur le site du festival<\/a>\n\n<div class=\"space md\"><\/div>\n\n\n<h2 class=\"wp-block-heading\">L&rsquo;Ensemble Matheus<strong> <\/strong>et Jakub-J\u00f3zef Orli\u0144ski vous invitent \u00e0 \u00ab\u00a0Une soir\u00e9e avec Antonio Vivaldi\u00a0\u00bb<\/h2>\n\n\n\n<h4 class=\"wp-block-heading\">lundi 4 octobre \u00e0 19h30, Salle de concert de la Philharmonie slovaque<\/h4>\n\n\n\n<p>Avec<\/p>\n\n\n\n<p><strong>Ensemble Matheus<br>Jean-Christophe Spinosi<\/strong> \u2013 chef d&rsquo;orchestre<strong><br>Jakub-J\u00f3zef Orli\u0144ski<\/strong>&nbsp;\u2013 contre-t\u00e9nor<\/p>\n\n\n\n<p>Programme<\/p>\n\n\n\n<p><strong>Antonio Vivaldi<\/strong><\/p>\n\n\n\n<p>Pour de nombreux m\u00e9lomanes, l&rsquo;\u0153uvre d&rsquo;<strong>Antonio Vivaldi<\/strong> repr\u00e9sente la quintessence de la musique baroque, qu&rsquo;ils \u00e9coutent avec une r\u00e9v\u00e9rence presque sacr\u00e9e. Au fil des si\u00e8cles, les \u0153uvres du compositeur ont fait l&rsquo;objet d&rsquo;innombrables adaptations, transcriptions, arrangements ou autres adaptations, pas toujours en accord avec leur valeur originelle. Dans la performance de l&rsquo;<strong>Ensemble Matheus<\/strong>, nous avons une occasion rare d&rsquo;entendre les \u0153uvres du ma\u00eetre italien sous une forme authentique.<br>L&rsquo;Ensemble Matheus sous la direction de <strong>Jean-Christophe Spinosi<\/strong> est l&rsquo;un des ensembles les plus recherch\u00e9s non seulement sur la sc\u00e8ne musicale europ\u00e9enne. Il est l&rsquo;invit\u00e9 du BHS avec le contre-t\u00e9nor polonais <strong>Jakub-J\u00f3zef Orli\u0144ski<\/strong>. Le jeune artiste triomphe sur les sc\u00e8nes de th\u00e9\u00e2tre et de concert, ainsi que dans les studios d&rsquo;enregistrement. L&rsquo;\u00e9mission en direct du festival d&rsquo;Aix-en-Provence (2017), o\u00f9 il a&nbsp;pr\u00e9sent\u00e9 Vivaldi, a&nbsp;\u00e9t\u00e9 regard\u00e9e en ligne par plus de quatre millions d&rsquo;auditeurs. Ont suivi des programmes t\u00e9l\u00e9vis\u00e9s \u00e0 succ\u00e8s en collaboration avec l&rsquo;Orchestre National de France &#8211;&nbsp;un concert sous la Tour Eiffel, ou un concert de soutien \u00e0 la restauration de la cath\u00e9drale Notre-Dame de Paris et bien d&rsquo;autres.<\/p>\n\n\n\n<figure class=\"wp-block-gallery columns-3 is-cropped wp-block-gallery-5 is-layout-flex wp-block-gallery-is-layout-flex\"><ul class=\"blocks-gallery-grid\"><li class=\"blocks-gallery-item\"><figure><img loading=\"lazy\" decoding=\"async\" width=\"1024\" height=\"467\" src=\"https:\/\/institutfrancais.sk\/wp-content\/uploads\/2021\/09\/01-Ensemble-Matheus-1_1-1-1024x467.jpg\" alt=\"\" data-id=\"19307\" data-full-url=\"https:\/\/institutfrancais.sk\/wp-content\/uploads\/2021\/09\/01-Ensemble-Matheus-1_1-1.jpg\" data-link=\"https:\/\/institutfrancais.sk\/fr\/?attachment_id=19307\" class=\"wp-image-19307\" srcset=\"https:\/\/institutfrancais.sk\/wp-content\/uploads\/2021\/09\/01-Ensemble-Matheus-1_1-1-1024x467.jpg 1024w, https:\/\/institutfrancais.sk\/wp-content\/uploads\/2021\/09\/01-Ensemble-Matheus-1_1-1-300x137.jpg 300w, https:\/\/institutfrancais.sk\/wp-content\/uploads\/2021\/09\/01-Ensemble-Matheus-1_1-1-768x350.jpg 768w, https:\/\/institutfrancais.sk\/wp-content\/uploads\/2021\/09\/01-Ensemble-Matheus-1_1-1-1536x701.jpg 1536w, https:\/\/institutfrancais.sk\/wp-content\/uploads\/2021\/09\/01-Ensemble-Matheus-1_1-1-1190x543.jpg 1190w, https:\/\/institutfrancais.sk\/wp-content\/uploads\/2021\/09\/01-Ensemble-Matheus-1_1-1-1690x771.jpg 1690w, https:\/\/institutfrancais.sk\/wp-content\/uploads\/2021\/09\/01-Ensemble-Matheus-1_1-1.jpg 1800w\" sizes=\"(max-width: 1024px) 100vw, 1024px\" \/><figcaption class=\"blocks-gallery-item__caption\">Ensemble Matheus<\/figcaption><\/figure><\/li><li class=\"blocks-gallery-item\"><figure><img loading=\"lazy\" decoding=\"async\" width=\"1024\" height=\"682\" src=\"https:\/\/institutfrancais.sk\/wp-content\/uploads\/2021\/09\/03-JCSpinosi4-Jean-Baptiste-Millot_1-1-1024x682.jpg\" alt=\"\" data-id=\"19309\" data-full-url=\"https:\/\/institutfrancais.sk\/wp-content\/uploads\/2021\/09\/03-JCSpinosi4-Jean-Baptiste-Millot_1-1.jpg\" data-link=\"https:\/\/institutfrancais.sk\/fr\/?attachment_id=19309\" class=\"wp-image-19309\" srcset=\"https:\/\/institutfrancais.sk\/wp-content\/uploads\/2021\/09\/03-JCSpinosi4-Jean-Baptiste-Millot_1-1-1024x682.jpg 1024w, https:\/\/institutfrancais.sk\/wp-content\/uploads\/2021\/09\/03-JCSpinosi4-Jean-Baptiste-Millot_1-1-300x200.jpg 300w, https:\/\/institutfrancais.sk\/wp-content\/uploads\/2021\/09\/03-JCSpinosi4-Jean-Baptiste-Millot_1-1-768x511.jpg 768w, https:\/\/institutfrancais.sk\/wp-content\/uploads\/2021\/09\/03-JCSpinosi4-Jean-Baptiste-Millot_1-1-1536x1022.jpg 1536w, https:\/\/institutfrancais.sk\/wp-content\/uploads\/2021\/09\/03-JCSpinosi4-Jean-Baptiste-Millot_1-1-1190x792.jpg 1190w, https:\/\/institutfrancais.sk\/wp-content\/uploads\/2021\/09\/03-JCSpinosi4-Jean-Baptiste-Millot_1-1-1503x1000.jpg 1503w, https:\/\/institutfrancais.sk\/wp-content\/uploads\/2021\/09\/03-JCSpinosi4-Jean-Baptiste-Millot_1-1.jpg 1800w\" sizes=\"(max-width: 1024px) 100vw, 1024px\" \/><figcaption class=\"blocks-gallery-item__caption\">Jean-Christophe Spinosi<\/figcaption><\/figure><\/li><li class=\"blocks-gallery-item\"><figure><img loading=\"lazy\" decoding=\"async\" width=\"1024\" height=\"768\" src=\"https:\/\/institutfrancais.sk\/wp-content\/uploads\/2021\/09\/20211004-Jakub-Josef-Orlinski-Portrait-09-JC.jpg\" alt=\"\" data-id=\"19311\" data-full-url=\"https:\/\/institutfrancais.sk\/wp-content\/uploads\/2021\/09\/20211004-Jakub-Josef-Orlinski-Portrait-09-JC.jpg\" data-link=\"https:\/\/institutfrancais.sk\/fr\/?attachment_id=19311\" class=\"wp-image-19311\" srcset=\"https:\/\/institutfrancais.sk\/wp-content\/uploads\/2021\/09\/20211004-Jakub-Josef-Orlinski-Portrait-09-JC.jpg 1024w, https:\/\/institutfrancais.sk\/wp-content\/uploads\/2021\/09\/20211004-Jakub-Josef-Orlinski-Portrait-09-JC-300x225.jpg 300w, https:\/\/institutfrancais.sk\/wp-content\/uploads\/2021\/09\/20211004-Jakub-Josef-Orlinski-Portrait-09-JC-768x576.jpg 768w\" sizes=\"(max-width: 1024px) 100vw, 1024px\" \/><figcaption class=\"blocks-gallery-item__caption\">Jakub J\u00f3zef Orli\u0144ski<\/figcaption><\/figure><\/li><\/ul><\/figure>\n\n\n<a href=\"https:\/\/www.bhsfestival.sk\/en\/portfolio\/vecer-s-antoniom-vivaldim\/\" class=\"btn\">Plus sur le site du festival<\/a>\n\n<div class=\"space md\"><\/div>\n\n<\/div><iframe loading=\"lazy\" src=\"https:\/\/www.google.com\/maps\/embed?pb=!1m18!1m12!1m3!1d2662.4116344366053!2d17.107928315863333!3d48.1408688589103!2m3!1f0!2f0!3f0!3m2!1i1024!2i768!4f13.1!3m3!1m2!1s0x476c89427d97f855%3A0x6e6b7452a9c4ee57!2sOrchestre%20philharmonique%20slovaque!5e0!3m2!1sfr!2ssk!4v1632823147199!5m2!1sfr!2ssk\" width=\"100%\" height=\"558\" frameborder=\"0\" class=\"gmap-iframe\" allowfullscreen=\"\"><\/iframe><div class=\"wrap narrow-wrap\">","protected":false},"featured_media":19330,"template":"","typ-podujatia":[51],"acf":[],"yoast_head":"<!-- This site is optimized with the Yoast SEO plugin v24.5 - https:\/\/yoast.com\/wordpress\/plugins\/seo\/ -->\n<title>Musiciens fran\u00e7ais aux F\u00eates de musique de Bratislava (BHS) - Franc\u00fazsky in\u0161tit\u00fat na Slovensku<\/title>\n<meta name=\"description\" content=\"Consultez le programme du festival F\u00eates de musique de Bratislava 2021 (BHS) avec les musiciens fran\u00e7ais.\" \/>\n<meta name=\"robots\" content=\"index, follow, max-snippet:-1, max-image-preview:large, max-video-preview:-1\" \/>\n<link rel=\"canonical\" href=\"https:\/\/institutfrancais.sk\/fr\/podujatie\/musiciens-francais-aux-fetes-de-musique-de-bratislava-bhs\/\" \/>\n<meta property=\"og:locale\" content=\"fr_FR\" \/>\n<meta property=\"og:type\" content=\"article\" \/>\n<meta property=\"og:title\" content=\"Musiciens fran\u00e7ais aux F\u00eates de musique de Bratislava (BHS) - Franc\u00fazsky in\u0161tit\u00fat na Slovensku\" \/>\n<meta property=\"og:description\" content=\"Consultez le programme du festival F\u00eates de musique de Bratislava 2021 (BHS) avec les musiciens fran\u00e7ais.\" \/>\n<meta property=\"og:url\" content=\"https:\/\/institutfrancais.sk\/fr\/podujatie\/musiciens-francais-aux-fetes-de-musique-de-bratislava-bhs\/\" \/>\n<meta property=\"og:site_name\" content=\"Franc\u00fazsky in\u0161tit\u00fat na Slovensku\" \/>\n<meta property=\"article:modified_time\" content=\"2021-09-29T14:47:09+00:00\" \/>\n<meta property=\"og:image\" content=\"https:\/\/institutfrancais.sk\/wp-content\/uploads\/2021\/09\/BHS2021c.jpg\" \/>\n\t<meta property=\"og:image:width\" content=\"1315\" \/>\n\t<meta property=\"og:image:height\" content=\"1065\" \/>\n\t<meta property=\"og:image:type\" content=\"image\/jpeg\" \/>\n<meta name=\"twitter:card\" content=\"summary_large_image\" \/>\n<meta name=\"twitter:label1\" content=\"Dur\u00e9e de lecture estim\u00e9e\" \/>\n\t<meta name=\"twitter:data1\" content=\"7 minutes\" \/>\n<script type=\"application\/ld+json\" class=\"yoast-schema-graph\">{\"@context\":\"https:\/\/schema.org\",\"@graph\":[{\"@type\":\"WebPage\",\"@id\":\"https:\/\/institutfrancais.sk\/fr\/podujatie\/musiciens-francais-aux-fetes-de-musique-de-bratislava-bhs\/\",\"url\":\"https:\/\/institutfrancais.sk\/fr\/podujatie\/musiciens-francais-aux-fetes-de-musique-de-bratislava-bhs\/\",\"name\":\"Musiciens fran\u00e7ais aux F\u00eates de musique de Bratislava (BHS) - Franc\u00fazsky in\u0161tit\u00fat na Slovensku\",\"isPartOf\":{\"@id\":\"https:\/\/institutfrancais.sk\/fr\/#website\"},\"primaryImageOfPage\":{\"@id\":\"https:\/\/institutfrancais.sk\/fr\/podujatie\/musiciens-francais-aux-fetes-de-musique-de-bratislava-bhs\/#primaryimage\"},\"image\":{\"@id\":\"https:\/\/institutfrancais.sk\/fr\/podujatie\/musiciens-francais-aux-fetes-de-musique-de-bratislava-bhs\/#primaryimage\"},\"thumbnailUrl\":\"https:\/\/institutfrancais.sk\/wp-content\/uploads\/2021\/09\/BHS2021c.jpg\",\"datePublished\":\"2021-09-28T10:16:26+00:00\",\"dateModified\":\"2021-09-29T14:47:09+00:00\",\"description\":\"Consultez le programme du festival F\u00eates de musique de Bratislava 2021 (BHS) avec les musiciens fran\u00e7ais.\",\"breadcrumb\":{\"@id\":\"https:\/\/institutfrancais.sk\/fr\/podujatie\/musiciens-francais-aux-fetes-de-musique-de-bratislava-bhs\/#breadcrumb\"},\"inLanguage\":\"fr-FR\",\"potentialAction\":[{\"@type\":\"ReadAction\",\"target\":[\"https:\/\/institutfrancais.sk\/fr\/podujatie\/musiciens-francais-aux-fetes-de-musique-de-bratislava-bhs\/\"]}]},{\"@type\":\"ImageObject\",\"inLanguage\":\"fr-FR\",\"@id\":\"https:\/\/institutfrancais.sk\/fr\/podujatie\/musiciens-francais-aux-fetes-de-musique-de-bratislava-bhs\/#primaryimage\",\"url\":\"https:\/\/institutfrancais.sk\/wp-content\/uploads\/2021\/09\/BHS2021c.jpg\",\"contentUrl\":\"https:\/\/institutfrancais.sk\/wp-content\/uploads\/2021\/09\/BHS2021c.jpg\",\"width\":1315,\"height\":1065},{\"@type\":\"BreadcrumbList\",\"@id\":\"https:\/\/institutfrancais.sk\/fr\/podujatie\/musiciens-francais-aux-fetes-de-musique-de-bratislava-bhs\/#breadcrumb\",\"itemListElement\":[{\"@type\":\"ListItem\",\"position\":1,\"name\":\"Home\",\"item\":\"https:\/\/institutfrancais.sk\/fr\/\"},{\"@type\":\"ListItem\",\"position\":2,\"name\":\"Events\",\"item\":\"https:\/\/institutfrancais.sk\/fr\/podujatie\/\"},{\"@type\":\"ListItem\",\"position\":3,\"name\":\"Musiciens fran\u00e7ais aux F\u00eates de musique de Bratislava (BHS)\"}]},{\"@type\":\"WebSite\",\"@id\":\"https:\/\/institutfrancais.sk\/fr\/#website\",\"url\":\"https:\/\/institutfrancais.sk\/fr\/\",\"name\":\"Franc\u00fazsky in\u0161tit\u00fat na Slovensku\",\"description\":\"Franc\u00fazsky in\u0161tit\u00fat na Slovensku\",\"potentialAction\":[{\"@type\":\"SearchAction\",\"target\":{\"@type\":\"EntryPoint\",\"urlTemplate\":\"https:\/\/institutfrancais.sk\/fr\/?s={search_term_string}\"},\"query-input\":{\"@type\":\"PropertyValueSpecification\",\"valueRequired\":true,\"valueName\":\"search_term_string\"}}],\"inLanguage\":\"fr-FR\"}]}<\/script>\n<!-- \/ Yoast SEO plugin. -->","yoast_head_json":{"title":"Musiciens fran\u00e7ais aux F\u00eates de musique de Bratislava (BHS) - Franc\u00fazsky in\u0161tit\u00fat na Slovensku","description":"Consultez le programme du festival F\u00eates de musique de Bratislava 2021 (BHS) avec les musiciens fran\u00e7ais.","robots":{"index":"index","follow":"follow","max-snippet":"max-snippet:-1","max-image-preview":"max-image-preview:large","max-video-preview":"max-video-preview:-1"},"canonical":"https:\/\/institutfrancais.sk\/fr\/podujatie\/musiciens-francais-aux-fetes-de-musique-de-bratislava-bhs\/","og_locale":"fr_FR","og_type":"article","og_title":"Musiciens fran\u00e7ais aux F\u00eates de musique de Bratislava (BHS) - Franc\u00fazsky in\u0161tit\u00fat na Slovensku","og_description":"Consultez le programme du festival F\u00eates de musique de Bratislava 2021 (BHS) avec les musiciens fran\u00e7ais.","og_url":"https:\/\/institutfrancais.sk\/fr\/podujatie\/musiciens-francais-aux-fetes-de-musique-de-bratislava-bhs\/","og_site_name":"Franc\u00fazsky in\u0161tit\u00fat na Slovensku","article_modified_time":"2021-09-29T14:47:09+00:00","og_image":[{"width":1315,"height":1065,"url":"https:\/\/institutfrancais.sk\/wp-content\/uploads\/2021\/09\/BHS2021c.jpg","type":"image\/jpeg"}],"twitter_card":"summary_large_image","twitter_misc":{"Dur\u00e9e de lecture estim\u00e9e":"7 minutes"},"schema":{"@context":"https:\/\/schema.org","@graph":[{"@type":"WebPage","@id":"https:\/\/institutfrancais.sk\/fr\/podujatie\/musiciens-francais-aux-fetes-de-musique-de-bratislava-bhs\/","url":"https:\/\/institutfrancais.sk\/fr\/podujatie\/musiciens-francais-aux-fetes-de-musique-de-bratislava-bhs\/","name":"Musiciens fran\u00e7ais aux F\u00eates de musique de Bratislava (BHS) - Franc\u00fazsky in\u0161tit\u00fat na Slovensku","isPartOf":{"@id":"https:\/\/institutfrancais.sk\/fr\/#website"},"primaryImageOfPage":{"@id":"https:\/\/institutfrancais.sk\/fr\/podujatie\/musiciens-francais-aux-fetes-de-musique-de-bratislava-bhs\/#primaryimage"},"image":{"@id":"https:\/\/institutfrancais.sk\/fr\/podujatie\/musiciens-francais-aux-fetes-de-musique-de-bratislava-bhs\/#primaryimage"},"thumbnailUrl":"https:\/\/institutfrancais.sk\/wp-content\/uploads\/2021\/09\/BHS2021c.jpg","datePublished":"2021-09-28T10:16:26+00:00","dateModified":"2021-09-29T14:47:09+00:00","description":"Consultez le programme du festival F\u00eates de musique de Bratislava 2021 (BHS) avec les musiciens fran\u00e7ais.","breadcrumb":{"@id":"https:\/\/institutfrancais.sk\/fr\/podujatie\/musiciens-francais-aux-fetes-de-musique-de-bratislava-bhs\/#breadcrumb"},"inLanguage":"fr-FR","potentialAction":[{"@type":"ReadAction","target":["https:\/\/institutfrancais.sk\/fr\/podujatie\/musiciens-francais-aux-fetes-de-musique-de-bratislava-bhs\/"]}]},{"@type":"ImageObject","inLanguage":"fr-FR","@id":"https:\/\/institutfrancais.sk\/fr\/podujatie\/musiciens-francais-aux-fetes-de-musique-de-bratislava-bhs\/#primaryimage","url":"https:\/\/institutfrancais.sk\/wp-content\/uploads\/2021\/09\/BHS2021c.jpg","contentUrl":"https:\/\/institutfrancais.sk\/wp-content\/uploads\/2021\/09\/BHS2021c.jpg","width":1315,"height":1065},{"@type":"BreadcrumbList","@id":"https:\/\/institutfrancais.sk\/fr\/podujatie\/musiciens-francais-aux-fetes-de-musique-de-bratislava-bhs\/#breadcrumb","itemListElement":[{"@type":"ListItem","position":1,"name":"Home","item":"https:\/\/institutfrancais.sk\/fr\/"},{"@type":"ListItem","position":2,"name":"Events","item":"https:\/\/institutfrancais.sk\/fr\/podujatie\/"},{"@type":"ListItem","position":3,"name":"Musiciens fran\u00e7ais aux F\u00eates de musique de Bratislava (BHS)"}]},{"@type":"WebSite","@id":"https:\/\/institutfrancais.sk\/fr\/#website","url":"https:\/\/institutfrancais.sk\/fr\/","name":"Franc\u00fazsky in\u0161tit\u00fat na Slovensku","description":"Franc\u00fazsky in\u0161tit\u00fat na Slovensku","potentialAction":[{"@type":"SearchAction","target":{"@type":"EntryPoint","urlTemplate":"https:\/\/institutfrancais.sk\/fr\/?s={search_term_string}"},"query-input":{"@type":"PropertyValueSpecification","valueRequired":true,"valueName":"search_term_string"}}],"inLanguage":"fr-FR"}]}},"_links":{"self":[{"href":"https:\/\/institutfrancais.sk\/fr\/wp-json\/wp\/v2\/podujatie\/19331"}],"collection":[{"href":"https:\/\/institutfrancais.sk\/fr\/wp-json\/wp\/v2\/podujatie"}],"about":[{"href":"https:\/\/institutfrancais.sk\/fr\/wp-json\/wp\/v2\/types\/podujatie"}],"wp:featuredmedia":[{"embeddable":true,"href":"https:\/\/institutfrancais.sk\/fr\/wp-json\/wp\/v2\/media\/19330"}],"wp:attachment":[{"href":"https:\/\/institutfrancais.sk\/fr\/wp-json\/wp\/v2\/media?parent=19331"}],"wp:term":[{"taxonomy":"typ-podujatia","embeddable":true,"href":"https:\/\/institutfrancais.sk\/fr\/wp-json\/wp\/v2\/typ-podujatia?post=19331"}],"curies":[{"name":"wp","href":"https:\/\/api.w.org\/{rel}","templated":true}]}}