{"id":19413,"date":"2021-10-01T12:31:23","date_gmt":"2021-10-01T10:31:23","guid":{"rendered":"https:\/\/institutfrancais.sk\/?post_type=podujatie&#038;p=19413"},"modified":"2021-10-07T15:31:52","modified_gmt":"2021-10-07T13:31:52","slug":"louise-elisabeth-vigee-le-brun-1755-1842-une-portraitiste-entre-deux-siecles","status":"publish","type":"podujatie","link":"https:\/\/institutfrancais.sk\/fr\/podujatie\/louise-elisabeth-vigee-le-brun-1755-1842-une-portraitiste-entre-deux-siecles\/","title":{"rendered":"Louise \u00c9lisabeth Vig\u00e9e Le Brun (1755-1842) : Une portraitiste entre deux si\u00e8cles"},"content":{"rendered":"\n<p>\u00ab\u00a0Entre deux si\u00e8cles comme au confluent de deux fleuves\u00a0\u00bb ces mots de Chateaubriand semblent avoir \u00e9t\u00e9 \u00e9crits pour Louise \u00c9lisabeth&nbsp;&nbsp;Vig\u00e9e le Brun. N\u00e9e sous le r\u00e8gne de Louis XV, la portraitiste est t\u00e9moin des pr\u00e9mices de la R\u00e9volution, conna\u00eet l&rsquo;Empire et la Restauration, avant de s&rsquo;\u00e9teindre sous la Monarchie de juillet, dans sa quatre vingt septi\u00e8me ann\u00e9e. Une long\u00e9vit\u00e9 exceptionnelle qui accompagne une destin\u00e9e hors du commun.<\/p>\n\n\n\n<p>Artiste pr\u00e9coce et talentueuse, elle p\u00e9n\u00e8tre, malgr\u00e9 les obstacles, dans le cercle prestigieux de l&rsquo;Acad\u00e9mie royale de peinture. Son art de capter la ressemblance fait&nbsp;&nbsp;que ses portraits sont recherch\u00e9s. Ses cachets&nbsp;sont parmi les plus \u00e9lev\u00e9s de son temps.<\/p>\n\n\n\n<p>La&nbsp;R\u00e9volution fait d&rsquo;elle une voyageuse: d\u2019Italie en Russie en passant par l&rsquo;Autriche, dans une Europe dont le fran\u00e7ais est la langue, sans craindre les d\u00e9fis et la rivalit\u00e9, elle conquiert une client\u00e8le princi\u00e8re.<\/p>\n\n\n\n<p>La post\u00e9rit\u00e9 a&nbsp;retenu l&rsquo;image du peintre gracieux de Marie Antoinette;&nbsp;on sait moins qu&rsquo;au XIXe si\u00e8cle, mue par un esprit de curiosit\u00e9 infini, Mme Vig\u00e9e Le Brun ouvrit grand les portes de son salon \u00e0 la jeune g\u00e9n\u00e9ration romantique.<\/p>\n\n\n\n<h2 class=\"wp-block-heading\">Conf\u00e9rencieure<\/h2>\n\n\n\n<div class=\"wp-block-image\"><figure class=\"alignright size-large is-resized\"><img loading=\"lazy\" decoding=\"async\" src=\"https:\/\/institutfrancais.sk\/wp-content\/uploads\/2021\/10\/PrixHP2018_04-1-1024x768.jpg\" alt=\"\" class=\"wp-image-19414\" width=\"390\" height=\"292\" srcset=\"https:\/\/institutfrancais.sk\/wp-content\/uploads\/2021\/10\/PrixHP2018_04-1-1024x768.jpg 1024w, https:\/\/institutfrancais.sk\/wp-content\/uploads\/2021\/10\/PrixHP2018_04-1-300x225.jpg 300w, https:\/\/institutfrancais.sk\/wp-content\/uploads\/2021\/10\/PrixHP2018_04-1-768x576.jpg 768w, https:\/\/institutfrancais.sk\/wp-content\/uploads\/2021\/10\/PrixHP2018_04-1.jpg 1100w\" sizes=\"(max-width: 390px) 100vw, 390px\" \/><figcaption>Genevi\u00e8ve Haroche-Bouzinac<\/figcaption><\/figure><\/div>\n\n\n\n<p><strong>Genevi\u00e8ve Haroche-Bouzinac<\/strong>, professeur \u00e9m\u00e9rite \u00e0 l\u2019universit\u00e9 d\u2019Orl\u00e9ans, est l\u2019auteur d\u2019ouvrages consacr\u00e9s aux correspondances <em>Voltaire dans ses lettres de jeunesse, <\/em>(Klincksieck, 1992), <em>L\u2019\u00c9pistolaire <\/em>(Hachette, [1995] 2000). Elle dirige la revue<em> \u00c9pistolaire<\/em> (Champion-Slatkine). Elle a&nbsp;publi\u00e9 les <em>Souvenirs<\/em> de la portraitiste de la reine Marie-Antoinette, Louise \u00c9lisabeth Vig\u00e9e Le Brun (Champion, 2008) et a&nbsp;r\u00e9dig\u00e9 sa biographie, <em>Louise \u00c9lisabeth Vig\u00e9e Le Brun, histoire d\u2019un regard<\/em>, honor\u00e9 du prix Chateaubriand (2011) et du Mellor Book Prize du Washington Museum of Women in the Arts (2012). Elle a&nbsp;\u00e9t\u00e9 conseiller historique de la R\u00e9trospective au Grand Palais d\u00e9di\u00e9e \u00e0 l\u2019artiste (2015-2016).<\/p>\n\n\n\n<p>En 2017, elle a&nbsp;consacr\u00e9 une biographie \u00e0 Henriette Campan, femme de confiance de Marie-Antoinette et fondatrice des Maisons d\u2019\u00e9ducation de la L\u00e9gion d\u2019honneur&nbsp;: <em>La Vie mouvement\u00e9e d\u2019Henriette Campan (1752-1822), <\/em>distingu\u00e9e par le Prix \u00ab&nbsp;Honneur et Patrie&nbsp;\u00bb de la Soci\u00e9t\u00e9 des Membres de la L\u00e9gion d\u2019Honneur en 2018.<\/p>\n\n\n\n<p>En octobre 2019, une biographie de <em>Louise de Vilmorin, une vie de boh\u00e8me, <\/em>couronn\u00e9e par l\u2019Acad\u00e9mie de Po\u00e9sie, par l\u2019Acad\u00e9mie des litt\u00e9ratures 1900-1950, et par le Grand Prix de la biographie litt\u00e9raire de l\u2019Acad\u00e9mie fran\u00e7aise (2020), a&nbsp;fait partie de ses publications.<\/p>\n\n\n\n<p>Conseiller historique de l\u2019exposition consacr\u00e9e \u00e0 la femme de lettres Louise de Vilmorin, \u00ab&nbsp;Une vie \u00e0 l\u2019\u0153uvre&nbsp;\u00bb,&nbsp;octobre 2019-mars 2020, elle pr\u00e9pare en collaboration une r\u00e9\u00e9dition de son \u0153uvre.<\/p>\n\n\n<div class=\"space\"><\/div>","protected":false},"featured_media":19410,"template":"","typ-podujatia":[53],"acf":[],"yoast_head":"<!-- This site is optimized with the Yoast SEO plugin v24.5 - https:\/\/yoast.com\/wordpress\/plugins\/seo\/ -->\n<title>Louise \u00c9lisabeth Vig\u00e9e Le Brun (1755-1842) : Une portraitiste entre deux si\u00e8cles - Franc\u00fazsky in\u0161tit\u00fat na Slovensku<\/title>\n<meta name=\"robots\" content=\"index, follow, max-snippet:-1, max-image-preview:large, max-video-preview:-1\" \/>\n<link rel=\"canonical\" href=\"https:\/\/institutfrancais.sk\/fr\/podujatie\/louise-elisabeth-vigee-le-brun-1755-1842-une-portraitiste-entre-deux-siecles\/\" \/>\n<meta property=\"og:locale\" content=\"fr_FR\" \/>\n<meta property=\"og:type\" content=\"article\" \/>\n<meta property=\"og:title\" content=\"Louise \u00c9lisabeth Vig\u00e9e Le Brun (1755-1842) : Une portraitiste entre deux si\u00e8cles - Franc\u00fazsky in\u0161tit\u00fat na Slovensku\" \/>\n<meta property=\"og:description\" content=\"\u00ab\u00a0Entre deux si\u00e8cles comme au confluent de deux fleuves\u00a0\u00bb ces mots de Chateaubriand semblent avoir \u00e9t\u00e9 \u00e9crits pour Louise \u00c9lisabeth&nbsp;&nbsp;Vig\u00e9e le Brun. N\u00e9e sous le r\u00e8gne de Louis XV, la portraitiste est t\u00e9moin des pr\u00e9mices de la R\u00e9volution, conna\u00eet l&rsquo;Empire et la Restauration, avant de s&rsquo;\u00e9teindre sous la Monarchie de juillet, dans sa quatre vingt [&hellip;]\" \/>\n<meta property=\"og:url\" content=\"https:\/\/institutfrancais.sk\/fr\/podujatie\/louise-elisabeth-vigee-le-brun-1755-1842-une-portraitiste-entre-deux-siecles\/\" \/>\n<meta property=\"og:site_name\" content=\"Franc\u00fazsky in\u0161tit\u00fat na Slovensku\" \/>\n<meta property=\"article:modified_time\" content=\"2021-10-07T13:31:52+00:00\" \/>\n<meta property=\"og:image\" content=\"https:\/\/institutfrancais.sk\/wp-content\/uploads\/2021\/10\/800px-Self-portrait_in_a_Straw_Hat_by_Elisabeth-Louise_Vigee-Lebrun.jpg\" \/>\n\t<meta property=\"og:image:width\" content=\"800\" \/>\n\t<meta property=\"og:image:height\" content=\"1111\" \/>\n\t<meta property=\"og:image:type\" content=\"image\/jpeg\" \/>\n<meta name=\"twitter:card\" content=\"summary_large_image\" \/>\n<meta name=\"twitter:label1\" content=\"Dur\u00e9e de lecture estim\u00e9e\" \/>\n\t<meta name=\"twitter:data1\" content=\"2 minutes\" \/>\n<script type=\"application\/ld+json\" class=\"yoast-schema-graph\">{\"@context\":\"https:\/\/schema.org\",\"@graph\":[{\"@type\":\"WebPage\",\"@id\":\"https:\/\/institutfrancais.sk\/fr\/podujatie\/louise-elisabeth-vigee-le-brun-1755-1842-une-portraitiste-entre-deux-siecles\/\",\"url\":\"https:\/\/institutfrancais.sk\/fr\/podujatie\/louise-elisabeth-vigee-le-brun-1755-1842-une-portraitiste-entre-deux-siecles\/\",\"name\":\"Louise \u00c9lisabeth Vig\u00e9e Le Brun (1755-1842) : Une portraitiste entre deux si\u00e8cles - Franc\u00fazsky in\u0161tit\u00fat na Slovensku\",\"isPartOf\":{\"@id\":\"https:\/\/institutfrancais.sk\/fr\/#website\"},\"primaryImageOfPage\":{\"@id\":\"https:\/\/institutfrancais.sk\/fr\/podujatie\/louise-elisabeth-vigee-le-brun-1755-1842-une-portraitiste-entre-deux-siecles\/#primaryimage\"},\"image\":{\"@id\":\"https:\/\/institutfrancais.sk\/fr\/podujatie\/louise-elisabeth-vigee-le-brun-1755-1842-une-portraitiste-entre-deux-siecles\/#primaryimage\"},\"thumbnailUrl\":\"https:\/\/institutfrancais.sk\/wp-content\/uploads\/2021\/10\/800px-Self-portrait_in_a_Straw_Hat_by_Elisabeth-Louise_Vigee-Lebrun.jpg\",\"datePublished\":\"2021-10-01T10:31:23+00:00\",\"dateModified\":\"2021-10-07T13:31:52+00:00\",\"breadcrumb\":{\"@id\":\"https:\/\/institutfrancais.sk\/fr\/podujatie\/louise-elisabeth-vigee-le-brun-1755-1842-une-portraitiste-entre-deux-siecles\/#breadcrumb\"},\"inLanguage\":\"fr-FR\",\"potentialAction\":[{\"@type\":\"ReadAction\",\"target\":[\"https:\/\/institutfrancais.sk\/fr\/podujatie\/louise-elisabeth-vigee-le-brun-1755-1842-une-portraitiste-entre-deux-siecles\/\"]}]},{\"@type\":\"ImageObject\",\"inLanguage\":\"fr-FR\",\"@id\":\"https:\/\/institutfrancais.sk\/fr\/podujatie\/louise-elisabeth-vigee-le-brun-1755-1842-une-portraitiste-entre-deux-siecles\/#primaryimage\",\"url\":\"https:\/\/institutfrancais.sk\/wp-content\/uploads\/2021\/10\/800px-Self-portrait_in_a_Straw_Hat_by_Elisabeth-Louise_Vigee-Lebrun.jpg\",\"contentUrl\":\"https:\/\/institutfrancais.sk\/wp-content\/uploads\/2021\/10\/800px-Self-portrait_in_a_Straw_Hat_by_Elisabeth-Louise_Vigee-Lebrun.jpg\",\"width\":800,\"height\":1111},{\"@type\":\"BreadcrumbList\",\"@id\":\"https:\/\/institutfrancais.sk\/fr\/podujatie\/louise-elisabeth-vigee-le-brun-1755-1842-une-portraitiste-entre-deux-siecles\/#breadcrumb\",\"itemListElement\":[{\"@type\":\"ListItem\",\"position\":1,\"name\":\"Home\",\"item\":\"https:\/\/institutfrancais.sk\/fr\/\"},{\"@type\":\"ListItem\",\"position\":2,\"name\":\"Events\",\"item\":\"https:\/\/institutfrancais.sk\/fr\/podujatie\/\"},{\"@type\":\"ListItem\",\"position\":3,\"name\":\"Louise \u00c9lisabeth Vig\u00e9e Le Brun (1755-1842) : Une portraitiste entre deux si\u00e8cles\"}]},{\"@type\":\"WebSite\",\"@id\":\"https:\/\/institutfrancais.sk\/fr\/#website\",\"url\":\"https:\/\/institutfrancais.sk\/fr\/\",\"name\":\"Franc\u00fazsky in\u0161tit\u00fat na Slovensku\",\"description\":\"Franc\u00fazsky in\u0161tit\u00fat na Slovensku\",\"potentialAction\":[{\"@type\":\"SearchAction\",\"target\":{\"@type\":\"EntryPoint\",\"urlTemplate\":\"https:\/\/institutfrancais.sk\/fr\/?s={search_term_string}\"},\"query-input\":{\"@type\":\"PropertyValueSpecification\",\"valueRequired\":true,\"valueName\":\"search_term_string\"}}],\"inLanguage\":\"fr-FR\"}]}<\/script>\n<!-- \/ Yoast SEO plugin. -->","yoast_head_json":{"title":"Louise \u00c9lisabeth Vig\u00e9e Le Brun (1755-1842) : Une portraitiste entre deux si\u00e8cles - Franc\u00fazsky in\u0161tit\u00fat na Slovensku","robots":{"index":"index","follow":"follow","max-snippet":"max-snippet:-1","max-image-preview":"max-image-preview:large","max-video-preview":"max-video-preview:-1"},"canonical":"https:\/\/institutfrancais.sk\/fr\/podujatie\/louise-elisabeth-vigee-le-brun-1755-1842-une-portraitiste-entre-deux-siecles\/","og_locale":"fr_FR","og_type":"article","og_title":"Louise \u00c9lisabeth Vig\u00e9e Le Brun (1755-1842) : Une portraitiste entre deux si\u00e8cles - Franc\u00fazsky in\u0161tit\u00fat na Slovensku","og_description":"\u00ab\u00a0Entre deux si\u00e8cles comme au confluent de deux fleuves\u00a0\u00bb ces mots de Chateaubriand semblent avoir \u00e9t\u00e9 \u00e9crits pour Louise \u00c9lisabeth&nbsp;&nbsp;Vig\u00e9e le Brun. N\u00e9e sous le r\u00e8gne de Louis XV, la portraitiste est t\u00e9moin des pr\u00e9mices de la R\u00e9volution, conna\u00eet l&rsquo;Empire et la Restauration, avant de s&rsquo;\u00e9teindre sous la Monarchie de juillet, dans sa quatre vingt [&hellip;]","og_url":"https:\/\/institutfrancais.sk\/fr\/podujatie\/louise-elisabeth-vigee-le-brun-1755-1842-une-portraitiste-entre-deux-siecles\/","og_site_name":"Franc\u00fazsky in\u0161tit\u00fat na Slovensku","article_modified_time":"2021-10-07T13:31:52+00:00","og_image":[{"width":800,"height":1111,"url":"https:\/\/institutfrancais.sk\/wp-content\/uploads\/2021\/10\/800px-Self-portrait_in_a_Straw_Hat_by_Elisabeth-Louise_Vigee-Lebrun.jpg","type":"image\/jpeg"}],"twitter_card":"summary_large_image","twitter_misc":{"Dur\u00e9e de lecture estim\u00e9e":"2 minutes"},"schema":{"@context":"https:\/\/schema.org","@graph":[{"@type":"WebPage","@id":"https:\/\/institutfrancais.sk\/fr\/podujatie\/louise-elisabeth-vigee-le-brun-1755-1842-une-portraitiste-entre-deux-siecles\/","url":"https:\/\/institutfrancais.sk\/fr\/podujatie\/louise-elisabeth-vigee-le-brun-1755-1842-une-portraitiste-entre-deux-siecles\/","name":"Louise \u00c9lisabeth Vig\u00e9e Le Brun (1755-1842) : Une portraitiste entre deux si\u00e8cles - Franc\u00fazsky in\u0161tit\u00fat na Slovensku","isPartOf":{"@id":"https:\/\/institutfrancais.sk\/fr\/#website"},"primaryImageOfPage":{"@id":"https:\/\/institutfrancais.sk\/fr\/podujatie\/louise-elisabeth-vigee-le-brun-1755-1842-une-portraitiste-entre-deux-siecles\/#primaryimage"},"image":{"@id":"https:\/\/institutfrancais.sk\/fr\/podujatie\/louise-elisabeth-vigee-le-brun-1755-1842-une-portraitiste-entre-deux-siecles\/#primaryimage"},"thumbnailUrl":"https:\/\/institutfrancais.sk\/wp-content\/uploads\/2021\/10\/800px-Self-portrait_in_a_Straw_Hat_by_Elisabeth-Louise_Vigee-Lebrun.jpg","datePublished":"2021-10-01T10:31:23+00:00","dateModified":"2021-10-07T13:31:52+00:00","breadcrumb":{"@id":"https:\/\/institutfrancais.sk\/fr\/podujatie\/louise-elisabeth-vigee-le-brun-1755-1842-une-portraitiste-entre-deux-siecles\/#breadcrumb"},"inLanguage":"fr-FR","potentialAction":[{"@type":"ReadAction","target":["https:\/\/institutfrancais.sk\/fr\/podujatie\/louise-elisabeth-vigee-le-brun-1755-1842-une-portraitiste-entre-deux-siecles\/"]}]},{"@type":"ImageObject","inLanguage":"fr-FR","@id":"https:\/\/institutfrancais.sk\/fr\/podujatie\/louise-elisabeth-vigee-le-brun-1755-1842-une-portraitiste-entre-deux-siecles\/#primaryimage","url":"https:\/\/institutfrancais.sk\/wp-content\/uploads\/2021\/10\/800px-Self-portrait_in_a_Straw_Hat_by_Elisabeth-Louise_Vigee-Lebrun.jpg","contentUrl":"https:\/\/institutfrancais.sk\/wp-content\/uploads\/2021\/10\/800px-Self-portrait_in_a_Straw_Hat_by_Elisabeth-Louise_Vigee-Lebrun.jpg","width":800,"height":1111},{"@type":"BreadcrumbList","@id":"https:\/\/institutfrancais.sk\/fr\/podujatie\/louise-elisabeth-vigee-le-brun-1755-1842-une-portraitiste-entre-deux-siecles\/#breadcrumb","itemListElement":[{"@type":"ListItem","position":1,"name":"Home","item":"https:\/\/institutfrancais.sk\/fr\/"},{"@type":"ListItem","position":2,"name":"Events","item":"https:\/\/institutfrancais.sk\/fr\/podujatie\/"},{"@type":"ListItem","position":3,"name":"Louise \u00c9lisabeth Vig\u00e9e Le Brun (1755-1842) : Une portraitiste entre deux si\u00e8cles"}]},{"@type":"WebSite","@id":"https:\/\/institutfrancais.sk\/fr\/#website","url":"https:\/\/institutfrancais.sk\/fr\/","name":"Franc\u00fazsky in\u0161tit\u00fat na Slovensku","description":"Franc\u00fazsky in\u0161tit\u00fat na Slovensku","potentialAction":[{"@type":"SearchAction","target":{"@type":"EntryPoint","urlTemplate":"https:\/\/institutfrancais.sk\/fr\/?s={search_term_string}"},"query-input":{"@type":"PropertyValueSpecification","valueRequired":true,"valueName":"search_term_string"}}],"inLanguage":"fr-FR"}]}},"_links":{"self":[{"href":"https:\/\/institutfrancais.sk\/fr\/wp-json\/wp\/v2\/podujatie\/19413"}],"collection":[{"href":"https:\/\/institutfrancais.sk\/fr\/wp-json\/wp\/v2\/podujatie"}],"about":[{"href":"https:\/\/institutfrancais.sk\/fr\/wp-json\/wp\/v2\/types\/podujatie"}],"wp:featuredmedia":[{"embeddable":true,"href":"https:\/\/institutfrancais.sk\/fr\/wp-json\/wp\/v2\/media\/19410"}],"wp:attachment":[{"href":"https:\/\/institutfrancais.sk\/fr\/wp-json\/wp\/v2\/media?parent=19413"}],"wp:term":[{"taxonomy":"typ-podujatia","embeddable":true,"href":"https:\/\/institutfrancais.sk\/fr\/wp-json\/wp\/v2\/typ-podujatia?post=19413"}],"curies":[{"name":"wp","href":"https:\/\/api.w.org\/{rel}","templated":true}]}}