{"id":19460,"date":"2021-10-06T13:48:07","date_gmt":"2021-10-06T11:48:07","guid":{"rendered":"https:\/\/institutfrancais.sk\/?post_type=podujatie&#038;p=19460"},"modified":"2021-10-06T14:13:31","modified_gmt":"2021-10-06T12:13:31","slug":"table-ronde-religions-et-laicite-leur-place-dans-letat","status":"publish","type":"podujatie","link":"https:\/\/institutfrancais.sk\/fr\/podujatie\/table-ronde-religions-et-laicite-leur-place-dans-letat\/","title":{"rendered":"Table ronde : Religions et la\u00efcit\u00e9, leur place dans l&rsquo;Etat"},"content":{"rendered":"\n<p>Dans le cadre de la cr\u00e9ation du Comit\u00e9 interminist\u00e9riel de la la\u00efcit\u00e9, l\u2019Institut fran\u00e7ais de Slovaquie organise cette table ronde qui portera un regard crois\u00e9 sur la situation religieuse au sein des \u00c9tats fran\u00e7ais et slovaque. Les intervenants s\u2019int\u00e9resseront tout d\u2019abord au processus historique de s\u00e9cularisation en France et en Slovaquie. Les deux pays ont en commun d\u2019\u00eatre pass\u00e9s de soci\u00e9t\u00e9s catholiques \u00e0 soci\u00e9t\u00e9s s\u00e9culi\u00e8res, parfois multiconfessionnelles. Cette red\u00e9finition des dynamiques entre \u00c9tat et religion a&nbsp;eu un impact sur la l\u00e9gislation. Les cultes sont d\u00e9sormais organis\u00e9s par de nouvelles lois. Dans une deuxi\u00e8me partie, les pan\u00e9listes pourront ainsi aborder l\u2019aspect juridique de la gestion publique du fait religieux. L\u2019\u00e9volution du cadre l\u00e9gislatif accompagne un ph\u00e9nom\u00e8ne sociologique : dans un troisi\u00e8me temps, les intervenants seront amen\u00e9s \u00e0 discuter de l\u2019\u00e9volution de la composition religieuse des soci\u00e9t\u00e9s fran\u00e7aise et slovaque, en prenant en compte leur caract\u00e8re d\u00e9sormais pluriconfessionnel.<\/p>\n\n\n<div class=\"space sm\"><\/div>\n\n\n<h2 class=\"wp-block-heading\">Participants<\/h2>\n\n\n<div class=\"space xs\"><\/div>\n\n\n<ul><li><strong>Miroslav T\u00ed\u017eik<\/strong>, Acad\u00e9mie slovaque des sciences<\/li><li><strong>Michaela Morav\u010d\u00edkov\u00e1<\/strong>, Universit\u00e9 de Trnava, Facult\u00e9 de droit<\/li><li><strong>Philippe Gaudin<\/strong>, Ecole pratique des hautes \u00e9tudes<\/li><li><strong>Franck Fr\u00e9gosi<\/strong>, Directeur de recherche au CNRS<\/li><\/ul>\n\n\n\n<p>La mod\u00e9ration&nbsp;sera assur\u00e9e par <strong>M\u00e1ria Michalkov\u00e1<\/strong> de la Radio slovaque.<\/p>\n\n\n<div class=\"space sm\"><\/div>\n\n\n<h2 class=\"wp-block-heading\">Entr\u00e9e libre pour les personnes compl\u00e8tement vaccin\u00e9es<\/h2>\n\n\n<div class=\"space sm\"><\/div>\n\n<\/div><iframe loading=\"lazy\" src=\"https:\/\/www.google.com\/maps\/embed?pb=!1m18!1m12!1m3!1d2662.2594215436816!2d17.10437671581834!3d48.14380365870609!2m3!1f0!2f0!3f0!3m2!1i1024!2i768!4f13.1!3m3!1m2!1s0x476c895d2f5014e3%3A0xad3d1bdd6bf11e6e!2sVent%C3%BArska%2011%2C%20811%2001%20Bratislava!5e0!3m2!1ssk!2ssk!4v1633520825546!5m2!1ssk!2ssk\" width=\"100%\" height=\"558\" frameborder=\"0\" class=\"gmap-iframe\" allowfullscreen=\"\"><\/iframe><div class=\"wrap narrow-wrap\">","protected":false},"featured_media":19461,"template":"","typ-podujatia":[53],"acf":[],"yoast_head":"<!-- This site is optimized with the Yoast SEO plugin v24.5 - https:\/\/yoast.com\/wordpress\/plugins\/seo\/ -->\n<title>Table ronde : Religions et la\u00efcit\u00e9, leur place dans l&#039;Etat - Franc\u00fazsky in\u0161tit\u00fat na Slovensku<\/title>\n<meta name=\"robots\" content=\"index, follow, max-snippet:-1, max-image-preview:large, max-video-preview:-1\" \/>\n<link rel=\"canonical\" href=\"https:\/\/institutfrancais.sk\/fr\/podujatie\/table-ronde-religions-et-laicite-leur-place-dans-letat\/\" \/>\n<meta property=\"og:locale\" content=\"fr_FR\" \/>\n<meta property=\"og:type\" content=\"article\" \/>\n<meta property=\"og:title\" content=\"Table ronde : Religions et la\u00efcit\u00e9, leur place dans l&#039;Etat - Franc\u00fazsky in\u0161tit\u00fat na Slovensku\" \/>\n<meta property=\"og:description\" content=\"Dans le cadre de la cr\u00e9ation du Comit\u00e9 interminist\u00e9riel de la la\u00efcit\u00e9, l\u2019Institut fran\u00e7ais de Slovaquie organise cette table ronde qui portera un regard crois\u00e9 sur la situation religieuse au sein des \u00c9tats fran\u00e7ais et slovaque. Les intervenants s\u2019int\u00e9resseront tout d\u2019abord au processus historique de s\u00e9cularisation en France et en Slovaquie. Les deux pays ont [&hellip;]\" \/>\n<meta property=\"og:url\" content=\"https:\/\/institutfrancais.sk\/fr\/podujatie\/table-ronde-religions-et-laicite-leur-place-dans-letat\/\" \/>\n<meta property=\"og:site_name\" content=\"Franc\u00fazsky in\u0161tit\u00fat na Slovensku\" \/>\n<meta property=\"article:modified_time\" content=\"2021-10-06T12:13:31+00:00\" \/>\n<meta property=\"og:image\" content=\"https:\/\/institutfrancais.sk\/wp-content\/uploads\/2021\/10\/chuttersnap-gDDas5_ALRw-unsplash-scaled.jpg\" \/>\n\t<meta property=\"og:image:width\" content=\"2560\" \/>\n\t<meta property=\"og:image:height\" content=\"1709\" \/>\n\t<meta property=\"og:image:type\" content=\"image\/jpeg\" \/>\n<meta name=\"twitter:card\" content=\"summary_large_image\" \/>\n<meta name=\"twitter:label1\" content=\"Dur\u00e9e de lecture estim\u00e9e\" \/>\n\t<meta name=\"twitter:data1\" content=\"1 minute\" \/>\n<script type=\"application\/ld+json\" class=\"yoast-schema-graph\">{\"@context\":\"https:\/\/schema.org\",\"@graph\":[{\"@type\":\"WebPage\",\"@id\":\"https:\/\/institutfrancais.sk\/fr\/podujatie\/table-ronde-religions-et-laicite-leur-place-dans-letat\/\",\"url\":\"https:\/\/institutfrancais.sk\/fr\/podujatie\/table-ronde-religions-et-laicite-leur-place-dans-letat\/\",\"name\":\"Table ronde : Religions et la\u00efcit\u00e9, leur place dans l'Etat - Franc\u00fazsky in\u0161tit\u00fat na Slovensku\",\"isPartOf\":{\"@id\":\"https:\/\/institutfrancais.sk\/fr\/#website\"},\"primaryImageOfPage\":{\"@id\":\"https:\/\/institutfrancais.sk\/fr\/podujatie\/table-ronde-religions-et-laicite-leur-place-dans-letat\/#primaryimage\"},\"image\":{\"@id\":\"https:\/\/institutfrancais.sk\/fr\/podujatie\/table-ronde-religions-et-laicite-leur-place-dans-letat\/#primaryimage\"},\"thumbnailUrl\":\"https:\/\/institutfrancais.sk\/wp-content\/uploads\/2021\/10\/chuttersnap-gDDas5_ALRw-unsplash-scaled.jpg\",\"datePublished\":\"2021-10-06T11:48:07+00:00\",\"dateModified\":\"2021-10-06T12:13:31+00:00\",\"breadcrumb\":{\"@id\":\"https:\/\/institutfrancais.sk\/fr\/podujatie\/table-ronde-religions-et-laicite-leur-place-dans-letat\/#breadcrumb\"},\"inLanguage\":\"fr-FR\",\"potentialAction\":[{\"@type\":\"ReadAction\",\"target\":[\"https:\/\/institutfrancais.sk\/fr\/podujatie\/table-ronde-religions-et-laicite-leur-place-dans-letat\/\"]}]},{\"@type\":\"ImageObject\",\"inLanguage\":\"fr-FR\",\"@id\":\"https:\/\/institutfrancais.sk\/fr\/podujatie\/table-ronde-religions-et-laicite-leur-place-dans-letat\/#primaryimage\",\"url\":\"https:\/\/institutfrancais.sk\/wp-content\/uploads\/2021\/10\/chuttersnap-gDDas5_ALRw-unsplash-scaled.jpg\",\"contentUrl\":\"https:\/\/institutfrancais.sk\/wp-content\/uploads\/2021\/10\/chuttersnap-gDDas5_ALRw-unsplash-scaled.jpg\",\"width\":2560,\"height\":1709},{\"@type\":\"BreadcrumbList\",\"@id\":\"https:\/\/institutfrancais.sk\/fr\/podujatie\/table-ronde-religions-et-laicite-leur-place-dans-letat\/#breadcrumb\",\"itemListElement\":[{\"@type\":\"ListItem\",\"position\":1,\"name\":\"Home\",\"item\":\"https:\/\/institutfrancais.sk\/fr\/\"},{\"@type\":\"ListItem\",\"position\":2,\"name\":\"Events\",\"item\":\"https:\/\/institutfrancais.sk\/fr\/podujatie\/\"},{\"@type\":\"ListItem\",\"position\":3,\"name\":\"Table ronde : Religions et la\u00efcit\u00e9, leur place dans l&rsquo;Etat\"}]},{\"@type\":\"WebSite\",\"@id\":\"https:\/\/institutfrancais.sk\/fr\/#website\",\"url\":\"https:\/\/institutfrancais.sk\/fr\/\",\"name\":\"Franc\u00fazsky in\u0161tit\u00fat na Slovensku\",\"description\":\"Franc\u00fazsky in\u0161tit\u00fat na Slovensku\",\"potentialAction\":[{\"@type\":\"SearchAction\",\"target\":{\"@type\":\"EntryPoint\",\"urlTemplate\":\"https:\/\/institutfrancais.sk\/fr\/?s={search_term_string}\"},\"query-input\":{\"@type\":\"PropertyValueSpecification\",\"valueRequired\":true,\"valueName\":\"search_term_string\"}}],\"inLanguage\":\"fr-FR\"}]}<\/script>\n<!-- \/ Yoast SEO plugin. -->","yoast_head_json":{"title":"Table ronde : Religions et la\u00efcit\u00e9, leur place dans l'Etat - Franc\u00fazsky in\u0161tit\u00fat na Slovensku","robots":{"index":"index","follow":"follow","max-snippet":"max-snippet:-1","max-image-preview":"max-image-preview:large","max-video-preview":"max-video-preview:-1"},"canonical":"https:\/\/institutfrancais.sk\/fr\/podujatie\/table-ronde-religions-et-laicite-leur-place-dans-letat\/","og_locale":"fr_FR","og_type":"article","og_title":"Table ronde : Religions et la\u00efcit\u00e9, leur place dans l'Etat - Franc\u00fazsky in\u0161tit\u00fat na Slovensku","og_description":"Dans le cadre de la cr\u00e9ation du Comit\u00e9 interminist\u00e9riel de la la\u00efcit\u00e9, l\u2019Institut fran\u00e7ais de Slovaquie organise cette table ronde qui portera un regard crois\u00e9 sur la situation religieuse au sein des \u00c9tats fran\u00e7ais et slovaque. Les intervenants s\u2019int\u00e9resseront tout d\u2019abord au processus historique de s\u00e9cularisation en France et en Slovaquie. Les deux pays ont [&hellip;]","og_url":"https:\/\/institutfrancais.sk\/fr\/podujatie\/table-ronde-religions-et-laicite-leur-place-dans-letat\/","og_site_name":"Franc\u00fazsky in\u0161tit\u00fat na Slovensku","article_modified_time":"2021-10-06T12:13:31+00:00","og_image":[{"width":2560,"height":1709,"url":"https:\/\/institutfrancais.sk\/wp-content\/uploads\/2021\/10\/chuttersnap-gDDas5_ALRw-unsplash-scaled.jpg","type":"image\/jpeg"}],"twitter_card":"summary_large_image","twitter_misc":{"Dur\u00e9e de lecture estim\u00e9e":"1 minute"},"schema":{"@context":"https:\/\/schema.org","@graph":[{"@type":"WebPage","@id":"https:\/\/institutfrancais.sk\/fr\/podujatie\/table-ronde-religions-et-laicite-leur-place-dans-letat\/","url":"https:\/\/institutfrancais.sk\/fr\/podujatie\/table-ronde-religions-et-laicite-leur-place-dans-letat\/","name":"Table ronde : Religions et la\u00efcit\u00e9, leur place dans l'Etat - Franc\u00fazsky in\u0161tit\u00fat na Slovensku","isPartOf":{"@id":"https:\/\/institutfrancais.sk\/fr\/#website"},"primaryImageOfPage":{"@id":"https:\/\/institutfrancais.sk\/fr\/podujatie\/table-ronde-religions-et-laicite-leur-place-dans-letat\/#primaryimage"},"image":{"@id":"https:\/\/institutfrancais.sk\/fr\/podujatie\/table-ronde-religions-et-laicite-leur-place-dans-letat\/#primaryimage"},"thumbnailUrl":"https:\/\/institutfrancais.sk\/wp-content\/uploads\/2021\/10\/chuttersnap-gDDas5_ALRw-unsplash-scaled.jpg","datePublished":"2021-10-06T11:48:07+00:00","dateModified":"2021-10-06T12:13:31+00:00","breadcrumb":{"@id":"https:\/\/institutfrancais.sk\/fr\/podujatie\/table-ronde-religions-et-laicite-leur-place-dans-letat\/#breadcrumb"},"inLanguage":"fr-FR","potentialAction":[{"@type":"ReadAction","target":["https:\/\/institutfrancais.sk\/fr\/podujatie\/table-ronde-religions-et-laicite-leur-place-dans-letat\/"]}]},{"@type":"ImageObject","inLanguage":"fr-FR","@id":"https:\/\/institutfrancais.sk\/fr\/podujatie\/table-ronde-religions-et-laicite-leur-place-dans-letat\/#primaryimage","url":"https:\/\/institutfrancais.sk\/wp-content\/uploads\/2021\/10\/chuttersnap-gDDas5_ALRw-unsplash-scaled.jpg","contentUrl":"https:\/\/institutfrancais.sk\/wp-content\/uploads\/2021\/10\/chuttersnap-gDDas5_ALRw-unsplash-scaled.jpg","width":2560,"height":1709},{"@type":"BreadcrumbList","@id":"https:\/\/institutfrancais.sk\/fr\/podujatie\/table-ronde-religions-et-laicite-leur-place-dans-letat\/#breadcrumb","itemListElement":[{"@type":"ListItem","position":1,"name":"Home","item":"https:\/\/institutfrancais.sk\/fr\/"},{"@type":"ListItem","position":2,"name":"Events","item":"https:\/\/institutfrancais.sk\/fr\/podujatie\/"},{"@type":"ListItem","position":3,"name":"Table ronde : Religions et la\u00efcit\u00e9, leur place dans l&rsquo;Etat"}]},{"@type":"WebSite","@id":"https:\/\/institutfrancais.sk\/fr\/#website","url":"https:\/\/institutfrancais.sk\/fr\/","name":"Franc\u00fazsky in\u0161tit\u00fat na Slovensku","description":"Franc\u00fazsky in\u0161tit\u00fat na Slovensku","potentialAction":[{"@type":"SearchAction","target":{"@type":"EntryPoint","urlTemplate":"https:\/\/institutfrancais.sk\/fr\/?s={search_term_string}"},"query-input":{"@type":"PropertyValueSpecification","valueRequired":true,"valueName":"search_term_string"}}],"inLanguage":"fr-FR"}]}},"_links":{"self":[{"href":"https:\/\/institutfrancais.sk\/fr\/wp-json\/wp\/v2\/podujatie\/19460"}],"collection":[{"href":"https:\/\/institutfrancais.sk\/fr\/wp-json\/wp\/v2\/podujatie"}],"about":[{"href":"https:\/\/institutfrancais.sk\/fr\/wp-json\/wp\/v2\/types\/podujatie"}],"wp:featuredmedia":[{"embeddable":true,"href":"https:\/\/institutfrancais.sk\/fr\/wp-json\/wp\/v2\/media\/19461"}],"wp:attachment":[{"href":"https:\/\/institutfrancais.sk\/fr\/wp-json\/wp\/v2\/media?parent=19460"}],"wp:term":[{"taxonomy":"typ-podujatia","embeddable":true,"href":"https:\/\/institutfrancais.sk\/fr\/wp-json\/wp\/v2\/typ-podujatia?post=19460"}],"curies":[{"name":"wp","href":"https:\/\/api.w.org\/{rel}","templated":true}]}}