{"id":19892,"date":"2021-10-29T10:03:49","date_gmt":"2021-10-29T08:03:49","guid":{"rendered":"https:\/\/institutfrancais.sk\/?post_type=podujatie&#038;p=19892"},"modified":"2021-11-02T10:39:01","modified_gmt":"2021-11-02T09:39:01","slug":"films-francais-au-festival-jeden-svet-2021","status":"publish","type":"podujatie","link":"https:\/\/institutfrancais.sk\/fr\/podujatie\/films-francais-au-festival-jeden-svet-2021\/","title":{"rendered":"Films fran\u00e7ais au festival Jeden svet 2021"},"content":{"rendered":"\n<h2 class=\"wp-block-heading\">Au c\u0153ur du bois <\/h2>\n\n\n\n<p><strong>Ladies of the Wood<\/strong>, r. &nbsp;Claus Drexel \/ France \/ 2021 \/ 90 min.<\/p>\n\n\n\n<p><strong>Projection en pr\u00e9sentiel le mardi 9 novembre \u00e0 19h \u00e0 Nova Cvernovka<\/strong><\/p>\n\n\n\n<p>Il \u00e9tait une fois un bois encercl\u00e9 par la ville. Ce bois fut jadis une for\u00eat, mais qui s\u2019en souvient ? Aujourd\u2019hui, circulant dans ses veines, d\u2019\u00e9tranges personnes y font commerce de leurs corps. Eux qui sont devenus Elles, nous racontent leur vie au bois.<\/p>\n\n\n\n<p>Plus sur <a href=\"https:\/\/www.jedensvet.sk\/en\/filmy\/lesne-zienky\/\" target=\"_blank\" rel=\"noreferrer noopener\">jedensvet.sk<\/a> , <a href=\"http:\/\/www.film-documentaire.fr\/4DACTION\/w_fiche_film\/61740_1\" target=\"_blank\" rel=\"noreferrer noopener\">www.film-documentaire.fr<\/a> et <a href=\"https:\/\/www.nourfilms.com\/cinema-independant\/au-coeur-du-bois\/\" target=\"_blank\" rel=\"noreferrer noopener\">www.nourfilms.com<\/a><\/p>\n\n\n<div class=\"space md\"><\/div>\n\n\n<h2 class=\"wp-block-heading\">Les Sorci\u00e8res de l\u02bcOrient<\/h2>\n\n\n\n<p><strong>Witches of the Orient, <\/strong>r. Julien Farault \/ France \/ 2021 \/ 100 min.<\/p>\n\n\n\n<p><strong> <strong><strong><strong>Film disponible en ligne <\/strong><\/strong>du 5 novembre, 12h \u00e0 6 novembre, 12h<\/strong> <\/strong><\/p>\n\n\n\n<p>Japon ann\u00e9es 1960. Alors que Tokyo, en pleine reconstruction, signe son grand retour sur la sc\u00e8ne internationale avec l\u2019organisation des JO, un groupe de jeunes ouvri\u00e8res connait un destin hors du commun. Apr\u00e8s le travail, elles s\u2019entra\u00eenent dans les conditions les plus rudes pour se hisser au sommet du volley mondial. Bient\u00f4t surnomm\u00e9es les \u00ab Sorci\u00e8res de l\u2019Orient \u00bb, elles deviennent le symbole du miracle japonais. Leur histoire nourrira la pop culture durant des g\u00e9n\u00e9rations\u2026<\/p>\n\n\n\n<p>Plus sur <a href=\"https:\/\/www.jedensvet.sk\/en\/filmy\/bosorky-z-orientu\/\" target=\"_blank\" rel=\"noreferrer noopener\">jedensvet.sk<\/a><\/p>\n\n\n\n<figure class=\"wp-block-embed is-type-video is-provider-youtube wp-block-embed-youtube wp-embed-aspect-16-9 wp-has-aspect-ratio\"><div class=\"wp-block-embed__wrapper\">\n<iframe loading=\"lazy\" title=\"LES SORCI\u00c8RES DE L&#039;ORIENT - Bande annonce\" width=\"500\" height=\"281\" src=\"https:\/\/www.youtube.com\/embed\/np232nnEmvQ?feature=oembed\" frameborder=\"0\" allow=\"accelerometer; autoplay; clipboard-write; encrypted-media; gyroscope; picture-in-picture; web-share\" referrerpolicy=\"strict-origin-when-cross-origin\" allowfullscreen><\/iframe>\n<\/div><\/figure>\n\n\n<div class=\"space md\"><\/div>\n\n\n<h2 class=\"wp-block-heading\">Projet Green Blood<\/h2>\n\n\n\n<p><strong>Green Blood<\/strong>, r. Alexis Marant, Jules Giraudat, Arthur Bouvart \/ France \/ 2020 \/ 90 min.<\/p>\n\n\n\n<p><strong><strong><strong>Film disponible en ligne du<\/strong> <\/strong>11 novembre, 12h au 12 novembre, 12h<\/strong><\/p>\n\n\n\n<p>Sur tous les continents, les journalistes connaissent des difficult\u00e9s en enqu\u00eatant sur les questions environnementales. Depuis 2009, au moins 13 journalistes ont \u00e9t\u00e9 tu\u00e9s apr\u00e8s avoir travaill\u00e9 sur des sujets li\u00e9s \u00e0 l\u2019environnement, selon le Committee to&nbsp;Protect Journalists. Le total pourrait m\u00eame atteindre 29 cas, CPJ enqu\u00eate toujours sur 16 autres d\u00e9c\u00e8s&#8230;<\/p>\n\n\n\n<p>Plus sur <a href=\"https:\/\/www.jedensvet.sk\/en\/filmy\/green-blood\/\" target=\"_blank\" rel=\"noreferrer noopener\">jedensvet.sk<\/a> et <a href=\"https:\/\/forbiddenstories.org\/fr\/case\/green-blood\/\" target=\"_blank\" rel=\"noreferrer noopener\">www.forbiddenstories.org<\/a> <\/p>\n\n\n\n<figure class=\"wp-block-embed is-type-video is-provider-youtube wp-block-embed-youtube wp-embed-aspect-16-9 wp-has-aspect-ratio\"><div class=\"wp-block-embed__wrapper\">\n<iframe loading=\"lazy\" title=\"Forbidden Stories : Green Blood\" width=\"500\" height=\"281\" src=\"https:\/\/www.youtube.com\/embed\/YT7iFa2dPjE?feature=oembed\" frameborder=\"0\" allow=\"accelerometer; autoplay; clipboard-write; encrypted-media; gyroscope; picture-in-picture; web-share\" referrerpolicy=\"strict-origin-when-cross-origin\" allowfullscreen><\/iframe>\n<\/div><\/figure>\n\n\n<div class=\"space md\"><\/div>\n\n\n<h2 class=\"wp-block-heading\">Le denier refuge<\/h2>\n\n\n\n<p><strong>Last Shelter<\/strong>, r. Ousmane Zorom\u00e9 Samass\u00e9kou \/ Mali, France, Afrique du Sud \/ 2021 \/ 85 min.<\/p>\n\n\n\n<p><strong>Film disponible en ligne du 5 novembre, 12h au 6 novembre, 12h<\/strong><\/p>\n\n\n\n<p>Aux portes du Sahel se dresse la Maison du Migrant, tel un refuge pour celles et ceux en route vers l\u2019Europe ou sur le retour. Ici, ils font face \u00e0 leurs propres histoires de migration. Que ressent-on, de quoi a-t-on besoin, lorsque nos r\u00eaves ont \u00e9t\u00e9 enfouis dans le sable ou attendent d\u2019\u00eatre v\u00e9cus?<\/p>\n\n\n\n<p>Plus sur <a href=\"https:\/\/www.jedensvet.sk\/en\/filmy\/posledne-utocisko\/\" target=\"_blank\" rel=\"noreferrer noopener\">jedensvet.sk<\/a> et <a href=\"http:\/\/www.film-documentaire.fr\/4DACTION\/w_fiche_film\/62356_1\" target=\"_blank\" rel=\"noreferrer noopener\">www.film-documentaire.fr<\/a><\/p>\n\n\n\n<figure class=\"wp-block-embed is-type-video is-provider-youtube wp-block-embed-youtube wp-embed-aspect-16-9 wp-has-aspect-ratio\"><div class=\"wp-block-embed__wrapper\">\n<iframe loading=\"lazy\" title=\"THE LAST SHELTER _ English trailer\" width=\"500\" height=\"281\" src=\"https:\/\/www.youtube.com\/embed\/GRCKHy4-wpg?feature=oembed\" frameborder=\"0\" allow=\"accelerometer; autoplay; clipboard-write; encrypted-media; gyroscope; picture-in-picture; web-share\" referrerpolicy=\"strict-origin-when-cross-origin\" allowfullscreen><\/iframe>\n<\/div><\/figure>\n\n\n<div class=\"space md\"><\/div>\n\n\n<h2 class=\"wp-block-heading\">Garderie nocturne<\/h2>\n\n\n\n<p><strong>Night Nursery, <\/strong>r. Moumouni Sanou \/ Burkina Faso, France, Germany \/ 2021 \/ 67 min.<\/p>\n\n\n\n<p><strong>Film disponible en ligne du 8 novembre, 12h au 9 novembre, 12h<\/strong><\/p>\n\n\n\n<p>Dans un quartier populaire de Bobo-Dioulasso, chaque soir, Maman Coda accueille chez elle les enfants des prostitu\u00e9es. Les jeunes femmes d\u00e9ambulent ensuite au \u00ab\u00a0Black\u00a0\u00bb, une ruelle tr\u00e8s anim\u00e9e du centre-ville, jusqu\u2019au lever du jour, o\u00f9 elles viennent r\u00e9cup\u00e9rer leurs enfants. Mais Maman Coda, qui a&nbsp;plus de quatre-vingts ans, commence \u00e0 \u00eatre fatigu\u00e9e.<\/p>\n\n\n\n<p>Plus sur <a href=\"https:\/\/www.jedensvet.sk\/en\/filmy\/nocna-skolka\/\" target=\"_blank\" rel=\"noreferrer noopener\">jedensvet.sk<\/a> et <a href=\"http:\/\/www.film-documentaire.fr\/4DACTION\/w_fiche_film\/61981_1\" target=\"_blank\" rel=\"noreferrer noopener\">www.film-documentaire.fr<\/a> <\/p>\n\n\n\n<figure class=\"wp-block-embed is-type-video is-provider-youtube wp-block-embed-youtube wp-embed-aspect-16-9 wp-has-aspect-ratio\"><div class=\"wp-block-embed__wrapper\">\n<iframe loading=\"lazy\" title=\"Night Nursery | Official Trailer | Berlinale 2021\" width=\"500\" height=\"281\" src=\"https:\/\/www.youtube.com\/embed\/wEaVAfKOuk8?feature=oembed\" frameborder=\"0\" allow=\"accelerometer; autoplay; clipboard-write; encrypted-media; gyroscope; picture-in-picture; web-share\" referrerpolicy=\"strict-origin-when-cross-origin\" allowfullscreen><\/iframe>\n<\/div><\/figure>\n\n\n<div class=\"space md\"><\/div>\n\n\n<h2 class=\"wp-block-heading\">Obscuro Barroco <\/h2>\n\n\n\n<p><strong>Obscuro Barroco,<\/strong> r.Evangelia Kranioti \/ France, Gr\u00e8ce \/ 2018 \/ 60 min.<\/p>\n\n\n\n<p><strong>Projection en pr\u00e9sentiel le<\/strong> <strong>lundi 8 novembre \u00e0 19h \u00e0 Nov\u00e1 Cvernovka<\/strong><\/p>\n\n\n\n<p>Tourn\u00e9 \u00e0 Rio de Janeiro pendant l\u2019ann\u00e9e des jeux Olympiques de 2016, <em>Obscuro Barroco<\/em> est un projet qui retrace l\u2019itin\u00e9raire onirique, sur fond de carnaval, de bacchanales et de manifestations, de deux protagonistes oppos\u00e9s : un clown introverti et un travesti flamboyant.<br>Dans l\u2019obscurit\u00e9 euphorique des festivit\u00e9s, les d\u00e9dales de la \u00ab\u00a0Cidade Maravilhosa\u00a0\u00bb servent de th\u00e9\u00e2tre \u00e0 une exploration mouvante des processus de m\u00e9tamorphose, de r\u00e9flexions sur la question du genre et de revendications pour l\u2019\u00e9galit\u00e9 des droits.<br>Pendant un an, l\u2019artiste s\u2019est immerg\u00e9e dans la r\u00e9alit\u00e9 de la ville pour y dessiner un aper\u00e7u de l\u2019intrication des contextes sociaux et politiques qu\u2019occultent, a&nbsp;priori, le temps suspendu du carnaval. Elle y fait \u00e9cho \u00e0 l\u2019ambivalence profonde qui scinde la soci\u00e9t\u00e9 br\u00e9silienne, la violence de l\u2019exclusion et le d\u00e9sir de changement. Du sillage errant du personnage en habit de clown aux pas de Luana Muniz, figure du milieu transexuel carioca, l\u2019artiste nous entra\u00eene dans un voyage initiatique, un va-et-vient perp\u00e9tuel entre corps intime et le corps social.<br>(Galerie Sator)<\/p>\n\n\n\n<p>Plus sur <a href=\"https:\/\/www.jedensvet.sk\/en\/filmy\/obscuro-barroco\/\" target=\"_blank\" rel=\"noreferrer noopener\">jedensvet.sk<\/a> et <a href=\"http:\/\/www.film-documentaire.fr\/4DACTION\/w_fiche_film\/51912_1\" target=\"_blank\" rel=\"noreferrer noopener\">www.film-documentaire.fr<\/a> <\/p>\n\n\n\n<figure class=\"wp-block-embed is-type-video is-provider-youtube wp-block-embed-youtube wp-embed-aspect-16-9 wp-has-aspect-ratio\"><div class=\"wp-block-embed__wrapper\">\n<iframe loading=\"lazy\" title=\"IDFA 2018 | Trailer | Obscuro Barroco\" width=\"500\" height=\"281\" src=\"https:\/\/www.youtube.com\/embed\/DiACTlPcAqw?feature=oembed\" frameborder=\"0\" allow=\"accelerometer; autoplay; clipboard-write; encrypted-media; gyroscope; picture-in-picture; web-share\" referrerpolicy=\"strict-origin-when-cross-origin\" allowfullscreen><\/iframe>\n<\/div><\/figure>\n\n\n<div class=\"space md\"><\/div>","protected":false},"featured_media":19891,"template":"","typ-podujatia":[52],"acf":[],"yoast_head":"<!-- This site is optimized with the Yoast SEO plugin v24.5 - https:\/\/yoast.com\/wordpress\/plugins\/seo\/ -->\n<title>Films fran\u00e7ais au festival Jeden svet 2021 - Franc\u00fazsky in\u0161tit\u00fat na Slovensku<\/title>\n<meta name=\"robots\" content=\"index, follow, max-snippet:-1, max-image-preview:large, max-video-preview:-1\" \/>\n<link rel=\"canonical\" href=\"https:\/\/institutfrancais.sk\/fr\/podujatie\/films-francais-au-festival-jeden-svet-2021\/\" \/>\n<meta property=\"og:locale\" content=\"fr_FR\" \/>\n<meta property=\"og:type\" content=\"article\" \/>\n<meta property=\"og:title\" content=\"Films fran\u00e7ais au festival Jeden svet 2021 - Franc\u00fazsky in\u0161tit\u00fat na Slovensku\" \/>\n<meta property=\"og:description\" content=\"Au c\u0153ur du bois Ladies of the Wood, r. &nbsp;Claus Drexel \/ France \/ 2021 \/ 90 min. Projection en pr\u00e9sentiel le mardi 9 novembre \u00e0 19h \u00e0 Nova Cvernovka Il \u00e9tait une fois un bois encercl\u00e9 par la ville. Ce bois fut jadis une for\u00eat, mais qui s\u2019en souvient ? Aujourd\u2019hui, circulant dans ses [&hellip;]\" \/>\n<meta property=\"og:url\" content=\"https:\/\/institutfrancais.sk\/fr\/podujatie\/films-francais-au-festival-jeden-svet-2021\/\" \/>\n<meta property=\"og:site_name\" content=\"Franc\u00fazsky in\u0161tit\u00fat na Slovensku\" \/>\n<meta property=\"article:modified_time\" content=\"2021-11-02T09:39:01+00:00\" \/>\n<meta property=\"og:image\" content=\"https:\/\/institutfrancais.sk\/wp-content\/uploads\/2021\/10\/citat1-Abramovic-FBcover_1640x924-SK-1536x865-1.png\" \/>\n\t<meta property=\"og:image:width\" content=\"1536\" \/>\n\t<meta property=\"og:image:height\" content=\"865\" \/>\n\t<meta property=\"og:image:type\" content=\"image\/png\" \/>\n<meta name=\"twitter:card\" content=\"summary_large_image\" \/>\n<meta name=\"twitter:label1\" content=\"Dur\u00e9e de lecture estim\u00e9e\" \/>\n\t<meta name=\"twitter:data1\" content=\"3 minutes\" \/>\n<script type=\"application\/ld+json\" class=\"yoast-schema-graph\">{\"@context\":\"https:\/\/schema.org\",\"@graph\":[{\"@type\":\"WebPage\",\"@id\":\"https:\/\/institutfrancais.sk\/fr\/podujatie\/films-francais-au-festival-jeden-svet-2021\/\",\"url\":\"https:\/\/institutfrancais.sk\/fr\/podujatie\/films-francais-au-festival-jeden-svet-2021\/\",\"name\":\"Films fran\u00e7ais au festival Jeden svet 2021 - Franc\u00fazsky in\u0161tit\u00fat na Slovensku\",\"isPartOf\":{\"@id\":\"https:\/\/institutfrancais.sk\/fr\/#website\"},\"primaryImageOfPage\":{\"@id\":\"https:\/\/institutfrancais.sk\/fr\/podujatie\/films-francais-au-festival-jeden-svet-2021\/#primaryimage\"},\"image\":{\"@id\":\"https:\/\/institutfrancais.sk\/fr\/podujatie\/films-francais-au-festival-jeden-svet-2021\/#primaryimage\"},\"thumbnailUrl\":\"https:\/\/institutfrancais.sk\/wp-content\/uploads\/2021\/10\/citat1-Abramovic-FBcover_1640x924-SK-1536x865-1.png\",\"datePublished\":\"2021-10-29T08:03:49+00:00\",\"dateModified\":\"2021-11-02T09:39:01+00:00\",\"breadcrumb\":{\"@id\":\"https:\/\/institutfrancais.sk\/fr\/podujatie\/films-francais-au-festival-jeden-svet-2021\/#breadcrumb\"},\"inLanguage\":\"fr-FR\",\"potentialAction\":[{\"@type\":\"ReadAction\",\"target\":[\"https:\/\/institutfrancais.sk\/fr\/podujatie\/films-francais-au-festival-jeden-svet-2021\/\"]}]},{\"@type\":\"ImageObject\",\"inLanguage\":\"fr-FR\",\"@id\":\"https:\/\/institutfrancais.sk\/fr\/podujatie\/films-francais-au-festival-jeden-svet-2021\/#primaryimage\",\"url\":\"https:\/\/institutfrancais.sk\/wp-content\/uploads\/2021\/10\/citat1-Abramovic-FBcover_1640x924-SK-1536x865-1.png\",\"contentUrl\":\"https:\/\/institutfrancais.sk\/wp-content\/uploads\/2021\/10\/citat1-Abramovic-FBcover_1640x924-SK-1536x865-1.png\",\"width\":1536,\"height\":865},{\"@type\":\"BreadcrumbList\",\"@id\":\"https:\/\/institutfrancais.sk\/fr\/podujatie\/films-francais-au-festival-jeden-svet-2021\/#breadcrumb\",\"itemListElement\":[{\"@type\":\"ListItem\",\"position\":1,\"name\":\"Home\",\"item\":\"https:\/\/institutfrancais.sk\/fr\/\"},{\"@type\":\"ListItem\",\"position\":2,\"name\":\"Events\",\"item\":\"https:\/\/institutfrancais.sk\/fr\/podujatie\/\"},{\"@type\":\"ListItem\",\"position\":3,\"name\":\"Films fran\u00e7ais au festival Jeden svet 2021\"}]},{\"@type\":\"WebSite\",\"@id\":\"https:\/\/institutfrancais.sk\/fr\/#website\",\"url\":\"https:\/\/institutfrancais.sk\/fr\/\",\"name\":\"Franc\u00fazsky in\u0161tit\u00fat na Slovensku\",\"description\":\"Franc\u00fazsky in\u0161tit\u00fat na Slovensku\",\"potentialAction\":[{\"@type\":\"SearchAction\",\"target\":{\"@type\":\"EntryPoint\",\"urlTemplate\":\"https:\/\/institutfrancais.sk\/fr\/?s={search_term_string}\"},\"query-input\":{\"@type\":\"PropertyValueSpecification\",\"valueRequired\":true,\"valueName\":\"search_term_string\"}}],\"inLanguage\":\"fr-FR\"}]}<\/script>\n<!-- \/ Yoast SEO plugin. -->","yoast_head_json":{"title":"Films fran\u00e7ais au festival Jeden svet 2021 - Franc\u00fazsky in\u0161tit\u00fat na Slovensku","robots":{"index":"index","follow":"follow","max-snippet":"max-snippet:-1","max-image-preview":"max-image-preview:large","max-video-preview":"max-video-preview:-1"},"canonical":"https:\/\/institutfrancais.sk\/fr\/podujatie\/films-francais-au-festival-jeden-svet-2021\/","og_locale":"fr_FR","og_type":"article","og_title":"Films fran\u00e7ais au festival Jeden svet 2021 - Franc\u00fazsky in\u0161tit\u00fat na Slovensku","og_description":"Au c\u0153ur du bois Ladies of the Wood, r. &nbsp;Claus Drexel \/ France \/ 2021 \/ 90 min. Projection en pr\u00e9sentiel le mardi 9 novembre \u00e0 19h \u00e0 Nova Cvernovka Il \u00e9tait une fois un bois encercl\u00e9 par la ville. Ce bois fut jadis une for\u00eat, mais qui s\u2019en souvient ? Aujourd\u2019hui, circulant dans ses [&hellip;]","og_url":"https:\/\/institutfrancais.sk\/fr\/podujatie\/films-francais-au-festival-jeden-svet-2021\/","og_site_name":"Franc\u00fazsky in\u0161tit\u00fat na Slovensku","article_modified_time":"2021-11-02T09:39:01+00:00","og_image":[{"width":1536,"height":865,"url":"https:\/\/institutfrancais.sk\/wp-content\/uploads\/2021\/10\/citat1-Abramovic-FBcover_1640x924-SK-1536x865-1.png","type":"image\/png"}],"twitter_card":"summary_large_image","twitter_misc":{"Dur\u00e9e de lecture estim\u00e9e":"3 minutes"},"schema":{"@context":"https:\/\/schema.org","@graph":[{"@type":"WebPage","@id":"https:\/\/institutfrancais.sk\/fr\/podujatie\/films-francais-au-festival-jeden-svet-2021\/","url":"https:\/\/institutfrancais.sk\/fr\/podujatie\/films-francais-au-festival-jeden-svet-2021\/","name":"Films fran\u00e7ais au festival Jeden svet 2021 - Franc\u00fazsky in\u0161tit\u00fat na Slovensku","isPartOf":{"@id":"https:\/\/institutfrancais.sk\/fr\/#website"},"primaryImageOfPage":{"@id":"https:\/\/institutfrancais.sk\/fr\/podujatie\/films-francais-au-festival-jeden-svet-2021\/#primaryimage"},"image":{"@id":"https:\/\/institutfrancais.sk\/fr\/podujatie\/films-francais-au-festival-jeden-svet-2021\/#primaryimage"},"thumbnailUrl":"https:\/\/institutfrancais.sk\/wp-content\/uploads\/2021\/10\/citat1-Abramovic-FBcover_1640x924-SK-1536x865-1.png","datePublished":"2021-10-29T08:03:49+00:00","dateModified":"2021-11-02T09:39:01+00:00","breadcrumb":{"@id":"https:\/\/institutfrancais.sk\/fr\/podujatie\/films-francais-au-festival-jeden-svet-2021\/#breadcrumb"},"inLanguage":"fr-FR","potentialAction":[{"@type":"ReadAction","target":["https:\/\/institutfrancais.sk\/fr\/podujatie\/films-francais-au-festival-jeden-svet-2021\/"]}]},{"@type":"ImageObject","inLanguage":"fr-FR","@id":"https:\/\/institutfrancais.sk\/fr\/podujatie\/films-francais-au-festival-jeden-svet-2021\/#primaryimage","url":"https:\/\/institutfrancais.sk\/wp-content\/uploads\/2021\/10\/citat1-Abramovic-FBcover_1640x924-SK-1536x865-1.png","contentUrl":"https:\/\/institutfrancais.sk\/wp-content\/uploads\/2021\/10\/citat1-Abramovic-FBcover_1640x924-SK-1536x865-1.png","width":1536,"height":865},{"@type":"BreadcrumbList","@id":"https:\/\/institutfrancais.sk\/fr\/podujatie\/films-francais-au-festival-jeden-svet-2021\/#breadcrumb","itemListElement":[{"@type":"ListItem","position":1,"name":"Home","item":"https:\/\/institutfrancais.sk\/fr\/"},{"@type":"ListItem","position":2,"name":"Events","item":"https:\/\/institutfrancais.sk\/fr\/podujatie\/"},{"@type":"ListItem","position":3,"name":"Films fran\u00e7ais au festival Jeden svet 2021"}]},{"@type":"WebSite","@id":"https:\/\/institutfrancais.sk\/fr\/#website","url":"https:\/\/institutfrancais.sk\/fr\/","name":"Franc\u00fazsky in\u0161tit\u00fat na Slovensku","description":"Franc\u00fazsky in\u0161tit\u00fat na Slovensku","potentialAction":[{"@type":"SearchAction","target":{"@type":"EntryPoint","urlTemplate":"https:\/\/institutfrancais.sk\/fr\/?s={search_term_string}"},"query-input":{"@type":"PropertyValueSpecification","valueRequired":true,"valueName":"search_term_string"}}],"inLanguage":"fr-FR"}]}},"_links":{"self":[{"href":"https:\/\/institutfrancais.sk\/fr\/wp-json\/wp\/v2\/podujatie\/19892"}],"collection":[{"href":"https:\/\/institutfrancais.sk\/fr\/wp-json\/wp\/v2\/podujatie"}],"about":[{"href":"https:\/\/institutfrancais.sk\/fr\/wp-json\/wp\/v2\/types\/podujatie"}],"wp:featuredmedia":[{"embeddable":true,"href":"https:\/\/institutfrancais.sk\/fr\/wp-json\/wp\/v2\/media\/19891"}],"wp:attachment":[{"href":"https:\/\/institutfrancais.sk\/fr\/wp-json\/wp\/v2\/media?parent=19892"}],"wp:term":[{"taxonomy":"typ-podujatia","embeddable":true,"href":"https:\/\/institutfrancais.sk\/fr\/wp-json\/wp\/v2\/typ-podujatia?post=19892"}],"curies":[{"name":"wp","href":"https:\/\/api.w.org\/{rel}","templated":true}]}}