{"id":19899,"date":"2021-10-29T10:11:27","date_gmt":"2021-10-29T08:11:27","guid":{"rendered":"https:\/\/institutfrancais.sk\/podujatie\/premietanie-filmu-vnutorny-teleskopa-diskusia-s-reziserom-virgilom-novarinom\/"},"modified":"2021-11-04T18:15:10","modified_gmt":"2021-11-04T17:15:10","slug":"projection-film-telescope-interieur-discussion-virgile-novarina","status":"publish","type":"podujatie","link":"https:\/\/institutfrancais.sk\/fr\/podujatie\/projection-film-telescope-interieur-discussion-virgile-novarina\/","title":{"rendered":"Projection du film \u00ab\u00a0T\u00e9lescope int\u00e9rieur, une \u0153uvre spatiale d&rsquo;Eduardo Kac\u00a0\u00bbet discussion avec le r\u00e9alisateur Virgile Novarina"},"content":{"rendered":"\n<p>Nous vous invitons \u00e0 la projection du film \u00ab\u00a0T\u00e9lescope int\u00e9rieur, une \u0153uvre spatiale d&rsquo;Eduardo Kac\u00a0\u00bb. Con\u00e7ue pour exister en apesanteur par l&rsquo;artiste Eduardo Kac et r\u00e9alis\u00e9e \u00e0 bord de la Station Spatiale Internationale par l&rsquo;astronaute fran\u00e7ais Thomas Pesquet, l&rsquo;\u0153uvre \u00ab T\u00e9lescope int\u00e9rieur \u00bb pose le premier jalon d&rsquo;une nouvelle forme de cr\u00e9ation artistique et po\u00e9tique, lib\u00e9r\u00e9e des contraintes de la pesanteur. Ce film nous entra\u00eene dans cette aventure artistique et scientifique, depuis la conception de l&rsquo;\u0153uvre dans l&rsquo;atelier d&rsquo;Eduardo Kac \u00e0 Chicago, jusqu&rsquo;\u00e0 sa r\u00e9alisation en orbite par Thomas Pesquet \u00e0 400 km de la Terre, lors de la mission Proxima de l&rsquo;Agence spatiale europ\u00e9enne.<\/p>\n\n\n\n<p>La projection sera suivie d&rsquo;une discussion sur le th\u00e8me de \u00ab\u00a0<strong>Exploration spatiale &#8211;&nbsp;pour quoi faire<\/strong> ?\u00a0\u00bb. Mod\u00e9rateur et invit\u00e9s :<\/p>\n\n\n\n<ul><li>Ji\u0159\u00ed \u0160ilha, Facult\u00e9 de math\u00e9matiques, physique et informatique, UK<\/li><li>Virgile Novarina, r\u00e9alisateur du film \u00ab\u00a0T\u00e9lescope int\u00e9rieur\u00a0\u00bb<\/li><li>Jakub Kapu\u0161, Organisation slovaque pour les activit\u00e9s spatiales<\/li><li>\u0160imon Mackovjak, Institut de physique exp\u00e9rimentale, ASS, Ko\u0161ice<\/li><\/ul>\n\n\n<div class=\"space xs\"><\/div>\n\n\n<p><em>Langue: film en fran\u00e7ais sous-titr\u00e9 slovaque et discussion en anglais<\/em><\/p>\n\n\n\n<p><em>Le film est une production de l&rsquo;Observatoire de l&rsquo;Espace du CNES<\/em><br><\/p>\n\n\n<div class=\"space sm\"><\/div>\n\n<div class=\"text-center\"><a href=\"https:\/\/video.nti.sk\/live\/?206476MN9SQNEQ92 \" class=\"btn\">Entr\u00e9e \u00e0 la projection et discussion en ligne<\/a><\/div>\n\n<div class=\"space sm\"><\/div>\n\n\n<figure class=\"wp-block-embed is-type-video is-provider-youtube wp-block-embed-youtube wp-embed-aspect-16-9 wp-has-aspect-ratio\"><div class=\"wp-block-embed__wrapper\">\n<iframe loading=\"lazy\" title=\"Te\u0301lescope inte\u0301rieur, une \u0153uvre spatiale d&#039;Eduardo Kac Bande annonce\" width=\"500\" height=\"281\" src=\"https:\/\/www.youtube.com\/embed\/X_QlW80G_2U?feature=oembed\" frameborder=\"0\" allow=\"accelerometer; autoplay; clipboard-write; encrypted-media; gyroscope; picture-in-picture; web-share\" referrerpolicy=\"strict-origin-when-cross-origin\" allowfullscreen><\/iframe>\n<\/div><\/figure>\n\n\n<div class=\"space sm\"><\/div>\n\n<\/div><iframe loading=\"lazy\" src=\"https:\/\/www.google.com\/maps\/embed?pb=!1m18!1m12!1m3!1d2660.89958426981!2d17.072744615819115!3d48.17001655687983!2m3!1f0!2f0!3f0!3m2!1i1024!2i768!4f13.1!3m3!1m2!1s0x476c8c742212db9b%3A0x1f84dd4cf821cde0!2sCentrum%20vedecko-technick%C3%BDch%20inform%C3%A1ci%C3%AD%20SR!5e0!3m2!1ssk!2ssk!4v1635494966409!5m2!1ssk!2ssk\" width=\"100%\" height=\"558\" frameborder=\"0\" class=\"gmap-iframe\" allowfullscreen=\"\"><\/iframe><div class=\"wrap narrow-wrap\">","protected":false},"featured_media":19897,"template":"","typ-podujatia":[52,53],"acf":[],"yoast_head":"<!-- This site is optimized with the Yoast SEO plugin v24.5 - https:\/\/yoast.com\/wordpress\/plugins\/seo\/ -->\n<title>Projection du film &quot;T\u00e9lescope int\u00e9rieur, une \u0153uvre spatiale d&#039;Eduardo Kac&quot;et discussion avec le r\u00e9alisateur Virgile Novarina - Franc\u00fazsky in\u0161tit\u00fat na Slovensku<\/title>\n<meta name=\"robots\" content=\"index, follow, max-snippet:-1, max-image-preview:large, max-video-preview:-1\" \/>\n<link rel=\"canonical\" href=\"https:\/\/institutfrancais.sk\/fr\/podujatie\/projection-film-telescope-interieur-discussion-virgile-novarina\/\" \/>\n<meta property=\"og:locale\" content=\"fr_FR\" \/>\n<meta property=\"og:type\" content=\"article\" \/>\n<meta property=\"og:title\" content=\"Projection du film &quot;T\u00e9lescope int\u00e9rieur, une \u0153uvre spatiale d&#039;Eduardo Kac&quot;et discussion avec le r\u00e9alisateur Virgile Novarina - Franc\u00fazsky in\u0161tit\u00fat na Slovensku\" \/>\n<meta property=\"og:description\" content=\"Nous vous invitons \u00e0 la projection du film \u00ab\u00a0T\u00e9lescope int\u00e9rieur, une \u0153uvre spatiale d&rsquo;Eduardo Kac\u00a0\u00bb. Con\u00e7ue pour exister en apesanteur par l&rsquo;artiste Eduardo Kac et r\u00e9alis\u00e9e \u00e0 bord de la Station Spatiale Internationale par l&rsquo;astronaute fran\u00e7ais Thomas Pesquet, l&rsquo;\u0153uvre \u00ab T\u00e9lescope int\u00e9rieur \u00bb pose le premier jalon d&rsquo;une nouvelle forme de cr\u00e9ation artistique et po\u00e9tique, [&hellip;]\" \/>\n<meta property=\"og:url\" content=\"https:\/\/institutfrancais.sk\/fr\/podujatie\/projection-film-telescope-interieur-discussion-virgile-novarina\/\" \/>\n<meta property=\"og:site_name\" content=\"Franc\u00fazsky in\u0161tit\u00fat na Slovensku\" \/>\n<meta property=\"article:modified_time\" content=\"2021-11-04T17:15:10+00:00\" \/>\n<meta property=\"og:image\" content=\"https:\/\/institutfrancais.sk\/wp-content\/uploads\/2021\/10\/33349.jpg\" \/>\n\t<meta property=\"og:image:width\" content=\"650\" \/>\n\t<meta property=\"og:image:height\" content=\"480\" \/>\n\t<meta property=\"og:image:type\" content=\"image\/jpeg\" \/>\n<meta name=\"twitter:card\" content=\"summary_large_image\" \/>\n<meta name=\"twitter:label1\" content=\"Dur\u00e9e de lecture estim\u00e9e\" \/>\n\t<meta name=\"twitter:data1\" content=\"1 minute\" \/>\n<script type=\"application\/ld+json\" class=\"yoast-schema-graph\">{\"@context\":\"https:\/\/schema.org\",\"@graph\":[{\"@type\":\"WebPage\",\"@id\":\"https:\/\/institutfrancais.sk\/fr\/podujatie\/projection-film-telescope-interieur-discussion-virgile-novarina\/\",\"url\":\"https:\/\/institutfrancais.sk\/fr\/podujatie\/projection-film-telescope-interieur-discussion-virgile-novarina\/\",\"name\":\"Projection du film \\\"T\u00e9lescope int\u00e9rieur, une \u0153uvre spatiale d'Eduardo Kac\\\"et discussion avec le r\u00e9alisateur Virgile Novarina - Franc\u00fazsky in\u0161tit\u00fat na Slovensku\",\"isPartOf\":{\"@id\":\"https:\/\/institutfrancais.sk\/fr\/#website\"},\"primaryImageOfPage\":{\"@id\":\"https:\/\/institutfrancais.sk\/fr\/podujatie\/projection-film-telescope-interieur-discussion-virgile-novarina\/#primaryimage\"},\"image\":{\"@id\":\"https:\/\/institutfrancais.sk\/fr\/podujatie\/projection-film-telescope-interieur-discussion-virgile-novarina\/#primaryimage\"},\"thumbnailUrl\":\"https:\/\/institutfrancais.sk\/wp-content\/uploads\/2021\/10\/33349.jpg\",\"datePublished\":\"2021-10-29T08:11:27+00:00\",\"dateModified\":\"2021-11-04T17:15:10+00:00\",\"breadcrumb\":{\"@id\":\"https:\/\/institutfrancais.sk\/fr\/podujatie\/projection-film-telescope-interieur-discussion-virgile-novarina\/#breadcrumb\"},\"inLanguage\":\"fr-FR\",\"potentialAction\":[{\"@type\":\"ReadAction\",\"target\":[\"https:\/\/institutfrancais.sk\/fr\/podujatie\/projection-film-telescope-interieur-discussion-virgile-novarina\/\"]}]},{\"@type\":\"ImageObject\",\"inLanguage\":\"fr-FR\",\"@id\":\"https:\/\/institutfrancais.sk\/fr\/podujatie\/projection-film-telescope-interieur-discussion-virgile-novarina\/#primaryimage\",\"url\":\"https:\/\/institutfrancais.sk\/wp-content\/uploads\/2021\/10\/33349.jpg\",\"contentUrl\":\"https:\/\/institutfrancais.sk\/wp-content\/uploads\/2021\/10\/33349.jpg\",\"width\":650,\"height\":480},{\"@type\":\"BreadcrumbList\",\"@id\":\"https:\/\/institutfrancais.sk\/fr\/podujatie\/projection-film-telescope-interieur-discussion-virgile-novarina\/#breadcrumb\",\"itemListElement\":[{\"@type\":\"ListItem\",\"position\":1,\"name\":\"Home\",\"item\":\"https:\/\/institutfrancais.sk\/fr\/\"},{\"@type\":\"ListItem\",\"position\":2,\"name\":\"Events\",\"item\":\"https:\/\/institutfrancais.sk\/fr\/podujatie\/\"},{\"@type\":\"ListItem\",\"position\":3,\"name\":\"Projection du film \u00ab\u00a0T\u00e9lescope int\u00e9rieur, une \u0153uvre spatiale d&rsquo;Eduardo Kac\u00a0\u00bbet discussion avec le r\u00e9alisateur Virgile Novarina\"}]},{\"@type\":\"WebSite\",\"@id\":\"https:\/\/institutfrancais.sk\/fr\/#website\",\"url\":\"https:\/\/institutfrancais.sk\/fr\/\",\"name\":\"Franc\u00fazsky in\u0161tit\u00fat na Slovensku\",\"description\":\"Franc\u00fazsky in\u0161tit\u00fat na Slovensku\",\"potentialAction\":[{\"@type\":\"SearchAction\",\"target\":{\"@type\":\"EntryPoint\",\"urlTemplate\":\"https:\/\/institutfrancais.sk\/fr\/?s={search_term_string}\"},\"query-input\":{\"@type\":\"PropertyValueSpecification\",\"valueRequired\":true,\"valueName\":\"search_term_string\"}}],\"inLanguage\":\"fr-FR\"}]}<\/script>\n<!-- \/ Yoast SEO plugin. -->","yoast_head_json":{"title":"Projection du film \"T\u00e9lescope int\u00e9rieur, une \u0153uvre spatiale d'Eduardo Kac\"et discussion avec le r\u00e9alisateur Virgile Novarina - Franc\u00fazsky in\u0161tit\u00fat na Slovensku","robots":{"index":"index","follow":"follow","max-snippet":"max-snippet:-1","max-image-preview":"max-image-preview:large","max-video-preview":"max-video-preview:-1"},"canonical":"https:\/\/institutfrancais.sk\/fr\/podujatie\/projection-film-telescope-interieur-discussion-virgile-novarina\/","og_locale":"fr_FR","og_type":"article","og_title":"Projection du film \"T\u00e9lescope int\u00e9rieur, une \u0153uvre spatiale d'Eduardo Kac\"et discussion avec le r\u00e9alisateur Virgile Novarina - Franc\u00fazsky in\u0161tit\u00fat na Slovensku","og_description":"Nous vous invitons \u00e0 la projection du film \u00ab\u00a0T\u00e9lescope int\u00e9rieur, une \u0153uvre spatiale d&rsquo;Eduardo Kac\u00a0\u00bb. Con\u00e7ue pour exister en apesanteur par l&rsquo;artiste Eduardo Kac et r\u00e9alis\u00e9e \u00e0 bord de la Station Spatiale Internationale par l&rsquo;astronaute fran\u00e7ais Thomas Pesquet, l&rsquo;\u0153uvre \u00ab T\u00e9lescope int\u00e9rieur \u00bb pose le premier jalon d&rsquo;une nouvelle forme de cr\u00e9ation artistique et po\u00e9tique, [&hellip;]","og_url":"https:\/\/institutfrancais.sk\/fr\/podujatie\/projection-film-telescope-interieur-discussion-virgile-novarina\/","og_site_name":"Franc\u00fazsky in\u0161tit\u00fat na Slovensku","article_modified_time":"2021-11-04T17:15:10+00:00","og_image":[{"width":650,"height":480,"url":"https:\/\/institutfrancais.sk\/wp-content\/uploads\/2021\/10\/33349.jpg","type":"image\/jpeg"}],"twitter_card":"summary_large_image","twitter_misc":{"Dur\u00e9e de lecture estim\u00e9e":"1 minute"},"schema":{"@context":"https:\/\/schema.org","@graph":[{"@type":"WebPage","@id":"https:\/\/institutfrancais.sk\/fr\/podujatie\/projection-film-telescope-interieur-discussion-virgile-novarina\/","url":"https:\/\/institutfrancais.sk\/fr\/podujatie\/projection-film-telescope-interieur-discussion-virgile-novarina\/","name":"Projection du film \"T\u00e9lescope int\u00e9rieur, une \u0153uvre spatiale d'Eduardo Kac\"et discussion avec le r\u00e9alisateur Virgile Novarina - Franc\u00fazsky in\u0161tit\u00fat na Slovensku","isPartOf":{"@id":"https:\/\/institutfrancais.sk\/fr\/#website"},"primaryImageOfPage":{"@id":"https:\/\/institutfrancais.sk\/fr\/podujatie\/projection-film-telescope-interieur-discussion-virgile-novarina\/#primaryimage"},"image":{"@id":"https:\/\/institutfrancais.sk\/fr\/podujatie\/projection-film-telescope-interieur-discussion-virgile-novarina\/#primaryimage"},"thumbnailUrl":"https:\/\/institutfrancais.sk\/wp-content\/uploads\/2021\/10\/33349.jpg","datePublished":"2021-10-29T08:11:27+00:00","dateModified":"2021-11-04T17:15:10+00:00","breadcrumb":{"@id":"https:\/\/institutfrancais.sk\/fr\/podujatie\/projection-film-telescope-interieur-discussion-virgile-novarina\/#breadcrumb"},"inLanguage":"fr-FR","potentialAction":[{"@type":"ReadAction","target":["https:\/\/institutfrancais.sk\/fr\/podujatie\/projection-film-telescope-interieur-discussion-virgile-novarina\/"]}]},{"@type":"ImageObject","inLanguage":"fr-FR","@id":"https:\/\/institutfrancais.sk\/fr\/podujatie\/projection-film-telescope-interieur-discussion-virgile-novarina\/#primaryimage","url":"https:\/\/institutfrancais.sk\/wp-content\/uploads\/2021\/10\/33349.jpg","contentUrl":"https:\/\/institutfrancais.sk\/wp-content\/uploads\/2021\/10\/33349.jpg","width":650,"height":480},{"@type":"BreadcrumbList","@id":"https:\/\/institutfrancais.sk\/fr\/podujatie\/projection-film-telescope-interieur-discussion-virgile-novarina\/#breadcrumb","itemListElement":[{"@type":"ListItem","position":1,"name":"Home","item":"https:\/\/institutfrancais.sk\/fr\/"},{"@type":"ListItem","position":2,"name":"Events","item":"https:\/\/institutfrancais.sk\/fr\/podujatie\/"},{"@type":"ListItem","position":3,"name":"Projection du film \u00ab\u00a0T\u00e9lescope int\u00e9rieur, une \u0153uvre spatiale d&rsquo;Eduardo Kac\u00a0\u00bbet discussion avec le r\u00e9alisateur Virgile Novarina"}]},{"@type":"WebSite","@id":"https:\/\/institutfrancais.sk\/fr\/#website","url":"https:\/\/institutfrancais.sk\/fr\/","name":"Franc\u00fazsky in\u0161tit\u00fat na Slovensku","description":"Franc\u00fazsky in\u0161tit\u00fat na Slovensku","potentialAction":[{"@type":"SearchAction","target":{"@type":"EntryPoint","urlTemplate":"https:\/\/institutfrancais.sk\/fr\/?s={search_term_string}"},"query-input":{"@type":"PropertyValueSpecification","valueRequired":true,"valueName":"search_term_string"}}],"inLanguage":"fr-FR"}]}},"_links":{"self":[{"href":"https:\/\/institutfrancais.sk\/fr\/wp-json\/wp\/v2\/podujatie\/19899"}],"collection":[{"href":"https:\/\/institutfrancais.sk\/fr\/wp-json\/wp\/v2\/podujatie"}],"about":[{"href":"https:\/\/institutfrancais.sk\/fr\/wp-json\/wp\/v2\/types\/podujatie"}],"wp:featuredmedia":[{"embeddable":true,"href":"https:\/\/institutfrancais.sk\/fr\/wp-json\/wp\/v2\/media\/19897"}],"wp:attachment":[{"href":"https:\/\/institutfrancais.sk\/fr\/wp-json\/wp\/v2\/media?parent=19899"}],"wp:term":[{"taxonomy":"typ-podujatia","embeddable":true,"href":"https:\/\/institutfrancais.sk\/fr\/wp-json\/wp\/v2\/typ-podujatia?post=19899"}],"curies":[{"name":"wp","href":"https:\/\/api.w.org\/{rel}","templated":true}]}}