{"id":20255,"date":"2021-12-09T12:27:08","date_gmt":"2021-12-09T11:27:08","guid":{"rendered":"https:\/\/institutfrancais.sk\/?post_type=podujatie&#038;p=20255"},"modified":"2021-12-16T20:03:11","modified_gmt":"2021-12-16T19:03:11","slug":"presentation-du-livre-la-nuit-de-noel-a-paris","status":"publish","type":"podujatie","link":"https:\/\/institutfrancais.sk\/fr\/podujatie\/presentation-du-livre-la-nuit-de-noel-a-paris\/","title":{"rendered":"Pr\u00e9sentation du livre : La Nuit de No\u00ebl \u00e0 Paris"},"content":{"rendered":"\n<p>Nous sommes ravis de vous inviter \u00e0 la pr\u00e9sentation du nouvel album pour enfants et jeune public &#8211;&nbsp;<strong>La Nuit de No\u00ebl \u00e0 Paris<\/strong> \u00e9crit par Miroslava Grajciarov\u00e1, illustr\u00e9 par Eva M\u00e1ria Ondov\u00e1 et graphiquement con\u00e7u par S\u00e1ra Volemanov\u00e1. &nbsp;Un conte charmant sur combien il suffit de peu pour qu&rsquo;il neige \u00e0 Paris, que trois chanceux d&rsquo;entre vous pourront gagner \u00e0 l&rsquo;occasion d&rsquo;un <strong>jeu-concours <\/strong>du 16 au 20 d\u00e9cembre ! <\/p>\n\n\n<div class=\"space xs\"><\/div>\n\n\n<figure class=\"wp-block-embed is-type-video is-provider-youtube wp-block-embed-youtube wp-embed-aspect-16-9 wp-has-aspect-ratio\"><div class=\"wp-block-embed__wrapper\">\n<iframe loading=\"lazy\" title=\"Prezent\u00e1cia knihy ViaNo\u010dn\u00e1 mora z Par\u00ed\u017ea\" width=\"500\" height=\"281\" src=\"https:\/\/www.youtube.com\/embed\/mAin2TYRlVU?feature=oembed\" frameborder=\"0\" allow=\"accelerometer; autoplay; clipboard-write; encrypted-media; gyroscope; picture-in-picture; web-share\" referrerpolicy=\"strict-origin-when-cross-origin\" allowfullscreen><\/iframe>\n<\/div><\/figure>\n\n\n<div class=\"space xs\"><\/div>\n\n\n<p>Cet album jeunesse a&nbsp;\u00e9t\u00e9 publi\u00e9 aux Editions de l&rsquo;association <strong><a href=\"https:\/\/www.vydavatel.sk\/produkty-vyrobcu\/dva-v-jednom-oz\">Dva v&nbsp;Jednom<\/a><\/strong> (Deux en un), cr\u00e9\u00e9e en 2018 avec le but de soutenir la production des artistes slovaques. Il s\u00b4agit notamment d&rsquo;illustrateurs de talent qui n&rsquo;ont encore jamais illustr\u00e9 de livres pour enfants, mais qui ont le d\u00e9sir de le faire pour la premi\u00e8re fois. L\u00b4association leur propose un espace de cr\u00e9ation dans un livre. C&rsquo;est nouveau et inhabituel pour eux ! L\u00b4association participe aussi \u00e0 des projets internationaux dans le domaine de l\u00b4art social et communautaire et dans l\u00b4\u00e9ducation. Elle si\u00e8ge \u00e0 Pre\u0161ov, \u00e0 l\u00b4est de la Slovaquie, position unique qui profite de la g\u00e9ographie de cette ville fronti\u00e8re entre les cultures europ\u00e9ennes orientales et occidentales.<\/p>\n\n\n<div class=\"space xs\"><\/div>","protected":false},"featured_media":20256,"template":"","typ-podujatia":[193,58],"acf":[],"yoast_head":"<!-- This site is optimized with the Yoast SEO plugin v24.5 - https:\/\/yoast.com\/wordpress\/plugins\/seo\/ -->\n<title>Pr\u00e9sentation du livre : La Nuit de No\u00ebl \u00e0 Paris - Franc\u00fazsky in\u0161tit\u00fat na Slovensku<\/title>\n<meta name=\"robots\" content=\"index, follow, max-snippet:-1, max-image-preview:large, max-video-preview:-1\" \/>\n<link rel=\"canonical\" href=\"https:\/\/institutfrancais.sk\/fr\/podujatie\/presentation-du-livre-la-nuit-de-noel-a-paris\/\" \/>\n<meta property=\"og:locale\" content=\"fr_FR\" \/>\n<meta property=\"og:type\" content=\"article\" \/>\n<meta property=\"og:title\" content=\"Pr\u00e9sentation du livre : La Nuit de No\u00ebl \u00e0 Paris - Franc\u00fazsky in\u0161tit\u00fat na Slovensku\" \/>\n<meta property=\"og:description\" content=\"Nous sommes ravis de vous inviter \u00e0 la pr\u00e9sentation du nouvel album pour enfants et jeune public &#8211;&nbsp;La Nuit de No\u00ebl \u00e0 Paris \u00e9crit par Miroslava Grajciarov\u00e1, illustr\u00e9 par Eva M\u00e1ria Ondov\u00e1 et graphiquement con\u00e7u par S\u00e1ra Volemanov\u00e1. &nbsp;Un conte charmant sur combien il suffit de peu pour qu&rsquo;il neige \u00e0 Paris, que trois chanceux [&hellip;]\" \/>\n<meta property=\"og:url\" content=\"https:\/\/institutfrancais.sk\/fr\/podujatie\/presentation-du-livre-la-nuit-de-noel-a-paris\/\" \/>\n<meta property=\"og:site_name\" content=\"Franc\u00fazsky in\u0161tit\u00fat na Slovensku\" \/>\n<meta property=\"article:modified_time\" content=\"2021-12-16T19:03:11+00:00\" \/>\n<meta property=\"og:image\" content=\"https:\/\/institutfrancais.sk\/wp-content\/uploads\/2021\/12\/Digital-visuals_1.jpg\" \/>\n\t<meta property=\"og:image:width\" content=\"1920\" \/>\n\t<meta property=\"og:image:height\" content=\"1080\" \/>\n\t<meta property=\"og:image:type\" content=\"image\/jpeg\" \/>\n<meta name=\"twitter:card\" content=\"summary_large_image\" \/>\n<meta name=\"twitter:label1\" content=\"Dur\u00e9e de lecture estim\u00e9e\" \/>\n\t<meta name=\"twitter:data1\" content=\"1 minute\" \/>\n<script type=\"application\/ld+json\" class=\"yoast-schema-graph\">{\"@context\":\"https:\/\/schema.org\",\"@graph\":[{\"@type\":\"WebPage\",\"@id\":\"https:\/\/institutfrancais.sk\/fr\/podujatie\/presentation-du-livre-la-nuit-de-noel-a-paris\/\",\"url\":\"https:\/\/institutfrancais.sk\/fr\/podujatie\/presentation-du-livre-la-nuit-de-noel-a-paris\/\",\"name\":\"Pr\u00e9sentation du livre : La Nuit de No\u00ebl \u00e0 Paris - Franc\u00fazsky in\u0161tit\u00fat na Slovensku\",\"isPartOf\":{\"@id\":\"https:\/\/institutfrancais.sk\/fr\/#website\"},\"primaryImageOfPage\":{\"@id\":\"https:\/\/institutfrancais.sk\/fr\/podujatie\/presentation-du-livre-la-nuit-de-noel-a-paris\/#primaryimage\"},\"image\":{\"@id\":\"https:\/\/institutfrancais.sk\/fr\/podujatie\/presentation-du-livre-la-nuit-de-noel-a-paris\/#primaryimage\"},\"thumbnailUrl\":\"https:\/\/institutfrancais.sk\/wp-content\/uploads\/2021\/12\/Digital-visuals_1.jpg\",\"datePublished\":\"2021-12-09T11:27:08+00:00\",\"dateModified\":\"2021-12-16T19:03:11+00:00\",\"breadcrumb\":{\"@id\":\"https:\/\/institutfrancais.sk\/fr\/podujatie\/presentation-du-livre-la-nuit-de-noel-a-paris\/#breadcrumb\"},\"inLanguage\":\"fr-FR\",\"potentialAction\":[{\"@type\":\"ReadAction\",\"target\":[\"https:\/\/institutfrancais.sk\/fr\/podujatie\/presentation-du-livre-la-nuit-de-noel-a-paris\/\"]}]},{\"@type\":\"ImageObject\",\"inLanguage\":\"fr-FR\",\"@id\":\"https:\/\/institutfrancais.sk\/fr\/podujatie\/presentation-du-livre-la-nuit-de-noel-a-paris\/#primaryimage\",\"url\":\"https:\/\/institutfrancais.sk\/wp-content\/uploads\/2021\/12\/Digital-visuals_1.jpg\",\"contentUrl\":\"https:\/\/institutfrancais.sk\/wp-content\/uploads\/2021\/12\/Digital-visuals_1.jpg\",\"width\":1920,\"height\":1080},{\"@type\":\"BreadcrumbList\",\"@id\":\"https:\/\/institutfrancais.sk\/fr\/podujatie\/presentation-du-livre-la-nuit-de-noel-a-paris\/#breadcrumb\",\"itemListElement\":[{\"@type\":\"ListItem\",\"position\":1,\"name\":\"Home\",\"item\":\"https:\/\/institutfrancais.sk\/fr\/\"},{\"@type\":\"ListItem\",\"position\":2,\"name\":\"Events\",\"item\":\"https:\/\/institutfrancais.sk\/fr\/podujatie\/\"},{\"@type\":\"ListItem\",\"position\":3,\"name\":\"Pr\u00e9sentation du livre : La Nuit de No\u00ebl \u00e0 Paris\"}]},{\"@type\":\"WebSite\",\"@id\":\"https:\/\/institutfrancais.sk\/fr\/#website\",\"url\":\"https:\/\/institutfrancais.sk\/fr\/\",\"name\":\"Franc\u00fazsky in\u0161tit\u00fat na Slovensku\",\"description\":\"Franc\u00fazsky in\u0161tit\u00fat na Slovensku\",\"potentialAction\":[{\"@type\":\"SearchAction\",\"target\":{\"@type\":\"EntryPoint\",\"urlTemplate\":\"https:\/\/institutfrancais.sk\/fr\/?s={search_term_string}\"},\"query-input\":{\"@type\":\"PropertyValueSpecification\",\"valueRequired\":true,\"valueName\":\"search_term_string\"}}],\"inLanguage\":\"fr-FR\"}]}<\/script>\n<!-- \/ Yoast SEO plugin. -->","yoast_head_json":{"title":"Pr\u00e9sentation du livre : La Nuit de No\u00ebl \u00e0 Paris - Franc\u00fazsky in\u0161tit\u00fat na Slovensku","robots":{"index":"index","follow":"follow","max-snippet":"max-snippet:-1","max-image-preview":"max-image-preview:large","max-video-preview":"max-video-preview:-1"},"canonical":"https:\/\/institutfrancais.sk\/fr\/podujatie\/presentation-du-livre-la-nuit-de-noel-a-paris\/","og_locale":"fr_FR","og_type":"article","og_title":"Pr\u00e9sentation du livre : La Nuit de No\u00ebl \u00e0 Paris - Franc\u00fazsky in\u0161tit\u00fat na Slovensku","og_description":"Nous sommes ravis de vous inviter \u00e0 la pr\u00e9sentation du nouvel album pour enfants et jeune public &#8211;&nbsp;La Nuit de No\u00ebl \u00e0 Paris \u00e9crit par Miroslava Grajciarov\u00e1, illustr\u00e9 par Eva M\u00e1ria Ondov\u00e1 et graphiquement con\u00e7u par S\u00e1ra Volemanov\u00e1. &nbsp;Un conte charmant sur combien il suffit de peu pour qu&rsquo;il neige \u00e0 Paris, que trois chanceux [&hellip;]","og_url":"https:\/\/institutfrancais.sk\/fr\/podujatie\/presentation-du-livre-la-nuit-de-noel-a-paris\/","og_site_name":"Franc\u00fazsky in\u0161tit\u00fat na Slovensku","article_modified_time":"2021-12-16T19:03:11+00:00","og_image":[{"width":1920,"height":1080,"url":"https:\/\/institutfrancais.sk\/wp-content\/uploads\/2021\/12\/Digital-visuals_1.jpg","type":"image\/jpeg"}],"twitter_card":"summary_large_image","twitter_misc":{"Dur\u00e9e de lecture estim\u00e9e":"1 minute"},"schema":{"@context":"https:\/\/schema.org","@graph":[{"@type":"WebPage","@id":"https:\/\/institutfrancais.sk\/fr\/podujatie\/presentation-du-livre-la-nuit-de-noel-a-paris\/","url":"https:\/\/institutfrancais.sk\/fr\/podujatie\/presentation-du-livre-la-nuit-de-noel-a-paris\/","name":"Pr\u00e9sentation du livre : La Nuit de No\u00ebl \u00e0 Paris - Franc\u00fazsky in\u0161tit\u00fat na Slovensku","isPartOf":{"@id":"https:\/\/institutfrancais.sk\/fr\/#website"},"primaryImageOfPage":{"@id":"https:\/\/institutfrancais.sk\/fr\/podujatie\/presentation-du-livre-la-nuit-de-noel-a-paris\/#primaryimage"},"image":{"@id":"https:\/\/institutfrancais.sk\/fr\/podujatie\/presentation-du-livre-la-nuit-de-noel-a-paris\/#primaryimage"},"thumbnailUrl":"https:\/\/institutfrancais.sk\/wp-content\/uploads\/2021\/12\/Digital-visuals_1.jpg","datePublished":"2021-12-09T11:27:08+00:00","dateModified":"2021-12-16T19:03:11+00:00","breadcrumb":{"@id":"https:\/\/institutfrancais.sk\/fr\/podujatie\/presentation-du-livre-la-nuit-de-noel-a-paris\/#breadcrumb"},"inLanguage":"fr-FR","potentialAction":[{"@type":"ReadAction","target":["https:\/\/institutfrancais.sk\/fr\/podujatie\/presentation-du-livre-la-nuit-de-noel-a-paris\/"]}]},{"@type":"ImageObject","inLanguage":"fr-FR","@id":"https:\/\/institutfrancais.sk\/fr\/podujatie\/presentation-du-livre-la-nuit-de-noel-a-paris\/#primaryimage","url":"https:\/\/institutfrancais.sk\/wp-content\/uploads\/2021\/12\/Digital-visuals_1.jpg","contentUrl":"https:\/\/institutfrancais.sk\/wp-content\/uploads\/2021\/12\/Digital-visuals_1.jpg","width":1920,"height":1080},{"@type":"BreadcrumbList","@id":"https:\/\/institutfrancais.sk\/fr\/podujatie\/presentation-du-livre-la-nuit-de-noel-a-paris\/#breadcrumb","itemListElement":[{"@type":"ListItem","position":1,"name":"Home","item":"https:\/\/institutfrancais.sk\/fr\/"},{"@type":"ListItem","position":2,"name":"Events","item":"https:\/\/institutfrancais.sk\/fr\/podujatie\/"},{"@type":"ListItem","position":3,"name":"Pr\u00e9sentation du livre : La Nuit de No\u00ebl \u00e0 Paris"}]},{"@type":"WebSite","@id":"https:\/\/institutfrancais.sk\/fr\/#website","url":"https:\/\/institutfrancais.sk\/fr\/","name":"Franc\u00fazsky in\u0161tit\u00fat na Slovensku","description":"Franc\u00fazsky in\u0161tit\u00fat na Slovensku","potentialAction":[{"@type":"SearchAction","target":{"@type":"EntryPoint","urlTemplate":"https:\/\/institutfrancais.sk\/fr\/?s={search_term_string}"},"query-input":{"@type":"PropertyValueSpecification","valueRequired":true,"valueName":"search_term_string"}}],"inLanguage":"fr-FR"}]}},"_links":{"self":[{"href":"https:\/\/institutfrancais.sk\/fr\/wp-json\/wp\/v2\/podujatie\/20255"}],"collection":[{"href":"https:\/\/institutfrancais.sk\/fr\/wp-json\/wp\/v2\/podujatie"}],"about":[{"href":"https:\/\/institutfrancais.sk\/fr\/wp-json\/wp\/v2\/types\/podujatie"}],"wp:featuredmedia":[{"embeddable":true,"href":"https:\/\/institutfrancais.sk\/fr\/wp-json\/wp\/v2\/media\/20256"}],"wp:attachment":[{"href":"https:\/\/institutfrancais.sk\/fr\/wp-json\/wp\/v2\/media?parent=20255"}],"wp:term":[{"taxonomy":"typ-podujatia","embeddable":true,"href":"https:\/\/institutfrancais.sk\/fr\/wp-json\/wp\/v2\/typ-podujatia?post=20255"}],"curies":[{"name":"wp","href":"https:\/\/api.w.org\/{rel}","templated":true}]}}