{"id":20855,"date":"2022-01-20T10:38:27","date_gmt":"2022-01-20T09:38:27","guid":{"rendered":"https:\/\/institutfrancais.sk\/?post_type=podujatie&#038;p=20855"},"modified":"2022-01-28T11:28:03","modified_gmt":"2022-01-28T10:28:03","slug":"la-nuit-des-idees-grands-dialogues-europeens","status":"publish","type":"podujatie","link":"https:\/\/institutfrancais.sk\/fr\/podujatie\/la-nuit-des-idees-grands-dialogues-europeens\/","title":{"rendered":"La Nuit des Id\u00e9es : grands dialogues europ\u00e9ens"},"content":{"rendered":"\n<p>Initi\u00e9e en 2016 lors d\u2019une soir\u00e9e exceptionnelle qui a&nbsp;r\u00e9uni \u00e0 Paris de grandes voix fran\u00e7aises et internationales convi\u00e9es \u00e0 dialoguer autour des grands enjeux de notre temps, <strong>la Nuit des id\u00e9es <\/strong>s\u2019est tr\u00e8s vite impos\u00e9e dans l\u2019agenda fran\u00e7ais et international. Chaque ann\u00e9e, le dernier jeudi du mois de janvier, l\u2019Institut fran\u00e7ais invite tous les lieux de culture et de savoir, en France et sur les cinq continents, \u00e0 c\u00e9l\u00e9brer ensemble la libre circulation des id\u00e9es et des savoirs en proposant, le m\u00eame soir, conf\u00e9rences, rencontres, forums et tables rondes, mais aussi projections, performances artistiques et ateliers jeunesse.<\/p>\n\n\n\n<p><strong>En 2022, la Nuit des id\u00e9es sera plac\u00e9e sous le signe de la pr\u00e9sidence fran\u00e7aise du Conseil de l\u2019Union europ\u00e9enne<\/strong>. \u00c0 cette occasion, partout au sein de l\u2019Union, de grands dialogues r\u00e9uniront des personnalit\u00e9s intellectuelles de premier plan, venues du monde des arts, des lettres, des sciences, du journalisme et de l\u2019engagement. Dans les capitales du continent, elles \u00e9voqueront leurs perspectives sur l\u2019Europe, ses cultures, ses d\u00e9fis et ses possibilit\u00e9s.<\/p>\n\n\n\n<p>Pour la 7\u00e8me Nuit des id\u00e9es qui se d\u00e9roulera le 27 janvier 2022, le th\u00e8me \u00ab<strong> (Re)construire ensemble <\/strong>\u00bb a&nbsp;\u00e9t\u00e9 choisi pour explorer la r\u00e9silience et la reconstruction des soci\u00e9t\u00e9s confront\u00e9es \u00e0 des d\u00e9fis singuliers, les solidarit\u00e9s et les coop\u00e9rations entre les individus, les groupes et les \u00c9tats, la mobilisation des soci\u00e9t\u00e9s civiles et les enjeux de construction et de fabrication et de nos objets.<\/p>\n\n\n<div class=\"space sm\"><\/div>\n\n\n<h2 class=\"wp-block-heading\">\u00ab&nbsp;Quelle r\u00e9silience face aux bouleversements \u00e9cologiques ?&nbsp;\u00bb <\/h2>\n\n\n<div class=\"space sm\"><\/div>\n\n\n<p>Cette ann\u00e9e, l\u2019Institut fran\u00e7ais de Slovaquie s&rsquo;associe \u00e0 l&rsquo;Institut fran\u00e7ais de Slov\u00e9nie et la repr\u00e9sentation de la Commission europ\u00e9enne pour vous proposer un d\u00e9bat intitul\u00e9 <em>\u00ab&nbsp;Quelle r\u00e9silience face aux bouleversements \u00e9cologiques ?&nbsp;\u00bb<\/em> qui aura lieu dans la Maison de l&rsquo;UE \u00e0 Ljubljana et <strong>retransmis en direct en ligne<\/strong>. En Slov\u00e9nie, le journaliste slov\u00e8ne Bo\u0161tjan Videm\u0161ek, auteur de l\u2019ouvrage \u00e0 succ\u00e8s Plan B, engag\u00e9 pour les questions climatiques, d\u00e9battra avec l\u2019universitaire slovaque de la Facult\u00e9 des relations internationales de l\u2019Universit\u00e9 d\u2019\u00e9conomie de Bratislava, Katar\u00edna Cs\u00e9falvayov\u00e1.<\/p>\n\n\n\n<p>D\u00e9bat mod\u00e9r\u00e9 par Ksenija Horvat, journaliste de la Radiot\u00e9l\u00e9vision nationale slov\u00e8ne<\/p>\n\n\n\n<ul><li>Le jeudi 27 janvier 2022 de 18h00 \u00e0 19h15<\/li><li>D\u00e9bat en anglais diffus\u00e9 en direct en ligne sur la page Facebook de l\u2019Institut fran\u00e7ais de Slovaquie et sur Zoom<\/li><li>L\u2019enregistrement avec sous-titres en slovaque sera accessible apr\u00e8s l\u2019\u00e9v\u00e9nement.<\/li><\/ul>\n\n\n<div class=\"space sm\"><\/div>\n\n<div class=\"text-center\"><a href=\"https:\/\/www.facebook.com\/ifslovaquie\/videos\/5017986158252752\" class=\"btn btn-black-invert\" target=\"blank\" rel=\"noreferrer noopener\">Enregistrement vid\u00e9o <\/a><\/div>\n\n<div class=\"space sm\"><\/div>\n\n\n<p><strong>Bo\u0161tjan Videm\u0161ek <\/strong>(1975) est un journaliste prim\u00e9, correspondant de guerre et auteur de six livres sur les conflits modernes, les migrations et la crise climatique. Son dernier livre <em>Plan B: How Not to&nbsp;Lose Hope in the Times of Climate Crisis<\/em> (livre de l&rsquo;ann\u00e9e en Slov\u00e9nie) est un recueil des pratiques mondiales les plus prometteuses dans la lutte contre le changement climatique. Il collabore avec des dizaines de magazines et journaux mondiaux de premier plan. Il est l&rsquo;un des jeunes leaders europ\u00e9ens et ambassadeur du Pacte europ\u00e9en pour le climat.<\/p>\n\n\n\n<p><strong>Katarina&nbsp;Cs\u00e9falvayov\u00e1<\/strong> (1985) est un ancienne d\u00e9put\u00e9e, ancienne vice-doyenne de la Facult\u00e9 des relations internationales de l\u2019Universit\u00e9 d\u2019\u00c9conomie de Bratislava et co-fondatrice et directrice du laboratoire d\u2019id\u00e9es Institute for Central Europe, particuli\u00e8rement impliqu\u00e9e sur les questions climatiques. Dans ses recherches ainsi que dans son agenda politique, elle a&nbsp;soulign\u00e9 l&rsquo;importance de faire face au changement climatique comme d\u00e9fi majeur de notre \u00e9poque. Elle d\u00e9fend \u00e9galement le r\u00f4le des femmes dans la soci\u00e9t\u00e9, visant \u00e0 sensibiliser le public \u00e0 ces questions en Europe centrale.<\/p>\n\n\n<div class=\"space sm\"><\/div>\n\n\n<p><em>\u00c9v\u00e8nement #PFUE2022<\/em><\/p>\n\n\n\n<figure class=\"wp-block-image size-large is-resized\"><img loading=\"lazy\" decoding=\"async\" src=\"https:\/\/institutfrancais.sk\/wp-content\/uploads\/2022\/01\/logo-PFUE-1024x341.jpg\" alt=\"\" class=\"wp-image-20825\" width=\"256\" height=\"85\" srcset=\"https:\/\/institutfrancais.sk\/wp-content\/uploads\/2022\/01\/logo-PFUE-1024x341.jpg 1024w, https:\/\/institutfrancais.sk\/wp-content\/uploads\/2022\/01\/logo-PFUE-300x100.jpg 300w, https:\/\/institutfrancais.sk\/wp-content\/uploads\/2022\/01\/logo-PFUE-768x256.jpg 768w, https:\/\/institutfrancais.sk\/wp-content\/uploads\/2022\/01\/logo-PFUE-1190x397.jpg 1190w, https:\/\/institutfrancais.sk\/wp-content\/uploads\/2022\/01\/logo-PFUE.jpg 1500w\" sizes=\"(max-width: 256px) 100vw, 256px\" \/><\/figure>\n\n\n<div class=\"space sm\"><\/div>","protected":false},"featured_media":20856,"template":"","typ-podujatia":[53],"acf":[],"yoast_head":"<!-- This site is optimized with the Yoast SEO plugin v24.5 - https:\/\/yoast.com\/wordpress\/plugins\/seo\/ -->\n<title>La Nuit des Id\u00e9es : grands dialogues europ\u00e9ens - Franc\u00fazsky in\u0161tit\u00fat na Slovensku<\/title>\n<meta name=\"robots\" content=\"index, follow, max-snippet:-1, max-image-preview:large, max-video-preview:-1\" \/>\n<link rel=\"canonical\" href=\"https:\/\/institutfrancais.sk\/fr\/podujatie\/la-nuit-des-idees-grands-dialogues-europeens\/\" \/>\n<meta property=\"og:locale\" content=\"fr_FR\" \/>\n<meta property=\"og:type\" content=\"article\" \/>\n<meta property=\"og:title\" content=\"La Nuit des Id\u00e9es : grands dialogues europ\u00e9ens - Franc\u00fazsky in\u0161tit\u00fat na Slovensku\" \/>\n<meta property=\"og:description\" content=\"Initi\u00e9e en 2016 lors d\u2019une soir\u00e9e exceptionnelle qui a&nbsp;r\u00e9uni \u00e0 Paris de grandes voix fran\u00e7aises et internationales convi\u00e9es \u00e0 dialoguer autour des grands enjeux de notre temps, la Nuit des id\u00e9es s\u2019est tr\u00e8s vite impos\u00e9e dans l\u2019agenda fran\u00e7ais et international. Chaque ann\u00e9e, le dernier jeudi du mois de janvier, l\u2019Institut fran\u00e7ais invite tous les lieux [&hellip;]\" \/>\n<meta property=\"og:url\" content=\"https:\/\/institutfrancais.sk\/fr\/podujatie\/la-nuit-des-idees-grands-dialogues-europeens\/\" \/>\n<meta property=\"og:site_name\" content=\"Franc\u00fazsky in\u0161tit\u00fat na Slovensku\" \/>\n<meta property=\"article:modified_time\" content=\"2022-01-28T10:28:03+00:00\" \/>\n<meta property=\"og:image\" content=\"https:\/\/institutfrancais.sk\/wp-content\/uploads\/2022\/01\/nuit-des-idees-scaled.jpg\" \/>\n\t<meta property=\"og:image:width\" content=\"2560\" \/>\n\t<meta property=\"og:image:height\" content=\"1487\" \/>\n\t<meta property=\"og:image:type\" content=\"image\/jpeg\" \/>\n<meta name=\"twitter:card\" content=\"summary_large_image\" \/>\n<meta name=\"twitter:label1\" content=\"Dur\u00e9e de lecture estim\u00e9e\" \/>\n\t<meta name=\"twitter:data1\" content=\"3 minutes\" \/>\n<script type=\"application\/ld+json\" class=\"yoast-schema-graph\">{\"@context\":\"https:\/\/schema.org\",\"@graph\":[{\"@type\":\"WebPage\",\"@id\":\"https:\/\/institutfrancais.sk\/fr\/podujatie\/la-nuit-des-idees-grands-dialogues-europeens\/\",\"url\":\"https:\/\/institutfrancais.sk\/fr\/podujatie\/la-nuit-des-idees-grands-dialogues-europeens\/\",\"name\":\"La Nuit des Id\u00e9es : grands dialogues europ\u00e9ens - Franc\u00fazsky in\u0161tit\u00fat na Slovensku\",\"isPartOf\":{\"@id\":\"https:\/\/institutfrancais.sk\/fr\/#website\"},\"primaryImageOfPage\":{\"@id\":\"https:\/\/institutfrancais.sk\/fr\/podujatie\/la-nuit-des-idees-grands-dialogues-europeens\/#primaryimage\"},\"image\":{\"@id\":\"https:\/\/institutfrancais.sk\/fr\/podujatie\/la-nuit-des-idees-grands-dialogues-europeens\/#primaryimage\"},\"thumbnailUrl\":\"https:\/\/institutfrancais.sk\/wp-content\/uploads\/2022\/01\/nuit-des-idees-scaled.jpg\",\"datePublished\":\"2022-01-20T09:38:27+00:00\",\"dateModified\":\"2022-01-28T10:28:03+00:00\",\"breadcrumb\":{\"@id\":\"https:\/\/institutfrancais.sk\/fr\/podujatie\/la-nuit-des-idees-grands-dialogues-europeens\/#breadcrumb\"},\"inLanguage\":\"fr-FR\",\"potentialAction\":[{\"@type\":\"ReadAction\",\"target\":[\"https:\/\/institutfrancais.sk\/fr\/podujatie\/la-nuit-des-idees-grands-dialogues-europeens\/\"]}]},{\"@type\":\"ImageObject\",\"inLanguage\":\"fr-FR\",\"@id\":\"https:\/\/institutfrancais.sk\/fr\/podujatie\/la-nuit-des-idees-grands-dialogues-europeens\/#primaryimage\",\"url\":\"https:\/\/institutfrancais.sk\/wp-content\/uploads\/2022\/01\/nuit-des-idees-scaled.jpg\",\"contentUrl\":\"https:\/\/institutfrancais.sk\/wp-content\/uploads\/2022\/01\/nuit-des-idees-scaled.jpg\",\"width\":2560,\"height\":1487},{\"@type\":\"BreadcrumbList\",\"@id\":\"https:\/\/institutfrancais.sk\/fr\/podujatie\/la-nuit-des-idees-grands-dialogues-europeens\/#breadcrumb\",\"itemListElement\":[{\"@type\":\"ListItem\",\"position\":1,\"name\":\"Home\",\"item\":\"https:\/\/institutfrancais.sk\/fr\/\"},{\"@type\":\"ListItem\",\"position\":2,\"name\":\"Events\",\"item\":\"https:\/\/institutfrancais.sk\/fr\/podujatie\/\"},{\"@type\":\"ListItem\",\"position\":3,\"name\":\"La Nuit des Id\u00e9es : grands dialogues europ\u00e9ens\"}]},{\"@type\":\"WebSite\",\"@id\":\"https:\/\/institutfrancais.sk\/fr\/#website\",\"url\":\"https:\/\/institutfrancais.sk\/fr\/\",\"name\":\"Franc\u00fazsky in\u0161tit\u00fat na Slovensku\",\"description\":\"Franc\u00fazsky in\u0161tit\u00fat na Slovensku\",\"potentialAction\":[{\"@type\":\"SearchAction\",\"target\":{\"@type\":\"EntryPoint\",\"urlTemplate\":\"https:\/\/institutfrancais.sk\/fr\/?s={search_term_string}\"},\"query-input\":{\"@type\":\"PropertyValueSpecification\",\"valueRequired\":true,\"valueName\":\"search_term_string\"}}],\"inLanguage\":\"fr-FR\"}]}<\/script>\n<!-- \/ Yoast SEO plugin. -->","yoast_head_json":{"title":"La Nuit des Id\u00e9es : grands dialogues europ\u00e9ens - Franc\u00fazsky in\u0161tit\u00fat na Slovensku","robots":{"index":"index","follow":"follow","max-snippet":"max-snippet:-1","max-image-preview":"max-image-preview:large","max-video-preview":"max-video-preview:-1"},"canonical":"https:\/\/institutfrancais.sk\/fr\/podujatie\/la-nuit-des-idees-grands-dialogues-europeens\/","og_locale":"fr_FR","og_type":"article","og_title":"La Nuit des Id\u00e9es : grands dialogues europ\u00e9ens - Franc\u00fazsky in\u0161tit\u00fat na Slovensku","og_description":"Initi\u00e9e en 2016 lors d\u2019une soir\u00e9e exceptionnelle qui a&nbsp;r\u00e9uni \u00e0 Paris de grandes voix fran\u00e7aises et internationales convi\u00e9es \u00e0 dialoguer autour des grands enjeux de notre temps, la Nuit des id\u00e9es s\u2019est tr\u00e8s vite impos\u00e9e dans l\u2019agenda fran\u00e7ais et international. Chaque ann\u00e9e, le dernier jeudi du mois de janvier, l\u2019Institut fran\u00e7ais invite tous les lieux [&hellip;]","og_url":"https:\/\/institutfrancais.sk\/fr\/podujatie\/la-nuit-des-idees-grands-dialogues-europeens\/","og_site_name":"Franc\u00fazsky in\u0161tit\u00fat na Slovensku","article_modified_time":"2022-01-28T10:28:03+00:00","og_image":[{"width":2560,"height":1487,"url":"https:\/\/institutfrancais.sk\/wp-content\/uploads\/2022\/01\/nuit-des-idees-scaled.jpg","type":"image\/jpeg"}],"twitter_card":"summary_large_image","twitter_misc":{"Dur\u00e9e de lecture estim\u00e9e":"3 minutes"},"schema":{"@context":"https:\/\/schema.org","@graph":[{"@type":"WebPage","@id":"https:\/\/institutfrancais.sk\/fr\/podujatie\/la-nuit-des-idees-grands-dialogues-europeens\/","url":"https:\/\/institutfrancais.sk\/fr\/podujatie\/la-nuit-des-idees-grands-dialogues-europeens\/","name":"La Nuit des Id\u00e9es : grands dialogues europ\u00e9ens - Franc\u00fazsky in\u0161tit\u00fat na Slovensku","isPartOf":{"@id":"https:\/\/institutfrancais.sk\/fr\/#website"},"primaryImageOfPage":{"@id":"https:\/\/institutfrancais.sk\/fr\/podujatie\/la-nuit-des-idees-grands-dialogues-europeens\/#primaryimage"},"image":{"@id":"https:\/\/institutfrancais.sk\/fr\/podujatie\/la-nuit-des-idees-grands-dialogues-europeens\/#primaryimage"},"thumbnailUrl":"https:\/\/institutfrancais.sk\/wp-content\/uploads\/2022\/01\/nuit-des-idees-scaled.jpg","datePublished":"2022-01-20T09:38:27+00:00","dateModified":"2022-01-28T10:28:03+00:00","breadcrumb":{"@id":"https:\/\/institutfrancais.sk\/fr\/podujatie\/la-nuit-des-idees-grands-dialogues-europeens\/#breadcrumb"},"inLanguage":"fr-FR","potentialAction":[{"@type":"ReadAction","target":["https:\/\/institutfrancais.sk\/fr\/podujatie\/la-nuit-des-idees-grands-dialogues-europeens\/"]}]},{"@type":"ImageObject","inLanguage":"fr-FR","@id":"https:\/\/institutfrancais.sk\/fr\/podujatie\/la-nuit-des-idees-grands-dialogues-europeens\/#primaryimage","url":"https:\/\/institutfrancais.sk\/wp-content\/uploads\/2022\/01\/nuit-des-idees-scaled.jpg","contentUrl":"https:\/\/institutfrancais.sk\/wp-content\/uploads\/2022\/01\/nuit-des-idees-scaled.jpg","width":2560,"height":1487},{"@type":"BreadcrumbList","@id":"https:\/\/institutfrancais.sk\/fr\/podujatie\/la-nuit-des-idees-grands-dialogues-europeens\/#breadcrumb","itemListElement":[{"@type":"ListItem","position":1,"name":"Home","item":"https:\/\/institutfrancais.sk\/fr\/"},{"@type":"ListItem","position":2,"name":"Events","item":"https:\/\/institutfrancais.sk\/fr\/podujatie\/"},{"@type":"ListItem","position":3,"name":"La Nuit des Id\u00e9es : grands dialogues europ\u00e9ens"}]},{"@type":"WebSite","@id":"https:\/\/institutfrancais.sk\/fr\/#website","url":"https:\/\/institutfrancais.sk\/fr\/","name":"Franc\u00fazsky in\u0161tit\u00fat na Slovensku","description":"Franc\u00fazsky in\u0161tit\u00fat na Slovensku","potentialAction":[{"@type":"SearchAction","target":{"@type":"EntryPoint","urlTemplate":"https:\/\/institutfrancais.sk\/fr\/?s={search_term_string}"},"query-input":{"@type":"PropertyValueSpecification","valueRequired":true,"valueName":"search_term_string"}}],"inLanguage":"fr-FR"}]}},"_links":{"self":[{"href":"https:\/\/institutfrancais.sk\/fr\/wp-json\/wp\/v2\/podujatie\/20855"}],"collection":[{"href":"https:\/\/institutfrancais.sk\/fr\/wp-json\/wp\/v2\/podujatie"}],"about":[{"href":"https:\/\/institutfrancais.sk\/fr\/wp-json\/wp\/v2\/types\/podujatie"}],"wp:featuredmedia":[{"embeddable":true,"href":"https:\/\/institutfrancais.sk\/fr\/wp-json\/wp\/v2\/media\/20856"}],"wp:attachment":[{"href":"https:\/\/institutfrancais.sk\/fr\/wp-json\/wp\/v2\/media?parent=20855"}],"wp:term":[{"taxonomy":"typ-podujatia","embeddable":true,"href":"https:\/\/institutfrancais.sk\/fr\/wp-json\/wp\/v2\/typ-podujatia?post=20855"}],"curies":[{"name":"wp","href":"https:\/\/api.w.org\/{rel}","templated":true}]}}