{"id":21063,"date":"2022-02-24T05:45:09","date_gmt":"2022-02-24T04:45:09","guid":{"rendered":"https:\/\/institutfrancais.sk\/?post_type=podujatie&#038;p=21063"},"modified":"2022-03-22T17:20:58","modified_gmt":"2022-03-22T16:20:58","slug":"reportage-radio","status":"publish","type":"podujatie","link":"https:\/\/institutfrancais.sk\/fr\/podujatie\/reportage-radio\/","title":{"rendered":"Les reportages sur la Francophonie avec l&rsquo;Alliance Fran\u00e7aise de Bansk\u00e1 Bystrica"},"content":{"rendered":"\n<ul><li>Pr\u00e9sentation de la <strong>francophonie \u00e0 Bansk\u00e1 Bystrica<\/strong>, avec la journaliste <strong>Silvia Hoffmannov\u00e1<\/strong> de <strong>R\u00e1dio Regina Stred<\/strong> et plusieurs acteurs de l&rsquo;Alliance fran\u00e7aise. Premi\u00e8re diffusion le<strong> 03.03 de 10h05 \u00e0 10h30.<\/strong><br><\/li><li><strong>Elvis Mashike Sukisa<\/strong>, n\u00e9 en R\u00e9publique D\u00e9mocratique du Congo, a&nbsp;jou\u00e9 en Ukraine, \u00e0 Zvolen, \u00e0 Liberec et \u00e9volue maintenant \u00e0 \u017dilina. L&rsquo;Alliance ira le rencontrer \u00e0 \u017dilina. A&nbsp;voir \u00e0 partir<strong> du 31 mars<\/strong>.<\/li><\/ul>\n\n\n<div class=\"text-center\"><a href=\"https:\/\/reginastred.rtvs.sk\/\" class=\"btn\" target=\"blank\" rel=\"noreferrer noopener\">A \u00e9couter sur Radio Regina&#8230;<\/a><\/div>\n\n<div class=\"space xxs\"><\/div>\n\n<div class=\"text-center\"><a href=\"https:\/\/www.youtube.com\/channel\/UCWxV9siFqKYs6DLi9Ra4TKg\" class=\"btn\" target=\"blank\" rel=\"noreferrer noopener\">&#8230;et \u00e0 voir sur YouTube<\/a><\/div>\n\n<div class=\"space sm\"><\/div>\n\n\n<figure class=\"wp-block-gallery columns-3 is-cropped wp-block-gallery-1 is-layout-flex wp-block-gallery-is-layout-flex\"><ul class=\"blocks-gallery-grid\"><li class=\"blocks-gallery-item\"><figure><img loading=\"lazy\" decoding=\"async\" width=\"694\" height=\"1024\" src=\"https:\/\/institutfrancais.sk\/wp-content\/uploads\/2022\/02\/5-694x1024.jpg\" alt=\"\" data-id=\"21350\" data-full-url=\"https:\/\/institutfrancais.sk\/wp-content\/uploads\/2022\/02\/5-scaled.jpg\" data-link=\"https:\/\/institutfrancais.sk\/fr\/podujatie\/reportage-radio\/5-8\/\" class=\"wp-image-21350\" srcset=\"https:\/\/institutfrancais.sk\/wp-content\/uploads\/2022\/02\/5-694x1024.jpg 694w, https:\/\/institutfrancais.sk\/wp-content\/uploads\/2022\/02\/5-203x300.jpg 203w, https:\/\/institutfrancais.sk\/wp-content\/uploads\/2022\/02\/5-768x1133.jpg 768w, https:\/\/institutfrancais.sk\/wp-content\/uploads\/2022\/02\/5-1041x1536.jpg 1041w, https:\/\/institutfrancais.sk\/wp-content\/uploads\/2022\/02\/5-1388x2048.jpg 1388w, https:\/\/institutfrancais.sk\/wp-content\/uploads\/2022\/02\/5-678x1000.jpg 678w, https:\/\/institutfrancais.sk\/wp-content\/uploads\/2022\/02\/5-scaled.jpg 1735w\" sizes=\"(max-width: 694px) 100vw, 694px\" \/><\/figure><\/li><li class=\"blocks-gallery-item\"><figure><img loading=\"lazy\" decoding=\"async\" width=\"802\" height=\"1024\" src=\"https:\/\/institutfrancais.sk\/wp-content\/uploads\/2022\/02\/6-802x1024.jpg\" alt=\"\" data-id=\"21352\" data-full-url=\"https:\/\/institutfrancais.sk\/wp-content\/uploads\/2022\/02\/6-scaled.jpg\" data-link=\"https:\/\/institutfrancais.sk\/fr\/podujatie\/reportage-radio\/6-7\/\" class=\"wp-image-21352\" srcset=\"https:\/\/institutfrancais.sk\/wp-content\/uploads\/2022\/02\/6-802x1024.jpg 802w, https:\/\/institutfrancais.sk\/wp-content\/uploads\/2022\/02\/6-235x300.jpg 235w, https:\/\/institutfrancais.sk\/wp-content\/uploads\/2022\/02\/6-768x980.jpg 768w, https:\/\/institutfrancais.sk\/wp-content\/uploads\/2022\/02\/6-1203x1536.jpg 1203w, https:\/\/institutfrancais.sk\/wp-content\/uploads\/2022\/02\/6-1604x2048.jpg 1604w, https:\/\/institutfrancais.sk\/wp-content\/uploads\/2022\/02\/6-783x1000.jpg 783w, https:\/\/institutfrancais.sk\/wp-content\/uploads\/2022\/02\/6-scaled.jpg 2005w\" sizes=\"(max-width: 802px) 100vw, 802px\" \/><\/figure><\/li><li class=\"blocks-gallery-item\"><figure><img loading=\"lazy\" decoding=\"async\" width=\"760\" height=\"1024\" src=\"https:\/\/institutfrancais.sk\/wp-content\/uploads\/2022\/02\/7-760x1024.jpg\" alt=\"\" data-id=\"21354\" data-full-url=\"https:\/\/institutfrancais.sk\/wp-content\/uploads\/2022\/02\/7-scaled.jpg\" data-link=\"https:\/\/institutfrancais.sk\/fr\/podujatie\/reportage-radio\/7-7\/\" class=\"wp-image-21354\" srcset=\"https:\/\/institutfrancais.sk\/wp-content\/uploads\/2022\/02\/7-760x1024.jpg 760w, https:\/\/institutfrancais.sk\/wp-content\/uploads\/2022\/02\/7-223x300.jpg 223w, https:\/\/institutfrancais.sk\/wp-content\/uploads\/2022\/02\/7-768x1035.jpg 768w, https:\/\/institutfrancais.sk\/wp-content\/uploads\/2022\/02\/7-1139x1536.jpg 1139w, https:\/\/institutfrancais.sk\/wp-content\/uploads\/2022\/02\/7-1519x2048.jpg 1519w, https:\/\/institutfrancais.sk\/wp-content\/uploads\/2022\/02\/7-742x1000.jpg 742w, https:\/\/institutfrancais.sk\/wp-content\/uploads\/2022\/02\/7-scaled.jpg 1899w\" sizes=\"(max-width: 760px) 100vw, 760px\" \/><\/figure><\/li><\/ul><\/figure>\n\n\n<div class=\"space md\"><\/div>\n\n\n<figure class=\"wp-block-embed is-type-video is-provider-youtube wp-block-embed-youtube wp-embed-aspect-16-9 wp-has-aspect-ratio\"><div class=\"wp-block-embed__wrapper\">\n<iframe loading=\"lazy\" title=\"Elvis, de Kinshasa \u00e0 \u017dilina \/ Elvis, z Kinshasy do \u017diliny (INTERVIEW)\" width=\"500\" height=\"281\" src=\"https:\/\/www.youtube.com\/embed\/BBozM8jB4dg?feature=oembed\" frameborder=\"0\" allow=\"accelerometer; autoplay; clipboard-write; encrypted-media; gyroscope; picture-in-picture; web-share\" referrerpolicy=\"strict-origin-when-cross-origin\" allowfullscreen><\/iframe>\n<\/div><\/figure>\n","protected":false},"featured_media":21123,"template":"","typ-podujatia":[184],"acf":[],"yoast_head":"<!-- This site is optimized with the Yoast SEO plugin v24.5 - https:\/\/yoast.com\/wordpress\/plugins\/seo\/ -->\n<title>Les reportages sur la Francophonie avec l&#039;Alliance Fran\u00e7aise de Bansk\u00e1 Bystrica - Franc\u00fazsky in\u0161tit\u00fat na Slovensku<\/title>\n<meta name=\"robots\" content=\"index, follow, max-snippet:-1, max-image-preview:large, max-video-preview:-1\" \/>\n<link rel=\"canonical\" href=\"https:\/\/institutfrancais.sk\/fr\/podujatie\/reportage-radio\/\" \/>\n<meta property=\"og:locale\" content=\"fr_FR\" \/>\n<meta property=\"og:type\" content=\"article\" \/>\n<meta property=\"og:title\" content=\"Les reportages sur la Francophonie avec l&#039;Alliance Fran\u00e7aise de Bansk\u00e1 Bystrica - Franc\u00fazsky in\u0161tit\u00fat na Slovensku\" \/>\n<meta property=\"og:description\" content=\"Pr\u00e9sentation de la francophonie \u00e0 Bansk\u00e1 Bystrica, avec la journaliste Silvia Hoffmannov\u00e1 de R\u00e1dio Regina Stred et plusieurs acteurs de l&rsquo;Alliance fran\u00e7aise. Premi\u00e8re diffusion le 03.03 de 10h05 \u00e0 10h30. Elvis Mashike Sukisa, n\u00e9 en R\u00e9publique D\u00e9mocratique du Congo, a&nbsp;jou\u00e9 en Ukraine, \u00e0 Zvolen, \u00e0 Liberec et \u00e9volue maintenant \u00e0 \u017dilina. L&rsquo;Alliance ira le rencontrer [&hellip;]\" \/>\n<meta property=\"og:url\" content=\"https:\/\/institutfrancais.sk\/fr\/podujatie\/reportage-radio\/\" \/>\n<meta property=\"og:site_name\" content=\"Franc\u00fazsky in\u0161tit\u00fat na Slovensku\" \/>\n<meta property=\"article:modified_time\" content=\"2022-03-22T16:20:58+00:00\" \/>\n<meta property=\"og:image\" content=\"https:\/\/institutfrancais.sk\/wp-content\/uploads\/2022\/02\/Emission-Radio-Photo-AFBB-scaled.jpg\" \/>\n\t<meta property=\"og:image:width\" content=\"2560\" \/>\n\t<meta property=\"og:image:height\" content=\"1846\" \/>\n\t<meta property=\"og:image:type\" content=\"image\/jpeg\" \/>\n<meta name=\"twitter:card\" content=\"summary_large_image\" \/>\n<meta name=\"twitter:label1\" content=\"Dur\u00e9e de lecture estim\u00e9e\" \/>\n\t<meta name=\"twitter:data1\" content=\"1 minute\" \/>\n<script type=\"application\/ld+json\" class=\"yoast-schema-graph\">{\"@context\":\"https:\/\/schema.org\",\"@graph\":[{\"@type\":\"WebPage\",\"@id\":\"https:\/\/institutfrancais.sk\/fr\/podujatie\/reportage-radio\/\",\"url\":\"https:\/\/institutfrancais.sk\/fr\/podujatie\/reportage-radio\/\",\"name\":\"Les reportages sur la Francophonie avec l'Alliance Fran\u00e7aise de Bansk\u00e1 Bystrica - Franc\u00fazsky in\u0161tit\u00fat na Slovensku\",\"isPartOf\":{\"@id\":\"https:\/\/institutfrancais.sk\/fr\/#website\"},\"primaryImageOfPage\":{\"@id\":\"https:\/\/institutfrancais.sk\/fr\/podujatie\/reportage-radio\/#primaryimage\"},\"image\":{\"@id\":\"https:\/\/institutfrancais.sk\/fr\/podujatie\/reportage-radio\/#primaryimage\"},\"thumbnailUrl\":\"https:\/\/institutfrancais.sk\/wp-content\/uploads\/2022\/02\/Emission-Radio-Photo-AFBB-scaled.jpg\",\"datePublished\":\"2022-02-24T04:45:09+00:00\",\"dateModified\":\"2022-03-22T16:20:58+00:00\",\"breadcrumb\":{\"@id\":\"https:\/\/institutfrancais.sk\/fr\/podujatie\/reportage-radio\/#breadcrumb\"},\"inLanguage\":\"fr-FR\",\"potentialAction\":[{\"@type\":\"ReadAction\",\"target\":[\"https:\/\/institutfrancais.sk\/fr\/podujatie\/reportage-radio\/\"]}]},{\"@type\":\"ImageObject\",\"inLanguage\":\"fr-FR\",\"@id\":\"https:\/\/institutfrancais.sk\/fr\/podujatie\/reportage-radio\/#primaryimage\",\"url\":\"https:\/\/institutfrancais.sk\/wp-content\/uploads\/2022\/02\/Emission-Radio-Photo-AFBB-scaled.jpg\",\"contentUrl\":\"https:\/\/institutfrancais.sk\/wp-content\/uploads\/2022\/02\/Emission-Radio-Photo-AFBB-scaled.jpg\",\"width\":2560,\"height\":1846},{\"@type\":\"BreadcrumbList\",\"@id\":\"https:\/\/institutfrancais.sk\/fr\/podujatie\/reportage-radio\/#breadcrumb\",\"itemListElement\":[{\"@type\":\"ListItem\",\"position\":1,\"name\":\"Home\",\"item\":\"https:\/\/institutfrancais.sk\/fr\/\"},{\"@type\":\"ListItem\",\"position\":2,\"name\":\"Events\",\"item\":\"https:\/\/institutfrancais.sk\/fr\/podujatie\/\"},{\"@type\":\"ListItem\",\"position\":3,\"name\":\"Les reportages sur la Francophonie avec l&#8217;Alliance Fran\u00e7aise de Bansk\u00e1 Bystrica\"}]},{\"@type\":\"WebSite\",\"@id\":\"https:\/\/institutfrancais.sk\/fr\/#website\",\"url\":\"https:\/\/institutfrancais.sk\/fr\/\",\"name\":\"Franc\u00fazsky in\u0161tit\u00fat na Slovensku\",\"description\":\"Franc\u00fazsky in\u0161tit\u00fat na Slovensku\",\"potentialAction\":[{\"@type\":\"SearchAction\",\"target\":{\"@type\":\"EntryPoint\",\"urlTemplate\":\"https:\/\/institutfrancais.sk\/fr\/?s={search_term_string}\"},\"query-input\":{\"@type\":\"PropertyValueSpecification\",\"valueRequired\":true,\"valueName\":\"search_term_string\"}}],\"inLanguage\":\"fr-FR\"}]}<\/script>\n<!-- \/ Yoast SEO plugin. -->","yoast_head_json":{"title":"Les reportages sur la Francophonie avec l'Alliance Fran\u00e7aise de Bansk\u00e1 Bystrica - Franc\u00fazsky in\u0161tit\u00fat na Slovensku","robots":{"index":"index","follow":"follow","max-snippet":"max-snippet:-1","max-image-preview":"max-image-preview:large","max-video-preview":"max-video-preview:-1"},"canonical":"https:\/\/institutfrancais.sk\/fr\/podujatie\/reportage-radio\/","og_locale":"fr_FR","og_type":"article","og_title":"Les reportages sur la Francophonie avec l'Alliance Fran\u00e7aise de Bansk\u00e1 Bystrica - Franc\u00fazsky in\u0161tit\u00fat na Slovensku","og_description":"Pr\u00e9sentation de la francophonie \u00e0 Bansk\u00e1 Bystrica, avec la journaliste Silvia Hoffmannov\u00e1 de R\u00e1dio Regina Stred et plusieurs acteurs de l&rsquo;Alliance fran\u00e7aise. Premi\u00e8re diffusion le 03.03 de 10h05 \u00e0 10h30. Elvis Mashike Sukisa, n\u00e9 en R\u00e9publique D\u00e9mocratique du Congo, a&nbsp;jou\u00e9 en Ukraine, \u00e0 Zvolen, \u00e0 Liberec et \u00e9volue maintenant \u00e0 \u017dilina. L&rsquo;Alliance ira le rencontrer [&hellip;]","og_url":"https:\/\/institutfrancais.sk\/fr\/podujatie\/reportage-radio\/","og_site_name":"Franc\u00fazsky in\u0161tit\u00fat na Slovensku","article_modified_time":"2022-03-22T16:20:58+00:00","og_image":[{"width":2560,"height":1846,"url":"https:\/\/institutfrancais.sk\/wp-content\/uploads\/2022\/02\/Emission-Radio-Photo-AFBB-scaled.jpg","type":"image\/jpeg"}],"twitter_card":"summary_large_image","twitter_misc":{"Dur\u00e9e de lecture estim\u00e9e":"1 minute"},"schema":{"@context":"https:\/\/schema.org","@graph":[{"@type":"WebPage","@id":"https:\/\/institutfrancais.sk\/fr\/podujatie\/reportage-radio\/","url":"https:\/\/institutfrancais.sk\/fr\/podujatie\/reportage-radio\/","name":"Les reportages sur la Francophonie avec l'Alliance Fran\u00e7aise de Bansk\u00e1 Bystrica - Franc\u00fazsky in\u0161tit\u00fat na Slovensku","isPartOf":{"@id":"https:\/\/institutfrancais.sk\/fr\/#website"},"primaryImageOfPage":{"@id":"https:\/\/institutfrancais.sk\/fr\/podujatie\/reportage-radio\/#primaryimage"},"image":{"@id":"https:\/\/institutfrancais.sk\/fr\/podujatie\/reportage-radio\/#primaryimage"},"thumbnailUrl":"https:\/\/institutfrancais.sk\/wp-content\/uploads\/2022\/02\/Emission-Radio-Photo-AFBB-scaled.jpg","datePublished":"2022-02-24T04:45:09+00:00","dateModified":"2022-03-22T16:20:58+00:00","breadcrumb":{"@id":"https:\/\/institutfrancais.sk\/fr\/podujatie\/reportage-radio\/#breadcrumb"},"inLanguage":"fr-FR","potentialAction":[{"@type":"ReadAction","target":["https:\/\/institutfrancais.sk\/fr\/podujatie\/reportage-radio\/"]}]},{"@type":"ImageObject","inLanguage":"fr-FR","@id":"https:\/\/institutfrancais.sk\/fr\/podujatie\/reportage-radio\/#primaryimage","url":"https:\/\/institutfrancais.sk\/wp-content\/uploads\/2022\/02\/Emission-Radio-Photo-AFBB-scaled.jpg","contentUrl":"https:\/\/institutfrancais.sk\/wp-content\/uploads\/2022\/02\/Emission-Radio-Photo-AFBB-scaled.jpg","width":2560,"height":1846},{"@type":"BreadcrumbList","@id":"https:\/\/institutfrancais.sk\/fr\/podujatie\/reportage-radio\/#breadcrumb","itemListElement":[{"@type":"ListItem","position":1,"name":"Home","item":"https:\/\/institutfrancais.sk\/fr\/"},{"@type":"ListItem","position":2,"name":"Events","item":"https:\/\/institutfrancais.sk\/fr\/podujatie\/"},{"@type":"ListItem","position":3,"name":"Les reportages sur la Francophonie avec l&#8217;Alliance Fran\u00e7aise de Bansk\u00e1 Bystrica"}]},{"@type":"WebSite","@id":"https:\/\/institutfrancais.sk\/fr\/#website","url":"https:\/\/institutfrancais.sk\/fr\/","name":"Franc\u00fazsky in\u0161tit\u00fat na Slovensku","description":"Franc\u00fazsky in\u0161tit\u00fat na Slovensku","potentialAction":[{"@type":"SearchAction","target":{"@type":"EntryPoint","urlTemplate":"https:\/\/institutfrancais.sk\/fr\/?s={search_term_string}"},"query-input":{"@type":"PropertyValueSpecification","valueRequired":true,"valueName":"search_term_string"}}],"inLanguage":"fr-FR"}]}},"_links":{"self":[{"href":"https:\/\/institutfrancais.sk\/fr\/wp-json\/wp\/v2\/podujatie\/21063"}],"collection":[{"href":"https:\/\/institutfrancais.sk\/fr\/wp-json\/wp\/v2\/podujatie"}],"about":[{"href":"https:\/\/institutfrancais.sk\/fr\/wp-json\/wp\/v2\/types\/podujatie"}],"wp:featuredmedia":[{"embeddable":true,"href":"https:\/\/institutfrancais.sk\/fr\/wp-json\/wp\/v2\/media\/21123"}],"wp:attachment":[{"href":"https:\/\/institutfrancais.sk\/fr\/wp-json\/wp\/v2\/media?parent=21063"}],"wp:term":[{"taxonomy":"typ-podujatia","embeddable":true,"href":"https:\/\/institutfrancais.sk\/fr\/wp-json\/wp\/v2\/typ-podujatia?post=21063"}],"curies":[{"name":"wp","href":"https:\/\/api.w.org\/{rel}","templated":true}]}}