{"id":21093,"date":"2022-02-07T10:54:26","date_gmt":"2022-02-07T09:54:26","guid":{"rendered":"https:\/\/institutfrancais.sk\/podujatie\/sprievodne-prednasky-k-vystave-skupina-a-r-a-rudolf-fila-pre-etienna-cornevina\/"},"modified":"2022-02-10T10:47:03","modified_gmt":"2022-02-10T09:47:03","slug":"sprievodne-prednasky-k-vystave-skupina-a-r-a-rudolf-fila-pre-etienna-cornevina","status":"publish","type":"podujatie","link":"https:\/\/institutfrancais.sk\/fr\/podujatie\/sprievodne-prednasky-k-vystave-skupina-a-r-a-rudolf-fila-pre-etienna-cornevina\/","title":{"rendered":"Programme d&rsquo;accompagnement de l&rsquo;exposition \u00ab\u00a0Groupe A-R et Rudolf Fila pour Etienne Cornevin\u00a0\u00bb"},"content":{"rendered":"\n<h2 class=\"wp-block-heading\"><strong>Mardi 15\/02&nbsp;2022 \u00e0 17:00<\/strong> <\/h2>\n\n\n\n<p><em><strong>Mission d&rsquo;Etienne<\/strong><\/em><br><strong>Jana Ger\u017eov\u00e1<\/strong>, r\u00e9dactrice en chef du magazine Profil<\/p>\n\n\n\n<p>J&rsquo;ai donn\u00e9 \u00e0 la conf\u00e9rence un nom qui sugg\u00e8re que l&rsquo;arriv\u00e9e d&rsquo;Etienne Cornevin (1950 &#8211;&nbsp;2016) en Slovaquie, pourtant pragmatique, avait un potentiel particulier encod\u00e9 en lui-m\u00eame d\u00e8s le d\u00e9part. Cela est d\u00e9j\u00e0 indiqu\u00e9 par la d\u00e9cision d&rsquo;un dipl\u00f4m\u00e9 de la Sorbonne \u00e0 Paris, pacifiste convaincu de venir dans un pays qui lui \u00e9tait inconnu pendant la guerre froide dans la sph\u00e8re d&rsquo;influence du bloc communiste de l&rsquo;Est. Il est arriv\u00e9 \u00e0 une \u00e9poque de dure normalisation (1976), repartant un an avant la chute du r\u00e9gime (1988). Je vais essayer de trouver des r\u00e9ponses \u00e0 la question de ce qu&rsquo;Etienne a&nbsp;donn\u00e9 \u00e0 la Slovaquie et de ce que la Slovaquie lui a&nbsp;donn\u00e9 en contrepartie, alors que je veux \u00e9viter toute glorification de lui, et j&rsquo;esp\u00e8re que m\u00eame les initiateurs de l&rsquo;exposition actuelle <em>Groupe A-R et Rudolf Fila pour Etienne Cornevin<\/em> n&rsquo;ont pas voulu lui \u00e9riger un monument. Ce serait contraire \u00e0 l&rsquo;esprit critique d&rsquo;Etienne, dont il a&nbsp;toujours fait preuve, m\u00eame l\u00e0 o\u00f9 on ne s&rsquo;y attendait pas. Je me concentrerai sur sa relation avec le groupe A-R qu&rsquo;il a&nbsp;co-fond\u00e9, sa rencontre cl\u00e9 avec le peintre Rudolf Fila, j&rsquo;analyserai sa mani\u00e8re de refl\u00e9ter l&rsquo;art de la sc\u00e8ne non officielle, son \u00e9criture non acad\u00e9mique distinctive ainsi que ses activit\u00e9s d&rsquo;expositions en mettant l&rsquo;accent sur l&rsquo;exposition 40 Artistes Tch\u00e8ques et Slovaques 1960-1990 (Paris, 1990), qui devait \u00eatre une continuation de la mission d&rsquo;Etienne dans sa France natale, mais qui ne s&rsquo;est pas d\u00e9roul\u00e9e selon ses (et nos) attentes.<\/p>\n\n\n\n<p>Jana Ger\u017eov\u00e1, r\u00e9dactrice en chef du magazine Profil de l\u2019art contemporain, <a href=\"http:\/\/www.profilart.sk\">www.profilart.sk<\/a><\/p>\n\n\n<div class=\"space sm\"><\/div>\n\n\n<h2 class=\"wp-block-heading\"><strong>Mercredi 23\/02&nbsp;2022 \u00e0 17:00<\/strong> <\/h2>\n\n\n\n<p><em><strong>Souvenirs d&rsquo;Etienne Cornevin avec attention \u00e0 ses textes, qu&rsquo;il a&nbsp;\u00e9crits lors de son s\u00e9jour en Slovaquie<\/strong><\/em> <br><strong>Zuzana Barto\u0161ov\u00e1, Ph.D.<\/strong>, chercheuse ind\u00e9pendante \u00e0 l&rsquo;Institut d&rsquo;histoire de l&rsquo;art CVU SAV<\/p>\n\n\n\n<p>Zuzana Barto\u0161ov\u00e1 a&nbsp;rencontr\u00e9 Etienne Cornevin en 1968 alors qu&rsquo;elle \u00e9tait \u00e9tudiante pendant son s\u00e9jour de vacances en France. Claude Greis, un camarade de lyc\u00e9e, le meilleur ami d\u2019Etienne \u00e0 cette p\u00e9riode, l&rsquo;avait connu d\u00e9j\u00e0 avant. Les souvenirs personnels de l&rsquo;un et de l&rsquo;autre ouvriront alors cette conf\u00e9rence, qui s&rsquo;attachera ensuite \u00e0 transmettre le message des textes d&rsquo;Etienne Cornevin, qu&rsquo;il a&nbsp;r\u00e9dig\u00e9 en Slovaquie, notamment sa th\u00e8se dont la majeure partie n&rsquo;est disponible qu&rsquo;en fran\u00e7ais.<\/p>\n\n\n<div class=\"space sm\"><\/div>\n\n<\/div><div class=\"lines-bg lines-bg-threeleft-g\"><div class=\"lines-bg lines-bg-absolute lines-bg-oneright-g\"><\/div><div class=\"wrap\"><div class=\"events articles-events\"><div class=\"row\"><div class=\"col-md-6 col-lg-4\"><a href=\"https:\/\/institutfrancais.sk\/fr\/podujatie\/exposition-groupe-a-r-et-rudolf-fila-pour-etienne-cornevin\/\" class=\"event \"><div class=\"bg\"><div class=\"bghdn\"><div class=\"img\" style=\"background-image:url(https:\/\/institutfrancais.sk\/wp-content\/uploads\/2022\/01\/skupina-a-r-1024x635.jpg)\"><\/div><\/div><span class=\"type\">exposition<\/span><\/div><div class=\"content\"><div class=\"meta\"><strong class=\"color-green\">2.2. &#8211;&nbsp;28.2.<\/strong><\/div><h3>Exposition \u00ab\u00a0Groupe A-R et Rudolf Fila pour Etienne Cornevin\u00a0\u00bb<\/h3><\/div><\/a><\/div><\/div><\/div><\/div><\/div><div class=\"wrap narrow-wrap\">\n\n<div class=\"space sm\"><\/div>\n\n<\/div><div class=\"gray-bg\"><div class=\"cta-box\"><div class=\"wrap narrow-wrap\"><div class=\"content\"><div class=\"cta-box-content\"><div class=\"left-side\"><div class=\"left-content\"><h2>Jeu concours : gagnez le livre d&rsquo;Alexander Balogh<\/h2>\n<p>Vous souhaitez tenter votre chance et gagner ce livre paru aux Editions de Denn\u00edk N ? Participez \u00e0 notre jeu concours sur Facebook du 9 f\u00e9vrier (20:00) au 14 f\u00e9vrier 2022 (12:00).<\/p>\n<\/div><a class=\"btn btn-white\" href=\"https:\/\/www.facebook.com\/ifslovaquie\">Suivez-nous<\/a><\/div><div class=\"right-side\"><div class=\"right-content\"><p><img loading=\"lazy\" decoding=\"async\" class=\"size-medium wp-image-21088 alignright\" src=\"https:\/\/institutfrancais.sk\/wp-content\/uploads\/2022\/02\/sutaz-300x300.jpg\" alt=\"\" width=\"300\" height=\"300\" srcset=\"https:\/\/institutfrancais.sk\/wp-content\/uploads\/2022\/02\/sutaz-300x300.jpg 300w, https:\/\/institutfrancais.sk\/wp-content\/uploads\/2022\/02\/sutaz-1024x1024.jpg 1024w, https:\/\/institutfrancais.sk\/wp-content\/uploads\/2022\/02\/sutaz-150x150.jpg 150w, https:\/\/institutfrancais.sk\/wp-content\/uploads\/2022\/02\/sutaz-768x768.jpg 768w, https:\/\/institutfrancais.sk\/wp-content\/uploads\/2022\/02\/sutaz-1536x1536.jpg 1536w, https:\/\/institutfrancais.sk\/wp-content\/uploads\/2022\/02\/sutaz-2048x2048.jpg 2048w, https:\/\/institutfrancais.sk\/wp-content\/uploads\/2022\/02\/sutaz-1000x1000.jpg 1000w\" sizes=\"(max-width: 300px) 100vw, 300px\" \/><\/p>\n<\/div><\/div><\/div><\/div><\/div><\/div><\/div><div class=\"wrap narrow-wrap\">\n\n<div class=\"space sm\"><\/div>\n\n<\/div><iframe loading=\"lazy\" src=\"https:\/\/www.google.com\/maps\/embed?pb=!1m18!1m12!1m3!1d2662.2735746915087!2d17.10532635165492!3d48.14353077912193!2m3!1f0!2f0!3f0!3m2!1i1024!2i768!4f13.1!3m3!1m2!1s0x476c8942d3867d0f%3A0xf92cfa7be90ee73!2zRnJhbmPDunpza3kgaW7FoXRpdMO6dA!5e0!3m2!1ssk!2ssk!4v1575902399794!5m2!1ssk!2ssk\" width=\"100%\" height=\"558\" frameborder=\"0\" class=\"gmap-iframe\" allowfullscreen=\"\"><\/iframe><div class=\"wrap narrow-wrap\">","protected":false},"featured_media":21087,"template":"","typ-podujatia":[53,56,218],"acf":[],"yoast_head":"<!-- This site is optimized with the Yoast SEO plugin v24.5 - https:\/\/yoast.com\/wordpress\/plugins\/seo\/ -->\n<title>Programme d&#039;accompagnement de l&#039;exposition &quot;Groupe A-R et Rudolf Fila pour Etienne Cornevin&quot; - Franc\u00fazsky in\u0161tit\u00fat na Slovensku<\/title>\n<meta name=\"description\" content=\"Etienne Cornevin: Sprievodn\u00e9 predn\u00e1\u0161ky k v\u00fdstave &quot;Skupina A-R a Rudolf Fila pre Etienna Cornevina&quot; 15. a 23. febru\u00e1ra 2022\" \/>\n<meta name=\"robots\" content=\"index, follow, max-snippet:-1, max-image-preview:large, max-video-preview:-1\" \/>\n<link rel=\"canonical\" href=\"https:\/\/institutfrancais.sk\/fr\/podujatie\/sprievodne-prednasky-k-vystave-skupina-a-r-a-rudolf-fila-pre-etienna-cornevina\/\" \/>\n<meta property=\"og:locale\" content=\"fr_FR\" \/>\n<meta property=\"og:type\" content=\"article\" \/>\n<meta property=\"og:title\" content=\"Programme d&#039;accompagnement de l&#039;exposition &quot;Groupe A-R et Rudolf Fila pour Etienne Cornevin&quot; - Franc\u00fazsky in\u0161tit\u00fat na Slovensku\" \/>\n<meta property=\"og:description\" content=\"Etienne Cornevin: Sprievodn\u00e9 predn\u00e1\u0161ky k v\u00fdstave &quot;Skupina A-R a Rudolf Fila pre Etienna Cornevina&quot; 15. a 23. febru\u00e1ra 2022\" \/>\n<meta property=\"og:url\" content=\"https:\/\/institutfrancais.sk\/fr\/podujatie\/sprievodne-prednasky-k-vystave-skupina-a-r-a-rudolf-fila-pre-etienna-cornevina\/\" \/>\n<meta property=\"og:site_name\" content=\"Franc\u00fazsky in\u0161tit\u00fat na Slovensku\" \/>\n<meta property=\"article:modified_time\" content=\"2022-02-10T09:47:03+00:00\" \/>\n<meta property=\"og:image\" content=\"https:\/\/institutfrancais.sk\/wp-content\/uploads\/2022\/02\/thumbail-scaled.jpg\" \/>\n\t<meta property=\"og:image:width\" content=\"2560\" \/>\n\t<meta property=\"og:image:height\" content=\"1650\" \/>\n\t<meta property=\"og:image:type\" content=\"image\/jpeg\" \/>\n<meta name=\"twitter:card\" content=\"summary_large_image\" \/>\n<meta name=\"twitter:label1\" content=\"Dur\u00e9e de lecture estim\u00e9e\" \/>\n\t<meta name=\"twitter:data1\" content=\"3 minutes\" \/>\n<script type=\"application\/ld+json\" class=\"yoast-schema-graph\">{\"@context\":\"https:\/\/schema.org\",\"@graph\":[{\"@type\":\"WebPage\",\"@id\":\"https:\/\/institutfrancais.sk\/fr\/podujatie\/sprievodne-prednasky-k-vystave-skupina-a-r-a-rudolf-fila-pre-etienna-cornevina\/\",\"url\":\"https:\/\/institutfrancais.sk\/fr\/podujatie\/sprievodne-prednasky-k-vystave-skupina-a-r-a-rudolf-fila-pre-etienna-cornevina\/\",\"name\":\"Programme d'accompagnement de l'exposition \\\"Groupe A-R et Rudolf Fila pour Etienne Cornevin\\\" - Franc\u00fazsky in\u0161tit\u00fat na Slovensku\",\"isPartOf\":{\"@id\":\"https:\/\/institutfrancais.sk\/fr\/#website\"},\"primaryImageOfPage\":{\"@id\":\"https:\/\/institutfrancais.sk\/fr\/podujatie\/sprievodne-prednasky-k-vystave-skupina-a-r-a-rudolf-fila-pre-etienna-cornevina\/#primaryimage\"},\"image\":{\"@id\":\"https:\/\/institutfrancais.sk\/fr\/podujatie\/sprievodne-prednasky-k-vystave-skupina-a-r-a-rudolf-fila-pre-etienna-cornevina\/#primaryimage\"},\"thumbnailUrl\":\"https:\/\/institutfrancais.sk\/wp-content\/uploads\/2022\/02\/thumbail-scaled.jpg\",\"datePublished\":\"2022-02-07T09:54:26+00:00\",\"dateModified\":\"2022-02-10T09:47:03+00:00\",\"description\":\"Etienne Cornevin: Sprievodn\u00e9 predn\u00e1\u0161ky k v\u00fdstave \\\"Skupina A-R a Rudolf Fila pre Etienna Cornevina\\\" 15. a 23. febru\u00e1ra 2022\",\"breadcrumb\":{\"@id\":\"https:\/\/institutfrancais.sk\/fr\/podujatie\/sprievodne-prednasky-k-vystave-skupina-a-r-a-rudolf-fila-pre-etienna-cornevina\/#breadcrumb\"},\"inLanguage\":\"fr-FR\",\"potentialAction\":[{\"@type\":\"ReadAction\",\"target\":[\"https:\/\/institutfrancais.sk\/fr\/podujatie\/sprievodne-prednasky-k-vystave-skupina-a-r-a-rudolf-fila-pre-etienna-cornevina\/\"]}]},{\"@type\":\"ImageObject\",\"inLanguage\":\"fr-FR\",\"@id\":\"https:\/\/institutfrancais.sk\/fr\/podujatie\/sprievodne-prednasky-k-vystave-skupina-a-r-a-rudolf-fila-pre-etienna-cornevina\/#primaryimage\",\"url\":\"https:\/\/institutfrancais.sk\/wp-content\/uploads\/2022\/02\/thumbail-scaled.jpg\",\"contentUrl\":\"https:\/\/institutfrancais.sk\/wp-content\/uploads\/2022\/02\/thumbail-scaled.jpg\",\"width\":2560,\"height\":1650},{\"@type\":\"BreadcrumbList\",\"@id\":\"https:\/\/institutfrancais.sk\/fr\/podujatie\/sprievodne-prednasky-k-vystave-skupina-a-r-a-rudolf-fila-pre-etienna-cornevina\/#breadcrumb\",\"itemListElement\":[{\"@type\":\"ListItem\",\"position\":1,\"name\":\"Home\",\"item\":\"https:\/\/institutfrancais.sk\/fr\/\"},{\"@type\":\"ListItem\",\"position\":2,\"name\":\"Events\",\"item\":\"https:\/\/institutfrancais.sk\/fr\/podujatie\/\"},{\"@type\":\"ListItem\",\"position\":3,\"name\":\"Programme d&#8217;accompagnement de l&#8217;exposition &#8222;Groupe A-R et Rudolf Fila pour Etienne Cornevin&#8220;\"}]},{\"@type\":\"WebSite\",\"@id\":\"https:\/\/institutfrancais.sk\/fr\/#website\",\"url\":\"https:\/\/institutfrancais.sk\/fr\/\",\"name\":\"Franc\u00fazsky in\u0161tit\u00fat na Slovensku\",\"description\":\"Franc\u00fazsky in\u0161tit\u00fat na Slovensku\",\"potentialAction\":[{\"@type\":\"SearchAction\",\"target\":{\"@type\":\"EntryPoint\",\"urlTemplate\":\"https:\/\/institutfrancais.sk\/fr\/?s={search_term_string}\"},\"query-input\":{\"@type\":\"PropertyValueSpecification\",\"valueRequired\":true,\"valueName\":\"search_term_string\"}}],\"inLanguage\":\"fr-FR\"}]}<\/script>\n<!-- \/ Yoast SEO plugin. -->","yoast_head_json":{"title":"Programme d'accompagnement de l'exposition \"Groupe A-R et Rudolf Fila pour Etienne Cornevin\" - Franc\u00fazsky in\u0161tit\u00fat na Slovensku","description":"Etienne Cornevin: Sprievodn\u00e9 predn\u00e1\u0161ky k v\u00fdstave \"Skupina A-R a Rudolf Fila pre Etienna Cornevina\" 15. a 23. febru\u00e1ra 2022","robots":{"index":"index","follow":"follow","max-snippet":"max-snippet:-1","max-image-preview":"max-image-preview:large","max-video-preview":"max-video-preview:-1"},"canonical":"https:\/\/institutfrancais.sk\/fr\/podujatie\/sprievodne-prednasky-k-vystave-skupina-a-r-a-rudolf-fila-pre-etienna-cornevina\/","og_locale":"fr_FR","og_type":"article","og_title":"Programme d'accompagnement de l'exposition \"Groupe A-R et Rudolf Fila pour Etienne Cornevin\" - Franc\u00fazsky in\u0161tit\u00fat na Slovensku","og_description":"Etienne Cornevin: Sprievodn\u00e9 predn\u00e1\u0161ky k v\u00fdstave \"Skupina A-R a Rudolf Fila pre Etienna Cornevina\" 15. a 23. febru\u00e1ra 2022","og_url":"https:\/\/institutfrancais.sk\/fr\/podujatie\/sprievodne-prednasky-k-vystave-skupina-a-r-a-rudolf-fila-pre-etienna-cornevina\/","og_site_name":"Franc\u00fazsky in\u0161tit\u00fat na Slovensku","article_modified_time":"2022-02-10T09:47:03+00:00","og_image":[{"width":2560,"height":1650,"url":"https:\/\/institutfrancais.sk\/wp-content\/uploads\/2022\/02\/thumbail-scaled.jpg","type":"image\/jpeg"}],"twitter_card":"summary_large_image","twitter_misc":{"Dur\u00e9e de lecture estim\u00e9e":"3 minutes"},"schema":{"@context":"https:\/\/schema.org","@graph":[{"@type":"WebPage","@id":"https:\/\/institutfrancais.sk\/fr\/podujatie\/sprievodne-prednasky-k-vystave-skupina-a-r-a-rudolf-fila-pre-etienna-cornevina\/","url":"https:\/\/institutfrancais.sk\/fr\/podujatie\/sprievodne-prednasky-k-vystave-skupina-a-r-a-rudolf-fila-pre-etienna-cornevina\/","name":"Programme d'accompagnement de l'exposition \"Groupe A-R et Rudolf Fila pour Etienne Cornevin\" - Franc\u00fazsky in\u0161tit\u00fat na Slovensku","isPartOf":{"@id":"https:\/\/institutfrancais.sk\/fr\/#website"},"primaryImageOfPage":{"@id":"https:\/\/institutfrancais.sk\/fr\/podujatie\/sprievodne-prednasky-k-vystave-skupina-a-r-a-rudolf-fila-pre-etienna-cornevina\/#primaryimage"},"image":{"@id":"https:\/\/institutfrancais.sk\/fr\/podujatie\/sprievodne-prednasky-k-vystave-skupina-a-r-a-rudolf-fila-pre-etienna-cornevina\/#primaryimage"},"thumbnailUrl":"https:\/\/institutfrancais.sk\/wp-content\/uploads\/2022\/02\/thumbail-scaled.jpg","datePublished":"2022-02-07T09:54:26+00:00","dateModified":"2022-02-10T09:47:03+00:00","description":"Etienne Cornevin: Sprievodn\u00e9 predn\u00e1\u0161ky k v\u00fdstave \"Skupina A-R a Rudolf Fila pre Etienna Cornevina\" 15. a 23. febru\u00e1ra 2022","breadcrumb":{"@id":"https:\/\/institutfrancais.sk\/fr\/podujatie\/sprievodne-prednasky-k-vystave-skupina-a-r-a-rudolf-fila-pre-etienna-cornevina\/#breadcrumb"},"inLanguage":"fr-FR","potentialAction":[{"@type":"ReadAction","target":["https:\/\/institutfrancais.sk\/fr\/podujatie\/sprievodne-prednasky-k-vystave-skupina-a-r-a-rudolf-fila-pre-etienna-cornevina\/"]}]},{"@type":"ImageObject","inLanguage":"fr-FR","@id":"https:\/\/institutfrancais.sk\/fr\/podujatie\/sprievodne-prednasky-k-vystave-skupina-a-r-a-rudolf-fila-pre-etienna-cornevina\/#primaryimage","url":"https:\/\/institutfrancais.sk\/wp-content\/uploads\/2022\/02\/thumbail-scaled.jpg","contentUrl":"https:\/\/institutfrancais.sk\/wp-content\/uploads\/2022\/02\/thumbail-scaled.jpg","width":2560,"height":1650},{"@type":"BreadcrumbList","@id":"https:\/\/institutfrancais.sk\/fr\/podujatie\/sprievodne-prednasky-k-vystave-skupina-a-r-a-rudolf-fila-pre-etienna-cornevina\/#breadcrumb","itemListElement":[{"@type":"ListItem","position":1,"name":"Home","item":"https:\/\/institutfrancais.sk\/fr\/"},{"@type":"ListItem","position":2,"name":"Events","item":"https:\/\/institutfrancais.sk\/fr\/podujatie\/"},{"@type":"ListItem","position":3,"name":"Programme d&#8217;accompagnement de l&#8217;exposition &#8222;Groupe A-R et Rudolf Fila pour Etienne Cornevin&#8220;"}]},{"@type":"WebSite","@id":"https:\/\/institutfrancais.sk\/fr\/#website","url":"https:\/\/institutfrancais.sk\/fr\/","name":"Franc\u00fazsky in\u0161tit\u00fat na Slovensku","description":"Franc\u00fazsky in\u0161tit\u00fat na Slovensku","potentialAction":[{"@type":"SearchAction","target":{"@type":"EntryPoint","urlTemplate":"https:\/\/institutfrancais.sk\/fr\/?s={search_term_string}"},"query-input":{"@type":"PropertyValueSpecification","valueRequired":true,"valueName":"search_term_string"}}],"inLanguage":"fr-FR"}]}},"_links":{"self":[{"href":"https:\/\/institutfrancais.sk\/fr\/wp-json\/wp\/v2\/podujatie\/21093"}],"collection":[{"href":"https:\/\/institutfrancais.sk\/fr\/wp-json\/wp\/v2\/podujatie"}],"about":[{"href":"https:\/\/institutfrancais.sk\/fr\/wp-json\/wp\/v2\/types\/podujatie"}],"wp:featuredmedia":[{"embeddable":true,"href":"https:\/\/institutfrancais.sk\/fr\/wp-json\/wp\/v2\/media\/21087"}],"wp:attachment":[{"href":"https:\/\/institutfrancais.sk\/fr\/wp-json\/wp\/v2\/media?parent=21093"}],"wp:term":[{"taxonomy":"typ-podujatia","embeddable":true,"href":"https:\/\/institutfrancais.sk\/fr\/wp-json\/wp\/v2\/typ-podujatia?post=21093"}],"curies":[{"name":"wp","href":"https:\/\/api.w.org\/{rel}","templated":true}]}}