{"id":21249,"date":"2022-02-21T19:06:28","date_gmt":"2022-02-21T18:06:28","guid":{"rendered":"https:\/\/institutfrancais.sk\/podujatie\/cafe-europa-digitalne-media-a-nezavislost-medii\/"},"modified":"2022-03-01T15:15:27","modified_gmt":"2022-03-01T14:15:27","slug":"cafe-europa-digitalne-media-a-nezavislost-medii","status":"publish","type":"podujatie","link":"https:\/\/institutfrancais.sk\/fr\/podujatie\/cafe-europa-digitalne-media-a-nezavislost-medii\/","title":{"rendered":"Caf\u00e9 Europa : d\u00e9sinformation et libert\u00e9 de la presse dans le contexte de guerre en Ukraine"},"content":{"rendered":"\n<p>A Bratislava, cette rencontre aura lieu \u00e0 Nov\u00e1 Cvernovka.<strong> Les journalistes Filip Struh\u00e1rik, du quotidien Denn\u00edk N ;&nbsp;et <\/strong>Jean-Baptiste Chastand, correspondant en Europe centrale du quotidien fran\u00e7ais Le Monde, discuteront du sujet de la d\u00e9sinformation et libert\u00e9 de la presse dans le contexte de guerre en Ukraine dans un d\u00e9bat mod\u00e9r\u00e9 par Patrik Lenghart et Radoslav Marek, \u00e9tudiants en journalisme de l\u2019Universit\u00e9 Constantin le philosophe \u00e0 Nitra o\u00f9 \u00e9tudiait J\u00e1n Kuciak.<\/p>\n\n\n<div class=\"space xs\"><\/div>\n\n<div class=\"text-center\"><a href=\"https:\/\/forms.gle\/JKkdEbpJ6afAwhu48 \" class=\"btn\" target=\"blank\" rel=\"noreferrer noopener\">inscription<\/a><\/div>\n\n<div class=\"space xs\"><\/div>\n\n<div class=\"text-center\"><a href=\"https:\/\/fb.me\/e\/2riSFxd44\" class=\"btn\" target=\"blank\" rel=\"noreferrer noopener\">Facebook event<\/a><\/div>\n\n<div class=\"space xs\"><\/div>\n\n\n<p><strong>Cet \u00e9v\u00e9nement se d\u00e9roulera en anglais<\/strong>. <\/p>\n\n\n<div class=\"space xs\"><\/div>\n\n\n<p><em>Petit-d\u00e9jeuner \u00e0 disposition \u00e0 partir de 10:00 <\/em><br><\/p>\n\n\n<div class=\"space xs\"><\/div>\n\n\n<p><em>Cet \u00e9v\u00e8nement est organis\u00e9 dans le cadre de la Pr\u00e9sidence fran\u00e7aise de l\u2019Union europ\u00e9enne par l\u2019Institut fran\u00e7ais, en coop\u00e9ration avec le bureau de liaison de la Commission europ\u00e9enne en Slovaquie. <\/em><\/p>\n\n\n\n<figure class=\"wp-block-image size-large is-resized is-style-rounded\"><img loading=\"lazy\" decoding=\"async\" src=\"https:\/\/institutfrancais.sk\/wp-content\/uploads\/2022\/01\/logo-PFUE-1024x341.jpg\" alt=\"\" class=\"wp-image-20825\" width=\"256\" height=\"85\" srcset=\"https:\/\/institutfrancais.sk\/wp-content\/uploads\/2022\/01\/logo-PFUE-1024x341.jpg 1024w, https:\/\/institutfrancais.sk\/wp-content\/uploads\/2022\/01\/logo-PFUE-300x100.jpg 300w, https:\/\/institutfrancais.sk\/wp-content\/uploads\/2022\/01\/logo-PFUE-768x256.jpg 768w, https:\/\/institutfrancais.sk\/wp-content\/uploads\/2022\/01\/logo-PFUE-1190x397.jpg 1190w, https:\/\/institutfrancais.sk\/wp-content\/uploads\/2022\/01\/logo-PFUE.jpg 1500w\" sizes=\"(max-width: 256px) 100vw, 256px\" \/><\/figure>\n\n\n<div class=\"space xs\"><\/div>\n\n\n<h2 class=\"wp-block-heading\">#StandWithUkraine<\/h2>\n\n\n<div class=\"space xs\"><\/div>\n\n<\/div><div class=\"gray-bg\"><div class=\"wrap\"><div class=\"white-boxes sponsors-partners nobtn\"><h2><span>Partenaires<\/span><\/h2><div class=\"box\"><h3>Partenaires<\/h3><div class=\"owl-carousel loop-5\"><div class=\"img\"><picture><source srcset=\"https:\/\/institutfrancais.sk\/wp-content\/uploads\/2022\/02\/logo_ce-sk-rvb-hr-300x208.jpg\" type=\"image\/jpeg\"><img decoding=\"async\" src=\"https:\/\/institutfrancais.sk\/wp-content\/uploads\/2022\/02\/logo_ce-sk-rvb-hr-300x208.jpg\" alt=\"\"width=\"100%\"\"><\/picture><\/div><div class=\"img\"><picture><source srcset=\"https:\/\/institutfrancais.sk\/wp-content\/uploads\/2022\/02\/CElogo-300x300.png\" type=\"image\/jpeg\"><img decoding=\"async\" src=\"https:\/\/institutfrancais.sk\/wp-content\/uploads\/2022\/02\/CElogo-300x300.png\" alt=\"\"width=\"100%\"\"><\/picture><\/div><div class=\"img\"><picture><source srcset=\"https:\/\/institutfrancais.sk\/wp-content\/uploads\/2022\/02\/logo-nova-cvernovka-page-001-300x156.jpg\" type=\"image\/jpeg\"><img decoding=\"async\" src=\"https:\/\/institutfrancais.sk\/wp-content\/uploads\/2022\/02\/logo-nova-cvernovka-page-001-300x156.jpg\" alt=\"\"width=\"100%\"\"><\/picture><\/div><div class=\"img\"><picture><source srcset=\"https:\/\/institutfrancais.sk\/wp-content\/uploads\/2022\/02\/17522957_478426562548482_2982390290942766844_n-300x300.jpg\" type=\"image\/jpeg\"><img decoding=\"async\" src=\"https:\/\/institutfrancais.sk\/wp-content\/uploads\/2022\/02\/17522957_478426562548482_2982390290942766844_n-300x300.jpg\" alt=\"\"width=\"100%\"\"><\/picture><\/div><div class=\"img\"><picture><source srcset=\"https:\/\/institutfrancais.sk\/wp-content\/uploads\/2021\/02\/GO-OUT-300x151.jpg\" type=\"image\/jpeg\"><img decoding=\"async\" src=\"https:\/\/institutfrancais.sk\/wp-content\/uploads\/2021\/02\/GO-OUT-300x151.jpg\" alt=\"\"width=\"100%\"\"><\/picture><\/div><\/div><\/div><\/div><\/div><\/div><\/div><div class=\"wrap narrow-wrap\">\n\n<\/div><iframe loading=\"lazy\" src=\"https:\/\/www.google.com\/maps\/embed?pb=!1m18!1m12!1m3!1d2660.219858968886!2d17.12950201581936!3d48.183115255966825!2m3!1f0!2f0!3f0!3m2!1i1024!2i768!4f13.1!3m3!1m2!1s0x476c8e99fd8c067d%3A0xee0e888711184975!2sNov%C3%A1%20Cvernovka!5e0!3m2!1ssk!2ssk!4v1645466480138!5m2!1ssk!2ssk\" width=\"100%\" height=\"558\" frameborder=\"0\" class=\"gmap-iframe\" allowfullscreen=\"\"><\/iframe><div class=\"wrap narrow-wrap\">","protected":false},"featured_media":21239,"template":"","typ-podujatia":[53],"acf":[],"yoast_head":"<!-- This site is optimized with the Yoast SEO plugin v24.5 - https:\/\/yoast.com\/wordpress\/plugins\/seo\/ -->\n<title>Caf\u00e9 Europa : d\u00e9sinformation et libert\u00e9 de la presse dans le contexte de guerre en Ukraine - Franc\u00fazsky in\u0161tit\u00fat na Slovensku<\/title>\n<meta name=\"description\" content=\"V sobotu 5. marca 2022 organizuje Franc\u00fazsky in\u0161tit\u00fat diskusn\u00e9 stretnutie s novin\u00e1rmi o ot\u00e1zke nez\u00e1vislosti m\u00e9di\u00ed.\" \/>\n<meta name=\"robots\" content=\"index, follow, max-snippet:-1, max-image-preview:large, max-video-preview:-1\" \/>\n<link rel=\"canonical\" href=\"https:\/\/institutfrancais.sk\/fr\/podujatie\/cafe-europa-digitalne-media-a-nezavislost-medii\/\" \/>\n<meta property=\"og:locale\" content=\"fr_FR\" \/>\n<meta property=\"og:type\" content=\"article\" \/>\n<meta property=\"og:title\" content=\"Caf\u00e9 Europa : d\u00e9sinformation et libert\u00e9 de la presse dans le contexte de guerre en Ukraine - Franc\u00fazsky in\u0161tit\u00fat na Slovensku\" \/>\n<meta property=\"og:description\" content=\"V sobotu 5. marca 2022 organizuje Franc\u00fazsky in\u0161tit\u00fat diskusn\u00e9 stretnutie s novin\u00e1rmi o ot\u00e1zke nez\u00e1vislosti m\u00e9di\u00ed.\" \/>\n<meta property=\"og:url\" content=\"https:\/\/institutfrancais.sk\/fr\/podujatie\/cafe-europa-digitalne-media-a-nezavislost-medii\/\" \/>\n<meta property=\"og:site_name\" content=\"Franc\u00fazsky in\u0161tit\u00fat na Slovensku\" \/>\n<meta property=\"article:modified_time\" content=\"2022-03-01T14:15:27+00:00\" \/>\n<meta property=\"og:image\" content=\"https:\/\/institutfrancais.sk\/wp-content\/uploads\/2022\/02\/CAFE-EUROPA-WEB.png\" \/>\n\t<meta property=\"og:image:width\" content=\"8000\" \/>\n\t<meta property=\"og:image:height\" content=\"4500\" \/>\n\t<meta property=\"og:image:type\" content=\"image\/png\" \/>\n<meta name=\"twitter:card\" content=\"summary_large_image\" \/>\n<meta name=\"twitter:label1\" content=\"Dur\u00e9e de lecture estim\u00e9e\" \/>\n\t<meta name=\"twitter:data1\" content=\"1 minute\" \/>\n<script type=\"application\/ld+json\" class=\"yoast-schema-graph\">{\"@context\":\"https:\/\/schema.org\",\"@graph\":[{\"@type\":\"WebPage\",\"@id\":\"https:\/\/institutfrancais.sk\/fr\/podujatie\/cafe-europa-digitalne-media-a-nezavislost-medii\/\",\"url\":\"https:\/\/institutfrancais.sk\/fr\/podujatie\/cafe-europa-digitalne-media-a-nezavislost-medii\/\",\"name\":\"Caf\u00e9 Europa : d\u00e9sinformation et libert\u00e9 de la presse dans le contexte de guerre en Ukraine - Franc\u00fazsky in\u0161tit\u00fat na Slovensku\",\"isPartOf\":{\"@id\":\"https:\/\/institutfrancais.sk\/fr\/#website\"},\"primaryImageOfPage\":{\"@id\":\"https:\/\/institutfrancais.sk\/fr\/podujatie\/cafe-europa-digitalne-media-a-nezavislost-medii\/#primaryimage\"},\"image\":{\"@id\":\"https:\/\/institutfrancais.sk\/fr\/podujatie\/cafe-europa-digitalne-media-a-nezavislost-medii\/#primaryimage\"},\"thumbnailUrl\":\"https:\/\/institutfrancais.sk\/wp-content\/uploads\/2022\/02\/CAFE-EUROPA-WEB.png\",\"datePublished\":\"2022-02-21T18:06:28+00:00\",\"dateModified\":\"2022-03-01T14:15:27+00:00\",\"description\":\"V sobotu 5. marca 2022 organizuje Franc\u00fazsky in\u0161tit\u00fat diskusn\u00e9 stretnutie s novin\u00e1rmi o ot\u00e1zke nez\u00e1vislosti m\u00e9di\u00ed.\",\"breadcrumb\":{\"@id\":\"https:\/\/institutfrancais.sk\/fr\/podujatie\/cafe-europa-digitalne-media-a-nezavislost-medii\/#breadcrumb\"},\"inLanguage\":\"fr-FR\",\"potentialAction\":[{\"@type\":\"ReadAction\",\"target\":[\"https:\/\/institutfrancais.sk\/fr\/podujatie\/cafe-europa-digitalne-media-a-nezavislost-medii\/\"]}]},{\"@type\":\"ImageObject\",\"inLanguage\":\"fr-FR\",\"@id\":\"https:\/\/institutfrancais.sk\/fr\/podujatie\/cafe-europa-digitalne-media-a-nezavislost-medii\/#primaryimage\",\"url\":\"https:\/\/institutfrancais.sk\/wp-content\/uploads\/2022\/02\/CAFE-EUROPA-WEB.png\",\"contentUrl\":\"https:\/\/institutfrancais.sk\/wp-content\/uploads\/2022\/02\/CAFE-EUROPA-WEB.png\",\"width\":8000,\"height\":4500},{\"@type\":\"BreadcrumbList\",\"@id\":\"https:\/\/institutfrancais.sk\/fr\/podujatie\/cafe-europa-digitalne-media-a-nezavislost-medii\/#breadcrumb\",\"itemListElement\":[{\"@type\":\"ListItem\",\"position\":1,\"name\":\"Home\",\"item\":\"https:\/\/institutfrancais.sk\/fr\/\"},{\"@type\":\"ListItem\",\"position\":2,\"name\":\"Events\",\"item\":\"https:\/\/institutfrancais.sk\/fr\/podujatie\/\"},{\"@type\":\"ListItem\",\"position\":3,\"name\":\"Caf\u00e9 Europa : d\u00e9sinformation et libert\u00e9 de la presse dans le contexte de guerre en Ukraine\"}]},{\"@type\":\"WebSite\",\"@id\":\"https:\/\/institutfrancais.sk\/fr\/#website\",\"url\":\"https:\/\/institutfrancais.sk\/fr\/\",\"name\":\"Franc\u00fazsky in\u0161tit\u00fat na Slovensku\",\"description\":\"Franc\u00fazsky in\u0161tit\u00fat na Slovensku\",\"potentialAction\":[{\"@type\":\"SearchAction\",\"target\":{\"@type\":\"EntryPoint\",\"urlTemplate\":\"https:\/\/institutfrancais.sk\/fr\/?s={search_term_string}\"},\"query-input\":{\"@type\":\"PropertyValueSpecification\",\"valueRequired\":true,\"valueName\":\"search_term_string\"}}],\"inLanguage\":\"fr-FR\"}]}<\/script>\n<!-- \/ Yoast SEO plugin. -->","yoast_head_json":{"title":"Caf\u00e9 Europa : d\u00e9sinformation et libert\u00e9 de la presse dans le contexte de guerre en Ukraine - Franc\u00fazsky in\u0161tit\u00fat na Slovensku","description":"V sobotu 5. marca 2022 organizuje Franc\u00fazsky in\u0161tit\u00fat diskusn\u00e9 stretnutie s novin\u00e1rmi o ot\u00e1zke nez\u00e1vislosti m\u00e9di\u00ed.","robots":{"index":"index","follow":"follow","max-snippet":"max-snippet:-1","max-image-preview":"max-image-preview:large","max-video-preview":"max-video-preview:-1"},"canonical":"https:\/\/institutfrancais.sk\/fr\/podujatie\/cafe-europa-digitalne-media-a-nezavislost-medii\/","og_locale":"fr_FR","og_type":"article","og_title":"Caf\u00e9 Europa : d\u00e9sinformation et libert\u00e9 de la presse dans le contexte de guerre en Ukraine - Franc\u00fazsky in\u0161tit\u00fat na Slovensku","og_description":"V sobotu 5. marca 2022 organizuje Franc\u00fazsky in\u0161tit\u00fat diskusn\u00e9 stretnutie s novin\u00e1rmi o ot\u00e1zke nez\u00e1vislosti m\u00e9di\u00ed.","og_url":"https:\/\/institutfrancais.sk\/fr\/podujatie\/cafe-europa-digitalne-media-a-nezavislost-medii\/","og_site_name":"Franc\u00fazsky in\u0161tit\u00fat na Slovensku","article_modified_time":"2022-03-01T14:15:27+00:00","og_image":[{"width":8000,"height":4500,"url":"https:\/\/institutfrancais.sk\/wp-content\/uploads\/2022\/02\/CAFE-EUROPA-WEB.png","type":"image\/png"}],"twitter_card":"summary_large_image","twitter_misc":{"Dur\u00e9e de lecture estim\u00e9e":"1 minute"},"schema":{"@context":"https:\/\/schema.org","@graph":[{"@type":"WebPage","@id":"https:\/\/institutfrancais.sk\/fr\/podujatie\/cafe-europa-digitalne-media-a-nezavislost-medii\/","url":"https:\/\/institutfrancais.sk\/fr\/podujatie\/cafe-europa-digitalne-media-a-nezavislost-medii\/","name":"Caf\u00e9 Europa : d\u00e9sinformation et libert\u00e9 de la presse dans le contexte de guerre en Ukraine - Franc\u00fazsky in\u0161tit\u00fat na Slovensku","isPartOf":{"@id":"https:\/\/institutfrancais.sk\/fr\/#website"},"primaryImageOfPage":{"@id":"https:\/\/institutfrancais.sk\/fr\/podujatie\/cafe-europa-digitalne-media-a-nezavislost-medii\/#primaryimage"},"image":{"@id":"https:\/\/institutfrancais.sk\/fr\/podujatie\/cafe-europa-digitalne-media-a-nezavislost-medii\/#primaryimage"},"thumbnailUrl":"https:\/\/institutfrancais.sk\/wp-content\/uploads\/2022\/02\/CAFE-EUROPA-WEB.png","datePublished":"2022-02-21T18:06:28+00:00","dateModified":"2022-03-01T14:15:27+00:00","description":"V sobotu 5. marca 2022 organizuje Franc\u00fazsky in\u0161tit\u00fat diskusn\u00e9 stretnutie s novin\u00e1rmi o ot\u00e1zke nez\u00e1vislosti m\u00e9di\u00ed.","breadcrumb":{"@id":"https:\/\/institutfrancais.sk\/fr\/podujatie\/cafe-europa-digitalne-media-a-nezavislost-medii\/#breadcrumb"},"inLanguage":"fr-FR","potentialAction":[{"@type":"ReadAction","target":["https:\/\/institutfrancais.sk\/fr\/podujatie\/cafe-europa-digitalne-media-a-nezavislost-medii\/"]}]},{"@type":"ImageObject","inLanguage":"fr-FR","@id":"https:\/\/institutfrancais.sk\/fr\/podujatie\/cafe-europa-digitalne-media-a-nezavislost-medii\/#primaryimage","url":"https:\/\/institutfrancais.sk\/wp-content\/uploads\/2022\/02\/CAFE-EUROPA-WEB.png","contentUrl":"https:\/\/institutfrancais.sk\/wp-content\/uploads\/2022\/02\/CAFE-EUROPA-WEB.png","width":8000,"height":4500},{"@type":"BreadcrumbList","@id":"https:\/\/institutfrancais.sk\/fr\/podujatie\/cafe-europa-digitalne-media-a-nezavislost-medii\/#breadcrumb","itemListElement":[{"@type":"ListItem","position":1,"name":"Home","item":"https:\/\/institutfrancais.sk\/fr\/"},{"@type":"ListItem","position":2,"name":"Events","item":"https:\/\/institutfrancais.sk\/fr\/podujatie\/"},{"@type":"ListItem","position":3,"name":"Caf\u00e9 Europa : d\u00e9sinformation et libert\u00e9 de la presse dans le contexte de guerre en Ukraine"}]},{"@type":"WebSite","@id":"https:\/\/institutfrancais.sk\/fr\/#website","url":"https:\/\/institutfrancais.sk\/fr\/","name":"Franc\u00fazsky in\u0161tit\u00fat na Slovensku","description":"Franc\u00fazsky in\u0161tit\u00fat na Slovensku","potentialAction":[{"@type":"SearchAction","target":{"@type":"EntryPoint","urlTemplate":"https:\/\/institutfrancais.sk\/fr\/?s={search_term_string}"},"query-input":{"@type":"PropertyValueSpecification","valueRequired":true,"valueName":"search_term_string"}}],"inLanguage":"fr-FR"}]}},"_links":{"self":[{"href":"https:\/\/institutfrancais.sk\/fr\/wp-json\/wp\/v2\/podujatie\/21249"}],"collection":[{"href":"https:\/\/institutfrancais.sk\/fr\/wp-json\/wp\/v2\/podujatie"}],"about":[{"href":"https:\/\/institutfrancais.sk\/fr\/wp-json\/wp\/v2\/types\/podujatie"}],"wp:featuredmedia":[{"embeddable":true,"href":"https:\/\/institutfrancais.sk\/fr\/wp-json\/wp\/v2\/media\/21239"}],"wp:attachment":[{"href":"https:\/\/institutfrancais.sk\/fr\/wp-json\/wp\/v2\/media?parent=21249"}],"wp:term":[{"taxonomy":"typ-podujatia","embeddable":true,"href":"https:\/\/institutfrancais.sk\/fr\/wp-json\/wp\/v2\/typ-podujatia?post=21249"}],"curies":[{"name":"wp","href":"https:\/\/api.w.org\/{rel}","templated":true}]}}