{"id":21473,"date":"2022-02-24T06:52:28","date_gmt":"2022-02-24T05:52:28","guid":{"rendered":"https:\/\/institutfrancais.sk\/?post_type=podujatie&#038;p=21473"},"modified":"2022-03-10T10:18:24","modified_gmt":"2022-03-10T09:18:24","slug":"hommage-a-charles-baudelaire","status":"publish","type":"podujatie","link":"https:\/\/institutfrancais.sk\/fr\/podujatie\/hommage-a-charles-baudelaire\/","title":{"rendered":"Hommage \u00e0 Charles Baudelaire"},"content":{"rendered":"\n<p>En 2021, la France a&nbsp;comm\u00e9mor\u00e9 les 200 ans de la naissance de <strong>Charles Baudelaire<\/strong> (1821-1867). \u00c0 l&rsquo;occasion de cet anniversaire, <strong>\u013dubom\u00edr Feldek<\/strong>, grand po\u00e8te slovaque, s&rsquo;est entrepris \u00e0 traduire le meilleur de ce que ce po\u00e8te, essaiste et critique de l&rsquo;art fran\u00e7ais a&nbsp;produit. L&rsquo;ouvrage intitul\u00e9 <strong>Charles Baudelaire<\/strong>: <em><strong>Tej, \u010do&nbsp;pre\u0161la popri mne<\/strong><\/em> d&rsquo;apr\u00e8s son po\u00e8me <em>\u00c0 une passante<\/em>, a&nbsp;paru finalement en automne &nbsp;2021 aux \u00e9ditions <strong>Perfekt<\/strong>, et cela en format bilingue accompagn\u00e9 d&rsquo;illustrations impressionnates par la peintre slovaque <strong>Katar\u00edna Vavrov\u00e1.<\/strong><\/p>\n\n\n\n<p><em>Cet ouvrage exceptionnel avait d\u00fb \u00eatre pr\u00e9sent\u00e9 \u00e0 l&rsquo;Institut fran\u00e7ais de Slovaquie d\u00e9j\u00e0 le jeudi 3 mars \u00e0 17h ensemble avec une exposition d&rsquo;illustrations de Katar\u00edna Vavrov\u00e1 &nbsp;cr\u00e9\u00e9es pour ce livre. Pour des raisons m\u00e9dicaux, cette pr\u00e9sentation solennelle du livre et de l&rsquo;exposition est report\u00e9e de 2 semaines <strong>au 17 mars \u00e0 17h<\/strong>. Mais l&rsquo;exposition <strong>La Boh\u00e8me de Baudelaire<\/strong> de <strong>Katar\u00edna Vavrov\u00e1<\/strong>, sera ouverte au visiteurs de la Galerie de l&rsquo;Institut francais plus t\u00f4t &#8211;&nbsp;<strong>\u00e0 partir du 8 mars<\/strong>, la Journ\u00e9e internationale des droits des femmes.<\/em><\/p>\n\n\n\n<p><em>Cet \u00e9v\u00e8nement est organis\u00e9 en collaboration avec la maison d&rsquo;\u00e9dition Perfekt et sous le patronage de l&rsquo;association civique Klub 89.<\/em><\/p>\n\n\n<div class=\"space md\"><\/div>\n\n\n<h3 class=\"wp-block-heading\">Programme de la soir\u00e9e<\/h3>\n\n\n\n<p>Pr\u00e9sentation du livre<\/p>\n\n\n\n<p><strong>CHARLES BAUDELAIRE : <em>TEJ, \u010cO PRE\u0160LA POPRI MNE<\/em><\/strong> (<em>\u00c0 une passante<\/em>, Ed. Perfekt, 2021)<\/p>\n\n\n\n<p>une s\u00e9lection bilingue de l&rsquo;\u0153uvre de Charles Baudelaire traduite par <strong>\u013dubom\u00edr Feldek<\/strong> accompagn\u00e9e d\u2019illustrations de <strong>Katar\u00edna Vavrov\u00e1<\/strong><\/p>\n\n\n\n<p>et de l\u2019exposition <\/p>\n\n\n\n<p><strong>LA BOH\u00c8ME DE BAUDELAIRE<\/strong> <\/p>\n\n\n\n<p>une s\u00e9lection de peintures de <strong>Katar\u00edna Vavrov\u00e1<\/strong>, qui illustrent ce livre exceptionnel &nbsp;&nbsp;<\/p>\n\n\n\n<p><\/p>\n\n\n\n<p><em>Avec :<\/em><\/p>\n\n\n\n<p><strong>\u013dubom\u00edr Feldek, Katar\u00edna Vavrov\u00e1, Lucia Hurajov\u00e1, Katka Feldekov\u00e1, Richard \u0160imurka<\/strong><\/p>\n\n\n<div class=\"space md\"><\/div>\n\n\n<h3 class=\"wp-block-heading\">Le livre<\/h3>\n\n\n\n<p><em>\u00c0 une passante<\/em> est une s\u00e9lection bilingue exceptionnelle de l&rsquo;\u0153uvre de Charles Baudelaire traduite par \u013dubom\u00edr Feldek accompagn\u00e9e d\u2019illustrations impressionnantes de Katar\u00edna Vavrov\u00e1. La s\u00e9lection veut pr\u00e9senter l&rsquo;un des plus grands po\u00e8tes fran\u00e7ais, \u00e9minent repr\u00e9sentant de la litt\u00e9rature moderne mondiale. En 1857, Baudelaire est pers\u00e9cut\u00e9 pour ses po\u00e8mes parce qu&rsquo;ils indignent le public, mais on est aujourd&rsquo;hui \u00e9merveill\u00e9 par la valeur artistique ind\u00e9niable de sa po\u00e9sie. Aujourd&rsquo;hui, on peut lire sa<em> Charogne<\/em> comme un merveilleux po\u00e8me d&rsquo;amour, qui n&rsquo;est pas du tout aussi cynique qu&rsquo;il para\u00eet \u00e0 premi\u00e8re vue. Le livre comprend un aper\u00e7u de la vie dramatique de Charles Baudelaire, ainsi qu&rsquo;un commentaire sur certains de ses po\u00e8mes et une r\u00e9flexion passionnante <em>Mon Baudelaire<\/em> par \u013dubom\u00edr Feldek. <\/p>\n\n\n\n<p>Plus sur: <a href=\"https:\/\/www.perfekt.sk\/kniha\/tej-co-presla-popri-mne#kniha\" target=\"_blank\" rel=\"noreferrer noopener\"><em>https:\/\/www.perfekt.sk\/kniha\/tej-co-presla-popri-mne#kniha<\/em><\/a><\/p>\n\n\n<div class=\"space md\"><\/div>\n\n\n<h3 class=\"wp-block-heading\">L&rsquo;exposition<\/h3>\n\n\n\n<p>L&rsquo;exposition <strong><em>La boh\u00e8me de Baudelaire<\/em><\/strong> de <strong>Katar\u00edna Vavrov\u00e1<\/strong> pr\u00e9sentera une s\u00e9lection de presqu&rsquo;une centaine d&rsquo;illustrations fascinantes,&nbsp;r\u00e9alis\u00e9es pour livre <em>\u00c0 une passante<\/em> par cette peintre slovaque reconnue. <strong><u>L&rsquo;exposition sera ouverte au public \u00e0 partir du mardi 8 mars<\/u><\/strong>, Journ\u00e9e internationale des droits des femmes<em>.<\/em><\/p>\n\n\n<div class=\"space md\"><\/div>\n\n<\/div><iframe loading=\"lazy\" src=\"https:\/\/www.google.com\/maps\/embed?pb=!1m18!1m12!1m3!1d2662.2735746915087!2d17.10532635165492!3d48.14353077912193!2m3!1f0!2f0!3f0!3m2!1i1024!2i768!4f13.1!3m3!1m2!1s0x476c8942d3867d0f%3A0xf92cfa7be90ee73!2zRnJhbmPDunpza3kgaW7FoXRpdMO6dA!5e0!3m2!1ssk!2ssk!4v1575902399794!5m2!1ssk!2ssk\" width=\"100%\" height=\"558\" frameborder=\"0\" class=\"gmap-iframe\" allowfullscreen=\"\"><\/iframe><div class=\"wrap narrow-wrap\">","protected":false},"featured_media":21235,"template":"","typ-podujatia":[56,58],"acf":[],"yoast_head":"<!-- This site is optimized with the Yoast SEO plugin v24.5 - https:\/\/yoast.com\/wordpress\/plugins\/seo\/ -->\n<title>Hommage \u00e0 Charles Baudelaire - Franc\u00fazsky in\u0161tit\u00fat na Slovensku<\/title>\n<meta name=\"description\" content=\"Une soir\u00e9e de litt\u00e9rature et d&#039;art plastique avec la pr\u00e9sentation du livre Charles Baudelaire: Tej, \u010do pre\u0161la popri mne (\u00c0 une passante, Perfekt, 2021), une s\u00e9lection bilingue de l&#039;\u0153uvre de Charles Baudelaire traduite par le po\u00e8te \u013dubom\u00edr Feldek et de l&#039;exposition La Boh\u00e8me de Baudelaire, une s\u00e9lection de peintures de Katar\u00edna Vavrov\u00e1, qui illustrent ce livre exceptionnel.\" \/>\n<meta name=\"robots\" content=\"index, follow, max-snippet:-1, max-image-preview:large, max-video-preview:-1\" \/>\n<link rel=\"canonical\" href=\"https:\/\/institutfrancais.sk\/fr\/podujatie\/hommage-a-charles-baudelaire\/\" \/>\n<meta property=\"og:locale\" content=\"fr_FR\" \/>\n<meta property=\"og:type\" content=\"article\" \/>\n<meta property=\"og:title\" content=\"Hommage \u00e0 Charles Baudelaire - Franc\u00fazsky in\u0161tit\u00fat na Slovensku\" \/>\n<meta property=\"og:description\" content=\"Une soir\u00e9e de litt\u00e9rature et d&#039;art plastique avec la pr\u00e9sentation du livre Charles Baudelaire: Tej, \u010do pre\u0161la popri mne (\u00c0 une passante, Perfekt, 2021), une s\u00e9lection bilingue de l&#039;\u0153uvre de Charles Baudelaire traduite par le po\u00e8te \u013dubom\u00edr Feldek et de l&#039;exposition La Boh\u00e8me de Baudelaire, une s\u00e9lection de peintures de Katar\u00edna Vavrov\u00e1, qui illustrent ce livre exceptionnel.\" \/>\n<meta property=\"og:url\" content=\"https:\/\/institutfrancais.sk\/fr\/podujatie\/hommage-a-charles-baudelaire\/\" \/>\n<meta property=\"og:site_name\" content=\"Franc\u00fazsky in\u0161tit\u00fat na Slovensku\" \/>\n<meta property=\"article:modified_time\" content=\"2022-03-10T09:18:24+00:00\" \/>\n<meta property=\"og:image\" content=\"https:\/\/institutfrancais.sk\/wp-content\/uploads\/2022\/02\/tej-co-presla-popri-mne_web-873.jpg\" \/>\n\t<meta property=\"og:image:width\" content=\"666\" \/>\n\t<meta property=\"og:image:height\" content=\"886\" \/>\n\t<meta property=\"og:image:type\" content=\"image\/jpeg\" \/>\n<meta name=\"twitter:card\" content=\"summary_large_image\" \/>\n<meta name=\"twitter:label1\" content=\"Dur\u00e9e de lecture estim\u00e9e\" \/>\n\t<meta name=\"twitter:data1\" content=\"2 minutes\" \/>\n<script type=\"application\/ld+json\" class=\"yoast-schema-graph\">{\"@context\":\"https:\/\/schema.org\",\"@graph\":[{\"@type\":\"WebPage\",\"@id\":\"https:\/\/institutfrancais.sk\/fr\/podujatie\/hommage-a-charles-baudelaire\/\",\"url\":\"https:\/\/institutfrancais.sk\/fr\/podujatie\/hommage-a-charles-baudelaire\/\",\"name\":\"Hommage \u00e0 Charles Baudelaire - Franc\u00fazsky in\u0161tit\u00fat na Slovensku\",\"isPartOf\":{\"@id\":\"https:\/\/institutfrancais.sk\/fr\/#website\"},\"primaryImageOfPage\":{\"@id\":\"https:\/\/institutfrancais.sk\/fr\/podujatie\/hommage-a-charles-baudelaire\/#primaryimage\"},\"image\":{\"@id\":\"https:\/\/institutfrancais.sk\/fr\/podujatie\/hommage-a-charles-baudelaire\/#primaryimage\"},\"thumbnailUrl\":\"https:\/\/institutfrancais.sk\/wp-content\/uploads\/2022\/02\/tej-co-presla-popri-mne_web-873.jpg\",\"datePublished\":\"2022-02-24T05:52:28+00:00\",\"dateModified\":\"2022-03-10T09:18:24+00:00\",\"description\":\"Une soir\u00e9e de litt\u00e9rature et d'art plastique avec la pr\u00e9sentation du livre Charles Baudelaire: Tej, \u010do pre\u0161la popri mne (\u00c0 une passante, Perfekt, 2021), une s\u00e9lection bilingue de l'\u0153uvre de Charles Baudelaire traduite par le po\u00e8te \u013dubom\u00edr Feldek et de l'exposition La Boh\u00e8me de Baudelaire, une s\u00e9lection de peintures de Katar\u00edna Vavrov\u00e1, qui illustrent ce livre exceptionnel.\",\"breadcrumb\":{\"@id\":\"https:\/\/institutfrancais.sk\/fr\/podujatie\/hommage-a-charles-baudelaire\/#breadcrumb\"},\"inLanguage\":\"fr-FR\",\"potentialAction\":[{\"@type\":\"ReadAction\",\"target\":[\"https:\/\/institutfrancais.sk\/fr\/podujatie\/hommage-a-charles-baudelaire\/\"]}]},{\"@type\":\"ImageObject\",\"inLanguage\":\"fr-FR\",\"@id\":\"https:\/\/institutfrancais.sk\/fr\/podujatie\/hommage-a-charles-baudelaire\/#primaryimage\",\"url\":\"https:\/\/institutfrancais.sk\/wp-content\/uploads\/2022\/02\/tej-co-presla-popri-mne_web-873.jpg\",\"contentUrl\":\"https:\/\/institutfrancais.sk\/wp-content\/uploads\/2022\/02\/tej-co-presla-popri-mne_web-873.jpg\",\"width\":666,\"height\":886},{\"@type\":\"BreadcrumbList\",\"@id\":\"https:\/\/institutfrancais.sk\/fr\/podujatie\/hommage-a-charles-baudelaire\/#breadcrumb\",\"itemListElement\":[{\"@type\":\"ListItem\",\"position\":1,\"name\":\"Home\",\"item\":\"https:\/\/institutfrancais.sk\/fr\/\"},{\"@type\":\"ListItem\",\"position\":2,\"name\":\"Events\",\"item\":\"https:\/\/institutfrancais.sk\/fr\/podujatie\/\"},{\"@type\":\"ListItem\",\"position\":3,\"name\":\"Hommage \u00e0 Charles Baudelaire\"}]},{\"@type\":\"WebSite\",\"@id\":\"https:\/\/institutfrancais.sk\/fr\/#website\",\"url\":\"https:\/\/institutfrancais.sk\/fr\/\",\"name\":\"Franc\u00fazsky in\u0161tit\u00fat na Slovensku\",\"description\":\"Franc\u00fazsky in\u0161tit\u00fat na Slovensku\",\"potentialAction\":[{\"@type\":\"SearchAction\",\"target\":{\"@type\":\"EntryPoint\",\"urlTemplate\":\"https:\/\/institutfrancais.sk\/fr\/?s={search_term_string}\"},\"query-input\":{\"@type\":\"PropertyValueSpecification\",\"valueRequired\":true,\"valueName\":\"search_term_string\"}}],\"inLanguage\":\"fr-FR\"}]}<\/script>\n<!-- \/ Yoast SEO plugin. -->","yoast_head_json":{"title":"Hommage \u00e0 Charles Baudelaire - Franc\u00fazsky in\u0161tit\u00fat na Slovensku","description":"Une soir\u00e9e de litt\u00e9rature et d'art plastique avec la pr\u00e9sentation du livre Charles Baudelaire: Tej, \u010do pre\u0161la popri mne (\u00c0 une passante, Perfekt, 2021), une s\u00e9lection bilingue de l'\u0153uvre de Charles Baudelaire traduite par le po\u00e8te \u013dubom\u00edr Feldek et de l'exposition La Boh\u00e8me de Baudelaire, une s\u00e9lection de peintures de Katar\u00edna Vavrov\u00e1, qui illustrent ce livre exceptionnel.","robots":{"index":"index","follow":"follow","max-snippet":"max-snippet:-1","max-image-preview":"max-image-preview:large","max-video-preview":"max-video-preview:-1"},"canonical":"https:\/\/institutfrancais.sk\/fr\/podujatie\/hommage-a-charles-baudelaire\/","og_locale":"fr_FR","og_type":"article","og_title":"Hommage \u00e0 Charles Baudelaire - Franc\u00fazsky in\u0161tit\u00fat na Slovensku","og_description":"Une soir\u00e9e de litt\u00e9rature et d'art plastique avec la pr\u00e9sentation du livre Charles Baudelaire: Tej, \u010do pre\u0161la popri mne (\u00c0 une passante, Perfekt, 2021), une s\u00e9lection bilingue de l'\u0153uvre de Charles Baudelaire traduite par le po\u00e8te \u013dubom\u00edr Feldek et de l'exposition La Boh\u00e8me de Baudelaire, une s\u00e9lection de peintures de Katar\u00edna Vavrov\u00e1, qui illustrent ce livre exceptionnel.","og_url":"https:\/\/institutfrancais.sk\/fr\/podujatie\/hommage-a-charles-baudelaire\/","og_site_name":"Franc\u00fazsky in\u0161tit\u00fat na Slovensku","article_modified_time":"2022-03-10T09:18:24+00:00","og_image":[{"width":666,"height":886,"url":"https:\/\/institutfrancais.sk\/wp-content\/uploads\/2022\/02\/tej-co-presla-popri-mne_web-873.jpg","type":"image\/jpeg"}],"twitter_card":"summary_large_image","twitter_misc":{"Dur\u00e9e de lecture estim\u00e9e":"2 minutes"},"schema":{"@context":"https:\/\/schema.org","@graph":[{"@type":"WebPage","@id":"https:\/\/institutfrancais.sk\/fr\/podujatie\/hommage-a-charles-baudelaire\/","url":"https:\/\/institutfrancais.sk\/fr\/podujatie\/hommage-a-charles-baudelaire\/","name":"Hommage \u00e0 Charles Baudelaire - Franc\u00fazsky in\u0161tit\u00fat na Slovensku","isPartOf":{"@id":"https:\/\/institutfrancais.sk\/fr\/#website"},"primaryImageOfPage":{"@id":"https:\/\/institutfrancais.sk\/fr\/podujatie\/hommage-a-charles-baudelaire\/#primaryimage"},"image":{"@id":"https:\/\/institutfrancais.sk\/fr\/podujatie\/hommage-a-charles-baudelaire\/#primaryimage"},"thumbnailUrl":"https:\/\/institutfrancais.sk\/wp-content\/uploads\/2022\/02\/tej-co-presla-popri-mne_web-873.jpg","datePublished":"2022-02-24T05:52:28+00:00","dateModified":"2022-03-10T09:18:24+00:00","description":"Une soir\u00e9e de litt\u00e9rature et d'art plastique avec la pr\u00e9sentation du livre Charles Baudelaire: Tej, \u010do pre\u0161la popri mne (\u00c0 une passante, Perfekt, 2021), une s\u00e9lection bilingue de l'\u0153uvre de Charles Baudelaire traduite par le po\u00e8te \u013dubom\u00edr Feldek et de l'exposition La Boh\u00e8me de Baudelaire, une s\u00e9lection de peintures de Katar\u00edna Vavrov\u00e1, qui illustrent ce livre exceptionnel.","breadcrumb":{"@id":"https:\/\/institutfrancais.sk\/fr\/podujatie\/hommage-a-charles-baudelaire\/#breadcrumb"},"inLanguage":"fr-FR","potentialAction":[{"@type":"ReadAction","target":["https:\/\/institutfrancais.sk\/fr\/podujatie\/hommage-a-charles-baudelaire\/"]}]},{"@type":"ImageObject","inLanguage":"fr-FR","@id":"https:\/\/institutfrancais.sk\/fr\/podujatie\/hommage-a-charles-baudelaire\/#primaryimage","url":"https:\/\/institutfrancais.sk\/wp-content\/uploads\/2022\/02\/tej-co-presla-popri-mne_web-873.jpg","contentUrl":"https:\/\/institutfrancais.sk\/wp-content\/uploads\/2022\/02\/tej-co-presla-popri-mne_web-873.jpg","width":666,"height":886},{"@type":"BreadcrumbList","@id":"https:\/\/institutfrancais.sk\/fr\/podujatie\/hommage-a-charles-baudelaire\/#breadcrumb","itemListElement":[{"@type":"ListItem","position":1,"name":"Home","item":"https:\/\/institutfrancais.sk\/fr\/"},{"@type":"ListItem","position":2,"name":"Events","item":"https:\/\/institutfrancais.sk\/fr\/podujatie\/"},{"@type":"ListItem","position":3,"name":"Hommage \u00e0 Charles Baudelaire"}]},{"@type":"WebSite","@id":"https:\/\/institutfrancais.sk\/fr\/#website","url":"https:\/\/institutfrancais.sk\/fr\/","name":"Franc\u00fazsky in\u0161tit\u00fat na Slovensku","description":"Franc\u00fazsky in\u0161tit\u00fat na Slovensku","potentialAction":[{"@type":"SearchAction","target":{"@type":"EntryPoint","urlTemplate":"https:\/\/institutfrancais.sk\/fr\/?s={search_term_string}"},"query-input":{"@type":"PropertyValueSpecification","valueRequired":true,"valueName":"search_term_string"}}],"inLanguage":"fr-FR"}]}},"_links":{"self":[{"href":"https:\/\/institutfrancais.sk\/fr\/wp-json\/wp\/v2\/podujatie\/21473"}],"collection":[{"href":"https:\/\/institutfrancais.sk\/fr\/wp-json\/wp\/v2\/podujatie"}],"about":[{"href":"https:\/\/institutfrancais.sk\/fr\/wp-json\/wp\/v2\/types\/podujatie"}],"wp:featuredmedia":[{"embeddable":true,"href":"https:\/\/institutfrancais.sk\/fr\/wp-json\/wp\/v2\/media\/21235"}],"wp:attachment":[{"href":"https:\/\/institutfrancais.sk\/fr\/wp-json\/wp\/v2\/media?parent=21473"}],"wp:term":[{"taxonomy":"typ-podujatia","embeddable":true,"href":"https:\/\/institutfrancais.sk\/fr\/wp-json\/wp\/v2\/typ-podujatia?post=21473"}],"curies":[{"name":"wp","href":"https:\/\/api.w.org\/{rel}","templated":true}]}}