{"id":21491,"date":"2022-02-28T17:41:45","date_gmt":"2022-02-28T16:41:45","guid":{"rendered":"https:\/\/institutfrancais.sk\/podujatie\/tyzden-francuzskeho-filmu-creme-de-la-creme-2022-zacina-uz-7-marca\/"},"modified":"2022-03-01T14:19:56","modified_gmt":"2022-03-01T13:19:56","slug":"tyzden-francuzskeho-filmu-creme-de-la-creme-2022-zacina-uz-7-marca","status":"publish","type":"podujatie","link":"https:\/\/institutfrancais.sk\/fr\/podujatie\/tyzden-francuzskeho-filmu-creme-de-la-creme-2022-zacina-uz-7-marca\/","title":{"rendered":"La semaine du film fran\u00e7ais Cr\u00e8me de la Cr\u00e8me 2022 d\u00e9marre le 7 mars"},"content":{"rendered":"<\/div><div class=\"gray-bg\"><div class=\"cta-box\"><div class=\"wrap narrow-wrap\"><div class=\"content dark-blue\"><div class=\"cta-box-content\"><div class=\"left-side\"><div class=\"left-content\"><p><em>\u00ab\u00a0Nous avons le plaisir cette ann\u00e9e de vous proposer une \u00e9dition originale de Cr\u00e8me de la Cr\u00e8me. C\u2019est une programmation riche et diversifi\u00e9e qui vous sera propos\u00e9e dans tout le pays. Cr\u00e8me de la Cr\u00e8me est l\u2019occasion de mettre \u00e0 l\u2019honneur pendant toute la semaine le meilleur du cin\u00e9ma fran\u00e7ais \u00e0 travers des films pour tous les go\u00fbts et tous les publics avec une s\u00e9lection de films, compos\u00e9e \u00e0 la fois de nouveaut\u00e9s et des classiques, qui sont l\u2019expression de la qualit\u00e9 du 7<sup>\u00e8me<\/sup> Art en Franc<\/em>e. <em>De plus, cette semaine du film fran\u00e7ais s\u2019inscrit dans le \u00ab Mois de la Francophonie \u00bb traditionnellement c\u00e9l\u00e9br\u00e9 en mars,\u00a0\u00bb <\/em><strong>invite l&rsquo;Ambassadeur de France en Slovaquie, S.E.M. Pascal Le Deunff. \u00a0<\/strong><\/p>\n<\/div><\/div><\/div><\/div><\/div><\/div><\/div><div class=\"wrap narrow-wrap\">\n\n<div class=\"space sm\"><\/div>\n\n<div class=\"text-center\"><a href=\"https:\/\/cdlc.sk\/programy-kin\/\" class=\"btn btn-black-invert\" target=\"blank\" rel=\"noreferrer noopener\">PROGRAMMATION ET BILLETS<\/a><\/div>\n\n<div class=\"space sm\"><\/div>\n\n\n<p>La semaine du film fran\u00e7ais comprendra des drames historiques, des films contemporains, des films \u00e0 vocation \u00e9cologique et un film musical.\u00a0\u00bb<em>Pour sa huiti\u00e8me ann\u00e9e, nous avons huit types de films dans le peloton des premi\u00e8res slovaques et tch\u00e9co-slovaques. Le colosse cin\u00e9matographique fran\u00e7ais produit deux \u00e0 trois cents films par an, et je ne peux vraiment pas dire que huit d&rsquo;entre eux donnent une image de son cin\u00e9ma. Mais ce que je peux faire, c&rsquo;est \u2013 \u00e0 travers nos premi\u00e8res \u2013 attirer l&rsquo;attention sur les tendances, les th\u00e8mes, l&rsquo;actualit\u00e9, le contexte et les valeurs stables que notre public attend des Fran\u00e7ais<\/em>,\u00a0\u00bb pr\u00e9cise le CEO de Film Europe Ivan Hronec. &nbsp;<\/p>\n\n\n<div class=\"space sm\"><\/div>\n\n\n<figure class=\"wp-block-embed is-type-video is-provider-youtube wp-block-embed-youtube wp-embed-aspect-16-9 wp-has-aspect-ratio\"><div class=\"wp-block-embed__wrapper\">\n<iframe loading=\"lazy\" title=\"Cr\u00e8me de la Cr\u00e8me 2022\" width=\"500\" height=\"281\" src=\"https:\/\/www.youtube.com\/embed\/qfD5MIgMJG4?feature=oembed\" frameborder=\"0\" allow=\"accelerometer; autoplay; clipboard-write; encrypted-media; gyroscope; picture-in-picture; web-share\" referrerpolicy=\"strict-origin-when-cross-origin\" allowfullscreen><\/iframe>\n<\/div><\/figure>\n\n\n<div class=\"space sm\"><\/div>\n\n<div class=\"text-center\"><a href=\"https:\/\/cdlc.sk\/programy-kin\/\" class=\"btn btn-black-invert\" target=\"blank\" rel=\"noreferrer noopener\">PROGRAMMATION ET BILLETS<\/a><\/div>\n\n<div class=\"space sm\"><\/div>\n\n<div class=\"accordion-menu\"><a href=\"#a1-\" class=\"smooth\"><\/a><\/div><div class=\"accordion\" id=\"a317\"><div class=\"card\"><div class=\"card-header\" id=\"ha317_1\"><h3 class=\"card-opener\"><button class=\"collapsed\" type=\"button\" data-toggle=\"collapse\" data-target=\"#ca317_1\" aria-expanded=\"true\" aria-controls=\"ca317_1\">Avant-premi\u00e8res<span class=\"plus\"><svg viewBox=\"0 0 29 29\" xmlns=\"http:\/\/www.w3.org\/2000\/svg\"><path d=\"M28.2857 12.9286V16.7857C28.2857 17.3214 28.0982 17.7768 27.7232 18.1518C27.3482 18.5268 26.8929 18.7143 26.3571 18.7143H18V27.0714C18 27.6071 17.8125 28.0625 17.4375 28.4375C17.0625 28.8125 16.6071 29 16.0714 29H12.2143C11.6786 29 11.2232 28.8125 10.8482 28.4375C10.4732 28.0625 10.2857 27.6071 10.2857 27.0714V18.7143H1.92857C1.39286 18.7143 0.9375 18.5268 0.5625 18.1518C0.1875 17.7768 0 17.3214 0 16.7857V12.9286C0 12.3929 0.1875 11.9375 0.5625 11.5625C0.9375 11.1875 1.39286 11 1.92857 11H10.2857V2.64286C10.2857 2.10714 10.4732 1.65178 10.8482 1.27678C11.2232 0.901784 11.6786 0.714284 12.2143 0.714284H16.0714C16.6071 0.714284 17.0625 0.901784 17.4375 1.27678C17.8125 1.65178 18 2.10714 18 2.64286V11H26.3571C26.8929 11 27.3482 11.1875 27.7232 11.5625C28.0982 11.9375 28.2857 12.3929 28.2857 12.9286Z\"><\/svg><\/span><span class=\"minus\"><svg viewBox=\"0 0 29 8\" xmlns=\"http:\/\/www.w3.org\/2000\/svg\"><path d=\"M28.2857 1.92857V5.78571C28.2857 6.32143 28.0982 6.77679 27.7232 7.15179C27.3482 7.52679 26.8929 7.71429 26.3571 7.71429H1.92857C1.39286 7.71429 0.9375 7.52679 0.5625 7.15179C0.1875 6.77679 0 6.32143 0 5.78571V1.92857C0 1.39286 0.1875 0.937499 0.5625 0.562499C0.9375 0.1875 1.39286 0 1.92857 0H26.3571C26.8929 0 27.3482 0.1875 27.7232 0.562499C28.0982 0.937499 28.2857 1.39286 28.2857 1.92857Z\"><\/svg><\/span><\/button><\/h3><\/div><div id=\"ca317_1\" class=\"collapse\" aria-labelledby=\"ha317_1\" data-parent=\"#a317\"><div class=\"card-body\"><ul>\n<li>Tralala<\/li>\n<li>France<\/li>\n<li>Sybil<\/li>\n<li>Illusions perdues<\/li>\n<li>La Tromperie<\/li>\n<li>Anarchistes<\/li>\n<li>Olga<\/li>\n<li>La Croisade<\/li>\n<\/ul>\n<\/div><\/div><\/div><div class=\"card\"><div class=\"card-header\" id=\"ha317_2\"><h3 class=\"card-opener\"><button class=\"collapsed\" type=\"button\" data-toggle=\"collapse\" data-target=\"#ca317_2\" aria-expanded=\"true\" aria-controls=\"ca317_2\">Focus : L\u00e9a Seydoux <span class=\"plus\"><svg viewBox=\"0 0 29 29\" xmlns=\"http:\/\/www.w3.org\/2000\/svg\"><path d=\"M28.2857 12.9286V16.7857C28.2857 17.3214 28.0982 17.7768 27.7232 18.1518C27.3482 18.5268 26.8929 18.7143 26.3571 18.7143H18V27.0714C18 27.6071 17.8125 28.0625 17.4375 28.4375C17.0625 28.8125 16.6071 29 16.0714 29H12.2143C11.6786 29 11.2232 28.8125 10.8482 28.4375C10.4732 28.0625 10.2857 27.6071 10.2857 27.0714V18.7143H1.92857C1.39286 18.7143 0.9375 18.5268 0.5625 18.1518C0.1875 17.7768 0 17.3214 0 16.7857V12.9286C0 12.3929 0.1875 11.9375 0.5625 11.5625C0.9375 11.1875 1.39286 11 1.92857 11H10.2857V2.64286C10.2857 2.10714 10.4732 1.65178 10.8482 1.27678C11.2232 0.901784 11.6786 0.714284 12.2143 0.714284H16.0714C16.6071 0.714284 17.0625 0.901784 17.4375 1.27678C17.8125 1.65178 18 2.10714 18 2.64286V11H26.3571C26.8929 11 27.3482 11.1875 27.7232 11.5625C28.0982 11.9375 28.2857 12.3929 28.2857 12.9286Z\"><\/svg><\/span><span class=\"minus\"><svg viewBox=\"0 0 29 8\" xmlns=\"http:\/\/www.w3.org\/2000\/svg\"><path d=\"M28.2857 1.92857V5.78571C28.2857 6.32143 28.0982 6.77679 27.7232 7.15179C27.3482 7.52679 26.8929 7.71429 26.3571 7.71429H1.92857C1.39286 7.71429 0.9375 7.52679 0.5625 7.15179C0.1875 6.77679 0 6.32143 0 5.78571V1.92857C0 1.39286 0.1875 0.937499 0.5625 0.562499C0.9375 0.1875 1.39286 0 1.92857 0H26.3571C26.8929 0 27.3482 0.1875 27.7232 0.562499C28.0982 0.937499 28.2857 1.39286 28.2857 1.92857Z\"><\/svg><\/span><\/button><\/h3><\/div><div id=\"ca317_2\" class=\"collapse\" aria-labelledby=\"ha317_2\" data-parent=\"#a317\"><div class=\"card-body\"><ul>\n<li>Journal d\u2019une femme de chambre<\/li>\n<li>France<\/li>\n<li>Tromperie<\/li>\n<\/ul>\n<\/div><\/div><\/div><div class=\"card\"><div class=\"card-header\" id=\"ha317_3\"><h3 class=\"card-opener\"><button class=\"collapsed\" type=\"button\" data-toggle=\"collapse\" data-target=\"#ca317_3\" aria-expanded=\"true\" aria-controls=\"ca317_3\"> Hommage \u00e0 Gaspard Ulliel<span class=\"plus\"><svg viewBox=\"0 0 29 29\" xmlns=\"http:\/\/www.w3.org\/2000\/svg\"><path d=\"M28.2857 12.9286V16.7857C28.2857 17.3214 28.0982 17.7768 27.7232 18.1518C27.3482 18.5268 26.8929 18.7143 26.3571 18.7143H18V27.0714C18 27.6071 17.8125 28.0625 17.4375 28.4375C17.0625 28.8125 16.6071 29 16.0714 29H12.2143C11.6786 29 11.2232 28.8125 10.8482 28.4375C10.4732 28.0625 10.2857 27.6071 10.2857 27.0714V18.7143H1.92857C1.39286 18.7143 0.9375 18.5268 0.5625 18.1518C0.1875 17.7768 0 17.3214 0 16.7857V12.9286C0 12.3929 0.1875 11.9375 0.5625 11.5625C0.9375 11.1875 1.39286 11 1.92857 11H10.2857V2.64286C10.2857 2.10714 10.4732 1.65178 10.8482 1.27678C11.2232 0.901784 11.6786 0.714284 12.2143 0.714284H16.0714C16.6071 0.714284 17.0625 0.901784 17.4375 1.27678C17.8125 1.65178 18 2.10714 18 2.64286V11H26.3571C26.8929 11 27.3482 11.1875 27.7232 11.5625C28.0982 11.9375 28.2857 12.3929 28.2857 12.9286Z\"><\/svg><\/span><span class=\"minus\"><svg viewBox=\"0 0 29 8\" xmlns=\"http:\/\/www.w3.org\/2000\/svg\"><path d=\"M28.2857 1.92857V5.78571C28.2857 6.32143 28.0982 6.77679 27.7232 7.15179C27.3482 7.52679 26.8929 7.71429 26.3571 7.71429H1.92857C1.39286 7.71429 0.9375 7.52679 0.5625 7.15179C0.1875 6.77679 0 6.32143 0 5.78571V1.92857C0 1.39286 0.1875 0.937499 0.5625 0.562499C0.9375 0.1875 1.39286 0 1.92857 0H26.3571C26.8929 0 27.3482 0.1875 27.7232 0.562499C28.0982 0.937499 28.2857 1.39286 28.2857 1.92857Z\"><\/svg><\/span><\/button><\/h3><\/div><div id=\"ca317_3\" class=\"collapse\" aria-labelledby=\"ha317_3\" data-parent=\"#a317\"><div class=\"card-body\"><ul>\n<li>Juste la fin du monde<\/li>\n<li>Saint-Laurent<\/li>\n<\/ul>\n<\/div><\/div><\/div><div class=\"card\"><div class=\"card-header\" id=\"ha317_4\"><h3 class=\"card-opener\"><button class=\"collapsed\" type=\"button\" data-toggle=\"collapse\" data-target=\"#ca317_4\" aria-expanded=\"true\" aria-controls=\"ca317_4\"> Comeback<span class=\"plus\"><svg viewBox=\"0 0 29 29\" xmlns=\"http:\/\/www.w3.org\/2000\/svg\"><path d=\"M28.2857 12.9286V16.7857C28.2857 17.3214 28.0982 17.7768 27.7232 18.1518C27.3482 18.5268 26.8929 18.7143 26.3571 18.7143H18V27.0714C18 27.6071 17.8125 28.0625 17.4375 28.4375C17.0625 28.8125 16.6071 29 16.0714 29H12.2143C11.6786 29 11.2232 28.8125 10.8482 28.4375C10.4732 28.0625 10.2857 27.6071 10.2857 27.0714V18.7143H1.92857C1.39286 18.7143 0.9375 18.5268 0.5625 18.1518C0.1875 17.7768 0 17.3214 0 16.7857V12.9286C0 12.3929 0.1875 11.9375 0.5625 11.5625C0.9375 11.1875 1.39286 11 1.92857 11H10.2857V2.64286C10.2857 2.10714 10.4732 1.65178 10.8482 1.27678C11.2232 0.901784 11.6786 0.714284 12.2143 0.714284H16.0714C16.6071 0.714284 17.0625 0.901784 17.4375 1.27678C17.8125 1.65178 18 2.10714 18 2.64286V11H26.3571C26.8929 11 27.3482 11.1875 27.7232 11.5625C28.0982 11.9375 28.2857 12.3929 28.2857 12.9286Z\"><\/svg><\/span><span class=\"minus\"><svg viewBox=\"0 0 29 8\" xmlns=\"http:\/\/www.w3.org\/2000\/svg\"><path d=\"M28.2857 1.92857V5.78571C28.2857 6.32143 28.0982 6.77679 27.7232 7.15179C27.3482 7.52679 26.8929 7.71429 26.3571 7.71429H1.92857C1.39286 7.71429 0.9375 7.52679 0.5625 7.15179C0.1875 6.77679 0 6.32143 0 5.78571V1.92857C0 1.39286 0.1875 0.937499 0.5625 0.562499C0.9375 0.1875 1.39286 0 1.92857 0H26.3571C26.8929 0 27.3482 0.1875 27.7232 0.562499C28.0982 0.937499 28.2857 1.39286 28.2857 1.92857Z\"><\/svg><\/span><\/button><\/h3><\/div><div id=\"ca317_4\" class=\"collapse\" aria-labelledby=\"ha317_4\" data-parent=\"#a317\"><div class=\"card-body\"><ul>\n<li>L&rsquo;Homme Fid\u00e8le<\/li>\n<li>Mandibules<\/li>\n<\/ul>\n<\/div><\/div><\/div><\/div>\n\n<div class=\"space sm\"><\/div>\n\n<div class=\"text-center\"><a href=\"https:\/\/cdlc.sk\/programy-kin\/\" class=\"btn btn-black-invert\" target=\"blank\" rel=\"noreferrer noopener\">PROGRAMMATION ET BILLETS<\/a><\/div>\n\n<div class=\"space sm\"><\/div>\n\n\n<p><strong>Cr\u00e8me de la Cr\u00e8me<\/strong> est organis\u00e9 pour la huiti\u00e8me ann\u00e9e par la soci\u00e9t\u00e9 de distribution cin\u00e9matographique Film Europe en coop\u00e9ration avec l&rsquo;Institut fran\u00e7ais de Slovaquie avec le soutien de :<\/p>\n\n\n<div class=\"space sm\"><\/div>\n\n\n<figure class=\"wp-block-image size-large\"><img loading=\"lazy\" decoding=\"async\" width=\"1024\" height=\"652\" src=\"https:\/\/institutfrancais.sk\/wp-content\/uploads\/2022\/02\/sponsors-1024x652.png\" alt=\"\" class=\"wp-image-21485\" srcset=\"https:\/\/institutfrancais.sk\/wp-content\/uploads\/2022\/02\/sponsors-1024x652.png 1024w, https:\/\/institutfrancais.sk\/wp-content\/uploads\/2022\/02\/sponsors-300x191.png 300w, https:\/\/institutfrancais.sk\/wp-content\/uploads\/2022\/02\/sponsors-768x489.png 768w, https:\/\/institutfrancais.sk\/wp-content\/uploads\/2022\/02\/sponsors-1190x757.png 1190w, https:\/\/institutfrancais.sk\/wp-content\/uploads\/2022\/02\/sponsors.png 1441w\" sizes=\"(max-width: 1024px) 100vw, 1024px\" \/><\/figure>\n\n\n<div class=\"space sm\"><\/div>\n\n\n<p>Les films <em>Illusions Perdues<\/em> et <em>Olga <\/em>ouvriront la Cr\u00e8me de la Cr\u00e8me<strong> le 7 mars 2022 au Th\u00e9\u00e2tre National Slovaque<\/strong>. Les billets pour les films d&rsquo;ouverture seront en vente sur &nbsp;<a href=\"http:\/\/www.snd.sk\">www.snd.sk<\/a>.<\/p>\n\n\n\n<p>Plus d&rsquo;informations sur les films et le festival : <a href=\"http:\/\/www.cdlc.sk\">www.cdlc.sk<\/a><\/p>\n\n\n<div class=\"space sm\"><\/div>\n\n<\/div><div class=\"cta-box full-width\"><div class=\"content dark-blue\"><div class=\"cta-box-content\"><div class=\"left-side\"><div class=\"left-content\"><h2>Gagnez un d\u00e9lice exclusif DS4 pendant une semaine avec un r\u00e9servoir plein de la part de DS Automobiles Slovaquie, partenaire principal du festival<\/h2>\n<\/div><a class=\"btn btn-white\" href=\"https:\/\/www.facebook.com\/dsslovensko\/photos\/a.133596051342351\/730078155027468\/\">Jeu concours<\/a><\/div><div class=\"right-side\"><div class=\"right-content\"><p><img loading=\"lazy\" decoding=\"async\" class=\"size-medium wp-image-21487 alignright\" src=\"https:\/\/institutfrancais.sk\/wp-content\/uploads\/2022\/02\/sutaz-300x300.png\" alt=\"\" width=\"300\" height=\"300\" srcset=\"https:\/\/institutfrancais.sk\/wp-content\/uploads\/2022\/02\/sutaz-300x300.png 300w, https:\/\/institutfrancais.sk\/wp-content\/uploads\/2022\/02\/sutaz-150x150.png 150w, https:\/\/institutfrancais.sk\/wp-content\/uploads\/2022\/02\/sutaz-768x767.png 768w, https:\/\/institutfrancais.sk\/wp-content\/uploads\/2022\/02\/sutaz.png 885w\" sizes=\"(max-width: 300px) 100vw, 300px\" \/><\/p>\n<\/div><\/div><\/div><\/div><\/div><div class=\"wrap narrow-wrap\">\n\n<div class=\"space sm\"><\/div>\n\n<div class=\"text-center\"><a href=\"https:\/\/cdlc.sk\/programy-kin\/\" class=\"btn btn-black-invert\" target=\"blank\" rel=\"noreferrer noopener\">PROGRAMMATION ET BILLETS<\/a><\/div>\n\n<div class=\"space xl\"><\/div>","protected":false},"featured_media":21483,"template":"","typ-podujatia":[52],"acf":[],"yoast_head":"<!-- This site is optimized with the Yoast SEO plugin v24.5 - https:\/\/yoast.com\/wordpress\/plugins\/seo\/ -->\n<title>La semaine du film fran\u00e7ais Cr\u00e8me de la Cr\u00e8me 2022 d\u00e9marre le 7 mars - Franc\u00fazsky in\u0161tit\u00fat na Slovensku<\/title>\n<meta name=\"robots\" content=\"index, follow, max-snippet:-1, max-image-preview:large, max-video-preview:-1\" \/>\n<link rel=\"canonical\" href=\"https:\/\/institutfrancais.sk\/fr\/podujatie\/tyzden-francuzskeho-filmu-creme-de-la-creme-2022-zacina-uz-7-marca\/\" \/>\n<meta property=\"og:locale\" content=\"fr_FR\" \/>\n<meta property=\"og:type\" content=\"article\" \/>\n<meta property=\"og:title\" content=\"La semaine du film fran\u00e7ais Cr\u00e8me de la Cr\u00e8me 2022 d\u00e9marre le 7 mars - Franc\u00fazsky in\u0161tit\u00fat na Slovensku\" \/>\n<meta property=\"og:description\" content=\"La semaine du film fran\u00e7ais comprendra des drames historiques, des films contemporains, des films \u00e0 vocation \u00e9cologique et un film musical.\u00a0\u00bbPour sa huiti\u00e8me ann\u00e9e, nous avons huit types de films dans le peloton des premi\u00e8res slovaques et tch\u00e9co-slovaques. Le colosse cin\u00e9matographique fran\u00e7ais produit deux \u00e0 trois cents films par an, et je ne peux vraiment [&hellip;]\" \/>\n<meta property=\"og:url\" content=\"https:\/\/institutfrancais.sk\/fr\/podujatie\/tyzden-francuzskeho-filmu-creme-de-la-creme-2022-zacina-uz-7-marca\/\" \/>\n<meta property=\"og:site_name\" content=\"Franc\u00fazsky in\u0161tit\u00fat na Slovensku\" \/>\n<meta property=\"article:modified_time\" content=\"2022-03-01T13:19:56+00:00\" \/>\n<meta property=\"og:image\" content=\"https:\/\/institutfrancais.sk\/wp-content\/uploads\/2022\/02\/273297791_2182389888589581_8218766363490902045_n.jpg\" \/>\n\t<meta property=\"og:image:width\" content=\"1200\" \/>\n\t<meta property=\"og:image:height\" content=\"630\" \/>\n\t<meta property=\"og:image:type\" content=\"image\/jpeg\" \/>\n<meta name=\"twitter:card\" content=\"summary_large_image\" \/>\n<meta name=\"twitter:label1\" content=\"Dur\u00e9e de lecture estim\u00e9e\" \/>\n\t<meta name=\"twitter:data1\" content=\"1 minute\" \/>\n<script type=\"application\/ld+json\" class=\"yoast-schema-graph\">{\"@context\":\"https:\/\/schema.org\",\"@graph\":[{\"@type\":\"WebPage\",\"@id\":\"https:\/\/institutfrancais.sk\/fr\/podujatie\/tyzden-francuzskeho-filmu-creme-de-la-creme-2022-zacina-uz-7-marca\/\",\"url\":\"https:\/\/institutfrancais.sk\/fr\/podujatie\/tyzden-francuzskeho-filmu-creme-de-la-creme-2022-zacina-uz-7-marca\/\",\"name\":\"La semaine du film fran\u00e7ais Cr\u00e8me de la Cr\u00e8me 2022 d\u00e9marre le 7 mars - Franc\u00fazsky in\u0161tit\u00fat na Slovensku\",\"isPartOf\":{\"@id\":\"https:\/\/institutfrancais.sk\/fr\/#website\"},\"primaryImageOfPage\":{\"@id\":\"https:\/\/institutfrancais.sk\/fr\/podujatie\/tyzden-francuzskeho-filmu-creme-de-la-creme-2022-zacina-uz-7-marca\/#primaryimage\"},\"image\":{\"@id\":\"https:\/\/institutfrancais.sk\/fr\/podujatie\/tyzden-francuzskeho-filmu-creme-de-la-creme-2022-zacina-uz-7-marca\/#primaryimage\"},\"thumbnailUrl\":\"https:\/\/institutfrancais.sk\/wp-content\/uploads\/2022\/02\/273297791_2182389888589581_8218766363490902045_n.jpg\",\"datePublished\":\"2022-02-28T16:41:45+00:00\",\"dateModified\":\"2022-03-01T13:19:56+00:00\",\"breadcrumb\":{\"@id\":\"https:\/\/institutfrancais.sk\/fr\/podujatie\/tyzden-francuzskeho-filmu-creme-de-la-creme-2022-zacina-uz-7-marca\/#breadcrumb\"},\"inLanguage\":\"fr-FR\",\"potentialAction\":[{\"@type\":\"ReadAction\",\"target\":[\"https:\/\/institutfrancais.sk\/fr\/podujatie\/tyzden-francuzskeho-filmu-creme-de-la-creme-2022-zacina-uz-7-marca\/\"]}]},{\"@type\":\"ImageObject\",\"inLanguage\":\"fr-FR\",\"@id\":\"https:\/\/institutfrancais.sk\/fr\/podujatie\/tyzden-francuzskeho-filmu-creme-de-la-creme-2022-zacina-uz-7-marca\/#primaryimage\",\"url\":\"https:\/\/institutfrancais.sk\/wp-content\/uploads\/2022\/02\/273297791_2182389888589581_8218766363490902045_n.jpg\",\"contentUrl\":\"https:\/\/institutfrancais.sk\/wp-content\/uploads\/2022\/02\/273297791_2182389888589581_8218766363490902045_n.jpg\",\"width\":1200,\"height\":630},{\"@type\":\"BreadcrumbList\",\"@id\":\"https:\/\/institutfrancais.sk\/fr\/podujatie\/tyzden-francuzskeho-filmu-creme-de-la-creme-2022-zacina-uz-7-marca\/#breadcrumb\",\"itemListElement\":[{\"@type\":\"ListItem\",\"position\":1,\"name\":\"Home\",\"item\":\"https:\/\/institutfrancais.sk\/fr\/\"},{\"@type\":\"ListItem\",\"position\":2,\"name\":\"Events\",\"item\":\"https:\/\/institutfrancais.sk\/fr\/podujatie\/\"},{\"@type\":\"ListItem\",\"position\":3,\"name\":\"La semaine du film fran\u00e7ais Cr\u00e8me de la Cr\u00e8me 2022 d\u00e9marre le 7 mars\"}]},{\"@type\":\"WebSite\",\"@id\":\"https:\/\/institutfrancais.sk\/fr\/#website\",\"url\":\"https:\/\/institutfrancais.sk\/fr\/\",\"name\":\"Franc\u00fazsky in\u0161tit\u00fat na Slovensku\",\"description\":\"Franc\u00fazsky in\u0161tit\u00fat na Slovensku\",\"potentialAction\":[{\"@type\":\"SearchAction\",\"target\":{\"@type\":\"EntryPoint\",\"urlTemplate\":\"https:\/\/institutfrancais.sk\/fr\/?s={search_term_string}\"},\"query-input\":{\"@type\":\"PropertyValueSpecification\",\"valueRequired\":true,\"valueName\":\"search_term_string\"}}],\"inLanguage\":\"fr-FR\"}]}<\/script>\n<!-- \/ Yoast SEO plugin. -->","yoast_head_json":{"title":"La semaine du film fran\u00e7ais Cr\u00e8me de la Cr\u00e8me 2022 d\u00e9marre le 7 mars - Franc\u00fazsky in\u0161tit\u00fat na Slovensku","robots":{"index":"index","follow":"follow","max-snippet":"max-snippet:-1","max-image-preview":"max-image-preview:large","max-video-preview":"max-video-preview:-1"},"canonical":"https:\/\/institutfrancais.sk\/fr\/podujatie\/tyzden-francuzskeho-filmu-creme-de-la-creme-2022-zacina-uz-7-marca\/","og_locale":"fr_FR","og_type":"article","og_title":"La semaine du film fran\u00e7ais Cr\u00e8me de la Cr\u00e8me 2022 d\u00e9marre le 7 mars - Franc\u00fazsky in\u0161tit\u00fat na Slovensku","og_description":"La semaine du film fran\u00e7ais comprendra des drames historiques, des films contemporains, des films \u00e0 vocation \u00e9cologique et un film musical.\u00a0\u00bbPour sa huiti\u00e8me ann\u00e9e, nous avons huit types de films dans le peloton des premi\u00e8res slovaques et tch\u00e9co-slovaques. Le colosse cin\u00e9matographique fran\u00e7ais produit deux \u00e0 trois cents films par an, et je ne peux vraiment [&hellip;]","og_url":"https:\/\/institutfrancais.sk\/fr\/podujatie\/tyzden-francuzskeho-filmu-creme-de-la-creme-2022-zacina-uz-7-marca\/","og_site_name":"Franc\u00fazsky in\u0161tit\u00fat na Slovensku","article_modified_time":"2022-03-01T13:19:56+00:00","og_image":[{"width":1200,"height":630,"url":"https:\/\/institutfrancais.sk\/wp-content\/uploads\/2022\/02\/273297791_2182389888589581_8218766363490902045_n.jpg","type":"image\/jpeg"}],"twitter_card":"summary_large_image","twitter_misc":{"Dur\u00e9e de lecture estim\u00e9e":"1 minute"},"schema":{"@context":"https:\/\/schema.org","@graph":[{"@type":"WebPage","@id":"https:\/\/institutfrancais.sk\/fr\/podujatie\/tyzden-francuzskeho-filmu-creme-de-la-creme-2022-zacina-uz-7-marca\/","url":"https:\/\/institutfrancais.sk\/fr\/podujatie\/tyzden-francuzskeho-filmu-creme-de-la-creme-2022-zacina-uz-7-marca\/","name":"La semaine du film fran\u00e7ais Cr\u00e8me de la Cr\u00e8me 2022 d\u00e9marre le 7 mars - Franc\u00fazsky in\u0161tit\u00fat na Slovensku","isPartOf":{"@id":"https:\/\/institutfrancais.sk\/fr\/#website"},"primaryImageOfPage":{"@id":"https:\/\/institutfrancais.sk\/fr\/podujatie\/tyzden-francuzskeho-filmu-creme-de-la-creme-2022-zacina-uz-7-marca\/#primaryimage"},"image":{"@id":"https:\/\/institutfrancais.sk\/fr\/podujatie\/tyzden-francuzskeho-filmu-creme-de-la-creme-2022-zacina-uz-7-marca\/#primaryimage"},"thumbnailUrl":"https:\/\/institutfrancais.sk\/wp-content\/uploads\/2022\/02\/273297791_2182389888589581_8218766363490902045_n.jpg","datePublished":"2022-02-28T16:41:45+00:00","dateModified":"2022-03-01T13:19:56+00:00","breadcrumb":{"@id":"https:\/\/institutfrancais.sk\/fr\/podujatie\/tyzden-francuzskeho-filmu-creme-de-la-creme-2022-zacina-uz-7-marca\/#breadcrumb"},"inLanguage":"fr-FR","potentialAction":[{"@type":"ReadAction","target":["https:\/\/institutfrancais.sk\/fr\/podujatie\/tyzden-francuzskeho-filmu-creme-de-la-creme-2022-zacina-uz-7-marca\/"]}]},{"@type":"ImageObject","inLanguage":"fr-FR","@id":"https:\/\/institutfrancais.sk\/fr\/podujatie\/tyzden-francuzskeho-filmu-creme-de-la-creme-2022-zacina-uz-7-marca\/#primaryimage","url":"https:\/\/institutfrancais.sk\/wp-content\/uploads\/2022\/02\/273297791_2182389888589581_8218766363490902045_n.jpg","contentUrl":"https:\/\/institutfrancais.sk\/wp-content\/uploads\/2022\/02\/273297791_2182389888589581_8218766363490902045_n.jpg","width":1200,"height":630},{"@type":"BreadcrumbList","@id":"https:\/\/institutfrancais.sk\/fr\/podujatie\/tyzden-francuzskeho-filmu-creme-de-la-creme-2022-zacina-uz-7-marca\/#breadcrumb","itemListElement":[{"@type":"ListItem","position":1,"name":"Home","item":"https:\/\/institutfrancais.sk\/fr\/"},{"@type":"ListItem","position":2,"name":"Events","item":"https:\/\/institutfrancais.sk\/fr\/podujatie\/"},{"@type":"ListItem","position":3,"name":"La semaine du film fran\u00e7ais Cr\u00e8me de la Cr\u00e8me 2022 d\u00e9marre le 7 mars"}]},{"@type":"WebSite","@id":"https:\/\/institutfrancais.sk\/fr\/#website","url":"https:\/\/institutfrancais.sk\/fr\/","name":"Franc\u00fazsky in\u0161tit\u00fat na Slovensku","description":"Franc\u00fazsky in\u0161tit\u00fat na Slovensku","potentialAction":[{"@type":"SearchAction","target":{"@type":"EntryPoint","urlTemplate":"https:\/\/institutfrancais.sk\/fr\/?s={search_term_string}"},"query-input":{"@type":"PropertyValueSpecification","valueRequired":true,"valueName":"search_term_string"}}],"inLanguage":"fr-FR"}]}},"_links":{"self":[{"href":"https:\/\/institutfrancais.sk\/fr\/wp-json\/wp\/v2\/podujatie\/21491"}],"collection":[{"href":"https:\/\/institutfrancais.sk\/fr\/wp-json\/wp\/v2\/podujatie"}],"about":[{"href":"https:\/\/institutfrancais.sk\/fr\/wp-json\/wp\/v2\/types\/podujatie"}],"wp:featuredmedia":[{"embeddable":true,"href":"https:\/\/institutfrancais.sk\/fr\/wp-json\/wp\/v2\/media\/21483"}],"wp:attachment":[{"href":"https:\/\/institutfrancais.sk\/fr\/wp-json\/wp\/v2\/media?parent=21491"}],"wp:term":[{"taxonomy":"typ-podujatia","embeddable":true,"href":"https:\/\/institutfrancais.sk\/fr\/wp-json\/wp\/v2\/typ-podujatia?post=21491"}],"curies":[{"name":"wp","href":"https:\/\/api.w.org\/{rel}","templated":true}]}}