{"id":21845,"date":"2022-03-10T16:02:23","date_gmt":"2022-03-10T15:02:23","guid":{"rendered":"https:\/\/institutfrancais.sk\/podujatie\/vystava-krehky-beton\/"},"modified":"2022-03-24T15:33:41","modified_gmt":"2022-03-24T14:33:41","slug":"vystava-krehky-beton","status":"publish","type":"podujatie","link":"https:\/\/institutfrancais.sk\/fr\/podujatie\/vystava-krehky-beton\/","title":{"rendered":"Exposition : B\u00e9ton craquant"},"content":{"rendered":"\n<p>Le Centre de design slovaque en coop\u00e9ration avec l&rsquo;Institut fran\u00e7ais de Slovaquie et l&rsquo;\u00e9quipe de la Cit\u00e9 Radieuse de Marseille ont pr\u00e9par\u00e9 une suite libre de l&rsquo;exposition <strong>B\u00e9ton craquant <\/strong>initialement pr\u00e9sent\u00e9e \u00e0 Marseille, en France, dans le cadre de l&rsquo;Ann\u00e9e du design slovaque 2021, qui s&rsquo;inspire de l&rsquo;environnement urbain et fa\u00e7onn\u00e9 par l&rsquo;esth\u00e9tique et l&rsquo;architecture brutalistes.<\/p>\n\n\n\n<p><em>Le vernissage de l&rsquo;exposition aura lieu le 23 mars 2022 dans les locaux de l&rsquo;Institut fran\u00e7ais, Sedl\u00e1rska 7 \u00e0 Bratislava \u00e0 17h. <\/em><\/p>\n\n\n<div class=\"space sm\"><\/div>\n\n\n<h2 class=\"wp-block-heading\">Horaires d&rsquo;ouverture de l&rsquo;exposition : LUN-VEN du 10.00 \u00e0 19.00<\/h2>\n\n\n<div class=\"space md\"><\/div>\n\n\n<figure class=\"wp-block-image alignwide size-large is-style-default\"><img loading=\"lazy\" decoding=\"async\" width=\"758\" height=\"1024\" src=\"https:\/\/institutfrancais.sk\/wp-content\/uploads\/2022\/03\/affiche-758x1024.png\" alt=\"\" class=\"wp-image-21840\" srcset=\"https:\/\/institutfrancais.sk\/wp-content\/uploads\/2022\/03\/affiche-758x1024.png 758w, https:\/\/institutfrancais.sk\/wp-content\/uploads\/2022\/03\/affiche-222x300.png 222w, https:\/\/institutfrancais.sk\/wp-content\/uploads\/2022\/03\/affiche-768x1038.png 768w, https:\/\/institutfrancais.sk\/wp-content\/uploads\/2022\/03\/affiche-740x1000.png 740w, https:\/\/institutfrancais.sk\/wp-content\/uploads\/2022\/03\/affiche.png 796w\" sizes=\"(max-width: 758px) 100vw, 758px\" \/><\/figure>\n\n\n<div class=\"space md\"><\/div>\n\n\n<h2 class=\"wp-block-heading\"><strong>Informations sur l&rsquo;exposition et les contacts <\/strong><\/h2>\n\n\n\n<p>Commissaire d&rsquo;exposition: Laura Serra Forest<\/p>\n\n\n\n<p>Coop\u00e9ration: SCD<\/p>\n\n\n\n<p>Desin graphique: Matej Vojtu\u0161<\/p>\n\n\n\n<p>Organisateurs de l&rsquo;exposition: SCD, Institut fran\u00e7ais de Slovaquie, Kolektiv Cit\u00e9 Radieuse<\/p>\n\n\n\n<p>Production et contact: Zdenka Pepelov\u00e1,&nbsp;zdenka.pepelova@scd.sk \/&nbsp;+421&nbsp;918&nbsp;731&nbsp;450<\/p>\n\n\n<div class=\"space sm\"><\/div>\n\n\n<h2 class=\"wp-block-heading\">Partenaires de l&rsquo;exposition<\/h2>\n\n\n\n<p>Minist\u00e8re de la Culture de la R\u00e9publique slovaque<\/p>\n\n\n\n<p>GMB<\/p>\n\n\n\n<p>J&amp;T Banka<\/p>\n\n\n<div class=\"space sm\"><\/div>\n\n<\/div><iframe loading=\"lazy\" src=\"https:\/\/www.google.com\/maps\/embed?pb=!1m18!1m12!1m3!1d2662.2735746915087!2d17.10532635165492!3d48.14353077912193!2m3!1f0!2f0!3f0!3m2!1i1024!2i768!4f13.1!3m3!1m2!1s0x476c8942d3867d0f%3A0xf92cfa7be90ee73!2zRnJhbmPDunpza3kgaW7FoXRpdMO6dA!5e0!3m2!1ssk!2ssk!4v1575902399794!5m2!1ssk!2ssk\" width=\"100%\" height=\"558\" frameborder=\"0\" class=\"gmap-iframe\" allowfullscreen=\"\"><\/iframe><div class=\"wrap narrow-wrap\">","protected":false},"featured_media":21843,"template":"","typ-podujatia":[56],"acf":[],"yoast_head":"<!-- This site is optimized with the Yoast SEO plugin v24.5 - https:\/\/yoast.com\/wordpress\/plugins\/seo\/ -->\n<title>Exposition : B\u00e9ton craquant - Franc\u00fazsky in\u0161tit\u00fat na Slovensku<\/title>\n<meta name=\"description\" content=\"Slovensk\u00e9 centrum dizajnu v spolupr\u00e1ci s Franc\u00fazskym in\u0161tit\u00fatom a Kolektiv Cit\u00e9 Radieuse pripravili vo\u013en\u00e9 pokra\u010dovanie v\u00fdstavy Krehk\u00fd bet\u00f3n\" \/>\n<meta name=\"robots\" content=\"index, follow, max-snippet:-1, max-image-preview:large, max-video-preview:-1\" \/>\n<link rel=\"canonical\" href=\"https:\/\/institutfrancais.sk\/fr\/podujatie\/vystava-krehky-beton\/\" \/>\n<meta property=\"og:locale\" content=\"fr_FR\" \/>\n<meta property=\"og:type\" content=\"article\" \/>\n<meta property=\"og:title\" content=\"Exposition : B\u00e9ton craquant - Franc\u00fazsky in\u0161tit\u00fat na Slovensku\" \/>\n<meta property=\"og:description\" content=\"Slovensk\u00e9 centrum dizajnu v spolupr\u00e1ci s Franc\u00fazskym in\u0161tit\u00fatom a Kolektiv Cit\u00e9 Radieuse pripravili vo\u013en\u00e9 pokra\u010dovanie v\u00fdstavy Krehk\u00fd bet\u00f3n\" \/>\n<meta property=\"og:url\" content=\"https:\/\/institutfrancais.sk\/fr\/podujatie\/vystava-krehky-beton\/\" \/>\n<meta property=\"og:site_name\" content=\"Franc\u00fazsky in\u0161tit\u00fat na Slovensku\" \/>\n<meta property=\"article:modified_time\" content=\"2022-03-24T14:33:41+00:00\" \/>\n<meta property=\"og:image\" content=\"https:\/\/institutfrancais.sk\/wp-content\/uploads\/2022\/03\/krehky-beton.png\" \/>\n\t<meta property=\"og:image:width\" content=\"1125\" \/>\n\t<meta property=\"og:image:height\" content=\"826\" \/>\n\t<meta property=\"og:image:type\" content=\"image\/png\" \/>\n<meta name=\"twitter:card\" content=\"summary_large_image\" \/>\n<meta name=\"twitter:label1\" content=\"Dur\u00e9e de lecture estim\u00e9e\" \/>\n\t<meta name=\"twitter:data1\" content=\"1 minute\" \/>\n<script type=\"application\/ld+json\" class=\"yoast-schema-graph\">{\"@context\":\"https:\/\/schema.org\",\"@graph\":[{\"@type\":\"WebPage\",\"@id\":\"https:\/\/institutfrancais.sk\/fr\/podujatie\/vystava-krehky-beton\/\",\"url\":\"https:\/\/institutfrancais.sk\/fr\/podujatie\/vystava-krehky-beton\/\",\"name\":\"Exposition : B\u00e9ton craquant - Franc\u00fazsky in\u0161tit\u00fat na Slovensku\",\"isPartOf\":{\"@id\":\"https:\/\/institutfrancais.sk\/fr\/#website\"},\"primaryImageOfPage\":{\"@id\":\"https:\/\/institutfrancais.sk\/fr\/podujatie\/vystava-krehky-beton\/#primaryimage\"},\"image\":{\"@id\":\"https:\/\/institutfrancais.sk\/fr\/podujatie\/vystava-krehky-beton\/#primaryimage\"},\"thumbnailUrl\":\"https:\/\/institutfrancais.sk\/wp-content\/uploads\/2022\/03\/krehky-beton.png\",\"datePublished\":\"2022-03-10T15:02:23+00:00\",\"dateModified\":\"2022-03-24T14:33:41+00:00\",\"description\":\"Slovensk\u00e9 centrum dizajnu v spolupr\u00e1ci s Franc\u00fazskym in\u0161tit\u00fatom a Kolektiv Cit\u00e9 Radieuse pripravili vo\u013en\u00e9 pokra\u010dovanie v\u00fdstavy Krehk\u00fd bet\u00f3n\",\"breadcrumb\":{\"@id\":\"https:\/\/institutfrancais.sk\/fr\/podujatie\/vystava-krehky-beton\/#breadcrumb\"},\"inLanguage\":\"fr-FR\",\"potentialAction\":[{\"@type\":\"ReadAction\",\"target\":[\"https:\/\/institutfrancais.sk\/fr\/podujatie\/vystava-krehky-beton\/\"]}]},{\"@type\":\"ImageObject\",\"inLanguage\":\"fr-FR\",\"@id\":\"https:\/\/institutfrancais.sk\/fr\/podujatie\/vystava-krehky-beton\/#primaryimage\",\"url\":\"https:\/\/institutfrancais.sk\/wp-content\/uploads\/2022\/03\/krehky-beton.png\",\"contentUrl\":\"https:\/\/institutfrancais.sk\/wp-content\/uploads\/2022\/03\/krehky-beton.png\",\"width\":1125,\"height\":826},{\"@type\":\"BreadcrumbList\",\"@id\":\"https:\/\/institutfrancais.sk\/fr\/podujatie\/vystava-krehky-beton\/#breadcrumb\",\"itemListElement\":[{\"@type\":\"ListItem\",\"position\":1,\"name\":\"Home\",\"item\":\"https:\/\/institutfrancais.sk\/fr\/\"},{\"@type\":\"ListItem\",\"position\":2,\"name\":\"Events\",\"item\":\"https:\/\/institutfrancais.sk\/fr\/podujatie\/\"},{\"@type\":\"ListItem\",\"position\":3,\"name\":\"Exposition : B\u00e9ton craquant\"}]},{\"@type\":\"WebSite\",\"@id\":\"https:\/\/institutfrancais.sk\/fr\/#website\",\"url\":\"https:\/\/institutfrancais.sk\/fr\/\",\"name\":\"Franc\u00fazsky in\u0161tit\u00fat na Slovensku\",\"description\":\"Franc\u00fazsky in\u0161tit\u00fat na Slovensku\",\"potentialAction\":[{\"@type\":\"SearchAction\",\"target\":{\"@type\":\"EntryPoint\",\"urlTemplate\":\"https:\/\/institutfrancais.sk\/fr\/?s={search_term_string}\"},\"query-input\":{\"@type\":\"PropertyValueSpecification\",\"valueRequired\":true,\"valueName\":\"search_term_string\"}}],\"inLanguage\":\"fr-FR\"}]}<\/script>\n<!-- \/ Yoast SEO plugin. -->","yoast_head_json":{"title":"Exposition : B\u00e9ton craquant - Franc\u00fazsky in\u0161tit\u00fat na Slovensku","description":"Slovensk\u00e9 centrum dizajnu v spolupr\u00e1ci s Franc\u00fazskym in\u0161tit\u00fatom a Kolektiv Cit\u00e9 Radieuse pripravili vo\u013en\u00e9 pokra\u010dovanie v\u00fdstavy Krehk\u00fd bet\u00f3n","robots":{"index":"index","follow":"follow","max-snippet":"max-snippet:-1","max-image-preview":"max-image-preview:large","max-video-preview":"max-video-preview:-1"},"canonical":"https:\/\/institutfrancais.sk\/fr\/podujatie\/vystava-krehky-beton\/","og_locale":"fr_FR","og_type":"article","og_title":"Exposition : B\u00e9ton craquant - Franc\u00fazsky in\u0161tit\u00fat na Slovensku","og_description":"Slovensk\u00e9 centrum dizajnu v spolupr\u00e1ci s Franc\u00fazskym in\u0161tit\u00fatom a Kolektiv Cit\u00e9 Radieuse pripravili vo\u013en\u00e9 pokra\u010dovanie v\u00fdstavy Krehk\u00fd bet\u00f3n","og_url":"https:\/\/institutfrancais.sk\/fr\/podujatie\/vystava-krehky-beton\/","og_site_name":"Franc\u00fazsky in\u0161tit\u00fat na Slovensku","article_modified_time":"2022-03-24T14:33:41+00:00","og_image":[{"width":1125,"height":826,"url":"https:\/\/institutfrancais.sk\/wp-content\/uploads\/2022\/03\/krehky-beton.png","type":"image\/png"}],"twitter_card":"summary_large_image","twitter_misc":{"Dur\u00e9e de lecture estim\u00e9e":"1 minute"},"schema":{"@context":"https:\/\/schema.org","@graph":[{"@type":"WebPage","@id":"https:\/\/institutfrancais.sk\/fr\/podujatie\/vystava-krehky-beton\/","url":"https:\/\/institutfrancais.sk\/fr\/podujatie\/vystava-krehky-beton\/","name":"Exposition : B\u00e9ton craquant - Franc\u00fazsky in\u0161tit\u00fat na Slovensku","isPartOf":{"@id":"https:\/\/institutfrancais.sk\/fr\/#website"},"primaryImageOfPage":{"@id":"https:\/\/institutfrancais.sk\/fr\/podujatie\/vystava-krehky-beton\/#primaryimage"},"image":{"@id":"https:\/\/institutfrancais.sk\/fr\/podujatie\/vystava-krehky-beton\/#primaryimage"},"thumbnailUrl":"https:\/\/institutfrancais.sk\/wp-content\/uploads\/2022\/03\/krehky-beton.png","datePublished":"2022-03-10T15:02:23+00:00","dateModified":"2022-03-24T14:33:41+00:00","description":"Slovensk\u00e9 centrum dizajnu v spolupr\u00e1ci s Franc\u00fazskym in\u0161tit\u00fatom a Kolektiv Cit\u00e9 Radieuse pripravili vo\u013en\u00e9 pokra\u010dovanie v\u00fdstavy Krehk\u00fd bet\u00f3n","breadcrumb":{"@id":"https:\/\/institutfrancais.sk\/fr\/podujatie\/vystava-krehky-beton\/#breadcrumb"},"inLanguage":"fr-FR","potentialAction":[{"@type":"ReadAction","target":["https:\/\/institutfrancais.sk\/fr\/podujatie\/vystava-krehky-beton\/"]}]},{"@type":"ImageObject","inLanguage":"fr-FR","@id":"https:\/\/institutfrancais.sk\/fr\/podujatie\/vystava-krehky-beton\/#primaryimage","url":"https:\/\/institutfrancais.sk\/wp-content\/uploads\/2022\/03\/krehky-beton.png","contentUrl":"https:\/\/institutfrancais.sk\/wp-content\/uploads\/2022\/03\/krehky-beton.png","width":1125,"height":826},{"@type":"BreadcrumbList","@id":"https:\/\/institutfrancais.sk\/fr\/podujatie\/vystava-krehky-beton\/#breadcrumb","itemListElement":[{"@type":"ListItem","position":1,"name":"Home","item":"https:\/\/institutfrancais.sk\/fr\/"},{"@type":"ListItem","position":2,"name":"Events","item":"https:\/\/institutfrancais.sk\/fr\/podujatie\/"},{"@type":"ListItem","position":3,"name":"Exposition : B\u00e9ton craquant"}]},{"@type":"WebSite","@id":"https:\/\/institutfrancais.sk\/fr\/#website","url":"https:\/\/institutfrancais.sk\/fr\/","name":"Franc\u00fazsky in\u0161tit\u00fat na Slovensku","description":"Franc\u00fazsky in\u0161tit\u00fat na Slovensku","potentialAction":[{"@type":"SearchAction","target":{"@type":"EntryPoint","urlTemplate":"https:\/\/institutfrancais.sk\/fr\/?s={search_term_string}"},"query-input":{"@type":"PropertyValueSpecification","valueRequired":true,"valueName":"search_term_string"}}],"inLanguage":"fr-FR"}]}},"_links":{"self":[{"href":"https:\/\/institutfrancais.sk\/fr\/wp-json\/wp\/v2\/podujatie\/21845"}],"collection":[{"href":"https:\/\/institutfrancais.sk\/fr\/wp-json\/wp\/v2\/podujatie"}],"about":[{"href":"https:\/\/institutfrancais.sk\/fr\/wp-json\/wp\/v2\/types\/podujatie"}],"wp:featuredmedia":[{"embeddable":true,"href":"https:\/\/institutfrancais.sk\/fr\/wp-json\/wp\/v2\/media\/21843"}],"wp:attachment":[{"href":"https:\/\/institutfrancais.sk\/fr\/wp-json\/wp\/v2\/media?parent=21845"}],"wp:term":[{"taxonomy":"typ-podujatia","embeddable":true,"href":"https:\/\/institutfrancais.sk\/fr\/wp-json\/wp\/v2\/typ-podujatia?post=21845"}],"curies":[{"name":"wp","href":"https:\/\/api.w.org\/{rel}","templated":true}]}}