{"id":22658,"date":"2022-05-05T17:38:00","date_gmt":"2022-05-05T15:38:00","guid":{"rendered":"https:\/\/institutfrancais.sk\/podujatie\/prave-v-kinach-mala-mama\/"},"modified":"2022-05-18T10:57:49","modified_gmt":"2022-05-18T08:57:49","slug":"prave-v-kinach-mala-mama","status":"publish","type":"podujatie","link":"https:\/\/institutfrancais.sk\/fr\/podujatie\/prave-v-kinach-mala-mama\/","title":{"rendered":"Au cin\u00e9ma : Petite maman"},"content":{"rendered":"\n<p>Nelly a&nbsp;huit ans et vient de perdre sa grand-m\u00e8re. Elle part avec ses parents vider la maison d\u2019enfance de sa m\u00e8re, Marion. Nelly est heureuse d\u2019explorer cette maison et les bois qui l\u2019entourent o\u00f9 sa m\u00e8re construisait une cabane. Un matin la tristesse pousse sa m\u00e8re \u00e0 partir. C\u2019est l\u00e0 que Nelly rencontre une petite fille dans les bois. Elle construit une cabane, elle a&nbsp;son \u00e2ge et elle s\u2019appelle Marion. C\u2019est sa petite maman.<\/p>\n\n\n\n<p><strong>Langue :<\/strong> fran\u00e7aise sous-titr\u00e9e tch\u00e8que<br><strong>Mise en sc\u00e8ne et sc\u00e9nario<\/strong> <strong>:<\/strong>&nbsp;C\u00e9line Sciamma <br><strong>Avec :<\/strong>&nbsp;Nina Meurisse, Margot Abascal, St\u00e9phane Varupenne, Jos\u00e9phine Sanz, Gabrielle Sanz<\/p>\n\n\n<div class=\"space sm\"><\/div>\n\n\n<figure class=\"wp-block-embed is-type-video is-provider-youtube wp-block-embed-youtube wp-embed-aspect-16-9 wp-has-aspect-ratio\"><div class=\"wp-block-embed__wrapper\">\n<iframe loading=\"lazy\" title=\"Mal\u00e1 mama (HD Trailer)\" width=\"500\" height=\"281\" src=\"https:\/\/www.youtube.com\/embed\/oxUQwKB21T4?feature=oembed\" frameborder=\"0\" allow=\"accelerometer; autoplay; clipboard-write; encrypted-media; gyroscope; picture-in-picture; web-share\" referrerpolicy=\"strict-origin-when-cross-origin\" allowfullscreen><\/iframe>\n<\/div><\/figure>\n\n\n<div class=\"space sm\"><\/div>\n\n<div class=\"text-center\"><a href=\"https:\/\/asfk.sk\/film\/mala-mama\/\" class=\"btn btn-black-invert\" target=\"blank\" rel=\"noreferrer noopener\">En savoir plus sur le film<\/a><\/div>\n\n<div class=\"space sm\"><\/div>\n\n\n<h2 class=\"wp-block-heading\">Prix et nominations<\/h2>\n\n\n\n<p>2021 : Prix du public &#8211;&nbsp;MFF San Sebastian ;&nbsp;Prix \u200b\u200bFIPRESCI &#8211;&nbsp;Festival du film de Stockholm&nbsp;;&nbsp;2022 : Nomination aux BAFTA du meilleur film en langue \u00e9trang\u00e8re.<\/p>\n\n\n<div class=\"space sm\"><\/div>\n\n\n<p><em><br>En coop\u00e9ration avec la soci\u00e9t\u00e9 de distribution&nbsp;<\/em><a href=\"https:\/\/asfk.sk\/film\/mala-mama\/\">ASFK<\/a><\/p>\n\n\n<div class=\"space sm\"><\/div>","protected":false},"featured_media":22656,"template":"","typ-podujatia":[52],"acf":[],"yoast_head":"<!-- This site is optimized with the Yoast SEO plugin v24.5 - https:\/\/yoast.com\/wordpress\/plugins\/seo\/ -->\n<title>Au cin\u00e9ma : Petite maman - Franc\u00fazsky in\u0161tit\u00fat na Slovensku<\/title>\n<meta name=\"description\" content=\"Nelly a huit ans et vient de perdre sa grand-m\u00e8re. Elle part avec ses parents vider la maison d\u2019enfance de sa m\u00e8re, Marion.\" \/>\n<meta name=\"robots\" content=\"index, follow, max-snippet:-1, max-image-preview:large, max-video-preview:-1\" \/>\n<link rel=\"canonical\" href=\"https:\/\/institutfrancais.sk\/fr\/podujatie\/prave-v-kinach-mala-mama\/\" \/>\n<meta property=\"og:locale\" content=\"fr_FR\" \/>\n<meta property=\"og:type\" content=\"article\" \/>\n<meta property=\"og:title\" content=\"Au cin\u00e9ma : Petite maman - Franc\u00fazsky in\u0161tit\u00fat na Slovensku\" \/>\n<meta property=\"og:description\" content=\"Nelly a huit ans et vient de perdre sa grand-m\u00e8re. Elle part avec ses parents vider la maison d\u2019enfance de sa m\u00e8re, Marion.\" \/>\n<meta property=\"og:url\" content=\"https:\/\/institutfrancais.sk\/fr\/podujatie\/prave-v-kinach-mala-mama\/\" \/>\n<meta property=\"og:site_name\" content=\"Franc\u00fazsky in\u0161tit\u00fat na Slovensku\" \/>\n<meta property=\"article:modified_time\" content=\"2022-05-18T08:57:49+00:00\" \/>\n<meta property=\"og:image\" content=\"https:\/\/institutfrancais.sk\/wp-content\/uploads\/2022\/05\/Petite-Maman-c-Lilies-Films-3-scaled.jpg\" \/>\n\t<meta property=\"og:image:width\" content=\"2560\" \/>\n\t<meta property=\"og:image:height\" content=\"1384\" \/>\n\t<meta property=\"og:image:type\" content=\"image\/jpeg\" \/>\n<meta name=\"twitter:card\" content=\"summary_large_image\" \/>\n<meta name=\"twitter:label1\" content=\"Dur\u00e9e de lecture estim\u00e9e\" \/>\n\t<meta name=\"twitter:data1\" content=\"1 minute\" \/>\n<script type=\"application\/ld+json\" class=\"yoast-schema-graph\">{\"@context\":\"https:\/\/schema.org\",\"@graph\":[{\"@type\":\"WebPage\",\"@id\":\"https:\/\/institutfrancais.sk\/fr\/podujatie\/prave-v-kinach-mala-mama\/\",\"url\":\"https:\/\/institutfrancais.sk\/fr\/podujatie\/prave-v-kinach-mala-mama\/\",\"name\":\"Au cin\u00e9ma : Petite maman - Franc\u00fazsky in\u0161tit\u00fat na Slovensku\",\"isPartOf\":{\"@id\":\"https:\/\/institutfrancais.sk\/fr\/#website\"},\"primaryImageOfPage\":{\"@id\":\"https:\/\/institutfrancais.sk\/fr\/podujatie\/prave-v-kinach-mala-mama\/#primaryimage\"},\"image\":{\"@id\":\"https:\/\/institutfrancais.sk\/fr\/podujatie\/prave-v-kinach-mala-mama\/#primaryimage\"},\"thumbnailUrl\":\"https:\/\/institutfrancais.sk\/wp-content\/uploads\/2022\/05\/Petite-Maman-c-Lilies-Films-3-scaled.jpg\",\"datePublished\":\"2022-05-05T15:38:00+00:00\",\"dateModified\":\"2022-05-18T08:57:49+00:00\",\"description\":\"Nelly a huit ans et vient de perdre sa grand-m\u00e8re. Elle part avec ses parents vider la maison d\u2019enfance de sa m\u00e8re, Marion.\",\"breadcrumb\":{\"@id\":\"https:\/\/institutfrancais.sk\/fr\/podujatie\/prave-v-kinach-mala-mama\/#breadcrumb\"},\"inLanguage\":\"fr-FR\",\"potentialAction\":[{\"@type\":\"ReadAction\",\"target\":[\"https:\/\/institutfrancais.sk\/fr\/podujatie\/prave-v-kinach-mala-mama\/\"]}]},{\"@type\":\"ImageObject\",\"inLanguage\":\"fr-FR\",\"@id\":\"https:\/\/institutfrancais.sk\/fr\/podujatie\/prave-v-kinach-mala-mama\/#primaryimage\",\"url\":\"https:\/\/institutfrancais.sk\/wp-content\/uploads\/2022\/05\/Petite-Maman-c-Lilies-Films-3-scaled.jpg\",\"contentUrl\":\"https:\/\/institutfrancais.sk\/wp-content\/uploads\/2022\/05\/Petite-Maman-c-Lilies-Films-3-scaled.jpg\",\"width\":2560,\"height\":1384},{\"@type\":\"BreadcrumbList\",\"@id\":\"https:\/\/institutfrancais.sk\/fr\/podujatie\/prave-v-kinach-mala-mama\/#breadcrumb\",\"itemListElement\":[{\"@type\":\"ListItem\",\"position\":1,\"name\":\"Home\",\"item\":\"https:\/\/institutfrancais.sk\/fr\/\"},{\"@type\":\"ListItem\",\"position\":2,\"name\":\"Events\",\"item\":\"https:\/\/institutfrancais.sk\/fr\/podujatie\/\"},{\"@type\":\"ListItem\",\"position\":3,\"name\":\"Au cin\u00e9ma : Petite maman\"}]},{\"@type\":\"WebSite\",\"@id\":\"https:\/\/institutfrancais.sk\/fr\/#website\",\"url\":\"https:\/\/institutfrancais.sk\/fr\/\",\"name\":\"Franc\u00fazsky in\u0161tit\u00fat na Slovensku\",\"description\":\"Franc\u00fazsky in\u0161tit\u00fat na Slovensku\",\"potentialAction\":[{\"@type\":\"SearchAction\",\"target\":{\"@type\":\"EntryPoint\",\"urlTemplate\":\"https:\/\/institutfrancais.sk\/fr\/?s={search_term_string}\"},\"query-input\":{\"@type\":\"PropertyValueSpecification\",\"valueRequired\":true,\"valueName\":\"search_term_string\"}}],\"inLanguage\":\"fr-FR\"}]}<\/script>\n<!-- \/ Yoast SEO plugin. -->","yoast_head_json":{"title":"Au cin\u00e9ma : Petite maman - Franc\u00fazsky in\u0161tit\u00fat na Slovensku","description":"Nelly a huit ans et vient de perdre sa grand-m\u00e8re. Elle part avec ses parents vider la maison d\u2019enfance de sa m\u00e8re, Marion.","robots":{"index":"index","follow":"follow","max-snippet":"max-snippet:-1","max-image-preview":"max-image-preview:large","max-video-preview":"max-video-preview:-1"},"canonical":"https:\/\/institutfrancais.sk\/fr\/podujatie\/prave-v-kinach-mala-mama\/","og_locale":"fr_FR","og_type":"article","og_title":"Au cin\u00e9ma : Petite maman - Franc\u00fazsky in\u0161tit\u00fat na Slovensku","og_description":"Nelly a huit ans et vient de perdre sa grand-m\u00e8re. Elle part avec ses parents vider la maison d\u2019enfance de sa m\u00e8re, Marion.","og_url":"https:\/\/institutfrancais.sk\/fr\/podujatie\/prave-v-kinach-mala-mama\/","og_site_name":"Franc\u00fazsky in\u0161tit\u00fat na Slovensku","article_modified_time":"2022-05-18T08:57:49+00:00","og_image":[{"width":2560,"height":1384,"url":"https:\/\/institutfrancais.sk\/wp-content\/uploads\/2022\/05\/Petite-Maman-c-Lilies-Films-3-scaled.jpg","type":"image\/jpeg"}],"twitter_card":"summary_large_image","twitter_misc":{"Dur\u00e9e de lecture estim\u00e9e":"1 minute"},"schema":{"@context":"https:\/\/schema.org","@graph":[{"@type":"WebPage","@id":"https:\/\/institutfrancais.sk\/fr\/podujatie\/prave-v-kinach-mala-mama\/","url":"https:\/\/institutfrancais.sk\/fr\/podujatie\/prave-v-kinach-mala-mama\/","name":"Au cin\u00e9ma : Petite maman - Franc\u00fazsky in\u0161tit\u00fat na Slovensku","isPartOf":{"@id":"https:\/\/institutfrancais.sk\/fr\/#website"},"primaryImageOfPage":{"@id":"https:\/\/institutfrancais.sk\/fr\/podujatie\/prave-v-kinach-mala-mama\/#primaryimage"},"image":{"@id":"https:\/\/institutfrancais.sk\/fr\/podujatie\/prave-v-kinach-mala-mama\/#primaryimage"},"thumbnailUrl":"https:\/\/institutfrancais.sk\/wp-content\/uploads\/2022\/05\/Petite-Maman-c-Lilies-Films-3-scaled.jpg","datePublished":"2022-05-05T15:38:00+00:00","dateModified":"2022-05-18T08:57:49+00:00","description":"Nelly a huit ans et vient de perdre sa grand-m\u00e8re. Elle part avec ses parents vider la maison d\u2019enfance de sa m\u00e8re, Marion.","breadcrumb":{"@id":"https:\/\/institutfrancais.sk\/fr\/podujatie\/prave-v-kinach-mala-mama\/#breadcrumb"},"inLanguage":"fr-FR","potentialAction":[{"@type":"ReadAction","target":["https:\/\/institutfrancais.sk\/fr\/podujatie\/prave-v-kinach-mala-mama\/"]}]},{"@type":"ImageObject","inLanguage":"fr-FR","@id":"https:\/\/institutfrancais.sk\/fr\/podujatie\/prave-v-kinach-mala-mama\/#primaryimage","url":"https:\/\/institutfrancais.sk\/wp-content\/uploads\/2022\/05\/Petite-Maman-c-Lilies-Films-3-scaled.jpg","contentUrl":"https:\/\/institutfrancais.sk\/wp-content\/uploads\/2022\/05\/Petite-Maman-c-Lilies-Films-3-scaled.jpg","width":2560,"height":1384},{"@type":"BreadcrumbList","@id":"https:\/\/institutfrancais.sk\/fr\/podujatie\/prave-v-kinach-mala-mama\/#breadcrumb","itemListElement":[{"@type":"ListItem","position":1,"name":"Home","item":"https:\/\/institutfrancais.sk\/fr\/"},{"@type":"ListItem","position":2,"name":"Events","item":"https:\/\/institutfrancais.sk\/fr\/podujatie\/"},{"@type":"ListItem","position":3,"name":"Au cin\u00e9ma : Petite maman"}]},{"@type":"WebSite","@id":"https:\/\/institutfrancais.sk\/fr\/#website","url":"https:\/\/institutfrancais.sk\/fr\/","name":"Franc\u00fazsky in\u0161tit\u00fat na Slovensku","description":"Franc\u00fazsky in\u0161tit\u00fat na Slovensku","potentialAction":[{"@type":"SearchAction","target":{"@type":"EntryPoint","urlTemplate":"https:\/\/institutfrancais.sk\/fr\/?s={search_term_string}"},"query-input":{"@type":"PropertyValueSpecification","valueRequired":true,"valueName":"search_term_string"}}],"inLanguage":"fr-FR"}]}},"_links":{"self":[{"href":"https:\/\/institutfrancais.sk\/fr\/wp-json\/wp\/v2\/podujatie\/22658"}],"collection":[{"href":"https:\/\/institutfrancais.sk\/fr\/wp-json\/wp\/v2\/podujatie"}],"about":[{"href":"https:\/\/institutfrancais.sk\/fr\/wp-json\/wp\/v2\/types\/podujatie"}],"wp:featuredmedia":[{"embeddable":true,"href":"https:\/\/institutfrancais.sk\/fr\/wp-json\/wp\/v2\/media\/22656"}],"wp:attachment":[{"href":"https:\/\/institutfrancais.sk\/fr\/wp-json\/wp\/v2\/media?parent=22658"}],"wp:term":[{"taxonomy":"typ-podujatia","embeddable":true,"href":"https:\/\/institutfrancais.sk\/fr\/wp-json\/wp\/v2\/typ-podujatia?post=22658"}],"curies":[{"name":"wp","href":"https:\/\/api.w.org\/{rel}","templated":true}]}}