{"id":22722,"date":"2022-05-20T17:47:17","date_gmt":"2022-05-20T15:47:17","guid":{"rendered":"https:\/\/institutfrancais.sk\/podujatie\/vystava-kaviarne-tvoria-europu\/"},"modified":"2022-06-15T09:34:23","modified_gmt":"2022-06-15T07:34:23","slug":"exposition-les-cafes-font-europe","status":"publish","type":"podujatie","link":"https:\/\/institutfrancais.sk\/fr\/podujatie\/exposition-les-cafes-font-europe\/","title":{"rendered":"Exposition \u00ab\u00a0Les caf\u00e9s font l&rsquo;Europe\u00a0\u00bb"},"content":{"rendered":"\n<h3 class=\"wp-block-heading\"><em>\u00ab\u00a0<em>Dessinez la carte des caf\u00e9s, vous obtiendrez l\u2019un des jalons essentiels de la notion d\u2019Europe.<\/em>\u201c<\/em><\/h3>\n\n\n\n<p> George Steiner, philosophe et critique litt\u00e9raire (1929-2020)<\/p>\n\n\n<div class=\"space sm\"><\/div>\n\n\n<p>Les caf\u00e9s sont des lieux de vie, de cr\u00e9ation, mais aussi de d\u00e9bats, de retrouvailles entre amis, de rencontres. C\u2019est cette culture que nous partageons avec tous les Europ\u00e9ens. C\u2019est dans les caf\u00e9s que sont n\u00e9s les plus grands mouvements litt\u00e9raires, culturels et artistiques europ\u00e9ens. C\u2019est aussi l\u00e0 que les grands mouvements politiques, de r\u00e9sistance et de r\u00e9flexion se sont d\u00e9velopp\u00e9s.<\/p>\n\n\n\n<p>Expos\u00e9es sur la Place Hviezdoslav, \u00e0 Bratislava, ces photographies permettent de d\u00e9couvrir quelques uns des caf\u00e9s les plus mythiques d\u2019Europe.<\/p>\n\n\n<div class=\"space xs\"><\/div>\n\n\n<p><em>Ev\u00e8nement dans le cadre du programme de la pr\u00e9sidence fran\u00e7aise du Conseil de l&rsquo;Union europ\u00e9enne<\/em><\/p>\n\n\n\n<figure class=\"wp-block-image size-large is-resized is-style-rounded\"><img loading=\"lazy\" decoding=\"async\" src=\"https:\/\/institutfrancais.sk\/wp-content\/uploads\/2022\/01\/logo-PFUE-1024x341.jpg\" alt=\"\" class=\"wp-image-20825\" width=\"256\" height=\"85\" srcset=\"https:\/\/institutfrancais.sk\/wp-content\/uploads\/2022\/01\/logo-PFUE-1024x341.jpg 1024w, https:\/\/institutfrancais.sk\/wp-content\/uploads\/2022\/01\/logo-PFUE-300x100.jpg 300w, https:\/\/institutfrancais.sk\/wp-content\/uploads\/2022\/01\/logo-PFUE-768x256.jpg 768w, https:\/\/institutfrancais.sk\/wp-content\/uploads\/2022\/01\/logo-PFUE-1190x397.jpg 1190w, https:\/\/institutfrancais.sk\/wp-content\/uploads\/2022\/01\/logo-PFUE.jpg 1500w\" sizes=\"(max-width: 256px) 100vw, 256px\" \/><\/figure>\n\n\n<div class=\"space md\"><\/div>\n\n\n<p><em>Foto: \u00a9 Service de presse Ambassade de France en Slovaquie<\/em><\/p>\n\n\n<div class=\"space md\"><\/div>","protected":false},"featured_media":22725,"template":"","typ-podujatia":[56,160],"acf":[],"yoast_head":"<!-- This site is optimized with the Yoast SEO plugin v24.5 - https:\/\/yoast.com\/wordpress\/plugins\/seo\/ -->\n<title>Exposition &quot;Les caf\u00e9s font l&#039;Europe&quot; - Franc\u00fazsky in\u0161tit\u00fat na Slovensku<\/title>\n<meta name=\"robots\" content=\"index, follow, max-snippet:-1, max-image-preview:large, max-video-preview:-1\" \/>\n<link rel=\"canonical\" href=\"https:\/\/institutfrancais.sk\/fr\/podujatie\/exposition-les-cafes-font-europe\/\" \/>\n<meta property=\"og:locale\" content=\"fr_FR\" \/>\n<meta property=\"og:type\" content=\"article\" \/>\n<meta property=\"og:title\" content=\"Exposition &quot;Les caf\u00e9s font l&#039;Europe&quot; - Franc\u00fazsky in\u0161tit\u00fat na Slovensku\" \/>\n<meta property=\"og:description\" content=\"\u00ab\u00a0Dessinez la carte des caf\u00e9s, vous obtiendrez l\u2019un des jalons essentiels de la notion d\u2019Europe.\u201c George Steiner, philosophe et critique litt\u00e9raire (1929-2020) Les caf\u00e9s sont des lieux de vie, de cr\u00e9ation, mais aussi de d\u00e9bats, de retrouvailles entre amis, de rencontres. C\u2019est cette culture que nous partageons avec tous les Europ\u00e9ens. C\u2019est dans les caf\u00e9s [&hellip;]\" \/>\n<meta property=\"og:url\" content=\"https:\/\/institutfrancais.sk\/fr\/podujatie\/exposition-les-cafes-font-europe\/\" \/>\n<meta property=\"og:site_name\" content=\"Franc\u00fazsky in\u0161tit\u00fat na Slovensku\" \/>\n<meta property=\"article:modified_time\" content=\"2022-06-15T07:34:23+00:00\" \/>\n<meta property=\"og:image\" content=\"https:\/\/institutfrancais.sk\/wp-content\/uploads\/2022\/05\/slovaquie_bratislava.jpg\" \/>\n\t<meta property=\"og:image:width\" content=\"1500\" \/>\n\t<meta property=\"og:image:height\" content=\"1000\" \/>\n\t<meta property=\"og:image:type\" content=\"image\/jpeg\" \/>\n<meta name=\"twitter:card\" content=\"summary_large_image\" \/>\n<meta name=\"twitter:label1\" content=\"Dur\u00e9e de lecture estim\u00e9e\" \/>\n\t<meta name=\"twitter:data1\" content=\"1 minute\" \/>\n<script type=\"application\/ld+json\" class=\"yoast-schema-graph\">{\"@context\":\"https:\/\/schema.org\",\"@graph\":[{\"@type\":\"WebPage\",\"@id\":\"https:\/\/institutfrancais.sk\/fr\/podujatie\/exposition-les-cafes-font-europe\/\",\"url\":\"https:\/\/institutfrancais.sk\/fr\/podujatie\/exposition-les-cafes-font-europe\/\",\"name\":\"Exposition \\\"Les caf\u00e9s font l'Europe\\\" - Franc\u00fazsky in\u0161tit\u00fat na Slovensku\",\"isPartOf\":{\"@id\":\"https:\/\/institutfrancais.sk\/fr\/#website\"},\"primaryImageOfPage\":{\"@id\":\"https:\/\/institutfrancais.sk\/fr\/podujatie\/exposition-les-cafes-font-europe\/#primaryimage\"},\"image\":{\"@id\":\"https:\/\/institutfrancais.sk\/fr\/podujatie\/exposition-les-cafes-font-europe\/#primaryimage\"},\"thumbnailUrl\":\"https:\/\/institutfrancais.sk\/wp-content\/uploads\/2022\/05\/slovaquie_bratislava.jpg\",\"datePublished\":\"2022-05-20T15:47:17+00:00\",\"dateModified\":\"2022-06-15T07:34:23+00:00\",\"breadcrumb\":{\"@id\":\"https:\/\/institutfrancais.sk\/fr\/podujatie\/exposition-les-cafes-font-europe\/#breadcrumb\"},\"inLanguage\":\"fr-FR\",\"potentialAction\":[{\"@type\":\"ReadAction\",\"target\":[\"https:\/\/institutfrancais.sk\/fr\/podujatie\/exposition-les-cafes-font-europe\/\"]}]},{\"@type\":\"ImageObject\",\"inLanguage\":\"fr-FR\",\"@id\":\"https:\/\/institutfrancais.sk\/fr\/podujatie\/exposition-les-cafes-font-europe\/#primaryimage\",\"url\":\"https:\/\/institutfrancais.sk\/wp-content\/uploads\/2022\/05\/slovaquie_bratislava.jpg\",\"contentUrl\":\"https:\/\/institutfrancais.sk\/wp-content\/uploads\/2022\/05\/slovaquie_bratislava.jpg\",\"width\":1500,\"height\":1000},{\"@type\":\"BreadcrumbList\",\"@id\":\"https:\/\/institutfrancais.sk\/fr\/podujatie\/exposition-les-cafes-font-europe\/#breadcrumb\",\"itemListElement\":[{\"@type\":\"ListItem\",\"position\":1,\"name\":\"Home\",\"item\":\"https:\/\/institutfrancais.sk\/fr\/\"},{\"@type\":\"ListItem\",\"position\":2,\"name\":\"Events\",\"item\":\"https:\/\/institutfrancais.sk\/fr\/podujatie\/\"},{\"@type\":\"ListItem\",\"position\":3,\"name\":\"Exposition &#8220;Les caf\u00e9s font l&#8217;Europe&#8221;\"}]},{\"@type\":\"WebSite\",\"@id\":\"https:\/\/institutfrancais.sk\/fr\/#website\",\"url\":\"https:\/\/institutfrancais.sk\/fr\/\",\"name\":\"Franc\u00fazsky in\u0161tit\u00fat na Slovensku\",\"description\":\"Franc\u00fazsky in\u0161tit\u00fat na Slovensku\",\"potentialAction\":[{\"@type\":\"SearchAction\",\"target\":{\"@type\":\"EntryPoint\",\"urlTemplate\":\"https:\/\/institutfrancais.sk\/fr\/?s={search_term_string}\"},\"query-input\":{\"@type\":\"PropertyValueSpecification\",\"valueRequired\":true,\"valueName\":\"search_term_string\"}}],\"inLanguage\":\"fr-FR\"}]}<\/script>\n<!-- \/ Yoast SEO plugin. -->","yoast_head_json":{"title":"Exposition \"Les caf\u00e9s font l'Europe\" - Franc\u00fazsky in\u0161tit\u00fat na Slovensku","robots":{"index":"index","follow":"follow","max-snippet":"max-snippet:-1","max-image-preview":"max-image-preview:large","max-video-preview":"max-video-preview:-1"},"canonical":"https:\/\/institutfrancais.sk\/fr\/podujatie\/exposition-les-cafes-font-europe\/","og_locale":"fr_FR","og_type":"article","og_title":"Exposition \"Les caf\u00e9s font l'Europe\" - Franc\u00fazsky in\u0161tit\u00fat na Slovensku","og_description":"\u00ab\u00a0Dessinez la carte des caf\u00e9s, vous obtiendrez l\u2019un des jalons essentiels de la notion d\u2019Europe.\u201c George Steiner, philosophe et critique litt\u00e9raire (1929-2020) Les caf\u00e9s sont des lieux de vie, de cr\u00e9ation, mais aussi de d\u00e9bats, de retrouvailles entre amis, de rencontres. C\u2019est cette culture que nous partageons avec tous les Europ\u00e9ens. C\u2019est dans les caf\u00e9s [&hellip;]","og_url":"https:\/\/institutfrancais.sk\/fr\/podujatie\/exposition-les-cafes-font-europe\/","og_site_name":"Franc\u00fazsky in\u0161tit\u00fat na Slovensku","article_modified_time":"2022-06-15T07:34:23+00:00","og_image":[{"width":1500,"height":1000,"url":"https:\/\/institutfrancais.sk\/wp-content\/uploads\/2022\/05\/slovaquie_bratislava.jpg","type":"image\/jpeg"}],"twitter_card":"summary_large_image","twitter_misc":{"Dur\u00e9e de lecture estim\u00e9e":"1 minute"},"schema":{"@context":"https:\/\/schema.org","@graph":[{"@type":"WebPage","@id":"https:\/\/institutfrancais.sk\/fr\/podujatie\/exposition-les-cafes-font-europe\/","url":"https:\/\/institutfrancais.sk\/fr\/podujatie\/exposition-les-cafes-font-europe\/","name":"Exposition \"Les caf\u00e9s font l'Europe\" - Franc\u00fazsky in\u0161tit\u00fat na Slovensku","isPartOf":{"@id":"https:\/\/institutfrancais.sk\/fr\/#website"},"primaryImageOfPage":{"@id":"https:\/\/institutfrancais.sk\/fr\/podujatie\/exposition-les-cafes-font-europe\/#primaryimage"},"image":{"@id":"https:\/\/institutfrancais.sk\/fr\/podujatie\/exposition-les-cafes-font-europe\/#primaryimage"},"thumbnailUrl":"https:\/\/institutfrancais.sk\/wp-content\/uploads\/2022\/05\/slovaquie_bratislava.jpg","datePublished":"2022-05-20T15:47:17+00:00","dateModified":"2022-06-15T07:34:23+00:00","breadcrumb":{"@id":"https:\/\/institutfrancais.sk\/fr\/podujatie\/exposition-les-cafes-font-europe\/#breadcrumb"},"inLanguage":"fr-FR","potentialAction":[{"@type":"ReadAction","target":["https:\/\/institutfrancais.sk\/fr\/podujatie\/exposition-les-cafes-font-europe\/"]}]},{"@type":"ImageObject","inLanguage":"fr-FR","@id":"https:\/\/institutfrancais.sk\/fr\/podujatie\/exposition-les-cafes-font-europe\/#primaryimage","url":"https:\/\/institutfrancais.sk\/wp-content\/uploads\/2022\/05\/slovaquie_bratislava.jpg","contentUrl":"https:\/\/institutfrancais.sk\/wp-content\/uploads\/2022\/05\/slovaquie_bratislava.jpg","width":1500,"height":1000},{"@type":"BreadcrumbList","@id":"https:\/\/institutfrancais.sk\/fr\/podujatie\/exposition-les-cafes-font-europe\/#breadcrumb","itemListElement":[{"@type":"ListItem","position":1,"name":"Home","item":"https:\/\/institutfrancais.sk\/fr\/"},{"@type":"ListItem","position":2,"name":"Events","item":"https:\/\/institutfrancais.sk\/fr\/podujatie\/"},{"@type":"ListItem","position":3,"name":"Exposition &#8220;Les caf\u00e9s font l&#8217;Europe&#8221;"}]},{"@type":"WebSite","@id":"https:\/\/institutfrancais.sk\/fr\/#website","url":"https:\/\/institutfrancais.sk\/fr\/","name":"Franc\u00fazsky in\u0161tit\u00fat na Slovensku","description":"Franc\u00fazsky in\u0161tit\u00fat na Slovensku","potentialAction":[{"@type":"SearchAction","target":{"@type":"EntryPoint","urlTemplate":"https:\/\/institutfrancais.sk\/fr\/?s={search_term_string}"},"query-input":{"@type":"PropertyValueSpecification","valueRequired":true,"valueName":"search_term_string"}}],"inLanguage":"fr-FR"}]}},"_links":{"self":[{"href":"https:\/\/institutfrancais.sk\/fr\/wp-json\/wp\/v2\/podujatie\/22722"}],"collection":[{"href":"https:\/\/institutfrancais.sk\/fr\/wp-json\/wp\/v2\/podujatie"}],"about":[{"href":"https:\/\/institutfrancais.sk\/fr\/wp-json\/wp\/v2\/types\/podujatie"}],"wp:featuredmedia":[{"embeddable":true,"href":"https:\/\/institutfrancais.sk\/fr\/wp-json\/wp\/v2\/media\/22725"}],"wp:attachment":[{"href":"https:\/\/institutfrancais.sk\/fr\/wp-json\/wp\/v2\/media?parent=22722"}],"wp:term":[{"taxonomy":"typ-podujatia","embeddable":true,"href":"https:\/\/institutfrancais.sk\/fr\/wp-json\/wp\/v2\/typ-podujatia?post=22722"}],"curies":[{"name":"wp","href":"https:\/\/api.w.org\/{rel}","templated":true}]}}