{"id":22771,"date":"2022-05-26T16:51:40","date_gmt":"2022-05-26T14:51:40","guid":{"rendered":"https:\/\/institutfrancais.sk\/podujatie\/vystava-obrazov-cinetique-2-posuvanie-tocenie-zrkadlenie-v-geometrii\/"},"modified":"2022-05-27T16:39:04","modified_gmt":"2022-05-27T14:39:04","slug":"vystava-obrazov-cinetique-2-deplacements-rotations-reflexions-en-geometrie","status":"publish","type":"podujatie","link":"https:\/\/institutfrancais.sk\/fr\/podujatie\/vystava-obrazov-cinetique-2-deplacements-rotations-reflexions-en-geometrie\/","title":{"rendered":"Exposition \u00ab\u00a0Cin\u00e9tique 2\u00a0\u00bb : D\u00e9placements, rotations, r\u00e9flexions en g\u00e9om\u00e9trie"},"content":{"rendered":"\n<h2 class=\"wp-block-heading\">Auteurs <\/h2>\n\n\n\n<p><strong>Fabrice AINAUT<\/strong>\/FR, <strong>Milija BELIC<\/strong>\/RS\/FR, <strong>Christine BOIRY<\/strong>\/FR, <strong>Francesco CAMPONOVO<\/strong>\/CH, <strong>Michel DEBULLY<\/strong>\/FR, <strong>David FAHEY<\/strong>\/IRL, <strong>Eva FRANCOV\u00c1<\/strong>\/CZE, <strong>Istv\u00e1n HA\u00c1SZ<\/strong>\/HU, <strong>Wilmer HERRISON<\/strong>\/VEN\/FR, <strong>Barbara H\u00d6LLER<\/strong>\/AUT, <strong>Gerhard HOTTER<\/strong>\/DE, <strong>Hernan JARA<\/strong>\/ECU\/FR, <strong>Renate Klara KASPER<\/strong>\/DE, <strong>Fran\u00e7oise KULESZA<\/strong>\/FR, <strong>Mitsouko MORI<\/strong>\/JP\/FR, <strong>Alex PARISS<\/strong>\/FR, <strong>Anne Rose REGENBOOG<\/strong>\/NL, <strong>Luisa RUSSO<\/strong>\/IT, <strong>Gregorio SIEM<\/strong>\/VEN, <strong>Muneki SUZUKI<\/strong>\/JP\/FR, <strong>Ada WEBER<\/strong>\/SK\/CH, <strong>Marian WEBER<\/strong>\/SK\/CH <\/p>\n\n\n<div class=\"space sm\"><\/div>\n\n\n<p><em>Ce qui a&nbsp;marqu\u00e9 le tournant dans la pens\u00e9e cr\u00e9atrice contemporaine, c\u2019est certainement cette conscience soudaine de l\u2019ins\u00e9parabilit\u00e9 spatio-temporelle, r\u00e9v\u00e9l\u00e9e aussi simultan\u00e9ment dans les th\u00e9ories scientifiques les plus avanc\u00e9es. Le mouvement et le rythme entrent par la grande porte dans la pratique artistique pour s\u2019imposer souvent, et surtout gr\u00e2ce \u00e0 l\u2019avanc\u00e9e incessante de l\u2019art abstrait, comme le seul vrai sujet et le signe incontestable de la modernit\u00e9. La vision, auparavant immuable, commence \u00e0 s\u2019\u00e9tendre dans la dur\u00e9e, soit par le mouvement r\u00e9el, soit par l\u2019addition des instants successifs cr\u00e9ant par cons\u00e9quence un mouvement fictif r\u00e9tinien. Le cin\u00e9tique passe \u00e0 l\u2019optique avec toutes ses implications perceptives et psychologiques entrainant une \u0153uvre qui englobe dans son int\u00e9gralit\u00e9 non seulement le substantiel, mais surtout le devenir. Il s\u2019\u00e9tablit une nouvelle dialectique du r\u00e9el et de l\u2019imaginaire qui engendre des images et des formes spatiales dynamis\u00e9es. La r\u00e9alit\u00e9 et la mati\u00e8re se d\u00e9voilent comme des flux d\u2019\u00e9nergie. L\u2019image s\u2019ouvre par ses intersections fragment\u00e9es&nbsp;: le mouvement et le rythme deviennent la ressource d\u2019une nouvelle expressivit\u00e9. Il ne s\u2019agit plus de la reproduction ou de l\u2019imitation, mais d\u2019une analogie plastique bas\u00e9e sur l\u2019appr\u00e9hension d\u2019une r\u00e9alit\u00e9 dynamique et vivante, de formes qui n\u2019embrassent plus seulement l\u2019espace, mais aussi le temps, de formes qui ne peuvent plus se priver de cette pens\u00e9e temporelle. L\u2019artiste fa\u00e7onne le temps comme il fa\u00e7onne l\u2019espace. Ainsi les Cubistes, qui ont suivi le chemin bien trac\u00e9 de C\u00e9zanne par le fractionnement du r\u00e9el, les Futuristes par la dynamisation de la vision, commenc\u00e9e d\u00e9j\u00e0 dans l\u2019exp\u00e9rimentation photographique de Muybridge et Marey, ensuite pass\u00e9e par la conceptualisation de Duchamp, sans oublier les Constructivistes russes, le Supr\u00e9matisme extrasensoriel de Malevitch et ses perspectives cosmiques, le N\u00e9oplasticisme id\u00e9alis\u00e9 de Mondrian ou l\u2019Orphisme lumineux de Kupka et surtout des Delaunay, apparaissent comme les pr\u00e9curseurs d\u2019un art appel\u00e9 aujourd\u2019hui en toute l\u00e9gitimit\u00e9 \u00ab&nbsp;Art Cin\u00e9tique&nbsp;\u00bb. Ce courant artistique, repr\u00e9sent\u00e9 par ses protagonistes historiques&nbsp;comme Vasarely,&nbsp;Soto, Agam, Morellet, Cruz-Diez, Le Parc ou Molnar, est au c\u0153ur&nbsp;de l\u2019actualit\u00e9 des derni\u00e8res d\u00e9cennies.&nbsp;Il est profond\u00e9ment ancr\u00e9 dans un esth\u00e9tisme largement g\u00e9om\u00e9trisant, expression fid\u00e8le d\u2019une sensibilit\u00e9 associ\u00e9e enti\u00e8rement \u00e0 cette nouvelle \u00e8re galopante et incontournable du num\u00e9rique et \u00e0 ses&nbsp;enseignements&nbsp;sortis directement d\u2019une logique cybern\u00e9tique ultrasophistiqu\u00e9e. Cette deuxi\u00e8me \u00e9dition montre bien l\u2019int\u00e9r\u00eat grandissant pour les id\u00e9es cin\u00e9tiques et la vision qui implique et int\u00e8gre la notion de temps, et ainsi le rythme et le mouvement, dans la pens\u00e9e cr\u00e9ative actuelle.&nbsp;&nbsp;<\/em><br><br><strong>Milija Belic<\/strong> (Commissaire de l\u2019exposition)<\/p>\n\n\n<div class=\"space sm\"><\/div>\n\n\n<h2 class=\"wp-block-heading\">Vernissage de l&rsquo;exposition : mercredi 1er juin 2022 \u00e0 17:00 (entr\u00e9e libre)<\/h2>\n\n\n<div class=\"space sm\"><\/div>\n\n\n<figure class=\"wp-block-gallery columns-3 is-cropped wp-block-gallery-1 is-layout-flex wp-block-gallery-is-layout-flex\"><ul class=\"blocks-gallery-grid\"><li class=\"blocks-gallery-item\"><figure><img loading=\"lazy\" decoding=\"async\" width=\"1024\" height=\"1024\" src=\"https:\/\/institutfrancais.sk\/wp-content\/uploads\/2022\/05\/1653476855906_Wilmer-Herrison-GEOMETRIAS-13-2018-acrylique-sur-toile-50x50-cm-w-1024x1024.jpg\" alt=\"\" data-id=\"22757\" data-full-url=\"https:\/\/institutfrancais.sk\/wp-content\/uploads\/2022\/05\/1653476855906_Wilmer-Herrison-GEOMETRIAS-13-2018-acrylique-sur-toile-50x50-cm-w.jpg\" data-link=\"https:\/\/institutfrancais.sk\/?attachment_id=22757\" class=\"wp-image-22757\" srcset=\"https:\/\/institutfrancais.sk\/wp-content\/uploads\/2022\/05\/1653476855906_Wilmer-Herrison-GEOMETRIAS-13-2018-acrylique-sur-toile-50x50-cm-w-1024x1024.jpg 1024w, https:\/\/institutfrancais.sk\/wp-content\/uploads\/2022\/05\/1653476855906_Wilmer-Herrison-GEOMETRIAS-13-2018-acrylique-sur-toile-50x50-cm-w-300x300.jpg 300w, https:\/\/institutfrancais.sk\/wp-content\/uploads\/2022\/05\/1653476855906_Wilmer-Herrison-GEOMETRIAS-13-2018-acrylique-sur-toile-50x50-cm-w-150x150.jpg 150w, https:\/\/institutfrancais.sk\/wp-content\/uploads\/2022\/05\/1653476855906_Wilmer-Herrison-GEOMETRIAS-13-2018-acrylique-sur-toile-50x50-cm-w-768x767.jpg 768w, https:\/\/institutfrancais.sk\/wp-content\/uploads\/2022\/05\/1653476855906_Wilmer-Herrison-GEOMETRIAS-13-2018-acrylique-sur-toile-50x50-cm-w-1001x1000.jpg 1001w, https:\/\/institutfrancais.sk\/wp-content\/uploads\/2022\/05\/1653476855906_Wilmer-Herrison-GEOMETRIAS-13-2018-acrylique-sur-toile-50x50-cm-w.jpg 1028w\" sizes=\"(max-width: 1024px) 100vw, 1024px\" \/><\/figure><\/li><li class=\"blocks-gallery-item\"><figure><img loading=\"lazy\" decoding=\"async\" width=\"875\" height=\"1024\" src=\"https:\/\/institutfrancais.sk\/wp-content\/uploads\/2022\/05\/1653476855907_Anne-Rose-Regenboog-CUBE-OBJETS-2018-metal-avec-patine-rouille-20x20x20-cm-875x1024.jpg\" alt=\"\" data-id=\"22759\" data-full-url=\"https:\/\/institutfrancais.sk\/wp-content\/uploads\/2022\/05\/1653476855907_Anne-Rose-Regenboog-CUBE-OBJETS-2018-metal-avec-patine-rouille-20x20x20-cm-scaled.jpg\" data-link=\"https:\/\/institutfrancais.sk\/?attachment_id=22759\" class=\"wp-image-22759\" srcset=\"https:\/\/institutfrancais.sk\/wp-content\/uploads\/2022\/05\/1653476855907_Anne-Rose-Regenboog-CUBE-OBJETS-2018-metal-avec-patine-rouille-20x20x20-cm-875x1024.jpg 875w, https:\/\/institutfrancais.sk\/wp-content\/uploads\/2022\/05\/1653476855907_Anne-Rose-Regenboog-CUBE-OBJETS-2018-metal-avec-patine-rouille-20x20x20-cm-256x300.jpg 256w, https:\/\/institutfrancais.sk\/wp-content\/uploads\/2022\/05\/1653476855907_Anne-Rose-Regenboog-CUBE-OBJETS-2018-metal-avec-patine-rouille-20x20x20-cm-768x898.jpg 768w, https:\/\/institutfrancais.sk\/wp-content\/uploads\/2022\/05\/1653476855907_Anne-Rose-Regenboog-CUBE-OBJETS-2018-metal-avec-patine-rouille-20x20x20-cm-1313x1536.jpg 1313w, https:\/\/institutfrancais.sk\/wp-content\/uploads\/2022\/05\/1653476855907_Anne-Rose-Regenboog-CUBE-OBJETS-2018-metal-avec-patine-rouille-20x20x20-cm-1751x2048.jpg 1751w, https:\/\/institutfrancais.sk\/wp-content\/uploads\/2022\/05\/1653476855907_Anne-Rose-Regenboog-CUBE-OBJETS-2018-metal-avec-patine-rouille-20x20x20-cm-855x1000.jpg 855w\" sizes=\"(max-width: 875px) 100vw, 875px\" \/><\/figure><\/li><li class=\"blocks-gallery-item\"><figure><img loading=\"lazy\" decoding=\"async\" width=\"898\" height=\"1024\" src=\"https:\/\/institutfrancais.sk\/wp-content\/uploads\/2022\/05\/1653476855911_Gregorio-Siem-SPHERE-CERCLE-NOIR-ET-BLANC-2018-aluminium-fer-plastique-et-peinture-acrylique-54x50x50cm-898x1024.jpg\" alt=\"\" data-id=\"22761\" data-full-url=\"https:\/\/institutfrancais.sk\/wp-content\/uploads\/2022\/05\/1653476855911_Gregorio-Siem-SPHERE-CERCLE-NOIR-ET-BLANC-2018-aluminium-fer-plastique-et-peinture-acrylique-54x50x50cm.jpg\" data-link=\"https:\/\/institutfrancais.sk\/?attachment_id=22761\" class=\"wp-image-22761\" srcset=\"https:\/\/institutfrancais.sk\/wp-content\/uploads\/2022\/05\/1653476855911_Gregorio-Siem-SPHERE-CERCLE-NOIR-ET-BLANC-2018-aluminium-fer-plastique-et-peinture-acrylique-54x50x50cm-898x1024.jpg 898w, https:\/\/institutfrancais.sk\/wp-content\/uploads\/2022\/05\/1653476855911_Gregorio-Siem-SPHERE-CERCLE-NOIR-ET-BLANC-2018-aluminium-fer-plastique-et-peinture-acrylique-54x50x50cm-263x300.jpg 263w, https:\/\/institutfrancais.sk\/wp-content\/uploads\/2022\/05\/1653476855911_Gregorio-Siem-SPHERE-CERCLE-NOIR-ET-BLANC-2018-aluminium-fer-plastique-et-peinture-acrylique-54x50x50cm-768x876.jpg 768w, https:\/\/institutfrancais.sk\/wp-content\/uploads\/2022\/05\/1653476855911_Gregorio-Siem-SPHERE-CERCLE-NOIR-ET-BLANC-2018-aluminium-fer-plastique-et-peinture-acrylique-54x50x50cm-877x1000.jpg 877w, https:\/\/institutfrancais.sk\/wp-content\/uploads\/2022\/05\/1653476855911_Gregorio-Siem-SPHERE-CERCLE-NOIR-ET-BLANC-2018-aluminium-fer-plastique-et-peinture-acrylique-54x50x50cm.jpg 1305w\" sizes=\"(max-width: 898px) 100vw, 898px\" \/><\/figure><\/li><li class=\"blocks-gallery-item\"><figure><img loading=\"lazy\" decoding=\"async\" width=\"1024\" height=\"1007\" src=\"https:\/\/institutfrancais.sk\/wp-content\/uploads\/2022\/05\/1653476856974_Luisa-Russo-Incrocio-di-due-quadrati-2021-tanica-taglio-laser-40x45x40-cm-Prix-1200-E-1024x1007.jpg\" alt=\"\" data-id=\"22763\" data-full-url=\"https:\/\/institutfrancais.sk\/wp-content\/uploads\/2022\/05\/1653476856974_Luisa-Russo-Incrocio-di-due-quadrati-2021-tanica-taglio-laser-40x45x40-cm-Prix-1200-E.jpg\" data-link=\"https:\/\/institutfrancais.sk\/?attachment_id=22763\" class=\"wp-image-22763\" srcset=\"https:\/\/institutfrancais.sk\/wp-content\/uploads\/2022\/05\/1653476856974_Luisa-Russo-Incrocio-di-due-quadrati-2021-tanica-taglio-laser-40x45x40-cm-Prix-1200-E-1024x1007.jpg 1024w, https:\/\/institutfrancais.sk\/wp-content\/uploads\/2022\/05\/1653476856974_Luisa-Russo-Incrocio-di-due-quadrati-2021-tanica-taglio-laser-40x45x40-cm-Prix-1200-E-300x295.jpg 300w, https:\/\/institutfrancais.sk\/wp-content\/uploads\/2022\/05\/1653476856974_Luisa-Russo-Incrocio-di-due-quadrati-2021-tanica-taglio-laser-40x45x40-cm-Prix-1200-E-768x756.jpg 768w, https:\/\/institutfrancais.sk\/wp-content\/uploads\/2022\/05\/1653476856974_Luisa-Russo-Incrocio-di-due-quadrati-2021-tanica-taglio-laser-40x45x40-cm-Prix-1200-E-1536x1511.jpg 1536w, https:\/\/institutfrancais.sk\/wp-content\/uploads\/2022\/05\/1653476856974_Luisa-Russo-Incrocio-di-due-quadrati-2021-tanica-taglio-laser-40x45x40-cm-Prix-1200-E-1017x1000.jpg 1017w, https:\/\/institutfrancais.sk\/wp-content\/uploads\/2022\/05\/1653476856974_Luisa-Russo-Incrocio-di-due-quadrati-2021-tanica-taglio-laser-40x45x40-cm-Prix-1200-E.jpg 1600w\" sizes=\"(max-width: 1024px) 100vw, 1024px\" \/><\/figure><\/li><li class=\"blocks-gallery-item\"><figure><img loading=\"lazy\" decoding=\"async\" width=\"1024\" height=\"1024\" src=\"https:\/\/institutfrancais.sk\/wp-content\/uploads\/2022\/05\/IMG_20220526_105640-1024x1024.jpg\" alt=\"\" data-id=\"22765\" data-full-url=\"https:\/\/institutfrancais.sk\/wp-content\/uploads\/2022\/05\/IMG_20220526_105640.jpg\" data-link=\"https:\/\/institutfrancais.sk\/?attachment_id=22765\" class=\"wp-image-22765\" srcset=\"https:\/\/institutfrancais.sk\/wp-content\/uploads\/2022\/05\/IMG_20220526_105640-1024x1024.jpg 1024w, https:\/\/institutfrancais.sk\/wp-content\/uploads\/2022\/05\/IMG_20220526_105640-300x300.jpg 300w, https:\/\/institutfrancais.sk\/wp-content\/uploads\/2022\/05\/IMG_20220526_105640-150x150.jpg 150w, https:\/\/institutfrancais.sk\/wp-content\/uploads\/2022\/05\/IMG_20220526_105640-768x768.jpg 768w, https:\/\/institutfrancais.sk\/wp-content\/uploads\/2022\/05\/IMG_20220526_105640-1536x1536.jpg 1536w, https:\/\/institutfrancais.sk\/wp-content\/uploads\/2022\/05\/IMG_20220526_105640-2048x2048.jpg 2048w, https:\/\/institutfrancais.sk\/wp-content\/uploads\/2022\/05\/IMG_20220526_105640-1000x1000.jpg 1000w\" sizes=\"(max-width: 1024px) 100vw, 1024px\" \/><\/figure><\/li><li class=\"blocks-gallery-item\"><figure><img loading=\"lazy\" decoding=\"async\" width=\"941\" height=\"940\" src=\"https:\/\/institutfrancais.sk\/wp-content\/uploads\/2022\/05\/IMG_20220526_111114.jpg\" alt=\"\" data-id=\"22767\" data-full-url=\"https:\/\/institutfrancais.sk\/wp-content\/uploads\/2022\/05\/IMG_20220526_111114.jpg\" data-link=\"https:\/\/institutfrancais.sk\/podujatie\/vystava-obrazov-cinetique-2-posuvanie-tocenie-zrkadlenie-v-geometrii\/dav\/\" class=\"wp-image-22767\" srcset=\"https:\/\/institutfrancais.sk\/wp-content\/uploads\/2022\/05\/IMG_20220526_111114.jpg 941w, https:\/\/institutfrancais.sk\/wp-content\/uploads\/2022\/05\/IMG_20220526_111114-300x300.jpg 300w, https:\/\/institutfrancais.sk\/wp-content\/uploads\/2022\/05\/IMG_20220526_111114-150x150.jpg 150w, https:\/\/institutfrancais.sk\/wp-content\/uploads\/2022\/05\/IMG_20220526_111114-768x767.jpg 768w\" sizes=\"(max-width: 941px) 100vw, 941px\" \/><\/figure><\/li><\/ul><\/figure>\n\n\n<div class=\"space sm\"><\/div>\n\n<\/div><iframe loading=\"lazy\" src=\"https:\/\/www.google.com\/maps\/embed?pb=!1m18!1m12!1m3!1d2662.2735746915087!2d17.10532635165492!3d48.14353077912193!2m3!1f0!2f0!3f0!3m2!1i1024!2i768!4f13.1!3m3!1m2!1s0x476c8942d3867d0f%3A0xf92cfa7be90ee73!2zRnJhbmPDunpza3kgaW7FoXRpdMO6dA!5e0!3m2!1ssk!2ssk!4v1575902399794!5m2!1ssk!2ssk\" width=\"100%\" height=\"558\" frameborder=\"0\" class=\"gmap-iframe\" allowfullscreen=\"\"><\/iframe><div class=\"wrap narrow-wrap\">","protected":false},"featured_media":22756,"template":"","typ-podujatia":[56],"acf":[],"yoast_head":"<!-- This site is optimized with the Yoast SEO plugin v24.5 - https:\/\/yoast.com\/wordpress\/plugins\/seo\/ -->\n<title>Exposition &quot;Cin\u00e9tique 2&quot; : D\u00e9placements, rotations, r\u00e9flexions en g\u00e9om\u00e9trie - Franc\u00fazsky in\u0161tit\u00fat na Slovensku<\/title>\n<meta name=\"description\" content=\"Putovn\u00e1 v\u00fdstava CIN\u00c9TIQUE II prezentuje diela 22 umelcov z 10 kraj\u00edn, ktor\u00ed sk\u00famali t\u00e9mu pohybu v abstraktnom geometrickom jazyku.\" \/>\n<meta name=\"robots\" content=\"index, follow, max-snippet:-1, max-image-preview:large, max-video-preview:-1\" \/>\n<link rel=\"canonical\" href=\"https:\/\/institutfrancais.sk\/fr\/podujatie\/vystava-obrazov-cinetique-2-deplacements-rotations-reflexions-en-geometrie\/\" \/>\n<meta property=\"og:locale\" content=\"fr_FR\" \/>\n<meta property=\"og:type\" content=\"article\" \/>\n<meta property=\"og:title\" content=\"Exposition &quot;Cin\u00e9tique 2&quot; : D\u00e9placements, rotations, r\u00e9flexions en g\u00e9om\u00e9trie - Franc\u00fazsky in\u0161tit\u00fat na Slovensku\" \/>\n<meta property=\"og:description\" content=\"Putovn\u00e1 v\u00fdstava CIN\u00c9TIQUE II prezentuje diela 22 umelcov z 10 kraj\u00edn, ktor\u00ed sk\u00famali t\u00e9mu pohybu v abstraktnom geometrickom jazyku.\" \/>\n<meta property=\"og:url\" content=\"https:\/\/institutfrancais.sk\/fr\/podujatie\/vystava-obrazov-cinetique-2-deplacements-rotations-reflexions-en-geometrie\/\" \/>\n<meta property=\"og:site_name\" content=\"Franc\u00fazsky in\u0161tit\u00fat na Slovensku\" \/>\n<meta property=\"article:modified_time\" content=\"2022-05-27T14:39:04+00:00\" \/>\n<meta property=\"og:image\" content=\"https:\/\/institutfrancais.sk\/wp-content\/uploads\/2022\/05\/IMG_20220526_114730.jpg\" \/>\n\t<meta property=\"og:image:width\" content=\"2036\" \/>\n\t<meta property=\"og:image:height\" content=\"1374\" \/>\n\t<meta property=\"og:image:type\" content=\"image\/jpeg\" \/>\n<meta name=\"twitter:card\" content=\"summary_large_image\" \/>\n<meta name=\"twitter:label1\" content=\"Dur\u00e9e de lecture estim\u00e9e\" \/>\n\t<meta name=\"twitter:data1\" content=\"4 minutes\" \/>\n<script type=\"application\/ld+json\" class=\"yoast-schema-graph\">{\"@context\":\"https:\/\/schema.org\",\"@graph\":[{\"@type\":\"WebPage\",\"@id\":\"https:\/\/institutfrancais.sk\/fr\/podujatie\/vystava-obrazov-cinetique-2-deplacements-rotations-reflexions-en-geometrie\/\",\"url\":\"https:\/\/institutfrancais.sk\/fr\/podujatie\/vystava-obrazov-cinetique-2-deplacements-rotations-reflexions-en-geometrie\/\",\"name\":\"Exposition \\\"Cin\u00e9tique 2\\\" : D\u00e9placements, rotations, r\u00e9flexions en g\u00e9om\u00e9trie - Franc\u00fazsky in\u0161tit\u00fat na Slovensku\",\"isPartOf\":{\"@id\":\"https:\/\/institutfrancais.sk\/fr\/#website\"},\"primaryImageOfPage\":{\"@id\":\"https:\/\/institutfrancais.sk\/fr\/podujatie\/vystava-obrazov-cinetique-2-deplacements-rotations-reflexions-en-geometrie\/#primaryimage\"},\"image\":{\"@id\":\"https:\/\/institutfrancais.sk\/fr\/podujatie\/vystava-obrazov-cinetique-2-deplacements-rotations-reflexions-en-geometrie\/#primaryimage\"},\"thumbnailUrl\":\"https:\/\/institutfrancais.sk\/wp-content\/uploads\/2022\/05\/IMG_20220526_114730.jpg\",\"datePublished\":\"2022-05-26T14:51:40+00:00\",\"dateModified\":\"2022-05-27T14:39:04+00:00\",\"description\":\"Putovn\u00e1 v\u00fdstava CIN\u00c9TIQUE II prezentuje diela 22 umelcov z 10 kraj\u00edn, ktor\u00ed sk\u00famali t\u00e9mu pohybu v abstraktnom geometrickom jazyku.\",\"breadcrumb\":{\"@id\":\"https:\/\/institutfrancais.sk\/fr\/podujatie\/vystava-obrazov-cinetique-2-deplacements-rotations-reflexions-en-geometrie\/#breadcrumb\"},\"inLanguage\":\"fr-FR\",\"potentialAction\":[{\"@type\":\"ReadAction\",\"target\":[\"https:\/\/institutfrancais.sk\/fr\/podujatie\/vystava-obrazov-cinetique-2-deplacements-rotations-reflexions-en-geometrie\/\"]}]},{\"@type\":\"ImageObject\",\"inLanguage\":\"fr-FR\",\"@id\":\"https:\/\/institutfrancais.sk\/fr\/podujatie\/vystava-obrazov-cinetique-2-deplacements-rotations-reflexions-en-geometrie\/#primaryimage\",\"url\":\"https:\/\/institutfrancais.sk\/wp-content\/uploads\/2022\/05\/IMG_20220526_114730.jpg\",\"contentUrl\":\"https:\/\/institutfrancais.sk\/wp-content\/uploads\/2022\/05\/IMG_20220526_114730.jpg\",\"width\":2036,\"height\":1374},{\"@type\":\"BreadcrumbList\",\"@id\":\"https:\/\/institutfrancais.sk\/fr\/podujatie\/vystava-obrazov-cinetique-2-deplacements-rotations-reflexions-en-geometrie\/#breadcrumb\",\"itemListElement\":[{\"@type\":\"ListItem\",\"position\":1,\"name\":\"Home\",\"item\":\"https:\/\/institutfrancais.sk\/fr\/\"},{\"@type\":\"ListItem\",\"position\":2,\"name\":\"Events\",\"item\":\"https:\/\/institutfrancais.sk\/fr\/podujatie\/\"},{\"@type\":\"ListItem\",\"position\":3,\"name\":\"Exposition &#8222;Cin\u00e9tique 2&#8220; : D\u00e9placements, rotations, r\u00e9flexions en g\u00e9om\u00e9trie\"}]},{\"@type\":\"WebSite\",\"@id\":\"https:\/\/institutfrancais.sk\/fr\/#website\",\"url\":\"https:\/\/institutfrancais.sk\/fr\/\",\"name\":\"Franc\u00fazsky in\u0161tit\u00fat na Slovensku\",\"description\":\"Franc\u00fazsky in\u0161tit\u00fat na Slovensku\",\"potentialAction\":[{\"@type\":\"SearchAction\",\"target\":{\"@type\":\"EntryPoint\",\"urlTemplate\":\"https:\/\/institutfrancais.sk\/fr\/?s={search_term_string}\"},\"query-input\":{\"@type\":\"PropertyValueSpecification\",\"valueRequired\":true,\"valueName\":\"search_term_string\"}}],\"inLanguage\":\"fr-FR\"}]}<\/script>\n<!-- \/ Yoast SEO plugin. -->","yoast_head_json":{"title":"Exposition \"Cin\u00e9tique 2\" : D\u00e9placements, rotations, r\u00e9flexions en g\u00e9om\u00e9trie - Franc\u00fazsky in\u0161tit\u00fat na Slovensku","description":"Putovn\u00e1 v\u00fdstava CIN\u00c9TIQUE II prezentuje diela 22 umelcov z 10 kraj\u00edn, ktor\u00ed sk\u00famali t\u00e9mu pohybu v abstraktnom geometrickom jazyku.","robots":{"index":"index","follow":"follow","max-snippet":"max-snippet:-1","max-image-preview":"max-image-preview:large","max-video-preview":"max-video-preview:-1"},"canonical":"https:\/\/institutfrancais.sk\/fr\/podujatie\/vystava-obrazov-cinetique-2-deplacements-rotations-reflexions-en-geometrie\/","og_locale":"fr_FR","og_type":"article","og_title":"Exposition \"Cin\u00e9tique 2\" : D\u00e9placements, rotations, r\u00e9flexions en g\u00e9om\u00e9trie - Franc\u00fazsky in\u0161tit\u00fat na Slovensku","og_description":"Putovn\u00e1 v\u00fdstava CIN\u00c9TIQUE II prezentuje diela 22 umelcov z 10 kraj\u00edn, ktor\u00ed sk\u00famali t\u00e9mu pohybu v abstraktnom geometrickom jazyku.","og_url":"https:\/\/institutfrancais.sk\/fr\/podujatie\/vystava-obrazov-cinetique-2-deplacements-rotations-reflexions-en-geometrie\/","og_site_name":"Franc\u00fazsky in\u0161tit\u00fat na Slovensku","article_modified_time":"2022-05-27T14:39:04+00:00","og_image":[{"width":2036,"height":1374,"url":"https:\/\/institutfrancais.sk\/wp-content\/uploads\/2022\/05\/IMG_20220526_114730.jpg","type":"image\/jpeg"}],"twitter_card":"summary_large_image","twitter_misc":{"Dur\u00e9e de lecture estim\u00e9e":"4 minutes"},"schema":{"@context":"https:\/\/schema.org","@graph":[{"@type":"WebPage","@id":"https:\/\/institutfrancais.sk\/fr\/podujatie\/vystava-obrazov-cinetique-2-deplacements-rotations-reflexions-en-geometrie\/","url":"https:\/\/institutfrancais.sk\/fr\/podujatie\/vystava-obrazov-cinetique-2-deplacements-rotations-reflexions-en-geometrie\/","name":"Exposition \"Cin\u00e9tique 2\" : D\u00e9placements, rotations, r\u00e9flexions en g\u00e9om\u00e9trie - Franc\u00fazsky in\u0161tit\u00fat na Slovensku","isPartOf":{"@id":"https:\/\/institutfrancais.sk\/fr\/#website"},"primaryImageOfPage":{"@id":"https:\/\/institutfrancais.sk\/fr\/podujatie\/vystava-obrazov-cinetique-2-deplacements-rotations-reflexions-en-geometrie\/#primaryimage"},"image":{"@id":"https:\/\/institutfrancais.sk\/fr\/podujatie\/vystava-obrazov-cinetique-2-deplacements-rotations-reflexions-en-geometrie\/#primaryimage"},"thumbnailUrl":"https:\/\/institutfrancais.sk\/wp-content\/uploads\/2022\/05\/IMG_20220526_114730.jpg","datePublished":"2022-05-26T14:51:40+00:00","dateModified":"2022-05-27T14:39:04+00:00","description":"Putovn\u00e1 v\u00fdstava CIN\u00c9TIQUE II prezentuje diela 22 umelcov z 10 kraj\u00edn, ktor\u00ed sk\u00famali t\u00e9mu pohybu v abstraktnom geometrickom jazyku.","breadcrumb":{"@id":"https:\/\/institutfrancais.sk\/fr\/podujatie\/vystava-obrazov-cinetique-2-deplacements-rotations-reflexions-en-geometrie\/#breadcrumb"},"inLanguage":"fr-FR","potentialAction":[{"@type":"ReadAction","target":["https:\/\/institutfrancais.sk\/fr\/podujatie\/vystava-obrazov-cinetique-2-deplacements-rotations-reflexions-en-geometrie\/"]}]},{"@type":"ImageObject","inLanguage":"fr-FR","@id":"https:\/\/institutfrancais.sk\/fr\/podujatie\/vystava-obrazov-cinetique-2-deplacements-rotations-reflexions-en-geometrie\/#primaryimage","url":"https:\/\/institutfrancais.sk\/wp-content\/uploads\/2022\/05\/IMG_20220526_114730.jpg","contentUrl":"https:\/\/institutfrancais.sk\/wp-content\/uploads\/2022\/05\/IMG_20220526_114730.jpg","width":2036,"height":1374},{"@type":"BreadcrumbList","@id":"https:\/\/institutfrancais.sk\/fr\/podujatie\/vystava-obrazov-cinetique-2-deplacements-rotations-reflexions-en-geometrie\/#breadcrumb","itemListElement":[{"@type":"ListItem","position":1,"name":"Home","item":"https:\/\/institutfrancais.sk\/fr\/"},{"@type":"ListItem","position":2,"name":"Events","item":"https:\/\/institutfrancais.sk\/fr\/podujatie\/"},{"@type":"ListItem","position":3,"name":"Exposition &#8222;Cin\u00e9tique 2&#8220; : D\u00e9placements, rotations, r\u00e9flexions en g\u00e9om\u00e9trie"}]},{"@type":"WebSite","@id":"https:\/\/institutfrancais.sk\/fr\/#website","url":"https:\/\/institutfrancais.sk\/fr\/","name":"Franc\u00fazsky in\u0161tit\u00fat na Slovensku","description":"Franc\u00fazsky in\u0161tit\u00fat na Slovensku","potentialAction":[{"@type":"SearchAction","target":{"@type":"EntryPoint","urlTemplate":"https:\/\/institutfrancais.sk\/fr\/?s={search_term_string}"},"query-input":{"@type":"PropertyValueSpecification","valueRequired":true,"valueName":"search_term_string"}}],"inLanguage":"fr-FR"}]}},"_links":{"self":[{"href":"https:\/\/institutfrancais.sk\/fr\/wp-json\/wp\/v2\/podujatie\/22771"}],"collection":[{"href":"https:\/\/institutfrancais.sk\/fr\/wp-json\/wp\/v2\/podujatie"}],"about":[{"href":"https:\/\/institutfrancais.sk\/fr\/wp-json\/wp\/v2\/types\/podujatie"}],"wp:featuredmedia":[{"embeddable":true,"href":"https:\/\/institutfrancais.sk\/fr\/wp-json\/wp\/v2\/media\/22756"}],"wp:attachment":[{"href":"https:\/\/institutfrancais.sk\/fr\/wp-json\/wp\/v2\/media?parent=22771"}],"wp:term":[{"taxonomy":"typ-podujatia","embeddable":true,"href":"https:\/\/institutfrancais.sk\/fr\/wp-json\/wp\/v2\/typ-podujatia?post=22771"}],"curies":[{"name":"wp","href":"https:\/\/api.w.org\/{rel}","templated":true}]}}