{"id":23626,"date":"2022-09-11T11:48:55","date_gmt":"2022-09-11T09:48:55","guid":{"rendered":"https:\/\/institutfrancais.sk\/?post_type=podujatie&#038;p=23626"},"modified":"2022-09-22T15:04:27","modified_gmt":"2022-09-22T13:04:27","slug":"musiciens-et-musiques-francais-au-festival-fetes-de-la-musique-de-bratislava-bhs-2022","status":"publish","type":"podujatie","link":"https:\/\/institutfrancais.sk\/fr\/podujatie\/musiciens-et-musiques-francais-au-festival-fetes-de-la-musique-de-bratislava-bhs-2022\/","title":{"rendered":"Musiciens et musiques fran\u00e7ais au festival F\u00eates de la musique de Bratislava (BHS 2022)"},"content":{"rendered":"\n<p>Le <strong>dimanche<\/strong> <strong>25 septembre \u00e0\u00a019h30<\/strong> la Philharmonie de chambre de Prague avec la violoncelliste fran\u00e7aise <strong>Camille Thomas<\/strong> joueront ensemble <strong>le <em>Concerto pour violon et orchestre en La mineur<\/em> <\/strong>de Robert Schumann. &nbsp;<a href=\"https:\/\/www.bhsfestival.sk\/events\/pkf-prague-philharmonia-2022\/\">+ info<\/a> &nbsp;<\/p>\n\n\n<div class=\"space xs\"><\/div>\n\n\n<p class=\"has-white-color has-vivid-cyan-blue-background-color has-text-color has-background\"><strong>Vous pouvez obtenir gratuitement des billets pour le concert du dimanche directement \u00e0 la billetterie de la Philharmonie slovaque \u00e0 Bratislava, en se r\u00e9f\u00e9rant \u00e0 l&rsquo;Institut fran\u00e7ais de Slovaquie. Le concert est enti\u00e8rement couvert par la subvention du sponsor principal. &nbsp;<\/strong><\/p>\n\n\n<div class=\"space xs\"><\/div>\n\n\n<p>Le lundi <strong>26 septembre \u00e0 19h30<\/strong> l\u2019Orchestre philharmonique de Monte Carlo ouvrira son concert \u00e0 Bratislava par <strong><em>Le Carnaval romain<\/em><\/strong> d\u2018<strong>Hector Berlioz<\/strong>. <a href=\"https:\/\/www.bhsfestival.sk\/events\/monte-carlo-2022\/\">+ info <\/a><\/p>\n\n\n\n<p>Le <strong>samedi 1er octobre \u00e0\u00a019h30<\/strong> l\u2019ensemble italien Orchestra dell\u2019accdemia nazionale di Santa Cecilia interpr\u00e8tera, dans la deuxi\u00e8me partie de son concert les pi\u00e8ces <strong><em>Hymne au Saint-Sacrement<\/em><\/strong> d\u2018<strong>Olivier Messiaen<\/strong> et\u00a0<strong><em>La Mer<\/em><\/strong> de <strong>Claude Debussy<\/strong>. <a href=\"https:\/\/www.bhsfestival.sk\/events\/santa-cecilia-2022\/\">+ info<\/a> <\/p>\n\n\n\n<p>Les r\u00e9citals d\u2019orgue, par tradition, font partie de la musique fran\u00e7aise. Le r\u00e9cital de l\u2019organiste autrichien Johannes Zeinler, avec <strong><em>Grande pi\u00e8ce symphonique<\/em><\/strong> de<strong> C\u00e9sar Franck<\/strong> et\u00a0<strong><em>Choral de la Symphonie n\u00b0 7 en La mineur<\/em><\/strong> de <strong>Charles-Marie Widor au dimanche 2 octobre \u00e0\u00a016h <\/strong>en est un exemple.<strong> <\/strong><a href=\"https:\/\/www.bhsfestival.sk\/events\/organovy-recital-johannes-zeinler\/\">+ info<\/a> <\/p>\n\n\n\n<p>\u00c0 la cl\u00f4ture du festival, le <strong>samedi 8 octobre \u00e0\u00a019h30<\/strong>, l\u2019Orchestre de la Philharmonie slovaque sera dirig\u00e9 par <strong>Alexandre Bloch<\/strong>, directeur musical de l\u2019Orchestre national de Lille. Au programme du concert <strong><em>Concerto pour violon et orchestre n\u00b03 en Si mineur<\/em><\/strong> de <strong>Camille Saint-Sa\u00ebns<\/strong> et\u00a0po\u00e8me symphonique <strong><em>Psych\u00e9<\/em><\/strong> de <strong>C\u00e9sar Franck<\/strong>. <a href=\"https:\/\/www.bhsfestival.sk\/events\/zaverecny-koncert-57-rocnika-bratislavskych-hudobnych-slavnosti\/\">+ info<\/a> <\/p>\n\n\n<div class=\"space xs\"><\/div>\n\n<a href=\"https:\/\/www.bhsfestival.sk\/en\/\" class=\"btn\" target=\"blank\" rel=\"noreferrer noopener\">Programme complet du festival BHS<\/a>\n\n<div class=\"space xs\"><\/div>\n\n\n<figure class=\"wp-block-gallery columns-2 is-cropped wp-block-gallery-1 is-layout-flex wp-block-gallery-is-layout-flex\"><ul class=\"blocks-gallery-grid\"><li class=\"blocks-gallery-item\"><figure><img loading=\"lazy\" decoding=\"async\" width=\"1024\" height=\"675\" src=\"https:\/\/institutfrancais.sk\/wp-content\/uploads\/2022\/09\/05-Camille-Thomas-DSC1709-1_cSoniaSieff-scaled-1-1024x675.jpg\" alt=\"\" data-id=\"23653\" data-full-url=\"https:\/\/institutfrancais.sk\/wp-content\/uploads\/2022\/09\/05-Camille-Thomas-DSC1709-1_cSoniaSieff-scaled-1.jpg\" data-link=\"https:\/\/institutfrancais.sk\/fr\/podujatie\/musiciens-et-musiques-francais-au-festival-fetes-de-la-musique-de-bratislava-bhs-2022\/05-camille-thomas-dsc1709-1_csoniasieff-scaled-1\/\" class=\"wp-image-23653\" srcset=\"https:\/\/institutfrancais.sk\/wp-content\/uploads\/2022\/09\/05-Camille-Thomas-DSC1709-1_cSoniaSieff-scaled-1-1024x675.jpg 1024w, https:\/\/institutfrancais.sk\/wp-content\/uploads\/2022\/09\/05-Camille-Thomas-DSC1709-1_cSoniaSieff-scaled-1-300x198.jpg 300w, https:\/\/institutfrancais.sk\/wp-content\/uploads\/2022\/09\/05-Camille-Thomas-DSC1709-1_cSoniaSieff-scaled-1-768x506.jpg 768w, https:\/\/institutfrancais.sk\/wp-content\/uploads\/2022\/09\/05-Camille-Thomas-DSC1709-1_cSoniaSieff-scaled-1-1536x1012.jpg 1536w, https:\/\/institutfrancais.sk\/wp-content\/uploads\/2022\/09\/05-Camille-Thomas-DSC1709-1_cSoniaSieff-scaled-1-2048x1350.jpg 2048w, https:\/\/institutfrancais.sk\/wp-content\/uploads\/2022\/09\/05-Camille-Thomas-DSC1709-1_cSoniaSieff-scaled-1-1190x784.jpg 1190w, https:\/\/institutfrancais.sk\/wp-content\/uploads\/2022\/09\/05-Camille-Thomas-DSC1709-1_cSoniaSieff-scaled-1-1517x1000.jpg 1517w\" sizes=\"(max-width: 1024px) 100vw, 1024px\" \/><figcaption class=\"blocks-gallery-item__caption\">Camille Thoma Photo: Sonia Sieff<\/figcaption><\/figure><\/li><li class=\"blocks-gallery-item\"><figure><img loading=\"lazy\" decoding=\"async\" width=\"900\" height=\"600\" src=\"https:\/\/institutfrancais.sk\/wp-content\/uploads\/2022\/09\/19-Alexandre-Bloch-Marco-Borggreve-s-1.jpg\" alt=\"\" data-id=\"23655\" data-full-url=\"https:\/\/institutfrancais.sk\/wp-content\/uploads\/2022\/09\/19-Alexandre-Bloch-Marco-Borggreve-s-1.jpg\" data-link=\"https:\/\/institutfrancais.sk\/fr\/podujatie\/musiciens-et-musiques-francais-au-festival-fetes-de-la-musique-de-bratislava-bhs-2022\/alexandre-blochphoto-marco-borggreve\/\" class=\"wp-image-23655\" srcset=\"https:\/\/institutfrancais.sk\/wp-content\/uploads\/2022\/09\/19-Alexandre-Bloch-Marco-Borggreve-s-1.jpg 900w, https:\/\/institutfrancais.sk\/wp-content\/uploads\/2022\/09\/19-Alexandre-Bloch-Marco-Borggreve-s-1-300x200.jpg 300w, https:\/\/institutfrancais.sk\/wp-content\/uploads\/2022\/09\/19-Alexandre-Bloch-Marco-Borggreve-s-1-768x512.jpg 768w\" sizes=\"(max-width: 900px) 100vw, 900px\" \/><figcaption class=\"blocks-gallery-item__caption\">Alexandre Bloch\nPhoto: Marco Borggreve<\/figcaption><\/figure><\/li><\/ul><\/figure>\n\n\n<\/div><iframe loading=\"lazy\" src=\"https:\/\/www.google.com\/maps\/embed?pb=!1m18!1m12!1m3!1d2662.4116344366053!2d17.107928315863333!3d48.1408688589103!2m3!1f0!2f0!3f0!3m2!1i1024!2i768!4f13.1!3m3!1m2!1s0x476c89427d97f855%3A0x6e6b7452a9c4ee57!2sSlovensk%C3%A1%20filharm%C3%B3nia!5e0!3m2!1ssk!2ssk!4v1662628092195!5m2!1ssk!2ssk\" width=\"100%\" height=\"558\" frameborder=\"0\" class=\"gmap-iframe\" allowfullscreen=\"\"><\/iframe><div class=\"wrap narrow-wrap\">","protected":false},"featured_media":23623,"template":"","typ-podujatia":[51],"acf":[],"yoast_head":"<!-- This site is optimized with the Yoast SEO plugin v24.5 - https:\/\/yoast.com\/wordpress\/plugins\/seo\/ -->\n<title>Musiciens et musiques fran\u00e7ais au festival F\u00eates de la musique de Bratislava (BHS 2022) - Franc\u00fazsky in\u0161tit\u00fat na Slovensku<\/title>\n<meta name=\"description\" content=\"L&#039;\u00e9dition 2022 du festival BHS accueillera dans son programme les musiciens fran\u00e7ais et les \u0153uvres de compositeurs fran\u00e7ais suivants\u00a0:\" \/>\n<meta name=\"robots\" content=\"index, follow, max-snippet:-1, max-image-preview:large, max-video-preview:-1\" \/>\n<link rel=\"canonical\" href=\"https:\/\/institutfrancais.sk\/fr\/podujatie\/musiciens-et-musiques-francais-au-festival-fetes-de-la-musique-de-bratislava-bhs-2022\/\" \/>\n<meta property=\"og:locale\" content=\"fr_FR\" \/>\n<meta property=\"og:type\" content=\"article\" \/>\n<meta property=\"og:title\" content=\"Musiciens et musiques fran\u00e7ais au festival F\u00eates de la musique de Bratislava (BHS 2022) - Franc\u00fazsky in\u0161tit\u00fat na Slovensku\" \/>\n<meta property=\"og:description\" content=\"L&#039;\u00e9dition 2022 du festival BHS accueillera dans son programme les musiciens fran\u00e7ais et les \u0153uvres de compositeurs fran\u00e7ais suivants\u00a0:\" \/>\n<meta property=\"og:url\" content=\"https:\/\/institutfrancais.sk\/fr\/podujatie\/musiciens-et-musiques-francais-au-festival-fetes-de-la-musique-de-bratislava-bhs-2022\/\" \/>\n<meta property=\"og:site_name\" content=\"Franc\u00fazsky in\u0161tit\u00fat na Slovensku\" \/>\n<meta property=\"article:modified_time\" content=\"2022-09-22T13:04:27+00:00\" \/>\n<meta property=\"og:image\" content=\"https:\/\/institutfrancais.sk\/wp-content\/uploads\/2022\/09\/BHS-2022-plagat-148x210mm.png\" \/>\n\t<meta property=\"og:image:width\" content=\"874\" \/>\n\t<meta property=\"og:image:height\" content=\"1240\" \/>\n\t<meta property=\"og:image:type\" content=\"image\/png\" \/>\n<meta name=\"twitter:card\" content=\"summary_large_image\" \/>\n<meta name=\"twitter:label1\" content=\"Dur\u00e9e de lecture estim\u00e9e\" \/>\n\t<meta name=\"twitter:data1\" content=\"2 minutes\" \/>\n<script type=\"application\/ld+json\" class=\"yoast-schema-graph\">{\"@context\":\"https:\/\/schema.org\",\"@graph\":[{\"@type\":\"WebPage\",\"@id\":\"https:\/\/institutfrancais.sk\/fr\/podujatie\/musiciens-et-musiques-francais-au-festival-fetes-de-la-musique-de-bratislava-bhs-2022\/\",\"url\":\"https:\/\/institutfrancais.sk\/fr\/podujatie\/musiciens-et-musiques-francais-au-festival-fetes-de-la-musique-de-bratislava-bhs-2022\/\",\"name\":\"Musiciens et musiques fran\u00e7ais au festival F\u00eates de la musique de Bratislava (BHS 2022) - Franc\u00fazsky in\u0161tit\u00fat na Slovensku\",\"isPartOf\":{\"@id\":\"https:\/\/institutfrancais.sk\/fr\/#website\"},\"primaryImageOfPage\":{\"@id\":\"https:\/\/institutfrancais.sk\/fr\/podujatie\/musiciens-et-musiques-francais-au-festival-fetes-de-la-musique-de-bratislava-bhs-2022\/#primaryimage\"},\"image\":{\"@id\":\"https:\/\/institutfrancais.sk\/fr\/podujatie\/musiciens-et-musiques-francais-au-festival-fetes-de-la-musique-de-bratislava-bhs-2022\/#primaryimage\"},\"thumbnailUrl\":\"https:\/\/institutfrancais.sk\/wp-content\/uploads\/2022\/09\/BHS-2022-plagat-148x210mm.png\",\"datePublished\":\"2022-09-11T09:48:55+00:00\",\"dateModified\":\"2022-09-22T13:04:27+00:00\",\"description\":\"L'\u00e9dition 2022 du festival BHS accueillera dans son programme les musiciens fran\u00e7ais et les \u0153uvres de compositeurs fran\u00e7ais suivants\u00a0:\",\"breadcrumb\":{\"@id\":\"https:\/\/institutfrancais.sk\/fr\/podujatie\/musiciens-et-musiques-francais-au-festival-fetes-de-la-musique-de-bratislava-bhs-2022\/#breadcrumb\"},\"inLanguage\":\"fr-FR\",\"potentialAction\":[{\"@type\":\"ReadAction\",\"target\":[\"https:\/\/institutfrancais.sk\/fr\/podujatie\/musiciens-et-musiques-francais-au-festival-fetes-de-la-musique-de-bratislava-bhs-2022\/\"]}]},{\"@type\":\"ImageObject\",\"inLanguage\":\"fr-FR\",\"@id\":\"https:\/\/institutfrancais.sk\/fr\/podujatie\/musiciens-et-musiques-francais-au-festival-fetes-de-la-musique-de-bratislava-bhs-2022\/#primaryimage\",\"url\":\"https:\/\/institutfrancais.sk\/wp-content\/uploads\/2022\/09\/BHS-2022-plagat-148x210mm.png\",\"contentUrl\":\"https:\/\/institutfrancais.sk\/wp-content\/uploads\/2022\/09\/BHS-2022-plagat-148x210mm.png\",\"width\":874,\"height\":1240},{\"@type\":\"BreadcrumbList\",\"@id\":\"https:\/\/institutfrancais.sk\/fr\/podujatie\/musiciens-et-musiques-francais-au-festival-fetes-de-la-musique-de-bratislava-bhs-2022\/#breadcrumb\",\"itemListElement\":[{\"@type\":\"ListItem\",\"position\":1,\"name\":\"Home\",\"item\":\"https:\/\/institutfrancais.sk\/fr\/\"},{\"@type\":\"ListItem\",\"position\":2,\"name\":\"Events\",\"item\":\"https:\/\/institutfrancais.sk\/fr\/podujatie\/\"},{\"@type\":\"ListItem\",\"position\":3,\"name\":\"Musiciens et musiques fran\u00e7ais au festival F\u00eates de la musique de Bratislava (BHS 2022)\"}]},{\"@type\":\"WebSite\",\"@id\":\"https:\/\/institutfrancais.sk\/fr\/#website\",\"url\":\"https:\/\/institutfrancais.sk\/fr\/\",\"name\":\"Franc\u00fazsky in\u0161tit\u00fat na Slovensku\",\"description\":\"Franc\u00fazsky in\u0161tit\u00fat na Slovensku\",\"potentialAction\":[{\"@type\":\"SearchAction\",\"target\":{\"@type\":\"EntryPoint\",\"urlTemplate\":\"https:\/\/institutfrancais.sk\/fr\/?s={search_term_string}\"},\"query-input\":{\"@type\":\"PropertyValueSpecification\",\"valueRequired\":true,\"valueName\":\"search_term_string\"}}],\"inLanguage\":\"fr-FR\"}]}<\/script>\n<!-- \/ Yoast SEO plugin. -->","yoast_head_json":{"title":"Musiciens et musiques fran\u00e7ais au festival F\u00eates de la musique de Bratislava (BHS 2022) - Franc\u00fazsky in\u0161tit\u00fat na Slovensku","description":"L'\u00e9dition 2022 du festival BHS accueillera dans son programme les musiciens fran\u00e7ais et les \u0153uvres de compositeurs fran\u00e7ais suivants\u00a0:","robots":{"index":"index","follow":"follow","max-snippet":"max-snippet:-1","max-image-preview":"max-image-preview:large","max-video-preview":"max-video-preview:-1"},"canonical":"https:\/\/institutfrancais.sk\/fr\/podujatie\/musiciens-et-musiques-francais-au-festival-fetes-de-la-musique-de-bratislava-bhs-2022\/","og_locale":"fr_FR","og_type":"article","og_title":"Musiciens et musiques fran\u00e7ais au festival F\u00eates de la musique de Bratislava (BHS 2022) - Franc\u00fazsky in\u0161tit\u00fat na Slovensku","og_description":"L'\u00e9dition 2022 du festival BHS accueillera dans son programme les musiciens fran\u00e7ais et les \u0153uvres de compositeurs fran\u00e7ais suivants\u00a0:","og_url":"https:\/\/institutfrancais.sk\/fr\/podujatie\/musiciens-et-musiques-francais-au-festival-fetes-de-la-musique-de-bratislava-bhs-2022\/","og_site_name":"Franc\u00fazsky in\u0161tit\u00fat na Slovensku","article_modified_time":"2022-09-22T13:04:27+00:00","og_image":[{"width":874,"height":1240,"url":"https:\/\/institutfrancais.sk\/wp-content\/uploads\/2022\/09\/BHS-2022-plagat-148x210mm.png","type":"image\/png"}],"twitter_card":"summary_large_image","twitter_misc":{"Dur\u00e9e de lecture estim\u00e9e":"2 minutes"},"schema":{"@context":"https:\/\/schema.org","@graph":[{"@type":"WebPage","@id":"https:\/\/institutfrancais.sk\/fr\/podujatie\/musiciens-et-musiques-francais-au-festival-fetes-de-la-musique-de-bratislava-bhs-2022\/","url":"https:\/\/institutfrancais.sk\/fr\/podujatie\/musiciens-et-musiques-francais-au-festival-fetes-de-la-musique-de-bratislava-bhs-2022\/","name":"Musiciens et musiques fran\u00e7ais au festival F\u00eates de la musique de Bratislava (BHS 2022) - Franc\u00fazsky in\u0161tit\u00fat na Slovensku","isPartOf":{"@id":"https:\/\/institutfrancais.sk\/fr\/#website"},"primaryImageOfPage":{"@id":"https:\/\/institutfrancais.sk\/fr\/podujatie\/musiciens-et-musiques-francais-au-festival-fetes-de-la-musique-de-bratislava-bhs-2022\/#primaryimage"},"image":{"@id":"https:\/\/institutfrancais.sk\/fr\/podujatie\/musiciens-et-musiques-francais-au-festival-fetes-de-la-musique-de-bratislava-bhs-2022\/#primaryimage"},"thumbnailUrl":"https:\/\/institutfrancais.sk\/wp-content\/uploads\/2022\/09\/BHS-2022-plagat-148x210mm.png","datePublished":"2022-09-11T09:48:55+00:00","dateModified":"2022-09-22T13:04:27+00:00","description":"L'\u00e9dition 2022 du festival BHS accueillera dans son programme les musiciens fran\u00e7ais et les \u0153uvres de compositeurs fran\u00e7ais suivants\u00a0:","breadcrumb":{"@id":"https:\/\/institutfrancais.sk\/fr\/podujatie\/musiciens-et-musiques-francais-au-festival-fetes-de-la-musique-de-bratislava-bhs-2022\/#breadcrumb"},"inLanguage":"fr-FR","potentialAction":[{"@type":"ReadAction","target":["https:\/\/institutfrancais.sk\/fr\/podujatie\/musiciens-et-musiques-francais-au-festival-fetes-de-la-musique-de-bratislava-bhs-2022\/"]}]},{"@type":"ImageObject","inLanguage":"fr-FR","@id":"https:\/\/institutfrancais.sk\/fr\/podujatie\/musiciens-et-musiques-francais-au-festival-fetes-de-la-musique-de-bratislava-bhs-2022\/#primaryimage","url":"https:\/\/institutfrancais.sk\/wp-content\/uploads\/2022\/09\/BHS-2022-plagat-148x210mm.png","contentUrl":"https:\/\/institutfrancais.sk\/wp-content\/uploads\/2022\/09\/BHS-2022-plagat-148x210mm.png","width":874,"height":1240},{"@type":"BreadcrumbList","@id":"https:\/\/institutfrancais.sk\/fr\/podujatie\/musiciens-et-musiques-francais-au-festival-fetes-de-la-musique-de-bratislava-bhs-2022\/#breadcrumb","itemListElement":[{"@type":"ListItem","position":1,"name":"Home","item":"https:\/\/institutfrancais.sk\/fr\/"},{"@type":"ListItem","position":2,"name":"Events","item":"https:\/\/institutfrancais.sk\/fr\/podujatie\/"},{"@type":"ListItem","position":3,"name":"Musiciens et musiques fran\u00e7ais au festival F\u00eates de la musique de Bratislava (BHS 2022)"}]},{"@type":"WebSite","@id":"https:\/\/institutfrancais.sk\/fr\/#website","url":"https:\/\/institutfrancais.sk\/fr\/","name":"Franc\u00fazsky in\u0161tit\u00fat na Slovensku","description":"Franc\u00fazsky in\u0161tit\u00fat na Slovensku","potentialAction":[{"@type":"SearchAction","target":{"@type":"EntryPoint","urlTemplate":"https:\/\/institutfrancais.sk\/fr\/?s={search_term_string}"},"query-input":{"@type":"PropertyValueSpecification","valueRequired":true,"valueName":"search_term_string"}}],"inLanguage":"fr-FR"}]}},"_links":{"self":[{"href":"https:\/\/institutfrancais.sk\/fr\/wp-json\/wp\/v2\/podujatie\/23626"}],"collection":[{"href":"https:\/\/institutfrancais.sk\/fr\/wp-json\/wp\/v2\/podujatie"}],"about":[{"href":"https:\/\/institutfrancais.sk\/fr\/wp-json\/wp\/v2\/types\/podujatie"}],"wp:featuredmedia":[{"embeddable":true,"href":"https:\/\/institutfrancais.sk\/fr\/wp-json\/wp\/v2\/media\/23623"}],"wp:attachment":[{"href":"https:\/\/institutfrancais.sk\/fr\/wp-json\/wp\/v2\/media?parent=23626"}],"wp:term":[{"taxonomy":"typ-podujatia","embeddable":true,"href":"https:\/\/institutfrancais.sk\/fr\/wp-json\/wp\/v2\/typ-podujatia?post=23626"}],"curies":[{"name":"wp","href":"https:\/\/api.w.org\/{rel}","templated":true}]}}