{"id":24197,"date":"2022-10-12T16:47:13","date_gmt":"2022-10-12T14:47:13","guid":{"rendered":"https:\/\/institutfrancais.sk\/podujatie\/na-bratislavskych-jazzovych-dnoch-sa-predstavi-francuzska-spevacka-cyrille-aimee\/"},"modified":"2022-10-12T17:03:09","modified_gmt":"2022-10-12T15:03:09","slug":"na-bratislavskych-jazzovych-dnoch-sa-predstavi-francuzska-spevacka-cyrille-aimee","status":"publish","type":"podujatie","link":"https:\/\/institutfrancais.sk\/fr\/podujatie\/na-bratislavskych-jazzovych-dnoch-sa-predstavi-francuzska-spevacka-cyrille-aimee\/","title":{"rendered":"La chanteuse fran\u00e7aise Cyrille Aim\u00e9e se produira aux Bratislava Jazz Days"},"content":{"rendered":"\n<p><strong>Cyrille Aim\u00e9e <\/strong>a remport\u00e9 le Montreux Jazz Festival Competition et le Sarah Vaughan International Jazz Competition, et a&nbsp;\u00e9t\u00e9 finaliste du Thelonious Monk International Jazz Competition. Le New York Times a&nbsp;d\u00e9crit Cyrille Aim\u00e9e comme un m\u00e9lange de Michael Jackson et de Sarah Vaughan, avec un pied dans la tradition et l&rsquo;autre dans le son contemporain. Elle a&nbsp;brill\u00e9 aux c\u00f4t\u00e9s de l\u00e9gendes telles que David Sanborn, Wynton Marsalis ou Christian McBride, mais aussi en solo avec uniquement sa voix et un looper. Elle a&nbsp;\u00e9t\u00e9 nomin\u00e9e pour un Grammy Award pour sa reprise de Marry Me and Little de Stephen Sondheim. Cyrille Aim\u00e9e est dou\u00e9e, dr\u00f4le, cultiv\u00e9e et charmante, avec une voix imm\u00e9diatement reconnaissable.<\/p>\n\n\n\n<p>N\u00e9e dans une ville fran\u00e7aise o\u00f9 se tenait chaque ann\u00e9e le <strong>Festival Django Reinhardt<\/strong>, sa premi\u00e8re inspiration fut naturellement le jazz manouche. Adolescente, elle chante dans les clubs parisiens, qu&rsquo;elle transforme rapidement en clubs de jazz les plus r\u00e9put\u00e9s de Manhattan. Avec son groupe Surreal Band, elle a&nbsp;m\u00e9lang\u00e9 jazz, folk, swing et \u00e9l\u00e9ments fran\u00e7ais. Au d\u00e9but de sa carri\u00e8re solo, elle a&nbsp;jou\u00e9 un m\u00e9lange innovant de musique br\u00e9silienne, de jazz manouche et d&rsquo;\u00e9criture de chansons traditionnelles.<\/p>\n\n\n\n<p>Pour Cyrille Aim\u00e9e, l&rsquo;improvisation n&rsquo;est pas qu&rsquo;une technique, c&rsquo;est un mode de vie qui lui a&nbsp;permis de partager sa voix captivante et sa p\u00e9tillante cr\u00e9ativit\u00e9 avec le monde, et l&rsquo;a&nbsp;emmen\u00e9e dans des voyages inattendus. Ce n&rsquo;est pas un hasard si un tiers de ses albums sont des enregistrements de concerts.<\/p>\n\n\n<div class=\"space sm\"><\/div>\n\n<div class=\"text-center\"><a href=\"https:\/\/bjd.sk\/ceny-listkov-predpredaj\" class=\"btn btn-white-invert\" target=\"blank\" rel=\"noreferrer noopener\">Billets<\/a><\/div>\n\n<div class=\"space sm\"><\/div>\n\n\n<figure class=\"wp-block-embed is-type-video is-provider-youtube wp-block-embed-youtube wp-embed-aspect-16-9 wp-has-aspect-ratio\"><div class=\"wp-block-embed__wrapper\">\n<iframe loading=\"lazy\" title=\"CYRILLE AIMEE  -  Petite Fleur\" width=\"500\" height=\"281\" src=\"https:\/\/www.youtube.com\/embed\/IQMNKO-kaUs?feature=oembed\" frameborder=\"0\" allow=\"accelerometer; autoplay; clipboard-write; encrypted-media; gyroscope; picture-in-picture; web-share\" referrerpolicy=\"strict-origin-when-cross-origin\" allowfullscreen><\/iframe>\n<\/div><\/figure>\n\n\n\n<figure class=\"wp-block-embed is-type-video is-provider-youtube wp-block-embed-youtube wp-embed-aspect-16-9 wp-has-aspect-ratio\"><div class=\"wp-block-embed__wrapper\">\nhttps:\/\/www.youtube.com\/watch?v=VdnKelTiF6E\n<\/div><\/figure>\n\n\n\n<figure class=\"wp-block-embed is-type-video is-provider-youtube wp-block-embed-youtube wp-embed-aspect-16-9 wp-has-aspect-ratio\"><div class=\"wp-block-embed__wrapper\">\n<iframe loading=\"lazy\" title=\"Cyrille Aim\u00e9e - Down (Live with looper)\" width=\"500\" height=\"281\" src=\"https:\/\/www.youtube.com\/embed\/sklFUjxjfw8?feature=oembed\" frameborder=\"0\" allow=\"accelerometer; autoplay; clipboard-write; encrypted-media; gyroscope; picture-in-picture; web-share\" referrerpolicy=\"strict-origin-when-cross-origin\" allowfullscreen><\/iframe>\n<\/div><\/figure>\n\n\n<div class=\"space sm\"><\/div>\n\n<\/div><iframe loading=\"lazy\" src=\"https:\/\/www.google.com\/maps\/embed?pb=!1m18!1m12!1m3!1d2661.2201283487557!2d17.14246071581884!3d48.16383855731016!2m3!1f0!2f0!3f0!3m2!1i1024!2i768!4f13.1!3m3!1m2!1s0x476c8ff18dc6557b%3A0x763ee4db38bcea4e!2sA4%20Studio%20-%20Film%2C%20TV%20Studio%20%26%20Event%20House!5e0!3m2!1ssk!2ssk!4v1665585290273!5m2!1ssk!2ssk\" width=\"100%\" height=\"558\" frameborder=\"0\" class=\"gmap-iframe\" allowfullscreen=\"\"><\/iframe><div class=\"wrap narrow-wrap\">","protected":false},"featured_media":24195,"template":"","typ-podujatia":[51],"acf":[],"yoast_head":"<!-- This site is optimized with the Yoast SEO plugin v24.5 - https:\/\/yoast.com\/wordpress\/plugins\/seo\/ -->\n<title>La chanteuse fran\u00e7aise Cyrille Aim\u00e9e se produira aux Bratislava Jazz Days - Franc\u00fazsky in\u0161tit\u00fat na Slovensku<\/title>\n<meta name=\"description\" content=\"Bratislava Jazz Days am\u00e8neront une fois de plus les meilleurs musiciens de jazz du monde \u00e0 Bratislava ! Parmi eux, la chanteuse fran\u00e7aise Cyrille Aim\u00e9e.\" \/>\n<meta name=\"robots\" content=\"index, follow, max-snippet:-1, max-image-preview:large, max-video-preview:-1\" \/>\n<link rel=\"canonical\" href=\"https:\/\/institutfrancais.sk\/fr\/podujatie\/na-bratislavskych-jazzovych-dnoch-sa-predstavi-francuzska-spevacka-cyrille-aimee\/\" \/>\n<meta property=\"og:locale\" content=\"fr_FR\" \/>\n<meta property=\"og:type\" content=\"article\" \/>\n<meta property=\"og:title\" content=\"La chanteuse fran\u00e7aise Cyrille Aim\u00e9e se produira aux Bratislava Jazz Days - Franc\u00fazsky in\u0161tit\u00fat na Slovensku\" \/>\n<meta property=\"og:description\" content=\"Bratislava Jazz Days am\u00e8neront une fois de plus les meilleurs musiciens de jazz du monde \u00e0 Bratislava ! Parmi eux, la chanteuse fran\u00e7aise Cyrille Aim\u00e9e.\" \/>\n<meta property=\"og:url\" content=\"https:\/\/institutfrancais.sk\/fr\/podujatie\/na-bratislavskych-jazzovych-dnoch-sa-predstavi-francuzska-spevacka-cyrille-aimee\/\" \/>\n<meta property=\"og:site_name\" content=\"Franc\u00fazsky in\u0161tit\u00fat na Slovensku\" \/>\n<meta property=\"article:modified_time\" content=\"2022-10-12T15:03:09+00:00\" \/>\n<meta property=\"og:image\" content=\"https:\/\/institutfrancais.sk\/wp-content\/uploads\/2022\/10\/1580x1170-Katherine-Leslie.png\" \/>\n\t<meta property=\"og:image:width\" content=\"1580\" \/>\n\t<meta property=\"og:image:height\" content=\"1170\" \/>\n\t<meta property=\"og:image:type\" content=\"image\/png\" \/>\n<meta name=\"twitter:card\" content=\"summary_large_image\" \/>\n<meta name=\"twitter:label1\" content=\"Dur\u00e9e de lecture estim\u00e9e\" \/>\n\t<meta name=\"twitter:data1\" content=\"2 minutes\" \/>\n<script type=\"application\/ld+json\" class=\"yoast-schema-graph\">{\"@context\":\"https:\/\/schema.org\",\"@graph\":[{\"@type\":\"WebPage\",\"@id\":\"https:\/\/institutfrancais.sk\/fr\/podujatie\/na-bratislavskych-jazzovych-dnoch-sa-predstavi-francuzska-spevacka-cyrille-aimee\/\",\"url\":\"https:\/\/institutfrancais.sk\/fr\/podujatie\/na-bratislavskych-jazzovych-dnoch-sa-predstavi-francuzska-spevacka-cyrille-aimee\/\",\"name\":\"La chanteuse fran\u00e7aise Cyrille Aim\u00e9e se produira aux Bratislava Jazz Days - Franc\u00fazsky in\u0161tit\u00fat na Slovensku\",\"isPartOf\":{\"@id\":\"https:\/\/institutfrancais.sk\/fr\/#website\"},\"primaryImageOfPage\":{\"@id\":\"https:\/\/institutfrancais.sk\/fr\/podujatie\/na-bratislavskych-jazzovych-dnoch-sa-predstavi-francuzska-spevacka-cyrille-aimee\/#primaryimage\"},\"image\":{\"@id\":\"https:\/\/institutfrancais.sk\/fr\/podujatie\/na-bratislavskych-jazzovych-dnoch-sa-predstavi-francuzska-spevacka-cyrille-aimee\/#primaryimage\"},\"thumbnailUrl\":\"https:\/\/institutfrancais.sk\/wp-content\/uploads\/2022\/10\/1580x1170-Katherine-Leslie.png\",\"datePublished\":\"2022-10-12T14:47:13+00:00\",\"dateModified\":\"2022-10-12T15:03:09+00:00\",\"description\":\"Bratislava Jazz Days am\u00e8neront une fois de plus les meilleurs musiciens de jazz du monde \u00e0 Bratislava ! Parmi eux, la chanteuse fran\u00e7aise Cyrille Aim\u00e9e.\",\"breadcrumb\":{\"@id\":\"https:\/\/institutfrancais.sk\/fr\/podujatie\/na-bratislavskych-jazzovych-dnoch-sa-predstavi-francuzska-spevacka-cyrille-aimee\/#breadcrumb\"},\"inLanguage\":\"fr-FR\",\"potentialAction\":[{\"@type\":\"ReadAction\",\"target\":[\"https:\/\/institutfrancais.sk\/fr\/podujatie\/na-bratislavskych-jazzovych-dnoch-sa-predstavi-francuzska-spevacka-cyrille-aimee\/\"]}]},{\"@type\":\"ImageObject\",\"inLanguage\":\"fr-FR\",\"@id\":\"https:\/\/institutfrancais.sk\/fr\/podujatie\/na-bratislavskych-jazzovych-dnoch-sa-predstavi-francuzska-spevacka-cyrille-aimee\/#primaryimage\",\"url\":\"https:\/\/institutfrancais.sk\/wp-content\/uploads\/2022\/10\/1580x1170-Katherine-Leslie.png\",\"contentUrl\":\"https:\/\/institutfrancais.sk\/wp-content\/uploads\/2022\/10\/1580x1170-Katherine-Leslie.png\",\"width\":1580,\"height\":1170},{\"@type\":\"BreadcrumbList\",\"@id\":\"https:\/\/institutfrancais.sk\/fr\/podujatie\/na-bratislavskych-jazzovych-dnoch-sa-predstavi-francuzska-spevacka-cyrille-aimee\/#breadcrumb\",\"itemListElement\":[{\"@type\":\"ListItem\",\"position\":1,\"name\":\"Home\",\"item\":\"https:\/\/institutfrancais.sk\/fr\/\"},{\"@type\":\"ListItem\",\"position\":2,\"name\":\"Events\",\"item\":\"https:\/\/institutfrancais.sk\/fr\/podujatie\/\"},{\"@type\":\"ListItem\",\"position\":3,\"name\":\"La chanteuse fran\u00e7aise Cyrille Aim\u00e9e se produira aux Bratislava Jazz Days\"}]},{\"@type\":\"WebSite\",\"@id\":\"https:\/\/institutfrancais.sk\/fr\/#website\",\"url\":\"https:\/\/institutfrancais.sk\/fr\/\",\"name\":\"Franc\u00fazsky in\u0161tit\u00fat na Slovensku\",\"description\":\"Franc\u00fazsky in\u0161tit\u00fat na Slovensku\",\"potentialAction\":[{\"@type\":\"SearchAction\",\"target\":{\"@type\":\"EntryPoint\",\"urlTemplate\":\"https:\/\/institutfrancais.sk\/fr\/?s={search_term_string}\"},\"query-input\":{\"@type\":\"PropertyValueSpecification\",\"valueRequired\":true,\"valueName\":\"search_term_string\"}}],\"inLanguage\":\"fr-FR\"}]}<\/script>\n<!-- \/ Yoast SEO plugin. -->","yoast_head_json":{"title":"La chanteuse fran\u00e7aise Cyrille Aim\u00e9e se produira aux Bratislava Jazz Days - Franc\u00fazsky in\u0161tit\u00fat na Slovensku","description":"Bratislava Jazz Days am\u00e8neront une fois de plus les meilleurs musiciens de jazz du monde \u00e0 Bratislava ! Parmi eux, la chanteuse fran\u00e7aise Cyrille Aim\u00e9e.","robots":{"index":"index","follow":"follow","max-snippet":"max-snippet:-1","max-image-preview":"max-image-preview:large","max-video-preview":"max-video-preview:-1"},"canonical":"https:\/\/institutfrancais.sk\/fr\/podujatie\/na-bratislavskych-jazzovych-dnoch-sa-predstavi-francuzska-spevacka-cyrille-aimee\/","og_locale":"fr_FR","og_type":"article","og_title":"La chanteuse fran\u00e7aise Cyrille Aim\u00e9e se produira aux Bratislava Jazz Days - Franc\u00fazsky in\u0161tit\u00fat na Slovensku","og_description":"Bratislava Jazz Days am\u00e8neront une fois de plus les meilleurs musiciens de jazz du monde \u00e0 Bratislava ! Parmi eux, la chanteuse fran\u00e7aise Cyrille Aim\u00e9e.","og_url":"https:\/\/institutfrancais.sk\/fr\/podujatie\/na-bratislavskych-jazzovych-dnoch-sa-predstavi-francuzska-spevacka-cyrille-aimee\/","og_site_name":"Franc\u00fazsky in\u0161tit\u00fat na Slovensku","article_modified_time":"2022-10-12T15:03:09+00:00","og_image":[{"width":1580,"height":1170,"url":"https:\/\/institutfrancais.sk\/wp-content\/uploads\/2022\/10\/1580x1170-Katherine-Leslie.png","type":"image\/png"}],"twitter_card":"summary_large_image","twitter_misc":{"Dur\u00e9e de lecture estim\u00e9e":"2 minutes"},"schema":{"@context":"https:\/\/schema.org","@graph":[{"@type":"WebPage","@id":"https:\/\/institutfrancais.sk\/fr\/podujatie\/na-bratislavskych-jazzovych-dnoch-sa-predstavi-francuzska-spevacka-cyrille-aimee\/","url":"https:\/\/institutfrancais.sk\/fr\/podujatie\/na-bratislavskych-jazzovych-dnoch-sa-predstavi-francuzska-spevacka-cyrille-aimee\/","name":"La chanteuse fran\u00e7aise Cyrille Aim\u00e9e se produira aux Bratislava Jazz Days - Franc\u00fazsky in\u0161tit\u00fat na Slovensku","isPartOf":{"@id":"https:\/\/institutfrancais.sk\/fr\/#website"},"primaryImageOfPage":{"@id":"https:\/\/institutfrancais.sk\/fr\/podujatie\/na-bratislavskych-jazzovych-dnoch-sa-predstavi-francuzska-spevacka-cyrille-aimee\/#primaryimage"},"image":{"@id":"https:\/\/institutfrancais.sk\/fr\/podujatie\/na-bratislavskych-jazzovych-dnoch-sa-predstavi-francuzska-spevacka-cyrille-aimee\/#primaryimage"},"thumbnailUrl":"https:\/\/institutfrancais.sk\/wp-content\/uploads\/2022\/10\/1580x1170-Katherine-Leslie.png","datePublished":"2022-10-12T14:47:13+00:00","dateModified":"2022-10-12T15:03:09+00:00","description":"Bratislava Jazz Days am\u00e8neront une fois de plus les meilleurs musiciens de jazz du monde \u00e0 Bratislava ! Parmi eux, la chanteuse fran\u00e7aise Cyrille Aim\u00e9e.","breadcrumb":{"@id":"https:\/\/institutfrancais.sk\/fr\/podujatie\/na-bratislavskych-jazzovych-dnoch-sa-predstavi-francuzska-spevacka-cyrille-aimee\/#breadcrumb"},"inLanguage":"fr-FR","potentialAction":[{"@type":"ReadAction","target":["https:\/\/institutfrancais.sk\/fr\/podujatie\/na-bratislavskych-jazzovych-dnoch-sa-predstavi-francuzska-spevacka-cyrille-aimee\/"]}]},{"@type":"ImageObject","inLanguage":"fr-FR","@id":"https:\/\/institutfrancais.sk\/fr\/podujatie\/na-bratislavskych-jazzovych-dnoch-sa-predstavi-francuzska-spevacka-cyrille-aimee\/#primaryimage","url":"https:\/\/institutfrancais.sk\/wp-content\/uploads\/2022\/10\/1580x1170-Katherine-Leslie.png","contentUrl":"https:\/\/institutfrancais.sk\/wp-content\/uploads\/2022\/10\/1580x1170-Katherine-Leslie.png","width":1580,"height":1170},{"@type":"BreadcrumbList","@id":"https:\/\/institutfrancais.sk\/fr\/podujatie\/na-bratislavskych-jazzovych-dnoch-sa-predstavi-francuzska-spevacka-cyrille-aimee\/#breadcrumb","itemListElement":[{"@type":"ListItem","position":1,"name":"Home","item":"https:\/\/institutfrancais.sk\/fr\/"},{"@type":"ListItem","position":2,"name":"Events","item":"https:\/\/institutfrancais.sk\/fr\/podujatie\/"},{"@type":"ListItem","position":3,"name":"La chanteuse fran\u00e7aise Cyrille Aim\u00e9e se produira aux Bratislava Jazz Days"}]},{"@type":"WebSite","@id":"https:\/\/institutfrancais.sk\/fr\/#website","url":"https:\/\/institutfrancais.sk\/fr\/","name":"Franc\u00fazsky in\u0161tit\u00fat na Slovensku","description":"Franc\u00fazsky in\u0161tit\u00fat na Slovensku","potentialAction":[{"@type":"SearchAction","target":{"@type":"EntryPoint","urlTemplate":"https:\/\/institutfrancais.sk\/fr\/?s={search_term_string}"},"query-input":{"@type":"PropertyValueSpecification","valueRequired":true,"valueName":"search_term_string"}}],"inLanguage":"fr-FR"}]}},"_links":{"self":[{"href":"https:\/\/institutfrancais.sk\/fr\/wp-json\/wp\/v2\/podujatie\/24197"}],"collection":[{"href":"https:\/\/institutfrancais.sk\/fr\/wp-json\/wp\/v2\/podujatie"}],"about":[{"href":"https:\/\/institutfrancais.sk\/fr\/wp-json\/wp\/v2\/types\/podujatie"}],"wp:featuredmedia":[{"embeddable":true,"href":"https:\/\/institutfrancais.sk\/fr\/wp-json\/wp\/v2\/media\/24195"}],"wp:attachment":[{"href":"https:\/\/institutfrancais.sk\/fr\/wp-json\/wp\/v2\/media?parent=24197"}],"wp:term":[{"taxonomy":"typ-podujatia","embeddable":true,"href":"https:\/\/institutfrancais.sk\/fr\/wp-json\/wp\/v2\/typ-podujatia?post=24197"}],"curies":[{"name":"wp","href":"https:\/\/api.w.org\/{rel}","templated":true}]}}