{"id":24272,"date":"2022-10-19T12:08:30","date_gmt":"2022-10-19T10:08:30","guid":{"rendered":"https:\/\/institutfrancais.sk\/?post_type=podujatie&#038;p=24272"},"modified":"2022-10-19T12:08:31","modified_gmt":"2022-10-19T10:08:31","slug":"prix-imro-weiner-kral-2022-pour-le-photographe-martin-kollar-et-son-exposition-a-lifs","status":"publish","type":"podujatie","link":"https:\/\/institutfrancais.sk\/fr\/podujatie\/prix-imro-weiner-kral-2022-pour-le-photographe-martin-kollar-et-son-exposition-a-lifs\/","title":{"rendered":"Prix Imro Weiner-Kr\u00e1\u013e 2022 pour le photographe Martin Koll\u00e1r et son exposition \u00e0 l&rsquo;IFS"},"content":{"rendered":"\n<p>Depuis 2014, le prix IWK est d\u00e9cern\u00e9 par l&rsquo;<strong>Union des amis d&rsquo;Imro Weiner-Kr\u00e1\u013e<\/strong> en collaboration avec l&rsquo;<strong>Institut fran\u00e7ais de Slovaquie<\/strong> et l&rsquo;<strong>Association des th\u00e9oriciens, critiques et historiens des arts plastiques<\/strong> \u00e0 des personnalit\u00e9s qui contribuent au d\u00e9veloppent du dialogue culturel entre les deux pays. Cette ann\u00e9e, la remise du prix se tient sous le patronage du <strong>Minist\u00e8re des Affaires \u00e9trang\u00e8res et europ\u00e9ennes de la R\u00e9publique slovaque<\/strong> et de l&rsquo;<strong>Ambassade de France en Slovaquie<\/strong>. <\/p>\n\n\n\n<p>\u00c0 l&rsquo;occasion de la remise du prix IWK, Martin Koll\u00e1r exposera \u00e0 l&rsquo;IFS une s\u00e9lection de sa de la s\u00e9rie photographique <strong>\u00ab\u00a0Provisional arrangement \/ Arrangement provisoire\u00a0\u00bb<\/strong>. En 2016, cette s\u00e9rie remporte le Prix du Mus\u00e9e de l&rsquo;Elys\u00e9e \u00e0 Lausanne, o\u00f9 elle est &nbsp;expos\u00e9e ensuite. L&rsquo;exposition \u00e0 l&rsquo;IFS sera la premi\u00e8re pr\u00e9sentation de la s\u00e9rie en Slovaquie. L&rsquo;exposition est inscrite \u00e9galement au programme du <strong>Mois de la Photographie 2022<\/strong>.<\/p>\n\n\n<div class=\"space md\"><\/div>\n\n\n<h3 class=\"wp-block-heading\">Un mot de l&rsquo;artiste sur l&rsquo;exposition<\/h3>\n\n\n\n<h3 class=\"wp-block-heading\">ARRANGEMENT PROVISOIRE ou des solutions temporaires dans le temps et l&rsquo;espace. <\/h3>\n\n\n\n<p>J&rsquo;ai grandi pendant le communisme avec sa devise cl\u00e9 \u00ab\u00a0Avec l&rsquo;Union sovi\u00e9tique pour toute l&rsquo;\u00e9ternit\u00e9\u00a0\u00bb. \u00c0 l&rsquo;\u00e9poque, nous ajoutions en riant : mais pas une heure de plus. Cela a&nbsp;\u00e9t\u00e9, jusqu&rsquo;\u00e0 ce jour, l&rsquo;une des rares exp\u00e9riences que j&rsquo;ai eues avec l&rsquo;\u00e9ternit\u00e9. <\/p>\n\n\n\n<p>Depuis lors, ma vie a&nbsp;\u00e9t\u00e9 remplie de n\u00e9gociations de ses nombreuses situations et solutions temporaires. Les gens de ma g\u00e9n\u00e9ration ont grandi, nous sommes d&rsquo;\u00e2ge moyen maintenant. L&rsquo;\u00e9ph\u00e9m\u00e8re nous \u00e9chappe, nous luttons contre les variations sans fin de la d\u00e9sint\u00e9gration et le vide laiss\u00e9 derri\u00e8re les vieux dogmes abandonn\u00e9s. <\/p>\n\n\n\n<p>Nous nous trouvons dans un monde complexe sans sentiment de permanence et de certitude. Nous nous entourons d&rsquo;amis temporaires, nous avons des femmes temporaires, nous avons un remplacement dentaire temporaire et nous pr\u00e9f\u00e9rons les r\u00e9sidences temporaires aux adresses permanentes. <\/p>\n\n\n\n<p>Arrangement provisoire est un projet qui s&rsquo;int\u00e9resse aux situations contenant un \u00e9l\u00e9ment d&rsquo;incertitude et de myst\u00e8re. Ce sera un enregistrement\/une repr\u00e9sentation photographique capturant la d\u00e9sint\u00e9gration de la permanence en moments temporaires et provisoires dans le temps et l&rsquo;espace<\/p>\n\n\n\n<p class=\"has-text-align-right\">Martin Koll\u00e1r<\/p>\n\n\n<div class=\"space md\"><\/div>\n\n\n<h3 class=\"wp-block-heading\">Le laur\u00e9at : Martin Koll\u00e1r (1971)<\/h3>\n\n\n\n<p>N\u00e9 \u00e0 \u017dilina en Tch\u00e9coslovaquie (actuelle R\u00e9publique slovaque), a&nbsp;\u00e9tudi\u00e9 \u00e0 l&rsquo;Acad\u00e9mie des arts dramatique et de musique de Bratislava (V\u0160MU), facult\u00e9 de cin\u00e9ma, d\u00e9partement cam\u00e9ra. Il travaille comme photographe et directeur de la photographie ind\u00e9pendant depuis qu&rsquo;il y a&nbsp;obtenu son dipl\u00f4me.<\/p>\n\n\n\n<p>Il a&nbsp;re\u00e7u plusieurs bourses et r\u00e9compenses, dont le Prix Elys\u00e9e et le prix Oscar Barnack. Son travail a&nbsp;\u00e9t\u00e9 expos\u00e9 dans le monde entier, notamment au Brooklyn Museum, \u00e0 la Galerie nationale slovaque (Bratislava), au Martin-Gropius-Bau, \u00e0 Berlin, en Allemagne, au mus\u00e9e d&rsquo;art de Tel Aviv et au mus\u00e9e Elysee (Lausanne).<\/p>\n\n\n\n<p>Ses livres pr\u00e9c\u00e9dents incluent, Nothing Special (Actes-Sud, 2008), Cahier (Diaphane, 2011) Field Trip (MACK, 2013) Catalog (Slovak National Gallery, 2015) Provisional arrangement (Mack\/ Musee Elyse 2016) et AFTER (Mack, 2021)<\/p>\n\n\n\n<p>En tant que directeur de la photographie, Martin a&nbsp;travaill\u00e9 sur un certain nombre de films, dont CENZORKA\/107 MOTHERS (2021) KOZA (2015), VELVET TERRORISTS (2013), COOKING HISTORY (2009), 66 SEASONS (2003) et bien d&rsquo;autres. Il a&nbsp;fait ses d\u00e9buts en tant que r\u00e9alisateur avec LE 5 OCTOBRE (2016).<\/p>\n\n\n<div class=\"space xs\"><\/div>\n\n\n<h4 class=\"wp-block-heading\"><em><u>Connections fran\u00e7aises&nbsp;:<\/u><\/em><\/h4>\n\n\n\n<p>A travaill\u00e9 comme photographe pour l&rsquo;Agence VU\u2019 \u00e0 Paris de 2003 \u00e0 2013.<\/p>\n\n\n\n<p>Le Monde 2 lui a&nbsp;consacr\u00e9 10 pages dans un num\u00e9ro de weekend en&nbsp;&nbsp;2013<\/p>\n\n\n\n<p>Pendant le Festival de Cannes Le journal Lib\u00e9ration lui a&nbsp;consacr\u00e9 2 pages par jour comme photographe invit\u00e9.<\/p>\n\n\n\n<p>De 6 livres photographiques publi\u00e9s, deux ont paru en France&nbsp;: Nothing Special (Actes-Sud, 2008), Cahier (Diaphane, 2011)<\/p>\n\n\n\n<p><span style=\"text-decoration: underline;\">Bourses et r\u00e9sidences&nbsp;:<\/span><\/p>\n\n\n\n<p>2012 \u2013 2013 R\u00e9sidence photographique Cit\u00e9 Internationale des Arts. Montmartre, Paris, France<\/p>\n\n\n\n<p>2010 R\u00e9sidence photographique. Bourse de la ville de Clermont-Ferrand, H\u00f4tel Fontfreyde, Clermont-Ferrand, France<\/p>\n\n\n\n<p>2008 Public commission Mosaique. The Centre National des arts plastiques (CNAP) \/ Minist\u00e8re de la Culture et de la Communication, Paris, France<\/p>\n\n\n\n<p>2004 The 3PPP Photography Grant. Paris, France<\/p>\n\n\n\n<p><span style=\"text-decoration: underline;\">En collection&nbsp;:<\/span><\/p>\n\n\n\n<p>Fonds national d\u2018art contemporain (FNAC) \/ Centre national des arts plastiques (CNAP), Paris, France&nbsp;&nbsp;&#8211;&nbsp;2 s\u00e9ries photographiques<\/p>\n\n\n\n<p><span style=\"text-decoration: underline;\">Expositions individuelles en France<\/span><\/p>\n\n\n\n<p>2011 Cahier. Chapelle de l\u2019ancien h\u00f4pital g\u00e9n\u00e9ral, Clermont-Ferrand, France, 30.6.\u20134.9.2011<\/p>\n\n\n\n<p>2011 Nothing Special. A&nbsp;la Galerie du Th\u00e9\u00e2tre, Ville de Gap, France, 18.1.\u20135.3.2011<\/p>\n\n\n\n<p>2009 Nothing Special. Lille Europe XXL, La Maison Folie de Mons-en-Baroeul, Lille, France, 20.&nbsp;6. \u2013 12.&nbsp;7.&nbsp;2009<\/p>\n\n\n\n<p>2008 Nothing Special. Le Ch\u00e2teau d\u2019Eau, Toulouse, France, 25.&nbsp;6. \u2013 14.&nbsp;9.&nbsp;2008<\/p>\n\n\n\n<p><span style=\"text-decoration: underline;\">Expositions collectives en France<\/span><\/p>\n\n\n\n<p>2013 European Eyes on Japan Today. Japan Today vol. 15. Martin Kollar &amp;&nbsp;Olivier Metzger. Voies Off, Arles, France, 22.&nbsp;9. \u2013 31.&nbsp;10.&nbsp;2013<\/p>\n\n\n\n<p>2007 Recontres d\u2019Arles 2007. Rencontres internationales de la photographie, Arles, France, 3.&nbsp;7. \u2013 16.&nbsp;9.&nbsp;2007<\/p>\n\n\n\n<p>2006 Un \/ Mille \u00e0 2.8.: TV Anchors. Maison Europ\u00e9ene de la Photographie, Paris, France, 2.&nbsp;11. \u2013 31.&nbsp;12.&nbsp;2006<\/p>\n\n\n\n<p>2003 Galerie VU\u2019. Les Rencontres de la Photographie, Arles, France, 5.7.\u201331.8.2003<\/p>\n\n\n<div class=\"space md\"><\/div>\n\n\n<h3 class=\"wp-block-heading\">Liens utiles<\/h3>\n\n\n\n<p><a href=\"https:\/\/www.martinkollar.com\/\">https:\/\/www.martinkollar.com\/<\/a><\/p>\n\n\n\n<p><a href=\"https:\/\/www.iwk.sk\/\">https:\/\/www.iwk.sk\/<\/a><\/p>\n\n\n<\/div><iframe loading=\"lazy\" src=\"https:\/\/www.google.com\/maps\/embed?pb=!1m18!1m12!1m3!1d2662.2735746915087!2d17.10532635165492!3d48.14353077912193!2m3!1f0!2f0!3f0!3m2!1i1024!2i768!4f13.1!3m3!1m2!1s0x476c8942d3867d0f%3A0xf92cfa7be90ee73!2zRnJhbmPDunpza3kgaW7FoXRpdMO6dA!5e0!3m2!1ssk!2ssk!4v1575902399794!5m2!1ssk!2ssk\" width=\"100%\" height=\"558\" frameborder=\"0\" class=\"gmap-iframe\" allowfullscreen=\"\"><\/iframe><div class=\"wrap narrow-wrap\">","protected":false},"featured_media":24271,"template":"","typ-podujatia":[56],"acf":[],"yoast_head":"<!-- This site is optimized with the Yoast SEO plugin v24.5 - https:\/\/yoast.com\/wordpress\/plugins\/seo\/ -->\n<title>Prix Imro Weiner-Kr\u00e1\u013e 2022 pour le photographe Martin Koll\u00e1r et son exposition \u00e0 l&#039;IFS - Franc\u00fazsky in\u0161tit\u00fat na Slovensku<\/title>\n<meta name=\"description\" content=\"Le Prix Imro Weiner-Kr\u00e1\u013e (IWK) pour l&#039;ann\u00e9e 2022 sera remise au photographe slovaque Martin Koll\u00e1r (1971) pour ses activit\u00e9s\u00a0 artistiques et collaborations de longues ann\u00e9es en France dans le domaine de la photographie.\" \/>\n<meta name=\"robots\" content=\"index, follow, max-snippet:-1, max-image-preview:large, max-video-preview:-1\" \/>\n<link rel=\"canonical\" href=\"https:\/\/institutfrancais.sk\/fr\/podujatie\/prix-imro-weiner-kral-2022-pour-le-photographe-martin-kollar-et-son-exposition-a-lifs\/\" \/>\n<meta property=\"og:locale\" content=\"fr_FR\" \/>\n<meta property=\"og:type\" content=\"article\" \/>\n<meta property=\"og:title\" content=\"Prix Imro Weiner-Kr\u00e1\u013e 2022 pour le photographe Martin Koll\u00e1r et son exposition \u00e0 l&#039;IFS - Franc\u00fazsky in\u0161tit\u00fat na Slovensku\" \/>\n<meta property=\"og:description\" content=\"Le Prix Imro Weiner-Kr\u00e1\u013e (IWK) pour l&#039;ann\u00e9e 2022 sera remise au photographe slovaque Martin Koll\u00e1r (1971) pour ses activit\u00e9s\u00a0 artistiques et collaborations de longues ann\u00e9es en France dans le domaine de la photographie.\" \/>\n<meta property=\"og:url\" content=\"https:\/\/institutfrancais.sk\/fr\/podujatie\/prix-imro-weiner-kral-2022-pour-le-photographe-martin-kollar-et-son-exposition-a-lifs\/\" \/>\n<meta property=\"og:site_name\" content=\"Franc\u00fazsky in\u0161tit\u00fat na Slovensku\" \/>\n<meta property=\"article:modified_time\" content=\"2022-10-19T10:08:31+00:00\" \/>\n<meta property=\"og:image\" content=\"https:\/\/institutfrancais.sk\/wp-content\/uploads\/2022\/10\/697-scaled.jpg\" \/>\n\t<meta property=\"og:image:width\" content=\"2560\" \/>\n\t<meta property=\"og:image:height\" content=\"1707\" \/>\n\t<meta property=\"og:image:type\" content=\"image\/jpeg\" \/>\n<meta name=\"twitter:card\" content=\"summary_large_image\" \/>\n<meta name=\"twitter:label1\" content=\"Dur\u00e9e de lecture estim\u00e9e\" \/>\n\t<meta name=\"twitter:data1\" content=\"5 minutes\" \/>\n<script type=\"application\/ld+json\" class=\"yoast-schema-graph\">{\"@context\":\"https:\/\/schema.org\",\"@graph\":[{\"@type\":\"WebPage\",\"@id\":\"https:\/\/institutfrancais.sk\/fr\/podujatie\/prix-imro-weiner-kral-2022-pour-le-photographe-martin-kollar-et-son-exposition-a-lifs\/\",\"url\":\"https:\/\/institutfrancais.sk\/fr\/podujatie\/prix-imro-weiner-kral-2022-pour-le-photographe-martin-kollar-et-son-exposition-a-lifs\/\",\"name\":\"Prix Imro Weiner-Kr\u00e1\u013e 2022 pour le photographe Martin Koll\u00e1r et son exposition \u00e0 l'IFS - Franc\u00fazsky in\u0161tit\u00fat na Slovensku\",\"isPartOf\":{\"@id\":\"https:\/\/institutfrancais.sk\/fr\/#website\"},\"primaryImageOfPage\":{\"@id\":\"https:\/\/institutfrancais.sk\/fr\/podujatie\/prix-imro-weiner-kral-2022-pour-le-photographe-martin-kollar-et-son-exposition-a-lifs\/#primaryimage\"},\"image\":{\"@id\":\"https:\/\/institutfrancais.sk\/fr\/podujatie\/prix-imro-weiner-kral-2022-pour-le-photographe-martin-kollar-et-son-exposition-a-lifs\/#primaryimage\"},\"thumbnailUrl\":\"https:\/\/institutfrancais.sk\/wp-content\/uploads\/2022\/10\/697-scaled.jpg\",\"datePublished\":\"2022-10-19T10:08:30+00:00\",\"dateModified\":\"2022-10-19T10:08:31+00:00\",\"description\":\"Le Prix Imro Weiner-Kr\u00e1\u013e (IWK) pour l'ann\u00e9e 2022 sera remise au photographe slovaque Martin Koll\u00e1r (1971) pour ses activit\u00e9s\u00a0 artistiques et collaborations de longues ann\u00e9es en France dans le domaine de la photographie.\",\"breadcrumb\":{\"@id\":\"https:\/\/institutfrancais.sk\/fr\/podujatie\/prix-imro-weiner-kral-2022-pour-le-photographe-martin-kollar-et-son-exposition-a-lifs\/#breadcrumb\"},\"inLanguage\":\"fr-FR\",\"potentialAction\":[{\"@type\":\"ReadAction\",\"target\":[\"https:\/\/institutfrancais.sk\/fr\/podujatie\/prix-imro-weiner-kral-2022-pour-le-photographe-martin-kollar-et-son-exposition-a-lifs\/\"]}]},{\"@type\":\"ImageObject\",\"inLanguage\":\"fr-FR\",\"@id\":\"https:\/\/institutfrancais.sk\/fr\/podujatie\/prix-imro-weiner-kral-2022-pour-le-photographe-martin-kollar-et-son-exposition-a-lifs\/#primaryimage\",\"url\":\"https:\/\/institutfrancais.sk\/wp-content\/uploads\/2022\/10\/697-scaled.jpg\",\"contentUrl\":\"https:\/\/institutfrancais.sk\/wp-content\/uploads\/2022\/10\/697-scaled.jpg\",\"width\":2560,\"height\":1707},{\"@type\":\"BreadcrumbList\",\"@id\":\"https:\/\/institutfrancais.sk\/fr\/podujatie\/prix-imro-weiner-kral-2022-pour-le-photographe-martin-kollar-et-son-exposition-a-lifs\/#breadcrumb\",\"itemListElement\":[{\"@type\":\"ListItem\",\"position\":1,\"name\":\"Home\",\"item\":\"https:\/\/institutfrancais.sk\/fr\/\"},{\"@type\":\"ListItem\",\"position\":2,\"name\":\"Events\",\"item\":\"https:\/\/institutfrancais.sk\/fr\/podujatie\/\"},{\"@type\":\"ListItem\",\"position\":3,\"name\":\"Prix Imro Weiner-Kr\u00e1\u013e 2022 pour le photographe Martin Koll\u00e1r et son exposition \u00e0 l&#8217;IFS\"}]},{\"@type\":\"WebSite\",\"@id\":\"https:\/\/institutfrancais.sk\/fr\/#website\",\"url\":\"https:\/\/institutfrancais.sk\/fr\/\",\"name\":\"Franc\u00fazsky in\u0161tit\u00fat na Slovensku\",\"description\":\"Franc\u00fazsky in\u0161tit\u00fat na Slovensku\",\"potentialAction\":[{\"@type\":\"SearchAction\",\"target\":{\"@type\":\"EntryPoint\",\"urlTemplate\":\"https:\/\/institutfrancais.sk\/fr\/?s={search_term_string}\"},\"query-input\":{\"@type\":\"PropertyValueSpecification\",\"valueRequired\":true,\"valueName\":\"search_term_string\"}}],\"inLanguage\":\"fr-FR\"}]}<\/script>\n<!-- \/ Yoast SEO plugin. -->","yoast_head_json":{"title":"Prix Imro Weiner-Kr\u00e1\u013e 2022 pour le photographe Martin Koll\u00e1r et son exposition \u00e0 l'IFS - Franc\u00fazsky in\u0161tit\u00fat na Slovensku","description":"Le Prix Imro Weiner-Kr\u00e1\u013e (IWK) pour l'ann\u00e9e 2022 sera remise au photographe slovaque Martin Koll\u00e1r (1971) pour ses activit\u00e9s\u00a0 artistiques et collaborations de longues ann\u00e9es en France dans le domaine de la photographie.","robots":{"index":"index","follow":"follow","max-snippet":"max-snippet:-1","max-image-preview":"max-image-preview:large","max-video-preview":"max-video-preview:-1"},"canonical":"https:\/\/institutfrancais.sk\/fr\/podujatie\/prix-imro-weiner-kral-2022-pour-le-photographe-martin-kollar-et-son-exposition-a-lifs\/","og_locale":"fr_FR","og_type":"article","og_title":"Prix Imro Weiner-Kr\u00e1\u013e 2022 pour le photographe Martin Koll\u00e1r et son exposition \u00e0 l'IFS - Franc\u00fazsky in\u0161tit\u00fat na Slovensku","og_description":"Le Prix Imro Weiner-Kr\u00e1\u013e (IWK) pour l'ann\u00e9e 2022 sera remise au photographe slovaque Martin Koll\u00e1r (1971) pour ses activit\u00e9s\u00a0 artistiques et collaborations de longues ann\u00e9es en France dans le domaine de la photographie.","og_url":"https:\/\/institutfrancais.sk\/fr\/podujatie\/prix-imro-weiner-kral-2022-pour-le-photographe-martin-kollar-et-son-exposition-a-lifs\/","og_site_name":"Franc\u00fazsky in\u0161tit\u00fat na Slovensku","article_modified_time":"2022-10-19T10:08:31+00:00","og_image":[{"width":2560,"height":1707,"url":"https:\/\/institutfrancais.sk\/wp-content\/uploads\/2022\/10\/697-scaled.jpg","type":"image\/jpeg"}],"twitter_card":"summary_large_image","twitter_misc":{"Dur\u00e9e de lecture estim\u00e9e":"5 minutes"},"schema":{"@context":"https:\/\/schema.org","@graph":[{"@type":"WebPage","@id":"https:\/\/institutfrancais.sk\/fr\/podujatie\/prix-imro-weiner-kral-2022-pour-le-photographe-martin-kollar-et-son-exposition-a-lifs\/","url":"https:\/\/institutfrancais.sk\/fr\/podujatie\/prix-imro-weiner-kral-2022-pour-le-photographe-martin-kollar-et-son-exposition-a-lifs\/","name":"Prix Imro Weiner-Kr\u00e1\u013e 2022 pour le photographe Martin Koll\u00e1r et son exposition \u00e0 l'IFS - Franc\u00fazsky in\u0161tit\u00fat na Slovensku","isPartOf":{"@id":"https:\/\/institutfrancais.sk\/fr\/#website"},"primaryImageOfPage":{"@id":"https:\/\/institutfrancais.sk\/fr\/podujatie\/prix-imro-weiner-kral-2022-pour-le-photographe-martin-kollar-et-son-exposition-a-lifs\/#primaryimage"},"image":{"@id":"https:\/\/institutfrancais.sk\/fr\/podujatie\/prix-imro-weiner-kral-2022-pour-le-photographe-martin-kollar-et-son-exposition-a-lifs\/#primaryimage"},"thumbnailUrl":"https:\/\/institutfrancais.sk\/wp-content\/uploads\/2022\/10\/697-scaled.jpg","datePublished":"2022-10-19T10:08:30+00:00","dateModified":"2022-10-19T10:08:31+00:00","description":"Le Prix Imro Weiner-Kr\u00e1\u013e (IWK) pour l'ann\u00e9e 2022 sera remise au photographe slovaque Martin Koll\u00e1r (1971) pour ses activit\u00e9s\u00a0 artistiques et collaborations de longues ann\u00e9es en France dans le domaine de la photographie.","breadcrumb":{"@id":"https:\/\/institutfrancais.sk\/fr\/podujatie\/prix-imro-weiner-kral-2022-pour-le-photographe-martin-kollar-et-son-exposition-a-lifs\/#breadcrumb"},"inLanguage":"fr-FR","potentialAction":[{"@type":"ReadAction","target":["https:\/\/institutfrancais.sk\/fr\/podujatie\/prix-imro-weiner-kral-2022-pour-le-photographe-martin-kollar-et-son-exposition-a-lifs\/"]}]},{"@type":"ImageObject","inLanguage":"fr-FR","@id":"https:\/\/institutfrancais.sk\/fr\/podujatie\/prix-imro-weiner-kral-2022-pour-le-photographe-martin-kollar-et-son-exposition-a-lifs\/#primaryimage","url":"https:\/\/institutfrancais.sk\/wp-content\/uploads\/2022\/10\/697-scaled.jpg","contentUrl":"https:\/\/institutfrancais.sk\/wp-content\/uploads\/2022\/10\/697-scaled.jpg","width":2560,"height":1707},{"@type":"BreadcrumbList","@id":"https:\/\/institutfrancais.sk\/fr\/podujatie\/prix-imro-weiner-kral-2022-pour-le-photographe-martin-kollar-et-son-exposition-a-lifs\/#breadcrumb","itemListElement":[{"@type":"ListItem","position":1,"name":"Home","item":"https:\/\/institutfrancais.sk\/fr\/"},{"@type":"ListItem","position":2,"name":"Events","item":"https:\/\/institutfrancais.sk\/fr\/podujatie\/"},{"@type":"ListItem","position":3,"name":"Prix Imro Weiner-Kr\u00e1\u013e 2022 pour le photographe Martin Koll\u00e1r et son exposition \u00e0 l&#8217;IFS"}]},{"@type":"WebSite","@id":"https:\/\/institutfrancais.sk\/fr\/#website","url":"https:\/\/institutfrancais.sk\/fr\/","name":"Franc\u00fazsky in\u0161tit\u00fat na Slovensku","description":"Franc\u00fazsky in\u0161tit\u00fat na Slovensku","potentialAction":[{"@type":"SearchAction","target":{"@type":"EntryPoint","urlTemplate":"https:\/\/institutfrancais.sk\/fr\/?s={search_term_string}"},"query-input":{"@type":"PropertyValueSpecification","valueRequired":true,"valueName":"search_term_string"}}],"inLanguage":"fr-FR"}]}},"_links":{"self":[{"href":"https:\/\/institutfrancais.sk\/fr\/wp-json\/wp\/v2\/podujatie\/24272"}],"collection":[{"href":"https:\/\/institutfrancais.sk\/fr\/wp-json\/wp\/v2\/podujatie"}],"about":[{"href":"https:\/\/institutfrancais.sk\/fr\/wp-json\/wp\/v2\/types\/podujatie"}],"wp:featuredmedia":[{"embeddable":true,"href":"https:\/\/institutfrancais.sk\/fr\/wp-json\/wp\/v2\/media\/24271"}],"wp:attachment":[{"href":"https:\/\/institutfrancais.sk\/fr\/wp-json\/wp\/v2\/media?parent=24272"}],"wp:term":[{"taxonomy":"typ-podujatia","embeddable":true,"href":"https:\/\/institutfrancais.sk\/fr\/wp-json\/wp\/v2\/typ-podujatia?post=24272"}],"curies":[{"name":"wp","href":"https:\/\/api.w.org\/{rel}","templated":true}]}}