{"id":24431,"date":"2023-01-19T11:00:00","date_gmt":"2023-01-19T10:00:00","guid":{"rendered":"https:\/\/institutfrancais.sk\/?post_type=podujatie&#038;p=24431"},"modified":"2023-01-19T10:43:58","modified_gmt":"2023-01-19T09:43:58","slug":"ballet-la-fille-mal-gardee","status":"publish","type":"podujatie","link":"https:\/\/institutfrancais.sk\/fr\/podujatie\/ballet-la-fille-mal-gardee\/","title":{"rendered":"Ballet : La fille mal gard\u00e9e"},"content":{"rendered":"\n<p>La production actuelle du ballet <em>La fille mal gard\u00e9e<\/em> (musique de Louis Joseph Ferdinand H\u00e9rold), qui raconte les vains efforts de la veuve Simone pour emp\u00eacher sa fille de tomber amoureuse d&rsquo;un jeune fermier, porte la signature du chor\u00e9graphe Frederick Ashton. Ce titre populaire de ballet comique, avec ses beaux pas de deux, ses grandes danses de caract\u00e8re choral et ses sc\u00e8nes pleines d&rsquo;esprit, revient sur la sc\u00e8ne du SND apr\u00e8s trente ans. La production d&rsquo;Ashton, avec des arrangements musicaux de John Lanchbery et des d\u00e9cors originaux d&rsquo;Osbert Lancaster, est l&rsquo;une des productions les plus fr\u00e9quemment mont\u00e9es et figure au r\u00e9pertoire de nombreuses compagnies de ballet de premier plan dans le monde. La chor\u00e9graphie de Frederick Ashton est ex\u00e9cut\u00e9e avec l&rsquo;aimable autorisation de Jean-Pierre Gasquet.<\/p>\n\n\n<div class=\"space sm\"><\/div>\n\n<div class=\"text-center\"><a href=\"https:\/\/snd.sk\/inscenacia\/3786\/zle-strazene-dievca-la-fille-mal-gardee?fbclid=IwAR2nefYW1VZ2eBjoc5L_FVHL1hr4VU5KJFa3HdwE77_X2kZjJ4EOeUSn1A0\" class=\"btn btn-black-invert\">Entr\u00e9es<\/a><\/div>\n\n<div class=\"space sm\"><\/div>\n\n<\/div><iframe loading=\"lazy\" src=\"https:\/\/www.google.com\/maps\/embed?pb=!1m18!1m12!1m3!1d2662.390816307585!2d17.121560915818268!3d48.141270258882436!2m3!1f0!2f0!3f0!3m2!1i1024!2i768!4f13.1!3m3!1m2!1s0x476c893fa91ed5c1%3A0x208c8f4f673e66ff!2sTh%C3%A9%C3%A2tre%20national%20slovaque!5e0!3m2!1sfr!2ssk!4v1668098940615!5m2!1sfr!2ssk\" width=\"100%\" height=\"558\" frameborder=\"0\" class=\"gmap-iframe\" allowfullscreen=\"\"><\/iframe><div class=\"wrap narrow-wrap\">\n\n<div class=\"space sm\"><\/div>\n\n\n<p><em>Cette \u0153uvre est pr\u00e9sent\u00e9e avec l&rsquo;autorisation de Boosey &amp;&nbsp;Hawkes Music Publishers Limited au nom d&rsquo;Oxford University Press.<\/em><\/p>\n","protected":false},"featured_media":24429,"template":"","typ-podujatia":[54],"acf":[],"yoast_head":"<!-- This site is optimized with the Yoast SEO plugin v24.5 - https:\/\/yoast.com\/wordpress\/plugins\/seo\/ -->\n<title>Ballet : La fille mal gard\u00e9e - Franc\u00fazsky in\u0161tit\u00fat na Slovensku<\/title>\n<meta name=\"robots\" content=\"index, follow, max-snippet:-1, max-image-preview:large, max-video-preview:-1\" \/>\n<link rel=\"canonical\" href=\"https:\/\/institutfrancais.sk\/fr\/podujatie\/ballet-la-fille-mal-gardee\/\" \/>\n<meta property=\"og:locale\" content=\"fr_FR\" \/>\n<meta property=\"og:type\" content=\"article\" \/>\n<meta property=\"og:title\" content=\"Ballet : La fille mal gard\u00e9e - Franc\u00fazsky in\u0161tit\u00fat na Slovensku\" \/>\n<meta property=\"og:description\" content=\"La production actuelle du ballet La fille mal gard\u00e9e (musique de Louis Joseph Ferdinand H\u00e9rold), qui raconte les vains efforts de la veuve Simone pour emp\u00eacher sa fille de tomber amoureuse d&rsquo;un jeune fermier, porte la signature du chor\u00e9graphe Frederick Ashton. Ce titre populaire de ballet comique, avec ses beaux pas de deux, ses grandes [&hellip;]\" \/>\n<meta property=\"og:url\" content=\"https:\/\/institutfrancais.sk\/fr\/podujatie\/ballet-la-fille-mal-gardee\/\" \/>\n<meta property=\"og:site_name\" content=\"Franc\u00fazsky in\u0161tit\u00fat na Slovensku\" \/>\n<meta property=\"og:image\" content=\"https:\/\/institutfrancais.sk\/wp-content\/uploads\/2022\/11\/snd_1600x1200_web_lafillemalgardee_sez103_lp_copy.jpg\" \/>\n\t<meta property=\"og:image:width\" content=\"1440\" \/>\n\t<meta property=\"og:image:height\" content=\"1011\" \/>\n\t<meta property=\"og:image:type\" content=\"image\/jpeg\" \/>\n<meta name=\"twitter:card\" content=\"summary_large_image\" \/>\n<meta name=\"twitter:label1\" content=\"Dur\u00e9e de lecture estim\u00e9e\" \/>\n\t<meta name=\"twitter:data1\" content=\"1 minute\" \/>\n<script type=\"application\/ld+json\" class=\"yoast-schema-graph\">{\"@context\":\"https:\/\/schema.org\",\"@graph\":[{\"@type\":\"WebPage\",\"@id\":\"https:\/\/institutfrancais.sk\/fr\/podujatie\/ballet-la-fille-mal-gardee\/\",\"url\":\"https:\/\/institutfrancais.sk\/fr\/podujatie\/ballet-la-fille-mal-gardee\/\",\"name\":\"Ballet : La fille mal gard\u00e9e - Franc\u00fazsky in\u0161tit\u00fat na Slovensku\",\"isPartOf\":{\"@id\":\"https:\/\/institutfrancais.sk\/fr\/#website\"},\"primaryImageOfPage\":{\"@id\":\"https:\/\/institutfrancais.sk\/fr\/podujatie\/ballet-la-fille-mal-gardee\/#primaryimage\"},\"image\":{\"@id\":\"https:\/\/institutfrancais.sk\/fr\/podujatie\/ballet-la-fille-mal-gardee\/#primaryimage\"},\"thumbnailUrl\":\"https:\/\/institutfrancais.sk\/wp-content\/uploads\/2022\/11\/snd_1600x1200_web_lafillemalgardee_sez103_lp_copy.jpg\",\"datePublished\":\"2023-01-19T10:00:00+00:00\",\"breadcrumb\":{\"@id\":\"https:\/\/institutfrancais.sk\/fr\/podujatie\/ballet-la-fille-mal-gardee\/#breadcrumb\"},\"inLanguage\":\"fr-FR\",\"potentialAction\":[{\"@type\":\"ReadAction\",\"target\":[\"https:\/\/institutfrancais.sk\/fr\/podujatie\/ballet-la-fille-mal-gardee\/\"]}]},{\"@type\":\"ImageObject\",\"inLanguage\":\"fr-FR\",\"@id\":\"https:\/\/institutfrancais.sk\/fr\/podujatie\/ballet-la-fille-mal-gardee\/#primaryimage\",\"url\":\"https:\/\/institutfrancais.sk\/wp-content\/uploads\/2022\/11\/snd_1600x1200_web_lafillemalgardee_sez103_lp_copy.jpg\",\"contentUrl\":\"https:\/\/institutfrancais.sk\/wp-content\/uploads\/2022\/11\/snd_1600x1200_web_lafillemalgardee_sez103_lp_copy.jpg\",\"width\":1440,\"height\":1011},{\"@type\":\"BreadcrumbList\",\"@id\":\"https:\/\/institutfrancais.sk\/fr\/podujatie\/ballet-la-fille-mal-gardee\/#breadcrumb\",\"itemListElement\":[{\"@type\":\"ListItem\",\"position\":1,\"name\":\"Home\",\"item\":\"https:\/\/institutfrancais.sk\/fr\/\"},{\"@type\":\"ListItem\",\"position\":2,\"name\":\"Events\",\"item\":\"https:\/\/institutfrancais.sk\/fr\/podujatie\/\"},{\"@type\":\"ListItem\",\"position\":3,\"name\":\"Ballet : La fille mal gard\u00e9e\"}]},{\"@type\":\"WebSite\",\"@id\":\"https:\/\/institutfrancais.sk\/fr\/#website\",\"url\":\"https:\/\/institutfrancais.sk\/fr\/\",\"name\":\"Franc\u00fazsky in\u0161tit\u00fat na Slovensku\",\"description\":\"Franc\u00fazsky in\u0161tit\u00fat na Slovensku\",\"potentialAction\":[{\"@type\":\"SearchAction\",\"target\":{\"@type\":\"EntryPoint\",\"urlTemplate\":\"https:\/\/institutfrancais.sk\/fr\/?s={search_term_string}\"},\"query-input\":{\"@type\":\"PropertyValueSpecification\",\"valueRequired\":true,\"valueName\":\"search_term_string\"}}],\"inLanguage\":\"fr-FR\"}]}<\/script>\n<!-- \/ Yoast SEO plugin. -->","yoast_head_json":{"title":"Ballet : La fille mal gard\u00e9e - Franc\u00fazsky in\u0161tit\u00fat na Slovensku","robots":{"index":"index","follow":"follow","max-snippet":"max-snippet:-1","max-image-preview":"max-image-preview:large","max-video-preview":"max-video-preview:-1"},"canonical":"https:\/\/institutfrancais.sk\/fr\/podujatie\/ballet-la-fille-mal-gardee\/","og_locale":"fr_FR","og_type":"article","og_title":"Ballet : La fille mal gard\u00e9e - Franc\u00fazsky in\u0161tit\u00fat na Slovensku","og_description":"La production actuelle du ballet La fille mal gard\u00e9e (musique de Louis Joseph Ferdinand H\u00e9rold), qui raconte les vains efforts de la veuve Simone pour emp\u00eacher sa fille de tomber amoureuse d&rsquo;un jeune fermier, porte la signature du chor\u00e9graphe Frederick Ashton. Ce titre populaire de ballet comique, avec ses beaux pas de deux, ses grandes [&hellip;]","og_url":"https:\/\/institutfrancais.sk\/fr\/podujatie\/ballet-la-fille-mal-gardee\/","og_site_name":"Franc\u00fazsky in\u0161tit\u00fat na Slovensku","og_image":[{"width":1440,"height":1011,"url":"https:\/\/institutfrancais.sk\/wp-content\/uploads\/2022\/11\/snd_1600x1200_web_lafillemalgardee_sez103_lp_copy.jpg","type":"image\/jpeg"}],"twitter_card":"summary_large_image","twitter_misc":{"Dur\u00e9e de lecture estim\u00e9e":"1 minute"},"schema":{"@context":"https:\/\/schema.org","@graph":[{"@type":"WebPage","@id":"https:\/\/institutfrancais.sk\/fr\/podujatie\/ballet-la-fille-mal-gardee\/","url":"https:\/\/institutfrancais.sk\/fr\/podujatie\/ballet-la-fille-mal-gardee\/","name":"Ballet : La fille mal gard\u00e9e - Franc\u00fazsky in\u0161tit\u00fat na Slovensku","isPartOf":{"@id":"https:\/\/institutfrancais.sk\/fr\/#website"},"primaryImageOfPage":{"@id":"https:\/\/institutfrancais.sk\/fr\/podujatie\/ballet-la-fille-mal-gardee\/#primaryimage"},"image":{"@id":"https:\/\/institutfrancais.sk\/fr\/podujatie\/ballet-la-fille-mal-gardee\/#primaryimage"},"thumbnailUrl":"https:\/\/institutfrancais.sk\/wp-content\/uploads\/2022\/11\/snd_1600x1200_web_lafillemalgardee_sez103_lp_copy.jpg","datePublished":"2023-01-19T10:00:00+00:00","breadcrumb":{"@id":"https:\/\/institutfrancais.sk\/fr\/podujatie\/ballet-la-fille-mal-gardee\/#breadcrumb"},"inLanguage":"fr-FR","potentialAction":[{"@type":"ReadAction","target":["https:\/\/institutfrancais.sk\/fr\/podujatie\/ballet-la-fille-mal-gardee\/"]}]},{"@type":"ImageObject","inLanguage":"fr-FR","@id":"https:\/\/institutfrancais.sk\/fr\/podujatie\/ballet-la-fille-mal-gardee\/#primaryimage","url":"https:\/\/institutfrancais.sk\/wp-content\/uploads\/2022\/11\/snd_1600x1200_web_lafillemalgardee_sez103_lp_copy.jpg","contentUrl":"https:\/\/institutfrancais.sk\/wp-content\/uploads\/2022\/11\/snd_1600x1200_web_lafillemalgardee_sez103_lp_copy.jpg","width":1440,"height":1011},{"@type":"BreadcrumbList","@id":"https:\/\/institutfrancais.sk\/fr\/podujatie\/ballet-la-fille-mal-gardee\/#breadcrumb","itemListElement":[{"@type":"ListItem","position":1,"name":"Home","item":"https:\/\/institutfrancais.sk\/fr\/"},{"@type":"ListItem","position":2,"name":"Events","item":"https:\/\/institutfrancais.sk\/fr\/podujatie\/"},{"@type":"ListItem","position":3,"name":"Ballet : La fille mal gard\u00e9e"}]},{"@type":"WebSite","@id":"https:\/\/institutfrancais.sk\/fr\/#website","url":"https:\/\/institutfrancais.sk\/fr\/","name":"Franc\u00fazsky in\u0161tit\u00fat na Slovensku","description":"Franc\u00fazsky in\u0161tit\u00fat na Slovensku","potentialAction":[{"@type":"SearchAction","target":{"@type":"EntryPoint","urlTemplate":"https:\/\/institutfrancais.sk\/fr\/?s={search_term_string}"},"query-input":{"@type":"PropertyValueSpecification","valueRequired":true,"valueName":"search_term_string"}}],"inLanguage":"fr-FR"}]}},"_links":{"self":[{"href":"https:\/\/institutfrancais.sk\/fr\/wp-json\/wp\/v2\/podujatie\/24431"}],"collection":[{"href":"https:\/\/institutfrancais.sk\/fr\/wp-json\/wp\/v2\/podujatie"}],"about":[{"href":"https:\/\/institutfrancais.sk\/fr\/wp-json\/wp\/v2\/types\/podujatie"}],"wp:featuredmedia":[{"embeddable":true,"href":"https:\/\/institutfrancais.sk\/fr\/wp-json\/wp\/v2\/media\/24429"}],"wp:attachment":[{"href":"https:\/\/institutfrancais.sk\/fr\/wp-json\/wp\/v2\/media?parent=24431"}],"wp:term":[{"taxonomy":"typ-podujatia","embeddable":true,"href":"https:\/\/institutfrancais.sk\/fr\/wp-json\/wp\/v2\/typ-podujatia?post=24431"}],"curies":[{"name":"wp","href":"https:\/\/api.w.org\/{rel}","templated":true}]}}