{"id":24571,"date":"2022-11-18T12:34:11","date_gmt":"2022-11-18T11:34:11","guid":{"rendered":"https:\/\/institutfrancais.sk\/?post_type=podujatie&#038;p=24571"},"modified":"2022-11-28T12:20:57","modified_gmt":"2022-11-28T11:20:57","slug":"art-trip-galerie-itinerante-dartistes-francais-expose-a-linstitut-francais","status":"publish","type":"podujatie","link":"https:\/\/institutfrancais.sk\/fr\/podujatie\/art-trip-galerie-itinerante-dartistes-francais-expose-a-linstitut-francais\/","title":{"rendered":"ART TRIP : galerie itin\u00e9rante d&rsquo;artistes fran\u00e7ais expose \u00e0 l&rsquo;Institut fran\u00e7ais"},"content":{"rendered":"\n<p>La commissaire du projet Marl\u00e8ne Hue pr\u00e9sente sa galerie itin\u00e9rante partout o\u00f9 il y a&nbsp;de l&rsquo;int\u00e9r\u00eat fort \u00e0 l&rsquo;art. Apr\u00e8s des expositions aux villes fran\u00e7aises Aix-les-Bains, La Rochelle, Perpignan et&nbsp;Paris, et \u00e0 l&rsquo;\u00e9tranger \u00e0 l&rsquo;Am\u00e9rique du nord &nbsp;et \u00e0 Vienne en Autriche, des \u0153uvres de qualit\u00e9 arrivent \u00e0 Bratislava.<\/p>\n\n\n<div class=\"space md\"><\/div>\n\n\n<h4 class=\"wp-block-heading\">Artistes pr\u00e9sent\u00e9s :<\/h4>\n\n\n\n<p><strong>Elena Le Goupil, Jean-Marc Lemasson, Pac\u00f4mel\u00e9sotres, Kristina Viera Wolf, Marie Olivier, Marie Pierre Musseau, Viktoria Laurent Skrabalova, Marl\u00e8ne Hue, Mich\u00e8le Bohly, Sylvain Zabeth, Georgina Mortreux, Zuzana Graus Rudavsk\u00e1<\/strong><\/p>\n\n\n\n<h4 class=\"wp-block-heading\">Commissaire<\/h4>\n\n\n\n<p><strong>Marl\u00e8ne Hue<\/strong><\/p>\n\n\n<div class=\"space md\"><\/div>\n\n\n<figure class=\"wp-block-gallery columns-3 is-cropped wp-block-gallery-1 is-layout-flex wp-block-gallery-is-layout-flex\"><ul class=\"blocks-gallery-grid\"><li class=\"blocks-gallery-item\"><figure><img loading=\"lazy\" decoding=\"async\" width=\"956\" height=\"960\" src=\"https:\/\/institutfrancais.sk\/wp-content\/uploads\/2022\/11\/LAURENT-SKRABALOVA-Viktoria.jpg\" alt=\"\" data-id=\"24564\" data-full-url=\"https:\/\/institutfrancais.sk\/wp-content\/uploads\/2022\/11\/LAURENT-SKRABALOVA-Viktoria.jpg\" data-link=\"https:\/\/institutfrancais.sk\/?attachment_id=24564\" class=\"wp-image-24564\" srcset=\"https:\/\/institutfrancais.sk\/wp-content\/uploads\/2022\/11\/LAURENT-SKRABALOVA-Viktoria.jpg 956w, https:\/\/institutfrancais.sk\/wp-content\/uploads\/2022\/11\/LAURENT-SKRABALOVA-Viktoria-300x300.jpg 300w, https:\/\/institutfrancais.sk\/wp-content\/uploads\/2022\/11\/LAURENT-SKRABALOVA-Viktoria-150x150.jpg 150w, https:\/\/institutfrancais.sk\/wp-content\/uploads\/2022\/11\/LAURENT-SKRABALOVA-Viktoria-768x771.jpg 768w\" sizes=\"(max-width: 956px) 100vw, 956px\" \/><\/figure><\/li><li class=\"blocks-gallery-item\"><figure><img loading=\"lazy\" decoding=\"async\" width=\"1024\" height=\"1024\" src=\"https:\/\/institutfrancais.sk\/wp-content\/uploads\/2022\/11\/LES-RUBANS-BLEU--1024x1024.jpg\" alt=\"\" data-id=\"24566\" data-full-url=\"https:\/\/institutfrancais.sk\/wp-content\/uploads\/2022\/11\/LES-RUBANS-BLEU-.jpg\" data-link=\"https:\/\/institutfrancais.sk\/?attachment_id=24566\" class=\"wp-image-24566\" srcset=\"https:\/\/institutfrancais.sk\/wp-content\/uploads\/2022\/11\/LES-RUBANS-BLEU--1024x1024.jpg 1024w, https:\/\/institutfrancais.sk\/wp-content\/uploads\/2022\/11\/LES-RUBANS-BLEU--300x300.jpg 300w, https:\/\/institutfrancais.sk\/wp-content\/uploads\/2022\/11\/LES-RUBANS-BLEU--150x150.jpg 150w, https:\/\/institutfrancais.sk\/wp-content\/uploads\/2022\/11\/LES-RUBANS-BLEU--768x768.jpg 768w, https:\/\/institutfrancais.sk\/wp-content\/uploads\/2022\/11\/LES-RUBANS-BLEU--1536x1536.jpg 1536w, https:\/\/institutfrancais.sk\/wp-content\/uploads\/2022\/11\/LES-RUBANS-BLEU--1000x1000.jpg 1000w, https:\/\/institutfrancais.sk\/wp-content\/uploads\/2022\/11\/LES-RUBANS-BLEU-.jpg 1751w\" sizes=\"(max-width: 1024px) 100vw, 1024px\" \/><\/figure><\/li><li class=\"blocks-gallery-item\"><figure><img loading=\"lazy\" decoding=\"async\" width=\"768\" height=\"1024\" src=\"https:\/\/institutfrancais.sk\/wp-content\/uploads\/2022\/11\/Pacomelesotres-1-768x1024.jpg\" alt=\"\" data-id=\"24568\" data-full-url=\"https:\/\/institutfrancais.sk\/wp-content\/uploads\/2022\/11\/Pacomelesotres-1.jpg\" data-link=\"https:\/\/institutfrancais.sk\/?attachment_id=24568\" class=\"wp-image-24568\" srcset=\"https:\/\/institutfrancais.sk\/wp-content\/uploads\/2022\/11\/Pacomelesotres-1-768x1024.jpg 768w, https:\/\/institutfrancais.sk\/wp-content\/uploads\/2022\/11\/Pacomelesotres-1-225x300.jpg 225w, https:\/\/institutfrancais.sk\/wp-content\/uploads\/2022\/11\/Pacomelesotres-1-750x1000.jpg 750w, https:\/\/institutfrancais.sk\/wp-content\/uploads\/2022\/11\/Pacomelesotres-1.jpg 866w\" sizes=\"(max-width: 768px) 100vw, 768px\" \/><\/figure><\/li><\/ul><\/figure>\n\n\n\n<h3 class=\"wp-block-heading\">Projet Art Trip<\/h3>\n\n\n\n<p>\u00ab Artiste, voyageuse, galeriste\u2026 Marl\u00e8ne Hue aime le partage, la d\u00e9couverte, les sensations, l&rsquo;univers artistique dans sa globalit\u00e9 et ses complexit\u00e9s. Elle est la fondatrice d\u2019ART TRIP, un concept innovant. Une galerie itin\u00e9rante qui s&rsquo;installe partout o\u00f9 la demande est forte ;&nbsp;Aix-les-Bains, La Rochelle, Perpignan, Paris, Vienne en Autriche mais aussi \u00e0 l&rsquo;\u00e9tranger en Am\u00e9rique du Nord. Autant de lieux atypiques o\u00f9 Marl\u00e8ne pose ses bagages, dialogue, rencontre, cr\u00e9e une dynamique autour d&rsquo;une n\u00e9buleuse qui s&rsquo;active et dont elle aime promouvoir le talent. Cr\u00e9er, partager son art, s\u2019occuper d\u2019autres artistes, s\u2019\u00e9blouir, les aider qu\u2019ils soient autodidactes, professionnels ou \u00e9tudiants. Que de magnifiques d\u00e9couvertes. Telles sont ses passions qui ne s\u2019arr\u00eatent pas l\u00e0. A&nbsp;son actif, Marl\u00e8ne a&nbsp;aussi l\u2019animation d\u2019atelier d\u2019Arts Plastiques pour enfants et adultes. \u00bb<br>Organiser des expositions avec toujours le m\u00eame concept Permettre \u00e0 chaque artiste m\u00e9ritant de pouvoir exposer autodidactes, \u00e9mergents, \u00e9tudiants pro Une exposition mais pas seulement : performances artistiques, d\u00e9monstrations, r\u00e9alisation d\u2019une \u0153uvre &nbsp;&nbsp;en direct \u00ab live painting \u00bb devant vous, l\u2019artiste se d\u00e9voile, cr\u00e9\u00e9 fresque participative allier gestuel, imagination, plaisir, vivre dans la peau d\u2019un artiste, moment de magie, moment de partage unique avec les autres, avec l\u2019artiste.<\/p>\n\n\n<\/div><iframe loading=\"lazy\" src=\"https:\/\/www.google.com\/maps\/embed?pb=!1m18!1m12!1m3!1d2662.2735746915087!2d17.10532635165492!3d48.14353077912193!2m3!1f0!2f0!3f0!3m2!1i1024!2i768!4f13.1!3m3!1m2!1s0x476c8942d3867d0f%3A0xf92cfa7be90ee73!2zRnJhbmPDunpza3kgaW7FoXRpdMO6dA!5e0!3m2!1ssk!2ssk!4v1575902399794!5m2!1ssk!2ssk\" width=\"100%\" height=\"558\" frameborder=\"0\" class=\"gmap-iframe\" allowfullscreen=\"\"><\/iframe><div class=\"wrap narrow-wrap\">\n\n<div class=\"space md\"><\/div>\n\n\n<figure class=\"wp-block-image size-medium is-style-default\"><img loading=\"lazy\" decoding=\"async\" width=\"300\" height=\"151\" src=\"https:\/\/institutfrancais.sk\/wp-content\/uploads\/2021\/02\/GO-OUT-300x151.jpg\" alt=\"\" class=\"wp-image-16367\" srcset=\"https:\/\/institutfrancais.sk\/wp-content\/uploads\/2021\/02\/GO-OUT-300x151.jpg 300w, https:\/\/institutfrancais.sk\/wp-content\/uploads\/2021\/02\/GO-OUT.jpg 666w\" sizes=\"(max-width: 300px) 100vw, 300px\" \/><\/figure>\n\n\n<div class=\"space md\"><\/div>","protected":false},"featured_media":24576,"template":"","typ-podujatia":[56],"acf":[],"yoast_head":"<!-- This site is optimized with the Yoast SEO plugin v24.5 - https:\/\/yoast.com\/wordpress\/plugins\/seo\/ -->\n<title>ART TRIP : galerie itin\u00e9rante d&#039;artistes fran\u00e7ais expose \u00e0 l&#039;Institut fran\u00e7ais - Franc\u00fazsky in\u0161tit\u00fat na Slovensku<\/title>\n<meta name=\"description\" content=\"ART TRIP - galerie itin\u00e9rante d&#039;artistes fran\u00e7ais expose \u00e0 l&#039;Institut fran\u00e7ais\" \/>\n<meta name=\"robots\" content=\"index, follow, max-snippet:-1, max-image-preview:large, max-video-preview:-1\" \/>\n<link rel=\"canonical\" href=\"https:\/\/institutfrancais.sk\/fr\/podujatie\/art-trip-galerie-itinerante-dartistes-francais-expose-a-linstitut-francais\/\" \/>\n<meta property=\"og:locale\" content=\"fr_FR\" \/>\n<meta property=\"og:type\" content=\"article\" \/>\n<meta property=\"og:title\" content=\"ART TRIP : galerie itin\u00e9rante d&#039;artistes fran\u00e7ais expose \u00e0 l&#039;Institut fran\u00e7ais - Franc\u00fazsky in\u0161tit\u00fat na Slovensku\" \/>\n<meta property=\"og:description\" content=\"ART TRIP - galerie itin\u00e9rante d&#039;artistes fran\u00e7ais expose \u00e0 l&#039;Institut fran\u00e7ais\" \/>\n<meta property=\"og:url\" content=\"https:\/\/institutfrancais.sk\/fr\/podujatie\/art-trip-galerie-itinerante-dartistes-francais-expose-a-linstitut-francais\/\" \/>\n<meta property=\"og:site_name\" content=\"Franc\u00fazsky in\u0161tit\u00fat na Slovensku\" \/>\n<meta property=\"article:modified_time\" content=\"2022-11-28T11:20:57+00:00\" \/>\n<meta property=\"og:image\" content=\"https:\/\/institutfrancais.sk\/wp-content\/uploads\/2022\/11\/Digital.png\" \/>\n\t<meta property=\"og:image:width\" content=\"1920\" \/>\n\t<meta property=\"og:image:height\" content=\"1000\" \/>\n\t<meta property=\"og:image:type\" content=\"image\/png\" \/>\n<meta name=\"twitter:card\" content=\"summary_large_image\" \/>\n<meta name=\"twitter:label1\" content=\"Dur\u00e9e de lecture estim\u00e9e\" \/>\n\t<meta name=\"twitter:data1\" content=\"3 minutes\" \/>\n<script type=\"application\/ld+json\" class=\"yoast-schema-graph\">{\"@context\":\"https:\/\/schema.org\",\"@graph\":[{\"@type\":\"WebPage\",\"@id\":\"https:\/\/institutfrancais.sk\/fr\/podujatie\/art-trip-galerie-itinerante-dartistes-francais-expose-a-linstitut-francais\/\",\"url\":\"https:\/\/institutfrancais.sk\/fr\/podujatie\/art-trip-galerie-itinerante-dartistes-francais-expose-a-linstitut-francais\/\",\"name\":\"ART TRIP : galerie itin\u00e9rante d'artistes fran\u00e7ais expose \u00e0 l'Institut fran\u00e7ais - Franc\u00fazsky in\u0161tit\u00fat na Slovensku\",\"isPartOf\":{\"@id\":\"https:\/\/institutfrancais.sk\/fr\/#website\"},\"primaryImageOfPage\":{\"@id\":\"https:\/\/institutfrancais.sk\/fr\/podujatie\/art-trip-galerie-itinerante-dartistes-francais-expose-a-linstitut-francais\/#primaryimage\"},\"image\":{\"@id\":\"https:\/\/institutfrancais.sk\/fr\/podujatie\/art-trip-galerie-itinerante-dartistes-francais-expose-a-linstitut-francais\/#primaryimage\"},\"thumbnailUrl\":\"https:\/\/institutfrancais.sk\/wp-content\/uploads\/2022\/11\/Digital.png\",\"datePublished\":\"2022-11-18T11:34:11+00:00\",\"dateModified\":\"2022-11-28T11:20:57+00:00\",\"description\":\"ART TRIP - galerie itin\u00e9rante d'artistes fran\u00e7ais expose \u00e0 l'Institut fran\u00e7ais\",\"breadcrumb\":{\"@id\":\"https:\/\/institutfrancais.sk\/fr\/podujatie\/art-trip-galerie-itinerante-dartistes-francais-expose-a-linstitut-francais\/#breadcrumb\"},\"inLanguage\":\"fr-FR\",\"potentialAction\":[{\"@type\":\"ReadAction\",\"target\":[\"https:\/\/institutfrancais.sk\/fr\/podujatie\/art-trip-galerie-itinerante-dartistes-francais-expose-a-linstitut-francais\/\"]}]},{\"@type\":\"ImageObject\",\"inLanguage\":\"fr-FR\",\"@id\":\"https:\/\/institutfrancais.sk\/fr\/podujatie\/art-trip-galerie-itinerante-dartistes-francais-expose-a-linstitut-francais\/#primaryimage\",\"url\":\"https:\/\/institutfrancais.sk\/wp-content\/uploads\/2022\/11\/Digital.png\",\"contentUrl\":\"https:\/\/institutfrancais.sk\/wp-content\/uploads\/2022\/11\/Digital.png\",\"width\":1920,\"height\":1000},{\"@type\":\"BreadcrumbList\",\"@id\":\"https:\/\/institutfrancais.sk\/fr\/podujatie\/art-trip-galerie-itinerante-dartistes-francais-expose-a-linstitut-francais\/#breadcrumb\",\"itemListElement\":[{\"@type\":\"ListItem\",\"position\":1,\"name\":\"Home\",\"item\":\"https:\/\/institutfrancais.sk\/fr\/\"},{\"@type\":\"ListItem\",\"position\":2,\"name\":\"Events\",\"item\":\"https:\/\/institutfrancais.sk\/fr\/podujatie\/\"},{\"@type\":\"ListItem\",\"position\":3,\"name\":\"ART TRIP : galerie itin\u00e9rante d&#8217;artistes fran\u00e7ais expose \u00e0 l&#8217;Institut fran\u00e7ais\"}]},{\"@type\":\"WebSite\",\"@id\":\"https:\/\/institutfrancais.sk\/fr\/#website\",\"url\":\"https:\/\/institutfrancais.sk\/fr\/\",\"name\":\"Franc\u00fazsky in\u0161tit\u00fat na Slovensku\",\"description\":\"Franc\u00fazsky in\u0161tit\u00fat na Slovensku\",\"potentialAction\":[{\"@type\":\"SearchAction\",\"target\":{\"@type\":\"EntryPoint\",\"urlTemplate\":\"https:\/\/institutfrancais.sk\/fr\/?s={search_term_string}\"},\"query-input\":{\"@type\":\"PropertyValueSpecification\",\"valueRequired\":true,\"valueName\":\"search_term_string\"}}],\"inLanguage\":\"fr-FR\"}]}<\/script>\n<!-- \/ Yoast SEO plugin. -->","yoast_head_json":{"title":"ART TRIP : galerie itin\u00e9rante d'artistes fran\u00e7ais expose \u00e0 l'Institut fran\u00e7ais - Franc\u00fazsky in\u0161tit\u00fat na Slovensku","description":"ART TRIP - galerie itin\u00e9rante d'artistes fran\u00e7ais expose \u00e0 l'Institut fran\u00e7ais","robots":{"index":"index","follow":"follow","max-snippet":"max-snippet:-1","max-image-preview":"max-image-preview:large","max-video-preview":"max-video-preview:-1"},"canonical":"https:\/\/institutfrancais.sk\/fr\/podujatie\/art-trip-galerie-itinerante-dartistes-francais-expose-a-linstitut-francais\/","og_locale":"fr_FR","og_type":"article","og_title":"ART TRIP : galerie itin\u00e9rante d'artistes fran\u00e7ais expose \u00e0 l'Institut fran\u00e7ais - Franc\u00fazsky in\u0161tit\u00fat na Slovensku","og_description":"ART TRIP - galerie itin\u00e9rante d'artistes fran\u00e7ais expose \u00e0 l'Institut fran\u00e7ais","og_url":"https:\/\/institutfrancais.sk\/fr\/podujatie\/art-trip-galerie-itinerante-dartistes-francais-expose-a-linstitut-francais\/","og_site_name":"Franc\u00fazsky in\u0161tit\u00fat na Slovensku","article_modified_time":"2022-11-28T11:20:57+00:00","og_image":[{"width":1920,"height":1000,"url":"https:\/\/institutfrancais.sk\/wp-content\/uploads\/2022\/11\/Digital.png","type":"image\/png"}],"twitter_card":"summary_large_image","twitter_misc":{"Dur\u00e9e de lecture estim\u00e9e":"3 minutes"},"schema":{"@context":"https:\/\/schema.org","@graph":[{"@type":"WebPage","@id":"https:\/\/institutfrancais.sk\/fr\/podujatie\/art-trip-galerie-itinerante-dartistes-francais-expose-a-linstitut-francais\/","url":"https:\/\/institutfrancais.sk\/fr\/podujatie\/art-trip-galerie-itinerante-dartistes-francais-expose-a-linstitut-francais\/","name":"ART TRIP : galerie itin\u00e9rante d'artistes fran\u00e7ais expose \u00e0 l'Institut fran\u00e7ais - Franc\u00fazsky in\u0161tit\u00fat na Slovensku","isPartOf":{"@id":"https:\/\/institutfrancais.sk\/fr\/#website"},"primaryImageOfPage":{"@id":"https:\/\/institutfrancais.sk\/fr\/podujatie\/art-trip-galerie-itinerante-dartistes-francais-expose-a-linstitut-francais\/#primaryimage"},"image":{"@id":"https:\/\/institutfrancais.sk\/fr\/podujatie\/art-trip-galerie-itinerante-dartistes-francais-expose-a-linstitut-francais\/#primaryimage"},"thumbnailUrl":"https:\/\/institutfrancais.sk\/wp-content\/uploads\/2022\/11\/Digital.png","datePublished":"2022-11-18T11:34:11+00:00","dateModified":"2022-11-28T11:20:57+00:00","description":"ART TRIP - galerie itin\u00e9rante d'artistes fran\u00e7ais expose \u00e0 l'Institut fran\u00e7ais","breadcrumb":{"@id":"https:\/\/institutfrancais.sk\/fr\/podujatie\/art-trip-galerie-itinerante-dartistes-francais-expose-a-linstitut-francais\/#breadcrumb"},"inLanguage":"fr-FR","potentialAction":[{"@type":"ReadAction","target":["https:\/\/institutfrancais.sk\/fr\/podujatie\/art-trip-galerie-itinerante-dartistes-francais-expose-a-linstitut-francais\/"]}]},{"@type":"ImageObject","inLanguage":"fr-FR","@id":"https:\/\/institutfrancais.sk\/fr\/podujatie\/art-trip-galerie-itinerante-dartistes-francais-expose-a-linstitut-francais\/#primaryimage","url":"https:\/\/institutfrancais.sk\/wp-content\/uploads\/2022\/11\/Digital.png","contentUrl":"https:\/\/institutfrancais.sk\/wp-content\/uploads\/2022\/11\/Digital.png","width":1920,"height":1000},{"@type":"BreadcrumbList","@id":"https:\/\/institutfrancais.sk\/fr\/podujatie\/art-trip-galerie-itinerante-dartistes-francais-expose-a-linstitut-francais\/#breadcrumb","itemListElement":[{"@type":"ListItem","position":1,"name":"Home","item":"https:\/\/institutfrancais.sk\/fr\/"},{"@type":"ListItem","position":2,"name":"Events","item":"https:\/\/institutfrancais.sk\/fr\/podujatie\/"},{"@type":"ListItem","position":3,"name":"ART TRIP : galerie itin\u00e9rante d&#8217;artistes fran\u00e7ais expose \u00e0 l&#8217;Institut fran\u00e7ais"}]},{"@type":"WebSite","@id":"https:\/\/institutfrancais.sk\/fr\/#website","url":"https:\/\/institutfrancais.sk\/fr\/","name":"Franc\u00fazsky in\u0161tit\u00fat na Slovensku","description":"Franc\u00fazsky in\u0161tit\u00fat na Slovensku","potentialAction":[{"@type":"SearchAction","target":{"@type":"EntryPoint","urlTemplate":"https:\/\/institutfrancais.sk\/fr\/?s={search_term_string}"},"query-input":{"@type":"PropertyValueSpecification","valueRequired":true,"valueName":"search_term_string"}}],"inLanguage":"fr-FR"}]}},"_links":{"self":[{"href":"https:\/\/institutfrancais.sk\/fr\/wp-json\/wp\/v2\/podujatie\/24571"}],"collection":[{"href":"https:\/\/institutfrancais.sk\/fr\/wp-json\/wp\/v2\/podujatie"}],"about":[{"href":"https:\/\/institutfrancais.sk\/fr\/wp-json\/wp\/v2\/types\/podujatie"}],"wp:featuredmedia":[{"embeddable":true,"href":"https:\/\/institutfrancais.sk\/fr\/wp-json\/wp\/v2\/media\/24576"}],"wp:attachment":[{"href":"https:\/\/institutfrancais.sk\/fr\/wp-json\/wp\/v2\/media?parent=24571"}],"wp:term":[{"taxonomy":"typ-podujatia","embeddable":true,"href":"https:\/\/institutfrancais.sk\/fr\/wp-json\/wp\/v2\/typ-podujatia?post=24571"}],"curies":[{"name":"wp","href":"https:\/\/api.w.org\/{rel}","templated":true}]}}