{"id":25303,"date":"2023-01-16T10:15:49","date_gmt":"2023-01-16T09:15:49","guid":{"rendered":"https:\/\/institutfrancais.sk\/podujatie\/den-otvorenych-dveri-vo-francuzskej-skole-v-bratislave\/"},"modified":"2023-01-16T10:22:57","modified_gmt":"2023-01-16T09:22:57","slug":"journee-portes-ouvertes-ecole-francaise-de-bratislava","status":"publish","type":"podujatie","link":"https:\/\/institutfrancais.sk\/fr\/podujatie\/journee-portes-ouvertes-ecole-francaise-de-bratislava\/","title":{"rendered":"Journ\u00e9e Portes Ouvertes \u00e0 l&rsquo;\u00c9cole fran\u00e7aise internationale de Bratislava"},"content":{"rendered":"\n<ul><li>Accueil des participants &#8211;&nbsp;dur\u00e9e de la visite pendant 1 heure en moyenne <\/li><li>Visite de l&rsquo;\u00e9cole \u00e0 9:00, \u00e0 9:30, \u00e0 10:00, \u00e0 10:30 et \u00e0 11:00<\/li><li>Entretiens et rencontres avec les enseignants, les \u00e9ducateurs et les parents d&rsquo;\u00e9l\u00e8ves<\/li><li>Informations sur l&rsquo;inscription des \u00e9l\u00e8ves &nbsp;<\/li><\/ul>\n\n\n<div class=\"space xs\"><\/div>\n\n<\/div><iframe loading=\"lazy\" src=\"https:\/\/www.google.com\/maps\/embed?pb=!1m18!1m12!1m3!1d2663.501100045554!2d17.12974281581772!3d48.11985906037363!2m3!1f0!2f0!3f0!3m2!1i1024!2i768!4f13.1!3m3!1m2!1s0x476c8900fe1c5579%3A0xd28c39f883404009!2s%C3%89cole%20Fran%C3%A7aise%20Internationale%20de%20Bratislava!5e0!3m2!1sfr!2ssk!4v1673859858455!5m2!1sfr!2ssk\" width=\"100%\" height=\"558\" frameborder=\"0\" class=\"gmap-iframe\" allowfullscreen=\"\"><\/iframe><div class=\"wrap narrow-wrap\">\n\n<div class=\"space xs\"><\/div>\n\n\n<figure class=\"wp-block-image size-large is-style-default\"><img loading=\"lazy\" decoding=\"async\" width=\"724\" height=\"1024\" src=\"https:\/\/institutfrancais.sk\/wp-content\/uploads\/2023\/01\/Affiche-Journee-Portes-Ouvertes-EFIB-FR-724x1024.png\" alt=\"\" class=\"wp-image-25305\" srcset=\"https:\/\/institutfrancais.sk\/wp-content\/uploads\/2023\/01\/Affiche-Journee-Portes-Ouvertes-EFIB-FR-724x1024.png 724w, https:\/\/institutfrancais.sk\/wp-content\/uploads\/2023\/01\/Affiche-Journee-Portes-Ouvertes-EFIB-FR-212x300.png 212w, https:\/\/institutfrancais.sk\/wp-content\/uploads\/2023\/01\/Affiche-Journee-Portes-Ouvertes-EFIB-FR-768x1086.png 768w, https:\/\/institutfrancais.sk\/wp-content\/uploads\/2023\/01\/Affiche-Journee-Portes-Ouvertes-EFIB-FR-1086x1536.png 1086w, https:\/\/institutfrancais.sk\/wp-content\/uploads\/2023\/01\/Affiche-Journee-Portes-Ouvertes-EFIB-FR-707x1000.png 707w, https:\/\/institutfrancais.sk\/wp-content\/uploads\/2023\/01\/Affiche-Journee-Portes-Ouvertes-EFIB-FR.png 1241w\" sizes=\"(max-width: 724px) 100vw, 724px\" \/><\/figure>\n\n\n<div class=\"space xs\"><\/div>","protected":false},"featured_media":24177,"template":"","typ-podujatia":[193,98],"acf":[],"yoast_head":"<!-- This site is optimized with the Yoast SEO plugin v24.5 - https:\/\/yoast.com\/wordpress\/plugins\/seo\/ -->\n<title>Journ\u00e9e Portes Ouvertes \u00e0 l&#039;\u00c9cole fran\u00e7aise internationale de Bratislava - Franc\u00fazsky in\u0161tit\u00fat na Slovensku<\/title>\n<meta name=\"description\" content=\"Journ\u00e9e Portes Ouvertes \u00e0 l&#039;\u00c9col\u00e9 fran\u00e7aise internationale de Bratislava le samedi 28 janvier 2023. Informations sur l&#039;inscription ....\" \/>\n<meta name=\"robots\" content=\"index, follow, max-snippet:-1, max-image-preview:large, max-video-preview:-1\" \/>\n<link rel=\"canonical\" href=\"https:\/\/institutfrancais.sk\/fr\/podujatie\/journee-portes-ouvertes-ecole-francaise-de-bratislava\/\" \/>\n<meta property=\"og:locale\" content=\"fr_FR\" \/>\n<meta property=\"og:type\" content=\"article\" \/>\n<meta property=\"og:title\" content=\"Journ\u00e9e Portes Ouvertes \u00e0 l&#039;\u00c9cole fran\u00e7aise internationale de Bratislava - Franc\u00fazsky in\u0161tit\u00fat na Slovensku\" \/>\n<meta property=\"og:description\" content=\"Journ\u00e9e Portes Ouvertes \u00e0 l&#039;\u00c9col\u00e9 fran\u00e7aise internationale de Bratislava le samedi 28 janvier 2023. Informations sur l&#039;inscription ....\" \/>\n<meta property=\"og:url\" content=\"https:\/\/institutfrancais.sk\/fr\/podujatie\/journee-portes-ouvertes-ecole-francaise-de-bratislava\/\" \/>\n<meta property=\"og:site_name\" content=\"Franc\u00fazsky in\u0161tit\u00fat na Slovensku\" \/>\n<meta property=\"article:modified_time\" content=\"2023-01-16T09:22:57+00:00\" \/>\n<meta property=\"og:image\" content=\"https:\/\/institutfrancais.sk\/wp-content\/uploads\/2022\/10\/pexels-max-fischer-5212682-scaled.jpg\" \/>\n\t<meta property=\"og:image:width\" content=\"2560\" \/>\n\t<meta property=\"og:image:height\" content=\"1423\" \/>\n\t<meta property=\"og:image:type\" content=\"image\/jpeg\" \/>\n<meta name=\"twitter:card\" content=\"summary_large_image\" \/>\n<meta name=\"twitter:label1\" content=\"Dur\u00e9e de lecture estim\u00e9e\" \/>\n\t<meta name=\"twitter:data1\" content=\"1 minute\" \/>\n<script type=\"application\/ld+json\" class=\"yoast-schema-graph\">{\"@context\":\"https:\/\/schema.org\",\"@graph\":[{\"@type\":\"WebPage\",\"@id\":\"https:\/\/institutfrancais.sk\/fr\/podujatie\/journee-portes-ouvertes-ecole-francaise-de-bratislava\/\",\"url\":\"https:\/\/institutfrancais.sk\/fr\/podujatie\/journee-portes-ouvertes-ecole-francaise-de-bratislava\/\",\"name\":\"Journ\u00e9e Portes Ouvertes \u00e0 l'\u00c9cole fran\u00e7aise internationale de Bratislava - Franc\u00fazsky in\u0161tit\u00fat na Slovensku\",\"isPartOf\":{\"@id\":\"https:\/\/institutfrancais.sk\/fr\/#website\"},\"primaryImageOfPage\":{\"@id\":\"https:\/\/institutfrancais.sk\/fr\/podujatie\/journee-portes-ouvertes-ecole-francaise-de-bratislava\/#primaryimage\"},\"image\":{\"@id\":\"https:\/\/institutfrancais.sk\/fr\/podujatie\/journee-portes-ouvertes-ecole-francaise-de-bratislava\/#primaryimage\"},\"thumbnailUrl\":\"https:\/\/institutfrancais.sk\/wp-content\/uploads\/2022\/10\/pexels-max-fischer-5212682-scaled.jpg\",\"datePublished\":\"2023-01-16T09:15:49+00:00\",\"dateModified\":\"2023-01-16T09:22:57+00:00\",\"description\":\"Journ\u00e9e Portes Ouvertes \u00e0 l'\u00c9col\u00e9 fran\u00e7aise internationale de Bratislava le samedi 28 janvier 2023. Informations sur l'inscription ....\",\"breadcrumb\":{\"@id\":\"https:\/\/institutfrancais.sk\/fr\/podujatie\/journee-portes-ouvertes-ecole-francaise-de-bratislava\/#breadcrumb\"},\"inLanguage\":\"fr-FR\",\"potentialAction\":[{\"@type\":\"ReadAction\",\"target\":[\"https:\/\/institutfrancais.sk\/fr\/podujatie\/journee-portes-ouvertes-ecole-francaise-de-bratislava\/\"]}]},{\"@type\":\"ImageObject\",\"inLanguage\":\"fr-FR\",\"@id\":\"https:\/\/institutfrancais.sk\/fr\/podujatie\/journee-portes-ouvertes-ecole-francaise-de-bratislava\/#primaryimage\",\"url\":\"https:\/\/institutfrancais.sk\/wp-content\/uploads\/2022\/10\/pexels-max-fischer-5212682-scaled.jpg\",\"contentUrl\":\"https:\/\/institutfrancais.sk\/wp-content\/uploads\/2022\/10\/pexels-max-fischer-5212682-scaled.jpg\",\"width\":2560,\"height\":1423},{\"@type\":\"BreadcrumbList\",\"@id\":\"https:\/\/institutfrancais.sk\/fr\/podujatie\/journee-portes-ouvertes-ecole-francaise-de-bratislava\/#breadcrumb\",\"itemListElement\":[{\"@type\":\"ListItem\",\"position\":1,\"name\":\"Home\",\"item\":\"https:\/\/institutfrancais.sk\/fr\/\"},{\"@type\":\"ListItem\",\"position\":2,\"name\":\"Events\",\"item\":\"https:\/\/institutfrancais.sk\/fr\/podujatie\/\"},{\"@type\":\"ListItem\",\"position\":3,\"name\":\"Journ\u00e9e Portes Ouvertes \u00e0 l&#8217;\u00c9cole fran\u00e7aise internationale de Bratislava\"}]},{\"@type\":\"WebSite\",\"@id\":\"https:\/\/institutfrancais.sk\/fr\/#website\",\"url\":\"https:\/\/institutfrancais.sk\/fr\/\",\"name\":\"Franc\u00fazsky in\u0161tit\u00fat na Slovensku\",\"description\":\"Franc\u00fazsky in\u0161tit\u00fat na Slovensku\",\"potentialAction\":[{\"@type\":\"SearchAction\",\"target\":{\"@type\":\"EntryPoint\",\"urlTemplate\":\"https:\/\/institutfrancais.sk\/fr\/?s={search_term_string}\"},\"query-input\":{\"@type\":\"PropertyValueSpecification\",\"valueRequired\":true,\"valueName\":\"search_term_string\"}}],\"inLanguage\":\"fr-FR\"}]}<\/script>\n<!-- \/ Yoast SEO plugin. -->","yoast_head_json":{"title":"Journ\u00e9e Portes Ouvertes \u00e0 l'\u00c9cole fran\u00e7aise internationale de Bratislava - Franc\u00fazsky in\u0161tit\u00fat na Slovensku","description":"Journ\u00e9e Portes Ouvertes \u00e0 l'\u00c9col\u00e9 fran\u00e7aise internationale de Bratislava le samedi 28 janvier 2023. Informations sur l'inscription ....","robots":{"index":"index","follow":"follow","max-snippet":"max-snippet:-1","max-image-preview":"max-image-preview:large","max-video-preview":"max-video-preview:-1"},"canonical":"https:\/\/institutfrancais.sk\/fr\/podujatie\/journee-portes-ouvertes-ecole-francaise-de-bratislava\/","og_locale":"fr_FR","og_type":"article","og_title":"Journ\u00e9e Portes Ouvertes \u00e0 l'\u00c9cole fran\u00e7aise internationale de Bratislava - Franc\u00fazsky in\u0161tit\u00fat na Slovensku","og_description":"Journ\u00e9e Portes Ouvertes \u00e0 l'\u00c9col\u00e9 fran\u00e7aise internationale de Bratislava le samedi 28 janvier 2023. Informations sur l'inscription ....","og_url":"https:\/\/institutfrancais.sk\/fr\/podujatie\/journee-portes-ouvertes-ecole-francaise-de-bratislava\/","og_site_name":"Franc\u00fazsky in\u0161tit\u00fat na Slovensku","article_modified_time":"2023-01-16T09:22:57+00:00","og_image":[{"width":2560,"height":1423,"url":"https:\/\/institutfrancais.sk\/wp-content\/uploads\/2022\/10\/pexels-max-fischer-5212682-scaled.jpg","type":"image\/jpeg"}],"twitter_card":"summary_large_image","twitter_misc":{"Dur\u00e9e de lecture estim\u00e9e":"1 minute"},"schema":{"@context":"https:\/\/schema.org","@graph":[{"@type":"WebPage","@id":"https:\/\/institutfrancais.sk\/fr\/podujatie\/journee-portes-ouvertes-ecole-francaise-de-bratislava\/","url":"https:\/\/institutfrancais.sk\/fr\/podujatie\/journee-portes-ouvertes-ecole-francaise-de-bratislava\/","name":"Journ\u00e9e Portes Ouvertes \u00e0 l'\u00c9cole fran\u00e7aise internationale de Bratislava - Franc\u00fazsky in\u0161tit\u00fat na Slovensku","isPartOf":{"@id":"https:\/\/institutfrancais.sk\/fr\/#website"},"primaryImageOfPage":{"@id":"https:\/\/institutfrancais.sk\/fr\/podujatie\/journee-portes-ouvertes-ecole-francaise-de-bratislava\/#primaryimage"},"image":{"@id":"https:\/\/institutfrancais.sk\/fr\/podujatie\/journee-portes-ouvertes-ecole-francaise-de-bratislava\/#primaryimage"},"thumbnailUrl":"https:\/\/institutfrancais.sk\/wp-content\/uploads\/2022\/10\/pexels-max-fischer-5212682-scaled.jpg","datePublished":"2023-01-16T09:15:49+00:00","dateModified":"2023-01-16T09:22:57+00:00","description":"Journ\u00e9e Portes Ouvertes \u00e0 l'\u00c9col\u00e9 fran\u00e7aise internationale de Bratislava le samedi 28 janvier 2023. Informations sur l'inscription ....","breadcrumb":{"@id":"https:\/\/institutfrancais.sk\/fr\/podujatie\/journee-portes-ouvertes-ecole-francaise-de-bratislava\/#breadcrumb"},"inLanguage":"fr-FR","potentialAction":[{"@type":"ReadAction","target":["https:\/\/institutfrancais.sk\/fr\/podujatie\/journee-portes-ouvertes-ecole-francaise-de-bratislava\/"]}]},{"@type":"ImageObject","inLanguage":"fr-FR","@id":"https:\/\/institutfrancais.sk\/fr\/podujatie\/journee-portes-ouvertes-ecole-francaise-de-bratislava\/#primaryimage","url":"https:\/\/institutfrancais.sk\/wp-content\/uploads\/2022\/10\/pexels-max-fischer-5212682-scaled.jpg","contentUrl":"https:\/\/institutfrancais.sk\/wp-content\/uploads\/2022\/10\/pexels-max-fischer-5212682-scaled.jpg","width":2560,"height":1423},{"@type":"BreadcrumbList","@id":"https:\/\/institutfrancais.sk\/fr\/podujatie\/journee-portes-ouvertes-ecole-francaise-de-bratislava\/#breadcrumb","itemListElement":[{"@type":"ListItem","position":1,"name":"Home","item":"https:\/\/institutfrancais.sk\/fr\/"},{"@type":"ListItem","position":2,"name":"Events","item":"https:\/\/institutfrancais.sk\/fr\/podujatie\/"},{"@type":"ListItem","position":3,"name":"Journ\u00e9e Portes Ouvertes \u00e0 l&#8217;\u00c9cole fran\u00e7aise internationale de Bratislava"}]},{"@type":"WebSite","@id":"https:\/\/institutfrancais.sk\/fr\/#website","url":"https:\/\/institutfrancais.sk\/fr\/","name":"Franc\u00fazsky in\u0161tit\u00fat na Slovensku","description":"Franc\u00fazsky in\u0161tit\u00fat na Slovensku","potentialAction":[{"@type":"SearchAction","target":{"@type":"EntryPoint","urlTemplate":"https:\/\/institutfrancais.sk\/fr\/?s={search_term_string}"},"query-input":{"@type":"PropertyValueSpecification","valueRequired":true,"valueName":"search_term_string"}}],"inLanguage":"fr-FR"}]}},"_links":{"self":[{"href":"https:\/\/institutfrancais.sk\/fr\/wp-json\/wp\/v2\/podujatie\/25303"}],"collection":[{"href":"https:\/\/institutfrancais.sk\/fr\/wp-json\/wp\/v2\/podujatie"}],"about":[{"href":"https:\/\/institutfrancais.sk\/fr\/wp-json\/wp\/v2\/types\/podujatie"}],"wp:featuredmedia":[{"embeddable":true,"href":"https:\/\/institutfrancais.sk\/fr\/wp-json\/wp\/v2\/media\/24177"}],"wp:attachment":[{"href":"https:\/\/institutfrancais.sk\/fr\/wp-json\/wp\/v2\/media?parent=25303"}],"wp:term":[{"taxonomy":"typ-podujatia","embeddable":true,"href":"https:\/\/institutfrancais.sk\/fr\/wp-json\/wp\/v2\/typ-podujatia?post=25303"}],"curies":[{"name":"wp","href":"https:\/\/api.w.org\/{rel}","templated":true}]}}