{"id":25312,"date":"2023-01-19T10:48:47","date_gmt":"2023-01-19T09:48:47","guid":{"rendered":"https:\/\/institutfrancais.sk\/podujatie\/opera-peter-a-lucia\/"},"modified":"2023-01-19T10:43:47","modified_gmt":"2023-01-19T09:43:47","slug":"opera-pierre-et-luce","status":"publish","type":"podujatie","link":"https:\/\/institutfrancais.sk\/fr\/podujatie\/opera-pierre-et-luce\/","title":{"rendered":"Op\u00e9ra: Pierre et Luce"},"content":{"rendered":"\n<p>Avec son nouveau projet, le Studio d&rsquo;op\u00e9ra du Th\u00e9\u00e2tre national slovaque perp\u00e9tue la tradition de pr\u00e9senter des \u0153uvres de compositeurs slovaques. Il a&nbsp;pr\u00e9par\u00e9 une repr\u00e9sentation sc\u00e9nique de l&rsquo;op\u00e9ra Pierre et Luce de Miro B\u00e1zlik, qui revient sur sc\u00e8ne apr\u00e8s 55 ans. L&rsquo;\u0153uvre est une adaptation de la c\u00e9l\u00e8bre nouvelle de Romain Rolland. L&rsquo;histoire d&rsquo;amour tendre de deux jeunes personnes a&nbsp;pour toile de fond la Premi\u00e8re Guerre mondiale. La rencontre fortuite entre un \u00e9tudiant et une peintre se transforme progressivement en un lien fort qui les isole du monde ext\u00e9rieur, de la guerre et de ses cons\u00e9quences. Cependant, le destin des amoureux est scell\u00e9 par le bombardement de Paris. Le conflit actuel en Ukraine, qui touche aussi directement notre soci\u00e9t\u00e9, a&nbsp;\u00e9t\u00e9 l&rsquo;une des raisons pour lesquelles l&rsquo;Opera Studio a&nbsp;choisi ce titre. Malgr\u00e9 cette histoire tragique, les derni\u00e8res notes du drame musical de Bazlik sont \u00e9galement porteuses d&rsquo;espoir et sont une c\u00e9l\u00e9bration de l&rsquo;amour.<\/p>\n\n\n\n<p><strong>Chef d&rsquo;orchestre<\/strong> Du\u0161an \u0160tef\u00e1nek<br><strong>Mise en sc\u00e8ne, d\u00e9cor, costumes, dramaturgie <\/strong>Marek Moko\u0161&nbsp;<\/p>\n\n\n<div class=\"space xs\"><\/div>\n\n<div class=\"text-center\"><a href=\"https:\/\/snd.sk\/inscenacia\/3782\/peter-a-lucia\" class=\"btn btn-white-invert\" target=\"blank\" rel=\"noreferrer noopener\">Entr\u00e9es <\/a><\/div>\n\n<div class=\"space xs\"><\/div>\n\n\n<figure class=\"wp-block-embed is-type-video is-provider-youtube wp-block-embed-youtube wp-embed-aspect-16-9 wp-has-aspect-ratio\"><div class=\"wp-block-embed__wrapper\">\n<iframe loading=\"lazy\" title=\"Opera SND | M. B\u00e1zlik \u2013 Peter a Lucia\" width=\"500\" height=\"281\" src=\"https:\/\/www.youtube.com\/embed\/aW6WGMr6biI?feature=oembed\" frameborder=\"0\" allow=\"accelerometer; autoplay; clipboard-write; encrypted-media; gyroscope; picture-in-picture; web-share\" referrerpolicy=\"strict-origin-when-cross-origin\" allowfullscreen><\/iframe>\n<\/div><\/figure>\n\n\n<div class=\"space sm\"><\/div>\n\n<\/div><iframe loading=\"lazy\" src=\"https:\/\/www.google.com\/maps\/embed?pb=!1m18!1m12!1m3!1d2662.390816307585!2d17.121560915818268!3d48.141270258882436!2m3!1f0!2f0!3f0!3m2!1i1024!2i768!4f13.1!3m3!1m2!1s0x476c893fa91ed5c1%3A0x208c8f4f673e66ff!2sTh%C3%A9%C3%A2tre%20national%20slovaque!5e0!3m2!1sfr!2ssk!4v1668098940615!5m2!1sfr!2ssk\" width=\"100%\" height=\"558\" frameborder=\"0\" class=\"gmap-iframe\" allowfullscreen=\"\"><\/iframe><div class=\"wrap narrow-wrap\">\n\n<div class=\"space sm\"><\/div>","protected":false},"featured_media":25310,"template":"","typ-podujatia":[51,54,96],"acf":[],"yoast_head":"<!-- This site is optimized with the Yoast SEO plugin v24.5 - https:\/\/yoast.com\/wordpress\/plugins\/seo\/ -->\n<title>Op\u00e9ra: Pierre et Luce - Franc\u00fazsky in\u0161tit\u00fat na Slovensku<\/title>\n<meta name=\"robots\" content=\"index, follow, max-snippet:-1, max-image-preview:large, max-video-preview:-1\" \/>\n<link rel=\"canonical\" href=\"https:\/\/institutfrancais.sk\/fr\/podujatie\/opera-pierre-et-luce\/\" \/>\n<meta property=\"og:locale\" content=\"fr_FR\" \/>\n<meta property=\"og:type\" content=\"article\" \/>\n<meta property=\"og:title\" content=\"Op\u00e9ra: Pierre et Luce - Franc\u00fazsky in\u0161tit\u00fat na Slovensku\" \/>\n<meta property=\"og:description\" content=\"Avec son nouveau projet, le Studio d&rsquo;op\u00e9ra du Th\u00e9\u00e2tre national slovaque perp\u00e9tue la tradition de pr\u00e9senter des \u0153uvres de compositeurs slovaques. Il a&nbsp;pr\u00e9par\u00e9 une repr\u00e9sentation sc\u00e9nique de l&rsquo;op\u00e9ra Pierre et Luce de Miro B\u00e1zlik, qui revient sur sc\u00e8ne apr\u00e8s 55 ans. L&rsquo;\u0153uvre est une adaptation de la c\u00e9l\u00e8bre nouvelle de Romain Rolland. L&rsquo;histoire d&rsquo;amour tendre [&hellip;]\" \/>\n<meta property=\"og:url\" content=\"https:\/\/institutfrancais.sk\/fr\/podujatie\/opera-pierre-et-luce\/\" \/>\n<meta property=\"og:site_name\" content=\"Franc\u00fazsky in\u0161tit\u00fat na Slovensku\" \/>\n<meta property=\"og:image\" content=\"https:\/\/institutfrancais.sk\/wp-content\/uploads\/2023\/01\/snd_1600x1200_web_banner_peter_a_lucia_sez102_lp.jpg\" \/>\n\t<meta property=\"og:image:width\" content=\"960\" \/>\n\t<meta property=\"og:image:height\" content=\"720\" \/>\n\t<meta property=\"og:image:type\" content=\"image\/jpeg\" \/>\n<meta name=\"twitter:card\" content=\"summary_large_image\" \/>\n<meta name=\"twitter:label1\" content=\"Dur\u00e9e de lecture estim\u00e9e\" \/>\n\t<meta name=\"twitter:data1\" content=\"1 minute\" \/>\n<script type=\"application\/ld+json\" class=\"yoast-schema-graph\">{\"@context\":\"https:\/\/schema.org\",\"@graph\":[{\"@type\":\"WebPage\",\"@id\":\"https:\/\/institutfrancais.sk\/fr\/podujatie\/opera-pierre-et-luce\/\",\"url\":\"https:\/\/institutfrancais.sk\/fr\/podujatie\/opera-pierre-et-luce\/\",\"name\":\"Op\u00e9ra: Pierre et Luce - Franc\u00fazsky in\u0161tit\u00fat na Slovensku\",\"isPartOf\":{\"@id\":\"https:\/\/institutfrancais.sk\/fr\/#website\"},\"primaryImageOfPage\":{\"@id\":\"https:\/\/institutfrancais.sk\/fr\/podujatie\/opera-pierre-et-luce\/#primaryimage\"},\"image\":{\"@id\":\"https:\/\/institutfrancais.sk\/fr\/podujatie\/opera-pierre-et-luce\/#primaryimage\"},\"thumbnailUrl\":\"https:\/\/institutfrancais.sk\/wp-content\/uploads\/2023\/01\/snd_1600x1200_web_banner_peter_a_lucia_sez102_lp.jpg\",\"datePublished\":\"2023-01-19T09:48:47+00:00\",\"breadcrumb\":{\"@id\":\"https:\/\/institutfrancais.sk\/fr\/podujatie\/opera-pierre-et-luce\/#breadcrumb\"},\"inLanguage\":\"fr-FR\",\"potentialAction\":[{\"@type\":\"ReadAction\",\"target\":[\"https:\/\/institutfrancais.sk\/fr\/podujatie\/opera-pierre-et-luce\/\"]}]},{\"@type\":\"ImageObject\",\"inLanguage\":\"fr-FR\",\"@id\":\"https:\/\/institutfrancais.sk\/fr\/podujatie\/opera-pierre-et-luce\/#primaryimage\",\"url\":\"https:\/\/institutfrancais.sk\/wp-content\/uploads\/2023\/01\/snd_1600x1200_web_banner_peter_a_lucia_sez102_lp.jpg\",\"contentUrl\":\"https:\/\/institutfrancais.sk\/wp-content\/uploads\/2023\/01\/snd_1600x1200_web_banner_peter_a_lucia_sez102_lp.jpg\",\"width\":960,\"height\":720},{\"@type\":\"BreadcrumbList\",\"@id\":\"https:\/\/institutfrancais.sk\/fr\/podujatie\/opera-pierre-et-luce\/#breadcrumb\",\"itemListElement\":[{\"@type\":\"ListItem\",\"position\":1,\"name\":\"Home\",\"item\":\"https:\/\/institutfrancais.sk\/fr\/\"},{\"@type\":\"ListItem\",\"position\":2,\"name\":\"Events\",\"item\":\"https:\/\/institutfrancais.sk\/fr\/podujatie\/\"},{\"@type\":\"ListItem\",\"position\":3,\"name\":\"Op\u00e9ra: Pierre et Luce\"}]},{\"@type\":\"WebSite\",\"@id\":\"https:\/\/institutfrancais.sk\/fr\/#website\",\"url\":\"https:\/\/institutfrancais.sk\/fr\/\",\"name\":\"Franc\u00fazsky in\u0161tit\u00fat na Slovensku\",\"description\":\"Franc\u00fazsky in\u0161tit\u00fat na Slovensku\",\"potentialAction\":[{\"@type\":\"SearchAction\",\"target\":{\"@type\":\"EntryPoint\",\"urlTemplate\":\"https:\/\/institutfrancais.sk\/fr\/?s={search_term_string}\"},\"query-input\":{\"@type\":\"PropertyValueSpecification\",\"valueRequired\":true,\"valueName\":\"search_term_string\"}}],\"inLanguage\":\"fr-FR\"}]}<\/script>\n<!-- \/ Yoast SEO plugin. -->","yoast_head_json":{"title":"Op\u00e9ra: Pierre et Luce - Franc\u00fazsky in\u0161tit\u00fat na Slovensku","robots":{"index":"index","follow":"follow","max-snippet":"max-snippet:-1","max-image-preview":"max-image-preview:large","max-video-preview":"max-video-preview:-1"},"canonical":"https:\/\/institutfrancais.sk\/fr\/podujatie\/opera-pierre-et-luce\/","og_locale":"fr_FR","og_type":"article","og_title":"Op\u00e9ra: Pierre et Luce - Franc\u00fazsky in\u0161tit\u00fat na Slovensku","og_description":"Avec son nouveau projet, le Studio d&rsquo;op\u00e9ra du Th\u00e9\u00e2tre national slovaque perp\u00e9tue la tradition de pr\u00e9senter des \u0153uvres de compositeurs slovaques. Il a&nbsp;pr\u00e9par\u00e9 une repr\u00e9sentation sc\u00e9nique de l&rsquo;op\u00e9ra Pierre et Luce de Miro B\u00e1zlik, qui revient sur sc\u00e8ne apr\u00e8s 55 ans. L&rsquo;\u0153uvre est une adaptation de la c\u00e9l\u00e8bre nouvelle de Romain Rolland. L&rsquo;histoire d&rsquo;amour tendre [&hellip;]","og_url":"https:\/\/institutfrancais.sk\/fr\/podujatie\/opera-pierre-et-luce\/","og_site_name":"Franc\u00fazsky in\u0161tit\u00fat na Slovensku","og_image":[{"width":960,"height":720,"url":"https:\/\/institutfrancais.sk\/wp-content\/uploads\/2023\/01\/snd_1600x1200_web_banner_peter_a_lucia_sez102_lp.jpg","type":"image\/jpeg"}],"twitter_card":"summary_large_image","twitter_misc":{"Dur\u00e9e de lecture estim\u00e9e":"1 minute"},"schema":{"@context":"https:\/\/schema.org","@graph":[{"@type":"WebPage","@id":"https:\/\/institutfrancais.sk\/fr\/podujatie\/opera-pierre-et-luce\/","url":"https:\/\/institutfrancais.sk\/fr\/podujatie\/opera-pierre-et-luce\/","name":"Op\u00e9ra: Pierre et Luce - Franc\u00fazsky in\u0161tit\u00fat na Slovensku","isPartOf":{"@id":"https:\/\/institutfrancais.sk\/fr\/#website"},"primaryImageOfPage":{"@id":"https:\/\/institutfrancais.sk\/fr\/podujatie\/opera-pierre-et-luce\/#primaryimage"},"image":{"@id":"https:\/\/institutfrancais.sk\/fr\/podujatie\/opera-pierre-et-luce\/#primaryimage"},"thumbnailUrl":"https:\/\/institutfrancais.sk\/wp-content\/uploads\/2023\/01\/snd_1600x1200_web_banner_peter_a_lucia_sez102_lp.jpg","datePublished":"2023-01-19T09:48:47+00:00","breadcrumb":{"@id":"https:\/\/institutfrancais.sk\/fr\/podujatie\/opera-pierre-et-luce\/#breadcrumb"},"inLanguage":"fr-FR","potentialAction":[{"@type":"ReadAction","target":["https:\/\/institutfrancais.sk\/fr\/podujatie\/opera-pierre-et-luce\/"]}]},{"@type":"ImageObject","inLanguage":"fr-FR","@id":"https:\/\/institutfrancais.sk\/fr\/podujatie\/opera-pierre-et-luce\/#primaryimage","url":"https:\/\/institutfrancais.sk\/wp-content\/uploads\/2023\/01\/snd_1600x1200_web_banner_peter_a_lucia_sez102_lp.jpg","contentUrl":"https:\/\/institutfrancais.sk\/wp-content\/uploads\/2023\/01\/snd_1600x1200_web_banner_peter_a_lucia_sez102_lp.jpg","width":960,"height":720},{"@type":"BreadcrumbList","@id":"https:\/\/institutfrancais.sk\/fr\/podujatie\/opera-pierre-et-luce\/#breadcrumb","itemListElement":[{"@type":"ListItem","position":1,"name":"Home","item":"https:\/\/institutfrancais.sk\/fr\/"},{"@type":"ListItem","position":2,"name":"Events","item":"https:\/\/institutfrancais.sk\/fr\/podujatie\/"},{"@type":"ListItem","position":3,"name":"Op\u00e9ra: Pierre et Luce"}]},{"@type":"WebSite","@id":"https:\/\/institutfrancais.sk\/fr\/#website","url":"https:\/\/institutfrancais.sk\/fr\/","name":"Franc\u00fazsky in\u0161tit\u00fat na Slovensku","description":"Franc\u00fazsky in\u0161tit\u00fat na Slovensku","potentialAction":[{"@type":"SearchAction","target":{"@type":"EntryPoint","urlTemplate":"https:\/\/institutfrancais.sk\/fr\/?s={search_term_string}"},"query-input":{"@type":"PropertyValueSpecification","valueRequired":true,"valueName":"search_term_string"}}],"inLanguage":"fr-FR"}]}},"_links":{"self":[{"href":"https:\/\/institutfrancais.sk\/fr\/wp-json\/wp\/v2\/podujatie\/25312"}],"collection":[{"href":"https:\/\/institutfrancais.sk\/fr\/wp-json\/wp\/v2\/podujatie"}],"about":[{"href":"https:\/\/institutfrancais.sk\/fr\/wp-json\/wp\/v2\/types\/podujatie"}],"wp:featuredmedia":[{"embeddable":true,"href":"https:\/\/institutfrancais.sk\/fr\/wp-json\/wp\/v2\/media\/25310"}],"wp:attachment":[{"href":"https:\/\/institutfrancais.sk\/fr\/wp-json\/wp\/v2\/media?parent=25312"}],"wp:term":[{"taxonomy":"typ-podujatia","embeddable":true,"href":"https:\/\/institutfrancais.sk\/fr\/wp-json\/wp\/v2\/typ-podujatia?post=25312"}],"curies":[{"name":"wp","href":"https:\/\/api.w.org\/{rel}","templated":true}]}}