{"id":25363,"date":"2023-01-19T10:17:58","date_gmt":"2023-01-19T09:17:58","guid":{"rendered":"https:\/\/institutfrancais.sk\/podujatie\/vystava-horizons-francuzskej-architektky-odile-decq\/"},"modified":"2023-01-19T10:43:24","modified_gmt":"2023-01-19T09:43:24","slug":"vystava-horizons-francuzskej-architektky-odile-decq","status":"publish","type":"podujatie","link":"https:\/\/institutfrancais.sk\/fr\/podujatie\/vystava-horizons-francuzskej-architektky-odile-decq\/","title":{"rendered":"Exposition Horizons de l&rsquo;architecte fran\u00e7aise Odile Decq"},"content":{"rendered":"\n<div class=\"wp-block-image is-style-default\"><figure class=\"alignleft size-medium\"><img loading=\"lazy\" decoding=\"async\" width=\"300\" height=\"300\" src=\"https:\/\/institutfrancais.sk\/wp-content\/uploads\/2023\/01\/Odile_Decq_cropped-300x300.jpg\" alt=\"\" class=\"wp-image-25360\" srcset=\"https:\/\/institutfrancais.sk\/wp-content\/uploads\/2023\/01\/Odile_Decq_cropped-300x300.jpg 300w, https:\/\/institutfrancais.sk\/wp-content\/uploads\/2023\/01\/Odile_Decq_cropped-1022x1024.jpg 1022w, https:\/\/institutfrancais.sk\/wp-content\/uploads\/2023\/01\/Odile_Decq_cropped-150x150.jpg 150w, https:\/\/institutfrancais.sk\/wp-content\/uploads\/2023\/01\/Odile_Decq_cropped-768x770.jpg 768w, https:\/\/institutfrancais.sk\/wp-content\/uploads\/2023\/01\/Odile_Decq_cropped-998x1000.jpg 998w, https:\/\/institutfrancais.sk\/wp-content\/uploads\/2023\/01\/Odile_Decq_cropped.jpg 1311w\" sizes=\"(max-width: 300px) 100vw, 300px\" \/><figcaption>\u00ab\u00a0<a target=\"_blank\" rel=\"noreferrer noopener\" href=\"https:\/\/commons.wikimedia.org\/w\/index.php?curid=65487461\">Odile Decq (cropped)<\/a>\u00a0\u00bb by <a target=\"_blank\" rel=\"noreferrer noopener\" href=\"https:\/\/www.flickr.com\/people\/38426037@N04\">Columbia GSAPP<\/a> is licensed under <a target=\"_blank\" rel=\"noreferrer noopener\" href=\"https:\/\/creativecommons.org\/licenses\/by\/2.0\/?ref=openverse\">CC BY 2.0<\/a>.<\/figcaption><\/figure><\/div>\n\n\n\n<p>L&rsquo;exposition est le r\u00e9sultat d&rsquo;une collaboration entre l&rsquo;Alliance Fran\u00e7aise, FUTU, K13 &#8211;&nbsp;Centres culturels de Ko\u0161ice, le Cabinet d&rsquo;architecture d&rsquo;Ostrava et le Studio Odile Decq de Paris. La composition minimaliste de l&rsquo;exposition sur des tables d&rsquo;auteur atypiques permettra une pr\u00e9sentation en 3D de ses projets exceptionnels. Ils sont compl\u00e9t\u00e9s par une installation de luminaires Luceplan que l&rsquo;architecte a&nbsp;con\u00e7ue pour ce prestigieux fabricant milanais. Un court texte explique le lien entre les projets &#8211;&nbsp;un po\u00e8me original qui est une sorte de quintessence de ses attitudes professionnelles et de vie. Le th\u00e8me est plus largement d\u00e9velopp\u00e9 avec des photographies des objets expos\u00e9s ainsi que des projections de leurs d\u00e9tails et curiosit\u00e9s architecturales. Pour le spectateur slovaque, la Fran\u00e7aise veut montrer des projets qui ont \u00e9t\u00e9 r\u00e9alis\u00e9s. Dans les photographies, elle pr\u00e9sente principalement la partie entr\u00e9e des b\u00e2timents. Dans des expositions similaires, des sections et des plans d&rsquo;\u00e9tage d&rsquo;un b\u00e2timent donn\u00e9 sont souvent pr\u00e9sent\u00e9s, mais elle attire l&rsquo;attention sur l&rsquo;entr\u00e9e. \u00c0 travers elle, elle invite le visiteur \u00e0 p\u00e9n\u00e9trer dans son architecture, de sorte qu&rsquo;il a&nbsp;l&rsquo;impression de faire partie du b\u00e2timent.<\/p>\n\n\n\n<p>Commissaires de l&rsquo;exposition : Tade\u00e1\u0161 Goryczka, Jaroslav N\u011bmec \/ Cabinet d&rsquo;architecture, Martin Drahovsk\u00fd<\/p>\n\n\n<div class=\"space xs\"><\/div>\n\n\n<h2 class=\"wp-block-heading\">L&rsquo;exposition est organis\u00e9e \u00e0 l&rsquo;occasion du 23e anniversaire de la fondation de l&rsquo;Alliance fran\u00e7aise de Ko\u0161ice. Ouverture : 22 janvier 2023 \u00e0 17h00.<\/h2>\n\n\n\n<p>L&rsquo;exposition est organis\u00e9e sous les auspices et avec le soutien de S.E. M. Pascal Le Deunff &#8211;&nbsp;Ambassadeur de la R\u00e9publique fran\u00e7aise en Slovaquie et de Ing. Jaroslav Polacek &#8211;&nbsp;Maire de la ville.<br><\/p>\n\n\n<div class=\"space xs\"><\/div>\n\n<\/div><iframe loading=\"lazy\" src=\"https:\/\/www.google.com\/maps\/embed?pb=!1m18!1m12!1m3!1d2632.5217621631505!2d21.254092315833446!3d48.71462111877255!2m3!1f0!2f0!3f0!3m2!1i1024!2i768!4f13.1!3m3!1m2!1s0x473ee0721bb5288f%3A0x569849857672457c!2sKas%C3%A1rne%2FKulturpark!5e0!3m2!1sfr!2ssk!4v1674119798603!5m2!1sfr!2ssk\" width=\"100%\" height=\"558\" frameborder=\"0\" class=\"gmap-iframe\" allowfullscreen=\"\"><\/iframe><div class=\"wrap narrow-wrap\">","protected":false},"featured_media":25359,"template":"","typ-podujatia":[56],"acf":[],"yoast_head":"<!-- This site is optimized with the Yoast SEO plugin v24.5 - https:\/\/yoast.com\/wordpress\/plugins\/seo\/ -->\n<title>Exposition Horizons de l&#039;architecte fran\u00e7aise Odile Decq - Franc\u00fazsky in\u0161tit\u00fat na Slovensku<\/title>\n<meta name=\"description\" content=\"Pr\u00e1ce medzin\u00e1rodne uzn\u00e1vanej a \u010dasto oce\u0148ovanej franc\u00fazskej architektky, urbanistky a akademickej pedagogi\u010dky Odile Decq si bud\u00fa m\u00f4c\u0165 ...\" \/>\n<meta name=\"robots\" content=\"index, follow, max-snippet:-1, max-image-preview:large, max-video-preview:-1\" \/>\n<link rel=\"canonical\" href=\"https:\/\/institutfrancais.sk\/fr\/podujatie\/vystava-horizons-francuzskej-architektky-odile-decq\/\" \/>\n<meta property=\"og:locale\" content=\"fr_FR\" \/>\n<meta property=\"og:type\" content=\"article\" \/>\n<meta property=\"og:title\" content=\"Exposition Horizons de l&#039;architecte fran\u00e7aise Odile Decq - Franc\u00fazsky in\u0161tit\u00fat na Slovensku\" \/>\n<meta property=\"og:description\" content=\"Pr\u00e1ce medzin\u00e1rodne uzn\u00e1vanej a \u010dasto oce\u0148ovanej franc\u00fazskej architektky, urbanistky a akademickej pedagogi\u010dky Odile Decq si bud\u00fa m\u00f4c\u0165 ...\" \/>\n<meta property=\"og:url\" content=\"https:\/\/institutfrancais.sk\/fr\/podujatie\/vystava-horizons-francuzskej-architektky-odile-decq\/\" \/>\n<meta property=\"og:site_name\" content=\"Franc\u00fazsky in\u0161tit\u00fat na Slovensku\" \/>\n<meta property=\"article:modified_time\" content=\"2023-01-19T09:43:24+00:00\" \/>\n<meta property=\"og:image\" content=\"https:\/\/institutfrancais.sk\/wp-content\/uploads\/2023\/01\/plakat_odile-kosice_mail-2.png\" \/>\n\t<meta property=\"og:image:width\" content=\"1000\" \/>\n\t<meta property=\"og:image:height\" content=\"967\" \/>\n\t<meta property=\"og:image:type\" content=\"image\/png\" \/>\n<meta name=\"twitter:card\" content=\"summary_large_image\" \/>\n<meta name=\"twitter:label1\" content=\"Dur\u00e9e de lecture estim\u00e9e\" \/>\n\t<meta name=\"twitter:data1\" content=\"2 minutes\" \/>\n<script type=\"application\/ld+json\" class=\"yoast-schema-graph\">{\"@context\":\"https:\/\/schema.org\",\"@graph\":[{\"@type\":\"WebPage\",\"@id\":\"https:\/\/institutfrancais.sk\/fr\/podujatie\/vystava-horizons-francuzskej-architektky-odile-decq\/\",\"url\":\"https:\/\/institutfrancais.sk\/fr\/podujatie\/vystava-horizons-francuzskej-architektky-odile-decq\/\",\"name\":\"Exposition Horizons de l'architecte fran\u00e7aise Odile Decq - Franc\u00fazsky in\u0161tit\u00fat na Slovensku\",\"isPartOf\":{\"@id\":\"https:\/\/institutfrancais.sk\/fr\/#website\"},\"primaryImageOfPage\":{\"@id\":\"https:\/\/institutfrancais.sk\/fr\/podujatie\/vystava-horizons-francuzskej-architektky-odile-decq\/#primaryimage\"},\"image\":{\"@id\":\"https:\/\/institutfrancais.sk\/fr\/podujatie\/vystava-horizons-francuzskej-architektky-odile-decq\/#primaryimage\"},\"thumbnailUrl\":\"https:\/\/institutfrancais.sk\/wp-content\/uploads\/2023\/01\/plakat_odile-kosice_mail-2.png\",\"datePublished\":\"2023-01-19T09:17:58+00:00\",\"dateModified\":\"2023-01-19T09:43:24+00:00\",\"description\":\"Pr\u00e1ce medzin\u00e1rodne uzn\u00e1vanej a \u010dasto oce\u0148ovanej franc\u00fazskej architektky, urbanistky a akademickej pedagogi\u010dky Odile Decq si bud\u00fa m\u00f4c\u0165 ...\",\"breadcrumb\":{\"@id\":\"https:\/\/institutfrancais.sk\/fr\/podujatie\/vystava-horizons-francuzskej-architektky-odile-decq\/#breadcrumb\"},\"inLanguage\":\"fr-FR\",\"potentialAction\":[{\"@type\":\"ReadAction\",\"target\":[\"https:\/\/institutfrancais.sk\/fr\/podujatie\/vystava-horizons-francuzskej-architektky-odile-decq\/\"]}]},{\"@type\":\"ImageObject\",\"inLanguage\":\"fr-FR\",\"@id\":\"https:\/\/institutfrancais.sk\/fr\/podujatie\/vystava-horizons-francuzskej-architektky-odile-decq\/#primaryimage\",\"url\":\"https:\/\/institutfrancais.sk\/wp-content\/uploads\/2023\/01\/plakat_odile-kosice_mail-2.png\",\"contentUrl\":\"https:\/\/institutfrancais.sk\/wp-content\/uploads\/2023\/01\/plakat_odile-kosice_mail-2.png\",\"width\":1000,\"height\":967},{\"@type\":\"BreadcrumbList\",\"@id\":\"https:\/\/institutfrancais.sk\/fr\/podujatie\/vystava-horizons-francuzskej-architektky-odile-decq\/#breadcrumb\",\"itemListElement\":[{\"@type\":\"ListItem\",\"position\":1,\"name\":\"Home\",\"item\":\"https:\/\/institutfrancais.sk\/fr\/\"},{\"@type\":\"ListItem\",\"position\":2,\"name\":\"Events\",\"item\":\"https:\/\/institutfrancais.sk\/fr\/podujatie\/\"},{\"@type\":\"ListItem\",\"position\":3,\"name\":\"Exposition Horizons de l&#8217;architecte fran\u00e7aise Odile Decq\"}]},{\"@type\":\"WebSite\",\"@id\":\"https:\/\/institutfrancais.sk\/fr\/#website\",\"url\":\"https:\/\/institutfrancais.sk\/fr\/\",\"name\":\"Franc\u00fazsky in\u0161tit\u00fat na Slovensku\",\"description\":\"Franc\u00fazsky in\u0161tit\u00fat na Slovensku\",\"potentialAction\":[{\"@type\":\"SearchAction\",\"target\":{\"@type\":\"EntryPoint\",\"urlTemplate\":\"https:\/\/institutfrancais.sk\/fr\/?s={search_term_string}\"},\"query-input\":{\"@type\":\"PropertyValueSpecification\",\"valueRequired\":true,\"valueName\":\"search_term_string\"}}],\"inLanguage\":\"fr-FR\"}]}<\/script>\n<!-- \/ Yoast SEO plugin. -->","yoast_head_json":{"title":"Exposition Horizons de l'architecte fran\u00e7aise Odile Decq - Franc\u00fazsky in\u0161tit\u00fat na Slovensku","description":"Pr\u00e1ce medzin\u00e1rodne uzn\u00e1vanej a \u010dasto oce\u0148ovanej franc\u00fazskej architektky, urbanistky a akademickej pedagogi\u010dky Odile Decq si bud\u00fa m\u00f4c\u0165 ...","robots":{"index":"index","follow":"follow","max-snippet":"max-snippet:-1","max-image-preview":"max-image-preview:large","max-video-preview":"max-video-preview:-1"},"canonical":"https:\/\/institutfrancais.sk\/fr\/podujatie\/vystava-horizons-francuzskej-architektky-odile-decq\/","og_locale":"fr_FR","og_type":"article","og_title":"Exposition Horizons de l'architecte fran\u00e7aise Odile Decq - Franc\u00fazsky in\u0161tit\u00fat na Slovensku","og_description":"Pr\u00e1ce medzin\u00e1rodne uzn\u00e1vanej a \u010dasto oce\u0148ovanej franc\u00fazskej architektky, urbanistky a akademickej pedagogi\u010dky Odile Decq si bud\u00fa m\u00f4c\u0165 ...","og_url":"https:\/\/institutfrancais.sk\/fr\/podujatie\/vystava-horizons-francuzskej-architektky-odile-decq\/","og_site_name":"Franc\u00fazsky in\u0161tit\u00fat na Slovensku","article_modified_time":"2023-01-19T09:43:24+00:00","og_image":[{"width":1000,"height":967,"url":"https:\/\/institutfrancais.sk\/wp-content\/uploads\/2023\/01\/plakat_odile-kosice_mail-2.png","type":"image\/png"}],"twitter_card":"summary_large_image","twitter_misc":{"Dur\u00e9e de lecture estim\u00e9e":"2 minutes"},"schema":{"@context":"https:\/\/schema.org","@graph":[{"@type":"WebPage","@id":"https:\/\/institutfrancais.sk\/fr\/podujatie\/vystava-horizons-francuzskej-architektky-odile-decq\/","url":"https:\/\/institutfrancais.sk\/fr\/podujatie\/vystava-horizons-francuzskej-architektky-odile-decq\/","name":"Exposition Horizons de l'architecte fran\u00e7aise Odile Decq - Franc\u00fazsky in\u0161tit\u00fat na Slovensku","isPartOf":{"@id":"https:\/\/institutfrancais.sk\/fr\/#website"},"primaryImageOfPage":{"@id":"https:\/\/institutfrancais.sk\/fr\/podujatie\/vystava-horizons-francuzskej-architektky-odile-decq\/#primaryimage"},"image":{"@id":"https:\/\/institutfrancais.sk\/fr\/podujatie\/vystava-horizons-francuzskej-architektky-odile-decq\/#primaryimage"},"thumbnailUrl":"https:\/\/institutfrancais.sk\/wp-content\/uploads\/2023\/01\/plakat_odile-kosice_mail-2.png","datePublished":"2023-01-19T09:17:58+00:00","dateModified":"2023-01-19T09:43:24+00:00","description":"Pr\u00e1ce medzin\u00e1rodne uzn\u00e1vanej a \u010dasto oce\u0148ovanej franc\u00fazskej architektky, urbanistky a akademickej pedagogi\u010dky Odile Decq si bud\u00fa m\u00f4c\u0165 ...","breadcrumb":{"@id":"https:\/\/institutfrancais.sk\/fr\/podujatie\/vystava-horizons-francuzskej-architektky-odile-decq\/#breadcrumb"},"inLanguage":"fr-FR","potentialAction":[{"@type":"ReadAction","target":["https:\/\/institutfrancais.sk\/fr\/podujatie\/vystava-horizons-francuzskej-architektky-odile-decq\/"]}]},{"@type":"ImageObject","inLanguage":"fr-FR","@id":"https:\/\/institutfrancais.sk\/fr\/podujatie\/vystava-horizons-francuzskej-architektky-odile-decq\/#primaryimage","url":"https:\/\/institutfrancais.sk\/wp-content\/uploads\/2023\/01\/plakat_odile-kosice_mail-2.png","contentUrl":"https:\/\/institutfrancais.sk\/wp-content\/uploads\/2023\/01\/plakat_odile-kosice_mail-2.png","width":1000,"height":967},{"@type":"BreadcrumbList","@id":"https:\/\/institutfrancais.sk\/fr\/podujatie\/vystava-horizons-francuzskej-architektky-odile-decq\/#breadcrumb","itemListElement":[{"@type":"ListItem","position":1,"name":"Home","item":"https:\/\/institutfrancais.sk\/fr\/"},{"@type":"ListItem","position":2,"name":"Events","item":"https:\/\/institutfrancais.sk\/fr\/podujatie\/"},{"@type":"ListItem","position":3,"name":"Exposition Horizons de l&#8217;architecte fran\u00e7aise Odile Decq"}]},{"@type":"WebSite","@id":"https:\/\/institutfrancais.sk\/fr\/#website","url":"https:\/\/institutfrancais.sk\/fr\/","name":"Franc\u00fazsky in\u0161tit\u00fat na Slovensku","description":"Franc\u00fazsky in\u0161tit\u00fat na Slovensku","potentialAction":[{"@type":"SearchAction","target":{"@type":"EntryPoint","urlTemplate":"https:\/\/institutfrancais.sk\/fr\/?s={search_term_string}"},"query-input":{"@type":"PropertyValueSpecification","valueRequired":true,"valueName":"search_term_string"}}],"inLanguage":"fr-FR"}]}},"_links":{"self":[{"href":"https:\/\/institutfrancais.sk\/fr\/wp-json\/wp\/v2\/podujatie\/25363"}],"collection":[{"href":"https:\/\/institutfrancais.sk\/fr\/wp-json\/wp\/v2\/podujatie"}],"about":[{"href":"https:\/\/institutfrancais.sk\/fr\/wp-json\/wp\/v2\/types\/podujatie"}],"wp:featuredmedia":[{"embeddable":true,"href":"https:\/\/institutfrancais.sk\/fr\/wp-json\/wp\/v2\/media\/25359"}],"wp:attachment":[{"href":"https:\/\/institutfrancais.sk\/fr\/wp-json\/wp\/v2\/media?parent=25363"}],"wp:term":[{"taxonomy":"typ-podujatia","embeddable":true,"href":"https:\/\/institutfrancais.sk\/fr\/wp-json\/wp\/v2\/typ-podujatia?post=25363"}],"curies":[{"name":"wp","href":"https:\/\/api.w.org\/{rel}","templated":true}]}}