{"id":25966,"date":"2023-02-21T16:06:02","date_gmt":"2023-02-21T15:06:02","guid":{"rendered":"https:\/\/institutfrancais.sk\/podujatie\/vystava-maly-princ-katariny-vavrovej\/"},"modified":"2023-04-11T09:19:14","modified_gmt":"2023-04-11T07:19:14","slug":"exposition-leger-comme-une-plume-de-katarina-vavrova","status":"publish","type":"podujatie","link":"https:\/\/institutfrancais.sk\/fr\/podujatie\/exposition-leger-comme-une-plume-de-katarina-vavrova\/","title":{"rendered":"Exposition \u00ab\u00a0L\u00e9ger comme une plume\u00a0\u00bb de Katar\u00edna Vavrov\u00e1"},"content":{"rendered":"\n<p>La galerie de l&rsquo;Institut fran\u00e7ais pr\u00e9sentera une nouvelle exposition d&rsquo;\u0153uvres de la c\u00e9l\u00e8bre peintre slovaque <strong>Katar\u00edna Vavrov\u00e1,<\/strong> qui s&rsquo;inspirent de l&rsquo;histoire du <em>Petit Prince<\/em> de l&rsquo;\u00e9crivain fran\u00e7ais<strong> Antoine de Saint-Exup\u00e9ry<\/strong>. Le livre, qui a&nbsp;\u00e9t\u00e9 traduit dans plus de 180 langues, illustre parfaitement le th\u00e8me des Journ\u00e9es de la Francophonie &nbsp;2023&nbsp;: \u00ab&nbsp;D\u00e9passer les fronti\u00e8res&nbsp;\u00bb. L&rsquo;exposition artistique sera accompagn\u00e9e d&rsquo;une exposition parall\u00e8le de diff\u00e9rentes \u00e9ditions du livre traduites en plusieurs langues.<\/p>\n\n\n\n<p><\/p>\n\n\n\n<h4 class=\"wp-block-heading\">Mot de la commissaire<\/h4>\n\n\n\n<p>L\u2019artiste peintre professionnelle, Katar\u00edna Vavrov\u00e1, est l&rsquo;une des personnalit\u00e9s les plus remarquables et significatives de l&rsquo;art visuel slovaque contemporain, de par sa ligne po\u00e9tique-imaginative.&nbsp;<\/p>\n\n\n\n<p>Son \u0153uvre originale et intemporelle est repr\u00e9sent\u00e9e par des peintures sur papier, cr\u00e9\u00e9es par un fascinant croisement de plusieurs techniques (gouache, pastel, a\u00e9rographe, encre), des dessins, des illustrations et des gravures libres. L&rsquo;artiste a&nbsp;re\u00e7u plusieurs prix internationaux prestigieux pour ses \u0153uvres caract\u00e9ristiques, et est repr\u00e9sent\u00e9e dans de nombreuses collections priv\u00e9es et publiques, notamment en Belgique mais aussi \u00e0 l&rsquo;\u00e9tranger.<\/p>\n\n\n\n<p>A&nbsp;l\u2018occasion de l&rsquo;exposition \u00e0 l&rsquo;Institut fran\u00e7ais de Slovaquie, l&rsquo;artiste pr\u00e9sente avec des peintures et des dessins. Leur \u00e9ventail th\u00e9matique est tr\u00e8s sp\u00e9cifique. Elle a&nbsp;choisi des th\u00e8mes caract\u00e9ristiques inspir\u00e9es de la France, qu&rsquo;elle aborde avec beaucoup de conviction et d&rsquo;enthousiasme: Le Petit Prince, l&rsquo;\u0153uvre la plus c\u00e9l\u00e8bre de Saint-Exup\u00e9ry (1943), les illustrations du livre de l&rsquo;un des plus grands po\u00e8tes fran\u00e7ais, Charles Baudelaire, \u00ab\u00a0<em>Celle qui marchait \u00e0 c\u00f4t\u00e9 de moi<\/em>\u00ab\u00a0, traduit par \u013dubom\u00edr Feldek, et le th\u00e8me du c\u00e9l\u00e8bre cabaret parisien, le \u201eMoulin Rouge\u201c.<\/p>\n\n\n\n<p>Les illustrations de Katar\u00edna Vavrov\u00e1 ont remport\u00e9 de nombreux prix prestigieux. Elles sont exceptionnelles parce que l&rsquo;auteur ne se laisse pas limiter par l&rsquo;histoire litt\u00e9raire et n&rsquo;a&nbsp;pas besoin de cr\u00e9er une forte d\u00e9pendance \u00e0 l&rsquo;\u00e9gard du texte. Il s&rsquo;agit d&rsquo;associations libres, d&rsquo;histoires et de dessins tr\u00e8s picturaux, pleins de fantaisie, d&rsquo;imagination, d&rsquo;invention et de po\u00e9sie. Il y a&nbsp;un merveilleux m\u00e9lange de r\u00e9alit\u00e9 et de fantaisie, d&rsquo;ensemble et de d\u00e9tail, de couleur et de ligne.<\/p>\n\n\n\n<p><strong>Le Petit Prince d&rsquo;Antoine de Saint-Exup\u00e9ry<\/strong> : ce conte magique et exceptionnel que nous lisons \u00e0 nos enfants, mais que nous ne comprenons que lorsque nous sommes adultes et matures, a&nbsp;\u00e9t\u00e9 illustr\u00e9 par l&rsquo;auteur de mani\u00e8re remarquable \u00e0 travers l\u2018art.<\/p>\n\n\n\n<p>Le message essentiel (l&rsquo;aspiration \u00e0 l&rsquo;amiti\u00e9, la responsabilit\u00e9 envers soi-m\u00eame et envers les autres, la tristesse de la solitude, l&rsquo;appel \u00e0 la compr\u00e9hension et \u00e0 la bont\u00e9) a&nbsp;\u00e9t\u00e9 exprim\u00e9 avec beaucoup d&#8217;empathie et d&rsquo;imagination. Les couleurs d\u00e9licates et discr\u00e8tes, les lignes douces comme une toile d&rsquo;araign\u00e9e, mettent en valeur les contours de cette histoire fragile et intemporelle.<\/p>\n\n\n\n<p><strong>Charles Baudelaire<\/strong> occupe une place particuli\u00e8re dans son \u0153uvre riche en illustrations.<\/p>\n\n\n\n<p>C&rsquo;est ce personnage temp\u00e9tueux, controvers\u00e9, incompris, provocateur, injuri\u00e9, dur, passionn\u00e9 et parfois bon, \u00e9voquant un monde cruel et mauvais, qui a&nbsp;inspir\u00e9 \u00e0 Katar\u00edna Vavrov\u00e1 \u00e0 travers des expressions uniques et dramatiques dans lesquelles elle a&nbsp;indubitablement captur\u00e9 la complexit\u00e9 et l&rsquo;essence de la po\u00e9sie et de la personnalit\u00e9 de Baudelaire.<\/p>\n\n\n\n<p>Comme l&rsquo;avoue l&rsquo;artiste elle-m\u00eame,<em> \u00ab\u00a0j&rsquo;ai laiss\u00e9 sortir mon \u00e2me avec Baudelaire, mais avec un texte de g\u00e9nie aussi riche, il est impossible de faire autrement\u00a0\u00bb. <\/em>L&rsquo;\u00e9nergie, l&rsquo;\u00e9motion et l&rsquo;authenticit\u00e9 qu&rsquo;elle a&nbsp;captur\u00e9es dans ses peintures sont uniques et exceptionnelles.<\/p>\n\n\n\n<p>Le <strong>l\u00e9gendaire Moulin Rouge <\/strong>de Paris est un th\u00e8me totalement nouveau dans l&rsquo;\u0153uvre de Katar\u00edna Vavrov\u00e1.<\/p>\n\n\n\n<p>L&rsquo;artiste a&nbsp;recr\u00e9\u00e9 ici, et de mani\u00e8re \u00e9vocatrice, l&rsquo;atmosph\u00e8re du c\u00e9l\u00e8bre cabaret;&nbsp;elle a&nbsp;cr\u00e9\u00e9 une histoire triste, belle et nostalgique, mais aussi dynamique et expressive sur la vie, la sensualit\u00e9, l&rsquo;amour, la beaut\u00e9, la joie d\u00e9brid\u00e9e du mouvement et de la danse. Cependant, le choix de ce th\u00e8me n&rsquo;a&nbsp;pas \u00e9t\u00e9 fait au hasard. Le p\u00e8re de l\u2018artiste, le c\u00e9l\u00e8bre artiste Milan Vavro, avait d\u00e9j\u00e0 une excellente connaissance de ce th\u00e8me, et l&rsquo;\u00e9norme \u00e9nergie qui se d\u00e9gage de ses peintures a&nbsp;\u00e9galement inspir\u00e9 &nbsp;Katar\u00edna Vavrov\u00e1.<\/p>\n\n\n\n<p>Elle a&nbsp;d\u00e9lib\u00e9r\u00e9ment choisi la technique du dessin en noir et blanc pour exprimer ce th\u00e8me. L&rsquo;auteur utilise avec brio la technique de la plume, ce qui est rare et plut\u00f4t unique dans notre pays aujourd&rsquo;hui, \u00e0 l&rsquo;\u00e8re de la technologie informatique. Comme elle le dit elle-m\u00eame, ses dessins \u00e0 la plume, dansants, sont les plus \u00e0 m\u00eame d&rsquo;exprimer l&rsquo;expression du mouvement.<\/p>\n\n\n\n<p>L&rsquo;iconographie des images suggestives ne change pas. Elles montrent des visages et des figures f\u00e9minines nobles, tendres et magnifiquement pr\u00e9-inspir\u00e9s, compl\u00e9t\u00e9s par des silhouettes masculines, travers\u00e9es par une multitude d&rsquo;\u00e9motions et satur\u00e9es de secrets et de significations.<\/p>\n\n\n\n<p>Katar\u00edna Vavrov\u00e1 \u00e9vite la narration, et \u00e9pure d\u00e9lib\u00e9r\u00e9ment l&rsquo;histoire des d\u00e9tails. Le motif figuratif central n&rsquo;est que subtilement compl\u00e9t\u00e9 par des d\u00e9tails magiques (fleurs, animaux, oiseaux, motifs naturels). L&rsquo;approfondissement des aspects psychologiques des personnages principaux est souvent amplifi\u00e9 par l&rsquo;espace neutre, uniquement accentu\u00e9 par des couleurs, et par les textures fr\u00e9missantes du papier japonais fait \u00e0 la main, de sorte que tout se concentre sur l&rsquo;essentiel : les visages, qui expriment des mouvements toujours \u00e9motionnels.<\/p>\n\n\n\n<p>Cependant, Katar\u00edna Vavrov\u00e1 fait aussi parfois appel \u00e0 la magie de la couleur. Tant\u00f4t douce, tendre et mystique, tant\u00f4t en jouant sur des tons riches, intenses et dramatiques, elle cr\u00e9e une atmosph\u00e8re unique dans les \u0153uvres. Elle utilise la couleur pour sculpter les visages et les formes, pour sugg\u00e9rer l&rsquo;espace, pour accentuer l&rsquo;essentiel. Elle utilise magistralement les impressionnantes lignes de relief du papier japonais fait \u00e0 la main, si in\u00e9branlable, rugueux mais aussi d\u00e9licat, qui est caract\u00e9ristique de l&rsquo;artiste, pour superposer bravement les couleurs, les formes et les trac\u00e9s.<\/p>\n\n\n\n<p>L&rsquo;exposition \u00e0 l&rsquo;Institut fran\u00e7ais est une c\u00e9l\u00e9bration de la po\u00e9sie, du livre et de l&rsquo;image. C&rsquo;est un hommage, une confession, une manifestation artistique de ce que la France repr\u00e9sente pour &nbsp;Katar\u00edna Vavrov\u00e1, et qui r\u00e9veille, ravive ce qui est li\u00e9 dans son imaginaire au \u201eph\u00e9nom\u00e8ne France\u201c, \u00e0 sa culture, \u00e0 son histoire et \u00e0 son pr\u00e9sent.<\/p>\n\n\n\n<p>Ses \u0153uvres sont empreintes de tendresse, de fragilit\u00e9, de beaut\u00e9 et, surtout, de sympathie \u00e0 l&rsquo;\u00e9gard de ce pays magique que chacun d&rsquo;entre nous aime et aime retrouver. Ses \u0153uvres sont contemplatives, chaleureuses, mais aussi dramatiques et rendent visibles les \u00e9motions, l&rsquo;imagination et la fantaisie \u00e9tonnante de l&rsquo;artiste d&rsquo;une mani\u00e8re in\u00e9dite. <\/p>\n\n\n\n<p class=\"has-text-align-right\"><em>Danica Lovi\u0161kov\u00e1<\/em><\/p>\n\n\n<div class=\"space md\"><\/div>\n\n\n<h2 class=\"wp-block-heading\">Partenaire principal de l&rsquo;\u00e9v\u00e8nement<\/h2>\n\n\n<div class=\"space xs\"><\/div>\n\n\n<figure class=\"wp-block-image size-thumbnail is-style-default\"><a href=\"https:\/\/www.citroen.sk\/\"><img loading=\"lazy\" decoding=\"async\" width=\"150\" height=\"150\" src=\"https:\/\/institutfrancais.sk\/wp-content\/uploads\/2023\/03\/Citroen_Brand_Block_Black_RVB-150x150.jpg\" alt=\"\" class=\"wp-image-26326\"\/><\/a><\/figure>\n\n\n<div class=\"space md\"><\/div>\n\n\n<h2 class=\"wp-block-heading\">Partnaire de l&rsquo;\u00e9v\u00e8nement<\/h2>\n\n\n<div class=\"space xs\"><\/div>\n\n\n<figure class=\"wp-block-image size-thumbnail is-style-default\"><img loading=\"lazy\" decoding=\"async\" width=\"150\" height=\"150\" src=\"https:\/\/institutfrancais.sk\/wp-content\/uploads\/2022\/12\/Dizajn-bez-nazvu-51-150x150.png\" alt=\"\" class=\"wp-image-24845\"\/><\/figure>\n\n\n<div class=\"space md\"><\/div>\n\n<\/div><iframe loading=\"lazy\" src=\"https:\/\/www.google.com\/maps\/embed?pb=!1m18!1m12!1m3!1d2662.2735746915087!2d17.10532635165492!3d48.14353077912193!2m3!1f0!2f0!3f0!3m2!1i1024!2i768!4f13.1!3m3!1m2!1s0x476c8942d3867d0f%3A0xf92cfa7be90ee73!2zRnJhbmPDunpza3kgaW7FoXRpdMO6dA!5e0!3m2!1ssk!2ssk!4v1575902399794!5m2!1ssk!2ssk\" width=\"100%\" height=\"558\" frameborder=\"0\" class=\"gmap-iframe\" allowfullscreen=\"\"><\/iframe><div class=\"wrap narrow-wrap\">\n\n<div class=\"space xs\"><\/div>\n\n<\/div><div class=\"gray-bg\"><div class=\"cta-box\"><div class=\"wrap narrow-wrap\"><div class=\"content dark-blue\"><div class=\"cta-box-content\"><div class=\"left-side\"><div class=\"left-content\"><h3>Dans le cadre du programme des Journ\u00e9es de la Francophonie 2023<\/h3>\n<\/div><a class=\"btn btn-white\" href=\"https:\/\/institutfrancais.sk\/fr\/journees-de-la-francophonie-2023\/\">Plus d&rsquo;infos<\/a><\/div><div class=\"right-side\"><div class=\"right-content\"><p><img loading=\"lazy\" decoding=\"async\" class=\"size-medium wp-image-25789 alignright\" src=\"https:\/\/institutfrancais.sk\/wp-content\/uploads\/2023\/02\/JF-2023-Web-and-FB-event-Banner-FR-Simple-300x169.png\" alt=\"\" width=\"300\" height=\"169\" srcset=\"https:\/\/institutfrancais.sk\/wp-content\/uploads\/2023\/02\/JF-2023-Web-and-FB-event-Banner-FR-Simple-300x169.png 300w, https:\/\/institutfrancais.sk\/wp-content\/uploads\/2023\/02\/JF-2023-Web-and-FB-event-Banner-FR-Simple-1024x576.png 1024w, https:\/\/institutfrancais.sk\/wp-content\/uploads\/2023\/02\/JF-2023-Web-and-FB-event-Banner-FR-Simple-768x432.png 768w, https:\/\/institutfrancais.sk\/wp-content\/uploads\/2023\/02\/JF-2023-Web-and-FB-event-Banner-FR-Simple-1536x864.png 1536w, https:\/\/institutfrancais.sk\/wp-content\/uploads\/2023\/02\/JF-2023-Web-and-FB-event-Banner-FR-Simple-1190x669.png 1190w, https:\/\/institutfrancais.sk\/wp-content\/uploads\/2023\/02\/JF-2023-Web-and-FB-event-Banner-FR-Simple-1690x951.png 1690w, https:\/\/institutfrancais.sk\/wp-content\/uploads\/2023\/02\/JF-2023-Web-and-FB-event-Banner-FR-Simple.png 1920w\" sizes=\"(max-width: 300px) 100vw, 300px\" \/><\/p>\n<\/div><\/div><\/div><\/div><\/div><\/div><\/div><div class=\"wrap narrow-wrap\">\n\n\n<p><em>Couverture : \u00ab\u00a0<a target=\"_blank\" rel=\"noreferrer noopener\" href=\"https:\/\/www.flickr.com\/photos\/30381515@N00\/268634682\">Le Petit Prince<\/a>\u00a0\u00bb by&nbsp;<a target=\"_blank\" rel=\"noreferrer noopener\" href=\"https:\/\/www.flickr.com\/photos\/30381515@N00\">coutorture<\/a>&nbsp;is licensed under&nbsp;<a target=\"_blank\" rel=\"noreferrer noopener\" href=\"https:\/\/creativecommons.org\/licenses\/by-nc-sa\/2.0\/?ref=openverse\">CC BY-NC-SA 2.0<\/a>.<\/em><\/p>\n\n\n<div class=\"space md\"><\/div>","protected":false},"featured_media":26284,"template":"","typ-podujatia":[56,58],"acf":[],"yoast_head":"<!-- This site is optimized with the Yoast SEO plugin v24.5 - https:\/\/yoast.com\/wordpress\/plugins\/seo\/ -->\n<title>Exposition &quot;L\u00e9ger comme une plume&quot; de Katar\u00edna Vavrov\u00e1 - Franc\u00fazsky in\u0161tit\u00fat na Slovensku<\/title>\n<meta name=\"robots\" content=\"index, follow, max-snippet:-1, max-image-preview:large, max-video-preview:-1\" \/>\n<link rel=\"canonical\" href=\"https:\/\/institutfrancais.sk\/fr\/podujatie\/exposition-leger-comme-une-plume-de-katarina-vavrova\/\" \/>\n<meta property=\"og:locale\" content=\"fr_FR\" \/>\n<meta property=\"og:type\" content=\"article\" \/>\n<meta property=\"og:title\" content=\"Exposition &quot;L\u00e9ger comme une plume&quot; de Katar\u00edna Vavrov\u00e1 - Franc\u00fazsky in\u0161tit\u00fat na Slovensku\" \/>\n<meta property=\"og:description\" content=\"La galerie de l&rsquo;Institut fran\u00e7ais pr\u00e9sentera une nouvelle exposition d&rsquo;\u0153uvres de la c\u00e9l\u00e8bre peintre slovaque Katar\u00edna Vavrov\u00e1, qui s&rsquo;inspirent de l&rsquo;histoire du Petit Prince de l&rsquo;\u00e9crivain fran\u00e7ais Antoine de Saint-Exup\u00e9ry. Le livre, qui a&nbsp;\u00e9t\u00e9 traduit dans plus de 180 langues, illustre parfaitement le th\u00e8me des Journ\u00e9es de la Francophonie &nbsp;2023&nbsp;: \u00ab&nbsp;D\u00e9passer les fronti\u00e8res&nbsp;\u00bb. L&rsquo;exposition artistique [&hellip;]\" \/>\n<meta property=\"og:url\" content=\"https:\/\/institutfrancais.sk\/fr\/podujatie\/exposition-leger-comme-une-plume-de-katarina-vavrova\/\" \/>\n<meta property=\"og:site_name\" content=\"Franc\u00fazsky in\u0161tit\u00fat na Slovensku\" \/>\n<meta property=\"article:modified_time\" content=\"2023-04-11T07:19:14+00:00\" \/>\n<meta property=\"og:image\" content=\"https:\/\/institutfrancais.sk\/wp-content\/uploads\/2023\/02\/DIGITAL-1-1024x640.png\" \/>\n\t<meta property=\"og:image:width\" content=\"1024\" \/>\n\t<meta property=\"og:image:height\" content=\"640\" \/>\n\t<meta property=\"og:image:type\" content=\"image\/png\" \/>\n<meta name=\"twitter:card\" content=\"summary_large_image\" \/>\n<meta name=\"twitter:label1\" content=\"Dur\u00e9e de lecture estim\u00e9e\" \/>\n\t<meta name=\"twitter:data1\" content=\"6 minutes\" \/>\n<script type=\"application\/ld+json\" class=\"yoast-schema-graph\">{\"@context\":\"https:\/\/schema.org\",\"@graph\":[{\"@type\":\"WebPage\",\"@id\":\"https:\/\/institutfrancais.sk\/fr\/podujatie\/exposition-leger-comme-une-plume-de-katarina-vavrova\/\",\"url\":\"https:\/\/institutfrancais.sk\/fr\/podujatie\/exposition-leger-comme-une-plume-de-katarina-vavrova\/\",\"name\":\"Exposition \\\"L\u00e9ger comme une plume\\\" de Katar\u00edna Vavrov\u00e1 - Franc\u00fazsky in\u0161tit\u00fat na Slovensku\",\"isPartOf\":{\"@id\":\"https:\/\/institutfrancais.sk\/fr\/#website\"},\"primaryImageOfPage\":{\"@id\":\"https:\/\/institutfrancais.sk\/fr\/podujatie\/exposition-leger-comme-une-plume-de-katarina-vavrova\/#primaryimage\"},\"image\":{\"@id\":\"https:\/\/institutfrancais.sk\/fr\/podujatie\/exposition-leger-comme-une-plume-de-katarina-vavrova\/#primaryimage\"},\"thumbnailUrl\":\"https:\/\/institutfrancais.sk\/wp-content\/uploads\/2023\/02\/DIGITAL-1.png\",\"datePublished\":\"2023-02-21T15:06:02+00:00\",\"dateModified\":\"2023-04-11T07:19:14+00:00\",\"breadcrumb\":{\"@id\":\"https:\/\/institutfrancais.sk\/fr\/podujatie\/exposition-leger-comme-une-plume-de-katarina-vavrova\/#breadcrumb\"},\"inLanguage\":\"fr-FR\",\"potentialAction\":[{\"@type\":\"ReadAction\",\"target\":[\"https:\/\/institutfrancais.sk\/fr\/podujatie\/exposition-leger-comme-une-plume-de-katarina-vavrova\/\"]}]},{\"@type\":\"ImageObject\",\"inLanguage\":\"fr-FR\",\"@id\":\"https:\/\/institutfrancais.sk\/fr\/podujatie\/exposition-leger-comme-une-plume-de-katarina-vavrova\/#primaryimage\",\"url\":\"https:\/\/institutfrancais.sk\/wp-content\/uploads\/2023\/02\/DIGITAL-1.png\",\"contentUrl\":\"https:\/\/institutfrancais.sk\/wp-content\/uploads\/2023\/02\/DIGITAL-1.png\",\"width\":1920,\"height\":1200},{\"@type\":\"BreadcrumbList\",\"@id\":\"https:\/\/institutfrancais.sk\/fr\/podujatie\/exposition-leger-comme-une-plume-de-katarina-vavrova\/#breadcrumb\",\"itemListElement\":[{\"@type\":\"ListItem\",\"position\":1,\"name\":\"Home\",\"item\":\"https:\/\/institutfrancais.sk\/fr\/\"},{\"@type\":\"ListItem\",\"position\":2,\"name\":\"Events\",\"item\":\"https:\/\/institutfrancais.sk\/fr\/podujatie\/\"},{\"@type\":\"ListItem\",\"position\":3,\"name\":\"Exposition &#8222;L\u00e9ger comme une plume&#8220; de Katar\u00edna Vavrov\u00e1\"}]},{\"@type\":\"WebSite\",\"@id\":\"https:\/\/institutfrancais.sk\/fr\/#website\",\"url\":\"https:\/\/institutfrancais.sk\/fr\/\",\"name\":\"Franc\u00fazsky in\u0161tit\u00fat na Slovensku\",\"description\":\"Franc\u00fazsky in\u0161tit\u00fat na Slovensku\",\"potentialAction\":[{\"@type\":\"SearchAction\",\"target\":{\"@type\":\"EntryPoint\",\"urlTemplate\":\"https:\/\/institutfrancais.sk\/fr\/?s={search_term_string}\"},\"query-input\":{\"@type\":\"PropertyValueSpecification\",\"valueRequired\":true,\"valueName\":\"search_term_string\"}}],\"inLanguage\":\"fr-FR\"}]}<\/script>\n<!-- \/ Yoast SEO plugin. -->","yoast_head_json":{"title":"Exposition \"L\u00e9ger comme une plume\" de Katar\u00edna Vavrov\u00e1 - Franc\u00fazsky in\u0161tit\u00fat na Slovensku","robots":{"index":"index","follow":"follow","max-snippet":"max-snippet:-1","max-image-preview":"max-image-preview:large","max-video-preview":"max-video-preview:-1"},"canonical":"https:\/\/institutfrancais.sk\/fr\/podujatie\/exposition-leger-comme-une-plume-de-katarina-vavrova\/","og_locale":"fr_FR","og_type":"article","og_title":"Exposition \"L\u00e9ger comme une plume\" de Katar\u00edna Vavrov\u00e1 - Franc\u00fazsky in\u0161tit\u00fat na Slovensku","og_description":"La galerie de l&rsquo;Institut fran\u00e7ais pr\u00e9sentera une nouvelle exposition d&rsquo;\u0153uvres de la c\u00e9l\u00e8bre peintre slovaque Katar\u00edna Vavrov\u00e1, qui s&rsquo;inspirent de l&rsquo;histoire du Petit Prince de l&rsquo;\u00e9crivain fran\u00e7ais Antoine de Saint-Exup\u00e9ry. Le livre, qui a&nbsp;\u00e9t\u00e9 traduit dans plus de 180 langues, illustre parfaitement le th\u00e8me des Journ\u00e9es de la Francophonie &nbsp;2023&nbsp;: \u00ab&nbsp;D\u00e9passer les fronti\u00e8res&nbsp;\u00bb. L&rsquo;exposition artistique [&hellip;]","og_url":"https:\/\/institutfrancais.sk\/fr\/podujatie\/exposition-leger-comme-une-plume-de-katarina-vavrova\/","og_site_name":"Franc\u00fazsky in\u0161tit\u00fat na Slovensku","article_modified_time":"2023-04-11T07:19:14+00:00","og_image":[{"width":1024,"height":640,"url":"https:\/\/institutfrancais.sk\/wp-content\/uploads\/2023\/02\/DIGITAL-1-1024x640.png","type":"image\/png"}],"twitter_card":"summary_large_image","twitter_misc":{"Dur\u00e9e de lecture estim\u00e9e":"6 minutes"},"schema":{"@context":"https:\/\/schema.org","@graph":[{"@type":"WebPage","@id":"https:\/\/institutfrancais.sk\/fr\/podujatie\/exposition-leger-comme-une-plume-de-katarina-vavrova\/","url":"https:\/\/institutfrancais.sk\/fr\/podujatie\/exposition-leger-comme-une-plume-de-katarina-vavrova\/","name":"Exposition \"L\u00e9ger comme une plume\" de Katar\u00edna Vavrov\u00e1 - Franc\u00fazsky in\u0161tit\u00fat na Slovensku","isPartOf":{"@id":"https:\/\/institutfrancais.sk\/fr\/#website"},"primaryImageOfPage":{"@id":"https:\/\/institutfrancais.sk\/fr\/podujatie\/exposition-leger-comme-une-plume-de-katarina-vavrova\/#primaryimage"},"image":{"@id":"https:\/\/institutfrancais.sk\/fr\/podujatie\/exposition-leger-comme-une-plume-de-katarina-vavrova\/#primaryimage"},"thumbnailUrl":"https:\/\/institutfrancais.sk\/wp-content\/uploads\/2023\/02\/DIGITAL-1.png","datePublished":"2023-02-21T15:06:02+00:00","dateModified":"2023-04-11T07:19:14+00:00","breadcrumb":{"@id":"https:\/\/institutfrancais.sk\/fr\/podujatie\/exposition-leger-comme-une-plume-de-katarina-vavrova\/#breadcrumb"},"inLanguage":"fr-FR","potentialAction":[{"@type":"ReadAction","target":["https:\/\/institutfrancais.sk\/fr\/podujatie\/exposition-leger-comme-une-plume-de-katarina-vavrova\/"]}]},{"@type":"ImageObject","inLanguage":"fr-FR","@id":"https:\/\/institutfrancais.sk\/fr\/podujatie\/exposition-leger-comme-une-plume-de-katarina-vavrova\/#primaryimage","url":"https:\/\/institutfrancais.sk\/wp-content\/uploads\/2023\/02\/DIGITAL-1.png","contentUrl":"https:\/\/institutfrancais.sk\/wp-content\/uploads\/2023\/02\/DIGITAL-1.png","width":1920,"height":1200},{"@type":"BreadcrumbList","@id":"https:\/\/institutfrancais.sk\/fr\/podujatie\/exposition-leger-comme-une-plume-de-katarina-vavrova\/#breadcrumb","itemListElement":[{"@type":"ListItem","position":1,"name":"Home","item":"https:\/\/institutfrancais.sk\/fr\/"},{"@type":"ListItem","position":2,"name":"Events","item":"https:\/\/institutfrancais.sk\/fr\/podujatie\/"},{"@type":"ListItem","position":3,"name":"Exposition &#8222;L\u00e9ger comme une plume&#8220; de Katar\u00edna Vavrov\u00e1"}]},{"@type":"WebSite","@id":"https:\/\/institutfrancais.sk\/fr\/#website","url":"https:\/\/institutfrancais.sk\/fr\/","name":"Franc\u00fazsky in\u0161tit\u00fat na Slovensku","description":"Franc\u00fazsky in\u0161tit\u00fat na Slovensku","potentialAction":[{"@type":"SearchAction","target":{"@type":"EntryPoint","urlTemplate":"https:\/\/institutfrancais.sk\/fr\/?s={search_term_string}"},"query-input":{"@type":"PropertyValueSpecification","valueRequired":true,"valueName":"search_term_string"}}],"inLanguage":"fr-FR"}]}},"_links":{"self":[{"href":"https:\/\/institutfrancais.sk\/fr\/wp-json\/wp\/v2\/podujatie\/25966"}],"collection":[{"href":"https:\/\/institutfrancais.sk\/fr\/wp-json\/wp\/v2\/podujatie"}],"about":[{"href":"https:\/\/institutfrancais.sk\/fr\/wp-json\/wp\/v2\/types\/podujatie"}],"wp:featuredmedia":[{"embeddable":true,"href":"https:\/\/institutfrancais.sk\/fr\/wp-json\/wp\/v2\/media\/26284"}],"wp:attachment":[{"href":"https:\/\/institutfrancais.sk\/fr\/wp-json\/wp\/v2\/media?parent=25966"}],"wp:term":[{"taxonomy":"typ-podujatia","embeddable":true,"href":"https:\/\/institutfrancais.sk\/fr\/wp-json\/wp\/v2\/typ-podujatia?post=25966"}],"curies":[{"name":"wp","href":"https:\/\/api.w.org\/{rel}","templated":true}]}}