{"id":25986,"date":"2023-03-31T10:00:59","date_gmt":"2023-03-31T08:00:59","guid":{"rendered":"https:\/\/institutfrancais.sk\/?post_type=podujatie&#038;p=25986"},"modified":"2023-04-13T11:29:13","modified_gmt":"2023-04-13T09:29:13","slug":"demi-finale-du-concours-de-la-chanson-francophone-spievam-po-francuzsky-2023","status":"publish","type":"podujatie","link":"https:\/\/institutfrancais.sk\/fr\/podujatie\/demi-finale-du-concours-de-la-chanson-francophone-spievam-po-francuzsky-2023\/","title":{"rendered":"Demi-finale du concours de la chanson francophone \u00ab\u00a0Spievam po&nbsp;franc\u00fazsky\u00a0\u00bb 2023"},"content":{"rendered":"<div class=\"text-center\"><a href=\"https:\/\/institutfrancais.sk\/fr\/spievam-po-francuzsky-2023-zapisy-su-otvorene\/\" class=\"btn\">En savoir plus sur le concours<\/a><\/div>\n\n<div class=\"space sm\"><\/div>\n\n\n<figure class=\"wp-block-image size-large is-style-default\"><img loading=\"lazy\" decoding=\"async\" width=\"1024\" height=\"375\" src=\"https:\/\/institutfrancais.sk\/wp-content\/uploads\/2023\/04\/SPF-2023-Digital-1024x375.png\" alt=\"\" class=\"wp-image-26673\" srcset=\"https:\/\/institutfrancais.sk\/wp-content\/uploads\/2023\/04\/SPF-2023-Digital-1024x375.png 1024w, https:\/\/institutfrancais.sk\/wp-content\/uploads\/2023\/04\/SPF-2023-Digital-300x110.png 300w, https:\/\/institutfrancais.sk\/wp-content\/uploads\/2023\/04\/SPF-2023-Digital-768x281.png 768w, https:\/\/institutfrancais.sk\/wp-content\/uploads\/2023\/04\/SPF-2023-Digital-1536x562.png 1536w, https:\/\/institutfrancais.sk\/wp-content\/uploads\/2023\/04\/SPF-2023-Digital-2048x749.png 2048w, https:\/\/institutfrancais.sk\/wp-content\/uploads\/2023\/04\/SPF-2023-Digital-1190x435.png 1190w, https:\/\/institutfrancais.sk\/wp-content\/uploads\/2023\/04\/SPF-2023-Digital-1690x618.png 1690w\" sizes=\"(max-width: 1024px) 100vw, 1024px\" \/><\/figure>\n\n\n<\/div><iframe loading=\"lazy\" src=\"https:\/\/www.google.com\/maps\/embed?pb=!1m18!1m12!1m3!1d2662.1773311136103!2d17.109375215649333!3d48.14538637922413!2m3!1f0!2f0!3f0!3m2!1i1024!2i768!4f13.1!3m3!1m2!1s0x476c8943793eaaf1%3A0xb7a4807822c257fe!2zTsOhcm9kbsOpIG9zdmV0b3bDqSBjZW50cnVtIC8gVi1rbHVi!5e0!3m2!1ssk!2ssk!4v1676908567959!5m2!1ssk!2ssk\" width=\"100%\" height=\"558\" frameborder=\"0\" class=\"gmap-iframe\" allowfullscreen=\"\"><\/iframe><div class=\"wrap narrow-wrap\">\n\n<div class=\"space xs\"><\/div>\n\n<\/div><div class=\"gray-bg\"><div class=\"cta-box\"><div class=\"wrap narrow-wrap\"><div class=\"content dark-blue\"><div class=\"cta-box-content\"><div class=\"left-side\"><div class=\"left-content\"><h3>Dans le cadre du programme des Journ\u00e9es de la Francophonie 2023<\/h3>\n<\/div><a class=\"btn btn-white\" href=\"https:\/\/institutfrancais.sk\/fr\/journees-de-la-francophonie-2023\/\">Plus d&rsquo;infos<\/a><\/div><div class=\"right-side\"><div class=\"right-content\"><p><img loading=\"lazy\" decoding=\"async\" class=\"size-medium wp-image-25789 alignright\" src=\"https:\/\/institutfrancais.sk\/wp-content\/uploads\/2023\/02\/JF-2023-Web-and-FB-event-Banner-FR-Simple-300x169.png\" alt=\"\" width=\"300\" height=\"169\" srcset=\"https:\/\/institutfrancais.sk\/wp-content\/uploads\/2023\/02\/JF-2023-Web-and-FB-event-Banner-FR-Simple-300x169.png 300w, https:\/\/institutfrancais.sk\/wp-content\/uploads\/2023\/02\/JF-2023-Web-and-FB-event-Banner-FR-Simple-1024x576.png 1024w, https:\/\/institutfrancais.sk\/wp-content\/uploads\/2023\/02\/JF-2023-Web-and-FB-event-Banner-FR-Simple-768x432.png 768w, https:\/\/institutfrancais.sk\/wp-content\/uploads\/2023\/02\/JF-2023-Web-and-FB-event-Banner-FR-Simple-1536x864.png 1536w, https:\/\/institutfrancais.sk\/wp-content\/uploads\/2023\/02\/JF-2023-Web-and-FB-event-Banner-FR-Simple-1190x669.png 1190w, https:\/\/institutfrancais.sk\/wp-content\/uploads\/2023\/02\/JF-2023-Web-and-FB-event-Banner-FR-Simple-1690x951.png 1690w, https:\/\/institutfrancais.sk\/wp-content\/uploads\/2023\/02\/JF-2023-Web-and-FB-event-Banner-FR-Simple.png 1920w\" sizes=\"(max-width: 300px) 100vw, 300px\" \/><\/p>\n<\/div><\/div><\/div><\/div><\/div><\/div><\/div><div class=\"wrap narrow-wrap\">","protected":false},"featured_media":25987,"template":"","typ-podujatia":[184,51],"acf":[],"yoast_head":"<!-- This site is optimized with the Yoast SEO plugin v24.5 - https:\/\/yoast.com\/wordpress\/plugins\/seo\/ -->\n<title>Demi-finale du concours de la chanson francophone &quot;Spievam po franc\u00fazsky&quot; 2023 - Franc\u00fazsky in\u0161tit\u00fat na Slovensku<\/title>\n<meta name=\"robots\" content=\"index, follow, max-snippet:-1, max-image-preview:large, max-video-preview:-1\" \/>\n<link rel=\"canonical\" href=\"https:\/\/institutfrancais.sk\/fr\/podujatie\/demi-finale-du-concours-de-la-chanson-francophone-spievam-po-francuzsky-2023\/\" \/>\n<meta property=\"og:locale\" content=\"fr_FR\" \/>\n<meta property=\"og:type\" content=\"article\" \/>\n<meta property=\"og:title\" content=\"Demi-finale du concours de la chanson francophone &quot;Spievam po franc\u00fazsky&quot; 2023 - Franc\u00fazsky in\u0161tit\u00fat na Slovensku\" \/>\n<meta property=\"og:url\" content=\"https:\/\/institutfrancais.sk\/fr\/podujatie\/demi-finale-du-concours-de-la-chanson-francophone-spievam-po-francuzsky-2023\/\" \/>\n<meta property=\"og:site_name\" content=\"Franc\u00fazsky in\u0161tit\u00fat na Slovensku\" \/>\n<meta property=\"article:modified_time\" content=\"2023-04-13T09:29:13+00:00\" \/>\n<meta property=\"og:image\" content=\"https:\/\/institutfrancais.sk\/wp-content\/uploads\/2023\/02\/SPF-2023-banner.png\" \/>\n\t<meta property=\"og:image:width\" content=\"1920\" \/>\n\t<meta property=\"og:image:height\" content=\"1080\" \/>\n\t<meta property=\"og:image:type\" content=\"image\/png\" \/>\n<meta name=\"twitter:card\" content=\"summary_large_image\" \/>\n<meta name=\"twitter:label1\" content=\"Dur\u00e9e de lecture estim\u00e9e\" \/>\n\t<meta name=\"twitter:data1\" content=\"1 minute\" \/>\n<script type=\"application\/ld+json\" class=\"yoast-schema-graph\">{\"@context\":\"https:\/\/schema.org\",\"@graph\":[{\"@type\":\"WebPage\",\"@id\":\"https:\/\/institutfrancais.sk\/fr\/podujatie\/demi-finale-du-concours-de-la-chanson-francophone-spievam-po-francuzsky-2023\/\",\"url\":\"https:\/\/institutfrancais.sk\/fr\/podujatie\/demi-finale-du-concours-de-la-chanson-francophone-spievam-po-francuzsky-2023\/\",\"name\":\"Demi-finale du concours de la chanson francophone \\\"Spievam po franc\u00fazsky\\\" 2023 - Franc\u00fazsky in\u0161tit\u00fat na Slovensku\",\"isPartOf\":{\"@id\":\"https:\/\/institutfrancais.sk\/fr\/#website\"},\"primaryImageOfPage\":{\"@id\":\"https:\/\/institutfrancais.sk\/fr\/podujatie\/demi-finale-du-concours-de-la-chanson-francophone-spievam-po-francuzsky-2023\/#primaryimage\"},\"image\":{\"@id\":\"https:\/\/institutfrancais.sk\/fr\/podujatie\/demi-finale-du-concours-de-la-chanson-francophone-spievam-po-francuzsky-2023\/#primaryimage\"},\"thumbnailUrl\":\"https:\/\/institutfrancais.sk\/wp-content\/uploads\/2023\/02\/SPF-2023-banner.png\",\"datePublished\":\"2023-03-31T08:00:59+00:00\",\"dateModified\":\"2023-04-13T09:29:13+00:00\",\"breadcrumb\":{\"@id\":\"https:\/\/institutfrancais.sk\/fr\/podujatie\/demi-finale-du-concours-de-la-chanson-francophone-spievam-po-francuzsky-2023\/#breadcrumb\"},\"inLanguage\":\"fr-FR\",\"potentialAction\":[{\"@type\":\"ReadAction\",\"target\":[\"https:\/\/institutfrancais.sk\/fr\/podujatie\/demi-finale-du-concours-de-la-chanson-francophone-spievam-po-francuzsky-2023\/\"]}]},{\"@type\":\"ImageObject\",\"inLanguage\":\"fr-FR\",\"@id\":\"https:\/\/institutfrancais.sk\/fr\/podujatie\/demi-finale-du-concours-de-la-chanson-francophone-spievam-po-francuzsky-2023\/#primaryimage\",\"url\":\"https:\/\/institutfrancais.sk\/wp-content\/uploads\/2023\/02\/SPF-2023-banner.png\",\"contentUrl\":\"https:\/\/institutfrancais.sk\/wp-content\/uploads\/2023\/02\/SPF-2023-banner.png\",\"width\":1920,\"height\":1080},{\"@type\":\"BreadcrumbList\",\"@id\":\"https:\/\/institutfrancais.sk\/fr\/podujatie\/demi-finale-du-concours-de-la-chanson-francophone-spievam-po-francuzsky-2023\/#breadcrumb\",\"itemListElement\":[{\"@type\":\"ListItem\",\"position\":1,\"name\":\"Home\",\"item\":\"https:\/\/institutfrancais.sk\/fr\/\"},{\"@type\":\"ListItem\",\"position\":2,\"name\":\"Events\",\"item\":\"https:\/\/institutfrancais.sk\/fr\/podujatie\/\"},{\"@type\":\"ListItem\",\"position\":3,\"name\":\"Demi-finale du concours de la chanson francophone &#8220;Spievam po franc\u00fazsky&#8221; 2023\"}]},{\"@type\":\"WebSite\",\"@id\":\"https:\/\/institutfrancais.sk\/fr\/#website\",\"url\":\"https:\/\/institutfrancais.sk\/fr\/\",\"name\":\"Franc\u00fazsky in\u0161tit\u00fat na Slovensku\",\"description\":\"Franc\u00fazsky in\u0161tit\u00fat na Slovensku\",\"potentialAction\":[{\"@type\":\"SearchAction\",\"target\":{\"@type\":\"EntryPoint\",\"urlTemplate\":\"https:\/\/institutfrancais.sk\/fr\/?s={search_term_string}\"},\"query-input\":{\"@type\":\"PropertyValueSpecification\",\"valueRequired\":true,\"valueName\":\"search_term_string\"}}],\"inLanguage\":\"fr-FR\"}]}<\/script>\n<!-- \/ Yoast SEO plugin. -->","yoast_head_json":{"title":"Demi-finale du concours de la chanson francophone \"Spievam po franc\u00fazsky\" 2023 - Franc\u00fazsky in\u0161tit\u00fat na Slovensku","robots":{"index":"index","follow":"follow","max-snippet":"max-snippet:-1","max-image-preview":"max-image-preview:large","max-video-preview":"max-video-preview:-1"},"canonical":"https:\/\/institutfrancais.sk\/fr\/podujatie\/demi-finale-du-concours-de-la-chanson-francophone-spievam-po-francuzsky-2023\/","og_locale":"fr_FR","og_type":"article","og_title":"Demi-finale du concours de la chanson francophone \"Spievam po franc\u00fazsky\" 2023 - Franc\u00fazsky in\u0161tit\u00fat na Slovensku","og_url":"https:\/\/institutfrancais.sk\/fr\/podujatie\/demi-finale-du-concours-de-la-chanson-francophone-spievam-po-francuzsky-2023\/","og_site_name":"Franc\u00fazsky in\u0161tit\u00fat na Slovensku","article_modified_time":"2023-04-13T09:29:13+00:00","og_image":[{"width":1920,"height":1080,"url":"https:\/\/institutfrancais.sk\/wp-content\/uploads\/2023\/02\/SPF-2023-banner.png","type":"image\/png"}],"twitter_card":"summary_large_image","twitter_misc":{"Dur\u00e9e de lecture estim\u00e9e":"1 minute"},"schema":{"@context":"https:\/\/schema.org","@graph":[{"@type":"WebPage","@id":"https:\/\/institutfrancais.sk\/fr\/podujatie\/demi-finale-du-concours-de-la-chanson-francophone-spievam-po-francuzsky-2023\/","url":"https:\/\/institutfrancais.sk\/fr\/podujatie\/demi-finale-du-concours-de-la-chanson-francophone-spievam-po-francuzsky-2023\/","name":"Demi-finale du concours de la chanson francophone \"Spievam po franc\u00fazsky\" 2023 - Franc\u00fazsky in\u0161tit\u00fat na Slovensku","isPartOf":{"@id":"https:\/\/institutfrancais.sk\/fr\/#website"},"primaryImageOfPage":{"@id":"https:\/\/institutfrancais.sk\/fr\/podujatie\/demi-finale-du-concours-de-la-chanson-francophone-spievam-po-francuzsky-2023\/#primaryimage"},"image":{"@id":"https:\/\/institutfrancais.sk\/fr\/podujatie\/demi-finale-du-concours-de-la-chanson-francophone-spievam-po-francuzsky-2023\/#primaryimage"},"thumbnailUrl":"https:\/\/institutfrancais.sk\/wp-content\/uploads\/2023\/02\/SPF-2023-banner.png","datePublished":"2023-03-31T08:00:59+00:00","dateModified":"2023-04-13T09:29:13+00:00","breadcrumb":{"@id":"https:\/\/institutfrancais.sk\/fr\/podujatie\/demi-finale-du-concours-de-la-chanson-francophone-spievam-po-francuzsky-2023\/#breadcrumb"},"inLanguage":"fr-FR","potentialAction":[{"@type":"ReadAction","target":["https:\/\/institutfrancais.sk\/fr\/podujatie\/demi-finale-du-concours-de-la-chanson-francophone-spievam-po-francuzsky-2023\/"]}]},{"@type":"ImageObject","inLanguage":"fr-FR","@id":"https:\/\/institutfrancais.sk\/fr\/podujatie\/demi-finale-du-concours-de-la-chanson-francophone-spievam-po-francuzsky-2023\/#primaryimage","url":"https:\/\/institutfrancais.sk\/wp-content\/uploads\/2023\/02\/SPF-2023-banner.png","contentUrl":"https:\/\/institutfrancais.sk\/wp-content\/uploads\/2023\/02\/SPF-2023-banner.png","width":1920,"height":1080},{"@type":"BreadcrumbList","@id":"https:\/\/institutfrancais.sk\/fr\/podujatie\/demi-finale-du-concours-de-la-chanson-francophone-spievam-po-francuzsky-2023\/#breadcrumb","itemListElement":[{"@type":"ListItem","position":1,"name":"Home","item":"https:\/\/institutfrancais.sk\/fr\/"},{"@type":"ListItem","position":2,"name":"Events","item":"https:\/\/institutfrancais.sk\/fr\/podujatie\/"},{"@type":"ListItem","position":3,"name":"Demi-finale du concours de la chanson francophone &#8220;Spievam po franc\u00fazsky&#8221; 2023"}]},{"@type":"WebSite","@id":"https:\/\/institutfrancais.sk\/fr\/#website","url":"https:\/\/institutfrancais.sk\/fr\/","name":"Franc\u00fazsky in\u0161tit\u00fat na Slovensku","description":"Franc\u00fazsky in\u0161tit\u00fat na Slovensku","potentialAction":[{"@type":"SearchAction","target":{"@type":"EntryPoint","urlTemplate":"https:\/\/institutfrancais.sk\/fr\/?s={search_term_string}"},"query-input":{"@type":"PropertyValueSpecification","valueRequired":true,"valueName":"search_term_string"}}],"inLanguage":"fr-FR"}]}},"_links":{"self":[{"href":"https:\/\/institutfrancais.sk\/fr\/wp-json\/wp\/v2\/podujatie\/25986"}],"collection":[{"href":"https:\/\/institutfrancais.sk\/fr\/wp-json\/wp\/v2\/podujatie"}],"about":[{"href":"https:\/\/institutfrancais.sk\/fr\/wp-json\/wp\/v2\/types\/podujatie"}],"wp:featuredmedia":[{"embeddable":true,"href":"https:\/\/institutfrancais.sk\/fr\/wp-json\/wp\/v2\/media\/25987"}],"wp:attachment":[{"href":"https:\/\/institutfrancais.sk\/fr\/wp-json\/wp\/v2\/media?parent=25986"}],"wp:term":[{"taxonomy":"typ-podujatia","embeddable":true,"href":"https:\/\/institutfrancais.sk\/fr\/wp-json\/wp\/v2\/typ-podujatia?post=25986"}],"curies":[{"name":"wp","href":"https:\/\/api.w.org\/{rel}","templated":true}]}}