{"id":26082,"date":"2023-02-21T17:00:54","date_gmt":"2023-02-21T16:00:54","guid":{"rendered":"https:\/\/institutfrancais.sk\/podujatie\/jazzovy-koncert-europske-trio-pod-vedenim-gueorguiho-kornazova\/"},"modified":"2023-03-07T17:16:01","modified_gmt":"2023-03-07T16:16:01","slug":"concert-de-jazz-trio-europeen-sous-la-conduite-de-gueorgui-kornazov","status":"publish","type":"podujatie","link":"https:\/\/institutfrancais.sk\/fr\/podujatie\/concert-de-jazz-trio-europeen-sous-la-conduite-de-gueorgui-kornazov\/","title":{"rendered":"Concert de jazz: Trio europ\u00e9en sous la conduite de Gueorgui Kornazov"},"content":{"rendered":"\n<p>Concert de jazz du TRIO EUROP\u00c9EN compos\u00e9 de : <\/p>\n\n\n\n<ul><li><strong>Gueorgui&nbsp;Kornazov<\/strong> (Bulgarie), trombone de jazz<\/li><li><strong>Didier Itursari<\/strong> (France), accord\u00e9on<\/li><li><strong>Pavel Terziyski-Klave<\/strong> (Bulgarie), chant<\/li><\/ul>\n\n\n<div class=\"space xs\"><\/div>\n\n\n<h2 class=\"wp-block-heading\">Gueorgui Kornazov, tromboniste &#8211;&nbsp;compositeur<\/h2>\n\n\n\n<p>N\u00e9 le 30 septembre 1971 \u00e0 Sevlievo, Bulgarie,&nbsp;Gueorgui commence le piano \u00e0 9 ans et d\u00e9couvre son instrument, le trombone \u00e0 12 ans. Parall\u00e8lement \u00e0 des \u00e9tudes classiques au conservatoire de musique<strong>&nbsp;<\/strong>\u00ab L. Pipkov \u00bb&nbsp;(1985 &#8211;&nbsp;1990)&nbsp;et \u00e0 l&rsquo;Acad\u00e9mie nationale de musique \u00ab Pancho Vladigerov \u00bb &#8211;&nbsp;Sofia,&nbsp;Bulgarie&nbsp;(1990 &#8211;&nbsp;1995), Gueorgui s\u2019initie au jazz et joue rapidement avec les musiciens de jazz bulgares les plus renomm\u00e9s<br><\/p>\n\n\n\n<ul><li>1993&nbsp;: Il forme son premier groupe \u00ab The Dixie Jockers \u00bb<\/li><li>1995&nbsp;: Gueorgui int\u00e8gre la classe de jazz du Conservatoire National Sup\u00e9rieur de Musique et Danse de Paris s\u2019installe \u00e0 Paris et \u00e9tudie avec Fran\u00e7ois Jeanneau, Jean-Fran\u00e7ois Jenny Clark, Herv\u00e9 Sellin et Fran\u00e7ois Th\u00e9berge<\/li><li>1996&nbsp;: Prix du meilleur soliste au Tremplin de jazz d\u2019Avignon<\/li><li>1998&nbsp;: 1er&nbsp;prix de jazz \u00e0 l\u2019unanimit\u00e9 au C.N.S.M. de Paris<\/li><li>De&nbsp;1999&nbsp;\u00e0&nbsp;2014, il cr\u00e9e 5 groupes qui explorent son univers musical unique en interpr\u00e8tant ses compositions et arrangements<\/li><\/ul>\n\n\n\n<p><em>\u00ab\u00a0Gueorgui Kornazov, invente un univers mixte entre la Bulgarie et le jazz occidental, savant m\u00e9lange de m\u00e9lodies irr\u00e9sistibles pass\u00e9 au tamis de la contemporan\u00e9it\u00e9\u00a0\u00bb<\/em> Yves Dorisson, <\/p>\n\n\n<div class=\"space sm\"><\/div>\n\n\n<p><em> <em>L&rsquo;\u00e9v\u00e9nement est organis\u00e9 par l&rsquo;Institut culturel bulgare en coop\u00e9ration avec l&rsquo;Ambassade de Bulgarie en Slovaquie.<\/em><\/em><\/p>\n\n\n<div class=\"space xs\"><\/div>\n\n<\/div><iframe loading=\"lazy\" src=\"https:\/\/www.google.com\/maps\/embed?pb=!1m18!1m12!1m3!1d2662.2362674072715!2d17.105437716085884!3d48.14425007922413!2m3!1f0!2f0!3f0!3m2!1i1024!2i768!4f13.1!3m3!1m2!1s0x476c895cd303e7cd%3A0xd0ba240defb1be55!2sJazzTikot!5e0!3m2!1ssk!2ssk!4v1677145082575!5m2!1ssk!2ssk\" width=\"100%\" height=\"558\" frameborder=\"0\" class=\"gmap-iframe\" allowfullscreen=\"\"><\/iframe><div class=\"wrap narrow-wrap\">\n\n<\/div><div class=\"gray-bg\"><div class=\"cta-box\"><div class=\"wrap narrow-wrap\"><div class=\"content dark-blue\"><div class=\"cta-box-content\"><div class=\"left-side\"><div class=\"left-content\"><h3>Dans le cadre du programme des Journ\u00e9es de la Francophonie 2023<\/h3>\n<\/div><a class=\"btn btn-white\" href=\"https:\/\/institutfrancais.sk\/fr\/journees-de-la-francophonie-2023\/\">Plus d&rsquo;infos<\/a><\/div><div class=\"right-side\"><div class=\"right-content\"><p><img loading=\"lazy\" decoding=\"async\" class=\"size-medium wp-image-25789 alignright\" src=\"https:\/\/institutfrancais.sk\/wp-content\/uploads\/2023\/02\/JF-2023-Web-and-FB-event-Banner-FR-Simple-300x169.png\" alt=\"\" width=\"300\" height=\"169\" srcset=\"https:\/\/institutfrancais.sk\/wp-content\/uploads\/2023\/02\/JF-2023-Web-and-FB-event-Banner-FR-Simple-300x169.png 300w, https:\/\/institutfrancais.sk\/wp-content\/uploads\/2023\/02\/JF-2023-Web-and-FB-event-Banner-FR-Simple-1024x576.png 1024w, https:\/\/institutfrancais.sk\/wp-content\/uploads\/2023\/02\/JF-2023-Web-and-FB-event-Banner-FR-Simple-768x432.png 768w, https:\/\/institutfrancais.sk\/wp-content\/uploads\/2023\/02\/JF-2023-Web-and-FB-event-Banner-FR-Simple-1536x864.png 1536w, https:\/\/institutfrancais.sk\/wp-content\/uploads\/2023\/02\/JF-2023-Web-and-FB-event-Banner-FR-Simple-1190x669.png 1190w, https:\/\/institutfrancais.sk\/wp-content\/uploads\/2023\/02\/JF-2023-Web-and-FB-event-Banner-FR-Simple-1690x951.png 1690w, https:\/\/institutfrancais.sk\/wp-content\/uploads\/2023\/02\/JF-2023-Web-and-FB-event-Banner-FR-Simple.png 1920w\" sizes=\"(max-width: 300px) 100vw, 300px\" \/><\/p>\n<\/div><\/div><\/div><\/div><\/div><\/div><\/div><div class=\"wrap narrow-wrap\">\n\n\n<p><em>Couverture : \u00a9 2015 Gueorgui Kornazovret<\/em><\/p>\n\n\n<div class=\"space md\"><\/div>","protected":false},"featured_media":26080,"template":"","typ-podujatia":[51],"acf":[],"yoast_head":"<!-- This site is optimized with the Yoast SEO plugin v24.5 - https:\/\/yoast.com\/wordpress\/plugins\/seo\/ -->\n<title>Concert de jazz: Trio europ\u00e9en sous la conduite de Gueorgui Kornazov - Franc\u00fazsky in\u0161tit\u00fat na Slovensku<\/title>\n<meta name=\"robots\" content=\"index, follow, max-snippet:-1, max-image-preview:large, max-video-preview:-1\" \/>\n<link rel=\"canonical\" href=\"https:\/\/institutfrancais.sk\/fr\/podujatie\/concert-de-jazz-trio-europeen-sous-la-conduite-de-gueorgui-kornazov\/\" \/>\n<meta property=\"og:locale\" content=\"fr_FR\" \/>\n<meta property=\"og:type\" content=\"article\" \/>\n<meta property=\"og:title\" content=\"Concert de jazz: Trio europ\u00e9en sous la conduite de Gueorgui Kornazov - Franc\u00fazsky in\u0161tit\u00fat na Slovensku\" \/>\n<meta property=\"og:description\" content=\"Concert de jazz du TRIO EUROP\u00c9EN compos\u00e9 de : Gueorgui&nbsp;Kornazov (Bulgarie), trombone de jazz Didier Itursari (France), accord\u00e9on Pavel Terziyski-Klave (Bulgarie), chant Gueorgui Kornazov, tromboniste &#8211;&nbsp;compositeur N\u00e9 le 30 septembre 1971 \u00e0 Sevlievo, Bulgarie,&nbsp;Gueorgui commence le piano \u00e0 9 ans et d\u00e9couvre son instrument, le trombone \u00e0 12 ans. Parall\u00e8lement \u00e0 des \u00e9tudes classiques au [&hellip;]\" \/>\n<meta property=\"og:url\" content=\"https:\/\/institutfrancais.sk\/fr\/podujatie\/concert-de-jazz-trio-europeen-sous-la-conduite-de-gueorgui-kornazov\/\" \/>\n<meta property=\"og:site_name\" content=\"Franc\u00fazsky in\u0161tit\u00fat na Slovensku\" \/>\n<meta property=\"article:modified_time\" content=\"2023-03-07T16:16:01+00:00\" \/>\n<meta property=\"og:image\" content=\"https:\/\/institutfrancais.sk\/wp-content\/uploads\/2023\/02\/Bulgarie-\u00a9-2015-Gueorgui-Kornazov.jpg\" \/>\n\t<meta property=\"og:image:width\" content=\"718\" \/>\n\t<meta property=\"og:image:height\" content=\"800\" \/>\n\t<meta property=\"og:image:type\" content=\"image\/jpeg\" \/>\n<meta name=\"twitter:card\" content=\"summary_large_image\" \/>\n<meta name=\"twitter:label1\" content=\"Dur\u00e9e de lecture estim\u00e9e\" \/>\n\t<meta name=\"twitter:data1\" content=\"1 minute\" \/>\n<script type=\"application\/ld+json\" class=\"yoast-schema-graph\">{\"@context\":\"https:\/\/schema.org\",\"@graph\":[{\"@type\":\"WebPage\",\"@id\":\"https:\/\/institutfrancais.sk\/fr\/podujatie\/concert-de-jazz-trio-europeen-sous-la-conduite-de-gueorgui-kornazov\/\",\"url\":\"https:\/\/institutfrancais.sk\/fr\/podujatie\/concert-de-jazz-trio-europeen-sous-la-conduite-de-gueorgui-kornazov\/\",\"name\":\"Concert de jazz: Trio europ\u00e9en sous la conduite de Gueorgui Kornazov - Franc\u00fazsky in\u0161tit\u00fat na Slovensku\",\"isPartOf\":{\"@id\":\"https:\/\/institutfrancais.sk\/fr\/#website\"},\"primaryImageOfPage\":{\"@id\":\"https:\/\/institutfrancais.sk\/fr\/podujatie\/concert-de-jazz-trio-europeen-sous-la-conduite-de-gueorgui-kornazov\/#primaryimage\"},\"image\":{\"@id\":\"https:\/\/institutfrancais.sk\/fr\/podujatie\/concert-de-jazz-trio-europeen-sous-la-conduite-de-gueorgui-kornazov\/#primaryimage\"},\"thumbnailUrl\":\"https:\/\/institutfrancais.sk\/wp-content\/uploads\/2023\/02\/Bulgarie-\u00a9-2015-Gueorgui-Kornazov.jpg\",\"datePublished\":\"2023-02-21T16:00:54+00:00\",\"dateModified\":\"2023-03-07T16:16:01+00:00\",\"breadcrumb\":{\"@id\":\"https:\/\/institutfrancais.sk\/fr\/podujatie\/concert-de-jazz-trio-europeen-sous-la-conduite-de-gueorgui-kornazov\/#breadcrumb\"},\"inLanguage\":\"fr-FR\",\"potentialAction\":[{\"@type\":\"ReadAction\",\"target\":[\"https:\/\/institutfrancais.sk\/fr\/podujatie\/concert-de-jazz-trio-europeen-sous-la-conduite-de-gueorgui-kornazov\/\"]}]},{\"@type\":\"ImageObject\",\"inLanguage\":\"fr-FR\",\"@id\":\"https:\/\/institutfrancais.sk\/fr\/podujatie\/concert-de-jazz-trio-europeen-sous-la-conduite-de-gueorgui-kornazov\/#primaryimage\",\"url\":\"https:\/\/institutfrancais.sk\/wp-content\/uploads\/2023\/02\/Bulgarie-\u00a9-2015-Gueorgui-Kornazov.jpg\",\"contentUrl\":\"https:\/\/institutfrancais.sk\/wp-content\/uploads\/2023\/02\/Bulgarie-\u00a9-2015-Gueorgui-Kornazov.jpg\",\"width\":718,\"height\":800},{\"@type\":\"BreadcrumbList\",\"@id\":\"https:\/\/institutfrancais.sk\/fr\/podujatie\/concert-de-jazz-trio-europeen-sous-la-conduite-de-gueorgui-kornazov\/#breadcrumb\",\"itemListElement\":[{\"@type\":\"ListItem\",\"position\":1,\"name\":\"Home\",\"item\":\"https:\/\/institutfrancais.sk\/fr\/\"},{\"@type\":\"ListItem\",\"position\":2,\"name\":\"Events\",\"item\":\"https:\/\/institutfrancais.sk\/fr\/podujatie\/\"},{\"@type\":\"ListItem\",\"position\":3,\"name\":\"Concert de jazz: Trio europ\u00e9en sous la conduite de Gueorgui Kornazov\"}]},{\"@type\":\"WebSite\",\"@id\":\"https:\/\/institutfrancais.sk\/fr\/#website\",\"url\":\"https:\/\/institutfrancais.sk\/fr\/\",\"name\":\"Franc\u00fazsky in\u0161tit\u00fat na Slovensku\",\"description\":\"Franc\u00fazsky in\u0161tit\u00fat na Slovensku\",\"potentialAction\":[{\"@type\":\"SearchAction\",\"target\":{\"@type\":\"EntryPoint\",\"urlTemplate\":\"https:\/\/institutfrancais.sk\/fr\/?s={search_term_string}\"},\"query-input\":{\"@type\":\"PropertyValueSpecification\",\"valueRequired\":true,\"valueName\":\"search_term_string\"}}],\"inLanguage\":\"fr-FR\"}]}<\/script>\n<!-- \/ Yoast SEO plugin. -->","yoast_head_json":{"title":"Concert de jazz: Trio europ\u00e9en sous la conduite de Gueorgui Kornazov - Franc\u00fazsky in\u0161tit\u00fat na Slovensku","robots":{"index":"index","follow":"follow","max-snippet":"max-snippet:-1","max-image-preview":"max-image-preview:large","max-video-preview":"max-video-preview:-1"},"canonical":"https:\/\/institutfrancais.sk\/fr\/podujatie\/concert-de-jazz-trio-europeen-sous-la-conduite-de-gueorgui-kornazov\/","og_locale":"fr_FR","og_type":"article","og_title":"Concert de jazz: Trio europ\u00e9en sous la conduite de Gueorgui Kornazov - Franc\u00fazsky in\u0161tit\u00fat na Slovensku","og_description":"Concert de jazz du TRIO EUROP\u00c9EN compos\u00e9 de : Gueorgui&nbsp;Kornazov (Bulgarie), trombone de jazz Didier Itursari (France), accord\u00e9on Pavel Terziyski-Klave (Bulgarie), chant Gueorgui Kornazov, tromboniste &#8211;&nbsp;compositeur N\u00e9 le 30 septembre 1971 \u00e0 Sevlievo, Bulgarie,&nbsp;Gueorgui commence le piano \u00e0 9 ans et d\u00e9couvre son instrument, le trombone \u00e0 12 ans. Parall\u00e8lement \u00e0 des \u00e9tudes classiques au [&hellip;]","og_url":"https:\/\/institutfrancais.sk\/fr\/podujatie\/concert-de-jazz-trio-europeen-sous-la-conduite-de-gueorgui-kornazov\/","og_site_name":"Franc\u00fazsky in\u0161tit\u00fat na Slovensku","article_modified_time":"2023-03-07T16:16:01+00:00","og_image":[{"width":718,"height":800,"url":"https:\/\/institutfrancais.sk\/wp-content\/uploads\/2023\/02\/Bulgarie-\u00a9-2015-Gueorgui-Kornazov.jpg","type":"image\/jpeg"}],"twitter_card":"summary_large_image","twitter_misc":{"Dur\u00e9e de lecture estim\u00e9e":"1 minute"},"schema":{"@context":"https:\/\/schema.org","@graph":[{"@type":"WebPage","@id":"https:\/\/institutfrancais.sk\/fr\/podujatie\/concert-de-jazz-trio-europeen-sous-la-conduite-de-gueorgui-kornazov\/","url":"https:\/\/institutfrancais.sk\/fr\/podujatie\/concert-de-jazz-trio-europeen-sous-la-conduite-de-gueorgui-kornazov\/","name":"Concert de jazz: Trio europ\u00e9en sous la conduite de Gueorgui Kornazov - Franc\u00fazsky in\u0161tit\u00fat na Slovensku","isPartOf":{"@id":"https:\/\/institutfrancais.sk\/fr\/#website"},"primaryImageOfPage":{"@id":"https:\/\/institutfrancais.sk\/fr\/podujatie\/concert-de-jazz-trio-europeen-sous-la-conduite-de-gueorgui-kornazov\/#primaryimage"},"image":{"@id":"https:\/\/institutfrancais.sk\/fr\/podujatie\/concert-de-jazz-trio-europeen-sous-la-conduite-de-gueorgui-kornazov\/#primaryimage"},"thumbnailUrl":"https:\/\/institutfrancais.sk\/wp-content\/uploads\/2023\/02\/Bulgarie-\u00a9-2015-Gueorgui-Kornazov.jpg","datePublished":"2023-02-21T16:00:54+00:00","dateModified":"2023-03-07T16:16:01+00:00","breadcrumb":{"@id":"https:\/\/institutfrancais.sk\/fr\/podujatie\/concert-de-jazz-trio-europeen-sous-la-conduite-de-gueorgui-kornazov\/#breadcrumb"},"inLanguage":"fr-FR","potentialAction":[{"@type":"ReadAction","target":["https:\/\/institutfrancais.sk\/fr\/podujatie\/concert-de-jazz-trio-europeen-sous-la-conduite-de-gueorgui-kornazov\/"]}]},{"@type":"ImageObject","inLanguage":"fr-FR","@id":"https:\/\/institutfrancais.sk\/fr\/podujatie\/concert-de-jazz-trio-europeen-sous-la-conduite-de-gueorgui-kornazov\/#primaryimage","url":"https:\/\/institutfrancais.sk\/wp-content\/uploads\/2023\/02\/Bulgarie-\u00a9-2015-Gueorgui-Kornazov.jpg","contentUrl":"https:\/\/institutfrancais.sk\/wp-content\/uploads\/2023\/02\/Bulgarie-\u00a9-2015-Gueorgui-Kornazov.jpg","width":718,"height":800},{"@type":"BreadcrumbList","@id":"https:\/\/institutfrancais.sk\/fr\/podujatie\/concert-de-jazz-trio-europeen-sous-la-conduite-de-gueorgui-kornazov\/#breadcrumb","itemListElement":[{"@type":"ListItem","position":1,"name":"Home","item":"https:\/\/institutfrancais.sk\/fr\/"},{"@type":"ListItem","position":2,"name":"Events","item":"https:\/\/institutfrancais.sk\/fr\/podujatie\/"},{"@type":"ListItem","position":3,"name":"Concert de jazz: Trio europ\u00e9en sous la conduite de Gueorgui Kornazov"}]},{"@type":"WebSite","@id":"https:\/\/institutfrancais.sk\/fr\/#website","url":"https:\/\/institutfrancais.sk\/fr\/","name":"Franc\u00fazsky in\u0161tit\u00fat na Slovensku","description":"Franc\u00fazsky in\u0161tit\u00fat na Slovensku","potentialAction":[{"@type":"SearchAction","target":{"@type":"EntryPoint","urlTemplate":"https:\/\/institutfrancais.sk\/fr\/?s={search_term_string}"},"query-input":{"@type":"PropertyValueSpecification","valueRequired":true,"valueName":"search_term_string"}}],"inLanguage":"fr-FR"}]}},"_links":{"self":[{"href":"https:\/\/institutfrancais.sk\/fr\/wp-json\/wp\/v2\/podujatie\/26082"}],"collection":[{"href":"https:\/\/institutfrancais.sk\/fr\/wp-json\/wp\/v2\/podujatie"}],"about":[{"href":"https:\/\/institutfrancais.sk\/fr\/wp-json\/wp\/v2\/types\/podujatie"}],"wp:featuredmedia":[{"embeddable":true,"href":"https:\/\/institutfrancais.sk\/fr\/wp-json\/wp\/v2\/media\/26080"}],"wp:attachment":[{"href":"https:\/\/institutfrancais.sk\/fr\/wp-json\/wp\/v2\/media?parent=26082"}],"wp:term":[{"taxonomy":"typ-podujatia","embeddable":true,"href":"https:\/\/institutfrancais.sk\/fr\/wp-json\/wp\/v2\/typ-podujatia?post=26082"}],"curies":[{"name":"wp","href":"https:\/\/api.w.org\/{rel}","templated":true}]}}