{"id":26130,"date":"2023-02-21T16:25:40","date_gmt":"2023-02-21T15:25:40","guid":{"rendered":"https:\/\/institutfrancais.sk\/?post_type=podujatie&#038;p=26130"},"modified":"2023-03-21T14:03:55","modified_gmt":"2023-03-21T13:03:55","slug":"journee-portes-ouvertes-ouverture-de-la-mediatheque","status":"publish","type":"podujatie","link":"https:\/\/institutfrancais.sk\/fr\/podujatie\/journee-portes-ouvertes-ouverture-de-la-mediatheque\/","title":{"rendered":"Journ\u00e9e Portes Ouvertes : Ouverture de la m\u00e9diath\u00e8que"},"content":{"rendered":"\n<h2 class=\"wp-block-heading\">Au programme de la Journ\u00e9e Portes Ouvertes <\/h2>\n\n\n\n<ul><li><strong>Visite guid\u00e9e<\/strong> pour d\u00e9couvrir les espaces de 10h00 \u00e0 11h00 <\/li><li>Pr\u00e9sentation de la biblioth\u00e8que num\u00e9rique <strong>Cultureth\u00e8que <\/strong>qui aura lieu \u00e0 la fin de la visite guid\u00e9e (dur\u00e9e : 20 minutes)<\/li><li><strong>Animations jeunesse<\/strong> : Heure du conte \u00e0 11h00 et coloriages dans la th\u00e9matique du <em>Petit Prince<\/em><\/li><li><strong>Inscriptions aux cours de fran\u00e7ais de printemps, tests de positionnement et classes de d\u00e9monstration<\/strong> (10h30 &#8211;&nbsp;Cours pour d\u00e9butants complets, 11h30 &#8211;&nbsp;Atelier Parlez comme un Fran\u00e7ais A2-B2 \/ dur\u00e9e : 45 minutes \/ l&rsquo;inscription \u00e0 l&rsquo;avance n&rsquo;est pas n\u00e9cessaire) <\/li><li>Stand <strong>Campus France<\/strong> pour en savoir plus sur l&rsquo;offre d&rsquo;\u00e9tudes et de bourses d&rsquo;\u00e9tudes en France<\/li><li><strong>Exposition de peintures de Katar\u00edna Vavrov\u00e1 <\/strong>\u00ab\u00a0L\u00e9ger comme une plume\u00a0\u00bb en pr\u00e9sence de l&rsquo;artiste<\/li><li><strong>Jeu concours <\/strong>pour faire gagner un IF pass et d\u2019autres cadeaux. Le jeu concours se tiendra du 21 mars au 25 mars 2023.<\/li><\/ul>\n\n\n<div class=\"space sm\"><\/div>\n\n\n<h2 class=\"wp-block-heading\">Partenaires de l&rsquo;\u00e9v\u00e8nement<\/h2>\n\n\n\n<figure class=\"wp-block-image size-thumbnail is-style-default\"><img loading=\"lazy\" decoding=\"async\" width=\"150\" height=\"150\" src=\"https:\/\/institutfrancais.sk\/wp-content\/uploads\/2023\/03\/Citroen_Brand_Block_Black_RVB-150x150.jpg\" alt=\"\" class=\"wp-image-26326\"\/><\/figure>\n\n\n\n<figure class=\"wp-block-image size-thumbnail is-style-default\"><img loading=\"lazy\" decoding=\"async\" width=\"150\" height=\"150\" src=\"https:\/\/institutfrancais.sk\/wp-content\/uploads\/2022\/12\/Dizajn-bez-nazvu-51-150x150.png\" alt=\"\" class=\"wp-image-24845\"\/><\/figure>\n\n\n<div class=\"space sm\"><\/div>\n\n<\/div><iframe loading=\"lazy\" src=\"https:\/\/www.google.com\/maps\/embed?pb=!1m18!1m12!1m3!1d2662.2735746915087!2d17.10532635165492!3d48.14353077912193!2m3!1f0!2f0!3f0!3m2!1i1024!2i768!4f13.1!3m3!1m2!1s0x476c8942d3867d0f%3A0xf92cfa7be90ee73!2zRnJhbmPDunpza3kgaW7FoXRpdMO6dA!5e0!3m2!1ssk!2ssk!4v1575902399794!5m2!1ssk!2ssk\" width=\"100%\" height=\"558\" frameborder=\"0\" class=\"gmap-iframe\" allowfullscreen=\"\"><\/iframe><div class=\"wrap narrow-wrap\">\n\n<\/div><div class=\"gray-bg\"><div class=\"cta-box\"><div class=\"wrap narrow-wrap\"><div class=\"content dark-blue\"><div class=\"cta-box-content\"><div class=\"left-side\"><div class=\"left-content\"><h3>Dans le cadre du programme des Journ\u00e9es de la Francophonie 2023<\/h3>\n<\/div><a class=\"btn btn-white\" href=\"https:\/\/institutfrancais.sk\/fr\/journees-de-la-francophonie-2023\/\">Plus d&rsquo;infos<\/a><\/div><div class=\"right-side\"><div class=\"right-content\"><p><img loading=\"lazy\" decoding=\"async\" class=\"size-medium wp-image-25789 alignright\" src=\"https:\/\/institutfrancais.sk\/wp-content\/uploads\/2023\/02\/JF-2023-Web-and-FB-event-Banner-FR-Simple-300x169.png\" alt=\"\" width=\"300\" height=\"169\" srcset=\"https:\/\/institutfrancais.sk\/wp-content\/uploads\/2023\/02\/JF-2023-Web-and-FB-event-Banner-FR-Simple-300x169.png 300w, https:\/\/institutfrancais.sk\/wp-content\/uploads\/2023\/02\/JF-2023-Web-and-FB-event-Banner-FR-Simple-1024x576.png 1024w, https:\/\/institutfrancais.sk\/wp-content\/uploads\/2023\/02\/JF-2023-Web-and-FB-event-Banner-FR-Simple-768x432.png 768w, https:\/\/institutfrancais.sk\/wp-content\/uploads\/2023\/02\/JF-2023-Web-and-FB-event-Banner-FR-Simple-1536x864.png 1536w, https:\/\/institutfrancais.sk\/wp-content\/uploads\/2023\/02\/JF-2023-Web-and-FB-event-Banner-FR-Simple-1190x669.png 1190w, https:\/\/institutfrancais.sk\/wp-content\/uploads\/2023\/02\/JF-2023-Web-and-FB-event-Banner-FR-Simple-1690x951.png 1690w, https:\/\/institutfrancais.sk\/wp-content\/uploads\/2023\/02\/JF-2023-Web-and-FB-event-Banner-FR-Simple.png 1920w\" sizes=\"(max-width: 300px) 100vw, 300px\" \/><\/p>\n<\/div><\/div><\/div><\/div><\/div><\/div><\/div><div class=\"wrap narrow-wrap\">\n\n<\/div><div class=\"articles articles-events\"><div class=\"gray-bg\"><div class=\"lines-bg lines-bg-boldright-c\"><div class=\"wrap\"><div class=\"white-boxes\"><div class=\"row posts-list\"><a class=\"articles-redirection\" href=\"https:\/\/institutfrancais.sk\/fr\/fr\/informacie\/\"><svg xmlns=\"http:\/\/www.w3.org\/2000\/svg\" viewBox=\"0 0 320 512\" width=\"20\"><path fill=\"#000\" d=\"M285.476 272.971L91.132 467.314c-9.373 9.373-24.569 9.373-33.941 0l-22.667-22.667c-9.357-9.357-9.375-24.522-.04-33.901L188.505 256 34.484 101.255c-9.335-9.379-9.317-24.544.04-33.901l22.667-22.667c9.373-9.373 24.569-9.373 33.941 0L285.475 239.03c9.373 9.372 9.373 24.568.001 33.941z\"><\/path><\/svg> <\/a><div class=\"col-lg-4 col-md-6 col-sm-6\">\n<section>\n<div class=\"post\">\n<div class=\"post-container\">\n<a href=\"https:\/\/institutfrancais.sk\/fr\/spievam-po-francuzsky-2026-2\/\"><div class=\"post-img\">\n<img decoding=\"async\" src=\"https:\/\/institutfrancais.sk\/wp-content\/uploads\/2025\/11\/SPF-2026-J1-537x235.png\" alt=\"Spievam po\u00a0franc\u00fazsky 2026 &#8211;&nbsp;le concours de la chanson francophone\" class=\"post-thumbnail\" width=\"100%\">\n<\/div><\/a>\n<div class=\"card-content\">\n<div class=\"post-meta\">\n<a href=\"https:\/\/institutfrancais.sk\/fr\/category\/non-classifiee\/\">Musique<\/a> \/<\/div>\n<a href=\"https:\/\/institutfrancais.sk\/fr\/spievam-po-francuzsky-2026-2\/\">\n<h1>Spievam po\u00a0franc\u00fazsky 2026 &#8211;&nbsp;le concours de la chanson francophone<\/h1>\n<\/a>\n<div class=\"line-after-title\"><\/div>\n<article>\n<p>Le concours de la chanson francophone&nbsp;&nbsp;Je chante en fran\u00e7ais &nbsp;est de retour en 2026 ! Vous \u00eates amateurs de chansons francophones ? Votre langue maternelle n&rsquo;est pas le fran\u00e7ais ? Vous r\u00e9sidez en Slovaquie ? Vous \u00eates \u00e0 la bonne adresse ! Inscrivez-vous jusqu\u2019au 15 mars 2026 ! Comment faire&#8230;<\/p>\n<\/article>\n<\/div>\n<\/div>\n<\/div>\n<\/section>\n<\/div>\n<div class=\"col-lg-4 col-md-6 col-sm-6\">\n<section>\n<div class=\"post\">\n<div class=\"post-container\">\n<a href=\"https:\/\/institutfrancais.sk\/fr\/cours-de-francais-session-printemps-2023\/\"><div class=\"post-img\">\n<img decoding=\"async\" src=\"https:\/\/institutfrancais.sk\/wp-content\/uploads\/2023\/02\/Jarne-kurzy-2023-Web-a-FB-event-cover-1024x576.png\" alt=\"Cours de fran\u00e7ais : session de printemps 2023\" class=\"post-thumbnail\" width=\"100%\">\n<\/div><\/a>\n<div class=\"card-content\">\n<div class=\"post-meta\">\n<a href=\"https:\/\/institutfrancais.sk\/fr\/category\/cours\/\">Cours<\/a> \/<\/div>\n<a href=\"https:\/\/institutfrancais.sk\/fr\/cours-de-francais-session-printemps-2023\/\">\n<h1>Cours de fran\u00e7ais : session de printemps 2023<\/h1>\n<\/a>\n<div class=\"line-after-title\"><\/div>\n<article>\n<p>Trimestre de printemps \u00e0 partir du 12 avril 2023 Inscription en ligne Inscription en pr\u00e9sentiel \u00e0 partir du 1er mars 2023&nbsp;3 \u2013&nbsp;5 avril 2023 de14:00 \u00e0 18:00 Les meilleurs cours de fran\u00e7ais \u00e0 Bratislava Le fran\u00e7ais est l\u2019une des langues les plus importantes qui vous ouvrira les portes de&#8230;<\/p>\n<\/article>\n<\/div>\n<\/div>\n<\/div>\n<\/section>\n<\/div>\n<\/div><\/div><div class=\"btn-articles-redirection\"><a class=\"btn btn-black\" href=\"https:\/\/institutfrancais.sk\/fr\/informacie\/\">Plus d&rsquo;infos<\/a><\/div><\/div><\/div><\/div><\/div><div class=\"wrap narrow-wrap\">","protected":false},"featured_media":26131,"template":"","typ-podujatia":[193,184,58,98],"acf":[],"yoast_head":"<!-- This site is optimized with the Yoast SEO plugin v24.5 - https:\/\/yoast.com\/wordpress\/plugins\/seo\/ -->\n<title>Journ\u00e9e Portes Ouvertes : Ouverture de la m\u00e9diath\u00e8que - Franc\u00fazsky in\u0161tit\u00fat na Slovensku<\/title>\n<meta name=\"robots\" content=\"index, follow, max-snippet:-1, max-image-preview:large, max-video-preview:-1\" \/>\n<link rel=\"canonical\" href=\"https:\/\/institutfrancais.sk\/fr\/podujatie\/journee-portes-ouvertes-ouverture-de-la-mediatheque\/\" \/>\n<meta property=\"og:locale\" content=\"fr_FR\" \/>\n<meta property=\"og:type\" content=\"article\" \/>\n<meta property=\"og:title\" content=\"Journ\u00e9e Portes Ouvertes : Ouverture de la m\u00e9diath\u00e8que - Franc\u00fazsky in\u0161tit\u00fat na Slovensku\" \/>\n<meta property=\"og:description\" content=\"Au programme de la Journ\u00e9e Portes Ouvertes Visite guid\u00e9e pour d\u00e9couvrir les espaces de 10h00 \u00e0 11h00 Pr\u00e9sentation de la biblioth\u00e8que num\u00e9rique Cultureth\u00e8que qui aura lieu \u00e0 la fin de la visite guid\u00e9e (dur\u00e9e : 20 minutes) Animations jeunesse : Heure du conte \u00e0 11h00 et coloriages dans la th\u00e9matique du Petit Prince Inscriptions aux [&hellip;]\" \/>\n<meta property=\"og:url\" content=\"https:\/\/institutfrancais.sk\/fr\/podujatie\/journee-portes-ouvertes-ouverture-de-la-mediatheque\/\" \/>\n<meta property=\"og:site_name\" content=\"Franc\u00fazsky in\u0161tit\u00fat na Slovensku\" \/>\n<meta property=\"article:modified_time\" content=\"2023-03-21T13:03:55+00:00\" \/>\n<meta property=\"og:image\" content=\"https:\/\/institutfrancais.sk\/wp-content\/uploads\/2023\/02\/IFS-Journee-Portes-Ouvertes-scaled.jpg\" \/>\n\t<meta property=\"og:image:width\" content=\"2560\" \/>\n\t<meta property=\"og:image:height\" content=\"2013\" \/>\n\t<meta property=\"og:image:type\" content=\"image\/jpeg\" \/>\n<meta name=\"twitter:card\" content=\"summary_large_image\" \/>\n<meta name=\"twitter:label1\" content=\"Dur\u00e9e de lecture estim\u00e9e\" \/>\n\t<meta name=\"twitter:data1\" content=\"2 minutes\" \/>\n<script type=\"application\/ld+json\" class=\"yoast-schema-graph\">{\"@context\":\"https:\/\/schema.org\",\"@graph\":[{\"@type\":\"WebPage\",\"@id\":\"https:\/\/institutfrancais.sk\/fr\/podujatie\/journee-portes-ouvertes-ouverture-de-la-mediatheque\/\",\"url\":\"https:\/\/institutfrancais.sk\/fr\/podujatie\/journee-portes-ouvertes-ouverture-de-la-mediatheque\/\",\"name\":\"Journ\u00e9e Portes Ouvertes : Ouverture de la m\u00e9diath\u00e8que - Franc\u00fazsky in\u0161tit\u00fat na Slovensku\",\"isPartOf\":{\"@id\":\"https:\/\/institutfrancais.sk\/fr\/#website\"},\"primaryImageOfPage\":{\"@id\":\"https:\/\/institutfrancais.sk\/fr\/podujatie\/journee-portes-ouvertes-ouverture-de-la-mediatheque\/#primaryimage\"},\"image\":{\"@id\":\"https:\/\/institutfrancais.sk\/fr\/podujatie\/journee-portes-ouvertes-ouverture-de-la-mediatheque\/#primaryimage\"},\"thumbnailUrl\":\"https:\/\/institutfrancais.sk\/wp-content\/uploads\/2023\/02\/IFS-Journee-Portes-Ouvertes-scaled.jpg\",\"datePublished\":\"2023-02-21T15:25:40+00:00\",\"dateModified\":\"2023-03-21T13:03:55+00:00\",\"breadcrumb\":{\"@id\":\"https:\/\/institutfrancais.sk\/fr\/podujatie\/journee-portes-ouvertes-ouverture-de-la-mediatheque\/#breadcrumb\"},\"inLanguage\":\"fr-FR\",\"potentialAction\":[{\"@type\":\"ReadAction\",\"target\":[\"https:\/\/institutfrancais.sk\/fr\/podujatie\/journee-portes-ouvertes-ouverture-de-la-mediatheque\/\"]}]},{\"@type\":\"ImageObject\",\"inLanguage\":\"fr-FR\",\"@id\":\"https:\/\/institutfrancais.sk\/fr\/podujatie\/journee-portes-ouvertes-ouverture-de-la-mediatheque\/#primaryimage\",\"url\":\"https:\/\/institutfrancais.sk\/wp-content\/uploads\/2023\/02\/IFS-Journee-Portes-Ouvertes-scaled.jpg\",\"contentUrl\":\"https:\/\/institutfrancais.sk\/wp-content\/uploads\/2023\/02\/IFS-Journee-Portes-Ouvertes-scaled.jpg\",\"width\":2560,\"height\":2013},{\"@type\":\"BreadcrumbList\",\"@id\":\"https:\/\/institutfrancais.sk\/fr\/podujatie\/journee-portes-ouvertes-ouverture-de-la-mediatheque\/#breadcrumb\",\"itemListElement\":[{\"@type\":\"ListItem\",\"position\":1,\"name\":\"Home\",\"item\":\"https:\/\/institutfrancais.sk\/fr\/\"},{\"@type\":\"ListItem\",\"position\":2,\"name\":\"Events\",\"item\":\"https:\/\/institutfrancais.sk\/fr\/podujatie\/\"},{\"@type\":\"ListItem\",\"position\":3,\"name\":\"Journ\u00e9e Portes Ouvertes : Ouverture de la m\u00e9diath\u00e8que\"}]},{\"@type\":\"WebSite\",\"@id\":\"https:\/\/institutfrancais.sk\/fr\/#website\",\"url\":\"https:\/\/institutfrancais.sk\/fr\/\",\"name\":\"Franc\u00fazsky in\u0161tit\u00fat na Slovensku\",\"description\":\"Franc\u00fazsky in\u0161tit\u00fat na Slovensku\",\"potentialAction\":[{\"@type\":\"SearchAction\",\"target\":{\"@type\":\"EntryPoint\",\"urlTemplate\":\"https:\/\/institutfrancais.sk\/fr\/?s={search_term_string}\"},\"query-input\":{\"@type\":\"PropertyValueSpecification\",\"valueRequired\":true,\"valueName\":\"search_term_string\"}}],\"inLanguage\":\"fr-FR\"}]}<\/script>\n<!-- \/ Yoast SEO plugin. -->","yoast_head_json":{"title":"Journ\u00e9e Portes Ouvertes : Ouverture de la m\u00e9diath\u00e8que - Franc\u00fazsky in\u0161tit\u00fat na Slovensku","robots":{"index":"index","follow":"follow","max-snippet":"max-snippet:-1","max-image-preview":"max-image-preview:large","max-video-preview":"max-video-preview:-1"},"canonical":"https:\/\/institutfrancais.sk\/fr\/podujatie\/journee-portes-ouvertes-ouverture-de-la-mediatheque\/","og_locale":"fr_FR","og_type":"article","og_title":"Journ\u00e9e Portes Ouvertes : Ouverture de la m\u00e9diath\u00e8que - Franc\u00fazsky in\u0161tit\u00fat na Slovensku","og_description":"Au programme de la Journ\u00e9e Portes Ouvertes Visite guid\u00e9e pour d\u00e9couvrir les espaces de 10h00 \u00e0 11h00 Pr\u00e9sentation de la biblioth\u00e8que num\u00e9rique Cultureth\u00e8que qui aura lieu \u00e0 la fin de la visite guid\u00e9e (dur\u00e9e : 20 minutes) Animations jeunesse : Heure du conte \u00e0 11h00 et coloriages dans la th\u00e9matique du Petit Prince Inscriptions aux [&hellip;]","og_url":"https:\/\/institutfrancais.sk\/fr\/podujatie\/journee-portes-ouvertes-ouverture-de-la-mediatheque\/","og_site_name":"Franc\u00fazsky in\u0161tit\u00fat na Slovensku","article_modified_time":"2023-03-21T13:03:55+00:00","og_image":[{"width":2560,"height":2013,"url":"https:\/\/institutfrancais.sk\/wp-content\/uploads\/2023\/02\/IFS-Journee-Portes-Ouvertes-scaled.jpg","type":"image\/jpeg"}],"twitter_card":"summary_large_image","twitter_misc":{"Dur\u00e9e de lecture estim\u00e9e":"2 minutes"},"schema":{"@context":"https:\/\/schema.org","@graph":[{"@type":"WebPage","@id":"https:\/\/institutfrancais.sk\/fr\/podujatie\/journee-portes-ouvertes-ouverture-de-la-mediatheque\/","url":"https:\/\/institutfrancais.sk\/fr\/podujatie\/journee-portes-ouvertes-ouverture-de-la-mediatheque\/","name":"Journ\u00e9e Portes Ouvertes : Ouverture de la m\u00e9diath\u00e8que - Franc\u00fazsky in\u0161tit\u00fat na Slovensku","isPartOf":{"@id":"https:\/\/institutfrancais.sk\/fr\/#website"},"primaryImageOfPage":{"@id":"https:\/\/institutfrancais.sk\/fr\/podujatie\/journee-portes-ouvertes-ouverture-de-la-mediatheque\/#primaryimage"},"image":{"@id":"https:\/\/institutfrancais.sk\/fr\/podujatie\/journee-portes-ouvertes-ouverture-de-la-mediatheque\/#primaryimage"},"thumbnailUrl":"https:\/\/institutfrancais.sk\/wp-content\/uploads\/2023\/02\/IFS-Journee-Portes-Ouvertes-scaled.jpg","datePublished":"2023-02-21T15:25:40+00:00","dateModified":"2023-03-21T13:03:55+00:00","breadcrumb":{"@id":"https:\/\/institutfrancais.sk\/fr\/podujatie\/journee-portes-ouvertes-ouverture-de-la-mediatheque\/#breadcrumb"},"inLanguage":"fr-FR","potentialAction":[{"@type":"ReadAction","target":["https:\/\/institutfrancais.sk\/fr\/podujatie\/journee-portes-ouvertes-ouverture-de-la-mediatheque\/"]}]},{"@type":"ImageObject","inLanguage":"fr-FR","@id":"https:\/\/institutfrancais.sk\/fr\/podujatie\/journee-portes-ouvertes-ouverture-de-la-mediatheque\/#primaryimage","url":"https:\/\/institutfrancais.sk\/wp-content\/uploads\/2023\/02\/IFS-Journee-Portes-Ouvertes-scaled.jpg","contentUrl":"https:\/\/institutfrancais.sk\/wp-content\/uploads\/2023\/02\/IFS-Journee-Portes-Ouvertes-scaled.jpg","width":2560,"height":2013},{"@type":"BreadcrumbList","@id":"https:\/\/institutfrancais.sk\/fr\/podujatie\/journee-portes-ouvertes-ouverture-de-la-mediatheque\/#breadcrumb","itemListElement":[{"@type":"ListItem","position":1,"name":"Home","item":"https:\/\/institutfrancais.sk\/fr\/"},{"@type":"ListItem","position":2,"name":"Events","item":"https:\/\/institutfrancais.sk\/fr\/podujatie\/"},{"@type":"ListItem","position":3,"name":"Journ\u00e9e Portes Ouvertes : Ouverture de la m\u00e9diath\u00e8que"}]},{"@type":"WebSite","@id":"https:\/\/institutfrancais.sk\/fr\/#website","url":"https:\/\/institutfrancais.sk\/fr\/","name":"Franc\u00fazsky in\u0161tit\u00fat na Slovensku","description":"Franc\u00fazsky in\u0161tit\u00fat na Slovensku","potentialAction":[{"@type":"SearchAction","target":{"@type":"EntryPoint","urlTemplate":"https:\/\/institutfrancais.sk\/fr\/?s={search_term_string}"},"query-input":{"@type":"PropertyValueSpecification","valueRequired":true,"valueName":"search_term_string"}}],"inLanguage":"fr-FR"}]}},"_links":{"self":[{"href":"https:\/\/institutfrancais.sk\/fr\/wp-json\/wp\/v2\/podujatie\/26130"}],"collection":[{"href":"https:\/\/institutfrancais.sk\/fr\/wp-json\/wp\/v2\/podujatie"}],"about":[{"href":"https:\/\/institutfrancais.sk\/fr\/wp-json\/wp\/v2\/types\/podujatie"}],"wp:featuredmedia":[{"embeddable":true,"href":"https:\/\/institutfrancais.sk\/fr\/wp-json\/wp\/v2\/media\/26131"}],"wp:attachment":[{"href":"https:\/\/institutfrancais.sk\/fr\/wp-json\/wp\/v2\/media?parent=26130"}],"wp:term":[{"taxonomy":"typ-podujatia","embeddable":true,"href":"https:\/\/institutfrancais.sk\/fr\/wp-json\/wp\/v2\/typ-podujatia?post=26130"}],"curies":[{"name":"wp","href":"https:\/\/api.w.org\/{rel}","templated":true}]}}