{"id":26676,"date":"2023-04-13T16:08:29","date_gmt":"2023-04-13T14:08:29","guid":{"rendered":"https:\/\/institutfrancais.sk\/?post_type=podujatie&#038;p=26676"},"modified":"2023-04-20T15:12:59","modified_gmt":"2023-04-20T13:12:59","slug":"atelier-la-fresque-du-climat","status":"publish","type":"podujatie","link":"https:\/\/institutfrancais.sk\/fr\/podujatie\/atelier-la-fresque-du-climat\/","title":{"rendered":"Atelier : La Fresque du Climat"},"content":{"rendered":"\n<h2 class=\"wp-block-heading\">Comment se d\u00e9roule une Fresque du climat ?<\/h2>\n\n\n\n<p>Le fonctionnement est tr\u00e8s simple. Une <strong> <strong><a href=\"https:\/\/fresqueduclimat.org\/\">Fresque du climat <\/a><\/strong> <\/strong>se r\u00e9alise par <strong>groupe de six personnes environ<\/strong>, r\u00e9unies autour d\u2019une table. Un animateur propose progressivement au groupe des cartes repr\u00e9sentant les diff\u00e9rentes composantes du changement climatique. Le groupe doit alors se concerter afin de retrouver les liens de cause \u00e0 effet entre ces composantes, en les positionnant et reliant entre elles, et en ajoutant \u00e9ventuellement des dessins ou des mots. L\u2019animateur est l\u00e0 pour aider le groupe et r\u00e9pondre \u00e0 leurs questions. Le r\u00e9sultat final est une grande fresque qui montre l\u2019interd\u00e9pendance des \u00e9l\u00e9ments du changement climatique, et permet d\u2019aborder les leviers d\u2019action.<\/p>\n\n\n<div class=\"space sm\"><\/div>\n\n\n<h2 class=\"wp-block-heading\">La Fresque du climat \u00e0 l&rsquo;Institut fran\u00e7ais de Slovaquie<\/h2>\n\n\n\n<p>Nos ateliers seront anim\u00e9s par une \u00e9quipe des associations partenaires de la Fresque du climat en Autriche et en R\u00e9publique tch\u00e8que. Ils pourront se tenir au choix <strong>en fran\u00e7ais ou en anglais<\/strong> et pourront accueillir <strong>36 participants maximum <\/strong>dans la m\u00e9diath\u00e8que de l\u2019Institut fran\u00e7ais de Slovaquie. Vous n\u2019aurez besoin de rien d\u2019autre que de l\u2019envie d\u2019\u00e9changer sur la question du climat. Si vous \u00eates, \u00e0 la fin de l\u2019atelier, int\u00e9ress\u00e9s \u00e0 contribuer \u00e0 diffuser la Fresque du climat en Slovaquie, les animateurs seront ravis de vous renseigner.<\/p>\n\n\n<div class=\"space sm\"><\/div>\n\n<div class=\"text-center\"><a href=\"https:\/\/docs.google.com\/forms\/d\/e\/1FAIpQLSeyy82KizklaYibWGGz4_QBqxk3SJ6qUzik7GWT3WmzEvTT2A\/viewform?usp=sf_link\" class=\"btn\">Inscription obligatoire<\/a><\/div>\n\n<div class=\"space sm\"><\/div>\n\n<\/div><div class=\"lines-bg lines-bg-threeleft-g\"><div class=\"lines-bg lines-bg-absolute lines-bg-oneright-g\"><\/div><div class=\"wrap\"><div class=\"events articles-events\"><h2>Cela pourrait <span class=\"green\">\/vous int\u00e9resser<\/span><\/h2><div class=\"row\"><div class=\"col-md-6 col-lg-4\"><a href=\"https:\/\/institutfrancais.sk\/fr\/podujatie\/cineclub-petit-paysan\/\" class=\"event \"><div class=\"bg\"><div class=\"bghdn\"><div class=\"img\" style=\"background-image:url(https:\/\/institutfrancais.sk\/wp-content\/uploads\/2023\/04\/Visuals_1-1024x576.png)\"><\/div><\/div><span class=\"type\">cin\u00e9ma\/film<\/span><\/div><div class=\"content\"><div class=\"meta\"><strong class=\"color-green\">25.4.<\/strong> | <span class=\"color-black\">18:00<\/span><\/div><h3>Cin\u00e9club : Petit Paysan<\/h3><\/div><\/a><\/div><\/div><\/div><\/div><\/div><div class=\"wrap narrow-wrap\">\n\n<div class=\"space sm\"><\/div>\n\n<\/div><iframe loading=\"lazy\" src=\"https:\/\/www.google.com\/maps\/embed?pb=!1m18!1m12!1m3!1d2662.2735746915087!2d17.10532635165492!3d48.14353077912193!2m3!1f0!2f0!3f0!3m2!1i1024!2i768!4f13.1!3m3!1m2!1s0x476c8942d3867d0f%3A0xf92cfa7be90ee73!2zRnJhbmPDunpza3kgaW7FoXRpdMO6dA!5e0!3m2!1ssk!2ssk!4v1575902399794!5m2!1ssk!2ssk\" width=\"100%\" height=\"558\" frameborder=\"0\" class=\"gmap-iframe\" allowfullscreen=\"\"><\/iframe><div class=\"wrap narrow-wrap\">","protected":false},"featured_media":26677,"template":"","typ-podujatia":[53,98],"acf":[],"yoast_head":"<!-- This site is optimized with the Yoast SEO plugin v24.5 - https:\/\/yoast.com\/wordpress\/plugins\/seo\/ -->\n<title>Atelier : La Fresque du Climat - Franc\u00fazsky in\u0161tit\u00fat na Slovensku<\/title>\n<meta name=\"robots\" content=\"index, follow, max-snippet:-1, max-image-preview:large, max-video-preview:-1\" \/>\n<link rel=\"canonical\" href=\"https:\/\/institutfrancais.sk\/fr\/podujatie\/atelier-la-fresque-du-climat\/\" \/>\n<meta property=\"og:locale\" content=\"fr_FR\" \/>\n<meta property=\"og:type\" content=\"article\" \/>\n<meta property=\"og:title\" content=\"Atelier : La Fresque du Climat - Franc\u00fazsky in\u0161tit\u00fat na Slovensku\" \/>\n<meta property=\"og:description\" content=\"Comment se d\u00e9roule une Fresque du climat ? Le fonctionnement est tr\u00e8s simple. Une Fresque du climat se r\u00e9alise par groupe de six personnes environ, r\u00e9unies autour d\u2019une table. Un animateur propose progressivement au groupe des cartes repr\u00e9sentant les diff\u00e9rentes composantes du changement climatique. Le groupe doit alors se concerter afin de retrouver les liens [&hellip;]\" \/>\n<meta property=\"og:url\" content=\"https:\/\/institutfrancais.sk\/fr\/podujatie\/atelier-la-fresque-du-climat\/\" \/>\n<meta property=\"og:site_name\" content=\"Franc\u00fazsky in\u0161tit\u00fat na Slovensku\" \/>\n<meta property=\"article:modified_time\" content=\"2023-04-20T13:12:59+00:00\" \/>\n<meta property=\"og:image\" content=\"https:\/\/institutfrancais.sk\/wp-content\/uploads\/2023\/04\/79326254_2438736342916477_3772600510033428480_n.jpg\" \/>\n\t<meta property=\"og:image:width\" content=\"1134\" \/>\n\t<meta property=\"og:image:height\" content=\"748\" \/>\n\t<meta property=\"og:image:type\" content=\"image\/jpeg\" \/>\n<meta name=\"twitter:card\" content=\"summary_large_image\" \/>\n<meta name=\"twitter:label1\" content=\"Dur\u00e9e de lecture estim\u00e9e\" \/>\n\t<meta name=\"twitter:data1\" content=\"1 minute\" \/>\n<script type=\"application\/ld+json\" class=\"yoast-schema-graph\">{\"@context\":\"https:\/\/schema.org\",\"@graph\":[{\"@type\":\"WebPage\",\"@id\":\"https:\/\/institutfrancais.sk\/fr\/podujatie\/atelier-la-fresque-du-climat\/\",\"url\":\"https:\/\/institutfrancais.sk\/fr\/podujatie\/atelier-la-fresque-du-climat\/\",\"name\":\"Atelier : La Fresque du Climat - Franc\u00fazsky in\u0161tit\u00fat na Slovensku\",\"isPartOf\":{\"@id\":\"https:\/\/institutfrancais.sk\/fr\/#website\"},\"primaryImageOfPage\":{\"@id\":\"https:\/\/institutfrancais.sk\/fr\/podujatie\/atelier-la-fresque-du-climat\/#primaryimage\"},\"image\":{\"@id\":\"https:\/\/institutfrancais.sk\/fr\/podujatie\/atelier-la-fresque-du-climat\/#primaryimage\"},\"thumbnailUrl\":\"https:\/\/institutfrancais.sk\/wp-content\/uploads\/2023\/04\/79326254_2438736342916477_3772600510033428480_n.jpg\",\"datePublished\":\"2023-04-13T14:08:29+00:00\",\"dateModified\":\"2023-04-20T13:12:59+00:00\",\"breadcrumb\":{\"@id\":\"https:\/\/institutfrancais.sk\/fr\/podujatie\/atelier-la-fresque-du-climat\/#breadcrumb\"},\"inLanguage\":\"fr-FR\",\"potentialAction\":[{\"@type\":\"ReadAction\",\"target\":[\"https:\/\/institutfrancais.sk\/fr\/podujatie\/atelier-la-fresque-du-climat\/\"]}]},{\"@type\":\"ImageObject\",\"inLanguage\":\"fr-FR\",\"@id\":\"https:\/\/institutfrancais.sk\/fr\/podujatie\/atelier-la-fresque-du-climat\/#primaryimage\",\"url\":\"https:\/\/institutfrancais.sk\/wp-content\/uploads\/2023\/04\/79326254_2438736342916477_3772600510033428480_n.jpg\",\"contentUrl\":\"https:\/\/institutfrancais.sk\/wp-content\/uploads\/2023\/04\/79326254_2438736342916477_3772600510033428480_n.jpg\",\"width\":1134,\"height\":748},{\"@type\":\"BreadcrumbList\",\"@id\":\"https:\/\/institutfrancais.sk\/fr\/podujatie\/atelier-la-fresque-du-climat\/#breadcrumb\",\"itemListElement\":[{\"@type\":\"ListItem\",\"position\":1,\"name\":\"Home\",\"item\":\"https:\/\/institutfrancais.sk\/fr\/\"},{\"@type\":\"ListItem\",\"position\":2,\"name\":\"Events\",\"item\":\"https:\/\/institutfrancais.sk\/fr\/podujatie\/\"},{\"@type\":\"ListItem\",\"position\":3,\"name\":\"Atelier : La Fresque du Climat\"}]},{\"@type\":\"WebSite\",\"@id\":\"https:\/\/institutfrancais.sk\/fr\/#website\",\"url\":\"https:\/\/institutfrancais.sk\/fr\/\",\"name\":\"Franc\u00fazsky in\u0161tit\u00fat na Slovensku\",\"description\":\"Franc\u00fazsky in\u0161tit\u00fat na Slovensku\",\"potentialAction\":[{\"@type\":\"SearchAction\",\"target\":{\"@type\":\"EntryPoint\",\"urlTemplate\":\"https:\/\/institutfrancais.sk\/fr\/?s={search_term_string}\"},\"query-input\":{\"@type\":\"PropertyValueSpecification\",\"valueRequired\":true,\"valueName\":\"search_term_string\"}}],\"inLanguage\":\"fr-FR\"}]}<\/script>\n<!-- \/ Yoast SEO plugin. -->","yoast_head_json":{"title":"Atelier : La Fresque du Climat - Franc\u00fazsky in\u0161tit\u00fat na Slovensku","robots":{"index":"index","follow":"follow","max-snippet":"max-snippet:-1","max-image-preview":"max-image-preview:large","max-video-preview":"max-video-preview:-1"},"canonical":"https:\/\/institutfrancais.sk\/fr\/podujatie\/atelier-la-fresque-du-climat\/","og_locale":"fr_FR","og_type":"article","og_title":"Atelier : La Fresque du Climat - Franc\u00fazsky in\u0161tit\u00fat na Slovensku","og_description":"Comment se d\u00e9roule une Fresque du climat ? Le fonctionnement est tr\u00e8s simple. Une Fresque du climat se r\u00e9alise par groupe de six personnes environ, r\u00e9unies autour d\u2019une table. Un animateur propose progressivement au groupe des cartes repr\u00e9sentant les diff\u00e9rentes composantes du changement climatique. Le groupe doit alors se concerter afin de retrouver les liens [&hellip;]","og_url":"https:\/\/institutfrancais.sk\/fr\/podujatie\/atelier-la-fresque-du-climat\/","og_site_name":"Franc\u00fazsky in\u0161tit\u00fat na Slovensku","article_modified_time":"2023-04-20T13:12:59+00:00","og_image":[{"width":1134,"height":748,"url":"https:\/\/institutfrancais.sk\/wp-content\/uploads\/2023\/04\/79326254_2438736342916477_3772600510033428480_n.jpg","type":"image\/jpeg"}],"twitter_card":"summary_large_image","twitter_misc":{"Dur\u00e9e de lecture estim\u00e9e":"1 minute"},"schema":{"@context":"https:\/\/schema.org","@graph":[{"@type":"WebPage","@id":"https:\/\/institutfrancais.sk\/fr\/podujatie\/atelier-la-fresque-du-climat\/","url":"https:\/\/institutfrancais.sk\/fr\/podujatie\/atelier-la-fresque-du-climat\/","name":"Atelier : La Fresque du Climat - Franc\u00fazsky in\u0161tit\u00fat na Slovensku","isPartOf":{"@id":"https:\/\/institutfrancais.sk\/fr\/#website"},"primaryImageOfPage":{"@id":"https:\/\/institutfrancais.sk\/fr\/podujatie\/atelier-la-fresque-du-climat\/#primaryimage"},"image":{"@id":"https:\/\/institutfrancais.sk\/fr\/podujatie\/atelier-la-fresque-du-climat\/#primaryimage"},"thumbnailUrl":"https:\/\/institutfrancais.sk\/wp-content\/uploads\/2023\/04\/79326254_2438736342916477_3772600510033428480_n.jpg","datePublished":"2023-04-13T14:08:29+00:00","dateModified":"2023-04-20T13:12:59+00:00","breadcrumb":{"@id":"https:\/\/institutfrancais.sk\/fr\/podujatie\/atelier-la-fresque-du-climat\/#breadcrumb"},"inLanguage":"fr-FR","potentialAction":[{"@type":"ReadAction","target":["https:\/\/institutfrancais.sk\/fr\/podujatie\/atelier-la-fresque-du-climat\/"]}]},{"@type":"ImageObject","inLanguage":"fr-FR","@id":"https:\/\/institutfrancais.sk\/fr\/podujatie\/atelier-la-fresque-du-climat\/#primaryimage","url":"https:\/\/institutfrancais.sk\/wp-content\/uploads\/2023\/04\/79326254_2438736342916477_3772600510033428480_n.jpg","contentUrl":"https:\/\/institutfrancais.sk\/wp-content\/uploads\/2023\/04\/79326254_2438736342916477_3772600510033428480_n.jpg","width":1134,"height":748},{"@type":"BreadcrumbList","@id":"https:\/\/institutfrancais.sk\/fr\/podujatie\/atelier-la-fresque-du-climat\/#breadcrumb","itemListElement":[{"@type":"ListItem","position":1,"name":"Home","item":"https:\/\/institutfrancais.sk\/fr\/"},{"@type":"ListItem","position":2,"name":"Events","item":"https:\/\/institutfrancais.sk\/fr\/podujatie\/"},{"@type":"ListItem","position":3,"name":"Atelier : La Fresque du Climat"}]},{"@type":"WebSite","@id":"https:\/\/institutfrancais.sk\/fr\/#website","url":"https:\/\/institutfrancais.sk\/fr\/","name":"Franc\u00fazsky in\u0161tit\u00fat na Slovensku","description":"Franc\u00fazsky in\u0161tit\u00fat na Slovensku","potentialAction":[{"@type":"SearchAction","target":{"@type":"EntryPoint","urlTemplate":"https:\/\/institutfrancais.sk\/fr\/?s={search_term_string}"},"query-input":{"@type":"PropertyValueSpecification","valueRequired":true,"valueName":"search_term_string"}}],"inLanguage":"fr-FR"}]}},"_links":{"self":[{"href":"https:\/\/institutfrancais.sk\/fr\/wp-json\/wp\/v2\/podujatie\/26676"}],"collection":[{"href":"https:\/\/institutfrancais.sk\/fr\/wp-json\/wp\/v2\/podujatie"}],"about":[{"href":"https:\/\/institutfrancais.sk\/fr\/wp-json\/wp\/v2\/types\/podujatie"}],"wp:featuredmedia":[{"embeddable":true,"href":"https:\/\/institutfrancais.sk\/fr\/wp-json\/wp\/v2\/media\/26677"}],"wp:attachment":[{"href":"https:\/\/institutfrancais.sk\/fr\/wp-json\/wp\/v2\/media?parent=26676"}],"wp:term":[{"taxonomy":"typ-podujatia","embeddable":true,"href":"https:\/\/institutfrancais.sk\/fr\/wp-json\/wp\/v2\/typ-podujatia?post=26676"}],"curies":[{"name":"wp","href":"https:\/\/api.w.org\/{rel}","templated":true}]}}