{"id":26770,"date":"2023-04-24T14:04:32","date_gmt":"2023-04-24T12:04:32","guid":{"rendered":"https:\/\/institutfrancais.sk\/?post_type=podujatie&#038;p=26770"},"modified":"2023-04-24T14:04:28","modified_gmt":"2023-04-24T12:04:28","slug":"table-ronde-defense-europeenne-la-journee-de-europe","status":"publish","type":"podujatie","link":"https:\/\/institutfrancais.sk\/fr\/podujatie\/table-ronde-defense-europeenne-la-journee-de-europe\/","title":{"rendered":"Table ronde \u00ab D\u00e9fense europ\u00e9enne \u00bb \u00e0 l\u2019occasion de la Journ\u00e9e de l\u2019Europe"},"content":{"rendered":"\n<p> Depuis plus d\u2019un an, un conflit militaire de haute intensit\u00e9 se d\u00e9roule aux fronti\u00e8res de l\u2019Union europ\u00e9enne. De plus, les menaces se diversifient, y compris sur notre sol (cyberattaques, d\u00e9sinformation, terrorisme). Dans le m\u00eame temps, la g\u00e9opolitique fait \u00e9voluer les alliances traditionnelles et l\u2019\u00e9conomie ou la technologie cr\u00e9ent de nouvelles interd\u00e9pendances, y compris dans l\u2019approvisionnement en ressources essentielles \u00e0 la d\u00e9fense du territoire, que ce soit de l\u2019\u00e9quipement militaire ou des ressources \u00e9nerg\u00e9tiques. <\/p>\n\n\n\n<p>Il est naturel dans ce contexte de s\u2019interroger sur la meilleure fa\u00e7on pour les pays de l\u2019Union europ\u00e9enne d\u2019assurer leur s\u00e9curit\u00e9. Il faut pour cela se demander comment doivent s\u2019\u00e9quilibrer les actions nationale et celles qui se font de mani\u00e8re commune au sein de l\u2019Union, et si l\u2019Union doit viser une compl\u00e8te autonomie ou articuler son action avec celle de ses alli\u00e9s. Les interrogations en mati\u00e8re de d\u00e9fense r\u00e9sument donc de nombreuses questions qui se posent plus g\u00e9n\u00e9ralement au sujet de la construction de l\u2019Union europ\u00e9enne.<\/p>\n\n\n\n<p>Nous discuterons de la d\u00e9fense des pays de l\u2019Union europ\u00e9enne avec trois sp\u00e9cialistes qui apporteront un \u00e9clairage compl\u00e9mentaire.<\/p>\n\n\n\n<ul><li><strong>Katar\u00edna Cs\u00e9falvayov\u00e1<\/strong>, directrice de programme du think tank Globsec <\/li><li><strong>le Colonel Jean-Charles Peltier<\/strong>, attach\u00e9 r\u00e9gional de d\u00e9fense bas\u00e9 \u00e0 l\u2019Ambassade de France \u00e0 Prague, dont le p\u00e9rim\u00e8tre d\u2019action couvre la Slovaquie<\/li><li><strong>Son Excellence, Dietmar Schweisgut<\/strong>, secr\u00e9taire g\u00e9n\u00e9ral du Centre franco-autrichien pour le rapprochement en Europe et ancien chef de la d\u00e9l\u00e9gation de l\u2019UE en Chine, diplomatie autrichienne<\/li><\/ul>\n\n\n\n<p>La mod\u00e9ration sera assur\u00e9e par <strong>Vincent Fromentin<\/strong>, enseignant-chercheur du Centre europ\u00e9en universitaire de l\u2019Universit\u00e9 de Lorraine, situ\u00e9 \u00e0 Nancy en France.<\/p>\n\n\n<div class=\"space sm\"><\/div>\n\n\n<h2 class=\"wp-block-heading\">Suivez la table ronde en ligne et en direct sur la page Facebook de l&rsquo;Institut fran\u00e7ais de Slovaquie le mardi 9 mai 2023 \u00e0 14h.<\/h2>\n\n\n<div class=\"space sm\"><\/div>\n\n<div class=\"text-center\"><a href=\"https:\/\/www.facebook.com\/ifslovaquie\" class=\"btn\" target=\"blank\" rel=\"noreferrer noopener\">Rendez-vous ici<\/a><\/div>\n\n<div class=\"space sm\"><\/div>","protected":false},"featured_media":26771,"template":"","typ-podujatia":[53],"acf":[],"yoast_head":"<!-- This site is optimized with the Yoast SEO plugin v24.5 - https:\/\/yoast.com\/wordpress\/plugins\/seo\/ -->\n<title>Table ronde \u00ab D\u00e9fense europ\u00e9enne \u00bb \u00e0 l\u2019occasion de la Journ\u00e9e de l\u2019Europe - Franc\u00fazsky in\u0161tit\u00fat na Slovensku<\/title>\n<meta name=\"robots\" content=\"index, follow, max-snippet:-1, max-image-preview:large, max-video-preview:-1\" \/>\n<link rel=\"canonical\" href=\"https:\/\/institutfrancais.sk\/fr\/podujatie\/table-ronde-defense-europeenne-la-journee-de-europe\/\" \/>\n<meta property=\"og:locale\" content=\"fr_FR\" \/>\n<meta property=\"og:type\" content=\"article\" \/>\n<meta property=\"og:title\" content=\"Table ronde \u00ab D\u00e9fense europ\u00e9enne \u00bb \u00e0 l\u2019occasion de la Journ\u00e9e de l\u2019Europe - Franc\u00fazsky in\u0161tit\u00fat na Slovensku\" \/>\n<meta property=\"og:description\" content=\"Depuis plus d\u2019un an, un conflit militaire de haute intensit\u00e9 se d\u00e9roule aux fronti\u00e8res de l\u2019Union europ\u00e9enne. De plus, les menaces se diversifient, y compris sur notre sol (cyberattaques, d\u00e9sinformation, terrorisme). Dans le m\u00eame temps, la g\u00e9opolitique fait \u00e9voluer les alliances traditionnelles et l\u2019\u00e9conomie ou la technologie cr\u00e9ent de nouvelles interd\u00e9pendances, y compris dans l\u2019approvisionnement [&hellip;]\" \/>\n<meta property=\"og:url\" content=\"https:\/\/institutfrancais.sk\/fr\/podujatie\/table-ronde-defense-europeenne-la-journee-de-europe\/\" \/>\n<meta property=\"og:site_name\" content=\"Franc\u00fazsky in\u0161tit\u00fat na Slovensku\" \/>\n<meta property=\"og:image\" content=\"https:\/\/institutfrancais.sk\/wp-content\/uploads\/2023\/04\/pexels-freestocksorg-113885-scaled.jpg\" \/>\n\t<meta property=\"og:image:width\" content=\"2560\" \/>\n\t<meta property=\"og:image:height\" content=\"1707\" \/>\n\t<meta property=\"og:image:type\" content=\"image\/jpeg\" \/>\n<meta name=\"twitter:card\" content=\"summary_large_image\" \/>\n<meta name=\"twitter:label1\" content=\"Dur\u00e9e de lecture estim\u00e9e\" \/>\n\t<meta name=\"twitter:data1\" content=\"2 minutes\" \/>\n<script type=\"application\/ld+json\" class=\"yoast-schema-graph\">{\"@context\":\"https:\/\/schema.org\",\"@graph\":[{\"@type\":\"WebPage\",\"@id\":\"https:\/\/institutfrancais.sk\/fr\/podujatie\/table-ronde-defense-europeenne-la-journee-de-europe\/\",\"url\":\"https:\/\/institutfrancais.sk\/fr\/podujatie\/table-ronde-defense-europeenne-la-journee-de-europe\/\",\"name\":\"Table ronde \u00ab D\u00e9fense europ\u00e9enne \u00bb \u00e0 l\u2019occasion de la Journ\u00e9e de l\u2019Europe - Franc\u00fazsky in\u0161tit\u00fat na Slovensku\",\"isPartOf\":{\"@id\":\"https:\/\/institutfrancais.sk\/fr\/#website\"},\"primaryImageOfPage\":{\"@id\":\"https:\/\/institutfrancais.sk\/fr\/podujatie\/table-ronde-defense-europeenne-la-journee-de-europe\/#primaryimage\"},\"image\":{\"@id\":\"https:\/\/institutfrancais.sk\/fr\/podujatie\/table-ronde-defense-europeenne-la-journee-de-europe\/#primaryimage\"},\"thumbnailUrl\":\"https:\/\/institutfrancais.sk\/wp-content\/uploads\/2023\/04\/pexels-freestocksorg-113885-scaled.jpg\",\"datePublished\":\"2023-04-24T12:04:32+00:00\",\"breadcrumb\":{\"@id\":\"https:\/\/institutfrancais.sk\/fr\/podujatie\/table-ronde-defense-europeenne-la-journee-de-europe\/#breadcrumb\"},\"inLanguage\":\"fr-FR\",\"potentialAction\":[{\"@type\":\"ReadAction\",\"target\":[\"https:\/\/institutfrancais.sk\/fr\/podujatie\/table-ronde-defense-europeenne-la-journee-de-europe\/\"]}]},{\"@type\":\"ImageObject\",\"inLanguage\":\"fr-FR\",\"@id\":\"https:\/\/institutfrancais.sk\/fr\/podujatie\/table-ronde-defense-europeenne-la-journee-de-europe\/#primaryimage\",\"url\":\"https:\/\/institutfrancais.sk\/wp-content\/uploads\/2023\/04\/pexels-freestocksorg-113885-scaled.jpg\",\"contentUrl\":\"https:\/\/institutfrancais.sk\/wp-content\/uploads\/2023\/04\/pexels-freestocksorg-113885-scaled.jpg\",\"width\":2560,\"height\":1707},{\"@type\":\"BreadcrumbList\",\"@id\":\"https:\/\/institutfrancais.sk\/fr\/podujatie\/table-ronde-defense-europeenne-la-journee-de-europe\/#breadcrumb\",\"itemListElement\":[{\"@type\":\"ListItem\",\"position\":1,\"name\":\"Home\",\"item\":\"https:\/\/institutfrancais.sk\/fr\/\"},{\"@type\":\"ListItem\",\"position\":2,\"name\":\"Events\",\"item\":\"https:\/\/institutfrancais.sk\/fr\/podujatie\/\"},{\"@type\":\"ListItem\",\"position\":3,\"name\":\"Table ronde \u00ab D\u00e9fense europ\u00e9enne \u00bb \u00e0 l\u2019occasion de la Journ\u00e9e de l\u2019Europe\"}]},{\"@type\":\"WebSite\",\"@id\":\"https:\/\/institutfrancais.sk\/fr\/#website\",\"url\":\"https:\/\/institutfrancais.sk\/fr\/\",\"name\":\"Franc\u00fazsky in\u0161tit\u00fat na Slovensku\",\"description\":\"Franc\u00fazsky in\u0161tit\u00fat na Slovensku\",\"potentialAction\":[{\"@type\":\"SearchAction\",\"target\":{\"@type\":\"EntryPoint\",\"urlTemplate\":\"https:\/\/institutfrancais.sk\/fr\/?s={search_term_string}\"},\"query-input\":{\"@type\":\"PropertyValueSpecification\",\"valueRequired\":true,\"valueName\":\"search_term_string\"}}],\"inLanguage\":\"fr-FR\"}]}<\/script>\n<!-- \/ Yoast SEO plugin. -->","yoast_head_json":{"title":"Table ronde \u00ab D\u00e9fense europ\u00e9enne \u00bb \u00e0 l\u2019occasion de la Journ\u00e9e de l\u2019Europe - Franc\u00fazsky in\u0161tit\u00fat na Slovensku","robots":{"index":"index","follow":"follow","max-snippet":"max-snippet:-1","max-image-preview":"max-image-preview:large","max-video-preview":"max-video-preview:-1"},"canonical":"https:\/\/institutfrancais.sk\/fr\/podujatie\/table-ronde-defense-europeenne-la-journee-de-europe\/","og_locale":"fr_FR","og_type":"article","og_title":"Table ronde \u00ab D\u00e9fense europ\u00e9enne \u00bb \u00e0 l\u2019occasion de la Journ\u00e9e de l\u2019Europe - Franc\u00fazsky in\u0161tit\u00fat na Slovensku","og_description":"Depuis plus d\u2019un an, un conflit militaire de haute intensit\u00e9 se d\u00e9roule aux fronti\u00e8res de l\u2019Union europ\u00e9enne. De plus, les menaces se diversifient, y compris sur notre sol (cyberattaques, d\u00e9sinformation, terrorisme). Dans le m\u00eame temps, la g\u00e9opolitique fait \u00e9voluer les alliances traditionnelles et l\u2019\u00e9conomie ou la technologie cr\u00e9ent de nouvelles interd\u00e9pendances, y compris dans l\u2019approvisionnement [&hellip;]","og_url":"https:\/\/institutfrancais.sk\/fr\/podujatie\/table-ronde-defense-europeenne-la-journee-de-europe\/","og_site_name":"Franc\u00fazsky in\u0161tit\u00fat na Slovensku","og_image":[{"width":2560,"height":1707,"url":"https:\/\/institutfrancais.sk\/wp-content\/uploads\/2023\/04\/pexels-freestocksorg-113885-scaled.jpg","type":"image\/jpeg"}],"twitter_card":"summary_large_image","twitter_misc":{"Dur\u00e9e de lecture estim\u00e9e":"2 minutes"},"schema":{"@context":"https:\/\/schema.org","@graph":[{"@type":"WebPage","@id":"https:\/\/institutfrancais.sk\/fr\/podujatie\/table-ronde-defense-europeenne-la-journee-de-europe\/","url":"https:\/\/institutfrancais.sk\/fr\/podujatie\/table-ronde-defense-europeenne-la-journee-de-europe\/","name":"Table ronde \u00ab D\u00e9fense europ\u00e9enne \u00bb \u00e0 l\u2019occasion de la Journ\u00e9e de l\u2019Europe - Franc\u00fazsky in\u0161tit\u00fat na Slovensku","isPartOf":{"@id":"https:\/\/institutfrancais.sk\/fr\/#website"},"primaryImageOfPage":{"@id":"https:\/\/institutfrancais.sk\/fr\/podujatie\/table-ronde-defense-europeenne-la-journee-de-europe\/#primaryimage"},"image":{"@id":"https:\/\/institutfrancais.sk\/fr\/podujatie\/table-ronde-defense-europeenne-la-journee-de-europe\/#primaryimage"},"thumbnailUrl":"https:\/\/institutfrancais.sk\/wp-content\/uploads\/2023\/04\/pexels-freestocksorg-113885-scaled.jpg","datePublished":"2023-04-24T12:04:32+00:00","breadcrumb":{"@id":"https:\/\/institutfrancais.sk\/fr\/podujatie\/table-ronde-defense-europeenne-la-journee-de-europe\/#breadcrumb"},"inLanguage":"fr-FR","potentialAction":[{"@type":"ReadAction","target":["https:\/\/institutfrancais.sk\/fr\/podujatie\/table-ronde-defense-europeenne-la-journee-de-europe\/"]}]},{"@type":"ImageObject","inLanguage":"fr-FR","@id":"https:\/\/institutfrancais.sk\/fr\/podujatie\/table-ronde-defense-europeenne-la-journee-de-europe\/#primaryimage","url":"https:\/\/institutfrancais.sk\/wp-content\/uploads\/2023\/04\/pexels-freestocksorg-113885-scaled.jpg","contentUrl":"https:\/\/institutfrancais.sk\/wp-content\/uploads\/2023\/04\/pexels-freestocksorg-113885-scaled.jpg","width":2560,"height":1707},{"@type":"BreadcrumbList","@id":"https:\/\/institutfrancais.sk\/fr\/podujatie\/table-ronde-defense-europeenne-la-journee-de-europe\/#breadcrumb","itemListElement":[{"@type":"ListItem","position":1,"name":"Home","item":"https:\/\/institutfrancais.sk\/fr\/"},{"@type":"ListItem","position":2,"name":"Events","item":"https:\/\/institutfrancais.sk\/fr\/podujatie\/"},{"@type":"ListItem","position":3,"name":"Table ronde \u00ab D\u00e9fense europ\u00e9enne \u00bb \u00e0 l\u2019occasion de la Journ\u00e9e de l\u2019Europe"}]},{"@type":"WebSite","@id":"https:\/\/institutfrancais.sk\/fr\/#website","url":"https:\/\/institutfrancais.sk\/fr\/","name":"Franc\u00fazsky in\u0161tit\u00fat na Slovensku","description":"Franc\u00fazsky in\u0161tit\u00fat na Slovensku","potentialAction":[{"@type":"SearchAction","target":{"@type":"EntryPoint","urlTemplate":"https:\/\/institutfrancais.sk\/fr\/?s={search_term_string}"},"query-input":{"@type":"PropertyValueSpecification","valueRequired":true,"valueName":"search_term_string"}}],"inLanguage":"fr-FR"}]}},"_links":{"self":[{"href":"https:\/\/institutfrancais.sk\/fr\/wp-json\/wp\/v2\/podujatie\/26770"}],"collection":[{"href":"https:\/\/institutfrancais.sk\/fr\/wp-json\/wp\/v2\/podujatie"}],"about":[{"href":"https:\/\/institutfrancais.sk\/fr\/wp-json\/wp\/v2\/types\/podujatie"}],"wp:featuredmedia":[{"embeddable":true,"href":"https:\/\/institutfrancais.sk\/fr\/wp-json\/wp\/v2\/media\/26771"}],"wp:attachment":[{"href":"https:\/\/institutfrancais.sk\/fr\/wp-json\/wp\/v2\/media?parent=26770"}],"wp:term":[{"taxonomy":"typ-podujatia","embeddable":true,"href":"https:\/\/institutfrancais.sk\/fr\/wp-json\/wp\/v2\/typ-podujatia?post=26770"}],"curies":[{"name":"wp","href":"https:\/\/api.w.org\/{rel}","templated":true}]}}