{"id":26786,"date":"2023-05-12T12:22:42","date_gmt":"2023-05-12T10:22:42","guid":{"rendered":"https:\/\/institutfrancais.sk\/podujatie\/predstavenie-rej-kolotoc-v-spolupraci-s-theatre-national-de-bretagne\/"},"modified":"2023-05-12T12:23:27","modified_gmt":"2023-05-12T10:23:27","slug":"spectacle-la-ronde-en-cooperation-avec-le-theatre-national-de-bretagne","status":"publish","type":"podujatie","link":"https:\/\/institutfrancais.sk\/fr\/podujatie\/spectacle-la-ronde-en-cooperation-avec-le-theatre-national-de-bretagne\/","title":{"rendered":"Spectacle La Ronde en coop\u00e9ration avec le Th\u00e9\u00e2tre National de Bretagne"},"content":{"rendered":"\n<p>La pi\u00e8ce La Ronde d&rsquo;Arthur Schnitzler (1862-1931), autrefois scandaleuse, a&nbsp;toute sa place sur la sc\u00e8ne du Statovsk\u00e9 Divadlo (en R\u00e9publique tch\u00e8que). Il s&rsquo;agit d&rsquo;une s\u00e9rie de dix conversations en un acte sur les conditions amoureuses de la soci\u00e9t\u00e9 viennoise, c&rsquo;est-\u00e0-dire des conversations avant et apr\u00e8s l&rsquo;acte d&rsquo;amour, \u00e9crites par l&rsquo;auteur \u00e0 la toute fin du dix-neuvi\u00e8me si\u00e8cle, comme une danse turbulente du d\u00e9sir et de l&rsquo;envie dans le mill\u00e9naire qui s&rsquo;ach\u00e8ve. Nous pouvons les consid\u00e9rer comme un compte rendu de l&rsquo;\u00e9poque, mais nous les comprenons comme un aper\u00e7u intemporel d&rsquo;un besoin humain fondamental &#8211;&nbsp;le besoin de partage et de proximit\u00e9. Sommes-nous seuls ou incapables d&rsquo;aller vers les autres ? L&rsquo;\u00e9trange rituel conduit \u00e0 une recherche de parall\u00e8les. Le texte dialogique r\u00e9gulier appelle \u00e0 une exploration du passage du temps. \u00c0 premi\u00e8re vue, il semble que nous sachions ce que nous faisons tous. Pourtant, nous allons tenter de l&rsquo;explorer \u2026<\/p>\n\n\n<div class=\"space xs\"><\/div>\n\n<div class=\"text-center\"><a href=\"https:\/\/snd.sk\/inscenacia\/3871\/kolotoc\" class=\"btn\">Billets<\/a><\/div>\n\n<div class=\"space xs\"><\/div>\n\n\n<figure class=\"wp-block-embed is-type-video is-provider-youtube wp-block-embed-youtube wp-embed-aspect-16-9 wp-has-aspect-ratio\"><div class=\"wp-block-embed__wrapper\">\n<iframe loading=\"lazy\" title=\"REJ | trailer k inscenaci\" width=\"500\" height=\"281\" src=\"https:\/\/www.youtube.com\/embed\/dMuvV0NyERE?feature=oembed\" frameborder=\"0\" allow=\"accelerometer; autoplay; clipboard-write; encrypted-media; gyroscope; picture-in-picture; web-share\" referrerpolicy=\"strict-origin-when-cross-origin\" allowfullscreen><\/iframe>\n<\/div><\/figure>\n\n\n<\/div><iframe loading=\"lazy\" src=\"https:\/\/www.google.com\/maps\/embed?pb=!1m18!1m12!1m3!1d5324.361102637605!2d17.112056198382483!3d48.145324293738184!2m3!1f0!2f0!3f0!3m2!1i1024!2i768!4f13.1!3m3!1m2!1s0x476c893fa91ed5c1%3A0x208c8f4f673e66ff!2zU2xvdmVuc2vDqSBuw6Fyb2Ruw6kgZGl2YWRsbw!5e0!3m2!1ssk!2ssk!4v1682337969838!5m2!1ssk!2ssk\" width=\"100%\" height=\"558\" frameborder=\"0\" class=\"gmap-iframe\" allowfullscreen=\"\"><\/iframe><div class=\"wrap narrow-wrap\">","protected":false},"featured_media":26784,"template":"","typ-podujatia":[54,96],"acf":[],"yoast_head":"<!-- This site is optimized with the Yoast SEO plugin v24.5 - https:\/\/yoast.com\/wordpress\/plugins\/seo\/ -->\n<title>Spectacle La Ronde en coop\u00e9ration avec le Th\u00e9\u00e2tre National de Bretagne - Franc\u00fazsky in\u0161tit\u00fat na Slovensku<\/title>\n<meta name=\"robots\" content=\"index, follow, max-snippet:-1, max-image-preview:large, max-video-preview:-1\" \/>\n<link rel=\"canonical\" href=\"https:\/\/institutfrancais.sk\/fr\/podujatie\/spectacle-la-ronde-en-cooperation-avec-le-theatre-national-de-bretagne\/\" \/>\n<meta property=\"og:locale\" content=\"fr_FR\" \/>\n<meta property=\"og:type\" content=\"article\" \/>\n<meta property=\"og:title\" content=\"Spectacle La Ronde en coop\u00e9ration avec le Th\u00e9\u00e2tre National de Bretagne - Franc\u00fazsky in\u0161tit\u00fat na Slovensku\" \/>\n<meta property=\"og:description\" content=\"La pi\u00e8ce La Ronde d&rsquo;Arthur Schnitzler (1862-1931), autrefois scandaleuse, a&nbsp;toute sa place sur la sc\u00e8ne du Statovsk\u00e9 Divadlo (en R\u00e9publique tch\u00e8que). Il s&rsquo;agit d&rsquo;une s\u00e9rie de dix conversations en un acte sur les conditions amoureuses de la soci\u00e9t\u00e9 viennoise, c&rsquo;est-\u00e0-dire des conversations avant et apr\u00e8s l&rsquo;acte d&rsquo;amour, \u00e9crites par l&rsquo;auteur \u00e0 la toute fin du [&hellip;]\" \/>\n<meta property=\"og:url\" content=\"https:\/\/institutfrancais.sk\/fr\/podujatie\/spectacle-la-ronde-en-cooperation-avec-le-theatre-national-de-bretagne\/\" \/>\n<meta property=\"og:site_name\" content=\"Franc\u00fazsky in\u0161tit\u00fat na Slovensku\" \/>\n<meta property=\"article:modified_time\" content=\"2023-05-12T10:23:27+00:00\" \/>\n<meta property=\"og:image\" content=\"https:\/\/institutfrancais.sk\/wp-content\/uploads\/2023\/04\/rej_oblekana-zkouska_foto-petr-neubert-6-a.jpg\" \/>\n\t<meta property=\"og:image:width\" content=\"1082\" \/>\n\t<meta property=\"og:image:height\" content=\"720\" \/>\n\t<meta property=\"og:image:type\" content=\"image\/jpeg\" \/>\n<meta name=\"twitter:card\" content=\"summary_large_image\" \/>\n<meta name=\"twitter:label1\" content=\"Dur\u00e9e de lecture estim\u00e9e\" \/>\n\t<meta name=\"twitter:data1\" content=\"1 minute\" \/>\n<script type=\"application\/ld+json\" class=\"yoast-schema-graph\">{\"@context\":\"https:\/\/schema.org\",\"@graph\":[{\"@type\":\"WebPage\",\"@id\":\"https:\/\/institutfrancais.sk\/fr\/podujatie\/spectacle-la-ronde-en-cooperation-avec-le-theatre-national-de-bretagne\/\",\"url\":\"https:\/\/institutfrancais.sk\/fr\/podujatie\/spectacle-la-ronde-en-cooperation-avec-le-theatre-national-de-bretagne\/\",\"name\":\"Spectacle La Ronde en coop\u00e9ration avec le Th\u00e9\u00e2tre National de Bretagne - Franc\u00fazsky in\u0161tit\u00fat na Slovensku\",\"isPartOf\":{\"@id\":\"https:\/\/institutfrancais.sk\/fr\/#website\"},\"primaryImageOfPage\":{\"@id\":\"https:\/\/institutfrancais.sk\/fr\/podujatie\/spectacle-la-ronde-en-cooperation-avec-le-theatre-national-de-bretagne\/#primaryimage\"},\"image\":{\"@id\":\"https:\/\/institutfrancais.sk\/fr\/podujatie\/spectacle-la-ronde-en-cooperation-avec-le-theatre-national-de-bretagne\/#primaryimage\"},\"thumbnailUrl\":\"https:\/\/institutfrancais.sk\/wp-content\/uploads\/2023\/04\/rej_oblekana-zkouska_foto-petr-neubert-6-a.jpg\",\"datePublished\":\"2023-05-12T10:22:42+00:00\",\"dateModified\":\"2023-05-12T10:23:27+00:00\",\"breadcrumb\":{\"@id\":\"https:\/\/institutfrancais.sk\/fr\/podujatie\/spectacle-la-ronde-en-cooperation-avec-le-theatre-national-de-bretagne\/#breadcrumb\"},\"inLanguage\":\"fr-FR\",\"potentialAction\":[{\"@type\":\"ReadAction\",\"target\":[\"https:\/\/institutfrancais.sk\/fr\/podujatie\/spectacle-la-ronde-en-cooperation-avec-le-theatre-national-de-bretagne\/\"]}]},{\"@type\":\"ImageObject\",\"inLanguage\":\"fr-FR\",\"@id\":\"https:\/\/institutfrancais.sk\/fr\/podujatie\/spectacle-la-ronde-en-cooperation-avec-le-theatre-national-de-bretagne\/#primaryimage\",\"url\":\"https:\/\/institutfrancais.sk\/wp-content\/uploads\/2023\/04\/rej_oblekana-zkouska_foto-petr-neubert-6-a.jpg\",\"contentUrl\":\"https:\/\/institutfrancais.sk\/wp-content\/uploads\/2023\/04\/rej_oblekana-zkouska_foto-petr-neubert-6-a.jpg\",\"width\":1082,\"height\":720},{\"@type\":\"BreadcrumbList\",\"@id\":\"https:\/\/institutfrancais.sk\/fr\/podujatie\/spectacle-la-ronde-en-cooperation-avec-le-theatre-national-de-bretagne\/#breadcrumb\",\"itemListElement\":[{\"@type\":\"ListItem\",\"position\":1,\"name\":\"Home\",\"item\":\"https:\/\/institutfrancais.sk\/fr\/\"},{\"@type\":\"ListItem\",\"position\":2,\"name\":\"Events\",\"item\":\"https:\/\/institutfrancais.sk\/fr\/podujatie\/\"},{\"@type\":\"ListItem\",\"position\":3,\"name\":\"Spectacle La Ronde en coop\u00e9ration avec le Th\u00e9\u00e2tre National de Bretagne\"}]},{\"@type\":\"WebSite\",\"@id\":\"https:\/\/institutfrancais.sk\/fr\/#website\",\"url\":\"https:\/\/institutfrancais.sk\/fr\/\",\"name\":\"Franc\u00fazsky in\u0161tit\u00fat na Slovensku\",\"description\":\"Franc\u00fazsky in\u0161tit\u00fat na Slovensku\",\"potentialAction\":[{\"@type\":\"SearchAction\",\"target\":{\"@type\":\"EntryPoint\",\"urlTemplate\":\"https:\/\/institutfrancais.sk\/fr\/?s={search_term_string}\"},\"query-input\":{\"@type\":\"PropertyValueSpecification\",\"valueRequired\":true,\"valueName\":\"search_term_string\"}}],\"inLanguage\":\"fr-FR\"}]}<\/script>\n<!-- \/ Yoast SEO plugin. -->","yoast_head_json":{"title":"Spectacle La Ronde en coop\u00e9ration avec le Th\u00e9\u00e2tre National de Bretagne - Franc\u00fazsky in\u0161tit\u00fat na Slovensku","robots":{"index":"index","follow":"follow","max-snippet":"max-snippet:-1","max-image-preview":"max-image-preview:large","max-video-preview":"max-video-preview:-1"},"canonical":"https:\/\/institutfrancais.sk\/fr\/podujatie\/spectacle-la-ronde-en-cooperation-avec-le-theatre-national-de-bretagne\/","og_locale":"fr_FR","og_type":"article","og_title":"Spectacle La Ronde en coop\u00e9ration avec le Th\u00e9\u00e2tre National de Bretagne - Franc\u00fazsky in\u0161tit\u00fat na Slovensku","og_description":"La pi\u00e8ce La Ronde d&rsquo;Arthur Schnitzler (1862-1931), autrefois scandaleuse, a&nbsp;toute sa place sur la sc\u00e8ne du Statovsk\u00e9 Divadlo (en R\u00e9publique tch\u00e8que). Il s&rsquo;agit d&rsquo;une s\u00e9rie de dix conversations en un acte sur les conditions amoureuses de la soci\u00e9t\u00e9 viennoise, c&rsquo;est-\u00e0-dire des conversations avant et apr\u00e8s l&rsquo;acte d&rsquo;amour, \u00e9crites par l&rsquo;auteur \u00e0 la toute fin du [&hellip;]","og_url":"https:\/\/institutfrancais.sk\/fr\/podujatie\/spectacle-la-ronde-en-cooperation-avec-le-theatre-national-de-bretagne\/","og_site_name":"Franc\u00fazsky in\u0161tit\u00fat na Slovensku","article_modified_time":"2023-05-12T10:23:27+00:00","og_image":[{"width":1082,"height":720,"url":"https:\/\/institutfrancais.sk\/wp-content\/uploads\/2023\/04\/rej_oblekana-zkouska_foto-petr-neubert-6-a.jpg","type":"image\/jpeg"}],"twitter_card":"summary_large_image","twitter_misc":{"Dur\u00e9e de lecture estim\u00e9e":"1 minute"},"schema":{"@context":"https:\/\/schema.org","@graph":[{"@type":"WebPage","@id":"https:\/\/institutfrancais.sk\/fr\/podujatie\/spectacle-la-ronde-en-cooperation-avec-le-theatre-national-de-bretagne\/","url":"https:\/\/institutfrancais.sk\/fr\/podujatie\/spectacle-la-ronde-en-cooperation-avec-le-theatre-national-de-bretagne\/","name":"Spectacle La Ronde en coop\u00e9ration avec le Th\u00e9\u00e2tre National de Bretagne - Franc\u00fazsky in\u0161tit\u00fat na Slovensku","isPartOf":{"@id":"https:\/\/institutfrancais.sk\/fr\/#website"},"primaryImageOfPage":{"@id":"https:\/\/institutfrancais.sk\/fr\/podujatie\/spectacle-la-ronde-en-cooperation-avec-le-theatre-national-de-bretagne\/#primaryimage"},"image":{"@id":"https:\/\/institutfrancais.sk\/fr\/podujatie\/spectacle-la-ronde-en-cooperation-avec-le-theatre-national-de-bretagne\/#primaryimage"},"thumbnailUrl":"https:\/\/institutfrancais.sk\/wp-content\/uploads\/2023\/04\/rej_oblekana-zkouska_foto-petr-neubert-6-a.jpg","datePublished":"2023-05-12T10:22:42+00:00","dateModified":"2023-05-12T10:23:27+00:00","breadcrumb":{"@id":"https:\/\/institutfrancais.sk\/fr\/podujatie\/spectacle-la-ronde-en-cooperation-avec-le-theatre-national-de-bretagne\/#breadcrumb"},"inLanguage":"fr-FR","potentialAction":[{"@type":"ReadAction","target":["https:\/\/institutfrancais.sk\/fr\/podujatie\/spectacle-la-ronde-en-cooperation-avec-le-theatre-national-de-bretagne\/"]}]},{"@type":"ImageObject","inLanguage":"fr-FR","@id":"https:\/\/institutfrancais.sk\/fr\/podujatie\/spectacle-la-ronde-en-cooperation-avec-le-theatre-national-de-bretagne\/#primaryimage","url":"https:\/\/institutfrancais.sk\/wp-content\/uploads\/2023\/04\/rej_oblekana-zkouska_foto-petr-neubert-6-a.jpg","contentUrl":"https:\/\/institutfrancais.sk\/wp-content\/uploads\/2023\/04\/rej_oblekana-zkouska_foto-petr-neubert-6-a.jpg","width":1082,"height":720},{"@type":"BreadcrumbList","@id":"https:\/\/institutfrancais.sk\/fr\/podujatie\/spectacle-la-ronde-en-cooperation-avec-le-theatre-national-de-bretagne\/#breadcrumb","itemListElement":[{"@type":"ListItem","position":1,"name":"Home","item":"https:\/\/institutfrancais.sk\/fr\/"},{"@type":"ListItem","position":2,"name":"Events","item":"https:\/\/institutfrancais.sk\/fr\/podujatie\/"},{"@type":"ListItem","position":3,"name":"Spectacle La Ronde en coop\u00e9ration avec le Th\u00e9\u00e2tre National de Bretagne"}]},{"@type":"WebSite","@id":"https:\/\/institutfrancais.sk\/fr\/#website","url":"https:\/\/institutfrancais.sk\/fr\/","name":"Franc\u00fazsky in\u0161tit\u00fat na Slovensku","description":"Franc\u00fazsky in\u0161tit\u00fat na Slovensku","potentialAction":[{"@type":"SearchAction","target":{"@type":"EntryPoint","urlTemplate":"https:\/\/institutfrancais.sk\/fr\/?s={search_term_string}"},"query-input":{"@type":"PropertyValueSpecification","valueRequired":true,"valueName":"search_term_string"}}],"inLanguage":"fr-FR"}]}},"_links":{"self":[{"href":"https:\/\/institutfrancais.sk\/fr\/wp-json\/wp\/v2\/podujatie\/26786"}],"collection":[{"href":"https:\/\/institutfrancais.sk\/fr\/wp-json\/wp\/v2\/podujatie"}],"about":[{"href":"https:\/\/institutfrancais.sk\/fr\/wp-json\/wp\/v2\/types\/podujatie"}],"wp:featuredmedia":[{"embeddable":true,"href":"https:\/\/institutfrancais.sk\/fr\/wp-json\/wp\/v2\/media\/26784"}],"wp:attachment":[{"href":"https:\/\/institutfrancais.sk\/fr\/wp-json\/wp\/v2\/media?parent=26786"}],"wp:term":[{"taxonomy":"typ-podujatia","embeddable":true,"href":"https:\/\/institutfrancais.sk\/fr\/wp-json\/wp\/v2\/typ-podujatia?post=26786"}],"curies":[{"name":"wp","href":"https:\/\/api.w.org\/{rel}","templated":true}]}}