{"id":26891,"date":"2023-05-04T17:22:27","date_gmt":"2023-05-04T15:22:27","guid":{"rendered":"https:\/\/institutfrancais.sk\/?post_type=podujatie&#038;p=26891"},"modified":"2023-06-01T09:27:18","modified_gmt":"2023-06-01T07:27:18","slug":"exposition-deux-mondes-de-zuzana-schmidt-et-ondrej-4","status":"publish","type":"podujatie","link":"https:\/\/institutfrancais.sk\/fr\/podujatie\/exposition-deux-mondes-de-zuzana-schmidt-et-ondrej-4\/","title":{"rendered":"Exposition \u00ab\u00a0Deux mondes\u00a0\u00bb de Zuzana Schmidt et Ondrej 4."},"content":{"rendered":"\n<h3 class=\"wp-block-heading\"><strong>Un mot de la commissaire<\/strong><\/h3>\n\n\n\n<p>L&rsquo;exposition de la peintre Zuzana Schmidt et du sculpteur Ondrej 4.&nbsp;\u00e0 l&rsquo;Institut fran\u00e7ais de Bratislava est symboliquement intitul\u00e9e Deux mondes. Il s&rsquo;agit d&rsquo;une m\u00e9taphore appropri\u00e9e, refl\u00e9tant d&rsquo;une part la diversit\u00e9 visuelle de leurs expressions artistiques, et sugg\u00e9rant d&rsquo;autre part une certaine dualit\u00e9 de certaines des sources d&rsquo;inspiration qui sont \u00e9videntes dans leurs \u0153uvres. Malgr\u00e9 le large \u00e9ventail de stimuli offerts par l&rsquo;histoire et le pr\u00e9sent, toutes deux ont succomb\u00e9 \u00e0 l&rsquo;attrait inspirant de la culture fran\u00e7aise et se sont concentr\u00e9es sur certains de ses moments remarquables, inextricablement li\u00e9s \u00e0 la capitale de la France &#8211;&nbsp;Paris.<\/p>\n\n\n\n<p>Alors que Zuzana Schmidt n&rsquo;a&nbsp;pas pu&nbsp;r\u00e9sister au langage magique de la po\u00e9sie de Jacques Pr\u00e9vert, dans lequel le charme po\u00e9tique de la vie quotidienne, le souffle frais de Montmartre et, surtout, l&rsquo;amour d&rsquo;une femme sont scell\u00e9s, Ondrej 4.&nbsp;a&nbsp;\u00e9t\u00e9 inspir\u00e9 par la monumentalit\u00e9 et l&rsquo;\u00e9l\u00e9gance fragile mais robuste de l&rsquo;architecture de la D\u00e9fense, qui est \u00e9galement synonyme de nombreux id\u00e9aux humanistes.<\/p>\n\n\n\n<p><strong>Zuzana Schmidt<\/strong> est entr\u00e9e sur la sc\u00e8ne artistique r\u00e9cemment, mais elle a&nbsp;imm\u00e9diatement attir\u00e9 l&rsquo;attention par son travail tr\u00e8s sophistiqu\u00e9 et color\u00e9, qui enrichit la position lyrique-abstraite de la peinture non-figurative contemporaine. Dans ses \u0153uvres, elle s&rsquo;\u00e9loigne le plus souvent des limites de la r\u00e9alit\u00e9 et peint ses histoires sous forme d&rsquo;allusions plut\u00f4t que d&rsquo;intrigues coh\u00e9rentes. Ses peintures s&rsquo;inspirent de la po\u00e9sie ou d&rsquo;histoires litt\u00e9raires, ou encore sont le reflet d&rsquo;exp\u00e9riences quotidiennes, de souvenirs et d&rsquo;id\u00e9es, et surprennent par la richesse de leurs r\u00e9f\u00e9rences symboliques et de leurs messages de sens.<\/p>\n\n\n\n<p>L&rsquo;auteur a&nbsp;\u00e9t\u00e9 particuli\u00e8rement fascin\u00e9e par la po\u00e9sie imm\u00e9diate et \u00e9motive de Jacques Pr\u00e9vert, ses m\u00e9taphores et ses admirables jeux de mots. V\u00e9ritable magicien de l&rsquo;expression litt\u00e9raire, il propose dans ses histoires des romances passionn\u00e9es, mais aussi des ballades m\u00e9lancoliques, des th\u00e8mes sur la nature, la ville et ses rues, les relations interpersonnelles, l&rsquo;amour et la mis\u00e8re. Zuzana Schmidt a&nbsp;pu&nbsp;s&rsquo;identifier \u00e0 sa po\u00e9tique, \u00e0 son \u00e9motivit\u00e9, \u00e0 son humour doux, mais aussi \u00e0 la sonorit\u00e9 et au rythme de ses vers. Elle est tout aussi ambivalente dans ses \u0153uvres. Tant\u00f4t vibrantes de couleurs et po\u00e9tiques-lyriques, tant\u00f4t monochromatiques, expressives et dramatiques. Il utilise la couleur et les accents lin\u00e9aires, de grandes formes g\u00e9om\u00e9triques et arch\u00e9typales et de minuscules fragments de r\u00e9alit\u00e9. Le m\u00e9dium dominant du langage de son auteur est la couleur, elle profite de sa raideur p\u00e2teuse, du jeu de cylindres fins, ou de la robustesse des structures rugueuses, dans lesquelles elle ins\u00e8re souvent du texte \u00e9crit ou d&rsquo;autres \u00e9l\u00e9ments calligraphiques, ou utilise le principe du collage, qui renforce encore l&rsquo;expressivit\u00e9 de ses \u0153uvres.<\/p>\n\n\n\n<p><strong>Ondrej 4.<\/strong> est un amateur de mat\u00e9riaux sculpturaux classiques tels que le bois et le bronze. Pendant des ann\u00e9es, il a&nbsp;sculpt\u00e9, taill\u00e9, model\u00e9, coul\u00e9, mais derni\u00e8rement, il est pass\u00e9 aux techniques de soudage. Aujourd&rsquo;hui, c&rsquo;est surtout l&rsquo;acier, le fer, l&rsquo;anti-cor ou le corten, qu&rsquo;il combine souvent avec des objets m\u00e9talliques trouv\u00e9s ou des fragments de divers dispositifs techniques qui apportent une nouvelle po\u00e9tique \u00e0 ses compositions sculpturales. Les volumes arch\u00e9typaux originaux ou les lignes pleines des figures f\u00e9minines ont \u00e9t\u00e9 remplac\u00e9s dans son \u0153uvre par les formes strictement techniques des machines, des brides monumentalement impressionnantes ou des silhouettes arrondies de r\u00e9servoirs sous pression.<\/p>\n\n\n\n<p>Ses sculptures, dans leurs formes abstraites pures, ont un caract\u00e8re m\u00e9taphorique fort, avec des r\u00e9f\u00e9rences \u00e0 la litt\u00e9rature, \u00e0 l&rsquo;histoire et \u00e0 l&rsquo;actualit\u00e9. Elles sont pleines de myst\u00e8re, mais aussi de r\u00e9v\u00e9lations inattendues et surprenantes. Leurs significations et leurs messages ne sont pas seulement cach\u00e9s dans les lignes, les volumes et les couleurs, mais aussi dans les titres eux-m\u00eames qui, sous la forme d&rsquo;un jeu de mots, donnent \u00e0 ses \u0153uvres une nouvelle signification et ouvrent une voie sans fin \u00e0 l&rsquo;imagination du spectateur.<\/p>\n\n\n\n<p>Ondrej 4.&nbsp;a&nbsp;toujours con\u00e7u ses \u0153uvres comme un appel humaniste et anti-guerre, mais ces derni\u00e8res ann\u00e9es, il a&nbsp;commenc\u00e9 \u00e0 enrichir de mani\u00e8re significative la th\u00e9matique et la pens\u00e9e, ainsi que l&rsquo;\u00e9ventail formel et visuel de ses \u0153uvres. Il transporte des histoires bibliques ou historiques dans le monde contemporain, construit divers \u00ab\u00a0biom\u00e9canismes\u00a0\u00bb aux missions myst\u00e9rieuses et, outre des paraphrases \u00e9mouvantes de la campagne slovaque \u00ab\u00a0Dedinka (dans la vall\u00e9e)\u00a0\u00bb, il parvient \u00e0 des r\u00e9flexions remarquables sur l&rsquo;architecture europ\u00e9enne et mondiale. Ses sculptures \u00ab\u00a0rouill\u00e9es\u00a0\u00bb <em>Gratte-ciel<\/em> ou <em>Hommage \u00e0 la d\u00e9fense<\/em> sont des exemples d&rsquo;une combinaison remarquable de jeux spontan\u00e9s avec des formes g\u00e9om\u00e9triques, des \u00e9l\u00e9ments de construction et des mat\u00e9riaux divers. Les impressions parisiennes r\u00e9sonnent dans l&rsquo;\u00e2me d&rsquo;Ondrej 4 depuis 1996, lorsque, \u00e9tudiant, il a&nbsp;assist\u00e9 \u00e0 l&rsquo;ouverture d&rsquo;un atelier slovaque \u00e0 la Cit\u00e9 internationale des arts \u00e0 Paris. Le concept de la Cit\u00e9 &#8211;&nbsp;des dizaines de cellules r\u00e9sidentielles en un seul centre, ou la silhouette bizarre de la D\u00e9fense, sa Grande Arche et les tours qui l&rsquo;entourent ont trouv\u00e9 leur forme artistique dans plusieurs de ses \u0153uvres.<\/p>\n\n\n\n<p class=\"has-text-align-right\">M\u00e1ria Horv\u00e1thov\u00e1<\/p>\n\n\n<div class=\"space md\"><\/div>\n\n<\/div><div class=\"wrap carousel-gallery-title\"><h1><\/h1><\/div><div class=\"carousel-gallery\"><div class=\"modal fade\" id=\"img1cg575\" tabindex=\"-1\" role=\"dialog\" aria-hidden=\"true\"><div class=\"modal-dialog\" role=\"document\"><div class=\"modal-img\"><span class=\"img-wrap\"><button type=\"button\" class=\"close\" data-dismiss=\"modal\" aria-label=\"Close\"><span aria-hidden=\"true\">&times;<\/span><\/button><span class=\"bbimg1\"><\/span><\/span><\/div><\/div><\/div><div class=\"modal fade\" id=\"img2cg575\" tabindex=\"-1\" role=\"dialog\" aria-hidden=\"true\"><div class=\"modal-dialog\" role=\"document\"><div class=\"modal-img\"><span class=\"img-wrap\"><button type=\"button\" class=\"close\" data-dismiss=\"modal\" aria-label=\"Close\"><span aria-hidden=\"true\">&times;<\/span><\/button><span class=\"bbimg2\"><\/span><\/span><\/div><\/div><\/div><div class=\"wrap\"><div class=\"row\"><div class=\"col-sm-6\"><div class=\"bimg bimg1\" data-toggle=\"modal\" data-target=\"#img1cg575\"><\/div><\/div><div class=\"col-sm-6\"><div class=\"bimg bimg2\" data-toggle=\"modal\" data-target=\"#img2cg575\"><\/div><\/div><\/div><div class=\"owl-carousel owl-carousel-gallery\"><div class=\"img\" data-img=\"https:\/\/institutfrancais.sk\/wp-content\/uploads\/2023\/05\/20230531_090443-s-1024x768.jpg\" data-link=\"https:\/\/institutfrancais.sk\/wp-content\/uploads\/2023\/05\/20230531_090443-s-1333x1000.jpg\"><img decoding=\"async\" src=\"https:\/\/institutfrancais.sk\/wp-content\/uploads\/2023\/05\/20230531_090443-s-1024x768.jpg\" alt=\"\" data-position=\"-2\"><\/div><div class=\"img\" data-img=\"https:\/\/institutfrancais.sk\/wp-content\/uploads\/2023\/05\/20230531_090447-s-1024x768.jpg\" data-link=\"https:\/\/institutfrancais.sk\/wp-content\/uploads\/2023\/05\/20230531_090447-s-1333x1000.jpg\"><img decoding=\"async\" src=\"https:\/\/institutfrancais.sk\/wp-content\/uploads\/2023\/05\/20230531_090447-s-1024x768.jpg\" alt=\"\" data-position=\"-1\"><\/div><div class=\"img\" data-img=\"https:\/\/institutfrancais.sk\/wp-content\/uploads\/2023\/05\/20230531_090926-s-1024x768.jpg\" data-link=\"https:\/\/institutfrancais.sk\/wp-content\/uploads\/2023\/05\/20230531_090926-s-1333x1000.jpg\"><img decoding=\"async\" src=\"https:\/\/institutfrancais.sk\/wp-content\/uploads\/2023\/05\/20230531_090926-s-1024x768.jpg\" alt=\"\" data-position=\"0\"><\/div><div class=\"img\" data-img=\"https:\/\/institutfrancais.sk\/wp-content\/uploads\/2023\/05\/20230531_091335-s-1024x768.jpg\" data-link=\"https:\/\/institutfrancais.sk\/wp-content\/uploads\/2023\/05\/20230531_091335-s-1333x1000.jpg\"><img decoding=\"async\" src=\"https:\/\/institutfrancais.sk\/wp-content\/uploads\/2023\/05\/20230531_091335-s-1024x768.jpg\" alt=\"\" data-position=\"1\"><\/div><div class=\"img\" data-img=\"https:\/\/institutfrancais.sk\/wp-content\/uploads\/2023\/05\/20230531_092207-s-1024x768.jpg\" data-link=\"https:\/\/institutfrancais.sk\/wp-content\/uploads\/2023\/05\/20230531_092207-s-1333x1000.jpg\"><img decoding=\"async\" src=\"https:\/\/institutfrancais.sk\/wp-content\/uploads\/2023\/05\/20230531_092207-s-1024x768.jpg\" alt=\"\" data-position=\"2\"><\/div><div class=\"img\" data-img=\"https:\/\/institutfrancais.sk\/wp-content\/uploads\/2023\/05\/20230531_092221-s-1024x768.jpg\" data-link=\"https:\/\/institutfrancais.sk\/wp-content\/uploads\/2023\/05\/20230531_092221-s-1333x1000.jpg\"><img decoding=\"async\" src=\"https:\/\/institutfrancais.sk\/wp-content\/uploads\/2023\/05\/20230531_092221-s-1024x768.jpg\" alt=\"\" data-position=\"3\"><\/div><div class=\"img\" data-img=\"https:\/\/institutfrancais.sk\/wp-content\/uploads\/2023\/05\/20230531_092122-s-1024x768.jpg\" data-link=\"https:\/\/institutfrancais.sk\/wp-content\/uploads\/2023\/05\/20230531_092122-s-1333x1000.jpg\"><img decoding=\"async\" src=\"https:\/\/institutfrancais.sk\/wp-content\/uploads\/2023\/05\/20230531_092122-s-1024x768.jpg\" alt=\"\" data-position=\"4\"><\/div><div class=\"img\" data-img=\"https:\/\/institutfrancais.sk\/wp-content\/uploads\/2023\/05\/20230531_092104-s-1024x768.jpg\" data-link=\"https:\/\/institutfrancais.sk\/wp-content\/uploads\/2023\/05\/20230531_092104-s-1333x1000.jpg\"><img decoding=\"async\" src=\"https:\/\/institutfrancais.sk\/wp-content\/uploads\/2023\/05\/20230531_092104-s-1024x768.jpg\" alt=\"\" data-position=\"5\"><\/div><div class=\"img\" data-img=\"https:\/\/institutfrancais.sk\/wp-content\/uploads\/2023\/05\/20230531_090552-s-768x1024.jpg\" data-link=\"https:\/\/institutfrancais.sk\/wp-content\/uploads\/2023\/05\/20230531_090552-s-750x1000.jpg\"><img decoding=\"async\" src=\"https:\/\/institutfrancais.sk\/wp-content\/uploads\/2023\/05\/20230531_090552-s-768x1024.jpg\" alt=\"\" data-position=\"6\"><\/div><div class=\"img\" data-img=\"https:\/\/institutfrancais.sk\/wp-content\/uploads\/2023\/05\/20230531_090612-s-768x1024.jpg\" data-link=\"https:\/\/institutfrancais.sk\/wp-content\/uploads\/2023\/05\/20230531_090612-s-750x1000.jpg\"><img decoding=\"async\" src=\"https:\/\/institutfrancais.sk\/wp-content\/uploads\/2023\/05\/20230531_090612-s-768x1024.jpg\" alt=\"\" data-position=\"7\"><\/div><div class=\"img\" data-img=\"https:\/\/institutfrancais.sk\/wp-content\/uploads\/2023\/05\/20230531_091632-s-768x1024.jpg\" data-link=\"https:\/\/institutfrancais.sk\/wp-content\/uploads\/2023\/05\/20230531_091632-s-750x1000.jpg\"><img decoding=\"async\" src=\"https:\/\/institutfrancais.sk\/wp-content\/uploads\/2023\/05\/20230531_091632-s-768x1024.jpg\" alt=\"\" data-position=\"8\"><\/div><div class=\"img\" data-img=\"https:\/\/institutfrancais.sk\/wp-content\/uploads\/2023\/05\/20230531_090623-s-768x1024.jpg\" data-link=\"https:\/\/institutfrancais.sk\/wp-content\/uploads\/2023\/05\/20230531_090623-s-750x1000.jpg\"><img decoding=\"async\" src=\"https:\/\/institutfrancais.sk\/wp-content\/uploads\/2023\/05\/20230531_090623-s-768x1024.jpg\" alt=\"\" data-position=\"9\"><\/div><div class=\"img\" data-img=\"https:\/\/institutfrancais.sk\/wp-content\/uploads\/2023\/05\/20230531_090654-s-768x1024.jpg\" data-link=\"https:\/\/institutfrancais.sk\/wp-content\/uploads\/2023\/05\/20230531_090654-s-750x1000.jpg\"><img decoding=\"async\" src=\"https:\/\/institutfrancais.sk\/wp-content\/uploads\/2023\/05\/20230531_090654-s-768x1024.jpg\" alt=\"\" data-position=\"10\"><\/div><div class=\"img\" data-img=\"https:\/\/institutfrancais.sk\/wp-content\/uploads\/2023\/05\/20230531_090724-s-1024x768.jpg\" data-link=\"https:\/\/institutfrancais.sk\/wp-content\/uploads\/2023\/05\/20230531_090724-s-1333x1000.jpg\"><img decoding=\"async\" src=\"https:\/\/institutfrancais.sk\/wp-content\/uploads\/2023\/05\/20230531_090724-s-1024x768.jpg\" alt=\"\" data-position=\"11\"><\/div><div class=\"img\" data-img=\"https:\/\/institutfrancais.sk\/wp-content\/uploads\/2023\/05\/20230531_090747-s-1024x768.jpg\" data-link=\"https:\/\/institutfrancais.sk\/wp-content\/uploads\/2023\/05\/20230531_090747-s-1333x1000.jpg\"><img decoding=\"async\" src=\"https:\/\/institutfrancais.sk\/wp-content\/uploads\/2023\/05\/20230531_090747-s-1024x768.jpg\" alt=\"\" data-position=\"12\"><\/div><div class=\"img\" data-img=\"https:\/\/institutfrancais.sk\/wp-content\/uploads\/2023\/05\/20230531_090801-s-1024x768.jpg\" data-link=\"https:\/\/institutfrancais.sk\/wp-content\/uploads\/2023\/05\/20230531_090801-s-1333x1000.jpg\"><img decoding=\"async\" src=\"https:\/\/institutfrancais.sk\/wp-content\/uploads\/2023\/05\/20230531_090801-s-1024x768.jpg\" alt=\"\" data-position=\"13\"><\/div><div class=\"img\" data-img=\"https:\/\/institutfrancais.sk\/wp-content\/uploads\/2023\/05\/20230531_091720-s-768x1024.jpg\" data-link=\"https:\/\/institutfrancais.sk\/wp-content\/uploads\/2023\/05\/20230531_091720-s-750x1000.jpg\"><img decoding=\"async\" src=\"https:\/\/institutfrancais.sk\/wp-content\/uploads\/2023\/05\/20230531_091720-s-768x1024.jpg\" alt=\"\" data-position=\"14\"><\/div><div class=\"img\" data-img=\"https:\/\/institutfrancais.sk\/wp-content\/uploads\/2023\/05\/20230531_090813-s-768x1024.jpg\" data-link=\"https:\/\/institutfrancais.sk\/wp-content\/uploads\/2023\/05\/20230531_090813-s-750x1000.jpg\"><img decoding=\"async\" src=\"https:\/\/institutfrancais.sk\/wp-content\/uploads\/2023\/05\/20230531_090813-s-768x1024.jpg\" alt=\"\" data-position=\"15\"><\/div><div class=\"img\" data-img=\"https:\/\/institutfrancais.sk\/wp-content\/uploads\/2023\/05\/20230531_090828-s-768x1024.jpg\" data-link=\"https:\/\/institutfrancais.sk\/wp-content\/uploads\/2023\/05\/20230531_090828-s-750x1000.jpg\"><img decoding=\"async\" src=\"https:\/\/institutfrancais.sk\/wp-content\/uploads\/2023\/05\/20230531_090828-s-768x1024.jpg\" alt=\"\" data-position=\"16\"><\/div><div class=\"img\" data-img=\"https:\/\/institutfrancais.sk\/wp-content\/uploads\/2023\/05\/20230531_090902-s-768x1024.jpg\" data-link=\"https:\/\/institutfrancais.sk\/wp-content\/uploads\/2023\/05\/20230531_090902-s-750x1000.jpg\"><img decoding=\"async\" src=\"https:\/\/institutfrancais.sk\/wp-content\/uploads\/2023\/05\/20230531_090902-s-768x1024.jpg\" alt=\"\" data-position=\"17\"><\/div><div class=\"img\" data-img=\"https:\/\/institutfrancais.sk\/wp-content\/uploads\/2023\/05\/20230531_090939-s-768x1024.jpg\" data-link=\"https:\/\/institutfrancais.sk\/wp-content\/uploads\/2023\/05\/20230531_090939-s-750x1000.jpg\"><img decoding=\"async\" src=\"https:\/\/institutfrancais.sk\/wp-content\/uploads\/2023\/05\/20230531_090939-s-768x1024.jpg\" alt=\"\" data-position=\"18\"><\/div><div class=\"img\" data-img=\"https:\/\/institutfrancais.sk\/wp-content\/uploads\/2023\/05\/20230531_090946-s-768x1024.jpg\" data-link=\"https:\/\/institutfrancais.sk\/wp-content\/uploads\/2023\/05\/20230531_090946-s-750x1000.jpg\"><img decoding=\"async\" src=\"https:\/\/institutfrancais.sk\/wp-content\/uploads\/2023\/05\/20230531_090946-s-768x1024.jpg\" alt=\"\" data-position=\"19\"><\/div><div class=\"img\" data-img=\"https:\/\/institutfrancais.sk\/wp-content\/uploads\/2023\/05\/20230531_090955-s-768x1024.jpg\" data-link=\"https:\/\/institutfrancais.sk\/wp-content\/uploads\/2023\/05\/20230531_090955-s-750x1000.jpg\"><img decoding=\"async\" src=\"https:\/\/institutfrancais.sk\/wp-content\/uploads\/2023\/05\/20230531_090955-s-768x1024.jpg\" alt=\"\" data-position=\"20\"><\/div><div class=\"img\" data-img=\"https:\/\/institutfrancais.sk\/wp-content\/uploads\/2023\/05\/20230531_091003-s-1024x768.jpg\" data-link=\"https:\/\/institutfrancais.sk\/wp-content\/uploads\/2023\/05\/20230531_091003-s-1333x1000.jpg\"><img decoding=\"async\" src=\"https:\/\/institutfrancais.sk\/wp-content\/uploads\/2023\/05\/20230531_091003-s-1024x768.jpg\" alt=\"\" data-position=\"21\"><\/div><div class=\"img\" data-img=\"https:\/\/institutfrancais.sk\/wp-content\/uploads\/2023\/05\/20230531_091122-s-768x1024.jpg\" data-link=\"https:\/\/institutfrancais.sk\/wp-content\/uploads\/2023\/05\/20230531_091122-s-750x1000.jpg\"><img decoding=\"async\" src=\"https:\/\/institutfrancais.sk\/wp-content\/uploads\/2023\/05\/20230531_091122-s-768x1024.jpg\" alt=\"\" data-position=\"22\"><\/div><div class=\"img\" data-img=\"https:\/\/institutfrancais.sk\/wp-content\/uploads\/2023\/05\/20230531_091133-s-768x1024.jpg\" data-link=\"https:\/\/institutfrancais.sk\/wp-content\/uploads\/2023\/05\/20230531_091133-s-750x1000.jpg\"><img decoding=\"async\" src=\"https:\/\/institutfrancais.sk\/wp-content\/uploads\/2023\/05\/20230531_091133-s-768x1024.jpg\" alt=\"\" data-position=\"23\"><\/div><div class=\"img\" data-img=\"https:\/\/institutfrancais.sk\/wp-content\/uploads\/2023\/05\/20230531_091515-s-1024x768.jpg\" data-link=\"https:\/\/institutfrancais.sk\/wp-content\/uploads\/2023\/05\/20230531_091515-s-1333x1000.jpg\"><img decoding=\"async\" src=\"https:\/\/institutfrancais.sk\/wp-content\/uploads\/2023\/05\/20230531_091515-s-1024x768.jpg\" alt=\"\" data-position=\"24\"><\/div><div class=\"img\" data-img=\"https:\/\/institutfrancais.sk\/wp-content\/uploads\/2023\/05\/20230531_091523-s-1024x768.jpg\" data-link=\"https:\/\/institutfrancais.sk\/wp-content\/uploads\/2023\/05\/20230531_091523-s-1333x1000.jpg\"><img decoding=\"async\" src=\"https:\/\/institutfrancais.sk\/wp-content\/uploads\/2023\/05\/20230531_091523-s-1024x768.jpg\" alt=\"\" data-position=\"25\"><\/div><\/div><\/div><\/div><div class=\"wrap narrow-wrap\">\n\n<div class=\"space md\"><\/div>\n\n\n<h3 class=\"wp-block-heading\"><strong>Zuzana Schmidt<\/strong><\/h3>\n\n\n\n<p>Elle est n\u00e9e le 12 d\u00e9cembre 1976 \u00e0 \u0160intava. En 1994-1999, elle a&nbsp;\u00e9tudi\u00e9 \u00e0 l&rsquo;Universit\u00e9 Constantin le Philosophe de Nitra, au d\u00e9partement d&rsquo;art et d&rsquo;\u00e9ducation (PeadDr. Jana Satkov\u00e1) et en 2017-2018, elle a&nbsp;obtenu le dipl\u00f4me du cours accr\u00e9dit\u00e9 de deux ans \u00ab&nbsp;Intervention par l&rsquo;art &#8211;&nbsp;Th\u00e9rapie par l&rsquo;art dans le processus de socialisation, de r\u00e9\u00e9ducation, d&rsquo;\u00e9ducation et de traitement&nbsp;\u00bb \u00e0 l&rsquo;Institut d&rsquo;\u00e9ducation en th\u00e9rapie par l&rsquo;art, avec le prof. Jaroslava \u0160ickova Fabrici. Elle vit \u00e0 Bratislava et, en plus de ses activit\u00e9s p\u00e9dagogiques, elle est peintre.<\/p>\n\n\n\n<p><strong>Expositions<\/strong><\/p>\n\n\n\n<p>2021&nbsp;&nbsp;&nbsp;&nbsp;Zuzana Schmidt. Ch\u00f4dza je pomal\u0161ia ako&nbsp;beh (La marche est plus lente que la course). Galerie T\u00dcV S\u00dcD. Bratislava<\/p>\n\n\n\n<p>Zuzana Schmidt. IMUNO &#8211;&nbsp;ALERGO, s. r. o. Bratislava<\/p>\n\n\n\n<p>MERCI POUR L&rsquo;INVITATION. Galerie Doln\u00ed Br\u00e1na, Prachatice<\/p>\n\n\n\n<p>Lucia Rubeljov\u00e1, Zuzana Schmidt. Pr\u00ed\u0165a\u017eliv\u00e1 kr\u00e1sa (Beaut\u00e9 s\u00e9duisante). Kaf\u00e9 Lampy. Bratislava<\/p>\n\n\n\n<p>Zuzana Schmidt. Mimo ka\u017edodennosti (Au-del\u00e0 du quotidien). Maison des minorit\u00e9s nationales. Prague<\/p>\n\n\n\n<p>2022 &nbsp;&nbsp;&nbsp;Kto roz\u017eiaril lampy (Qui a&nbsp;allum\u00e9 les lampes). 2019 &#8211;&nbsp;2022. Bratislava<\/p>\n\n\n\n<p>Zuzana Schmidt. Farby pl\u00e1tno a&nbsp;ja (Les couleurs de la toile et moi). Terrasse ouest du ch\u00e2teau de Bratislava. Bratislava<\/p>\n\n\n\n<p>Otvoren\u00fd priestor (Espace ouvert). SNM. Mus\u00e9e historique, 2e \u00e9tage du ch\u00e2teau de Bratislava. Bratislava<\/p>\n\n\n\n<p>Otvoren\u00fd priestor II (Espace ouvert II). Galerie Ru\u017einov. Cultus. Bratislava<\/p>\n\n\n\n<p>TURUK &amp;&nbsp;ART COLLECTIVE. Symf\u00f3nia umenia (Symphonie d&rsquo;art). Parc Andrej Hlinka. Bratislava<\/p>\n\n\n\n<p>TURUK &amp;&nbsp;ART COLLECTIVE. Symf\u00f3nia umenia (Symphonie d&rsquo;art). Cvernovka. Bratislava<\/p>\n\n\n\n<p>Zuzana Schmidt. Dva svety (Deux mondes).&nbsp;&nbsp;Restaurant Sajado Eurovea Galleria. Bratislava<\/p>\n\n\n\n<p>Priatelia (Amis). T.O.P. Galerie d&rsquo;art AUTO PREMIUM. Bratislava<\/p>\n\n\n\n<p>2023&nbsp;&nbsp;&nbsp;&nbsp;Zimn\u00fd sal\u00f3n (Salon d&rsquo;hiver). Galerie Z\u00e1mock\u00e1 22, Bratislava<\/p>\n\n\n\n<p>Zuzana Schmidt. Verifik\u00e1cia (V\u00e9rification). Galerie Vajnorsk\u00e1 21, Bratislava<\/p>\n\n\n\n<p>Zuzana Schmidt &amp;&nbsp;Ondrej 4. Dva svety (Deux mondes). Galerie de l&rsquo;Institut fran\u00e7ais. Bratislava<\/p>\n\n\n<div class=\"space md\"><\/div>\n\n\n<h3 class=\"wp-block-heading\"><strong>Ondrej 4.<\/strong><\/h3>\n\n\n\n<p>Il est n\u00e9 le 28 ao\u00fbt 1975 \u00e0 Bratislava. Apr\u00e8s une formation priv\u00e9e aupr\u00e8s du sculpteur Andrej Rudavsk\u00fd, il a&nbsp;\u00e9tudi\u00e9 \u00e0 l&rsquo;\u00c9cole secondaire des arts et de l&rsquo;industrie de Bratislava (sculpteur acad\u00e9mique Jozef Hobor et sculpteur acad\u00e9mique Viliam Lovi\u0161ka) de 1989 \u00e0 1993. De 1993 \u00e0 1999, il a&nbsp;\u00e9tudi\u00e9 \u00e0 l&rsquo;Acad\u00e9mie des beaux-arts de Bratislava, o\u00f9 il a&nbsp;suivi les cours des professeurs Petr Roller et J\u00e1n Hoffst\u00e4dter, puis dans l&rsquo;atelier de sculpture figurale sous la direction du prof. Jozef Jankovi\u010d. En 1997, il a&nbsp;pass\u00e9 un semestre \u00e0 l&rsquo;universit\u00e9 de New Castle, au Royaume-Uni, sous la direction du prof. Henri Burton.<\/p>\n\n\n\n<p>En 1999, lors d&rsquo;une participation \u00e0 une bourse du Montgomery Sculpture Trust \u00e0 Londres, il a&nbsp;cr\u00e9\u00e9 le monument en pierre intitul\u00e9 Jour de l&rsquo;\u00e9clipse, qui se trouve actuellement dans le Broomhil Sculpture Park. Depuis 1998, il collabore avec Martin Palo et Stanislav Ki\u010da au sein du studio des Trois Pierres pendant plus d&rsquo;une d\u00e9cennie. En 2005, il a&nbsp;\u00e9t\u00e9 le premier jeune artiste \u00e0 recevoir le prix Gerard H. Meuelensteen.<\/p>\n\n\n\n<p>Il vit aujourd&rsquo;hui \u00e0 Turzovka et se consacre \u00e0 la sculpture et \u00e0 la peinture de chambre et monumentale. Il a&nbsp;particip\u00e9 \u00e0 des dizaines d&rsquo;expositions individuelles et collectives dans son pays et \u00e0 l&rsquo;\u00e9tranger, et ses \u0153uvres font partie de nombreuses collections publiques et priv\u00e9es.<\/p>\n\n\n\n<p><strong>S\u00c9LECTION D&rsquo;EXPOSITIONS INDIVIDUELLES<\/strong><\/p>\n\n\n\n<p>2001 &nbsp;&nbsp;&nbsp;Medziprist\u00e1tie v&nbsp;Kr\u00e1\u013eovskom \u00fadol\u00ed (Une escale dans la vall\u00e9e royale). Ondrej Zimka | Ondrej 4. Galerie Excelent. Bratislava<\/p>\n\n\n\n<p>2002&nbsp;&nbsp;&nbsp;&nbsp;Ondrej Zimka | Ondrej 4. Ambassade de la R\u00e9publique slovaque, Londres<\/p>\n\n\n\n<p>2003 &nbsp;&nbsp;&nbsp;Ondrej 4. Venu\u0161e at\u00f3mov\u00e9ho veku (V\u00e9nus de l&rsquo;\u00e8re atomique). Mus\u00e9e d&rsquo;art Danubiana Meulensteen. Bratislava &#8211;&nbsp;\u010cunovo<\/p>\n\n\n\n<p>2004&nbsp;&nbsp;&nbsp;&nbsp;Bronzov\u00fd svet (Le monde de bronze). Ondrej 4. | Martin Pala. Galerie Kysuce. \u010cadca<\/p>\n\n\n\n<p>Alabaster lady a&nbsp;osobn\u00fd vesm\u00edr (Dame d&rsquo;alb\u00e2tre et univers personnel). Ondrej 4. | Kamil Peteraj. Galerie Pohoda. Bratislava<\/p>\n\n\n\n<p>2005 &nbsp;&nbsp;&nbsp;Ateas aenea \u2013 Doba bronzov\u00e1 (\u00c2ge du bronze). T. B\u00e1rtfay | Ondrej 4. | M. Pala. Salle d&rsquo;exposition de la SLSP. Bratislava<\/p>\n\n\n\n<p>2006&nbsp;&nbsp;&nbsp;&nbsp;Zimn\u00e1 z\u00e1hrada (Jardin d&rsquo;hiver). O. Zimka | M. Zimkov\u00e1 | Ondrej 4. Galerie SILENCIUM. Bratislava<\/p>\n\n\n\n<p>&nbsp;&nbsp;&nbsp;&nbsp;&nbsp;&nbsp;&nbsp;&nbsp;&nbsp;&nbsp;&nbsp;&nbsp;Volume e Transparenza. Gordana Turuk | Ondrej 4. Galleria MOdenArte. Mod\u00e8ne<\/p>\n\n\n\n<p>2007 &nbsp;&nbsp;&nbsp;Stretnutie (Rencontre). Pala | Hromec | Ondrej 4. Galleria Salla Terena. Palais pr\u00e9sidentiel. Bratislava<\/p>\n\n\n\n<p>Confrontation. Pala | Hromec | Ondrej 4. Salle des Pas Perdus. Palais des Nations. Gen\u00e8ve | Geneva<\/p>\n\n\n\n<p>Zimkovci. Milina Zimkov\u00e1 | Ondrej 4. | Ondrej Zimka. Galerie M\u00e9dium. Pie\u0161\u0165any<\/p>\n\n\n\n<p>Ondrej Zimka | Milina Zimkov\u00e1 | Ondrej 4. Galerie Kysuce. \u010cadca<\/p>\n\n\n\n<p>Giardino inverno. O. Zimka | M. Zimkov\u00e1 | Ondrej 4. Istituto Slovacco. Roma | Rome<\/p>\n\n\n\n<p>2008 &nbsp;&nbsp;&nbsp;Ondrej 4 \u2013 Kapitalistick\u00fd realizmus (R\u00e9alisme capitaliste). Centre d&rsquo;art contemporain. Synagogue. Trnava<\/p>\n\n\n\n<p>2009 &nbsp;&nbsp;&nbsp;\u0160tvorboj (Quadruple Combat). T. B\u00e1rtfay | M. Pala | S. Ki\u010da | Ondrej 4. Galerie Byzant. Bratislava<\/p>\n\n\n\n<p>Tri kamene (Trois pierres). M. Pala | S. Ki\u010da | Ondrej 4. Galerie d&rsquo;art Pova\u017esk\u00e1. \u017dilina<\/p>\n\n\n\n<p>2010 &nbsp;&nbsp;&nbsp;Tri kamene a&nbsp;ich hostia (Trois pierres et leurs invit\u00e9s). Mus\u00e9e national slovaque. Ch\u00e2teau de \u010cerven\u00fd Kamen<\/p>\n\n\n\n<p>Farebn\u00e9 Hody (Festin color\u00e9). O. Zimka | M. Zimkov\u00e1 | Ondrej 4. Maison de la culture. Turzovka<\/p>\n\n\n\n<p>Farebn\u00e1 zima (Hiver color\u00e9). O. Zimka, M. Zimkov\u00e1, Ondrej 4.&nbsp;&nbsp;N. Kelecs\u00e9nyi. EXPO 2010. Pavillon slovaque. Shanghai | Shanghai<\/p>\n\n\n\n<p>2011 &nbsp;&nbsp;&nbsp;Sil Road (Route de la soie). Zimka, Zimkov\u00e1, Ondrej 4, Kelecs\u00e9nyi. Ambassade de la R\u00e9publique slovaque. P\u00e9kin | P\u00e9kin<\/p>\n\n\n\n<p>2012 &nbsp;&nbsp;&nbsp;Ondrej 4. Piatok trin\u00e1steho (Vendredi 13). Galerie sous l&rsquo;horloge astronomique slovaque. Star\u00e1 Bystrica<\/p>\n\n\n\n<p>Ondrej 4. Posledn\u00e1 ve\u010dera (Dernier repas). Salla Terrena. Palais pr\u00e9sidentiel. Bratislava<\/p>\n\n\n\n<p>2013 &nbsp;&nbsp;&nbsp;Ondrej 4. Dedinka v&nbsp;\u00fadol\u00ed (Village dans la vall\u00e9e). Restaurant Artemis et zone pi\u00e9tonne. Turzovka<\/p>\n\n\n\n<p>Galerie M. A. Bazovsky. Tren\u010d\u00edn<\/p>\n\n\n\n<p>2014 &nbsp;&nbsp;&nbsp;Ondrej 4. Slovensk\u00e1 strela (Missile slovaque). Maison slave et place UNGELT. Prague<\/p>\n\n\n\n<p>Zimnij sad. O. Zimka | M. Zimkov\u00e1 | Ondrej 4. | N. Kelecs\u00e9nyi. Institut slovaque. Moscou<\/p>\n\n\n\n<p>2015 &nbsp;&nbsp;&nbsp;Ondrej 4.Vedecko-fantastick\u00e1 bomba. (Bombe de science-fiction). Zone pi\u00e9tonne. Galerie Velvet. Maison du vin de Bojnice. Bojnice<\/p>\n\n\n\n<p>\u00dalety (FLOTTES). Ondrej 4. | Jaroslav Veli\u010dka. Galerie Kysuce. O\u0161\u010dadnica<\/p>\n\n\n\n<p>2016&nbsp;&nbsp;&nbsp;&nbsp;Ondrej 4. Vedecko-fantastick\u00e1 bomba. (Bombe de science-fiction). Parc d&rsquo;exposition Floria. Krom\u011b\u0159\u00ed\u017e<\/p>\n\n\n\n<p>\u00dalety (FLOTTES). Ondrej 4. | Jaroslav Veli\u010dka. Maison de la culture. Turzovka<\/p>\n\n\n\n<p>2017&nbsp;&nbsp;&nbsp;&nbsp;Ondrej 4. | Jaroslav Veli\u010dka. Liptovsk\u00e1 gal\u00e9ria P.&nbsp;M. Boh\u00fa\u0148. Liptovsk\u00fd Mikul\u00e1\u0161<\/p>\n\n\n\n<p>Z rodnej hrudy. (De la motte indig\u00e8ne). Ondrej 4. Sculptures | Veronika Mikul\u00e1\u0161ov\u00e1 Peintures. Galerie du th\u00e9\u00e2tre. Puchov<\/p>\n\n\n\n<p>Ondrej 4. V&nbsp;piatok o&nbsp;piatej (Vendredi \u00e0 cinq heures). Galerie Crears. Ro\u017enov pod&nbsp;Radho\u0161t\u011bm<\/p>\n\n\n\n<p>Ondrej 4. V&nbsp;rodnom hniezde (Dans le nid natal). Galerie. \u010cadca<\/p>\n\n\n\n<p>Ondrej 4. Kleine Winterausstellung (Petite exposition d&rsquo;hiver). Slowakische Institut in Wien. Wien | Vienne<\/p>\n\n\n\n<p>2018 &nbsp;&nbsp;&nbsp;Ondrej 4. ProKlet\u011b vysoko (Haut). Tour de guet en pierre. Colline de Klet<\/p>\n\n\n\n<p>&nbsp;&nbsp;&nbsp;&nbsp;&nbsp;&nbsp;&nbsp;&nbsp;&nbsp;&nbsp;&nbsp;&nbsp;Ondrej 4. Dedinka v&nbsp;\u00fadol\u00ed (Village dans la vall\u00e9e). Galerie sous Orloj. Star\u00e1 Bystrica<\/p>\n\n\n\n<p>2019 &nbsp;&nbsp;&nbsp;Ondrej 4. Na&nbsp;zelenej l\u00fake (Sur la prairie verte). Terrain de golf. Hlubok\u00e1 nad&nbsp;Vltavou<\/p>\n\n\n\n<p>2023 &nbsp;&nbsp;&nbsp;Ch. Gehlhar, A. Wolf, J. Rajnoch, M. Jane\u010dkov\u00e1, Ondrej 4. Nebbiensches Gartenhaus. Francfort-sur-le-Main<\/p>\n\n\n\n<p>&nbsp;&nbsp;&nbsp;&nbsp;&nbsp;&nbsp;&nbsp;&nbsp;&nbsp;&nbsp;&nbsp;&nbsp;Tamara Kolen\u010d\u00edkov\u00e1 | Ondrej 4. Galerie T&amp;AC &#8211;&nbsp;Z\u00e1mock\u00e1 22, Bratislava&nbsp;&nbsp;&nbsp;&nbsp;&nbsp;&nbsp;&nbsp;&nbsp;&nbsp;&nbsp;&nbsp;&nbsp;&nbsp;&nbsp;&nbsp;&nbsp;&nbsp;&nbsp;&nbsp;&nbsp;&nbsp;&nbsp;&nbsp;&nbsp;&nbsp;&nbsp;&nbsp;&nbsp;&nbsp;&nbsp;&nbsp;&nbsp;&nbsp;&nbsp;&nbsp;&nbsp;&nbsp;&nbsp;&nbsp;&nbsp;&nbsp;&nbsp;&nbsp;&nbsp;&nbsp;&nbsp;&nbsp;&nbsp;&nbsp;&nbsp;&nbsp;&nbsp;&nbsp;&nbsp;&nbsp;&nbsp;&nbsp;&nbsp;&nbsp;&nbsp;&nbsp;&nbsp;&nbsp;&nbsp;&nbsp;&nbsp;&nbsp;&nbsp;&nbsp;&nbsp;&nbsp;&nbsp;&nbsp;&nbsp;&nbsp;&nbsp;&nbsp;&nbsp;&nbsp;&nbsp;&nbsp;&nbsp;&nbsp;&nbsp;&nbsp;&nbsp;&nbsp;&nbsp;&nbsp;&nbsp;<\/p>\n\n\n\n<p>Zuzana Schmidt &amp;&nbsp;Ondrej 4. Dva svety&nbsp;&nbsp;(Deux mondes). Galerie de l&rsquo;Institut fran\u00e7ais. Bratislava<\/p>\n\n\n\n<p>&nbsp;&nbsp;&nbsp;&nbsp;&nbsp;&nbsp;&nbsp;&nbsp;&nbsp;&nbsp;&nbsp;&nbsp;Ch. Gehlhar, A. Wolf, J. Rajnoch, M. Jane\u010dkov\u00e1, Ondrej 4. Prague<\/p>\n\n\n<div class=\"space md\"><\/div>\n\n\n<figure class=\"wp-block-image size-large\"><img loading=\"lazy\" decoding=\"async\" width=\"724\" height=\"1024\" src=\"https:\/\/institutfrancais.sk\/wp-content\/uploads\/2023\/05\/Plagat-Dva-Svety-final-724x1024.png\" alt=\"\" class=\"wp-image-26893\" srcset=\"https:\/\/institutfrancais.sk\/wp-content\/uploads\/2023\/05\/Plagat-Dva-Svety-final-724x1024.png 724w, https:\/\/institutfrancais.sk\/wp-content\/uploads\/2023\/05\/Plagat-Dva-Svety-final-212x300.png 212w, https:\/\/institutfrancais.sk\/wp-content\/uploads\/2023\/05\/Plagat-Dva-Svety-final-768x1087.png 768w, https:\/\/institutfrancais.sk\/wp-content\/uploads\/2023\/05\/Plagat-Dva-Svety-final-707x1000.png 707w, https:\/\/institutfrancais.sk\/wp-content\/uploads\/2023\/05\/Plagat-Dva-Svety-final.png 826w\" sizes=\"(max-width: 724px) 100vw, 724px\" \/><\/figure>\n\n\n<\/div><iframe loading=\"lazy\" src=\"https:\/\/www.google.com\/maps\/embed?pb=!1m18!1m12!1m3!1d2662.2735746915087!2d17.10532635165492!3d48.14353077912193!2m3!1f0!2f0!3f0!3m2!1i1024!2i768!4f13.1!3m3!1m2!1s0x476c8942d3867d0f%3A0xf92cfa7be90ee73!2zRnJhbmPDunpza3kgaW7FoXRpdMO6dA!5e0!3m2!1ssk!2ssk!4v1575902399794!5m2!1ssk!2ssk\" width=\"100%\" height=\"558\" frameborder=\"0\" class=\"gmap-iframe\" allowfullscreen=\"\"><\/iframe><div class=\"wrap narrow-wrap\">","protected":false},"featured_media":26890,"template":"","typ-podujatia":[56],"acf":[],"yoast_head":"<!-- This site is optimized with the Yoast SEO plugin v24.5 - https:\/\/yoast.com\/wordpress\/plugins\/seo\/ -->\n<title>Exposition &quot;Deux mondes&quot; de Zuzana Schmidt et Ondrej 4. - Franc\u00fazsky in\u0161tit\u00fat na Slovensku<\/title>\n<meta name=\"description\" content=\"Exposition &quot;Deux mondes&quot; de Zuzana Schmidt et Ondrej 4.\" \/>\n<meta name=\"robots\" content=\"index, follow, max-snippet:-1, max-image-preview:large, max-video-preview:-1\" \/>\n<link rel=\"canonical\" href=\"https:\/\/institutfrancais.sk\/fr\/podujatie\/exposition-deux-mondes-de-zuzana-schmidt-et-ondrej-4\/\" \/>\n<meta property=\"og:locale\" content=\"fr_FR\" \/>\n<meta property=\"og:type\" content=\"article\" \/>\n<meta property=\"og:title\" content=\"Exposition &quot;Deux mondes&quot; de Zuzana Schmidt et Ondrej 4. - Franc\u00fazsky in\u0161tit\u00fat na Slovensku\" \/>\n<meta property=\"og:description\" content=\"Exposition &quot;Deux mondes&quot; de Zuzana Schmidt et Ondrej 4.\" \/>\n<meta property=\"og:url\" content=\"https:\/\/institutfrancais.sk\/fr\/podujatie\/exposition-deux-mondes-de-zuzana-schmidt-et-ondrej-4\/\" \/>\n<meta property=\"og:site_name\" content=\"Franc\u00fazsky in\u0161tit\u00fat na Slovensku\" \/>\n<meta property=\"article:modified_time\" content=\"2023-06-01T07:27:18+00:00\" \/>\n<meta property=\"og:image\" content=\"https:\/\/institutfrancais.sk\/wp-content\/uploads\/2023\/05\/ZSc-O4-c.jpg\" \/>\n\t<meta property=\"og:image:width\" content=\"2143\" \/>\n\t<meta property=\"og:image:height\" content=\"1565\" \/>\n\t<meta property=\"og:image:type\" content=\"image\/jpeg\" \/>\n<meta name=\"twitter:card\" content=\"summary_large_image\" \/>\n<meta name=\"twitter:label1\" content=\"Dur\u00e9e de lecture estim\u00e9e\" \/>\n\t<meta name=\"twitter:data1\" content=\"11 minutes\" \/>\n<script type=\"application\/ld+json\" class=\"yoast-schema-graph\">{\"@context\":\"https:\/\/schema.org\",\"@graph\":[{\"@type\":\"WebPage\",\"@id\":\"https:\/\/institutfrancais.sk\/fr\/podujatie\/exposition-deux-mondes-de-zuzana-schmidt-et-ondrej-4\/\",\"url\":\"https:\/\/institutfrancais.sk\/fr\/podujatie\/exposition-deux-mondes-de-zuzana-schmidt-et-ondrej-4\/\",\"name\":\"Exposition \\\"Deux mondes\\\" de Zuzana Schmidt et Ondrej 4. - Franc\u00fazsky in\u0161tit\u00fat na Slovensku\",\"isPartOf\":{\"@id\":\"https:\/\/institutfrancais.sk\/fr\/#website\"},\"primaryImageOfPage\":{\"@id\":\"https:\/\/institutfrancais.sk\/fr\/podujatie\/exposition-deux-mondes-de-zuzana-schmidt-et-ondrej-4\/#primaryimage\"},\"image\":{\"@id\":\"https:\/\/institutfrancais.sk\/fr\/podujatie\/exposition-deux-mondes-de-zuzana-schmidt-et-ondrej-4\/#primaryimage\"},\"thumbnailUrl\":\"https:\/\/institutfrancais.sk\/wp-content\/uploads\/2023\/05\/ZSc-O4-c.jpg\",\"datePublished\":\"2023-05-04T15:22:27+00:00\",\"dateModified\":\"2023-06-01T07:27:18+00:00\",\"description\":\"Exposition \\\"Deux mondes\\\" de Zuzana Schmidt et Ondrej 4.\",\"breadcrumb\":{\"@id\":\"https:\/\/institutfrancais.sk\/fr\/podujatie\/exposition-deux-mondes-de-zuzana-schmidt-et-ondrej-4\/#breadcrumb\"},\"inLanguage\":\"fr-FR\",\"potentialAction\":[{\"@type\":\"ReadAction\",\"target\":[\"https:\/\/institutfrancais.sk\/fr\/podujatie\/exposition-deux-mondes-de-zuzana-schmidt-et-ondrej-4\/\"]}]},{\"@type\":\"ImageObject\",\"inLanguage\":\"fr-FR\",\"@id\":\"https:\/\/institutfrancais.sk\/fr\/podujatie\/exposition-deux-mondes-de-zuzana-schmidt-et-ondrej-4\/#primaryimage\",\"url\":\"https:\/\/institutfrancais.sk\/wp-content\/uploads\/2023\/05\/ZSc-O4-c.jpg\",\"contentUrl\":\"https:\/\/institutfrancais.sk\/wp-content\/uploads\/2023\/05\/ZSc-O4-c.jpg\",\"width\":2143,\"height\":1565},{\"@type\":\"BreadcrumbList\",\"@id\":\"https:\/\/institutfrancais.sk\/fr\/podujatie\/exposition-deux-mondes-de-zuzana-schmidt-et-ondrej-4\/#breadcrumb\",\"itemListElement\":[{\"@type\":\"ListItem\",\"position\":1,\"name\":\"Home\",\"item\":\"https:\/\/institutfrancais.sk\/fr\/\"},{\"@type\":\"ListItem\",\"position\":2,\"name\":\"Events\",\"item\":\"https:\/\/institutfrancais.sk\/fr\/podujatie\/\"},{\"@type\":\"ListItem\",\"position\":3,\"name\":\"Exposition &#8222;Deux mondes&#8220; de Zuzana Schmidt et Ondrej 4.\"}]},{\"@type\":\"WebSite\",\"@id\":\"https:\/\/institutfrancais.sk\/fr\/#website\",\"url\":\"https:\/\/institutfrancais.sk\/fr\/\",\"name\":\"Franc\u00fazsky in\u0161tit\u00fat na Slovensku\",\"description\":\"Franc\u00fazsky in\u0161tit\u00fat na Slovensku\",\"potentialAction\":[{\"@type\":\"SearchAction\",\"target\":{\"@type\":\"EntryPoint\",\"urlTemplate\":\"https:\/\/institutfrancais.sk\/fr\/?s={search_term_string}\"},\"query-input\":{\"@type\":\"PropertyValueSpecification\",\"valueRequired\":true,\"valueName\":\"search_term_string\"}}],\"inLanguage\":\"fr-FR\"}]}<\/script>\n<!-- \/ Yoast SEO plugin. -->","yoast_head_json":{"title":"Exposition \"Deux mondes\" de Zuzana Schmidt et Ondrej 4. - Franc\u00fazsky in\u0161tit\u00fat na Slovensku","description":"Exposition \"Deux mondes\" de Zuzana Schmidt et Ondrej 4.","robots":{"index":"index","follow":"follow","max-snippet":"max-snippet:-1","max-image-preview":"max-image-preview:large","max-video-preview":"max-video-preview:-1"},"canonical":"https:\/\/institutfrancais.sk\/fr\/podujatie\/exposition-deux-mondes-de-zuzana-schmidt-et-ondrej-4\/","og_locale":"fr_FR","og_type":"article","og_title":"Exposition \"Deux mondes\" de Zuzana Schmidt et Ondrej 4. - Franc\u00fazsky in\u0161tit\u00fat na Slovensku","og_description":"Exposition \"Deux mondes\" de Zuzana Schmidt et Ondrej 4.","og_url":"https:\/\/institutfrancais.sk\/fr\/podujatie\/exposition-deux-mondes-de-zuzana-schmidt-et-ondrej-4\/","og_site_name":"Franc\u00fazsky in\u0161tit\u00fat na Slovensku","article_modified_time":"2023-06-01T07:27:18+00:00","og_image":[{"width":2143,"height":1565,"url":"https:\/\/institutfrancais.sk\/wp-content\/uploads\/2023\/05\/ZSc-O4-c.jpg","type":"image\/jpeg"}],"twitter_card":"summary_large_image","twitter_misc":{"Dur\u00e9e de lecture estim\u00e9e":"11 minutes"},"schema":{"@context":"https:\/\/schema.org","@graph":[{"@type":"WebPage","@id":"https:\/\/institutfrancais.sk\/fr\/podujatie\/exposition-deux-mondes-de-zuzana-schmidt-et-ondrej-4\/","url":"https:\/\/institutfrancais.sk\/fr\/podujatie\/exposition-deux-mondes-de-zuzana-schmidt-et-ondrej-4\/","name":"Exposition \"Deux mondes\" de Zuzana Schmidt et Ondrej 4. - Franc\u00fazsky in\u0161tit\u00fat na Slovensku","isPartOf":{"@id":"https:\/\/institutfrancais.sk\/fr\/#website"},"primaryImageOfPage":{"@id":"https:\/\/institutfrancais.sk\/fr\/podujatie\/exposition-deux-mondes-de-zuzana-schmidt-et-ondrej-4\/#primaryimage"},"image":{"@id":"https:\/\/institutfrancais.sk\/fr\/podujatie\/exposition-deux-mondes-de-zuzana-schmidt-et-ondrej-4\/#primaryimage"},"thumbnailUrl":"https:\/\/institutfrancais.sk\/wp-content\/uploads\/2023\/05\/ZSc-O4-c.jpg","datePublished":"2023-05-04T15:22:27+00:00","dateModified":"2023-06-01T07:27:18+00:00","description":"Exposition \"Deux mondes\" de Zuzana Schmidt et Ondrej 4.","breadcrumb":{"@id":"https:\/\/institutfrancais.sk\/fr\/podujatie\/exposition-deux-mondes-de-zuzana-schmidt-et-ondrej-4\/#breadcrumb"},"inLanguage":"fr-FR","potentialAction":[{"@type":"ReadAction","target":["https:\/\/institutfrancais.sk\/fr\/podujatie\/exposition-deux-mondes-de-zuzana-schmidt-et-ondrej-4\/"]}]},{"@type":"ImageObject","inLanguage":"fr-FR","@id":"https:\/\/institutfrancais.sk\/fr\/podujatie\/exposition-deux-mondes-de-zuzana-schmidt-et-ondrej-4\/#primaryimage","url":"https:\/\/institutfrancais.sk\/wp-content\/uploads\/2023\/05\/ZSc-O4-c.jpg","contentUrl":"https:\/\/institutfrancais.sk\/wp-content\/uploads\/2023\/05\/ZSc-O4-c.jpg","width":2143,"height":1565},{"@type":"BreadcrumbList","@id":"https:\/\/institutfrancais.sk\/fr\/podujatie\/exposition-deux-mondes-de-zuzana-schmidt-et-ondrej-4\/#breadcrumb","itemListElement":[{"@type":"ListItem","position":1,"name":"Home","item":"https:\/\/institutfrancais.sk\/fr\/"},{"@type":"ListItem","position":2,"name":"Events","item":"https:\/\/institutfrancais.sk\/fr\/podujatie\/"},{"@type":"ListItem","position":3,"name":"Exposition &#8222;Deux mondes&#8220; de Zuzana Schmidt et Ondrej 4."}]},{"@type":"WebSite","@id":"https:\/\/institutfrancais.sk\/fr\/#website","url":"https:\/\/institutfrancais.sk\/fr\/","name":"Franc\u00fazsky in\u0161tit\u00fat na Slovensku","description":"Franc\u00fazsky in\u0161tit\u00fat na Slovensku","potentialAction":[{"@type":"SearchAction","target":{"@type":"EntryPoint","urlTemplate":"https:\/\/institutfrancais.sk\/fr\/?s={search_term_string}"},"query-input":{"@type":"PropertyValueSpecification","valueRequired":true,"valueName":"search_term_string"}}],"inLanguage":"fr-FR"}]}},"_links":{"self":[{"href":"https:\/\/institutfrancais.sk\/fr\/wp-json\/wp\/v2\/podujatie\/26891"}],"collection":[{"href":"https:\/\/institutfrancais.sk\/fr\/wp-json\/wp\/v2\/podujatie"}],"about":[{"href":"https:\/\/institutfrancais.sk\/fr\/wp-json\/wp\/v2\/types\/podujatie"}],"wp:featuredmedia":[{"embeddable":true,"href":"https:\/\/institutfrancais.sk\/fr\/wp-json\/wp\/v2\/media\/26890"}],"wp:attachment":[{"href":"https:\/\/institutfrancais.sk\/fr\/wp-json\/wp\/v2\/media?parent=26891"}],"wp:term":[{"taxonomy":"typ-podujatia","embeddable":true,"href":"https:\/\/institutfrancais.sk\/fr\/wp-json\/wp\/v2\/typ-podujatia?post=26891"}],"curies":[{"name":"wp","href":"https:\/\/api.w.org\/{rel}","templated":true}]}}