{"id":26925,"date":"2023-05-10T10:30:00","date_gmt":"2023-05-10T08:30:00","guid":{"rendered":"https:\/\/institutfrancais.sk\/podujatie\/noc-literatury-2023\/"},"modified":"2023-05-10T10:44:34","modified_gmt":"2023-05-10T08:44:34","slug":"nuit-de-la-litterature-2023","status":"publish","type":"podujatie","link":"https:\/\/institutfrancais.sk\/fr\/podujatie\/nuit-de-la-litterature-2023\/","title":{"rendered":"Nuit de la litt\u00e9rature 2023"},"content":{"rendered":"\n<p><strong>Les lectures ont lieu toutes les demi-heures.<\/strong> Les visiteurs \u00e9coutent une lecture pendant 15 minutes et disposent de 15 minutes pour se rendre au lieu suivant. L&rsquo;ordre des visites est laiss\u00e9 \u00e0 l&rsquo;appr\u00e9ciation de chacun. Les lectures sont issues de 1<strong>6 traductions slovaques d&rsquo;auteurs europ\u00e9ens contemporains<\/strong>.<\/p>\n\n\n\n<p><strong>\u00c0 Bratislava, la Nuit de la litt\u00e9rature se d\u00e9roulera dans huit endroits dans les locaux attrayants de la Galerie nationale slovaque<\/strong>. Les extraits seront lus par une paire d&rsquo;actrices et d&rsquo;acteurs.<\/p>\n\n\n\n<p>Cette ann\u00e9e, des extraits de traductions slovaques r\u00e9centes d&rsquo;auteurs de quatorze pays europ\u00e9ens &#8211;&nbsp;Portugal, Irlande, Suisse, R\u00e9publique tch\u00e8que, France, Pologne, Hongrie, Autriche, Espagne, Italie, Belgique, Pays-Bas et Ukraine &#8211;&nbsp;ont \u00e9t\u00e9 s\u00e9lectionn\u00e9s pour la Nuit de la litt\u00e9rature. La Slovaquie sera repr\u00e9sent\u00e9e par le laur\u00e9at du concours Anasoft Litera de l&rsquo;ann\u00e9e pass\u00e9e.<\/p>\n\n\n\n<p><strong>Bo\u017eidara Turzonovov\u00e1, Lucia Hurajov\u00e1, Ane\u017eka Petrov\u00e1, Krist\u00edna Svarinsk\u00e1, Judit Pech\u00e1\u010dek, Pet<\/strong> <strong>et bien d&rsquo;autres<\/strong> ont promis de participer \u00e0 la quinzi\u00e8me \u00e9dition de la Nuit de la litt\u00e9rature.<\/p>\n\n\n\n<p>Pendant l&rsquo;\u00e9v\u00e9nement, vous pourrez acheter les titres disponibles \u00e0 la librairie Ex Libris de la Galerie nationale slovaque et vous rafra\u00eechir au caf\u00e9 Svag to&nbsp;go. Pour ceux qui n&rsquo;assisteront pas \u00e0 la Nuit de la litt\u00e9rature en personne, des vid\u00e9os des extraits lus par les m\u00eames acteurs seront disponibles sur les r\u00e9seaux sociaux de la Nuit de la Litt\u00e9rature. <\/p>\n\n\n<div class=\"space sm\"><\/div>\n\n\n<h2 class=\"wp-block-heading\">La France sera repr\u00e9sent\u00e9e par le roman \u00ab\u00a0Assez parl\u00e9 d\u2018amour\u00a0\u00bb de Herv\u00e9 Le Tellier (extrait lu par Juraj Hr\u010dka).<\/h2>\n\n\n<div class=\"space xs\"><\/div>\n\n\n<p><em>Inaque, 2023 \/ Traduction : M\u00e1ria Michalkov\u00e1<\/em><\/p>\n\n\n\n<p>\u00ab\u00a0La plan\u00e8te connut cette ann\u00e9e-l\u00e0 son automne le plus chaud depuis cinq si\u00e8cles. Mais de la cl\u00e9mence providentielle du climat qui joua peut-\u00eatre son r\u00f4le, il ne sera plus question. Ce r\u00e9cit couvre l&rsquo;espace de trois mois et m\u00eame un peu plus. Que celle &#8211;&nbsp;ou celui &#8211;&nbsp;qui ne veut pas &#8211;&nbsp;ou plus &#8211;&nbsp;entendre parler d&rsquo;amour repose ce livre.'\u00a0\u00bb<\/p>\n\n\n\n<p>Ainsi commence Assez parl\u00e9 d&rsquo;amour. Anna et Louise pourraient \u00eatre soeurs, mais ne se connaissent pas. Elles sont mari\u00e9es, m\u00e8res, heureuses. Presque le m\u00eame jour, Anna la psychiatre va croiser la route de Yves, l&rsquo;\u00e9crivain, Louise l&rsquo;avocate croise celle de l&rsquo;analyste d&rsquo;Anna, Thomas. A&nbsp;quarante ans, \u00e0 ce tournant d&rsquo;une vie qui ne comporte pourtant que cela, la foudre est encore permise, mais quand on a&nbsp;cru &#8211;&nbsp;\u00e0 tort &#8211;&nbsp;que le destin \u00e9tait \u00e0 jamais \u00e9crit, le d\u00e9sir et la libert\u00e9 se payent cher et comptant.<\/p>\n\n\n\n<p>Herv\u00e9 Le Tellier, en horloger d\u00e9licat, trace la parabole de leurs trajectoires. Amoureux de ses personnages, il dessine une galerie de portraits tendres et sans piti\u00e9 de femmes, d&rsquo;amants et de maris.<\/p>\n\n\n<div class=\"space\"><\/div>\n\n\n<p><strong>Principal coordinateur du projet :<\/strong> le Centre tch\u00e8que de Bratislava<\/p>\n\n\n\n<p><strong>Coop\u00e9ration : <\/strong>Repr\u00e9sentation de la Commission europ\u00e9enne en Slovaquie, EUNIC, Ambassades d&rsquo;Irlande et de Suisse, Anasoft Litera, Galerie nationale slovaque<\/p>\n\n\n\n<p><strong>Partenaires m\u00e9dias :<\/strong> medziknihami, Kni\u017en\u00e1 revue, Rozum, SME Magaz\u00edn o&nbsp;knih\u00e1ch, plan.art, Radio Dev\u00edn<\/p>\n\n\n<div class=\"space\"><\/div>\n\n<\/div><iframe loading=\"lazy\" src=\"https:\/\/www.google.com\/maps\/embed?pb=!1m18!1m12!1m3!1d2662.4317267623155!2d17.105626176767736!3d48.140481450958504!2m3!1f0!2f0!3f0!3m2!1i1024!2i768!4f13.1!3m3!1m2!1s0x476c896831e357c5%3A0xa1de0f7e7818d6b1!2zU2xvdmVuc2vDoSBuw6Fyb2Ruw6EgZ2Fsw6lyaWE!5e0!3m2!1ssk!2ssk!4v1683706563005!5m2!1ssk!2ssk\" width=\"100%\" height=\"558\" frameborder=\"0\" class=\"gmap-iframe\" allowfullscreen=\"\"><\/iframe><div class=\"wrap narrow-wrap\">","protected":false},"featured_media":26923,"template":"","typ-podujatia":[58],"acf":[],"yoast_head":"<!-- This site is optimized with the Yoast SEO plugin v24.5 - https:\/\/yoast.com\/wordpress\/plugins\/seo\/ -->\n<title>Nuit de la litt\u00e9rature 2023 - Franc\u00fazsky in\u0161tit\u00fat na Slovensku<\/title>\n<meta name=\"robots\" content=\"index, follow, max-snippet:-1, max-image-preview:large, max-video-preview:-1\" \/>\n<link rel=\"canonical\" href=\"https:\/\/institutfrancais.sk\/fr\/podujatie\/nuit-de-la-litterature-2023\/\" \/>\n<meta property=\"og:locale\" content=\"fr_FR\" \/>\n<meta property=\"og:type\" content=\"article\" \/>\n<meta property=\"og:title\" content=\"Nuit de la litt\u00e9rature 2023 - Franc\u00fazsky in\u0161tit\u00fat na Slovensku\" \/>\n<meta property=\"og:description\" content=\"Les lectures ont lieu toutes les demi-heures. Les visiteurs \u00e9coutent une lecture pendant 15 minutes et disposent de 15 minutes pour se rendre au lieu suivant. L&rsquo;ordre des visites est laiss\u00e9 \u00e0 l&rsquo;appr\u00e9ciation de chacun. Les lectures sont issues de 16 traductions slovaques d&rsquo;auteurs europ\u00e9ens contemporains. \u00c0 Bratislava, la Nuit de la litt\u00e9rature se d\u00e9roulera [&hellip;]\" \/>\n<meta property=\"og:url\" content=\"https:\/\/institutfrancais.sk\/fr\/podujatie\/nuit-de-la-litterature-2023\/\" \/>\n<meta property=\"og:site_name\" content=\"Franc\u00fazsky in\u0161tit\u00fat na Slovensku\" \/>\n<meta property=\"article:modified_time\" content=\"2023-05-10T08:44:34+00:00\" \/>\n<meta property=\"og:image\" content=\"https:\/\/institutfrancais.sk\/wp-content\/uploads\/2023\/05\/343425107_194964783388946_2945844402194360056_n.jpeg\" \/>\n\t<meta property=\"og:image:width\" content=\"720\" \/>\n\t<meta property=\"og:image:height\" content=\"1019\" \/>\n\t<meta property=\"og:image:type\" content=\"image\/jpeg\" \/>\n<meta name=\"twitter:card\" content=\"summary_large_image\" \/>\n<meta name=\"twitter:label1\" content=\"Dur\u00e9e de lecture estim\u00e9e\" \/>\n\t<meta name=\"twitter:data1\" content=\"3 minutes\" \/>\n<script type=\"application\/ld+json\" class=\"yoast-schema-graph\">{\"@context\":\"https:\/\/schema.org\",\"@graph\":[{\"@type\":\"WebPage\",\"@id\":\"https:\/\/institutfrancais.sk\/fr\/podujatie\/nuit-de-la-litterature-2023\/\",\"url\":\"https:\/\/institutfrancais.sk\/fr\/podujatie\/nuit-de-la-litterature-2023\/\",\"name\":\"Nuit de la litt\u00e9rature 2023 - Franc\u00fazsky in\u0161tit\u00fat na Slovensku\",\"isPartOf\":{\"@id\":\"https:\/\/institutfrancais.sk\/fr\/#website\"},\"primaryImageOfPage\":{\"@id\":\"https:\/\/institutfrancais.sk\/fr\/podujatie\/nuit-de-la-litterature-2023\/#primaryimage\"},\"image\":{\"@id\":\"https:\/\/institutfrancais.sk\/fr\/podujatie\/nuit-de-la-litterature-2023\/#primaryimage\"},\"thumbnailUrl\":\"https:\/\/institutfrancais.sk\/wp-content\/uploads\/2023\/05\/343425107_194964783388946_2945844402194360056_n.jpeg\",\"datePublished\":\"2023-05-10T08:30:00+00:00\",\"dateModified\":\"2023-05-10T08:44:34+00:00\",\"breadcrumb\":{\"@id\":\"https:\/\/institutfrancais.sk\/fr\/podujatie\/nuit-de-la-litterature-2023\/#breadcrumb\"},\"inLanguage\":\"fr-FR\",\"potentialAction\":[{\"@type\":\"ReadAction\",\"target\":[\"https:\/\/institutfrancais.sk\/fr\/podujatie\/nuit-de-la-litterature-2023\/\"]}]},{\"@type\":\"ImageObject\",\"inLanguage\":\"fr-FR\",\"@id\":\"https:\/\/institutfrancais.sk\/fr\/podujatie\/nuit-de-la-litterature-2023\/#primaryimage\",\"url\":\"https:\/\/institutfrancais.sk\/wp-content\/uploads\/2023\/05\/343425107_194964783388946_2945844402194360056_n.jpeg\",\"contentUrl\":\"https:\/\/institutfrancais.sk\/wp-content\/uploads\/2023\/05\/343425107_194964783388946_2945844402194360056_n.jpeg\",\"width\":720,\"height\":1019},{\"@type\":\"BreadcrumbList\",\"@id\":\"https:\/\/institutfrancais.sk\/fr\/podujatie\/nuit-de-la-litterature-2023\/#breadcrumb\",\"itemListElement\":[{\"@type\":\"ListItem\",\"position\":1,\"name\":\"Home\",\"item\":\"https:\/\/institutfrancais.sk\/fr\/\"},{\"@type\":\"ListItem\",\"position\":2,\"name\":\"Events\",\"item\":\"https:\/\/institutfrancais.sk\/fr\/podujatie\/\"},{\"@type\":\"ListItem\",\"position\":3,\"name\":\"Nuit de la litt\u00e9rature 2023\"}]},{\"@type\":\"WebSite\",\"@id\":\"https:\/\/institutfrancais.sk\/fr\/#website\",\"url\":\"https:\/\/institutfrancais.sk\/fr\/\",\"name\":\"Franc\u00fazsky in\u0161tit\u00fat na Slovensku\",\"description\":\"Franc\u00fazsky in\u0161tit\u00fat na Slovensku\",\"potentialAction\":[{\"@type\":\"SearchAction\",\"target\":{\"@type\":\"EntryPoint\",\"urlTemplate\":\"https:\/\/institutfrancais.sk\/fr\/?s={search_term_string}\"},\"query-input\":{\"@type\":\"PropertyValueSpecification\",\"valueRequired\":true,\"valueName\":\"search_term_string\"}}],\"inLanguage\":\"fr-FR\"}]}<\/script>\n<!-- \/ Yoast SEO plugin. -->","yoast_head_json":{"title":"Nuit de la litt\u00e9rature 2023 - Franc\u00fazsky in\u0161tit\u00fat na Slovensku","robots":{"index":"index","follow":"follow","max-snippet":"max-snippet:-1","max-image-preview":"max-image-preview:large","max-video-preview":"max-video-preview:-1"},"canonical":"https:\/\/institutfrancais.sk\/fr\/podujatie\/nuit-de-la-litterature-2023\/","og_locale":"fr_FR","og_type":"article","og_title":"Nuit de la litt\u00e9rature 2023 - Franc\u00fazsky in\u0161tit\u00fat na Slovensku","og_description":"Les lectures ont lieu toutes les demi-heures. Les visiteurs \u00e9coutent une lecture pendant 15 minutes et disposent de 15 minutes pour se rendre au lieu suivant. L&rsquo;ordre des visites est laiss\u00e9 \u00e0 l&rsquo;appr\u00e9ciation de chacun. Les lectures sont issues de 16 traductions slovaques d&rsquo;auteurs europ\u00e9ens contemporains. \u00c0 Bratislava, la Nuit de la litt\u00e9rature se d\u00e9roulera [&hellip;]","og_url":"https:\/\/institutfrancais.sk\/fr\/podujatie\/nuit-de-la-litterature-2023\/","og_site_name":"Franc\u00fazsky in\u0161tit\u00fat na Slovensku","article_modified_time":"2023-05-10T08:44:34+00:00","og_image":[{"width":720,"height":1019,"url":"https:\/\/institutfrancais.sk\/wp-content\/uploads\/2023\/05\/343425107_194964783388946_2945844402194360056_n.jpeg","type":"image\/jpeg"}],"twitter_card":"summary_large_image","twitter_misc":{"Dur\u00e9e de lecture estim\u00e9e":"3 minutes"},"schema":{"@context":"https:\/\/schema.org","@graph":[{"@type":"WebPage","@id":"https:\/\/institutfrancais.sk\/fr\/podujatie\/nuit-de-la-litterature-2023\/","url":"https:\/\/institutfrancais.sk\/fr\/podujatie\/nuit-de-la-litterature-2023\/","name":"Nuit de la litt\u00e9rature 2023 - Franc\u00fazsky in\u0161tit\u00fat na Slovensku","isPartOf":{"@id":"https:\/\/institutfrancais.sk\/fr\/#website"},"primaryImageOfPage":{"@id":"https:\/\/institutfrancais.sk\/fr\/podujatie\/nuit-de-la-litterature-2023\/#primaryimage"},"image":{"@id":"https:\/\/institutfrancais.sk\/fr\/podujatie\/nuit-de-la-litterature-2023\/#primaryimage"},"thumbnailUrl":"https:\/\/institutfrancais.sk\/wp-content\/uploads\/2023\/05\/343425107_194964783388946_2945844402194360056_n.jpeg","datePublished":"2023-05-10T08:30:00+00:00","dateModified":"2023-05-10T08:44:34+00:00","breadcrumb":{"@id":"https:\/\/institutfrancais.sk\/fr\/podujatie\/nuit-de-la-litterature-2023\/#breadcrumb"},"inLanguage":"fr-FR","potentialAction":[{"@type":"ReadAction","target":["https:\/\/institutfrancais.sk\/fr\/podujatie\/nuit-de-la-litterature-2023\/"]}]},{"@type":"ImageObject","inLanguage":"fr-FR","@id":"https:\/\/institutfrancais.sk\/fr\/podujatie\/nuit-de-la-litterature-2023\/#primaryimage","url":"https:\/\/institutfrancais.sk\/wp-content\/uploads\/2023\/05\/343425107_194964783388946_2945844402194360056_n.jpeg","contentUrl":"https:\/\/institutfrancais.sk\/wp-content\/uploads\/2023\/05\/343425107_194964783388946_2945844402194360056_n.jpeg","width":720,"height":1019},{"@type":"BreadcrumbList","@id":"https:\/\/institutfrancais.sk\/fr\/podujatie\/nuit-de-la-litterature-2023\/#breadcrumb","itemListElement":[{"@type":"ListItem","position":1,"name":"Home","item":"https:\/\/institutfrancais.sk\/fr\/"},{"@type":"ListItem","position":2,"name":"Events","item":"https:\/\/institutfrancais.sk\/fr\/podujatie\/"},{"@type":"ListItem","position":3,"name":"Nuit de la litt\u00e9rature 2023"}]},{"@type":"WebSite","@id":"https:\/\/institutfrancais.sk\/fr\/#website","url":"https:\/\/institutfrancais.sk\/fr\/","name":"Franc\u00fazsky in\u0161tit\u00fat na Slovensku","description":"Franc\u00fazsky in\u0161tit\u00fat na Slovensku","potentialAction":[{"@type":"SearchAction","target":{"@type":"EntryPoint","urlTemplate":"https:\/\/institutfrancais.sk\/fr\/?s={search_term_string}"},"query-input":{"@type":"PropertyValueSpecification","valueRequired":true,"valueName":"search_term_string"}}],"inLanguage":"fr-FR"}]}},"_links":{"self":[{"href":"https:\/\/institutfrancais.sk\/fr\/wp-json\/wp\/v2\/podujatie\/26925"}],"collection":[{"href":"https:\/\/institutfrancais.sk\/fr\/wp-json\/wp\/v2\/podujatie"}],"about":[{"href":"https:\/\/institutfrancais.sk\/fr\/wp-json\/wp\/v2\/types\/podujatie"}],"wp:featuredmedia":[{"embeddable":true,"href":"https:\/\/institutfrancais.sk\/fr\/wp-json\/wp\/v2\/media\/26923"}],"wp:attachment":[{"href":"https:\/\/institutfrancais.sk\/fr\/wp-json\/wp\/v2\/media?parent=26925"}],"wp:term":[{"taxonomy":"typ-podujatia","embeddable":true,"href":"https:\/\/institutfrancais.sk\/fr\/wp-json\/wp\/v2\/typ-podujatia?post=26925"}],"curies":[{"name":"wp","href":"https:\/\/api.w.org\/{rel}","templated":true}]}}