{"id":27025,"date":"2023-05-16T17:29:05","date_gmt":"2023-05-16T15:29:05","guid":{"rendered":"https:\/\/institutfrancais.sk\/podujatie\/francuzska-spevacka-zaz-vystupi-opat-v-bratislave\/"},"modified":"2023-05-16T17:38:30","modified_gmt":"2023-05-16T15:38:30","slug":"la-chanteuse-francaise-zaz-se-produira-a-nouveau-a-bratislava","status":"publish","type":"podujatie","link":"https:\/\/institutfrancais.sk\/fr\/podujatie\/la-chanteuse-francaise-zaz-se-produira-a-nouveau-a-bratislava\/","title":{"rendered":"La chanteuse fran\u00e7aise ZAZ se produira \u00e0 nouveau \u00e0 Bratislava"},"content":{"rendered":"\n<p>Isabelle Geffroy, connue dans le monde entier sous le nom de sc\u00e8ne ZAZ, viendra \u00e0 Bratislava pr\u00e9senter personnellement son deuxi\u00e8me album ISA dans le cadre du World Organique Tour. <\/p>\n\n\n\n<p>Les quatre premiers albums de la chanteuse ZAZ ont amen\u00e9 trois tourn\u00e9es mondiales, il \u00e9tait donc temps pour elle de souffler un peu. Bien qu&rsquo;impos\u00e9e, mais en revanche bienvenue, la solitude du confinement du printemps 2020 a&nbsp;apport\u00e9 un album peint d&rsquo;\u00e9motions sinc\u00e8res comme une s\u00e9rie de photos. Sur son cinqui\u00e8me album, ZAZ a&nbsp;collabor\u00e9 avec le producteur n\u00e9erlandais REYN (Vanessa Paradis, Ga\u00ebtan Roussel), avec qui elle a&nbsp;pris le temps de donner une couleur sp\u00e9cifique \u00e0 chaque chanson de l&rsquo;album. A&nbsp;la fois vif et touchant et toujours dans la bonne tonalit\u00e9. Les paroles, qui parlent directement, sont \u00e0 la fois personnelles et intimes pour cet artiste acclam\u00e9e.<\/p>\n\n\n<div class=\"space xs\"><\/div>\n\n<div class=\"text-center\"><a href=\"https:\/\/www.ticketportal.sk\/event\/ZAZ\" class=\"btn\">L\u00edstky<\/a><\/div>\n\n<div class=\"space xs\"><\/div>\n\n\n<figure class=\"wp-block-embed is-type-video is-provider-youtube wp-block-embed-youtube wp-embed-aspect-16-9 wp-has-aspect-ratio\"><div class=\"wp-block-embed__wrapper\">\n<iframe loading=\"lazy\" title=\"ZAZ - Si jamais j&#039;oublie (Clip officiel)\" width=\"500\" height=\"281\" src=\"https:\/\/www.youtube.com\/embed\/5ZDsCJ4rGD4?feature=oembed\" frameborder=\"0\" allow=\"accelerometer; autoplay; clipboard-write; encrypted-media; gyroscope; picture-in-picture; web-share\" referrerpolicy=\"strict-origin-when-cross-origin\" allowfullscreen><\/iframe>\n<\/div><\/figure>\n\n\n<\/div><iframe loading=\"lazy\" src=\"https:\/\/www.google.com\/maps\/embed?pb=!1m18!1m12!1m3!1d2661.2539402601014!2d17.131986876768618!3d48.16318684937732!2m3!1f0!2f0!3f0!3m2!1i1024!2i768!4f13.1!3m3!1m2!1s0x476c8ec9fcf717d7%3A0x7792fbbd4abcf3a3!2sNTC%20ar%C3%A9na!5e0!3m2!1ssk!2ssk!4v1684250658494!5m2!1ssk!2ssk\" width=\"100%\" height=\"558\" frameborder=\"0\" class=\"gmap-iframe\" allowfullscreen=\"\"><\/iframe><div class=\"wrap narrow-wrap\">","protected":false},"featured_media":27023,"template":"","typ-podujatia":[51],"acf":[],"yoast_head":"<!-- This site is optimized with the Yoast SEO plugin v24.5 - https:\/\/yoast.com\/wordpress\/plugins\/seo\/ -->\n<title>La chanteuse fran\u00e7aise ZAZ se produira \u00e0 nouveau \u00e0 Bratislava - Franc\u00fazsky in\u0161tit\u00fat na Slovensku<\/title>\n<meta name=\"robots\" content=\"index, follow, max-snippet:-1, max-image-preview:large, max-video-preview:-1\" \/>\n<link rel=\"canonical\" href=\"https:\/\/institutfrancais.sk\/fr\/podujatie\/la-chanteuse-francaise-zaz-se-produira-a-nouveau-a-bratislava\/\" \/>\n<meta property=\"og:locale\" content=\"fr_FR\" \/>\n<meta property=\"og:type\" content=\"article\" \/>\n<meta property=\"og:title\" content=\"La chanteuse fran\u00e7aise ZAZ se produira \u00e0 nouveau \u00e0 Bratislava - Franc\u00fazsky in\u0161tit\u00fat na Slovensku\" \/>\n<meta property=\"og:description\" content=\"Isabelle Geffroy, connue dans le monde entier sous le nom de sc\u00e8ne ZAZ, viendra \u00e0 Bratislava pr\u00e9senter personnellement son deuxi\u00e8me album ISA dans le cadre du World Organique Tour. Les quatre premiers albums de la chanteuse ZAZ ont amen\u00e9 trois tourn\u00e9es mondiales, il \u00e9tait donc temps pour elle de souffler un peu. Bien qu&rsquo;impos\u00e9e, mais [&hellip;]\" \/>\n<meta property=\"og:url\" content=\"https:\/\/institutfrancais.sk\/fr\/podujatie\/la-chanteuse-francaise-zaz-se-produira-a-nouveau-a-bratislava\/\" \/>\n<meta property=\"og:site_name\" content=\"Franc\u00fazsky in\u0161tit\u00fat na Slovensku\" \/>\n<meta property=\"article:modified_time\" content=\"2023-05-16T15:38:30+00:00\" \/>\n<meta property=\"og:image\" content=\"https:\/\/institutfrancais.sk\/wp-content\/uploads\/2023\/05\/06.jpeg\" \/>\n\t<meta property=\"og:image:width\" content=\"1200\" \/>\n\t<meta property=\"og:image:height\" content=\"628\" \/>\n\t<meta property=\"og:image:type\" content=\"image\/jpeg\" \/>\n<meta name=\"twitter:card\" content=\"summary_large_image\" \/>\n<meta name=\"twitter:label1\" content=\"Dur\u00e9e de lecture estim\u00e9e\" \/>\n\t<meta name=\"twitter:data1\" content=\"1 minute\" \/>\n<script type=\"application\/ld+json\" class=\"yoast-schema-graph\">{\"@context\":\"https:\/\/schema.org\",\"@graph\":[{\"@type\":\"WebPage\",\"@id\":\"https:\/\/institutfrancais.sk\/fr\/podujatie\/la-chanteuse-francaise-zaz-se-produira-a-nouveau-a-bratislava\/\",\"url\":\"https:\/\/institutfrancais.sk\/fr\/podujatie\/la-chanteuse-francaise-zaz-se-produira-a-nouveau-a-bratislava\/\",\"name\":\"La chanteuse fran\u00e7aise ZAZ se produira \u00e0 nouveau \u00e0 Bratislava - Franc\u00fazsky in\u0161tit\u00fat na Slovensku\",\"isPartOf\":{\"@id\":\"https:\/\/institutfrancais.sk\/fr\/#website\"},\"primaryImageOfPage\":{\"@id\":\"https:\/\/institutfrancais.sk\/fr\/podujatie\/la-chanteuse-francaise-zaz-se-produira-a-nouveau-a-bratislava\/#primaryimage\"},\"image\":{\"@id\":\"https:\/\/institutfrancais.sk\/fr\/podujatie\/la-chanteuse-francaise-zaz-se-produira-a-nouveau-a-bratislava\/#primaryimage\"},\"thumbnailUrl\":\"https:\/\/institutfrancais.sk\/wp-content\/uploads\/2023\/05\/06.jpeg\",\"datePublished\":\"2023-05-16T15:29:05+00:00\",\"dateModified\":\"2023-05-16T15:38:30+00:00\",\"breadcrumb\":{\"@id\":\"https:\/\/institutfrancais.sk\/fr\/podujatie\/la-chanteuse-francaise-zaz-se-produira-a-nouveau-a-bratislava\/#breadcrumb\"},\"inLanguage\":\"fr-FR\",\"potentialAction\":[{\"@type\":\"ReadAction\",\"target\":[\"https:\/\/institutfrancais.sk\/fr\/podujatie\/la-chanteuse-francaise-zaz-se-produira-a-nouveau-a-bratislava\/\"]}]},{\"@type\":\"ImageObject\",\"inLanguage\":\"fr-FR\",\"@id\":\"https:\/\/institutfrancais.sk\/fr\/podujatie\/la-chanteuse-francaise-zaz-se-produira-a-nouveau-a-bratislava\/#primaryimage\",\"url\":\"https:\/\/institutfrancais.sk\/wp-content\/uploads\/2023\/05\/06.jpeg\",\"contentUrl\":\"https:\/\/institutfrancais.sk\/wp-content\/uploads\/2023\/05\/06.jpeg\",\"width\":1200,\"height\":628},{\"@type\":\"BreadcrumbList\",\"@id\":\"https:\/\/institutfrancais.sk\/fr\/podujatie\/la-chanteuse-francaise-zaz-se-produira-a-nouveau-a-bratislava\/#breadcrumb\",\"itemListElement\":[{\"@type\":\"ListItem\",\"position\":1,\"name\":\"Home\",\"item\":\"https:\/\/institutfrancais.sk\/fr\/\"},{\"@type\":\"ListItem\",\"position\":2,\"name\":\"Events\",\"item\":\"https:\/\/institutfrancais.sk\/fr\/podujatie\/\"},{\"@type\":\"ListItem\",\"position\":3,\"name\":\"La chanteuse fran\u00e7aise ZAZ se produira \u00e0 nouveau \u00e0 Bratislava\"}]},{\"@type\":\"WebSite\",\"@id\":\"https:\/\/institutfrancais.sk\/fr\/#website\",\"url\":\"https:\/\/institutfrancais.sk\/fr\/\",\"name\":\"Franc\u00fazsky in\u0161tit\u00fat na Slovensku\",\"description\":\"Franc\u00fazsky in\u0161tit\u00fat na Slovensku\",\"potentialAction\":[{\"@type\":\"SearchAction\",\"target\":{\"@type\":\"EntryPoint\",\"urlTemplate\":\"https:\/\/institutfrancais.sk\/fr\/?s={search_term_string}\"},\"query-input\":{\"@type\":\"PropertyValueSpecification\",\"valueRequired\":true,\"valueName\":\"search_term_string\"}}],\"inLanguage\":\"fr-FR\"}]}<\/script>\n<!-- \/ Yoast SEO plugin. -->","yoast_head_json":{"title":"La chanteuse fran\u00e7aise ZAZ se produira \u00e0 nouveau \u00e0 Bratislava - Franc\u00fazsky in\u0161tit\u00fat na Slovensku","robots":{"index":"index","follow":"follow","max-snippet":"max-snippet:-1","max-image-preview":"max-image-preview:large","max-video-preview":"max-video-preview:-1"},"canonical":"https:\/\/institutfrancais.sk\/fr\/podujatie\/la-chanteuse-francaise-zaz-se-produira-a-nouveau-a-bratislava\/","og_locale":"fr_FR","og_type":"article","og_title":"La chanteuse fran\u00e7aise ZAZ se produira \u00e0 nouveau \u00e0 Bratislava - Franc\u00fazsky in\u0161tit\u00fat na Slovensku","og_description":"Isabelle Geffroy, connue dans le monde entier sous le nom de sc\u00e8ne ZAZ, viendra \u00e0 Bratislava pr\u00e9senter personnellement son deuxi\u00e8me album ISA dans le cadre du World Organique Tour. Les quatre premiers albums de la chanteuse ZAZ ont amen\u00e9 trois tourn\u00e9es mondiales, il \u00e9tait donc temps pour elle de souffler un peu. Bien qu&rsquo;impos\u00e9e, mais [&hellip;]","og_url":"https:\/\/institutfrancais.sk\/fr\/podujatie\/la-chanteuse-francaise-zaz-se-produira-a-nouveau-a-bratislava\/","og_site_name":"Franc\u00fazsky in\u0161tit\u00fat na Slovensku","article_modified_time":"2023-05-16T15:38:30+00:00","og_image":[{"width":1200,"height":628,"url":"https:\/\/institutfrancais.sk\/wp-content\/uploads\/2023\/05\/06.jpeg","type":"image\/jpeg"}],"twitter_card":"summary_large_image","twitter_misc":{"Dur\u00e9e de lecture estim\u00e9e":"1 minute"},"schema":{"@context":"https:\/\/schema.org","@graph":[{"@type":"WebPage","@id":"https:\/\/institutfrancais.sk\/fr\/podujatie\/la-chanteuse-francaise-zaz-se-produira-a-nouveau-a-bratislava\/","url":"https:\/\/institutfrancais.sk\/fr\/podujatie\/la-chanteuse-francaise-zaz-se-produira-a-nouveau-a-bratislava\/","name":"La chanteuse fran\u00e7aise ZAZ se produira \u00e0 nouveau \u00e0 Bratislava - Franc\u00fazsky in\u0161tit\u00fat na Slovensku","isPartOf":{"@id":"https:\/\/institutfrancais.sk\/fr\/#website"},"primaryImageOfPage":{"@id":"https:\/\/institutfrancais.sk\/fr\/podujatie\/la-chanteuse-francaise-zaz-se-produira-a-nouveau-a-bratislava\/#primaryimage"},"image":{"@id":"https:\/\/institutfrancais.sk\/fr\/podujatie\/la-chanteuse-francaise-zaz-se-produira-a-nouveau-a-bratislava\/#primaryimage"},"thumbnailUrl":"https:\/\/institutfrancais.sk\/wp-content\/uploads\/2023\/05\/06.jpeg","datePublished":"2023-05-16T15:29:05+00:00","dateModified":"2023-05-16T15:38:30+00:00","breadcrumb":{"@id":"https:\/\/institutfrancais.sk\/fr\/podujatie\/la-chanteuse-francaise-zaz-se-produira-a-nouveau-a-bratislava\/#breadcrumb"},"inLanguage":"fr-FR","potentialAction":[{"@type":"ReadAction","target":["https:\/\/institutfrancais.sk\/fr\/podujatie\/la-chanteuse-francaise-zaz-se-produira-a-nouveau-a-bratislava\/"]}]},{"@type":"ImageObject","inLanguage":"fr-FR","@id":"https:\/\/institutfrancais.sk\/fr\/podujatie\/la-chanteuse-francaise-zaz-se-produira-a-nouveau-a-bratislava\/#primaryimage","url":"https:\/\/institutfrancais.sk\/wp-content\/uploads\/2023\/05\/06.jpeg","contentUrl":"https:\/\/institutfrancais.sk\/wp-content\/uploads\/2023\/05\/06.jpeg","width":1200,"height":628},{"@type":"BreadcrumbList","@id":"https:\/\/institutfrancais.sk\/fr\/podujatie\/la-chanteuse-francaise-zaz-se-produira-a-nouveau-a-bratislava\/#breadcrumb","itemListElement":[{"@type":"ListItem","position":1,"name":"Home","item":"https:\/\/institutfrancais.sk\/fr\/"},{"@type":"ListItem","position":2,"name":"Events","item":"https:\/\/institutfrancais.sk\/fr\/podujatie\/"},{"@type":"ListItem","position":3,"name":"La chanteuse fran\u00e7aise ZAZ se produira \u00e0 nouveau \u00e0 Bratislava"}]},{"@type":"WebSite","@id":"https:\/\/institutfrancais.sk\/fr\/#website","url":"https:\/\/institutfrancais.sk\/fr\/","name":"Franc\u00fazsky in\u0161tit\u00fat na Slovensku","description":"Franc\u00fazsky in\u0161tit\u00fat na Slovensku","potentialAction":[{"@type":"SearchAction","target":{"@type":"EntryPoint","urlTemplate":"https:\/\/institutfrancais.sk\/fr\/?s={search_term_string}"},"query-input":{"@type":"PropertyValueSpecification","valueRequired":true,"valueName":"search_term_string"}}],"inLanguage":"fr-FR"}]}},"_links":{"self":[{"href":"https:\/\/institutfrancais.sk\/fr\/wp-json\/wp\/v2\/podujatie\/27025"}],"collection":[{"href":"https:\/\/institutfrancais.sk\/fr\/wp-json\/wp\/v2\/podujatie"}],"about":[{"href":"https:\/\/institutfrancais.sk\/fr\/wp-json\/wp\/v2\/types\/podujatie"}],"wp:featuredmedia":[{"embeddable":true,"href":"https:\/\/institutfrancais.sk\/fr\/wp-json\/wp\/v2\/media\/27023"}],"wp:attachment":[{"href":"https:\/\/institutfrancais.sk\/fr\/wp-json\/wp\/v2\/media?parent=27025"}],"wp:term":[{"taxonomy":"typ-podujatia","embeddable":true,"href":"https:\/\/institutfrancais.sk\/fr\/wp-json\/wp\/v2\/typ-podujatia?post=27025"}],"curies":[{"name":"wp","href":"https:\/\/api.w.org\/{rel}","templated":true}]}}