{"id":27323,"date":"2023-05-29T18:14:52","date_gmt":"2023-05-29T16:14:52","guid":{"rendered":"https:\/\/institutfrancais.sk\/podujatie\/prednaska-dezinformacie-skodia-vasmu-zdraviu\/"},"modified":"2023-06-05T18:22:10","modified_gmt":"2023-06-05T16:22:10","slug":"conference-la-desinformation-nuit-a-votre-sante","status":"publish","type":"podujatie","link":"https:\/\/institutfrancais.sk\/fr\/podujatie\/conference-la-desinformation-nuit-a-votre-sante\/","title":{"rendered":"Conf\u00e9rence : La d\u00e9sinformation nuit \u00e0 votre sant\u00e9 !"},"content":{"rendered":"\n<p><strong>Art as Evidence<\/strong> est un projet qui invite les gens \u00e0 r\u00e9fl\u00e9chir davantage \u00e0 la v\u00e9rit\u00e9 et au mensonge dans l&rsquo;Europe en temps de guerre. Lors de cet \u00e9v\u00e9nement inaugural, nos invit\u00e9s sont deux journalistes ukrainiens, <strong>Kyrylo Bezkorovainyi <\/strong>et <strong>Alyona Romaniuk<\/strong>. Ils nous pr\u00e9senteront les campagnes de d\u00e9sinformation en cours li\u00e9es \u00e0 la guerre d&rsquo;agression de la Russie en Ukraine. Ils montreront que les campagnes de d\u00e9sinformation et les r\u00e9cits de complot omnipr\u00e9sents se sont fusionn\u00e9s en une fausse culture qui repr\u00e9sente actuellement l&rsquo;une des plus grandes menaces pour la formation ind\u00e9pendante de l&rsquo;opinion publique en Europe et contribue de mani\u00e8re significative \u00e0 la d\u00e9stabilisation des soci\u00e9t\u00e9s.<\/p>\n\n\n\n<p>Apr\u00e8s la conf\u00e9rence, nous vous invitons \u00e0 un d\u00e9bat commun.<\/p>\n\n\n\n<p>Invit\u00e9s : Kyrylo Bezkorovainyi (UA), Alyona Romaniuk (UA)<\/p>\n\n\n<div class=\"space sm\"><\/div>\n\n\n<p><strong>Kyrylo Bezkorovainyi<\/strong> est un auteur ukrainien de livres pour enfants, co-fondateur du m\u00e9dia scientifique populaire Kunscht, qui attire l&rsquo;attention sur les r\u00e9alisations scientifiques mondiales et fournit une plateforme pour le travail des scientifiques ukrainiens. En 2016, Kyrylo Beskorovainy a&nbsp;\u00e9t\u00e9 nomm\u00e9 d\u00e9l\u00e9gu\u00e9 de la jeunesse ukrainienne \u00e0 l&rsquo;ONU.<\/p>\n\n\n\n<p><strong>Alyona Romaniuk<\/strong> est la r\u00e9dactrice en chef de la campagne d&rsquo;information \u00ab\u00a0Derri\u00e8re l&rsquo;actualit\u00e9\u00a0\u00bb et l&rsquo;auteure de l&rsquo;initiative \u00ab\u00a0Derri\u00e8re la pand\u00e9mie\u00a0\u00bb sur les pi\u00e8ges et les manipulations au sujet du coronavirus. Elle est journaliste, experte des m\u00e9dias, formatrice et dirige des cours tels que \u00ab\u00a0V\u00e9rification et v\u00e9rification des faits\u00a0\u00bb et \u00ab\u00a0Startups m\u00e9diatiques\u00a0\u00bb \u00e0 l&rsquo;Institut de journalisme de l&rsquo;Universit\u00e9 nationale Taras Shevchenko \u00e0 Kiev. Elle est co-auteure du mat\u00e9riel du cours d&rsquo;\u00e9ducation aux m\u00e9dias \u00ab\u00a0Tr\u00e8s prouv\u00e9\u00a0\u00bb.<\/p>\n\n\n<div class=\"space sm\"><\/div>\n\n\n<p><em><strong>Art as Evidence<\/strong> est un projet de l&rsquo;EUNIC Bratislava et de l&rsquo;Institut pour la citoyennet\u00e9 active, du journal Kapit\u00e1l, du festival du film Jeden svet, de l&rsquo;association Mlad\u00fd pes et de la Kunsthalle Bratislava EUNIC \u2013 Instituts nationaux pour la culture de l&rsquo;Union europ\u00e9enne \u2013 est un r\u00e9seau d&rsquo;instituts culturels nationaux et d&rsquo;organisations de Pays de l&rsquo;UE, avec 39 partenaires de tous les \u00c9tats membres de l&rsquo;UE et des pays associ\u00e9s.<\/em><\/p>\n\n\n<div class=\"space sm\"><\/div>\n\n<\/div><iframe loading=\"lazy\" src=\"https:\/\/www.google.com\/maps\/embed?pb=!1m18!1m12!1m3!1d2662.0340149649396!2d17.103738276767977!3d48.14814945042444!2m3!1f0!2f0!3f0!3m2!1i1024!2i768!4f13.1!3m3!1m2!1s0x476c895ba6c8ea89%3A0xb5d2c2ed336c8c74!2sGoethe-Institut%20Bratislava!5e0!3m2!1ssk!2ssk!4v1685981601853!5m2!1ssk!2ssk\" width=\"100%\" height=\"558\" frameborder=\"0\" class=\"gmap-iframe\" allowfullscreen=\"\"><\/iframe><div class=\"wrap narrow-wrap\">","protected":false},"featured_media":27321,"template":"","typ-podujatia":[53],"acf":[],"yoast_head":"<!-- This site is optimized with the Yoast SEO plugin v24.5 - https:\/\/yoast.com\/wordpress\/plugins\/seo\/ -->\n<title>Conf\u00e9rence : La d\u00e9sinformation nuit \u00e0 votre sant\u00e9 ! - Franc\u00fazsky in\u0161tit\u00fat na Slovensku<\/title>\n<meta name=\"robots\" content=\"index, follow, max-snippet:-1, max-image-preview:large, max-video-preview:-1\" \/>\n<link rel=\"canonical\" href=\"https:\/\/institutfrancais.sk\/fr\/podujatie\/conference-la-desinformation-nuit-a-votre-sante\/\" \/>\n<meta property=\"og:locale\" content=\"fr_FR\" \/>\n<meta property=\"og:type\" content=\"article\" \/>\n<meta property=\"og:title\" content=\"Conf\u00e9rence : La d\u00e9sinformation nuit \u00e0 votre sant\u00e9 ! - Franc\u00fazsky in\u0161tit\u00fat na Slovensku\" \/>\n<meta property=\"og:description\" content=\"Art as Evidence est un projet qui invite les gens \u00e0 r\u00e9fl\u00e9chir davantage \u00e0 la v\u00e9rit\u00e9 et au mensonge dans l&rsquo;Europe en temps de guerre. Lors de cet \u00e9v\u00e9nement inaugural, nos invit\u00e9s sont deux journalistes ukrainiens, Kyrylo Bezkorovainyi et Alyona Romaniuk. Ils nous pr\u00e9senteront les campagnes de d\u00e9sinformation en cours li\u00e9es \u00e0 la guerre d&rsquo;agression [&hellip;]\" \/>\n<meta property=\"og:url\" content=\"https:\/\/institutfrancais.sk\/fr\/podujatie\/conference-la-desinformation-nuit-a-votre-sante\/\" \/>\n<meta property=\"og:site_name\" content=\"Franc\u00fazsky in\u0161tit\u00fat na Slovensku\" \/>\n<meta property=\"article:modified_time\" content=\"2023-06-05T16:22:10+00:00\" \/>\n<meta property=\"og:image\" content=\"https:\/\/institutfrancais.sk\/wp-content\/uploads\/2023\/06\/347251422_3501520260079121_4802614755498162446_n.jpg\" \/>\n\t<meta property=\"og:image:width\" content=\"1641\" \/>\n\t<meta property=\"og:image:height\" content=\"721\" \/>\n\t<meta property=\"og:image:type\" content=\"image\/jpeg\" \/>\n<meta name=\"twitter:card\" content=\"summary_large_image\" \/>\n<meta name=\"twitter:label1\" content=\"Dur\u00e9e de lecture estim\u00e9e\" \/>\n\t<meta name=\"twitter:data1\" content=\"2 minutes\" \/>\n<script type=\"application\/ld+json\" class=\"yoast-schema-graph\">{\"@context\":\"https:\/\/schema.org\",\"@graph\":[{\"@type\":\"WebPage\",\"@id\":\"https:\/\/institutfrancais.sk\/fr\/podujatie\/conference-la-desinformation-nuit-a-votre-sante\/\",\"url\":\"https:\/\/institutfrancais.sk\/fr\/podujatie\/conference-la-desinformation-nuit-a-votre-sante\/\",\"name\":\"Conf\u00e9rence : La d\u00e9sinformation nuit \u00e0 votre sant\u00e9 ! - Franc\u00fazsky in\u0161tit\u00fat na Slovensku\",\"isPartOf\":{\"@id\":\"https:\/\/institutfrancais.sk\/fr\/#website\"},\"primaryImageOfPage\":{\"@id\":\"https:\/\/institutfrancais.sk\/fr\/podujatie\/conference-la-desinformation-nuit-a-votre-sante\/#primaryimage\"},\"image\":{\"@id\":\"https:\/\/institutfrancais.sk\/fr\/podujatie\/conference-la-desinformation-nuit-a-votre-sante\/#primaryimage\"},\"thumbnailUrl\":\"https:\/\/institutfrancais.sk\/wp-content\/uploads\/2023\/06\/347251422_3501520260079121_4802614755498162446_n.jpg\",\"datePublished\":\"2023-05-29T16:14:52+00:00\",\"dateModified\":\"2023-06-05T16:22:10+00:00\",\"breadcrumb\":{\"@id\":\"https:\/\/institutfrancais.sk\/fr\/podujatie\/conference-la-desinformation-nuit-a-votre-sante\/#breadcrumb\"},\"inLanguage\":\"fr-FR\",\"potentialAction\":[{\"@type\":\"ReadAction\",\"target\":[\"https:\/\/institutfrancais.sk\/fr\/podujatie\/conference-la-desinformation-nuit-a-votre-sante\/\"]}]},{\"@type\":\"ImageObject\",\"inLanguage\":\"fr-FR\",\"@id\":\"https:\/\/institutfrancais.sk\/fr\/podujatie\/conference-la-desinformation-nuit-a-votre-sante\/#primaryimage\",\"url\":\"https:\/\/institutfrancais.sk\/wp-content\/uploads\/2023\/06\/347251422_3501520260079121_4802614755498162446_n.jpg\",\"contentUrl\":\"https:\/\/institutfrancais.sk\/wp-content\/uploads\/2023\/06\/347251422_3501520260079121_4802614755498162446_n.jpg\",\"width\":1641,\"height\":721},{\"@type\":\"BreadcrumbList\",\"@id\":\"https:\/\/institutfrancais.sk\/fr\/podujatie\/conference-la-desinformation-nuit-a-votre-sante\/#breadcrumb\",\"itemListElement\":[{\"@type\":\"ListItem\",\"position\":1,\"name\":\"Home\",\"item\":\"https:\/\/institutfrancais.sk\/fr\/\"},{\"@type\":\"ListItem\",\"position\":2,\"name\":\"Events\",\"item\":\"https:\/\/institutfrancais.sk\/fr\/podujatie\/\"},{\"@type\":\"ListItem\",\"position\":3,\"name\":\"Conf\u00e9rence : La d\u00e9sinformation nuit \u00e0 votre sant\u00e9 !\"}]},{\"@type\":\"WebSite\",\"@id\":\"https:\/\/institutfrancais.sk\/fr\/#website\",\"url\":\"https:\/\/institutfrancais.sk\/fr\/\",\"name\":\"Franc\u00fazsky in\u0161tit\u00fat na Slovensku\",\"description\":\"Franc\u00fazsky in\u0161tit\u00fat na Slovensku\",\"potentialAction\":[{\"@type\":\"SearchAction\",\"target\":{\"@type\":\"EntryPoint\",\"urlTemplate\":\"https:\/\/institutfrancais.sk\/fr\/?s={search_term_string}\"},\"query-input\":{\"@type\":\"PropertyValueSpecification\",\"valueRequired\":true,\"valueName\":\"search_term_string\"}}],\"inLanguage\":\"fr-FR\"}]}<\/script>\n<!-- \/ Yoast SEO plugin. -->","yoast_head_json":{"title":"Conf\u00e9rence : La d\u00e9sinformation nuit \u00e0 votre sant\u00e9 ! - Franc\u00fazsky in\u0161tit\u00fat na Slovensku","robots":{"index":"index","follow":"follow","max-snippet":"max-snippet:-1","max-image-preview":"max-image-preview:large","max-video-preview":"max-video-preview:-1"},"canonical":"https:\/\/institutfrancais.sk\/fr\/podujatie\/conference-la-desinformation-nuit-a-votre-sante\/","og_locale":"fr_FR","og_type":"article","og_title":"Conf\u00e9rence : La d\u00e9sinformation nuit \u00e0 votre sant\u00e9 ! - Franc\u00fazsky in\u0161tit\u00fat na Slovensku","og_description":"Art as Evidence est un projet qui invite les gens \u00e0 r\u00e9fl\u00e9chir davantage \u00e0 la v\u00e9rit\u00e9 et au mensonge dans l&rsquo;Europe en temps de guerre. Lors de cet \u00e9v\u00e9nement inaugural, nos invit\u00e9s sont deux journalistes ukrainiens, Kyrylo Bezkorovainyi et Alyona Romaniuk. Ils nous pr\u00e9senteront les campagnes de d\u00e9sinformation en cours li\u00e9es \u00e0 la guerre d&rsquo;agression [&hellip;]","og_url":"https:\/\/institutfrancais.sk\/fr\/podujatie\/conference-la-desinformation-nuit-a-votre-sante\/","og_site_name":"Franc\u00fazsky in\u0161tit\u00fat na Slovensku","article_modified_time":"2023-06-05T16:22:10+00:00","og_image":[{"width":1641,"height":721,"url":"https:\/\/institutfrancais.sk\/wp-content\/uploads\/2023\/06\/347251422_3501520260079121_4802614755498162446_n.jpg","type":"image\/jpeg"}],"twitter_card":"summary_large_image","twitter_misc":{"Dur\u00e9e de lecture estim\u00e9e":"2 minutes"},"schema":{"@context":"https:\/\/schema.org","@graph":[{"@type":"WebPage","@id":"https:\/\/institutfrancais.sk\/fr\/podujatie\/conference-la-desinformation-nuit-a-votre-sante\/","url":"https:\/\/institutfrancais.sk\/fr\/podujatie\/conference-la-desinformation-nuit-a-votre-sante\/","name":"Conf\u00e9rence : La d\u00e9sinformation nuit \u00e0 votre sant\u00e9 ! - Franc\u00fazsky in\u0161tit\u00fat na Slovensku","isPartOf":{"@id":"https:\/\/institutfrancais.sk\/fr\/#website"},"primaryImageOfPage":{"@id":"https:\/\/institutfrancais.sk\/fr\/podujatie\/conference-la-desinformation-nuit-a-votre-sante\/#primaryimage"},"image":{"@id":"https:\/\/institutfrancais.sk\/fr\/podujatie\/conference-la-desinformation-nuit-a-votre-sante\/#primaryimage"},"thumbnailUrl":"https:\/\/institutfrancais.sk\/wp-content\/uploads\/2023\/06\/347251422_3501520260079121_4802614755498162446_n.jpg","datePublished":"2023-05-29T16:14:52+00:00","dateModified":"2023-06-05T16:22:10+00:00","breadcrumb":{"@id":"https:\/\/institutfrancais.sk\/fr\/podujatie\/conference-la-desinformation-nuit-a-votre-sante\/#breadcrumb"},"inLanguage":"fr-FR","potentialAction":[{"@type":"ReadAction","target":["https:\/\/institutfrancais.sk\/fr\/podujatie\/conference-la-desinformation-nuit-a-votre-sante\/"]}]},{"@type":"ImageObject","inLanguage":"fr-FR","@id":"https:\/\/institutfrancais.sk\/fr\/podujatie\/conference-la-desinformation-nuit-a-votre-sante\/#primaryimage","url":"https:\/\/institutfrancais.sk\/wp-content\/uploads\/2023\/06\/347251422_3501520260079121_4802614755498162446_n.jpg","contentUrl":"https:\/\/institutfrancais.sk\/wp-content\/uploads\/2023\/06\/347251422_3501520260079121_4802614755498162446_n.jpg","width":1641,"height":721},{"@type":"BreadcrumbList","@id":"https:\/\/institutfrancais.sk\/fr\/podujatie\/conference-la-desinformation-nuit-a-votre-sante\/#breadcrumb","itemListElement":[{"@type":"ListItem","position":1,"name":"Home","item":"https:\/\/institutfrancais.sk\/fr\/"},{"@type":"ListItem","position":2,"name":"Events","item":"https:\/\/institutfrancais.sk\/fr\/podujatie\/"},{"@type":"ListItem","position":3,"name":"Conf\u00e9rence : La d\u00e9sinformation nuit \u00e0 votre sant\u00e9 !"}]},{"@type":"WebSite","@id":"https:\/\/institutfrancais.sk\/fr\/#website","url":"https:\/\/institutfrancais.sk\/fr\/","name":"Franc\u00fazsky in\u0161tit\u00fat na Slovensku","description":"Franc\u00fazsky in\u0161tit\u00fat na Slovensku","potentialAction":[{"@type":"SearchAction","target":{"@type":"EntryPoint","urlTemplate":"https:\/\/institutfrancais.sk\/fr\/?s={search_term_string}"},"query-input":{"@type":"PropertyValueSpecification","valueRequired":true,"valueName":"search_term_string"}}],"inLanguage":"fr-FR"}]}},"_links":{"self":[{"href":"https:\/\/institutfrancais.sk\/fr\/wp-json\/wp\/v2\/podujatie\/27323"}],"collection":[{"href":"https:\/\/institutfrancais.sk\/fr\/wp-json\/wp\/v2\/podujatie"}],"about":[{"href":"https:\/\/institutfrancais.sk\/fr\/wp-json\/wp\/v2\/types\/podujatie"}],"wp:featuredmedia":[{"embeddable":true,"href":"https:\/\/institutfrancais.sk\/fr\/wp-json\/wp\/v2\/media\/27321"}],"wp:attachment":[{"href":"https:\/\/institutfrancais.sk\/fr\/wp-json\/wp\/v2\/media?parent=27323"}],"wp:term":[{"taxonomy":"typ-podujatia","embeddable":true,"href":"https:\/\/institutfrancais.sk\/fr\/wp-json\/wp\/v2\/typ-podujatia?post=27323"}],"curies":[{"name":"wp","href":"https:\/\/api.w.org\/{rel}","templated":true}]}}