{"id":27354,"date":"2023-06-15T12:06:48","date_gmt":"2023-06-15T10:06:48","guid":{"rendered":"https:\/\/institutfrancais.sk\/?post_type=podujatie&#038;p=27354"},"modified":"2023-09-18T11:54:16","modified_gmt":"2023-09-18T09:54:16","slug":"la-legende-naceradsky-a-bratislava","status":"publish","type":"podujatie","link":"https:\/\/institutfrancais.sk\/fr\/podujatie\/la-legende-naceradsky-a-bratislava\/","title":{"rendered":"La l\u00e9gende Na\u010deradsk\u00fd \u00e0 Bratislava"},"content":{"rendered":"\n<p>L&rsquo;exposition de peintures de Ji\u0159\u00ed Na\u010deradsk\u00fd provenant de collections priv\u00e9es slovaques est un rappel significatif de la place que l&rsquo;\u0153uvre de cette l\u00e9gende de la peinture tch\u00e8que de la seconde moiti\u00e9 du XXe si\u00e8cle et du d\u00e9but du nouveau mill\u00e9naire a&nbsp;gagn\u00e9 aupr\u00e8s des amateurs et des connaisseurs d&rsquo;art et en Slovaquie.<\/p>\n\n\n\n<p>L&rsquo;Institut fran\u00e7ais peut, \u00e0 premi\u00e8re vue, sembler \u00eatre un organisateur surprenant pour une exposition d&rsquo;un peintre tch\u00e8que en Slovaquie. Il faut pourtant se souvenir qu&rsquo;apr\u00e8s l&rsquo;arriv\u00e9e des troupes du Pacte de Varsovie, \u00e0 Prague, en ao\u00fbt 1968, la France a&nbsp;\u00e9t\u00e9 le pays m\u00eame dans lequel Na\u010deradsk\u00fd et ses coll\u00e8gues artistes Rudolf Nemec et Ji\u0159\u00ed Sopek ont cherch\u00e9 l&rsquo;asile.<\/p>\n\n\n\n<p>Na\u010deradsk\u00fd y passe au total 16 mois, dans les villes de Caen et de Paris. C&rsquo;est l\u00e0 qu&rsquo;il a&nbsp;rencontr\u00e9 la femme de sa vie, qu&rsquo;il a&nbsp;\u00e9pous\u00e9e le premier jour apr\u00e8s son retour dans sa patrie. Lorsqu&rsquo;il r\u00e9ussit \u00e0 obtenir une bourse d&rsquo;\u00e9tudes de trois mois \u00e0 Paris en 1970, il part et tente de faire venir sa femme et sa fille Klara, qui vient de na\u00eetre. Cependant, comme le r\u00e9gime ne l&rsquo;y autorise pas, il est rentr\u00e9 chez lui au bout de trois mois et n&rsquo;a&nbsp;pu&nbsp;se rendre \u00e0 nouveau en France qu&rsquo;apr\u00e8s la r\u00e9volution de velours en 1989. Depuis lors, il se rend en France chaque ann\u00e9e, et m\u00eame sa fille Klara, qui, alors qu&rsquo;elle venait de na\u00eetre, s&rsquo;\u00e9tait vu refuser l&rsquo;acc\u00e8s \u00e0 son pays bien-aim\u00e9 par les autorit\u00e9s de l&rsquo;\u00e9poque, s&rsquo;y est rendue.<\/p>\n\n\n\n<p>La Tch\u00e9coslovaquie a&nbsp;r\u00e9prim\u00e9 le talentueux Na\u010deradsk\u00fd en le boycottant des lieux officiels \u00e0 son retour de France en 1970. Il \u00e9tait l&rsquo;une des stars artistiques des ann\u00e9es 1960 libres, si bien qu&rsquo;il lui fut interdit d&rsquo;exposer publiquement pendant la Normalisation et qu&rsquo;il dut gagner sa vie comme restaurateur.<\/p>\n\n\n\n<p>La France, en revanche, l&rsquo;a&nbsp;soutenu m\u00eame pendant cette p\u00e9riode &#8211;&nbsp;en achetant sept de ses dessins pour les collections de la prestigieuse galerie d&rsquo;art moderne, le Centre national d&rsquo;art et de culture Georges-Pompidou. Na\u010deradsk\u00fd a&nbsp;\u00e9galement \u00e9t\u00e9 mis \u00e0 l\u2019honneur \u00e0 deux reprises lors de l\u2019exposition de ses \u0153uvres par le CGP.<\/p>\n\n\n\n<p>Na\u010deradsk\u00fd aimait beaucoup la Slovaquie et notamment \u00e0 travers les relations personnelles qu\u2019il a&nbsp;nou\u00e9 parall\u00e8lement \u00e0 son service militaire bas\u00e9 \u00e0 Liptovsk\u00fd Mikul\u00e1\u0161 en 1965 (en particulier la naissance de son amiti\u00e9 avec le sculpteur Jozef Jankovi\u010d) et aussi durant son voyage dans les ateliers d&rsquo;artistes slovaques non officiels, qu&rsquo;il a&nbsp;entrepris pendant la ferme p\u00e9riode de normalisation en 1980.<\/p>\n\n\n\n<p>Le deuxi\u00e8me chapitre des liens de l&rsquo;artiste avec la Slovaquie s\u2019ouvre avec ses expositions personnelles en Slovaquie. La premi\u00e8re a&nbsp;eu lieu en 1991 \u00e0 l&rsquo;initiative du galeriste Milo\u0161 Kleibl \u00e0 Bratislava, et avec le temps, le c\u00e9l\u00e8bre publiciste et collectionneur d&rsquo;art Ivan Melicher\u010d\u00edk a&nbsp;lanc\u00e9 une s\u00e9rie de sept expositions dans diff\u00e9rentes galeries \u00e0 travers la Slovaquie. Les trois derni\u00e8res expositions ont eu lieu apr\u00e8s la mort de l&rsquo;artiste, ce qui t\u00e9moigne d&rsquo;autant plus du fort attachement \u00e0 la personnalit\u00e9 et \u00e0 l&rsquo;\u0153uvre de ce peintre de la part de Melicher\u010d\u00edk ainsi que du public slovaque.<\/p>\n\n\n\n<p>L&rsquo;exposition actuelle, la neuvi\u00e8me en Slovaquie, est n\u00e9e \u00e0 l&rsquo;initiative de Jakub Proke\u0161, publiciste, responsable des m\u00e9dias et vulgarisateur artistique, qui reprend ainsi cet honorable flambeau de ses pr\u00e9d\u00e9cesseurs. L&rsquo;exposition Na\u010deradsk\u00fd \u00e0 Bratislava, sous-titr\u00e9e Femmes &#8211;&nbsp;V\u00e9nus &#8211;&nbsp;Mantes, se d\u00e9roule au centre de la capitale de la Slovaquie, en plein c\u0153ur de la ville, sur la Grand-Place, dans la galerie de l&rsquo;Institut culturel fran\u00e7ais. Cette exposition, pr\u00e9par\u00e9e depuis deux ans, pr\u00e9sente plusieurs points d\u2019int\u00e9r\u00eat. Elle pr\u00e9sentera exclusivement des \u0153uvres provenant de collections priv\u00e9es slovaques et la plupart d&rsquo;entre elles seront expos\u00e9es pour la premi\u00e8re fois non seulement en Slovaquie, mais aussi depuis l\u2019\u00e9poque tch\u00e8co-slovaque. Le point central de l&rsquo;exposition est s\u00fbrement la plus grande collection compl\u00e8te de dessins de Na\u010deradsk\u00fd des ann\u00e9es 1960, sa p\u00e9riode la plus pris\u00e9e. Elle sera compl\u00e9t\u00e9e par plusieurs huiles sur toile majeures de l\u2019artiste datant de 2009 \u00e0 2012, dont la plus petite mesure un m\u00e8tre de long et la plus grande plus de deux m\u00e8tres. Plus de 50 \u0153uvres ont \u00e9t\u00e9 s\u00e9lectionn\u00e9es pour l&rsquo;exposition. Parmi elles, par exemple, les huiles sur toile embl\u00e9matiques que sont <em>Mante m\u00e9lancolique<\/em> et <em>Meuni\u00e8res amoureuses<\/em> de 2009, qui seront pr\u00e9sent\u00e9es en Slovaquie pour la premi\u00e8re fois. Les amateurs d&rsquo;art et les connaisseurs auront l&rsquo;occasion de voir un certain nombre de premi\u00e8res de l&rsquo;exposition des ann\u00e9es 1960, comme les dessins <em>Enfants d&rsquo;Apell<\/em>, <em>Ma\u00eetresse d&rsquo;architecte<\/em> et <em>Baron rouge<\/em>, et apr\u00e8s un certain temps, ils pourront \u00e9galement admirer \u00e0 nouveau le c\u00e9l\u00e8bre dessin d&rsquo;un m\u00e8tre de Na\u010deradsk\u00fd, <em>Kandinsky<\/em>.&nbsp;&nbsp;&nbsp;&nbsp;&nbsp;<\/p>\n\n\n\n<p>L&rsquo;exposition Na\u010deradsk\u00fd \u00e0 Bratislava est organis\u00e9e gr\u00e2ce au soutien de quinze collectionneurs priv\u00e9s et au patronage des ambassadeurs de France et de la R\u00e9publique tch\u00e8que en Slovaquie. Sa motivation, son concept et son ampleur suscitent d\u00e9j\u00e0 de grandes attentes en Slovaquie, comme en R\u00e9publique tch\u00e8que, et elle remplit d\u00e9j\u00e0 toutes les conditions pour devenir l&rsquo;un des temps forts de la saison culturelle de 2023.&nbsp;&nbsp;&nbsp;&nbsp;&nbsp;<\/p>\n\n\n\n<p>Petr Mach, commissaire de l&rsquo;exposition<\/p>\n\n\n<div class=\"space\"><\/div>\n\n\n<figure class=\"wp-block-embed is-type-video is-provider-youtube wp-block-embed-youtube wp-embed-aspect-16-9 wp-has-aspect-ratio\"><div class=\"wp-block-embed__wrapper\">\n<iframe loading=\"lazy\" title=\"Exposition J\u00ed\u0159i Na\u010deradsk\u00fd\" width=\"500\" height=\"281\" src=\"https:\/\/www.youtube.com\/embed\/PJ2-LSs0CfA?feature=oembed\" frameborder=\"0\" allow=\"accelerometer; autoplay; clipboard-write; encrypted-media; gyroscope; picture-in-picture; web-share\" referrerpolicy=\"strict-origin-when-cross-origin\" allowfullscreen><\/iframe>\n<\/div><figcaption class=\"wp-element-caption\">Jakub Proke\u0161 &#8211;&nbsp;Exposition J\u00ed\u0159i Na\u010deradsk\u00fd \u00e0 Bratislava<\/figcaption><\/figure>\n\n\n\n<p><strong>Na\u010deradsk\u00fd en Slovaquie<\/strong><\/p>\n\n\n\n<p>1991 Ji\u0159\u00ed Na\u010deradsk\u00fd, Galerie Kleibl, Bratislava<\/p>\n\n\n\n<p>2012 Le cinqui\u00e8me \u00e9l\u00e9ment Na\u010deradsk\u00fd. Collection d&rsquo;Ivan Melicher\u010d\u00edk, \u00c9glise Klarisky, Bratislava.<\/p>\n\n\n\n<p>2013 Ji\u0159\u00ed Na\u010deradsk\u00fd dans la collection d&rsquo;Ivan Melicher\u010d\u00edk, Galerie Orava, Doln\u00fd Kub\u00edn.<\/p>\n\n\n\n<p>2013 Ji\u0159\u00ed Na\u010deradsk\u00fd dans la collection d&rsquo;Ivan Melicher\u010d\u00edk, galerie d&rsquo;art Pova\u017esk\u00e1 \u00e0 \u017dilina, \u017dilina.<\/p>\n\n\n\n<p>2013 Dessins, Galerie Roman Fe\u010dik, Bratislava<\/p>\n\n\n\n<p>2014 Ji\u0159\u00ed Na\u010deradsk\u00fd. Collection Ivan Melicher\u010d\u00edk, Mus\u00e9e d&rsquo;art Danubiana Meulensteen, \u010cunovo.<\/p>\n\n\n\n<p>2015 REBEL &#8211;&nbsp;Ji\u0159\u00ed Na\u010deradsk\u00fd dans la collection Ivan Melicher\u010d\u00edk, Galerie Tatra, Poprad.<\/p>\n\n\n\n<p>2017 &#8211;&nbsp;2018 Ji\u0159\u00ed Na\u010deradsk\u00fd : OBRY &#8211;&nbsp;OBRAZY, Centre culturel municipal, Galerie Font\u00e1na, Pie\u0161t&rsquo;any.<\/p>\n\n\n\n<p>2023 Na\u010deradsk\u00fd \u00e0 Bratislava. Femmes &#8211;&nbsp;V\u00e9nus \u2013 Mantes, \u0152uvres des collections priv\u00e9es slovaques,<\/p>\n\n\n\n<p>Galerie de l&rsquo;Institut fran\u00e7ais de Slovaquie, Bratislava<\/p>\n\n\n\n<figure class=\"wp-block-image size-large\"><img loading=\"lazy\" decoding=\"async\" width=\"1024\" height=\"1024\" src=\"https:\/\/institutfrancais.sk\/wp-content\/uploads\/2023\/06\/Partneri_1-1024x1024.png\" alt=\"\" class=\"wp-image-27446\" srcset=\"https:\/\/institutfrancais.sk\/wp-content\/uploads\/2023\/06\/Partneri_1-1024x1024.png 1024w, https:\/\/institutfrancais.sk\/wp-content\/uploads\/2023\/06\/Partneri_1-300x300.png 300w, https:\/\/institutfrancais.sk\/wp-content\/uploads\/2023\/06\/Partneri_1-150x150.png 150w, https:\/\/institutfrancais.sk\/wp-content\/uploads\/2023\/06\/Partneri_1-768x768.png 768w, https:\/\/institutfrancais.sk\/wp-content\/uploads\/2023\/06\/Partneri_1-1000x1000.png 1000w, https:\/\/institutfrancais.sk\/wp-content\/uploads\/2023\/06\/Partneri_1.png 1080w\" sizes=\"(max-width: 1024px) 100vw, 1024px\" \/><\/figure>\n\n\n<\/div><iframe loading=\"lazy\" src=\"https:\/\/www.google.com\/maps\/embed?pb=!1m18!1m12!1m3!1d2662.2735746915087!2d17.10532635165492!3d48.14353077912193!2m3!1f0!2f0!3f0!3m2!1i1024!2i768!4f13.1!3m3!1m2!1s0x476c8942d3867d0f%3A0xf92cfa7be90ee73!2zRnJhbmPDunpza3kgaW7FoXRpdMO6dA!5e0!3m2!1ssk!2ssk!4v1575902399794!5m2!1ssk!2ssk\" width=\"100%\" height=\"558\" frameborder=\"0\" class=\"gmap-iframe\" allowfullscreen=\"\"><\/iframe><div class=\"wrap narrow-wrap\">","protected":false},"featured_media":27355,"template":"","typ-podujatia":[56],"acf":[],"yoast_head":"<!-- This site is optimized with the Yoast SEO plugin v24.5 - https:\/\/yoast.com\/wordpress\/plugins\/seo\/ -->\n<title>La l\u00e9gende Na\u010deradsk\u00fd \u00e0 Bratislava - Franc\u00fazsky in\u0161tit\u00fat na Slovensku<\/title>\n<meta name=\"description\" content=\"La l\u00e9gende Na\u010deradsk\u00fd \u00e0 Bratislava\" \/>\n<meta name=\"robots\" content=\"index, follow, max-snippet:-1, max-image-preview:large, max-video-preview:-1\" \/>\n<link rel=\"canonical\" href=\"https:\/\/institutfrancais.sk\/fr\/podujatie\/la-legende-naceradsky-a-bratislava\/\" \/>\n<meta property=\"og:locale\" content=\"fr_FR\" \/>\n<meta property=\"og:type\" content=\"article\" \/>\n<meta property=\"og:title\" content=\"La l\u00e9gende Na\u010deradsk\u00fd \u00e0 Bratislava - Franc\u00fazsky in\u0161tit\u00fat na Slovensku\" \/>\n<meta property=\"og:description\" content=\"La l\u00e9gende Na\u010deradsk\u00fd \u00e0 Bratislava\" \/>\n<meta property=\"og:url\" content=\"https:\/\/institutfrancais.sk\/fr\/podujatie\/la-legende-naceradsky-a-bratislava\/\" \/>\n<meta property=\"og:site_name\" content=\"Franc\u00fazsky in\u0161tit\u00fat na Slovensku\" \/>\n<meta property=\"article:modified_time\" content=\"2023-09-18T09:54:16+00:00\" \/>\n<meta property=\"og:image\" content=\"https:\/\/institutfrancais.sk\/wp-content\/uploads\/2023\/06\/Expo-Naceradsky-Insta-and-FB-post-Mozaika-2.png\" \/>\n\t<meta property=\"og:image:width\" content=\"1080\" \/>\n\t<meta property=\"og:image:height\" content=\"1080\" \/>\n\t<meta property=\"og:image:type\" content=\"image\/png\" \/>\n<meta name=\"twitter:card\" content=\"summary_large_image\" \/>\n<meta name=\"twitter:label1\" content=\"Dur\u00e9e de lecture estim\u00e9e\" \/>\n\t<meta name=\"twitter:data1\" content=\"6 minutes\" \/>\n<script type=\"application\/ld+json\" class=\"yoast-schema-graph\">{\"@context\":\"https:\/\/schema.org\",\"@graph\":[{\"@type\":\"WebPage\",\"@id\":\"https:\/\/institutfrancais.sk\/fr\/podujatie\/la-legende-naceradsky-a-bratislava\/\",\"url\":\"https:\/\/institutfrancais.sk\/fr\/podujatie\/la-legende-naceradsky-a-bratislava\/\",\"name\":\"La l\u00e9gende Na\u010deradsk\u00fd \u00e0 Bratislava - Franc\u00fazsky in\u0161tit\u00fat na Slovensku\",\"isPartOf\":{\"@id\":\"https:\/\/institutfrancais.sk\/fr\/#website\"},\"primaryImageOfPage\":{\"@id\":\"https:\/\/institutfrancais.sk\/fr\/podujatie\/la-legende-naceradsky-a-bratislava\/#primaryimage\"},\"image\":{\"@id\":\"https:\/\/institutfrancais.sk\/fr\/podujatie\/la-legende-naceradsky-a-bratislava\/#primaryimage\"},\"thumbnailUrl\":\"https:\/\/institutfrancais.sk\/wp-content\/uploads\/2023\/06\/Expo-Naceradsky-Insta-and-FB-post-Mozaika-2.png\",\"datePublished\":\"2023-06-15T10:06:48+00:00\",\"dateModified\":\"2023-09-18T09:54:16+00:00\",\"description\":\"La l\u00e9gende Na\u010deradsk\u00fd \u00e0 Bratislava\",\"breadcrumb\":{\"@id\":\"https:\/\/institutfrancais.sk\/fr\/podujatie\/la-legende-naceradsky-a-bratislava\/#breadcrumb\"},\"inLanguage\":\"fr-FR\",\"potentialAction\":[{\"@type\":\"ReadAction\",\"target\":[\"https:\/\/institutfrancais.sk\/fr\/podujatie\/la-legende-naceradsky-a-bratislava\/\"]}]},{\"@type\":\"ImageObject\",\"inLanguage\":\"fr-FR\",\"@id\":\"https:\/\/institutfrancais.sk\/fr\/podujatie\/la-legende-naceradsky-a-bratislava\/#primaryimage\",\"url\":\"https:\/\/institutfrancais.sk\/wp-content\/uploads\/2023\/06\/Expo-Naceradsky-Insta-and-FB-post-Mozaika-2.png\",\"contentUrl\":\"https:\/\/institutfrancais.sk\/wp-content\/uploads\/2023\/06\/Expo-Naceradsky-Insta-and-FB-post-Mozaika-2.png\",\"width\":1080,\"height\":1080},{\"@type\":\"BreadcrumbList\",\"@id\":\"https:\/\/institutfrancais.sk\/fr\/podujatie\/la-legende-naceradsky-a-bratislava\/#breadcrumb\",\"itemListElement\":[{\"@type\":\"ListItem\",\"position\":1,\"name\":\"Home\",\"item\":\"https:\/\/institutfrancais.sk\/fr\/\"},{\"@type\":\"ListItem\",\"position\":2,\"name\":\"Events\",\"item\":\"https:\/\/institutfrancais.sk\/fr\/podujatie\/\"},{\"@type\":\"ListItem\",\"position\":3,\"name\":\"La l\u00e9gende Na\u010deradsk\u00fd \u00e0 Bratislava\"}]},{\"@type\":\"WebSite\",\"@id\":\"https:\/\/institutfrancais.sk\/fr\/#website\",\"url\":\"https:\/\/institutfrancais.sk\/fr\/\",\"name\":\"Franc\u00fazsky in\u0161tit\u00fat na Slovensku\",\"description\":\"Franc\u00fazsky in\u0161tit\u00fat na Slovensku\",\"potentialAction\":[{\"@type\":\"SearchAction\",\"target\":{\"@type\":\"EntryPoint\",\"urlTemplate\":\"https:\/\/institutfrancais.sk\/fr\/?s={search_term_string}\"},\"query-input\":{\"@type\":\"PropertyValueSpecification\",\"valueRequired\":true,\"valueName\":\"search_term_string\"}}],\"inLanguage\":\"fr-FR\"}]}<\/script>\n<!-- \/ Yoast SEO plugin. -->","yoast_head_json":{"title":"La l\u00e9gende Na\u010deradsk\u00fd \u00e0 Bratislava - Franc\u00fazsky in\u0161tit\u00fat na Slovensku","description":"La l\u00e9gende Na\u010deradsk\u00fd \u00e0 Bratislava","robots":{"index":"index","follow":"follow","max-snippet":"max-snippet:-1","max-image-preview":"max-image-preview:large","max-video-preview":"max-video-preview:-1"},"canonical":"https:\/\/institutfrancais.sk\/fr\/podujatie\/la-legende-naceradsky-a-bratislava\/","og_locale":"fr_FR","og_type":"article","og_title":"La l\u00e9gende Na\u010deradsk\u00fd \u00e0 Bratislava - Franc\u00fazsky in\u0161tit\u00fat na Slovensku","og_description":"La l\u00e9gende Na\u010deradsk\u00fd \u00e0 Bratislava","og_url":"https:\/\/institutfrancais.sk\/fr\/podujatie\/la-legende-naceradsky-a-bratislava\/","og_site_name":"Franc\u00fazsky in\u0161tit\u00fat na Slovensku","article_modified_time":"2023-09-18T09:54:16+00:00","og_image":[{"width":1080,"height":1080,"url":"https:\/\/institutfrancais.sk\/wp-content\/uploads\/2023\/06\/Expo-Naceradsky-Insta-and-FB-post-Mozaika-2.png","type":"image\/png"}],"twitter_card":"summary_large_image","twitter_misc":{"Dur\u00e9e de lecture estim\u00e9e":"6 minutes"},"schema":{"@context":"https:\/\/schema.org","@graph":[{"@type":"WebPage","@id":"https:\/\/institutfrancais.sk\/fr\/podujatie\/la-legende-naceradsky-a-bratislava\/","url":"https:\/\/institutfrancais.sk\/fr\/podujatie\/la-legende-naceradsky-a-bratislava\/","name":"La l\u00e9gende Na\u010deradsk\u00fd \u00e0 Bratislava - Franc\u00fazsky in\u0161tit\u00fat na Slovensku","isPartOf":{"@id":"https:\/\/institutfrancais.sk\/fr\/#website"},"primaryImageOfPage":{"@id":"https:\/\/institutfrancais.sk\/fr\/podujatie\/la-legende-naceradsky-a-bratislava\/#primaryimage"},"image":{"@id":"https:\/\/institutfrancais.sk\/fr\/podujatie\/la-legende-naceradsky-a-bratislava\/#primaryimage"},"thumbnailUrl":"https:\/\/institutfrancais.sk\/wp-content\/uploads\/2023\/06\/Expo-Naceradsky-Insta-and-FB-post-Mozaika-2.png","datePublished":"2023-06-15T10:06:48+00:00","dateModified":"2023-09-18T09:54:16+00:00","description":"La l\u00e9gende Na\u010deradsk\u00fd \u00e0 Bratislava","breadcrumb":{"@id":"https:\/\/institutfrancais.sk\/fr\/podujatie\/la-legende-naceradsky-a-bratislava\/#breadcrumb"},"inLanguage":"fr-FR","potentialAction":[{"@type":"ReadAction","target":["https:\/\/institutfrancais.sk\/fr\/podujatie\/la-legende-naceradsky-a-bratislava\/"]}]},{"@type":"ImageObject","inLanguage":"fr-FR","@id":"https:\/\/institutfrancais.sk\/fr\/podujatie\/la-legende-naceradsky-a-bratislava\/#primaryimage","url":"https:\/\/institutfrancais.sk\/wp-content\/uploads\/2023\/06\/Expo-Naceradsky-Insta-and-FB-post-Mozaika-2.png","contentUrl":"https:\/\/institutfrancais.sk\/wp-content\/uploads\/2023\/06\/Expo-Naceradsky-Insta-and-FB-post-Mozaika-2.png","width":1080,"height":1080},{"@type":"BreadcrumbList","@id":"https:\/\/institutfrancais.sk\/fr\/podujatie\/la-legende-naceradsky-a-bratislava\/#breadcrumb","itemListElement":[{"@type":"ListItem","position":1,"name":"Home","item":"https:\/\/institutfrancais.sk\/fr\/"},{"@type":"ListItem","position":2,"name":"Events","item":"https:\/\/institutfrancais.sk\/fr\/podujatie\/"},{"@type":"ListItem","position":3,"name":"La l\u00e9gende Na\u010deradsk\u00fd \u00e0 Bratislava"}]},{"@type":"WebSite","@id":"https:\/\/institutfrancais.sk\/fr\/#website","url":"https:\/\/institutfrancais.sk\/fr\/","name":"Franc\u00fazsky in\u0161tit\u00fat na Slovensku","description":"Franc\u00fazsky in\u0161tit\u00fat na Slovensku","potentialAction":[{"@type":"SearchAction","target":{"@type":"EntryPoint","urlTemplate":"https:\/\/institutfrancais.sk\/fr\/?s={search_term_string}"},"query-input":{"@type":"PropertyValueSpecification","valueRequired":true,"valueName":"search_term_string"}}],"inLanguage":"fr-FR"}]}},"_links":{"self":[{"href":"https:\/\/institutfrancais.sk\/fr\/wp-json\/wp\/v2\/podujatie\/27354"}],"collection":[{"href":"https:\/\/institutfrancais.sk\/fr\/wp-json\/wp\/v2\/podujatie"}],"about":[{"href":"https:\/\/institutfrancais.sk\/fr\/wp-json\/wp\/v2\/types\/podujatie"}],"wp:featuredmedia":[{"embeddable":true,"href":"https:\/\/institutfrancais.sk\/fr\/wp-json\/wp\/v2\/media\/27355"}],"wp:attachment":[{"href":"https:\/\/institutfrancais.sk\/fr\/wp-json\/wp\/v2\/media?parent=27354"}],"wp:term":[{"taxonomy":"typ-podujatia","embeddable":true,"href":"https:\/\/institutfrancais.sk\/fr\/wp-json\/wp\/v2\/typ-podujatia?post=27354"}],"curies":[{"name":"wp","href":"https:\/\/api.w.org\/{rel}","templated":true}]}}