{"id":28152,"date":"2023-08-01T14:31:13","date_gmt":"2023-08-01T12:31:13","guid":{"rendered":"https:\/\/institutfrancais.sk\/?post_type=podujatie&#038;p=28152"},"modified":"2023-08-02T15:47:29","modified_gmt":"2023-08-02T13:47:29","slug":"insiders-peintures-et-dessins-figuratifs-contemporains","status":"publish","type":"podujatie","link":"https:\/\/institutfrancais.sk\/fr\/podujatie\/insiders-peintures-et-dessins-figuratifs-contemporains\/","title":{"rendered":"Insiders &#8211;&nbsp;Peintures et dessins figuratifs contemporains"},"content":{"rendered":"\n<p>Quelles innovations les artistes figuratifs contemporains ont-ils apport\u00e9es en mati\u00e8re de cr\u00e9ation de portraits? La repr\u00e9sentation de l&rsquo;homme est probablement l&rsquo;un des genres artistiques les plus anciens puisque l&rsquo;homme a&nbsp;dessin\u00e9 puis peint. Les grottes de Lascaux en P\u00e9rigord (sud de la France) sont un parfait exemple d&rsquo;art pari\u00e9tal et t\u00e9moignent de l&rsquo;irr\u00e9pressible besoin de montrer, de repr\u00e9senter, de documenter et enfin de marquer les temps futurs. <\/p>\n\n\n\n<p>Depuis lors, l&rsquo;histoire de l&rsquo;humanit\u00e9 a&nbsp;toujours accord\u00e9 une place importante au portrait dans l&rsquo;art qui s&rsquo;est cr\u00e9\u00e9. Ind\u00e9pendamment de la p\u00e9riode de cr\u00e9ation et de l&rsquo;origine g\u00e9ographique, ces portraits avaient un but commun, qui \u00e9tait de d\u00e9peindre le sujet le mieux possible. Malgr\u00e9 les d\u00e9veloppements techniques tels que l&rsquo;invention de la perspective au d\u00e9but du quattrocento, les artistes s&rsquo;efforcent de refl\u00e9ter la r\u00e9alit\u00e9 des traits physiques, qu&rsquo;il s&rsquo;agisse de la royaut\u00e9 et des nobles posant dans leurs costumes, ou des paysans et agriculteurs r\u00e9coltant leurs champs. <\/p>\n\n\n\n<p>Ce n&rsquo;est qu&rsquo;\u00e0 l&rsquo;\u00e9poque moderne que les peintres ont commenc\u00e9 \u00e0 explorer l&rsquo;\u00e2me profonde des personnages et sont arriv\u00e9s \u00e0 la conclusion que les \u00e9motions comptent plus que la pr\u00e9cision du nez, des l\u00e8vres ou des yeux. D\u00e8s lors, la d\u00e9formation &#8211;&nbsp;voire la d\u00e9construction du sujet &#8211;&nbsp;devenait l\u00e9gitime. Les artistes ne voulaient pas seulement repr\u00e9senter, mais voulaient aussi donner leur propre interpr\u00e9tation. Ils se sont permis de prendre de la distance par rapport \u00e0 la r\u00e9alit\u00e9 et ont appr\u00e9ci\u00e9 la libert\u00e9 d&rsquo;exprimer leurs visions. Bien que ces visions aient parfois choqu\u00e9 le public. <\/p>\n\n\n\n<p>Les huit artistes pr\u00e9sent\u00e9s dans Insiders ont des pratiques profond\u00e9ment ancr\u00e9es dans l&rsquo;histoire de l&rsquo;art et ont construit des vocabulaires visuels qui c\u00e9l\u00e8brent leurs ma\u00eetres en tissant leurs codes et leurs h\u00e9ritages dans de nouvelles \u0153uvres. L&rsquo;art contemporain, qui se fait l&rsquo;\u00e9cho du monde d&rsquo;aujourd&rsquo;hui, de ses d\u00e9boires, de ses \u00e9checs et de ses espoirs, est l\u00e0 pour nous faire voir \u00e0 travers son prisme kal\u00e9idoscopique sp\u00e9cifique. L&rsquo;art, comme la philosophie, s&rsquo;adresse \u00e0 l&rsquo;homme en tant que groupe et en tant qu&rsquo;individu. C&rsquo;est politique et intime \u00e0 la fois. Il trouve des r\u00e9sonances inattendues mais significatives entre le d\u00e9veloppement de la soci\u00e9t\u00e9 et le fardeau de l&rsquo;existence humaine. <\/p>\n\n\n\n<p>Les visiteurs sont invit\u00e9s \u00e0 regarder et \u00e0 se rapprocher des \u0153uvres expos\u00e9es et en quelque sorte \u00e0 parcourir la collection de portraits de famille. Des portraits dont les visages se voient parfois et parfois non. Des portraits au r\u00e9alisme f\u00e9roce ou des coups de pinceau plus flous. Des portraits dans leur environnement et leurs contextes politiques ou \u00e9mergeant des milieux les plus neutres. <\/p>\n\n\n\n<p>L&rsquo;exposition est pr\u00e9par\u00e9e en collaboration avec la Galerie Olivier Waltman Paris. <\/p>\n\n\n\n<p>L&rsquo;exposition est plac\u00e9e sous le haut patronage de S.E.M. J.E. Pascal Le Deunff, ambassadeur de France en Slovaquie. <\/p>\n\n\n\n<p><strong>Lieu : <\/strong>Villa de Koppel, Galerie J\u00e1n Koniark \u00e0 Trnava, Zelen\u00fd k\u0159\u00ed\u010dek 3, Trnava <\/p>\n\n\n\n<p><strong>Conception :<\/strong> Galerie Olivier Waltman Paris<\/p>\n\n\n\n<figure class=\"wp-block-image size-large\"><img loading=\"lazy\" decoding=\"async\" width=\"1024\" height=\"717\" src=\"https:\/\/institutfrancais.sk\/wp-content\/uploads\/2023\/08\/IMG-9919-1-1024x717.jpg\" alt=\"\" class=\"wp-image-28153\" srcset=\"https:\/\/institutfrancais.sk\/wp-content\/uploads\/2023\/08\/IMG-9919-1-1024x717.jpg 1024w, https:\/\/institutfrancais.sk\/wp-content\/uploads\/2023\/08\/IMG-9919-1-300x210.jpg 300w, https:\/\/institutfrancais.sk\/wp-content\/uploads\/2023\/08\/IMG-9919-1-768x538.jpg 768w, https:\/\/institutfrancais.sk\/wp-content\/uploads\/2023\/08\/IMG-9919-1-1536x1075.jpg 1536w, https:\/\/institutfrancais.sk\/wp-content\/uploads\/2023\/08\/IMG-9919-1-2048x1434.jpg 2048w, https:\/\/institutfrancais.sk\/wp-content\/uploads\/2023\/08\/IMG-9919-1-1190x833.jpg 1190w, https:\/\/institutfrancais.sk\/wp-content\/uploads\/2023\/08\/IMG-9919-1-1429x1000.jpg 1429w\" sizes=\"(max-width: 1024px) 100vw, 1024px\" \/><\/figure>\n\n\n\n<figure class=\"wp-block-gallery columns-3 is-cropped wp-block-gallery-1 is-layout-flex wp-block-gallery-is-layout-flex\"><ul class=\"blocks-gallery-grid\"><li class=\"blocks-gallery-item\"><figure><img loading=\"lazy\" decoding=\"async\" width=\"1024\" height=\"768\" src=\"https:\/\/institutfrancais.sk\/wp-content\/uploads\/2023\/08\/20230713_185532-1024x768.jpg\" alt=\"\" data-id=\"28156\" data-full-url=\"https:\/\/institutfrancais.sk\/wp-content\/uploads\/2023\/08\/20230713_185532-scaled.jpg\" data-link=\"https:\/\/institutfrancais.sk\/fr\/podujatie\/insiders-peintures-et-dessins-figuratifs-contemporains\/20230713_185532\/\" class=\"wp-image-28156\" srcset=\"https:\/\/institutfrancais.sk\/wp-content\/uploads\/2023\/08\/20230713_185532-1024x768.jpg 1024w, https:\/\/institutfrancais.sk\/wp-content\/uploads\/2023\/08\/20230713_185532-300x225.jpg 300w, https:\/\/institutfrancais.sk\/wp-content\/uploads\/2023\/08\/20230713_185532-768x576.jpg 768w, https:\/\/institutfrancais.sk\/wp-content\/uploads\/2023\/08\/20230713_185532-1536x1152.jpg 1536w, https:\/\/institutfrancais.sk\/wp-content\/uploads\/2023\/08\/20230713_185532-2048x1536.jpg 2048w, https:\/\/institutfrancais.sk\/wp-content\/uploads\/2023\/08\/20230713_185532-1190x893.jpg 1190w, https:\/\/institutfrancais.sk\/wp-content\/uploads\/2023\/08\/20230713_185532-1333x1000.jpg 1333w\" sizes=\"(max-width: 1024px) 100vw, 1024px\" \/><\/figure><\/li><li class=\"blocks-gallery-item\"><figure><img loading=\"lazy\" decoding=\"async\" width=\"1024\" height=\"768\" src=\"https:\/\/institutfrancais.sk\/wp-content\/uploads\/2023\/08\/20230713_175644-1024x768.jpg\" alt=\"\" data-id=\"28158\" data-full-url=\"https:\/\/institutfrancais.sk\/wp-content\/uploads\/2023\/08\/20230713_175644-scaled.jpg\" data-link=\"https:\/\/institutfrancais.sk\/fr\/podujatie\/insiders-peintures-et-dessins-figuratifs-contemporains\/20230713_175644\/\" class=\"wp-image-28158\" srcset=\"https:\/\/institutfrancais.sk\/wp-content\/uploads\/2023\/08\/20230713_175644-1024x768.jpg 1024w, https:\/\/institutfrancais.sk\/wp-content\/uploads\/2023\/08\/20230713_175644-300x225.jpg 300w, https:\/\/institutfrancais.sk\/wp-content\/uploads\/2023\/08\/20230713_175644-768x576.jpg 768w, https:\/\/institutfrancais.sk\/wp-content\/uploads\/2023\/08\/20230713_175644-1536x1152.jpg 1536w, https:\/\/institutfrancais.sk\/wp-content\/uploads\/2023\/08\/20230713_175644-2048x1536.jpg 2048w, https:\/\/institutfrancais.sk\/wp-content\/uploads\/2023\/08\/20230713_175644-1190x893.jpg 1190w, https:\/\/institutfrancais.sk\/wp-content\/uploads\/2023\/08\/20230713_175644-1333x1000.jpg 1333w\" sizes=\"(max-width: 1024px) 100vw, 1024px\" \/><\/figure><\/li><li class=\"blocks-gallery-item\"><figure><img loading=\"lazy\" decoding=\"async\" width=\"1024\" height=\"768\" src=\"https:\/\/institutfrancais.sk\/wp-content\/uploads\/2023\/08\/20230713_175806-1024x768.jpg\" alt=\"\" data-id=\"28160\" data-full-url=\"https:\/\/institutfrancais.sk\/wp-content\/uploads\/2023\/08\/20230713_175806-scaled.jpg\" data-link=\"https:\/\/institutfrancais.sk\/fr\/podujatie\/insiders-peintures-et-dessins-figuratifs-contemporains\/20230713_175806\/\" class=\"wp-image-28160\" srcset=\"https:\/\/institutfrancais.sk\/wp-content\/uploads\/2023\/08\/20230713_175806-1024x768.jpg 1024w, https:\/\/institutfrancais.sk\/wp-content\/uploads\/2023\/08\/20230713_175806-300x225.jpg 300w, https:\/\/institutfrancais.sk\/wp-content\/uploads\/2023\/08\/20230713_175806-768x576.jpg 768w, https:\/\/institutfrancais.sk\/wp-content\/uploads\/2023\/08\/20230713_175806-1536x1152.jpg 1536w, https:\/\/institutfrancais.sk\/wp-content\/uploads\/2023\/08\/20230713_175806-2048x1536.jpg 2048w, https:\/\/institutfrancais.sk\/wp-content\/uploads\/2023\/08\/20230713_175806-1190x893.jpg 1190w, https:\/\/institutfrancais.sk\/wp-content\/uploads\/2023\/08\/20230713_175806-1333x1000.jpg 1333w\" sizes=\"(max-width: 1024px) 100vw, 1024px\" \/><\/figure><\/li><li class=\"blocks-gallery-item\"><figure><img loading=\"lazy\" decoding=\"async\" width=\"1024\" height=\"577\" src=\"https:\/\/institutfrancais.sk\/wp-content\/uploads\/2023\/08\/20230713_181631-1024x577.jpg\" alt=\"\" data-id=\"28162\" data-full-url=\"https:\/\/institutfrancais.sk\/wp-content\/uploads\/2023\/08\/20230713_181631-scaled.jpg\" data-link=\"https:\/\/institutfrancais.sk\/fr\/podujatie\/insiders-peintures-et-dessins-figuratifs-contemporains\/20230713_181631\/\" class=\"wp-image-28162\" srcset=\"https:\/\/institutfrancais.sk\/wp-content\/uploads\/2023\/08\/20230713_181631-1024x577.jpg 1024w, https:\/\/institutfrancais.sk\/wp-content\/uploads\/2023\/08\/20230713_181631-300x169.jpg 300w, https:\/\/institutfrancais.sk\/wp-content\/uploads\/2023\/08\/20230713_181631-768x432.jpg 768w, https:\/\/institutfrancais.sk\/wp-content\/uploads\/2023\/08\/20230713_181631-1536x865.jpg 1536w, https:\/\/institutfrancais.sk\/wp-content\/uploads\/2023\/08\/20230713_181631-2048x1153.jpg 2048w, https:\/\/institutfrancais.sk\/wp-content\/uploads\/2023\/08\/20230713_181631-1190x670.jpg 1190w, https:\/\/institutfrancais.sk\/wp-content\/uploads\/2023\/08\/20230713_181631-1690x952.jpg 1690w\" sizes=\"(max-width: 1024px) 100vw, 1024px\" \/><\/figure><\/li><li class=\"blocks-gallery-item\"><figure><img loading=\"lazy\" decoding=\"async\" width=\"1024\" height=\"768\" src=\"https:\/\/institutfrancais.sk\/wp-content\/uploads\/2023\/08\/20230713_182619-1024x768.jpg\" alt=\"\" data-id=\"28164\" data-full-url=\"https:\/\/institutfrancais.sk\/wp-content\/uploads\/2023\/08\/20230713_182619-scaled.jpg\" data-link=\"https:\/\/institutfrancais.sk\/fr\/podujatie\/insiders-peintures-et-dessins-figuratifs-contemporains\/20230713_182619\/\" class=\"wp-image-28164\" srcset=\"https:\/\/institutfrancais.sk\/wp-content\/uploads\/2023\/08\/20230713_182619-1024x768.jpg 1024w, https:\/\/institutfrancais.sk\/wp-content\/uploads\/2023\/08\/20230713_182619-300x225.jpg 300w, https:\/\/institutfrancais.sk\/wp-content\/uploads\/2023\/08\/20230713_182619-768x576.jpg 768w, https:\/\/institutfrancais.sk\/wp-content\/uploads\/2023\/08\/20230713_182619-1536x1152.jpg 1536w, https:\/\/institutfrancais.sk\/wp-content\/uploads\/2023\/08\/20230713_182619-2048x1536.jpg 2048w, https:\/\/institutfrancais.sk\/wp-content\/uploads\/2023\/08\/20230713_182619-1190x893.jpg 1190w, https:\/\/institutfrancais.sk\/wp-content\/uploads\/2023\/08\/20230713_182619-1333x1000.jpg 1333w\" sizes=\"(max-width: 1024px) 100vw, 1024px\" \/><\/figure><\/li><li class=\"blocks-gallery-item\"><figure><img loading=\"lazy\" decoding=\"async\" width=\"768\" height=\"1024\" src=\"https:\/\/institutfrancais.sk\/wp-content\/uploads\/2023\/08\/20230713_182709-768x1024.jpg\" alt=\"\" data-id=\"28166\" data-full-url=\"https:\/\/institutfrancais.sk\/wp-content\/uploads\/2023\/08\/20230713_182709-scaled.jpg\" data-link=\"https:\/\/institutfrancais.sk\/fr\/podujatie\/insiders-peintures-et-dessins-figuratifs-contemporains\/20230713_182709\/\" class=\"wp-image-28166\" srcset=\"https:\/\/institutfrancais.sk\/wp-content\/uploads\/2023\/08\/20230713_182709-768x1024.jpg 768w, https:\/\/institutfrancais.sk\/wp-content\/uploads\/2023\/08\/20230713_182709-225x300.jpg 225w, https:\/\/institutfrancais.sk\/wp-content\/uploads\/2023\/08\/20230713_182709-1152x1536.jpg 1152w, https:\/\/institutfrancais.sk\/wp-content\/uploads\/2023\/08\/20230713_182709-1536x2048.jpg 1536w, https:\/\/institutfrancais.sk\/wp-content\/uploads\/2023\/08\/20230713_182709-750x1000.jpg 750w, https:\/\/institutfrancais.sk\/wp-content\/uploads\/2023\/08\/20230713_182709-scaled.jpg 1920w\" sizes=\"(max-width: 768px) 100vw, 768px\" \/><\/figure><\/li><li class=\"blocks-gallery-item\"><figure><img loading=\"lazy\" decoding=\"async\" width=\"768\" height=\"1024\" src=\"https:\/\/institutfrancais.sk\/wp-content\/uploads\/2023\/08\/20230713_182855-768x1024.jpg\" alt=\"\" data-id=\"28168\" data-full-url=\"https:\/\/institutfrancais.sk\/wp-content\/uploads\/2023\/08\/20230713_182855-scaled.jpg\" data-link=\"https:\/\/institutfrancais.sk\/fr\/podujatie\/insiders-peintures-et-dessins-figuratifs-contemporains\/20230713_182855\/\" class=\"wp-image-28168\" srcset=\"https:\/\/institutfrancais.sk\/wp-content\/uploads\/2023\/08\/20230713_182855-768x1024.jpg 768w, https:\/\/institutfrancais.sk\/wp-content\/uploads\/2023\/08\/20230713_182855-225x300.jpg 225w, https:\/\/institutfrancais.sk\/wp-content\/uploads\/2023\/08\/20230713_182855-1152x1536.jpg 1152w, https:\/\/institutfrancais.sk\/wp-content\/uploads\/2023\/08\/20230713_182855-1536x2048.jpg 1536w, https:\/\/institutfrancais.sk\/wp-content\/uploads\/2023\/08\/20230713_182855-750x1000.jpg 750w, https:\/\/institutfrancais.sk\/wp-content\/uploads\/2023\/08\/20230713_182855-scaled.jpg 1920w\" sizes=\"(max-width: 768px) 100vw, 768px\" \/><\/figure><\/li><li class=\"blocks-gallery-item\"><figure><img loading=\"lazy\" decoding=\"async\" width=\"1024\" height=\"768\" src=\"https:\/\/institutfrancais.sk\/wp-content\/uploads\/2023\/08\/20230713_183233-1024x768.jpg\" alt=\"\" data-id=\"28170\" data-full-url=\"https:\/\/institutfrancais.sk\/wp-content\/uploads\/2023\/08\/20230713_183233-scaled.jpg\" data-link=\"https:\/\/institutfrancais.sk\/fr\/podujatie\/insiders-peintures-et-dessins-figuratifs-contemporains\/20230713_183233\/\" class=\"wp-image-28170\" srcset=\"https:\/\/institutfrancais.sk\/wp-content\/uploads\/2023\/08\/20230713_183233-1024x768.jpg 1024w, https:\/\/institutfrancais.sk\/wp-content\/uploads\/2023\/08\/20230713_183233-300x225.jpg 300w, https:\/\/institutfrancais.sk\/wp-content\/uploads\/2023\/08\/20230713_183233-768x576.jpg 768w, https:\/\/institutfrancais.sk\/wp-content\/uploads\/2023\/08\/20230713_183233-1536x1152.jpg 1536w, https:\/\/institutfrancais.sk\/wp-content\/uploads\/2023\/08\/20230713_183233-2048x1536.jpg 2048w, https:\/\/institutfrancais.sk\/wp-content\/uploads\/2023\/08\/20230713_183233-1190x893.jpg 1190w, https:\/\/institutfrancais.sk\/wp-content\/uploads\/2023\/08\/20230713_183233-1333x1000.jpg 1333w\" sizes=\"(max-width: 1024px) 100vw, 1024px\" \/><\/figure><\/li><li class=\"blocks-gallery-item\"><figure><img loading=\"lazy\" decoding=\"async\" width=\"1024\" height=\"768\" src=\"https:\/\/institutfrancais.sk\/wp-content\/uploads\/2023\/08\/20230713_184328-1024x768.jpg\" alt=\"\" data-id=\"28172\" data-full-url=\"https:\/\/institutfrancais.sk\/wp-content\/uploads\/2023\/08\/20230713_184328-scaled.jpg\" data-link=\"https:\/\/institutfrancais.sk\/fr\/podujatie\/insiders-peintures-et-dessins-figuratifs-contemporains\/20230713_184328\/\" class=\"wp-image-28172\" srcset=\"https:\/\/institutfrancais.sk\/wp-content\/uploads\/2023\/08\/20230713_184328-1024x768.jpg 1024w, https:\/\/institutfrancais.sk\/wp-content\/uploads\/2023\/08\/20230713_184328-300x225.jpg 300w, https:\/\/institutfrancais.sk\/wp-content\/uploads\/2023\/08\/20230713_184328-768x576.jpg 768w, https:\/\/institutfrancais.sk\/wp-content\/uploads\/2023\/08\/20230713_184328-1536x1152.jpg 1536w, https:\/\/institutfrancais.sk\/wp-content\/uploads\/2023\/08\/20230713_184328-2048x1536.jpg 2048w, https:\/\/institutfrancais.sk\/wp-content\/uploads\/2023\/08\/20230713_184328-1190x893.jpg 1190w, https:\/\/institutfrancais.sk\/wp-content\/uploads\/2023\/08\/20230713_184328-1333x1000.jpg 1333w\" sizes=\"(max-width: 1024px) 100vw, 1024px\" \/><\/figure><\/li><li class=\"blocks-gallery-item\"><figure><img loading=\"lazy\" decoding=\"async\" width=\"1024\" height=\"768\" src=\"https:\/\/institutfrancais.sk\/wp-content\/uploads\/2023\/08\/20230713_184359-1024x768.jpg\" alt=\"\" data-id=\"28174\" data-full-url=\"https:\/\/institutfrancais.sk\/wp-content\/uploads\/2023\/08\/20230713_184359-scaled.jpg\" data-link=\"https:\/\/institutfrancais.sk\/fr\/podujatie\/insiders-peintures-et-dessins-figuratifs-contemporains\/20230713_184359\/\" class=\"wp-image-28174\" srcset=\"https:\/\/institutfrancais.sk\/wp-content\/uploads\/2023\/08\/20230713_184359-1024x768.jpg 1024w, https:\/\/institutfrancais.sk\/wp-content\/uploads\/2023\/08\/20230713_184359-300x225.jpg 300w, https:\/\/institutfrancais.sk\/wp-content\/uploads\/2023\/08\/20230713_184359-768x576.jpg 768w, https:\/\/institutfrancais.sk\/wp-content\/uploads\/2023\/08\/20230713_184359-1536x1152.jpg 1536w, https:\/\/institutfrancais.sk\/wp-content\/uploads\/2023\/08\/20230713_184359-2048x1536.jpg 2048w, https:\/\/institutfrancais.sk\/wp-content\/uploads\/2023\/08\/20230713_184359-1190x893.jpg 1190w, https:\/\/institutfrancais.sk\/wp-content\/uploads\/2023\/08\/20230713_184359-1333x1000.jpg 1333w\" sizes=\"(max-width: 1024px) 100vw, 1024px\" \/><\/figure><\/li><li class=\"blocks-gallery-item\"><figure><img loading=\"lazy\" decoding=\"async\" width=\"768\" height=\"1024\" src=\"https:\/\/institutfrancais.sk\/wp-content\/uploads\/2023\/08\/20230713_184505-768x1024.jpg\" alt=\"\" data-id=\"28176\" data-full-url=\"https:\/\/institutfrancais.sk\/wp-content\/uploads\/2023\/08\/20230713_184505-scaled.jpg\" data-link=\"https:\/\/institutfrancais.sk\/fr\/podujatie\/insiders-peintures-et-dessins-figuratifs-contemporains\/20230713_184505\/\" class=\"wp-image-28176\" srcset=\"https:\/\/institutfrancais.sk\/wp-content\/uploads\/2023\/08\/20230713_184505-768x1024.jpg 768w, https:\/\/institutfrancais.sk\/wp-content\/uploads\/2023\/08\/20230713_184505-225x300.jpg 225w, https:\/\/institutfrancais.sk\/wp-content\/uploads\/2023\/08\/20230713_184505-1152x1536.jpg 1152w, https:\/\/institutfrancais.sk\/wp-content\/uploads\/2023\/08\/20230713_184505-1536x2048.jpg 1536w, https:\/\/institutfrancais.sk\/wp-content\/uploads\/2023\/08\/20230713_184505-750x1000.jpg 750w, https:\/\/institutfrancais.sk\/wp-content\/uploads\/2023\/08\/20230713_184505-scaled.jpg 1920w\" sizes=\"(max-width: 768px) 100vw, 768px\" \/><\/figure><\/li><\/ul><\/figure>\n","protected":false},"featured_media":28151,"template":"","typ-podujatia":[56],"acf":[],"yoast_head":"<!-- This site is optimized with the Yoast SEO plugin v24.5 - https:\/\/yoast.com\/wordpress\/plugins\/seo\/ -->\n<title>Insiders - Peintures et dessins figuratifs contemporains - Franc\u00fazsky in\u0161tit\u00fat na Slovensku<\/title>\n<meta name=\"robots\" content=\"index, follow, max-snippet:-1, max-image-preview:large, max-video-preview:-1\" \/>\n<link rel=\"canonical\" href=\"https:\/\/institutfrancais.sk\/fr\/podujatie\/insiders-peintures-et-dessins-figuratifs-contemporains\/\" \/>\n<meta property=\"og:locale\" content=\"fr_FR\" \/>\n<meta property=\"og:type\" content=\"article\" \/>\n<meta property=\"og:title\" content=\"Insiders - Peintures et dessins figuratifs contemporains - Franc\u00fazsky in\u0161tit\u00fat na Slovensku\" \/>\n<meta property=\"og:description\" content=\"Quelles innovations les artistes figuratifs contemporains ont-ils apport\u00e9es en mati\u00e8re de cr\u00e9ation de portraits? La repr\u00e9sentation de l&rsquo;homme est probablement l&rsquo;un des genres artistiques les plus anciens puisque l&rsquo;homme a&nbsp;dessin\u00e9 puis peint. Les grottes de Lascaux en P\u00e9rigord (sud de la France) sont un parfait exemple d&rsquo;art pari\u00e9tal et t\u00e9moignent de l&rsquo;irr\u00e9pressible besoin de montrer, [&hellip;]\" \/>\n<meta property=\"og:url\" content=\"https:\/\/institutfrancais.sk\/fr\/podujatie\/insiders-peintures-et-dessins-figuratifs-contemporains\/\" \/>\n<meta property=\"og:site_name\" content=\"Franc\u00fazsky in\u0161tit\u00fat na Slovensku\" \/>\n<meta property=\"article:modified_time\" content=\"2023-08-02T13:47:29+00:00\" \/>\n<meta property=\"og:image\" content=\"https:\/\/institutfrancais.sk\/wp-content\/uploads\/2023\/08\/IMG-9918-scaled.jpg\" \/>\n\t<meta property=\"og:image:width\" content=\"2560\" \/>\n\t<meta property=\"og:image:height\" content=\"1792\" \/>\n\t<meta property=\"og:image:type\" content=\"image\/jpeg\" \/>\n<meta name=\"twitter:card\" content=\"summary_large_image\" \/>\n<meta name=\"twitter:label1\" content=\"Dur\u00e9e de lecture estim\u00e9e\" \/>\n\t<meta name=\"twitter:data1\" content=\"5 minutes\" \/>\n<script type=\"application\/ld+json\" class=\"yoast-schema-graph\">{\"@context\":\"https:\/\/schema.org\",\"@graph\":[{\"@type\":\"WebPage\",\"@id\":\"https:\/\/institutfrancais.sk\/fr\/podujatie\/insiders-peintures-et-dessins-figuratifs-contemporains\/\",\"url\":\"https:\/\/institutfrancais.sk\/fr\/podujatie\/insiders-peintures-et-dessins-figuratifs-contemporains\/\",\"name\":\"Insiders - Peintures et dessins figuratifs contemporains - Franc\u00fazsky in\u0161tit\u00fat na Slovensku\",\"isPartOf\":{\"@id\":\"https:\/\/institutfrancais.sk\/fr\/#website\"},\"primaryImageOfPage\":{\"@id\":\"https:\/\/institutfrancais.sk\/fr\/podujatie\/insiders-peintures-et-dessins-figuratifs-contemporains\/#primaryimage\"},\"image\":{\"@id\":\"https:\/\/institutfrancais.sk\/fr\/podujatie\/insiders-peintures-et-dessins-figuratifs-contemporains\/#primaryimage\"},\"thumbnailUrl\":\"https:\/\/institutfrancais.sk\/wp-content\/uploads\/2023\/08\/IMG-9918-scaled.jpg\",\"datePublished\":\"2023-08-01T12:31:13+00:00\",\"dateModified\":\"2023-08-02T13:47:29+00:00\",\"breadcrumb\":{\"@id\":\"https:\/\/institutfrancais.sk\/fr\/podujatie\/insiders-peintures-et-dessins-figuratifs-contemporains\/#breadcrumb\"},\"inLanguage\":\"fr-FR\",\"potentialAction\":[{\"@type\":\"ReadAction\",\"target\":[\"https:\/\/institutfrancais.sk\/fr\/podujatie\/insiders-peintures-et-dessins-figuratifs-contemporains\/\"]}]},{\"@type\":\"ImageObject\",\"inLanguage\":\"fr-FR\",\"@id\":\"https:\/\/institutfrancais.sk\/fr\/podujatie\/insiders-peintures-et-dessins-figuratifs-contemporains\/#primaryimage\",\"url\":\"https:\/\/institutfrancais.sk\/wp-content\/uploads\/2023\/08\/IMG-9918-scaled.jpg\",\"contentUrl\":\"https:\/\/institutfrancais.sk\/wp-content\/uploads\/2023\/08\/IMG-9918-scaled.jpg\",\"width\":2560,\"height\":1792,\"caption\":\"Exposition\"},{\"@type\":\"BreadcrumbList\",\"@id\":\"https:\/\/institutfrancais.sk\/fr\/podujatie\/insiders-peintures-et-dessins-figuratifs-contemporains\/#breadcrumb\",\"itemListElement\":[{\"@type\":\"ListItem\",\"position\":1,\"name\":\"Home\",\"item\":\"https:\/\/institutfrancais.sk\/fr\/\"},{\"@type\":\"ListItem\",\"position\":2,\"name\":\"Events\",\"item\":\"https:\/\/institutfrancais.sk\/fr\/podujatie\/\"},{\"@type\":\"ListItem\",\"position\":3,\"name\":\"Insiders &#8211; Peintures et dessins figuratifs contemporains\"}]},{\"@type\":\"WebSite\",\"@id\":\"https:\/\/institutfrancais.sk\/fr\/#website\",\"url\":\"https:\/\/institutfrancais.sk\/fr\/\",\"name\":\"Franc\u00fazsky in\u0161tit\u00fat na Slovensku\",\"description\":\"Franc\u00fazsky in\u0161tit\u00fat na Slovensku\",\"potentialAction\":[{\"@type\":\"SearchAction\",\"target\":{\"@type\":\"EntryPoint\",\"urlTemplate\":\"https:\/\/institutfrancais.sk\/fr\/?s={search_term_string}\"},\"query-input\":{\"@type\":\"PropertyValueSpecification\",\"valueRequired\":true,\"valueName\":\"search_term_string\"}}],\"inLanguage\":\"fr-FR\"}]}<\/script>\n<!-- \/ Yoast SEO plugin. -->","yoast_head_json":{"title":"Insiders - Peintures et dessins figuratifs contemporains - Franc\u00fazsky in\u0161tit\u00fat na Slovensku","robots":{"index":"index","follow":"follow","max-snippet":"max-snippet:-1","max-image-preview":"max-image-preview:large","max-video-preview":"max-video-preview:-1"},"canonical":"https:\/\/institutfrancais.sk\/fr\/podujatie\/insiders-peintures-et-dessins-figuratifs-contemporains\/","og_locale":"fr_FR","og_type":"article","og_title":"Insiders - Peintures et dessins figuratifs contemporains - Franc\u00fazsky in\u0161tit\u00fat na Slovensku","og_description":"Quelles innovations les artistes figuratifs contemporains ont-ils apport\u00e9es en mati\u00e8re de cr\u00e9ation de portraits? La repr\u00e9sentation de l&rsquo;homme est probablement l&rsquo;un des genres artistiques les plus anciens puisque l&rsquo;homme a&nbsp;dessin\u00e9 puis peint. Les grottes de Lascaux en P\u00e9rigord (sud de la France) sont un parfait exemple d&rsquo;art pari\u00e9tal et t\u00e9moignent de l&rsquo;irr\u00e9pressible besoin de montrer, [&hellip;]","og_url":"https:\/\/institutfrancais.sk\/fr\/podujatie\/insiders-peintures-et-dessins-figuratifs-contemporains\/","og_site_name":"Franc\u00fazsky in\u0161tit\u00fat na Slovensku","article_modified_time":"2023-08-02T13:47:29+00:00","og_image":[{"width":2560,"height":1792,"url":"https:\/\/institutfrancais.sk\/wp-content\/uploads\/2023\/08\/IMG-9918-scaled.jpg","type":"image\/jpeg"}],"twitter_card":"summary_large_image","twitter_misc":{"Dur\u00e9e de lecture estim\u00e9e":"5 minutes"},"schema":{"@context":"https:\/\/schema.org","@graph":[{"@type":"WebPage","@id":"https:\/\/institutfrancais.sk\/fr\/podujatie\/insiders-peintures-et-dessins-figuratifs-contemporains\/","url":"https:\/\/institutfrancais.sk\/fr\/podujatie\/insiders-peintures-et-dessins-figuratifs-contemporains\/","name":"Insiders - Peintures et dessins figuratifs contemporains - Franc\u00fazsky in\u0161tit\u00fat na Slovensku","isPartOf":{"@id":"https:\/\/institutfrancais.sk\/fr\/#website"},"primaryImageOfPage":{"@id":"https:\/\/institutfrancais.sk\/fr\/podujatie\/insiders-peintures-et-dessins-figuratifs-contemporains\/#primaryimage"},"image":{"@id":"https:\/\/institutfrancais.sk\/fr\/podujatie\/insiders-peintures-et-dessins-figuratifs-contemporains\/#primaryimage"},"thumbnailUrl":"https:\/\/institutfrancais.sk\/wp-content\/uploads\/2023\/08\/IMG-9918-scaled.jpg","datePublished":"2023-08-01T12:31:13+00:00","dateModified":"2023-08-02T13:47:29+00:00","breadcrumb":{"@id":"https:\/\/institutfrancais.sk\/fr\/podujatie\/insiders-peintures-et-dessins-figuratifs-contemporains\/#breadcrumb"},"inLanguage":"fr-FR","potentialAction":[{"@type":"ReadAction","target":["https:\/\/institutfrancais.sk\/fr\/podujatie\/insiders-peintures-et-dessins-figuratifs-contemporains\/"]}]},{"@type":"ImageObject","inLanguage":"fr-FR","@id":"https:\/\/institutfrancais.sk\/fr\/podujatie\/insiders-peintures-et-dessins-figuratifs-contemporains\/#primaryimage","url":"https:\/\/institutfrancais.sk\/wp-content\/uploads\/2023\/08\/IMG-9918-scaled.jpg","contentUrl":"https:\/\/institutfrancais.sk\/wp-content\/uploads\/2023\/08\/IMG-9918-scaled.jpg","width":2560,"height":1792,"caption":"Exposition"},{"@type":"BreadcrumbList","@id":"https:\/\/institutfrancais.sk\/fr\/podujatie\/insiders-peintures-et-dessins-figuratifs-contemporains\/#breadcrumb","itemListElement":[{"@type":"ListItem","position":1,"name":"Home","item":"https:\/\/institutfrancais.sk\/fr\/"},{"@type":"ListItem","position":2,"name":"Events","item":"https:\/\/institutfrancais.sk\/fr\/podujatie\/"},{"@type":"ListItem","position":3,"name":"Insiders &#8211; Peintures et dessins figuratifs contemporains"}]},{"@type":"WebSite","@id":"https:\/\/institutfrancais.sk\/fr\/#website","url":"https:\/\/institutfrancais.sk\/fr\/","name":"Franc\u00fazsky in\u0161tit\u00fat na Slovensku","description":"Franc\u00fazsky in\u0161tit\u00fat na Slovensku","potentialAction":[{"@type":"SearchAction","target":{"@type":"EntryPoint","urlTemplate":"https:\/\/institutfrancais.sk\/fr\/?s={search_term_string}"},"query-input":{"@type":"PropertyValueSpecification","valueRequired":true,"valueName":"search_term_string"}}],"inLanguage":"fr-FR"}]}},"_links":{"self":[{"href":"https:\/\/institutfrancais.sk\/fr\/wp-json\/wp\/v2\/podujatie\/28152"}],"collection":[{"href":"https:\/\/institutfrancais.sk\/fr\/wp-json\/wp\/v2\/podujatie"}],"about":[{"href":"https:\/\/institutfrancais.sk\/fr\/wp-json\/wp\/v2\/types\/podujatie"}],"wp:featuredmedia":[{"embeddable":true,"href":"https:\/\/institutfrancais.sk\/fr\/wp-json\/wp\/v2\/media\/28151"}],"wp:attachment":[{"href":"https:\/\/institutfrancais.sk\/fr\/wp-json\/wp\/v2\/media?parent=28152"}],"wp:term":[{"taxonomy":"typ-podujatia","embeddable":true,"href":"https:\/\/institutfrancais.sk\/fr\/wp-json\/wp\/v2\/typ-podujatia?post=28152"}],"curies":[{"name":"wp","href":"https:\/\/api.w.org\/{rel}","templated":true}]}}