{"id":28568,"date":"2023-08-02T11:01:14","date_gmt":"2023-08-02T09:01:14","guid":{"rendered":"https:\/\/institutfrancais.sk\/?post_type=podujatie&#038;p=28568"},"modified":"2023-08-04T14:40:56","modified_gmt":"2023-08-04T12:40:56","slug":"retour-sur-14-juillet","status":"publish","type":"podujatie","link":"https:\/\/institutfrancais.sk\/fr\/podujatie\/retour-sur-14-juillet\/","title":{"rendered":"Retour sur &#8211;&nbsp;F\u00eate nationale fran\u00e7aise"},"content":{"rendered":"\n<p>14 juillet est r\u00e9venu au c\u0153ur de Bratislava sur la place principale. Avec les habitants et les visiteurs de la capitale, nous avons c\u00e9l\u00e9br\u00e9s la f\u00eate nationale fran\u00e7aise, \u00e0 l\u2019occasion de l\u2019anniversaire de la conqu\u00eate de la Bastille, pour la onzi\u00e8me fois. Symbole de &nbsp;\u00ab l\u2019Ancien R\u00e9gime \u00bb, la Bastille est envahie et conquise par les Parisiens le 14 juillet 1789. Cet \u00e9v\u00e9nement marque le d\u00e9but de la Grande R\u00e9volution fran\u00e7aise (1789-1799), au cours de laquelle les fondements des droits de l\u2019homme sont pos\u00e9s pour la premi\u00e8re fois.<\/p>\n\n\n\n<p>La Place principale de Bratislava \u00e9tait &nbsp;r\u00e9serv\u00e9e au march\u00e9 fran\u00e7ais avec des sp\u00e9cialit\u00e9s sous forme de d\u00e9licieux desserts, fromages et boissons. \u00c0 deux pas de Hlavn\u00e9 n\u00e1mestie, l\u2019Institut fran\u00e7ais a&nbsp;propos\u00e9 des animations cr\u00e9atives pour les enfants et les jeunes ainsi qu\u2019une bourse aux livres fran\u00e7ais.<\/p>\n\n\n\n<p>Un programme culturel gratuit a&nbsp;propos\u00e9 des spectacles musicaux et des concerts. Les gagnants de l\u2019\u00e9dition 2023 du concours de la chanson francaise&nbsp;<em><strong>Spievam po&nbsp;franc\u00fazsky&nbsp;<\/strong><\/em>se sont pr\u00e9sent\u00e9s. Les c\u00e9l\u00e9brations de la F\u00eate fran\u00e7aise ont \u00e9tait cl\u00f4tur\u00e9es par un concert du &nbsp;<strong>Lucia Bujnov\u00e1<\/strong>&nbsp;avec son groupe et jouera et chantera des chansons fran\u00e7aise.<\/p>\n\n\n\n<p><em>Depuis 2011, l\u2019Ambassade de France, l\u2019Institut fran\u00e7ais de Slovaquie et la Chambre de commerce franco-slovaque c\u00e9l\u00e8brent la f\u00eate nationale fran\u00e7aise avec les habitants et les visiteurs de la capitale slovaque. Cette f\u00eate est organis\u00e9e en coop\u00e9ration et avec le soutien de la mairie de Bratislava, de la Vieille Ville de Bratislava, de BKIS et d\u2019un nombre croissant de m\u00e9dias et de partenaires<\/em>.<\/p>\n\n\n\n<p><\/p>\n\n\n\n<p>Un programme culturel gratuit a&nbsp;propos\u00e9 des spectacles musicaux et des concerts. Les gagnants de l&rsquo;\u00e9dition 2023 du concours de la chanson francaise <em><strong>Spievam po&nbsp;franc\u00fazsky <\/strong><\/em>se sont pr\u00e9sent\u00e9s \u00e0 partir de 17:45. Les c\u00e9l\u00e9brations de la F\u00eate fran\u00e7aise ont \u00e9taient cl\u00f4tur\u00e9e par un concert du &nbsp;<strong>Lucia Bujnov\u00e1<\/strong> avec son groupe avec des chansons fran\u00e7aise.<\/p>\n\n\n\n<p>L&rsquo;<em>\u00e9v\u00e9nement \u00e9tait plac\u00e9 sous le haut patronage du maire de Bratislava, Mat\u00fa\u0161 Vallo, et sous le haut patronage du maire de la vieille ville, Matej Vaga\u010d<\/em><\/p>\n\n\n\n<p id=\"block-994442eb-d6c7-493e-93cf-2adb4e851a23\"><em> <\/em><\/p>\n\n\n\n<figure class=\"wp-block-gallery columns-4 is-cropped wp-block-gallery-1 is-layout-flex wp-block-gallery-is-layout-flex\"><ul class=\"blocks-gallery-grid\"><li class=\"blocks-gallery-item\"><figure><img loading=\"lazy\" decoding=\"async\" width=\"1024\" height=\"683\" src=\"https:\/\/institutfrancais.sk\/wp-content\/uploads\/2023\/08\/1_discours_concerts0001-2-1024x683.jpg\" alt=\"\" data-id=\"28296\" data-full-url=\"https:\/\/institutfrancais.sk\/wp-content\/uploads\/2023\/08\/1_discours_concerts0001-2-scaled.jpg\" data-link=\"https:\/\/institutfrancais.sk\/podujatie\/oslavte-s-nami-dobytie-bastily\/1_discours_concerts0001-2-2\/\" class=\"wp-image-28296\" srcset=\"https:\/\/institutfrancais.sk\/wp-content\/uploads\/2023\/08\/1_discours_concerts0001-2-1024x683.jpg 1024w, https:\/\/institutfrancais.sk\/wp-content\/uploads\/2023\/08\/1_discours_concerts0001-2-300x200.jpg 300w, https:\/\/institutfrancais.sk\/wp-content\/uploads\/2023\/08\/1_discours_concerts0001-2-768x512.jpg 768w, https:\/\/institutfrancais.sk\/wp-content\/uploads\/2023\/08\/1_discours_concerts0001-2-1536x1024.jpg 1536w, https:\/\/institutfrancais.sk\/wp-content\/uploads\/2023\/08\/1_discours_concerts0001-2-2048x1365.jpg 2048w, https:\/\/institutfrancais.sk\/wp-content\/uploads\/2023\/08\/1_discours_concerts0001-2-1190x793.jpg 1190w, https:\/\/institutfrancais.sk\/wp-content\/uploads\/2023\/08\/1_discours_concerts0001-2-1500x1000.jpg 1500w\" sizes=\"(max-width: 1024px) 100vw, 1024px\" \/><\/figure><\/li><li class=\"blocks-gallery-item\"><figure><img loading=\"lazy\" decoding=\"async\" width=\"1024\" height=\"683\" src=\"https:\/\/institutfrancais.sk\/wp-content\/uploads\/2023\/08\/1_discours_concerts0002-2-1024x683.jpg\" alt=\"\" data-id=\"28299\" data-full-url=\"https:\/\/institutfrancais.sk\/wp-content\/uploads\/2023\/08\/1_discours_concerts0002-2-scaled.jpg\" data-link=\"https:\/\/institutfrancais.sk\/podujatie\/oslavte-s-nami-dobytie-bastily\/1_discours_concerts0002-2-2\/\" class=\"wp-image-28299\" srcset=\"https:\/\/institutfrancais.sk\/wp-content\/uploads\/2023\/08\/1_discours_concerts0002-2-1024x683.jpg 1024w, https:\/\/institutfrancais.sk\/wp-content\/uploads\/2023\/08\/1_discours_concerts0002-2-300x200.jpg 300w, https:\/\/institutfrancais.sk\/wp-content\/uploads\/2023\/08\/1_discours_concerts0002-2-768x512.jpg 768w, https:\/\/institutfrancais.sk\/wp-content\/uploads\/2023\/08\/1_discours_concerts0002-2-1536x1024.jpg 1536w, https:\/\/institutfrancais.sk\/wp-content\/uploads\/2023\/08\/1_discours_concerts0002-2-2048x1365.jpg 2048w, https:\/\/institutfrancais.sk\/wp-content\/uploads\/2023\/08\/1_discours_concerts0002-2-1190x793.jpg 1190w, https:\/\/institutfrancais.sk\/wp-content\/uploads\/2023\/08\/1_discours_concerts0002-2-1500x1000.jpg 1500w\" sizes=\"(max-width: 1024px) 100vw, 1024px\" \/><\/figure><\/li><li class=\"blocks-gallery-item\"><figure><img loading=\"lazy\" decoding=\"async\" width=\"1024\" height=\"683\" src=\"https:\/\/institutfrancais.sk\/wp-content\/uploads\/2023\/08\/1_discours_concerts0003-2-1024x683.jpg\" alt=\"\" data-id=\"28301\" data-full-url=\"https:\/\/institutfrancais.sk\/wp-content\/uploads\/2023\/08\/1_discours_concerts0003-2-scaled.jpg\" data-link=\"https:\/\/institutfrancais.sk\/podujatie\/oslavte-s-nami-dobytie-bastily\/1_discours_concerts0003-2-2\/\" class=\"wp-image-28301\" srcset=\"https:\/\/institutfrancais.sk\/wp-content\/uploads\/2023\/08\/1_discours_concerts0003-2-1024x683.jpg 1024w, https:\/\/institutfrancais.sk\/wp-content\/uploads\/2023\/08\/1_discours_concerts0003-2-300x200.jpg 300w, https:\/\/institutfrancais.sk\/wp-content\/uploads\/2023\/08\/1_discours_concerts0003-2-768x512.jpg 768w, https:\/\/institutfrancais.sk\/wp-content\/uploads\/2023\/08\/1_discours_concerts0003-2-1536x1024.jpg 1536w, https:\/\/institutfrancais.sk\/wp-content\/uploads\/2023\/08\/1_discours_concerts0003-2-2048x1365.jpg 2048w, https:\/\/institutfrancais.sk\/wp-content\/uploads\/2023\/08\/1_discours_concerts0003-2-1190x793.jpg 1190w, https:\/\/institutfrancais.sk\/wp-content\/uploads\/2023\/08\/1_discours_concerts0003-2-1500x1000.jpg 1500w\" sizes=\"(max-width: 1024px) 100vw, 1024px\" \/><\/figure><\/li><li class=\"blocks-gallery-item\"><figure><img loading=\"lazy\" decoding=\"async\" width=\"1024\" height=\"683\" src=\"https:\/\/institutfrancais.sk\/wp-content\/uploads\/2023\/08\/1_discours_concerts0004-2-1024x683.jpg\" alt=\"\" data-id=\"28303\" data-full-url=\"https:\/\/institutfrancais.sk\/wp-content\/uploads\/2023\/08\/1_discours_concerts0004-2-scaled.jpg\" data-link=\"https:\/\/institutfrancais.sk\/podujatie\/oslavte-s-nami-dobytie-bastily\/1_discours_concerts0004-2-2\/\" class=\"wp-image-28303\" srcset=\"https:\/\/institutfrancais.sk\/wp-content\/uploads\/2023\/08\/1_discours_concerts0004-2-1024x683.jpg 1024w, https:\/\/institutfrancais.sk\/wp-content\/uploads\/2023\/08\/1_discours_concerts0004-2-300x200.jpg 300w, https:\/\/institutfrancais.sk\/wp-content\/uploads\/2023\/08\/1_discours_concerts0004-2-768x512.jpg 768w, https:\/\/institutfrancais.sk\/wp-content\/uploads\/2023\/08\/1_discours_concerts0004-2-1536x1024.jpg 1536w, https:\/\/institutfrancais.sk\/wp-content\/uploads\/2023\/08\/1_discours_concerts0004-2-2048x1365.jpg 2048w, https:\/\/institutfrancais.sk\/wp-content\/uploads\/2023\/08\/1_discours_concerts0004-2-1190x793.jpg 1190w, https:\/\/institutfrancais.sk\/wp-content\/uploads\/2023\/08\/1_discours_concerts0004-2-1500x1000.jpg 1500w\" sizes=\"(max-width: 1024px) 100vw, 1024px\" \/><\/figure><\/li><li class=\"blocks-gallery-item\"><figure><img loading=\"lazy\" decoding=\"async\" width=\"1024\" height=\"683\" src=\"https:\/\/institutfrancais.sk\/wp-content\/uploads\/2023\/08\/1_discours_concerts0005-2-1024x683.jpg\" alt=\"\" data-id=\"28305\" data-full-url=\"https:\/\/institutfrancais.sk\/wp-content\/uploads\/2023\/08\/1_discours_concerts0005-2-scaled.jpg\" data-link=\"https:\/\/institutfrancais.sk\/podujatie\/oslavte-s-nami-dobytie-bastily\/1_discours_concerts0005-2-2\/\" class=\"wp-image-28305\" srcset=\"https:\/\/institutfrancais.sk\/wp-content\/uploads\/2023\/08\/1_discours_concerts0005-2-1024x683.jpg 1024w, https:\/\/institutfrancais.sk\/wp-content\/uploads\/2023\/08\/1_discours_concerts0005-2-300x200.jpg 300w, https:\/\/institutfrancais.sk\/wp-content\/uploads\/2023\/08\/1_discours_concerts0005-2-768x512.jpg 768w, https:\/\/institutfrancais.sk\/wp-content\/uploads\/2023\/08\/1_discours_concerts0005-2-1536x1024.jpg 1536w, https:\/\/institutfrancais.sk\/wp-content\/uploads\/2023\/08\/1_discours_concerts0005-2-2048x1365.jpg 2048w, https:\/\/institutfrancais.sk\/wp-content\/uploads\/2023\/08\/1_discours_concerts0005-2-1190x793.jpg 1190w, https:\/\/institutfrancais.sk\/wp-content\/uploads\/2023\/08\/1_discours_concerts0005-2-1500x1000.jpg 1500w\" sizes=\"(max-width: 1024px) 100vw, 1024px\" \/><\/figure><\/li><li class=\"blocks-gallery-item\"><figure><img loading=\"lazy\" decoding=\"async\" width=\"1024\" height=\"683\" src=\"https:\/\/institutfrancais.sk\/wp-content\/uploads\/2023\/08\/1_discours_concerts0006-2-1024x683.jpg\" alt=\"\" data-id=\"28307\" data-full-url=\"https:\/\/institutfrancais.sk\/wp-content\/uploads\/2023\/08\/1_discours_concerts0006-2-scaled.jpg\" data-link=\"https:\/\/institutfrancais.sk\/podujatie\/oslavte-s-nami-dobytie-bastily\/1_discours_concerts0006-2-2\/\" class=\"wp-image-28307\" srcset=\"https:\/\/institutfrancais.sk\/wp-content\/uploads\/2023\/08\/1_discours_concerts0006-2-1024x683.jpg 1024w, https:\/\/institutfrancais.sk\/wp-content\/uploads\/2023\/08\/1_discours_concerts0006-2-300x200.jpg 300w, https:\/\/institutfrancais.sk\/wp-content\/uploads\/2023\/08\/1_discours_concerts0006-2-768x512.jpg 768w, https:\/\/institutfrancais.sk\/wp-content\/uploads\/2023\/08\/1_discours_concerts0006-2-1536x1024.jpg 1536w, https:\/\/institutfrancais.sk\/wp-content\/uploads\/2023\/08\/1_discours_concerts0006-2-2048x1365.jpg 2048w, https:\/\/institutfrancais.sk\/wp-content\/uploads\/2023\/08\/1_discours_concerts0006-2-1190x793.jpg 1190w, https:\/\/institutfrancais.sk\/wp-content\/uploads\/2023\/08\/1_discours_concerts0006-2-1500x1000.jpg 1500w\" sizes=\"(max-width: 1024px) 100vw, 1024px\" \/><\/figure><\/li><li class=\"blocks-gallery-item\"><figure><img loading=\"lazy\" decoding=\"async\" width=\"1024\" height=\"683\" src=\"https:\/\/institutfrancais.sk\/wp-content\/uploads\/2023\/08\/1_discours_concerts0007-2-1024x683.jpg\" alt=\"\" data-id=\"28309\" data-full-url=\"https:\/\/institutfrancais.sk\/wp-content\/uploads\/2023\/08\/1_discours_concerts0007-2-scaled.jpg\" data-link=\"https:\/\/institutfrancais.sk\/podujatie\/oslavte-s-nami-dobytie-bastily\/1_discours_concerts0007-2-2\/\" class=\"wp-image-28309\" srcset=\"https:\/\/institutfrancais.sk\/wp-content\/uploads\/2023\/08\/1_discours_concerts0007-2-1024x683.jpg 1024w, https:\/\/institutfrancais.sk\/wp-content\/uploads\/2023\/08\/1_discours_concerts0007-2-300x200.jpg 300w, https:\/\/institutfrancais.sk\/wp-content\/uploads\/2023\/08\/1_discours_concerts0007-2-768x512.jpg 768w, https:\/\/institutfrancais.sk\/wp-content\/uploads\/2023\/08\/1_discours_concerts0007-2-1536x1024.jpg 1536w, https:\/\/institutfrancais.sk\/wp-content\/uploads\/2023\/08\/1_discours_concerts0007-2-2048x1365.jpg 2048w, https:\/\/institutfrancais.sk\/wp-content\/uploads\/2023\/08\/1_discours_concerts0007-2-1190x793.jpg 1190w, https:\/\/institutfrancais.sk\/wp-content\/uploads\/2023\/08\/1_discours_concerts0007-2-1500x1000.jpg 1500w\" sizes=\"(max-width: 1024px) 100vw, 1024px\" \/><\/figure><\/li><li class=\"blocks-gallery-item\"><figure><img loading=\"lazy\" decoding=\"async\" width=\"1024\" height=\"683\" src=\"https:\/\/institutfrancais.sk\/wp-content\/uploads\/2023\/08\/1_discours_concerts0008-2-1024x683.jpg\" alt=\"\" data-id=\"28311\" data-full-url=\"https:\/\/institutfrancais.sk\/wp-content\/uploads\/2023\/08\/1_discours_concerts0008-2-scaled.jpg\" data-link=\"https:\/\/institutfrancais.sk\/podujatie\/oslavte-s-nami-dobytie-bastily\/1_discours_concerts0008-2-2\/\" class=\"wp-image-28311\" srcset=\"https:\/\/institutfrancais.sk\/wp-content\/uploads\/2023\/08\/1_discours_concerts0008-2-1024x683.jpg 1024w, https:\/\/institutfrancais.sk\/wp-content\/uploads\/2023\/08\/1_discours_concerts0008-2-300x200.jpg 300w, https:\/\/institutfrancais.sk\/wp-content\/uploads\/2023\/08\/1_discours_concerts0008-2-768x512.jpg 768w, https:\/\/institutfrancais.sk\/wp-content\/uploads\/2023\/08\/1_discours_concerts0008-2-1536x1024.jpg 1536w, https:\/\/institutfrancais.sk\/wp-content\/uploads\/2023\/08\/1_discours_concerts0008-2-2048x1365.jpg 2048w, https:\/\/institutfrancais.sk\/wp-content\/uploads\/2023\/08\/1_discours_concerts0008-2-1190x793.jpg 1190w, https:\/\/institutfrancais.sk\/wp-content\/uploads\/2023\/08\/1_discours_concerts0008-2-1500x1000.jpg 1500w\" sizes=\"(max-width: 1024px) 100vw, 1024px\" \/><\/figure><\/li><li class=\"blocks-gallery-item\"><figure><img loading=\"lazy\" decoding=\"async\" width=\"1024\" height=\"683\" src=\"https:\/\/institutfrancais.sk\/wp-content\/uploads\/2023\/08\/1_discours_concerts0009-2-1024x683.jpg\" alt=\"\" data-id=\"28313\" data-full-url=\"https:\/\/institutfrancais.sk\/wp-content\/uploads\/2023\/08\/1_discours_concerts0009-2-scaled.jpg\" data-link=\"https:\/\/institutfrancais.sk\/podujatie\/oslavte-s-nami-dobytie-bastily\/1_discours_concerts0009-2-2\/\" class=\"wp-image-28313\" srcset=\"https:\/\/institutfrancais.sk\/wp-content\/uploads\/2023\/08\/1_discours_concerts0009-2-1024x683.jpg 1024w, https:\/\/institutfrancais.sk\/wp-content\/uploads\/2023\/08\/1_discours_concerts0009-2-300x200.jpg 300w, https:\/\/institutfrancais.sk\/wp-content\/uploads\/2023\/08\/1_discours_concerts0009-2-768x512.jpg 768w, https:\/\/institutfrancais.sk\/wp-content\/uploads\/2023\/08\/1_discours_concerts0009-2-1536x1024.jpg 1536w, https:\/\/institutfrancais.sk\/wp-content\/uploads\/2023\/08\/1_discours_concerts0009-2-2048x1365.jpg 2048w, https:\/\/institutfrancais.sk\/wp-content\/uploads\/2023\/08\/1_discours_concerts0009-2-1190x793.jpg 1190w, https:\/\/institutfrancais.sk\/wp-content\/uploads\/2023\/08\/1_discours_concerts0009-2-1500x1000.jpg 1500w\" sizes=\"(max-width: 1024px) 100vw, 1024px\" \/><\/figure><\/li><li class=\"blocks-gallery-item\"><figure><img loading=\"lazy\" decoding=\"async\" width=\"1024\" height=\"666\" src=\"https:\/\/institutfrancais.sk\/wp-content\/uploads\/2023\/08\/1_discours_concerts0010-2-1024x666.jpg\" alt=\"\" data-id=\"28315\" data-full-url=\"https:\/\/institutfrancais.sk\/wp-content\/uploads\/2023\/08\/1_discours_concerts0010-2-scaled.jpg\" data-link=\"https:\/\/institutfrancais.sk\/podujatie\/oslavte-s-nami-dobytie-bastily\/1_discours_concerts0010-2-2\/\" class=\"wp-image-28315\" srcset=\"https:\/\/institutfrancais.sk\/wp-content\/uploads\/2023\/08\/1_discours_concerts0010-2-1024x666.jpg 1024w, https:\/\/institutfrancais.sk\/wp-content\/uploads\/2023\/08\/1_discours_concerts0010-2-300x195.jpg 300w, https:\/\/institutfrancais.sk\/wp-content\/uploads\/2023\/08\/1_discours_concerts0010-2-768x499.jpg 768w, https:\/\/institutfrancais.sk\/wp-content\/uploads\/2023\/08\/1_discours_concerts0010-2-1536x999.jpg 1536w, https:\/\/institutfrancais.sk\/wp-content\/uploads\/2023\/08\/1_discours_concerts0010-2-2048x1332.jpg 2048w, https:\/\/institutfrancais.sk\/wp-content\/uploads\/2023\/08\/1_discours_concerts0010-2-1190x774.jpg 1190w, https:\/\/institutfrancais.sk\/wp-content\/uploads\/2023\/08\/1_discours_concerts0010-2-1538x1000.jpg 1538w\" sizes=\"(max-width: 1024px) 100vw, 1024px\" \/><\/figure><\/li><li class=\"blocks-gallery-item\"><figure><img loading=\"lazy\" decoding=\"async\" width=\"1024\" height=\"683\" src=\"https:\/\/institutfrancais.sk\/wp-content\/uploads\/2023\/08\/1_discours_concerts0011-2-1024x683.jpg\" alt=\"\" data-id=\"28317\" data-full-url=\"https:\/\/institutfrancais.sk\/wp-content\/uploads\/2023\/08\/1_discours_concerts0011-2-scaled.jpg\" data-link=\"https:\/\/institutfrancais.sk\/podujatie\/oslavte-s-nami-dobytie-bastily\/1_discours_concerts0011-2-2\/\" class=\"wp-image-28317\" srcset=\"https:\/\/institutfrancais.sk\/wp-content\/uploads\/2023\/08\/1_discours_concerts0011-2-1024x683.jpg 1024w, https:\/\/institutfrancais.sk\/wp-content\/uploads\/2023\/08\/1_discours_concerts0011-2-300x200.jpg 300w, https:\/\/institutfrancais.sk\/wp-content\/uploads\/2023\/08\/1_discours_concerts0011-2-768x512.jpg 768w, https:\/\/institutfrancais.sk\/wp-content\/uploads\/2023\/08\/1_discours_concerts0011-2-1536x1024.jpg 1536w, https:\/\/institutfrancais.sk\/wp-content\/uploads\/2023\/08\/1_discours_concerts0011-2-2048x1365.jpg 2048w, https:\/\/institutfrancais.sk\/wp-content\/uploads\/2023\/08\/1_discours_concerts0011-2-1190x793.jpg 1190w, https:\/\/institutfrancais.sk\/wp-content\/uploads\/2023\/08\/1_discours_concerts0011-2-1500x1000.jpg 1500w\" sizes=\"(max-width: 1024px) 100vw, 1024px\" \/><\/figure><\/li><li class=\"blocks-gallery-item\"><figure><img loading=\"lazy\" decoding=\"async\" width=\"1024\" height=\"683\" src=\"https:\/\/institutfrancais.sk\/wp-content\/uploads\/2023\/08\/1_discours_concerts0012-2-1024x683.jpg\" alt=\"\" data-id=\"28319\" data-full-url=\"https:\/\/institutfrancais.sk\/wp-content\/uploads\/2023\/08\/1_discours_concerts0012-2-scaled.jpg\" data-link=\"https:\/\/institutfrancais.sk\/podujatie\/oslavte-s-nami-dobytie-bastily\/1_discours_concerts0012-2-2\/\" class=\"wp-image-28319\" srcset=\"https:\/\/institutfrancais.sk\/wp-content\/uploads\/2023\/08\/1_discours_concerts0012-2-1024x683.jpg 1024w, https:\/\/institutfrancais.sk\/wp-content\/uploads\/2023\/08\/1_discours_concerts0012-2-300x200.jpg 300w, https:\/\/institutfrancais.sk\/wp-content\/uploads\/2023\/08\/1_discours_concerts0012-2-768x512.jpg 768w, https:\/\/institutfrancais.sk\/wp-content\/uploads\/2023\/08\/1_discours_concerts0012-2-1536x1024.jpg 1536w, https:\/\/institutfrancais.sk\/wp-content\/uploads\/2023\/08\/1_discours_concerts0012-2-2048x1365.jpg 2048w, https:\/\/institutfrancais.sk\/wp-content\/uploads\/2023\/08\/1_discours_concerts0012-2-1190x793.jpg 1190w, https:\/\/institutfrancais.sk\/wp-content\/uploads\/2023\/08\/1_discours_concerts0012-2-1500x1000.jpg 1500w\" sizes=\"(max-width: 1024px) 100vw, 1024px\" \/><\/figure><\/li><li class=\"blocks-gallery-item\"><figure><img loading=\"lazy\" decoding=\"async\" width=\"1024\" height=\"683\" src=\"https:\/\/institutfrancais.sk\/wp-content\/uploads\/2023\/08\/1_discours_concerts0013-2-1024x683.jpg\" alt=\"\" data-id=\"28321\" data-full-url=\"https:\/\/institutfrancais.sk\/wp-content\/uploads\/2023\/08\/1_discours_concerts0013-2-scaled.jpg\" data-link=\"https:\/\/institutfrancais.sk\/podujatie\/oslavte-s-nami-dobytie-bastily\/1_discours_concerts0013-2-2\/\" class=\"wp-image-28321\" srcset=\"https:\/\/institutfrancais.sk\/wp-content\/uploads\/2023\/08\/1_discours_concerts0013-2-1024x683.jpg 1024w, https:\/\/institutfrancais.sk\/wp-content\/uploads\/2023\/08\/1_discours_concerts0013-2-300x200.jpg 300w, https:\/\/institutfrancais.sk\/wp-content\/uploads\/2023\/08\/1_discours_concerts0013-2-768x512.jpg 768w, https:\/\/institutfrancais.sk\/wp-content\/uploads\/2023\/08\/1_discours_concerts0013-2-1536x1024.jpg 1536w, https:\/\/institutfrancais.sk\/wp-content\/uploads\/2023\/08\/1_discours_concerts0013-2-2048x1365.jpg 2048w, https:\/\/institutfrancais.sk\/wp-content\/uploads\/2023\/08\/1_discours_concerts0013-2-1190x793.jpg 1190w, https:\/\/institutfrancais.sk\/wp-content\/uploads\/2023\/08\/1_discours_concerts0013-2-1500x1000.jpg 1500w\" sizes=\"(max-width: 1024px) 100vw, 1024px\" \/><\/figure><\/li><li class=\"blocks-gallery-item\"><figure><img loading=\"lazy\" decoding=\"async\" width=\"1024\" height=\"683\" src=\"https:\/\/institutfrancais.sk\/wp-content\/uploads\/2023\/08\/1_discours_concerts0014-2-1024x683.jpg\" alt=\"\" data-id=\"28323\" data-full-url=\"https:\/\/institutfrancais.sk\/wp-content\/uploads\/2023\/08\/1_discours_concerts0014-2-scaled.jpg\" data-link=\"https:\/\/institutfrancais.sk\/podujatie\/oslavte-s-nami-dobytie-bastily\/1_discours_concerts0014-2-2\/\" class=\"wp-image-28323\" srcset=\"https:\/\/institutfrancais.sk\/wp-content\/uploads\/2023\/08\/1_discours_concerts0014-2-1024x683.jpg 1024w, https:\/\/institutfrancais.sk\/wp-content\/uploads\/2023\/08\/1_discours_concerts0014-2-300x200.jpg 300w, https:\/\/institutfrancais.sk\/wp-content\/uploads\/2023\/08\/1_discours_concerts0014-2-768x512.jpg 768w, https:\/\/institutfrancais.sk\/wp-content\/uploads\/2023\/08\/1_discours_concerts0014-2-1536x1024.jpg 1536w, https:\/\/institutfrancais.sk\/wp-content\/uploads\/2023\/08\/1_discours_concerts0014-2-2048x1365.jpg 2048w, https:\/\/institutfrancais.sk\/wp-content\/uploads\/2023\/08\/1_discours_concerts0014-2-1190x793.jpg 1190w, https:\/\/institutfrancais.sk\/wp-content\/uploads\/2023\/08\/1_discours_concerts0014-2-1500x1000.jpg 1500w\" sizes=\"(max-width: 1024px) 100vw, 1024px\" \/><\/figure><\/li><li class=\"blocks-gallery-item\"><figure><img loading=\"lazy\" decoding=\"async\" width=\"1024\" height=\"683\" src=\"https:\/\/institutfrancais.sk\/wp-content\/uploads\/2023\/08\/1_discours_concerts0015-2-1024x683.jpg\" alt=\"\" data-id=\"28325\" data-full-url=\"https:\/\/institutfrancais.sk\/wp-content\/uploads\/2023\/08\/1_discours_concerts0015-2-scaled.jpg\" data-link=\"https:\/\/institutfrancais.sk\/podujatie\/oslavte-s-nami-dobytie-bastily\/1_discours_concerts0015-2-2\/\" class=\"wp-image-28325\" srcset=\"https:\/\/institutfrancais.sk\/wp-content\/uploads\/2023\/08\/1_discours_concerts0015-2-1024x683.jpg 1024w, https:\/\/institutfrancais.sk\/wp-content\/uploads\/2023\/08\/1_discours_concerts0015-2-300x200.jpg 300w, https:\/\/institutfrancais.sk\/wp-content\/uploads\/2023\/08\/1_discours_concerts0015-2-768x512.jpg 768w, https:\/\/institutfrancais.sk\/wp-content\/uploads\/2023\/08\/1_discours_concerts0015-2-1536x1024.jpg 1536w, https:\/\/institutfrancais.sk\/wp-content\/uploads\/2023\/08\/1_discours_concerts0015-2-2048x1365.jpg 2048w, https:\/\/institutfrancais.sk\/wp-content\/uploads\/2023\/08\/1_discours_concerts0015-2-1190x793.jpg 1190w, https:\/\/institutfrancais.sk\/wp-content\/uploads\/2023\/08\/1_discours_concerts0015-2-1500x1000.jpg 1500w\" sizes=\"(max-width: 1024px) 100vw, 1024px\" \/><\/figure><\/li><li class=\"blocks-gallery-item\"><figure><img loading=\"lazy\" decoding=\"async\" width=\"1024\" height=\"683\" src=\"https:\/\/institutfrancais.sk\/wp-content\/uploads\/2023\/08\/1_discours_concerts0017-2-1024x683.jpg\" alt=\"\" data-id=\"28327\" data-full-url=\"https:\/\/institutfrancais.sk\/wp-content\/uploads\/2023\/08\/1_discours_concerts0017-2-scaled.jpg\" data-link=\"https:\/\/institutfrancais.sk\/podujatie\/oslavte-s-nami-dobytie-bastily\/1_discours_concerts0017-2-2\/\" class=\"wp-image-28327\" srcset=\"https:\/\/institutfrancais.sk\/wp-content\/uploads\/2023\/08\/1_discours_concerts0017-2-1024x683.jpg 1024w, https:\/\/institutfrancais.sk\/wp-content\/uploads\/2023\/08\/1_discours_concerts0017-2-300x200.jpg 300w, https:\/\/institutfrancais.sk\/wp-content\/uploads\/2023\/08\/1_discours_concerts0017-2-768x512.jpg 768w, https:\/\/institutfrancais.sk\/wp-content\/uploads\/2023\/08\/1_discours_concerts0017-2-1536x1024.jpg 1536w, https:\/\/institutfrancais.sk\/wp-content\/uploads\/2023\/08\/1_discours_concerts0017-2-2048x1365.jpg 2048w, https:\/\/institutfrancais.sk\/wp-content\/uploads\/2023\/08\/1_discours_concerts0017-2-1190x793.jpg 1190w, https:\/\/institutfrancais.sk\/wp-content\/uploads\/2023\/08\/1_discours_concerts0017-2-1500x1000.jpg 1500w\" sizes=\"(max-width: 1024px) 100vw, 1024px\" \/><\/figure><\/li><li class=\"blocks-gallery-item\"><figure><img loading=\"lazy\" decoding=\"async\" width=\"1024\" height=\"683\" src=\"https:\/\/institutfrancais.sk\/wp-content\/uploads\/2023\/08\/1_discours_concerts0018-2-1024x683.jpg\" alt=\"\" data-id=\"28329\" data-full-url=\"https:\/\/institutfrancais.sk\/wp-content\/uploads\/2023\/08\/1_discours_concerts0018-2-scaled.jpg\" data-link=\"https:\/\/institutfrancais.sk\/podujatie\/oslavte-s-nami-dobytie-bastily\/1_discours_concerts0018-2-2\/\" class=\"wp-image-28329\" srcset=\"https:\/\/institutfrancais.sk\/wp-content\/uploads\/2023\/08\/1_discours_concerts0018-2-1024x683.jpg 1024w, https:\/\/institutfrancais.sk\/wp-content\/uploads\/2023\/08\/1_discours_concerts0018-2-300x200.jpg 300w, https:\/\/institutfrancais.sk\/wp-content\/uploads\/2023\/08\/1_discours_concerts0018-2-768x512.jpg 768w, https:\/\/institutfrancais.sk\/wp-content\/uploads\/2023\/08\/1_discours_concerts0018-2-1536x1024.jpg 1536w, https:\/\/institutfrancais.sk\/wp-content\/uploads\/2023\/08\/1_discours_concerts0018-2-2048x1365.jpg 2048w, https:\/\/institutfrancais.sk\/wp-content\/uploads\/2023\/08\/1_discours_concerts0018-2-1190x793.jpg 1190w, https:\/\/institutfrancais.sk\/wp-content\/uploads\/2023\/08\/1_discours_concerts0018-2-1500x1000.jpg 1500w\" sizes=\"(max-width: 1024px) 100vw, 1024px\" \/><\/figure><\/li><li class=\"blocks-gallery-item\"><figure><img loading=\"lazy\" decoding=\"async\" width=\"1024\" height=\"683\" src=\"https:\/\/institutfrancais.sk\/wp-content\/uploads\/2023\/08\/1_discours_concerts0020-2-1024x683.jpg\" alt=\"\" data-id=\"28331\" data-full-url=\"https:\/\/institutfrancais.sk\/wp-content\/uploads\/2023\/08\/1_discours_concerts0020-2-scaled.jpg\" data-link=\"https:\/\/institutfrancais.sk\/podujatie\/oslavte-s-nami-dobytie-bastily\/1_discours_concerts0020-2-2\/\" class=\"wp-image-28331\" srcset=\"https:\/\/institutfrancais.sk\/wp-content\/uploads\/2023\/08\/1_discours_concerts0020-2-1024x683.jpg 1024w, https:\/\/institutfrancais.sk\/wp-content\/uploads\/2023\/08\/1_discours_concerts0020-2-300x200.jpg 300w, https:\/\/institutfrancais.sk\/wp-content\/uploads\/2023\/08\/1_discours_concerts0020-2-768x512.jpg 768w, https:\/\/institutfrancais.sk\/wp-content\/uploads\/2023\/08\/1_discours_concerts0020-2-1536x1024.jpg 1536w, https:\/\/institutfrancais.sk\/wp-content\/uploads\/2023\/08\/1_discours_concerts0020-2-2048x1365.jpg 2048w, https:\/\/institutfrancais.sk\/wp-content\/uploads\/2023\/08\/1_discours_concerts0020-2-1190x793.jpg 1190w, https:\/\/institutfrancais.sk\/wp-content\/uploads\/2023\/08\/1_discours_concerts0020-2-1500x1000.jpg 1500w\" sizes=\"(max-width: 1024px) 100vw, 1024px\" \/><\/figure><\/li><li class=\"blocks-gallery-item\"><figure><img loading=\"lazy\" decoding=\"async\" width=\"1024\" height=\"683\" src=\"https:\/\/institutfrancais.sk\/wp-content\/uploads\/2023\/08\/1_discours_concerts0021-2-1024x683.jpg\" alt=\"\" data-id=\"28333\" data-full-url=\"https:\/\/institutfrancais.sk\/wp-content\/uploads\/2023\/08\/1_discours_concerts0021-2-scaled.jpg\" data-link=\"https:\/\/institutfrancais.sk\/podujatie\/oslavte-s-nami-dobytie-bastily\/1_discours_concerts0021-2-2\/\" class=\"wp-image-28333\" srcset=\"https:\/\/institutfrancais.sk\/wp-content\/uploads\/2023\/08\/1_discours_concerts0021-2-1024x683.jpg 1024w, https:\/\/institutfrancais.sk\/wp-content\/uploads\/2023\/08\/1_discours_concerts0021-2-300x200.jpg 300w, https:\/\/institutfrancais.sk\/wp-content\/uploads\/2023\/08\/1_discours_concerts0021-2-768x512.jpg 768w, https:\/\/institutfrancais.sk\/wp-content\/uploads\/2023\/08\/1_discours_concerts0021-2-1536x1024.jpg 1536w, https:\/\/institutfrancais.sk\/wp-content\/uploads\/2023\/08\/1_discours_concerts0021-2-2048x1365.jpg 2048w, https:\/\/institutfrancais.sk\/wp-content\/uploads\/2023\/08\/1_discours_concerts0021-2-1190x793.jpg 1190w, https:\/\/institutfrancais.sk\/wp-content\/uploads\/2023\/08\/1_discours_concerts0021-2-1500x1000.jpg 1500w\" sizes=\"(max-width: 1024px) 100vw, 1024px\" \/><\/figure><\/li><li class=\"blocks-gallery-item\"><figure><img loading=\"lazy\" decoding=\"async\" width=\"1024\" height=\"683\" src=\"https:\/\/institutfrancais.sk\/wp-content\/uploads\/2023\/08\/1_discours_concerts0022-2-1024x683.jpg\" alt=\"\" data-id=\"28335\" data-full-url=\"https:\/\/institutfrancais.sk\/wp-content\/uploads\/2023\/08\/1_discours_concerts0022-2-scaled.jpg\" data-link=\"https:\/\/institutfrancais.sk\/podujatie\/oslavte-s-nami-dobytie-bastily\/1_discours_concerts0022-2-2\/\" class=\"wp-image-28335\" srcset=\"https:\/\/institutfrancais.sk\/wp-content\/uploads\/2023\/08\/1_discours_concerts0022-2-1024x683.jpg 1024w, https:\/\/institutfrancais.sk\/wp-content\/uploads\/2023\/08\/1_discours_concerts0022-2-300x200.jpg 300w, https:\/\/institutfrancais.sk\/wp-content\/uploads\/2023\/08\/1_discours_concerts0022-2-768x512.jpg 768w, https:\/\/institutfrancais.sk\/wp-content\/uploads\/2023\/08\/1_discours_concerts0022-2-1536x1024.jpg 1536w, https:\/\/institutfrancais.sk\/wp-content\/uploads\/2023\/08\/1_discours_concerts0022-2-2048x1365.jpg 2048w, https:\/\/institutfrancais.sk\/wp-content\/uploads\/2023\/08\/1_discours_concerts0022-2-1190x793.jpg 1190w, https:\/\/institutfrancais.sk\/wp-content\/uploads\/2023\/08\/1_discours_concerts0022-2-1500x1000.jpg 1500w\" sizes=\"(max-width: 1024px) 100vw, 1024px\" \/><\/figure><\/li><li class=\"blocks-gallery-item\"><figure><img loading=\"lazy\" decoding=\"async\" width=\"1024\" height=\"683\" src=\"https:\/\/institutfrancais.sk\/wp-content\/uploads\/2023\/08\/1_discours_concerts0023-2-1024x683.jpg\" alt=\"\" data-id=\"28337\" data-full-url=\"https:\/\/institutfrancais.sk\/wp-content\/uploads\/2023\/08\/1_discours_concerts0023-2-scaled.jpg\" data-link=\"https:\/\/institutfrancais.sk\/podujatie\/oslavte-s-nami-dobytie-bastily\/1_discours_concerts0023-2-2\/\" class=\"wp-image-28337\" srcset=\"https:\/\/institutfrancais.sk\/wp-content\/uploads\/2023\/08\/1_discours_concerts0023-2-1024x683.jpg 1024w, https:\/\/institutfrancais.sk\/wp-content\/uploads\/2023\/08\/1_discours_concerts0023-2-300x200.jpg 300w, https:\/\/institutfrancais.sk\/wp-content\/uploads\/2023\/08\/1_discours_concerts0023-2-768x512.jpg 768w, https:\/\/institutfrancais.sk\/wp-content\/uploads\/2023\/08\/1_discours_concerts0023-2-1536x1024.jpg 1536w, https:\/\/institutfrancais.sk\/wp-content\/uploads\/2023\/08\/1_discours_concerts0023-2-2048x1365.jpg 2048w, https:\/\/institutfrancais.sk\/wp-content\/uploads\/2023\/08\/1_discours_concerts0023-2-1190x793.jpg 1190w, https:\/\/institutfrancais.sk\/wp-content\/uploads\/2023\/08\/1_discours_concerts0023-2-1500x1000.jpg 1500w\" sizes=\"(max-width: 1024px) 100vw, 1024px\" \/><\/figure><\/li><li class=\"blocks-gallery-item\"><figure><img loading=\"lazy\" decoding=\"async\" width=\"1024\" height=\"683\" src=\"https:\/\/institutfrancais.sk\/wp-content\/uploads\/2023\/08\/1_discours_concerts0024-2-1024x683.jpg\" alt=\"\" data-id=\"28339\" data-full-url=\"https:\/\/institutfrancais.sk\/wp-content\/uploads\/2023\/08\/1_discours_concerts0024-2-scaled.jpg\" data-link=\"https:\/\/institutfrancais.sk\/podujatie\/oslavte-s-nami-dobytie-bastily\/1_discours_concerts0024-2-2\/\" class=\"wp-image-28339\" srcset=\"https:\/\/institutfrancais.sk\/wp-content\/uploads\/2023\/08\/1_discours_concerts0024-2-1024x683.jpg 1024w, https:\/\/institutfrancais.sk\/wp-content\/uploads\/2023\/08\/1_discours_concerts0024-2-300x200.jpg 300w, https:\/\/institutfrancais.sk\/wp-content\/uploads\/2023\/08\/1_discours_concerts0024-2-768x512.jpg 768w, https:\/\/institutfrancais.sk\/wp-content\/uploads\/2023\/08\/1_discours_concerts0024-2-1536x1024.jpg 1536w, https:\/\/institutfrancais.sk\/wp-content\/uploads\/2023\/08\/1_discours_concerts0024-2-2048x1365.jpg 2048w, https:\/\/institutfrancais.sk\/wp-content\/uploads\/2023\/08\/1_discours_concerts0024-2-1190x793.jpg 1190w, https:\/\/institutfrancais.sk\/wp-content\/uploads\/2023\/08\/1_discours_concerts0024-2-1500x1000.jpg 1500w\" sizes=\"(max-width: 1024px) 100vw, 1024px\" \/><\/figure><\/li><li class=\"blocks-gallery-item\"><figure><img loading=\"lazy\" decoding=\"async\" width=\"1024\" height=\"683\" src=\"https:\/\/institutfrancais.sk\/wp-content\/uploads\/2023\/08\/1_discours_concerts0025-2-1024x683.jpg\" alt=\"\" data-id=\"28341\" data-full-url=\"https:\/\/institutfrancais.sk\/wp-content\/uploads\/2023\/08\/1_discours_concerts0025-2-scaled.jpg\" data-link=\"https:\/\/institutfrancais.sk\/podujatie\/oslavte-s-nami-dobytie-bastily\/1_discours_concerts0025-2-2\/\" class=\"wp-image-28341\" srcset=\"https:\/\/institutfrancais.sk\/wp-content\/uploads\/2023\/08\/1_discours_concerts0025-2-1024x683.jpg 1024w, https:\/\/institutfrancais.sk\/wp-content\/uploads\/2023\/08\/1_discours_concerts0025-2-300x200.jpg 300w, https:\/\/institutfrancais.sk\/wp-content\/uploads\/2023\/08\/1_discours_concerts0025-2-768x512.jpg 768w, https:\/\/institutfrancais.sk\/wp-content\/uploads\/2023\/08\/1_discours_concerts0025-2-1536x1024.jpg 1536w, https:\/\/institutfrancais.sk\/wp-content\/uploads\/2023\/08\/1_discours_concerts0025-2-2048x1365.jpg 2048w, https:\/\/institutfrancais.sk\/wp-content\/uploads\/2023\/08\/1_discours_concerts0025-2-1190x793.jpg 1190w, https:\/\/institutfrancais.sk\/wp-content\/uploads\/2023\/08\/1_discours_concerts0025-2-1500x1000.jpg 1500w\" sizes=\"(max-width: 1024px) 100vw, 1024px\" \/><\/figure><\/li><li class=\"blocks-gallery-item\"><figure><img loading=\"lazy\" decoding=\"async\" width=\"1024\" height=\"683\" src=\"https:\/\/institutfrancais.sk\/wp-content\/uploads\/2023\/08\/1_discours_concerts0026-2-1024x683.jpg\" alt=\"\" data-id=\"28343\" data-full-url=\"https:\/\/institutfrancais.sk\/wp-content\/uploads\/2023\/08\/1_discours_concerts0026-2-scaled.jpg\" data-link=\"https:\/\/institutfrancais.sk\/podujatie\/oslavte-s-nami-dobytie-bastily\/1_discours_concerts0026-2-2\/\" class=\"wp-image-28343\" srcset=\"https:\/\/institutfrancais.sk\/wp-content\/uploads\/2023\/08\/1_discours_concerts0026-2-1024x683.jpg 1024w, https:\/\/institutfrancais.sk\/wp-content\/uploads\/2023\/08\/1_discours_concerts0026-2-300x200.jpg 300w, https:\/\/institutfrancais.sk\/wp-content\/uploads\/2023\/08\/1_discours_concerts0026-2-768x512.jpg 768w, https:\/\/institutfrancais.sk\/wp-content\/uploads\/2023\/08\/1_discours_concerts0026-2-1536x1024.jpg 1536w, https:\/\/institutfrancais.sk\/wp-content\/uploads\/2023\/08\/1_discours_concerts0026-2-2048x1365.jpg 2048w, https:\/\/institutfrancais.sk\/wp-content\/uploads\/2023\/08\/1_discours_concerts0026-2-1190x793.jpg 1190w, https:\/\/institutfrancais.sk\/wp-content\/uploads\/2023\/08\/1_discours_concerts0026-2-1500x1000.jpg 1500w\" sizes=\"(max-width: 1024px) 100vw, 1024px\" \/><\/figure><\/li><li class=\"blocks-gallery-item\"><figure><img loading=\"lazy\" decoding=\"async\" width=\"1024\" height=\"683\" src=\"https:\/\/institutfrancais.sk\/wp-content\/uploads\/2023\/08\/1_discours_concerts0027-2-1024x683.jpg\" alt=\"\" data-id=\"28345\" data-full-url=\"https:\/\/institutfrancais.sk\/wp-content\/uploads\/2023\/08\/1_discours_concerts0027-2-scaled.jpg\" data-link=\"https:\/\/institutfrancais.sk\/podujatie\/oslavte-s-nami-dobytie-bastily\/1_discours_concerts0027-2-2\/\" class=\"wp-image-28345\" srcset=\"https:\/\/institutfrancais.sk\/wp-content\/uploads\/2023\/08\/1_discours_concerts0027-2-1024x683.jpg 1024w, https:\/\/institutfrancais.sk\/wp-content\/uploads\/2023\/08\/1_discours_concerts0027-2-300x200.jpg 300w, https:\/\/institutfrancais.sk\/wp-content\/uploads\/2023\/08\/1_discours_concerts0027-2-768x512.jpg 768w, https:\/\/institutfrancais.sk\/wp-content\/uploads\/2023\/08\/1_discours_concerts0027-2-1536x1024.jpg 1536w, https:\/\/institutfrancais.sk\/wp-content\/uploads\/2023\/08\/1_discours_concerts0027-2-2048x1365.jpg 2048w, https:\/\/institutfrancais.sk\/wp-content\/uploads\/2023\/08\/1_discours_concerts0027-2-1190x793.jpg 1190w, https:\/\/institutfrancais.sk\/wp-content\/uploads\/2023\/08\/1_discours_concerts0027-2-1500x1000.jpg 1500w\" sizes=\"(max-width: 1024px) 100vw, 1024px\" \/><\/figure><\/li><li class=\"blocks-gallery-item\"><figure><img loading=\"lazy\" decoding=\"async\" width=\"1024\" height=\"683\" src=\"https:\/\/institutfrancais.sk\/wp-content\/uploads\/2023\/08\/1_discours_concerts0028-2-1024x683.jpg\" alt=\"\" data-id=\"28347\" data-full-url=\"https:\/\/institutfrancais.sk\/wp-content\/uploads\/2023\/08\/1_discours_concerts0028-2-scaled.jpg\" data-link=\"https:\/\/institutfrancais.sk\/podujatie\/oslavte-s-nami-dobytie-bastily\/1_discours_concerts0028-2-2\/\" class=\"wp-image-28347\" srcset=\"https:\/\/institutfrancais.sk\/wp-content\/uploads\/2023\/08\/1_discours_concerts0028-2-1024x683.jpg 1024w, https:\/\/institutfrancais.sk\/wp-content\/uploads\/2023\/08\/1_discours_concerts0028-2-300x200.jpg 300w, https:\/\/institutfrancais.sk\/wp-content\/uploads\/2023\/08\/1_discours_concerts0028-2-768x512.jpg 768w, https:\/\/institutfrancais.sk\/wp-content\/uploads\/2023\/08\/1_discours_concerts0028-2-1536x1024.jpg 1536w, https:\/\/institutfrancais.sk\/wp-content\/uploads\/2023\/08\/1_discours_concerts0028-2-2048x1365.jpg 2048w, https:\/\/institutfrancais.sk\/wp-content\/uploads\/2023\/08\/1_discours_concerts0028-2-1190x793.jpg 1190w, https:\/\/institutfrancais.sk\/wp-content\/uploads\/2023\/08\/1_discours_concerts0028-2-1500x1000.jpg 1500w\" sizes=\"(max-width: 1024px) 100vw, 1024px\" \/><\/figure><\/li><li class=\"blocks-gallery-item\"><figure><img loading=\"lazy\" decoding=\"async\" width=\"1024\" height=\"683\" src=\"https:\/\/institutfrancais.sk\/wp-content\/uploads\/2023\/08\/1_discours_concerts0032-1-1024x683.jpg\" alt=\"\" data-id=\"28349\" data-full-url=\"https:\/\/institutfrancais.sk\/wp-content\/uploads\/2023\/08\/1_discours_concerts0032-1-scaled.jpg\" data-link=\"https:\/\/institutfrancais.sk\/podujatie\/oslavte-s-nami-dobytie-bastily\/1_discours_concerts0032-1\/\" class=\"wp-image-28349\" srcset=\"https:\/\/institutfrancais.sk\/wp-content\/uploads\/2023\/08\/1_discours_concerts0032-1-1024x683.jpg 1024w, https:\/\/institutfrancais.sk\/wp-content\/uploads\/2023\/08\/1_discours_concerts0032-1-300x200.jpg 300w, https:\/\/institutfrancais.sk\/wp-content\/uploads\/2023\/08\/1_discours_concerts0032-1-768x512.jpg 768w, https:\/\/institutfrancais.sk\/wp-content\/uploads\/2023\/08\/1_discours_concerts0032-1-1536x1024.jpg 1536w, https:\/\/institutfrancais.sk\/wp-content\/uploads\/2023\/08\/1_discours_concerts0032-1-2048x1365.jpg 2048w, https:\/\/institutfrancais.sk\/wp-content\/uploads\/2023\/08\/1_discours_concerts0032-1-1190x793.jpg 1190w, https:\/\/institutfrancais.sk\/wp-content\/uploads\/2023\/08\/1_discours_concerts0032-1-1500x1000.jpg 1500w\" sizes=\"(max-width: 1024px) 100vw, 1024px\" \/><\/figure><\/li><li class=\"blocks-gallery-item\"><figure><img loading=\"lazy\" decoding=\"async\" width=\"1024\" height=\"683\" src=\"https:\/\/institutfrancais.sk\/wp-content\/uploads\/2023\/08\/1_discours_concerts0047-1-1024x683.jpg\" alt=\"\" data-id=\"28351\" data-full-url=\"https:\/\/institutfrancais.sk\/wp-content\/uploads\/2023\/08\/1_discours_concerts0047-1-scaled.jpg\" data-link=\"https:\/\/institutfrancais.sk\/podujatie\/oslavte-s-nami-dobytie-bastily\/1_discours_concerts0047-1\/\" class=\"wp-image-28351\" srcset=\"https:\/\/institutfrancais.sk\/wp-content\/uploads\/2023\/08\/1_discours_concerts0047-1-1024x683.jpg 1024w, https:\/\/institutfrancais.sk\/wp-content\/uploads\/2023\/08\/1_discours_concerts0047-1-300x200.jpg 300w, https:\/\/institutfrancais.sk\/wp-content\/uploads\/2023\/08\/1_discours_concerts0047-1-768x512.jpg 768w, https:\/\/institutfrancais.sk\/wp-content\/uploads\/2023\/08\/1_discours_concerts0047-1-1536x1024.jpg 1536w, https:\/\/institutfrancais.sk\/wp-content\/uploads\/2023\/08\/1_discours_concerts0047-1-2048x1365.jpg 2048w, https:\/\/institutfrancais.sk\/wp-content\/uploads\/2023\/08\/1_discours_concerts0047-1-1190x793.jpg 1190w, https:\/\/institutfrancais.sk\/wp-content\/uploads\/2023\/08\/1_discours_concerts0047-1-1500x1000.jpg 1500w\" sizes=\"(max-width: 1024px) 100vw, 1024px\" \/><\/figure><\/li><li class=\"blocks-gallery-item\"><figure><img loading=\"lazy\" decoding=\"async\" width=\"1024\" height=\"683\" src=\"https:\/\/institutfrancais.sk\/wp-content\/uploads\/2023\/08\/1_discours_concerts0049-1-1024x683.jpg\" alt=\"\" data-id=\"28353\" data-full-url=\"https:\/\/institutfrancais.sk\/wp-content\/uploads\/2023\/08\/1_discours_concerts0049-1-scaled.jpg\" data-link=\"https:\/\/institutfrancais.sk\/podujatie\/oslavte-s-nami-dobytie-bastily\/1_discours_concerts0049-1\/\" class=\"wp-image-28353\" srcset=\"https:\/\/institutfrancais.sk\/wp-content\/uploads\/2023\/08\/1_discours_concerts0049-1-1024x683.jpg 1024w, https:\/\/institutfrancais.sk\/wp-content\/uploads\/2023\/08\/1_discours_concerts0049-1-300x200.jpg 300w, https:\/\/institutfrancais.sk\/wp-content\/uploads\/2023\/08\/1_discours_concerts0049-1-768x512.jpg 768w, https:\/\/institutfrancais.sk\/wp-content\/uploads\/2023\/08\/1_discours_concerts0049-1-1536x1024.jpg 1536w, https:\/\/institutfrancais.sk\/wp-content\/uploads\/2023\/08\/1_discours_concerts0049-1-2048x1365.jpg 2048w, https:\/\/institutfrancais.sk\/wp-content\/uploads\/2023\/08\/1_discours_concerts0049-1-1190x793.jpg 1190w, https:\/\/institutfrancais.sk\/wp-content\/uploads\/2023\/08\/1_discours_concerts0049-1-1500x1000.jpg 1500w\" sizes=\"(max-width: 1024px) 100vw, 1024px\" \/><\/figure><\/li><li class=\"blocks-gallery-item\"><figure><img loading=\"lazy\" decoding=\"async\" width=\"1024\" height=\"683\" src=\"https:\/\/institutfrancais.sk\/wp-content\/uploads\/2023\/08\/1_discours_concerts0061-1-1024x683.jpg\" alt=\"\" data-id=\"28355\" data-full-url=\"https:\/\/institutfrancais.sk\/wp-content\/uploads\/2023\/08\/1_discours_concerts0061-1-scaled.jpg\" data-link=\"https:\/\/institutfrancais.sk\/podujatie\/oslavte-s-nami-dobytie-bastily\/1_discours_concerts0061-1\/\" class=\"wp-image-28355\" srcset=\"https:\/\/institutfrancais.sk\/wp-content\/uploads\/2023\/08\/1_discours_concerts0061-1-1024x683.jpg 1024w, https:\/\/institutfrancais.sk\/wp-content\/uploads\/2023\/08\/1_discours_concerts0061-1-300x200.jpg 300w, https:\/\/institutfrancais.sk\/wp-content\/uploads\/2023\/08\/1_discours_concerts0061-1-768x512.jpg 768w, https:\/\/institutfrancais.sk\/wp-content\/uploads\/2023\/08\/1_discours_concerts0061-1-1536x1024.jpg 1536w, https:\/\/institutfrancais.sk\/wp-content\/uploads\/2023\/08\/1_discours_concerts0061-1-2048x1365.jpg 2048w, https:\/\/institutfrancais.sk\/wp-content\/uploads\/2023\/08\/1_discours_concerts0061-1-1190x793.jpg 1190w, https:\/\/institutfrancais.sk\/wp-content\/uploads\/2023\/08\/1_discours_concerts0061-1-1500x1000.jpg 1500w\" sizes=\"(max-width: 1024px) 100vw, 1024px\" \/><\/figure><\/li><li class=\"blocks-gallery-item\"><figure><img loading=\"lazy\" decoding=\"async\" width=\"1024\" height=\"683\" src=\"https:\/\/institutfrancais.sk\/wp-content\/uploads\/2023\/08\/1_discours_concerts0062-1024x683.jpg\" alt=\"\" data-id=\"28357\" data-full-url=\"https:\/\/institutfrancais.sk\/wp-content\/uploads\/2023\/08\/1_discours_concerts0062-scaled.jpg\" data-link=\"https:\/\/institutfrancais.sk\/podujatie\/oslavte-s-nami-dobytie-bastily\/1_discours_concerts0062\/\" class=\"wp-image-28357\" srcset=\"https:\/\/institutfrancais.sk\/wp-content\/uploads\/2023\/08\/1_discours_concerts0062-1024x683.jpg 1024w, https:\/\/institutfrancais.sk\/wp-content\/uploads\/2023\/08\/1_discours_concerts0062-300x200.jpg 300w, https:\/\/institutfrancais.sk\/wp-content\/uploads\/2023\/08\/1_discours_concerts0062-768x512.jpg 768w, https:\/\/institutfrancais.sk\/wp-content\/uploads\/2023\/08\/1_discours_concerts0062-1536x1024.jpg 1536w, https:\/\/institutfrancais.sk\/wp-content\/uploads\/2023\/08\/1_discours_concerts0062-2048x1365.jpg 2048w, https:\/\/institutfrancais.sk\/wp-content\/uploads\/2023\/08\/1_discours_concerts0062-1190x793.jpg 1190w, https:\/\/institutfrancais.sk\/wp-content\/uploads\/2023\/08\/1_discours_concerts0062-1500x1000.jpg 1500w\" sizes=\"(max-width: 1024px) 100vw, 1024px\" \/><\/figure><\/li><li class=\"blocks-gallery-item\"><figure><img loading=\"lazy\" decoding=\"async\" width=\"683\" height=\"1024\" src=\"https:\/\/institutfrancais.sk\/wp-content\/uploads\/2023\/08\/1_discours_concerts0068-683x1024.jpg\" alt=\"\" data-id=\"28359\" data-full-url=\"https:\/\/institutfrancais.sk\/wp-content\/uploads\/2023\/08\/1_discours_concerts0068-scaled.jpg\" data-link=\"https:\/\/institutfrancais.sk\/podujatie\/oslavte-s-nami-dobytie-bastily\/1_discours_concerts0068\/\" class=\"wp-image-28359\" srcset=\"https:\/\/institutfrancais.sk\/wp-content\/uploads\/2023\/08\/1_discours_concerts0068-683x1024.jpg 683w, https:\/\/institutfrancais.sk\/wp-content\/uploads\/2023\/08\/1_discours_concerts0068-200x300.jpg 200w, https:\/\/institutfrancais.sk\/wp-content\/uploads\/2023\/08\/1_discours_concerts0068-768x1152.jpg 768w, https:\/\/institutfrancais.sk\/wp-content\/uploads\/2023\/08\/1_discours_concerts0068-1024x1536.jpg 1024w, https:\/\/institutfrancais.sk\/wp-content\/uploads\/2023\/08\/1_discours_concerts0068-1365x2048.jpg 1365w, https:\/\/institutfrancais.sk\/wp-content\/uploads\/2023\/08\/1_discours_concerts0068-667x1000.jpg 667w, https:\/\/institutfrancais.sk\/wp-content\/uploads\/2023\/08\/1_discours_concerts0068-scaled.jpg 1706w\" sizes=\"(max-width: 683px) 100vw, 683px\" \/><\/figure><\/li><li class=\"blocks-gallery-item\"><figure><img loading=\"lazy\" decoding=\"async\" width=\"683\" height=\"1024\" src=\"https:\/\/institutfrancais.sk\/wp-content\/uploads\/2023\/08\/1_discours_concerts0069-683x1024.jpg\" alt=\"\" data-id=\"28361\" data-full-url=\"https:\/\/institutfrancais.sk\/wp-content\/uploads\/2023\/08\/1_discours_concerts0069-scaled.jpg\" data-link=\"https:\/\/institutfrancais.sk\/podujatie\/oslavte-s-nami-dobytie-bastily\/1_discours_concerts0069\/\" class=\"wp-image-28361\" srcset=\"https:\/\/institutfrancais.sk\/wp-content\/uploads\/2023\/08\/1_discours_concerts0069-683x1024.jpg 683w, https:\/\/institutfrancais.sk\/wp-content\/uploads\/2023\/08\/1_discours_concerts0069-200x300.jpg 200w, https:\/\/institutfrancais.sk\/wp-content\/uploads\/2023\/08\/1_discours_concerts0069-768x1152.jpg 768w, https:\/\/institutfrancais.sk\/wp-content\/uploads\/2023\/08\/1_discours_concerts0069-1024x1536.jpg 1024w, https:\/\/institutfrancais.sk\/wp-content\/uploads\/2023\/08\/1_discours_concerts0069-1365x2048.jpg 1365w, https:\/\/institutfrancais.sk\/wp-content\/uploads\/2023\/08\/1_discours_concerts0069-667x1000.jpg 667w, https:\/\/institutfrancais.sk\/wp-content\/uploads\/2023\/08\/1_discours_concerts0069-scaled.jpg 1707w\" sizes=\"(max-width: 683px) 100vw, 683px\" \/><\/figure><\/li><\/ul><\/figure>\n\n\n\n<p>Concerts<\/p>\n\n\n\n<figure class=\"wp-block-embed is-type-video is-provider-youtube wp-block-embed-youtube wp-embed-aspect-16-9 wp-has-aspect-ratio\"><div class=\"wp-block-embed__wrapper\">\n<iframe loading=\"lazy\" title=\"Franc\u00fazsky de\u0148 \/ 14 JUILLET 2023\" width=\"500\" height=\"281\" src=\"https:\/\/www.youtube.com\/embed\/Gq5B4k6DdOM?feature=oembed\" frameborder=\"0\" allow=\"accelerometer; autoplay; clipboard-write; encrypted-media; gyroscope; picture-in-picture; web-share\" referrerpolicy=\"strict-origin-when-cross-origin\" allowfullscreen><\/iframe>\n<\/div><figcaption>Franc\u00fazsky de\u0148 2023<\/figcaption><\/figure>\n\n\n\n<p>Lucia Bujnov\u00e1 avec son groupe<\/p>\n\n\n\n<figure class=\"wp-block-gallery columns-3 is-cropped wp-block-gallery-2 is-layout-flex wp-block-gallery-is-layout-flex\"><ul class=\"blocks-gallery-grid\"><li class=\"blocks-gallery-item\"><figure><img loading=\"lazy\" decoding=\"async\" width=\"1024\" height=\"683\" src=\"https:\/\/institutfrancais.sk\/wp-content\/uploads\/2023\/08\/1_discours_concerts0072-1024x683.jpg\" alt=\"\" data-id=\"28178\" data-full-url=\"https:\/\/institutfrancais.sk\/wp-content\/uploads\/2023\/08\/1_discours_concerts0072-scaled.jpg\" data-link=\"https:\/\/institutfrancais.sk\/podujatie\/oslavte-s-nami-dobytie-bastily\/1_discours_concerts0072\/\" class=\"wp-image-28178\" srcset=\"https:\/\/institutfrancais.sk\/wp-content\/uploads\/2023\/08\/1_discours_concerts0072-1024x683.jpg 1024w, https:\/\/institutfrancais.sk\/wp-content\/uploads\/2023\/08\/1_discours_concerts0072-300x200.jpg 300w, https:\/\/institutfrancais.sk\/wp-content\/uploads\/2023\/08\/1_discours_concerts0072-768x512.jpg 768w, https:\/\/institutfrancais.sk\/wp-content\/uploads\/2023\/08\/1_discours_concerts0072-1536x1024.jpg 1536w, https:\/\/institutfrancais.sk\/wp-content\/uploads\/2023\/08\/1_discours_concerts0072-2048x1365.jpg 2048w, https:\/\/institutfrancais.sk\/wp-content\/uploads\/2023\/08\/1_discours_concerts0072-1190x793.jpg 1190w, https:\/\/institutfrancais.sk\/wp-content\/uploads\/2023\/08\/1_discours_concerts0072-1500x1000.jpg 1500w\" sizes=\"(max-width: 1024px) 100vw, 1024px\" \/><\/figure><\/li><li class=\"blocks-gallery-item\"><figure><img loading=\"lazy\" decoding=\"async\" width=\"1024\" height=\"683\" src=\"https:\/\/institutfrancais.sk\/wp-content\/uploads\/2023\/08\/1_discours_concerts0073-1024x683.jpg\" alt=\"\" data-id=\"28180\" data-full-url=\"https:\/\/institutfrancais.sk\/wp-content\/uploads\/2023\/08\/1_discours_concerts0073-scaled.jpg\" data-link=\"https:\/\/institutfrancais.sk\/podujatie\/oslavte-s-nami-dobytie-bastily\/1_discours_concerts0073\/\" class=\"wp-image-28180\" srcset=\"https:\/\/institutfrancais.sk\/wp-content\/uploads\/2023\/08\/1_discours_concerts0073-1024x683.jpg 1024w, https:\/\/institutfrancais.sk\/wp-content\/uploads\/2023\/08\/1_discours_concerts0073-300x200.jpg 300w, https:\/\/institutfrancais.sk\/wp-content\/uploads\/2023\/08\/1_discours_concerts0073-768x512.jpg 768w, https:\/\/institutfrancais.sk\/wp-content\/uploads\/2023\/08\/1_discours_concerts0073-1536x1024.jpg 1536w, https:\/\/institutfrancais.sk\/wp-content\/uploads\/2023\/08\/1_discours_concerts0073-2048x1365.jpg 2048w, https:\/\/institutfrancais.sk\/wp-content\/uploads\/2023\/08\/1_discours_concerts0073-1190x793.jpg 1190w, https:\/\/institutfrancais.sk\/wp-content\/uploads\/2023\/08\/1_discours_concerts0073-1500x1000.jpg 1500w\" sizes=\"(max-width: 1024px) 100vw, 1024px\" \/><\/figure><\/li><li class=\"blocks-gallery-item\"><figure><img loading=\"lazy\" decoding=\"async\" width=\"1024\" height=\"683\" src=\"https:\/\/institutfrancais.sk\/wp-content\/uploads\/2023\/08\/1_discours_concerts0074-1024x683.jpg\" alt=\"\" data-id=\"28182\" data-full-url=\"https:\/\/institutfrancais.sk\/wp-content\/uploads\/2023\/08\/1_discours_concerts0074-scaled.jpg\" data-link=\"https:\/\/institutfrancais.sk\/podujatie\/oslavte-s-nami-dobytie-bastily\/1_discours_concerts0074\/\" class=\"wp-image-28182\" srcset=\"https:\/\/institutfrancais.sk\/wp-content\/uploads\/2023\/08\/1_discours_concerts0074-1024x683.jpg 1024w, https:\/\/institutfrancais.sk\/wp-content\/uploads\/2023\/08\/1_discours_concerts0074-300x200.jpg 300w, https:\/\/institutfrancais.sk\/wp-content\/uploads\/2023\/08\/1_discours_concerts0074-768x512.jpg 768w, https:\/\/institutfrancais.sk\/wp-content\/uploads\/2023\/08\/1_discours_concerts0074-1536x1024.jpg 1536w, https:\/\/institutfrancais.sk\/wp-content\/uploads\/2023\/08\/1_discours_concerts0074-2048x1365.jpg 2048w, https:\/\/institutfrancais.sk\/wp-content\/uploads\/2023\/08\/1_discours_concerts0074-1190x793.jpg 1190w, https:\/\/institutfrancais.sk\/wp-content\/uploads\/2023\/08\/1_discours_concerts0074-1500x1000.jpg 1500w\" sizes=\"(max-width: 1024px) 100vw, 1024px\" \/><\/figure><\/li><li class=\"blocks-gallery-item\"><figure><img loading=\"lazy\" decoding=\"async\" width=\"1024\" height=\"683\" src=\"https:\/\/institutfrancais.sk\/wp-content\/uploads\/2023\/08\/1_discours_concerts0075-1024x683.jpg\" alt=\"\" data-id=\"28184\" data-full-url=\"https:\/\/institutfrancais.sk\/wp-content\/uploads\/2023\/08\/1_discours_concerts0075-scaled.jpg\" data-link=\"https:\/\/institutfrancais.sk\/podujatie\/oslavte-s-nami-dobytie-bastily\/1_discours_concerts0075\/\" class=\"wp-image-28184\" srcset=\"https:\/\/institutfrancais.sk\/wp-content\/uploads\/2023\/08\/1_discours_concerts0075-1024x683.jpg 1024w, https:\/\/institutfrancais.sk\/wp-content\/uploads\/2023\/08\/1_discours_concerts0075-300x200.jpg 300w, https:\/\/institutfrancais.sk\/wp-content\/uploads\/2023\/08\/1_discours_concerts0075-768x512.jpg 768w, https:\/\/institutfrancais.sk\/wp-content\/uploads\/2023\/08\/1_discours_concerts0075-1536x1024.jpg 1536w, https:\/\/institutfrancais.sk\/wp-content\/uploads\/2023\/08\/1_discours_concerts0075-2048x1365.jpg 2048w, https:\/\/institutfrancais.sk\/wp-content\/uploads\/2023\/08\/1_discours_concerts0075-1190x793.jpg 1190w, https:\/\/institutfrancais.sk\/wp-content\/uploads\/2023\/08\/1_discours_concerts0075-1500x1000.jpg 1500w\" sizes=\"(max-width: 1024px) 100vw, 1024px\" \/><\/figure><\/li><li class=\"blocks-gallery-item\"><figure><img loading=\"lazy\" decoding=\"async\" width=\"1024\" height=\"683\" src=\"https:\/\/institutfrancais.sk\/wp-content\/uploads\/2023\/08\/1_discours_concerts0076-1024x683.jpg\" alt=\"\" data-id=\"28187\" data-full-url=\"https:\/\/institutfrancais.sk\/wp-content\/uploads\/2023\/08\/1_discours_concerts0076-scaled.jpg\" data-link=\"https:\/\/institutfrancais.sk\/podujatie\/oslavte-s-nami-dobytie-bastily\/1_discours_concerts0076\/\" class=\"wp-image-28187\" srcset=\"https:\/\/institutfrancais.sk\/wp-content\/uploads\/2023\/08\/1_discours_concerts0076-1024x683.jpg 1024w, https:\/\/institutfrancais.sk\/wp-content\/uploads\/2023\/08\/1_discours_concerts0076-300x200.jpg 300w, https:\/\/institutfrancais.sk\/wp-content\/uploads\/2023\/08\/1_discours_concerts0076-768x512.jpg 768w, https:\/\/institutfrancais.sk\/wp-content\/uploads\/2023\/08\/1_discours_concerts0076-1536x1024.jpg 1536w, https:\/\/institutfrancais.sk\/wp-content\/uploads\/2023\/08\/1_discours_concerts0076-2048x1365.jpg 2048w, https:\/\/institutfrancais.sk\/wp-content\/uploads\/2023\/08\/1_discours_concerts0076-1190x793.jpg 1190w, https:\/\/institutfrancais.sk\/wp-content\/uploads\/2023\/08\/1_discours_concerts0076-1500x1000.jpg 1500w\" sizes=\"(max-width: 1024px) 100vw, 1024px\" \/><\/figure><\/li><li class=\"blocks-gallery-item\"><figure><img loading=\"lazy\" decoding=\"async\" width=\"1024\" height=\"683\" src=\"https:\/\/institutfrancais.sk\/wp-content\/uploads\/2023\/08\/1_discours_concerts0077-1024x683.jpg\" alt=\"\" data-id=\"28189\" data-full-url=\"https:\/\/institutfrancais.sk\/wp-content\/uploads\/2023\/08\/1_discours_concerts0077-scaled.jpg\" data-link=\"https:\/\/institutfrancais.sk\/podujatie\/oslavte-s-nami-dobytie-bastily\/1_discours_concerts0077\/\" class=\"wp-image-28189\" srcset=\"https:\/\/institutfrancais.sk\/wp-content\/uploads\/2023\/08\/1_discours_concerts0077-1024x683.jpg 1024w, https:\/\/institutfrancais.sk\/wp-content\/uploads\/2023\/08\/1_discours_concerts0077-300x200.jpg 300w, https:\/\/institutfrancais.sk\/wp-content\/uploads\/2023\/08\/1_discours_concerts0077-768x512.jpg 768w, https:\/\/institutfrancais.sk\/wp-content\/uploads\/2023\/08\/1_discours_concerts0077-1536x1024.jpg 1536w, https:\/\/institutfrancais.sk\/wp-content\/uploads\/2023\/08\/1_discours_concerts0077-2048x1365.jpg 2048w, https:\/\/institutfrancais.sk\/wp-content\/uploads\/2023\/08\/1_discours_concerts0077-1190x793.jpg 1190w, https:\/\/institutfrancais.sk\/wp-content\/uploads\/2023\/08\/1_discours_concerts0077-1500x1000.jpg 1500w\" sizes=\"(max-width: 1024px) 100vw, 1024px\" \/><\/figure><\/li><li class=\"blocks-gallery-item\"><figure><img loading=\"lazy\" decoding=\"async\" width=\"1024\" height=\"683\" src=\"https:\/\/institutfrancais.sk\/wp-content\/uploads\/2023\/08\/1_discours_concerts0078-1024x683.jpg\" alt=\"\" data-id=\"28191\" data-full-url=\"https:\/\/institutfrancais.sk\/wp-content\/uploads\/2023\/08\/1_discours_concerts0078-scaled.jpg\" data-link=\"https:\/\/institutfrancais.sk\/podujatie\/oslavte-s-nami-dobytie-bastily\/1_discours_concerts0078\/\" class=\"wp-image-28191\" srcset=\"https:\/\/institutfrancais.sk\/wp-content\/uploads\/2023\/08\/1_discours_concerts0078-1024x683.jpg 1024w, https:\/\/institutfrancais.sk\/wp-content\/uploads\/2023\/08\/1_discours_concerts0078-300x200.jpg 300w, https:\/\/institutfrancais.sk\/wp-content\/uploads\/2023\/08\/1_discours_concerts0078-768x512.jpg 768w, https:\/\/institutfrancais.sk\/wp-content\/uploads\/2023\/08\/1_discours_concerts0078-1536x1024.jpg 1536w, https:\/\/institutfrancais.sk\/wp-content\/uploads\/2023\/08\/1_discours_concerts0078-2048x1365.jpg 2048w, https:\/\/institutfrancais.sk\/wp-content\/uploads\/2023\/08\/1_discours_concerts0078-1190x793.jpg 1190w, https:\/\/institutfrancais.sk\/wp-content\/uploads\/2023\/08\/1_discours_concerts0078-1500x1000.jpg 1500w\" sizes=\"(max-width: 1024px) 100vw, 1024px\" \/><\/figure><\/li><li class=\"blocks-gallery-item\"><figure><img loading=\"lazy\" decoding=\"async\" width=\"1024\" height=\"683\" src=\"https:\/\/institutfrancais.sk\/wp-content\/uploads\/2023\/08\/1_discours_concerts0079-1024x683.jpg\" alt=\"\" data-id=\"28193\" data-full-url=\"https:\/\/institutfrancais.sk\/wp-content\/uploads\/2023\/08\/1_discours_concerts0079-scaled.jpg\" data-link=\"https:\/\/institutfrancais.sk\/podujatie\/oslavte-s-nami-dobytie-bastily\/1_discours_concerts0079\/\" class=\"wp-image-28193\" srcset=\"https:\/\/institutfrancais.sk\/wp-content\/uploads\/2023\/08\/1_discours_concerts0079-1024x683.jpg 1024w, https:\/\/institutfrancais.sk\/wp-content\/uploads\/2023\/08\/1_discours_concerts0079-300x200.jpg 300w, https:\/\/institutfrancais.sk\/wp-content\/uploads\/2023\/08\/1_discours_concerts0079-768x512.jpg 768w, https:\/\/institutfrancais.sk\/wp-content\/uploads\/2023\/08\/1_discours_concerts0079-1536x1024.jpg 1536w, https:\/\/institutfrancais.sk\/wp-content\/uploads\/2023\/08\/1_discours_concerts0079-2048x1365.jpg 2048w, https:\/\/institutfrancais.sk\/wp-content\/uploads\/2023\/08\/1_discours_concerts0079-1190x793.jpg 1190w, https:\/\/institutfrancais.sk\/wp-content\/uploads\/2023\/08\/1_discours_concerts0079-1500x1000.jpg 1500w\" sizes=\"(max-width: 1024px) 100vw, 1024px\" \/><\/figure><\/li><li class=\"blocks-gallery-item\"><figure><img loading=\"lazy\" decoding=\"async\" width=\"1024\" height=\"683\" src=\"https:\/\/institutfrancais.sk\/wp-content\/uploads\/2023\/08\/1_discours_concerts0079a-1024x683.jpg\" alt=\"\" data-id=\"28195\" data-full-url=\"https:\/\/institutfrancais.sk\/wp-content\/uploads\/2023\/08\/1_discours_concerts0079a-scaled.jpg\" data-link=\"https:\/\/institutfrancais.sk\/podujatie\/oslavte-s-nami-dobytie-bastily\/1_discours_concerts0079a\/\" class=\"wp-image-28195\" srcset=\"https:\/\/institutfrancais.sk\/wp-content\/uploads\/2023\/08\/1_discours_concerts0079a-1024x683.jpg 1024w, https:\/\/institutfrancais.sk\/wp-content\/uploads\/2023\/08\/1_discours_concerts0079a-300x200.jpg 300w, https:\/\/institutfrancais.sk\/wp-content\/uploads\/2023\/08\/1_discours_concerts0079a-768x512.jpg 768w, https:\/\/institutfrancais.sk\/wp-content\/uploads\/2023\/08\/1_discours_concerts0079a-1536x1024.jpg 1536w, https:\/\/institutfrancais.sk\/wp-content\/uploads\/2023\/08\/1_discours_concerts0079a-2048x1365.jpg 2048w, https:\/\/institutfrancais.sk\/wp-content\/uploads\/2023\/08\/1_discours_concerts0079a-1190x793.jpg 1190w, https:\/\/institutfrancais.sk\/wp-content\/uploads\/2023\/08\/1_discours_concerts0079a-1500x1000.jpg 1500w\" sizes=\"(max-width: 1024px) 100vw, 1024px\" \/><\/figure><\/li><li class=\"blocks-gallery-item\"><figure><img loading=\"lazy\" decoding=\"async\" width=\"1024\" height=\"683\" src=\"https:\/\/institutfrancais.sk\/wp-content\/uploads\/2023\/08\/1_discours_concerts0080-1024x683.jpg\" alt=\"\" data-id=\"28197\" data-full-url=\"https:\/\/institutfrancais.sk\/wp-content\/uploads\/2023\/08\/1_discours_concerts0080-scaled.jpg\" data-link=\"https:\/\/institutfrancais.sk\/podujatie\/oslavte-s-nami-dobytie-bastily\/1_discours_concerts0080\/\" class=\"wp-image-28197\" srcset=\"https:\/\/institutfrancais.sk\/wp-content\/uploads\/2023\/08\/1_discours_concerts0080-1024x683.jpg 1024w, https:\/\/institutfrancais.sk\/wp-content\/uploads\/2023\/08\/1_discours_concerts0080-300x200.jpg 300w, https:\/\/institutfrancais.sk\/wp-content\/uploads\/2023\/08\/1_discours_concerts0080-768x512.jpg 768w, https:\/\/institutfrancais.sk\/wp-content\/uploads\/2023\/08\/1_discours_concerts0080-1536x1024.jpg 1536w, https:\/\/institutfrancais.sk\/wp-content\/uploads\/2023\/08\/1_discours_concerts0080-2048x1365.jpg 2048w, https:\/\/institutfrancais.sk\/wp-content\/uploads\/2023\/08\/1_discours_concerts0080-1190x793.jpg 1190w, https:\/\/institutfrancais.sk\/wp-content\/uploads\/2023\/08\/1_discours_concerts0080-1500x1000.jpg 1500w\" sizes=\"(max-width: 1024px) 100vw, 1024px\" \/><\/figure><\/li><li class=\"blocks-gallery-item\"><figure><img loading=\"lazy\" decoding=\"async\" width=\"1024\" height=\"683\" src=\"https:\/\/institutfrancais.sk\/wp-content\/uploads\/2023\/08\/1_discours_concerts0081-1024x683.jpg\" alt=\"\" data-id=\"28199\" data-full-url=\"https:\/\/institutfrancais.sk\/wp-content\/uploads\/2023\/08\/1_discours_concerts0081-scaled.jpg\" data-link=\"https:\/\/institutfrancais.sk\/podujatie\/oslavte-s-nami-dobytie-bastily\/1_discours_concerts0081-2\/\" class=\"wp-image-28199\" srcset=\"https:\/\/institutfrancais.sk\/wp-content\/uploads\/2023\/08\/1_discours_concerts0081-1024x683.jpg 1024w, https:\/\/institutfrancais.sk\/wp-content\/uploads\/2023\/08\/1_discours_concerts0081-300x200.jpg 300w, https:\/\/institutfrancais.sk\/wp-content\/uploads\/2023\/08\/1_discours_concerts0081-768x512.jpg 768w, https:\/\/institutfrancais.sk\/wp-content\/uploads\/2023\/08\/1_discours_concerts0081-1536x1024.jpg 1536w, https:\/\/institutfrancais.sk\/wp-content\/uploads\/2023\/08\/1_discours_concerts0081-2048x1365.jpg 2048w, https:\/\/institutfrancais.sk\/wp-content\/uploads\/2023\/08\/1_discours_concerts0081-1190x793.jpg 1190w, https:\/\/institutfrancais.sk\/wp-content\/uploads\/2023\/08\/1_discours_concerts0081-1500x1000.jpg 1500w\" sizes=\"(max-width: 1024px) 100vw, 1024px\" \/><\/figure><\/li><\/ul><\/figure>\n\n\n\n<figure class=\"wp-block-embed is-type-video is-provider-youtube wp-block-embed-youtube wp-embed-aspect-16-9 wp-has-aspect-ratio\"><div class=\"wp-block-embed__wrapper\">\n<iframe loading=\"lazy\" title=\"Franc\u00fazsky de\u0148 \/ 14 juillet\" width=\"500\" height=\"281\" src=\"https:\/\/www.youtube.com\/embed\/qCcXsLDEP3Y?feature=oembed\" frameborder=\"0\" allow=\"accelerometer; autoplay; clipboard-write; encrypted-media; gyroscope; picture-in-picture; web-share\" referrerpolicy=\"strict-origin-when-cross-origin\" allowfullscreen><\/iframe>\n<\/div><figcaption>Spievam po&nbsp;franc\u00fazsky &#8211;&nbsp;Franc\u00fazsky de\u0148<\/figcaption><\/figure>\n\n\n\n<figure class=\"wp-block-gallery columns-3 is-cropped wp-block-gallery-3 is-layout-flex wp-block-gallery-is-layout-flex\"><ul class=\"blocks-gallery-grid\"><li class=\"blocks-gallery-item\"><figure><img loading=\"lazy\" decoding=\"async\" width=\"1024\" height=\"683\" src=\"https:\/\/institutfrancais.sk\/wp-content\/uploads\/2023\/08\/1_discours_concerts0030-Copy-1024x683.jpg\" alt=\"\" data-id=\"28201\" data-full-url=\"https:\/\/institutfrancais.sk\/wp-content\/uploads\/2023\/08\/1_discours_concerts0030-Copy-scaled.jpg\" data-link=\"https:\/\/institutfrancais.sk\/podujatie\/oslavte-s-nami-dobytie-bastily\/1_discours_concerts0030-copy\/\" class=\"wp-image-28201\" srcset=\"https:\/\/institutfrancais.sk\/wp-content\/uploads\/2023\/08\/1_discours_concerts0030-Copy-1024x683.jpg 1024w, https:\/\/institutfrancais.sk\/wp-content\/uploads\/2023\/08\/1_discours_concerts0030-Copy-300x200.jpg 300w, https:\/\/institutfrancais.sk\/wp-content\/uploads\/2023\/08\/1_discours_concerts0030-Copy-768x512.jpg 768w, https:\/\/institutfrancais.sk\/wp-content\/uploads\/2023\/08\/1_discours_concerts0030-Copy-1536x1024.jpg 1536w, https:\/\/institutfrancais.sk\/wp-content\/uploads\/2023\/08\/1_discours_concerts0030-Copy-2048x1365.jpg 2048w, https:\/\/institutfrancais.sk\/wp-content\/uploads\/2023\/08\/1_discours_concerts0030-Copy-1190x793.jpg 1190w, https:\/\/institutfrancais.sk\/wp-content\/uploads\/2023\/08\/1_discours_concerts0030-Copy-1500x1000.jpg 1500w\" sizes=\"(max-width: 1024px) 100vw, 1024px\" \/><\/figure><\/li><li class=\"blocks-gallery-item\"><figure><img loading=\"lazy\" decoding=\"async\" width=\"1024\" height=\"683\" src=\"https:\/\/institutfrancais.sk\/wp-content\/uploads\/2023\/08\/1_discours_concerts0033-Copy-1024x683.jpg\" alt=\"\" data-id=\"28203\" data-full-url=\"https:\/\/institutfrancais.sk\/wp-content\/uploads\/2023\/08\/1_discours_concerts0033-Copy-scaled.jpg\" data-link=\"https:\/\/institutfrancais.sk\/podujatie\/oslavte-s-nami-dobytie-bastily\/1_discours_concerts0033-copy\/\" class=\"wp-image-28203\" srcset=\"https:\/\/institutfrancais.sk\/wp-content\/uploads\/2023\/08\/1_discours_concerts0033-Copy-1024x683.jpg 1024w, https:\/\/institutfrancais.sk\/wp-content\/uploads\/2023\/08\/1_discours_concerts0033-Copy-300x200.jpg 300w, https:\/\/institutfrancais.sk\/wp-content\/uploads\/2023\/08\/1_discours_concerts0033-Copy-768x512.jpg 768w, https:\/\/institutfrancais.sk\/wp-content\/uploads\/2023\/08\/1_discours_concerts0033-Copy-1536x1024.jpg 1536w, https:\/\/institutfrancais.sk\/wp-content\/uploads\/2023\/08\/1_discours_concerts0033-Copy-2048x1365.jpg 2048w, https:\/\/institutfrancais.sk\/wp-content\/uploads\/2023\/08\/1_discours_concerts0033-Copy-1190x793.jpg 1190w, https:\/\/institutfrancais.sk\/wp-content\/uploads\/2023\/08\/1_discours_concerts0033-Copy-1500x1000.jpg 1500w\" sizes=\"(max-width: 1024px) 100vw, 1024px\" \/><\/figure><\/li><li class=\"blocks-gallery-item\"><figure><img loading=\"lazy\" decoding=\"async\" width=\"1024\" height=\"683\" src=\"https:\/\/institutfrancais.sk\/wp-content\/uploads\/2023\/08\/1_discours_concerts0035-Copy-1024x683.jpg\" alt=\"\" data-id=\"28205\" data-full-url=\"https:\/\/institutfrancais.sk\/wp-content\/uploads\/2023\/08\/1_discours_concerts0035-Copy-scaled.jpg\" data-link=\"https:\/\/institutfrancais.sk\/podujatie\/oslavte-s-nami-dobytie-bastily\/1_discours_concerts0035-copy\/\" class=\"wp-image-28205\" srcset=\"https:\/\/institutfrancais.sk\/wp-content\/uploads\/2023\/08\/1_discours_concerts0035-Copy-1024x683.jpg 1024w, https:\/\/institutfrancais.sk\/wp-content\/uploads\/2023\/08\/1_discours_concerts0035-Copy-300x200.jpg 300w, https:\/\/institutfrancais.sk\/wp-content\/uploads\/2023\/08\/1_discours_concerts0035-Copy-768x512.jpg 768w, https:\/\/institutfrancais.sk\/wp-content\/uploads\/2023\/08\/1_discours_concerts0035-Copy-1536x1024.jpg 1536w, https:\/\/institutfrancais.sk\/wp-content\/uploads\/2023\/08\/1_discours_concerts0035-Copy-2048x1365.jpg 2048w, https:\/\/institutfrancais.sk\/wp-content\/uploads\/2023\/08\/1_discours_concerts0035-Copy-1190x793.jpg 1190w, https:\/\/institutfrancais.sk\/wp-content\/uploads\/2023\/08\/1_discours_concerts0035-Copy-1500x1000.jpg 1500w\" sizes=\"(max-width: 1024px) 100vw, 1024px\" \/><\/figure><\/li><li class=\"blocks-gallery-item\"><figure><img loading=\"lazy\" decoding=\"async\" width=\"1024\" height=\"683\" src=\"https:\/\/institutfrancais.sk\/wp-content\/uploads\/2023\/08\/1_discours_concerts0036-Copy-1024x683.jpg\" alt=\"\" data-id=\"28207\" data-full-url=\"https:\/\/institutfrancais.sk\/wp-content\/uploads\/2023\/08\/1_discours_concerts0036-Copy-scaled.jpg\" data-link=\"https:\/\/institutfrancais.sk\/podujatie\/oslavte-s-nami-dobytie-bastily\/1_discours_concerts0036-copy\/\" class=\"wp-image-28207\" srcset=\"https:\/\/institutfrancais.sk\/wp-content\/uploads\/2023\/08\/1_discours_concerts0036-Copy-1024x683.jpg 1024w, https:\/\/institutfrancais.sk\/wp-content\/uploads\/2023\/08\/1_discours_concerts0036-Copy-300x200.jpg 300w, https:\/\/institutfrancais.sk\/wp-content\/uploads\/2023\/08\/1_discours_concerts0036-Copy-768x512.jpg 768w, https:\/\/institutfrancais.sk\/wp-content\/uploads\/2023\/08\/1_discours_concerts0036-Copy-1536x1024.jpg 1536w, https:\/\/institutfrancais.sk\/wp-content\/uploads\/2023\/08\/1_discours_concerts0036-Copy-2048x1365.jpg 2048w, https:\/\/institutfrancais.sk\/wp-content\/uploads\/2023\/08\/1_discours_concerts0036-Copy-1190x793.jpg 1190w, https:\/\/institutfrancais.sk\/wp-content\/uploads\/2023\/08\/1_discours_concerts0036-Copy-1500x1000.jpg 1500w\" sizes=\"(max-width: 1024px) 100vw, 1024px\" \/><\/figure><\/li><li class=\"blocks-gallery-item\"><figure><img loading=\"lazy\" decoding=\"async\" width=\"1024\" height=\"683\" src=\"https:\/\/institutfrancais.sk\/wp-content\/uploads\/2023\/08\/1_discours_concerts0037-Copy-1024x683.jpg\" alt=\"\" data-id=\"28209\" data-full-url=\"https:\/\/institutfrancais.sk\/wp-content\/uploads\/2023\/08\/1_discours_concerts0037-Copy-scaled.jpg\" data-link=\"https:\/\/institutfrancais.sk\/podujatie\/oslavte-s-nami-dobytie-bastily\/1_discours_concerts0037-copy\/\" class=\"wp-image-28209\" srcset=\"https:\/\/institutfrancais.sk\/wp-content\/uploads\/2023\/08\/1_discours_concerts0037-Copy-1024x683.jpg 1024w, https:\/\/institutfrancais.sk\/wp-content\/uploads\/2023\/08\/1_discours_concerts0037-Copy-300x200.jpg 300w, https:\/\/institutfrancais.sk\/wp-content\/uploads\/2023\/08\/1_discours_concerts0037-Copy-768x512.jpg 768w, https:\/\/institutfrancais.sk\/wp-content\/uploads\/2023\/08\/1_discours_concerts0037-Copy-1536x1024.jpg 1536w, https:\/\/institutfrancais.sk\/wp-content\/uploads\/2023\/08\/1_discours_concerts0037-Copy-2048x1365.jpg 2048w, https:\/\/institutfrancais.sk\/wp-content\/uploads\/2023\/08\/1_discours_concerts0037-Copy-1190x793.jpg 1190w, https:\/\/institutfrancais.sk\/wp-content\/uploads\/2023\/08\/1_discours_concerts0037-Copy-1500x1000.jpg 1500w\" sizes=\"(max-width: 1024px) 100vw, 1024px\" \/><\/figure><\/li><li class=\"blocks-gallery-item\"><figure><img loading=\"lazy\" decoding=\"async\" width=\"1024\" height=\"683\" src=\"https:\/\/institutfrancais.sk\/wp-content\/uploads\/2023\/08\/1_discours_concerts0038-Copy-1024x683.jpg\" alt=\"\" data-id=\"28211\" data-full-url=\"https:\/\/institutfrancais.sk\/wp-content\/uploads\/2023\/08\/1_discours_concerts0038-Copy-scaled.jpg\" data-link=\"https:\/\/institutfrancais.sk\/podujatie\/oslavte-s-nami-dobytie-bastily\/1_discours_concerts0038-copy\/\" class=\"wp-image-28211\" srcset=\"https:\/\/institutfrancais.sk\/wp-content\/uploads\/2023\/08\/1_discours_concerts0038-Copy-1024x683.jpg 1024w, https:\/\/institutfrancais.sk\/wp-content\/uploads\/2023\/08\/1_discours_concerts0038-Copy-300x200.jpg 300w, https:\/\/institutfrancais.sk\/wp-content\/uploads\/2023\/08\/1_discours_concerts0038-Copy-768x512.jpg 768w, https:\/\/institutfrancais.sk\/wp-content\/uploads\/2023\/08\/1_discours_concerts0038-Copy-1536x1024.jpg 1536w, https:\/\/institutfrancais.sk\/wp-content\/uploads\/2023\/08\/1_discours_concerts0038-Copy-2048x1365.jpg 2048w, https:\/\/institutfrancais.sk\/wp-content\/uploads\/2023\/08\/1_discours_concerts0038-Copy-1190x793.jpg 1190w, https:\/\/institutfrancais.sk\/wp-content\/uploads\/2023\/08\/1_discours_concerts0038-Copy-1500x1000.jpg 1500w\" sizes=\"(max-width: 1024px) 100vw, 1024px\" \/><\/figure><\/li><li class=\"blocks-gallery-item\"><figure><img loading=\"lazy\" decoding=\"async\" width=\"1024\" height=\"683\" src=\"https:\/\/institutfrancais.sk\/wp-content\/uploads\/2023\/08\/1_discours_concerts0039-Copy-1024x683.jpg\" alt=\"\" data-id=\"28213\" data-full-url=\"https:\/\/institutfrancais.sk\/wp-content\/uploads\/2023\/08\/1_discours_concerts0039-Copy-scaled.jpg\" data-link=\"https:\/\/institutfrancais.sk\/podujatie\/oslavte-s-nami-dobytie-bastily\/1_discours_concerts0039-copy\/\" class=\"wp-image-28213\" srcset=\"https:\/\/institutfrancais.sk\/wp-content\/uploads\/2023\/08\/1_discours_concerts0039-Copy-1024x683.jpg 1024w, https:\/\/institutfrancais.sk\/wp-content\/uploads\/2023\/08\/1_discours_concerts0039-Copy-300x200.jpg 300w, https:\/\/institutfrancais.sk\/wp-content\/uploads\/2023\/08\/1_discours_concerts0039-Copy-768x512.jpg 768w, https:\/\/institutfrancais.sk\/wp-content\/uploads\/2023\/08\/1_discours_concerts0039-Copy-1536x1024.jpg 1536w, https:\/\/institutfrancais.sk\/wp-content\/uploads\/2023\/08\/1_discours_concerts0039-Copy-2048x1365.jpg 2048w, https:\/\/institutfrancais.sk\/wp-content\/uploads\/2023\/08\/1_discours_concerts0039-Copy-1190x793.jpg 1190w, https:\/\/institutfrancais.sk\/wp-content\/uploads\/2023\/08\/1_discours_concerts0039-Copy-1500x1000.jpg 1500w\" sizes=\"(max-width: 1024px) 100vw, 1024px\" \/><\/figure><\/li><li class=\"blocks-gallery-item\"><figure><img loading=\"lazy\" decoding=\"async\" width=\"1024\" height=\"683\" src=\"https:\/\/institutfrancais.sk\/wp-content\/uploads\/2023\/08\/1_discours_concerts0040-Copy-1024x683.jpg\" alt=\"\" data-id=\"28215\" data-full-url=\"https:\/\/institutfrancais.sk\/wp-content\/uploads\/2023\/08\/1_discours_concerts0040-Copy-scaled.jpg\" data-link=\"https:\/\/institutfrancais.sk\/podujatie\/oslavte-s-nami-dobytie-bastily\/1_discours_concerts0040-copy\/\" class=\"wp-image-28215\" srcset=\"https:\/\/institutfrancais.sk\/wp-content\/uploads\/2023\/08\/1_discours_concerts0040-Copy-1024x683.jpg 1024w, https:\/\/institutfrancais.sk\/wp-content\/uploads\/2023\/08\/1_discours_concerts0040-Copy-300x200.jpg 300w, https:\/\/institutfrancais.sk\/wp-content\/uploads\/2023\/08\/1_discours_concerts0040-Copy-768x512.jpg 768w, https:\/\/institutfrancais.sk\/wp-content\/uploads\/2023\/08\/1_discours_concerts0040-Copy-1536x1024.jpg 1536w, https:\/\/institutfrancais.sk\/wp-content\/uploads\/2023\/08\/1_discours_concerts0040-Copy-2048x1365.jpg 2048w, https:\/\/institutfrancais.sk\/wp-content\/uploads\/2023\/08\/1_discours_concerts0040-Copy-1190x793.jpg 1190w, https:\/\/institutfrancais.sk\/wp-content\/uploads\/2023\/08\/1_discours_concerts0040-Copy-1500x1000.jpg 1500w\" sizes=\"(max-width: 1024px) 100vw, 1024px\" \/><\/figure><\/li><li class=\"blocks-gallery-item\"><figure><img loading=\"lazy\" decoding=\"async\" width=\"1024\" height=\"683\" src=\"https:\/\/institutfrancais.sk\/wp-content\/uploads\/2023\/08\/1_discours_concerts0041-Copy-1024x683.jpg\" alt=\"\" data-id=\"28217\" data-full-url=\"https:\/\/institutfrancais.sk\/wp-content\/uploads\/2023\/08\/1_discours_concerts0041-Copy-scaled.jpg\" data-link=\"https:\/\/institutfrancais.sk\/podujatie\/oslavte-s-nami-dobytie-bastily\/1_discours_concerts0041-copy\/\" class=\"wp-image-28217\" srcset=\"https:\/\/institutfrancais.sk\/wp-content\/uploads\/2023\/08\/1_discours_concerts0041-Copy-1024x683.jpg 1024w, https:\/\/institutfrancais.sk\/wp-content\/uploads\/2023\/08\/1_discours_concerts0041-Copy-300x200.jpg 300w, https:\/\/institutfrancais.sk\/wp-content\/uploads\/2023\/08\/1_discours_concerts0041-Copy-768x512.jpg 768w, https:\/\/institutfrancais.sk\/wp-content\/uploads\/2023\/08\/1_discours_concerts0041-Copy-1536x1024.jpg 1536w, https:\/\/institutfrancais.sk\/wp-content\/uploads\/2023\/08\/1_discours_concerts0041-Copy-2048x1365.jpg 2048w, https:\/\/institutfrancais.sk\/wp-content\/uploads\/2023\/08\/1_discours_concerts0041-Copy-1190x793.jpg 1190w, https:\/\/institutfrancais.sk\/wp-content\/uploads\/2023\/08\/1_discours_concerts0041-Copy-1500x1000.jpg 1500w\" sizes=\"(max-width: 1024px) 100vw, 1024px\" \/><\/figure><\/li><li class=\"blocks-gallery-item\"><figure><img loading=\"lazy\" decoding=\"async\" width=\"1024\" height=\"683\" src=\"https:\/\/institutfrancais.sk\/wp-content\/uploads\/2023\/08\/1_discours_concerts0042-Copy-1024x683.jpg\" alt=\"\" data-id=\"28219\" data-full-url=\"https:\/\/institutfrancais.sk\/wp-content\/uploads\/2023\/08\/1_discours_concerts0042-Copy-scaled.jpg\" data-link=\"https:\/\/institutfrancais.sk\/podujatie\/oslavte-s-nami-dobytie-bastily\/1_discours_concerts0042-copy\/\" class=\"wp-image-28219\" srcset=\"https:\/\/institutfrancais.sk\/wp-content\/uploads\/2023\/08\/1_discours_concerts0042-Copy-1024x683.jpg 1024w, https:\/\/institutfrancais.sk\/wp-content\/uploads\/2023\/08\/1_discours_concerts0042-Copy-300x200.jpg 300w, https:\/\/institutfrancais.sk\/wp-content\/uploads\/2023\/08\/1_discours_concerts0042-Copy-768x512.jpg 768w, https:\/\/institutfrancais.sk\/wp-content\/uploads\/2023\/08\/1_discours_concerts0042-Copy-1536x1024.jpg 1536w, https:\/\/institutfrancais.sk\/wp-content\/uploads\/2023\/08\/1_discours_concerts0042-Copy-2048x1365.jpg 2048w, https:\/\/institutfrancais.sk\/wp-content\/uploads\/2023\/08\/1_discours_concerts0042-Copy-1190x793.jpg 1190w, https:\/\/institutfrancais.sk\/wp-content\/uploads\/2023\/08\/1_discours_concerts0042-Copy-1500x1000.jpg 1500w\" sizes=\"(max-width: 1024px) 100vw, 1024px\" \/><\/figure><\/li><li class=\"blocks-gallery-item\"><figure><img loading=\"lazy\" decoding=\"async\" width=\"1024\" height=\"683\" src=\"https:\/\/institutfrancais.sk\/wp-content\/uploads\/2023\/08\/1_discours_concerts0043-Copy-1024x683.jpg\" alt=\"\" data-id=\"28221\" data-full-url=\"https:\/\/institutfrancais.sk\/wp-content\/uploads\/2023\/08\/1_discours_concerts0043-Copy-scaled.jpg\" data-link=\"https:\/\/institutfrancais.sk\/podujatie\/oslavte-s-nami-dobytie-bastily\/1_discours_concerts0043-copy\/\" class=\"wp-image-28221\" srcset=\"https:\/\/institutfrancais.sk\/wp-content\/uploads\/2023\/08\/1_discours_concerts0043-Copy-1024x683.jpg 1024w, https:\/\/institutfrancais.sk\/wp-content\/uploads\/2023\/08\/1_discours_concerts0043-Copy-300x200.jpg 300w, https:\/\/institutfrancais.sk\/wp-content\/uploads\/2023\/08\/1_discours_concerts0043-Copy-768x512.jpg 768w, https:\/\/institutfrancais.sk\/wp-content\/uploads\/2023\/08\/1_discours_concerts0043-Copy-1536x1024.jpg 1536w, https:\/\/institutfrancais.sk\/wp-content\/uploads\/2023\/08\/1_discours_concerts0043-Copy-2048x1365.jpg 2048w, https:\/\/institutfrancais.sk\/wp-content\/uploads\/2023\/08\/1_discours_concerts0043-Copy-1190x793.jpg 1190w, https:\/\/institutfrancais.sk\/wp-content\/uploads\/2023\/08\/1_discours_concerts0043-Copy-1500x1000.jpg 1500w\" sizes=\"(max-width: 1024px) 100vw, 1024px\" \/><\/figure><\/li><li class=\"blocks-gallery-item\"><figure><img loading=\"lazy\" decoding=\"async\" width=\"1024\" height=\"683\" src=\"https:\/\/institutfrancais.sk\/wp-content\/uploads\/2023\/08\/1_discours_concerts0044-Copy-1024x683.jpg\" alt=\"\" data-id=\"28223\" data-full-url=\"https:\/\/institutfrancais.sk\/wp-content\/uploads\/2023\/08\/1_discours_concerts0044-Copy-scaled.jpg\" data-link=\"https:\/\/institutfrancais.sk\/podujatie\/oslavte-s-nami-dobytie-bastily\/1_discours_concerts0044-copy\/\" class=\"wp-image-28223\" srcset=\"https:\/\/institutfrancais.sk\/wp-content\/uploads\/2023\/08\/1_discours_concerts0044-Copy-1024x683.jpg 1024w, https:\/\/institutfrancais.sk\/wp-content\/uploads\/2023\/08\/1_discours_concerts0044-Copy-300x200.jpg 300w, https:\/\/institutfrancais.sk\/wp-content\/uploads\/2023\/08\/1_discours_concerts0044-Copy-768x512.jpg 768w, https:\/\/institutfrancais.sk\/wp-content\/uploads\/2023\/08\/1_discours_concerts0044-Copy-1536x1024.jpg 1536w, https:\/\/institutfrancais.sk\/wp-content\/uploads\/2023\/08\/1_discours_concerts0044-Copy-2048x1365.jpg 2048w, https:\/\/institutfrancais.sk\/wp-content\/uploads\/2023\/08\/1_discours_concerts0044-Copy-1190x793.jpg 1190w, https:\/\/institutfrancais.sk\/wp-content\/uploads\/2023\/08\/1_discours_concerts0044-Copy-1500x1000.jpg 1500w\" sizes=\"(max-width: 1024px) 100vw, 1024px\" \/><\/figure><\/li><li class=\"blocks-gallery-item\"><figure><img loading=\"lazy\" decoding=\"async\" width=\"1024\" height=\"683\" src=\"https:\/\/institutfrancais.sk\/wp-content\/uploads\/2023\/08\/1_discours_concerts0045-Copy-1024x683.jpg\" alt=\"\" data-id=\"28225\" data-full-url=\"https:\/\/institutfrancais.sk\/wp-content\/uploads\/2023\/08\/1_discours_concerts0045-Copy-scaled.jpg\" data-link=\"https:\/\/institutfrancais.sk\/podujatie\/oslavte-s-nami-dobytie-bastily\/1_discours_concerts0045-copy\/\" class=\"wp-image-28225\" srcset=\"https:\/\/institutfrancais.sk\/wp-content\/uploads\/2023\/08\/1_discours_concerts0045-Copy-1024x683.jpg 1024w, https:\/\/institutfrancais.sk\/wp-content\/uploads\/2023\/08\/1_discours_concerts0045-Copy-300x200.jpg 300w, https:\/\/institutfrancais.sk\/wp-content\/uploads\/2023\/08\/1_discours_concerts0045-Copy-768x512.jpg 768w, https:\/\/institutfrancais.sk\/wp-content\/uploads\/2023\/08\/1_discours_concerts0045-Copy-1536x1024.jpg 1536w, https:\/\/institutfrancais.sk\/wp-content\/uploads\/2023\/08\/1_discours_concerts0045-Copy-2048x1365.jpg 2048w, https:\/\/institutfrancais.sk\/wp-content\/uploads\/2023\/08\/1_discours_concerts0045-Copy-1190x793.jpg 1190w, https:\/\/institutfrancais.sk\/wp-content\/uploads\/2023\/08\/1_discours_concerts0045-Copy-1500x1000.jpg 1500w\" sizes=\"(max-width: 1024px) 100vw, 1024px\" \/><\/figure><\/li><li class=\"blocks-gallery-item\"><figure><img loading=\"lazy\" decoding=\"async\" width=\"1024\" height=\"683\" src=\"https:\/\/institutfrancais.sk\/wp-content\/uploads\/2023\/08\/1_discours_concerts0046-Copy-1024x683.jpg\" alt=\"\" data-id=\"28227\" data-full-url=\"https:\/\/institutfrancais.sk\/wp-content\/uploads\/2023\/08\/1_discours_concerts0046-Copy-scaled.jpg\" data-link=\"https:\/\/institutfrancais.sk\/podujatie\/oslavte-s-nami-dobytie-bastily\/1_discours_concerts0046-copy\/\" class=\"wp-image-28227\" srcset=\"https:\/\/institutfrancais.sk\/wp-content\/uploads\/2023\/08\/1_discours_concerts0046-Copy-1024x683.jpg 1024w, https:\/\/institutfrancais.sk\/wp-content\/uploads\/2023\/08\/1_discours_concerts0046-Copy-300x200.jpg 300w, https:\/\/institutfrancais.sk\/wp-content\/uploads\/2023\/08\/1_discours_concerts0046-Copy-768x512.jpg 768w, https:\/\/institutfrancais.sk\/wp-content\/uploads\/2023\/08\/1_discours_concerts0046-Copy-1536x1024.jpg 1536w, https:\/\/institutfrancais.sk\/wp-content\/uploads\/2023\/08\/1_discours_concerts0046-Copy-2048x1365.jpg 2048w, https:\/\/institutfrancais.sk\/wp-content\/uploads\/2023\/08\/1_discours_concerts0046-Copy-1190x793.jpg 1190w, https:\/\/institutfrancais.sk\/wp-content\/uploads\/2023\/08\/1_discours_concerts0046-Copy-1500x1000.jpg 1500w\" sizes=\"(max-width: 1024px) 100vw, 1024px\" \/><\/figure><\/li><li class=\"blocks-gallery-item\"><figure><img loading=\"lazy\" decoding=\"async\" width=\"1024\" height=\"683\" src=\"https:\/\/institutfrancais.sk\/wp-content\/uploads\/2023\/08\/1_discours_concerts0050-1024x683.jpg\" alt=\"\" data-id=\"28229\" data-full-url=\"https:\/\/institutfrancais.sk\/wp-content\/uploads\/2023\/08\/1_discours_concerts0050-scaled.jpg\" data-link=\"https:\/\/institutfrancais.sk\/podujatie\/oslavte-s-nami-dobytie-bastily\/1_discours_concerts0050\/\" class=\"wp-image-28229\" srcset=\"https:\/\/institutfrancais.sk\/wp-content\/uploads\/2023\/08\/1_discours_concerts0050-1024x683.jpg 1024w, https:\/\/institutfrancais.sk\/wp-content\/uploads\/2023\/08\/1_discours_concerts0050-300x200.jpg 300w, https:\/\/institutfrancais.sk\/wp-content\/uploads\/2023\/08\/1_discours_concerts0050-768x512.jpg 768w, https:\/\/institutfrancais.sk\/wp-content\/uploads\/2023\/08\/1_discours_concerts0050-1536x1024.jpg 1536w, https:\/\/institutfrancais.sk\/wp-content\/uploads\/2023\/08\/1_discours_concerts0050-2048x1365.jpg 2048w, https:\/\/institutfrancais.sk\/wp-content\/uploads\/2023\/08\/1_discours_concerts0050-1190x793.jpg 1190w, https:\/\/institutfrancais.sk\/wp-content\/uploads\/2023\/08\/1_discours_concerts0050-1500x1000.jpg 1500w\" sizes=\"(max-width: 1024px) 100vw, 1024px\" \/><\/figure><\/li><li class=\"blocks-gallery-item\"><figure><img loading=\"lazy\" decoding=\"async\" width=\"1024\" height=\"683\" src=\"https:\/\/institutfrancais.sk\/wp-content\/uploads\/2023\/08\/1_discours_concerts0052-1024x683.jpg\" alt=\"\" data-id=\"28231\" data-full-url=\"https:\/\/institutfrancais.sk\/wp-content\/uploads\/2023\/08\/1_discours_concerts0052-scaled.jpg\" data-link=\"https:\/\/institutfrancais.sk\/podujatie\/oslavte-s-nami-dobytie-bastily\/1_discours_concerts0052\/\" class=\"wp-image-28231\" srcset=\"https:\/\/institutfrancais.sk\/wp-content\/uploads\/2023\/08\/1_discours_concerts0052-1024x683.jpg 1024w, https:\/\/institutfrancais.sk\/wp-content\/uploads\/2023\/08\/1_discours_concerts0052-300x200.jpg 300w, https:\/\/institutfrancais.sk\/wp-content\/uploads\/2023\/08\/1_discours_concerts0052-768x512.jpg 768w, https:\/\/institutfrancais.sk\/wp-content\/uploads\/2023\/08\/1_discours_concerts0052-1536x1024.jpg 1536w, https:\/\/institutfrancais.sk\/wp-content\/uploads\/2023\/08\/1_discours_concerts0052-2048x1365.jpg 2048w, https:\/\/institutfrancais.sk\/wp-content\/uploads\/2023\/08\/1_discours_concerts0052-1190x793.jpg 1190w, https:\/\/institutfrancais.sk\/wp-content\/uploads\/2023\/08\/1_discours_concerts0052-1500x1000.jpg 1500w\" sizes=\"(max-width: 1024px) 100vw, 1024px\" \/><\/figure><\/li><li class=\"blocks-gallery-item\"><figure><img loading=\"lazy\" decoding=\"async\" width=\"1024\" height=\"683\" src=\"https:\/\/institutfrancais.sk\/wp-content\/uploads\/2023\/08\/1_discours_concerts0053-1024x683.jpg\" alt=\"\" data-id=\"28233\" data-full-url=\"https:\/\/institutfrancais.sk\/wp-content\/uploads\/2023\/08\/1_discours_concerts0053-scaled.jpg\" data-link=\"https:\/\/institutfrancais.sk\/podujatie\/oslavte-s-nami-dobytie-bastily\/1_discours_concerts0053\/\" class=\"wp-image-28233\" srcset=\"https:\/\/institutfrancais.sk\/wp-content\/uploads\/2023\/08\/1_discours_concerts0053-1024x683.jpg 1024w, https:\/\/institutfrancais.sk\/wp-content\/uploads\/2023\/08\/1_discours_concerts0053-300x200.jpg 300w, https:\/\/institutfrancais.sk\/wp-content\/uploads\/2023\/08\/1_discours_concerts0053-768x512.jpg 768w, https:\/\/institutfrancais.sk\/wp-content\/uploads\/2023\/08\/1_discours_concerts0053-1536x1024.jpg 1536w, https:\/\/institutfrancais.sk\/wp-content\/uploads\/2023\/08\/1_discours_concerts0053-2048x1365.jpg 2048w, https:\/\/institutfrancais.sk\/wp-content\/uploads\/2023\/08\/1_discours_concerts0053-1190x793.jpg 1190w, https:\/\/institutfrancais.sk\/wp-content\/uploads\/2023\/08\/1_discours_concerts0053-1500x1000.jpg 1500w\" sizes=\"(max-width: 1024px) 100vw, 1024px\" \/><\/figure><\/li><li class=\"blocks-gallery-item\"><figure><img loading=\"lazy\" decoding=\"async\" width=\"1024\" height=\"683\" src=\"https:\/\/institutfrancais.sk\/wp-content\/uploads\/2023\/08\/1_discours_concerts0054-1024x683.jpg\" alt=\"\" data-id=\"28235\" data-full-url=\"https:\/\/institutfrancais.sk\/wp-content\/uploads\/2023\/08\/1_discours_concerts0054-scaled.jpg\" data-link=\"https:\/\/institutfrancais.sk\/podujatie\/oslavte-s-nami-dobytie-bastily\/1_discours_concerts0054\/\" class=\"wp-image-28235\" srcset=\"https:\/\/institutfrancais.sk\/wp-content\/uploads\/2023\/08\/1_discours_concerts0054-1024x683.jpg 1024w, https:\/\/institutfrancais.sk\/wp-content\/uploads\/2023\/08\/1_discours_concerts0054-300x200.jpg 300w, https:\/\/institutfrancais.sk\/wp-content\/uploads\/2023\/08\/1_discours_concerts0054-768x512.jpg 768w, https:\/\/institutfrancais.sk\/wp-content\/uploads\/2023\/08\/1_discours_concerts0054-1536x1024.jpg 1536w, https:\/\/institutfrancais.sk\/wp-content\/uploads\/2023\/08\/1_discours_concerts0054-2048x1365.jpg 2048w, https:\/\/institutfrancais.sk\/wp-content\/uploads\/2023\/08\/1_discours_concerts0054-1190x793.jpg 1190w, https:\/\/institutfrancais.sk\/wp-content\/uploads\/2023\/08\/1_discours_concerts0054-1500x1000.jpg 1500w\" sizes=\"(max-width: 1024px) 100vw, 1024px\" \/><\/figure><\/li><li class=\"blocks-gallery-item\"><figure><img loading=\"lazy\" decoding=\"async\" width=\"1024\" height=\"683\" src=\"https:\/\/institutfrancais.sk\/wp-content\/uploads\/2023\/08\/1_discours_concerts0055-1024x683.jpg\" alt=\"\" data-id=\"28237\" data-full-url=\"https:\/\/institutfrancais.sk\/wp-content\/uploads\/2023\/08\/1_discours_concerts0055-scaled.jpg\" data-link=\"https:\/\/institutfrancais.sk\/podujatie\/oslavte-s-nami-dobytie-bastily\/1_discours_concerts0055\/\" class=\"wp-image-28237\" srcset=\"https:\/\/institutfrancais.sk\/wp-content\/uploads\/2023\/08\/1_discours_concerts0055-1024x683.jpg 1024w, https:\/\/institutfrancais.sk\/wp-content\/uploads\/2023\/08\/1_discours_concerts0055-300x200.jpg 300w, https:\/\/institutfrancais.sk\/wp-content\/uploads\/2023\/08\/1_discours_concerts0055-768x512.jpg 768w, https:\/\/institutfrancais.sk\/wp-content\/uploads\/2023\/08\/1_discours_concerts0055-1536x1024.jpg 1536w, https:\/\/institutfrancais.sk\/wp-content\/uploads\/2023\/08\/1_discours_concerts0055-2048x1365.jpg 2048w, https:\/\/institutfrancais.sk\/wp-content\/uploads\/2023\/08\/1_discours_concerts0055-1190x793.jpg 1190w, https:\/\/institutfrancais.sk\/wp-content\/uploads\/2023\/08\/1_discours_concerts0055-1500x1000.jpg 1500w\" sizes=\"(max-width: 1024px) 100vw, 1024px\" \/><\/figure><\/li><li class=\"blocks-gallery-item\"><figure><img loading=\"lazy\" decoding=\"async\" width=\"1024\" height=\"683\" src=\"https:\/\/institutfrancais.sk\/wp-content\/uploads\/2023\/08\/1_discours_concerts0056-1024x683.jpg\" alt=\"\" data-id=\"28239\" data-full-url=\"https:\/\/institutfrancais.sk\/wp-content\/uploads\/2023\/08\/1_discours_concerts0056-scaled.jpg\" data-link=\"https:\/\/institutfrancais.sk\/podujatie\/oslavte-s-nami-dobytie-bastily\/1_discours_concerts0056\/\" class=\"wp-image-28239\" srcset=\"https:\/\/institutfrancais.sk\/wp-content\/uploads\/2023\/08\/1_discours_concerts0056-1024x683.jpg 1024w, https:\/\/institutfrancais.sk\/wp-content\/uploads\/2023\/08\/1_discours_concerts0056-300x200.jpg 300w, https:\/\/institutfrancais.sk\/wp-content\/uploads\/2023\/08\/1_discours_concerts0056-768x512.jpg 768w, https:\/\/institutfrancais.sk\/wp-content\/uploads\/2023\/08\/1_discours_concerts0056-1536x1024.jpg 1536w, https:\/\/institutfrancais.sk\/wp-content\/uploads\/2023\/08\/1_discours_concerts0056-2048x1365.jpg 2048w, https:\/\/institutfrancais.sk\/wp-content\/uploads\/2023\/08\/1_discours_concerts0056-1190x793.jpg 1190w, https:\/\/institutfrancais.sk\/wp-content\/uploads\/2023\/08\/1_discours_concerts0056-1500x1000.jpg 1500w\" sizes=\"(max-width: 1024px) 100vw, 1024px\" \/><\/figure><\/li><li class=\"blocks-gallery-item\"><figure><img loading=\"lazy\" decoding=\"async\" width=\"1024\" height=\"683\" src=\"https:\/\/institutfrancais.sk\/wp-content\/uploads\/2023\/08\/1_discours_concerts0057-1024x683.jpg\" alt=\"\" data-id=\"28241\" data-full-url=\"https:\/\/institutfrancais.sk\/wp-content\/uploads\/2023\/08\/1_discours_concerts0057-scaled.jpg\" data-link=\"https:\/\/institutfrancais.sk\/podujatie\/oslavte-s-nami-dobytie-bastily\/1_discours_concerts0057\/\" class=\"wp-image-28241\" srcset=\"https:\/\/institutfrancais.sk\/wp-content\/uploads\/2023\/08\/1_discours_concerts0057-1024x683.jpg 1024w, https:\/\/institutfrancais.sk\/wp-content\/uploads\/2023\/08\/1_discours_concerts0057-300x200.jpg 300w, https:\/\/institutfrancais.sk\/wp-content\/uploads\/2023\/08\/1_discours_concerts0057-768x512.jpg 768w, https:\/\/institutfrancais.sk\/wp-content\/uploads\/2023\/08\/1_discours_concerts0057-1536x1024.jpg 1536w, https:\/\/institutfrancais.sk\/wp-content\/uploads\/2023\/08\/1_discours_concerts0057-2048x1365.jpg 2048w, https:\/\/institutfrancais.sk\/wp-content\/uploads\/2023\/08\/1_discours_concerts0057-1190x793.jpg 1190w, https:\/\/institutfrancais.sk\/wp-content\/uploads\/2023\/08\/1_discours_concerts0057-1500x1000.jpg 1500w\" sizes=\"(max-width: 1024px) 100vw, 1024px\" \/><\/figure><\/li><li class=\"blocks-gallery-item\"><figure><img loading=\"lazy\" decoding=\"async\" width=\"1024\" height=\"683\" src=\"https:\/\/institutfrancais.sk\/wp-content\/uploads\/2023\/08\/1_discours_concerts0058-1024x683.jpg\" alt=\"\" data-id=\"28243\" data-full-url=\"https:\/\/institutfrancais.sk\/wp-content\/uploads\/2023\/08\/1_discours_concerts0058-scaled.jpg\" data-link=\"https:\/\/institutfrancais.sk\/podujatie\/oslavte-s-nami-dobytie-bastily\/1_discours_concerts0058\/\" class=\"wp-image-28243\" srcset=\"https:\/\/institutfrancais.sk\/wp-content\/uploads\/2023\/08\/1_discours_concerts0058-1024x683.jpg 1024w, https:\/\/institutfrancais.sk\/wp-content\/uploads\/2023\/08\/1_discours_concerts0058-300x200.jpg 300w, https:\/\/institutfrancais.sk\/wp-content\/uploads\/2023\/08\/1_discours_concerts0058-768x512.jpg 768w, https:\/\/institutfrancais.sk\/wp-content\/uploads\/2023\/08\/1_discours_concerts0058-1536x1024.jpg 1536w, https:\/\/institutfrancais.sk\/wp-content\/uploads\/2023\/08\/1_discours_concerts0058-2048x1365.jpg 2048w, https:\/\/institutfrancais.sk\/wp-content\/uploads\/2023\/08\/1_discours_concerts0058-1190x793.jpg 1190w, https:\/\/institutfrancais.sk\/wp-content\/uploads\/2023\/08\/1_discours_concerts0058-1500x1000.jpg 1500w\" sizes=\"(max-width: 1024px) 100vw, 1024px\" \/><\/figure><\/li><li class=\"blocks-gallery-item\"><figure><img loading=\"lazy\" decoding=\"async\" width=\"1024\" height=\"683\" src=\"https:\/\/institutfrancais.sk\/wp-content\/uploads\/2023\/08\/1_discours_concerts0059-1024x683.jpg\" alt=\"\" data-id=\"28245\" data-full-url=\"https:\/\/institutfrancais.sk\/wp-content\/uploads\/2023\/08\/1_discours_concerts0059-scaled.jpg\" data-link=\"https:\/\/institutfrancais.sk\/podujatie\/oslavte-s-nami-dobytie-bastily\/1_discours_concerts0059\/\" class=\"wp-image-28245\" srcset=\"https:\/\/institutfrancais.sk\/wp-content\/uploads\/2023\/08\/1_discours_concerts0059-1024x683.jpg 1024w, https:\/\/institutfrancais.sk\/wp-content\/uploads\/2023\/08\/1_discours_concerts0059-300x200.jpg 300w, https:\/\/institutfrancais.sk\/wp-content\/uploads\/2023\/08\/1_discours_concerts0059-768x512.jpg 768w, https:\/\/institutfrancais.sk\/wp-content\/uploads\/2023\/08\/1_discours_concerts0059-1536x1024.jpg 1536w, https:\/\/institutfrancais.sk\/wp-content\/uploads\/2023\/08\/1_discours_concerts0059-2048x1365.jpg 2048w, https:\/\/institutfrancais.sk\/wp-content\/uploads\/2023\/08\/1_discours_concerts0059-1190x793.jpg 1190w, https:\/\/institutfrancais.sk\/wp-content\/uploads\/2023\/08\/1_discours_concerts0059-1500x1000.jpg 1500w\" sizes=\"(max-width: 1024px) 100vw, 1024px\" \/><\/figure><\/li><li class=\"blocks-gallery-item\"><figure><img loading=\"lazy\" decoding=\"async\" width=\"1024\" height=\"683\" src=\"https:\/\/institutfrancais.sk\/wp-content\/uploads\/2023\/08\/1_discours_concerts0060-1024x683.jpg\" alt=\"\" data-id=\"28247\" data-full-url=\"https:\/\/institutfrancais.sk\/wp-content\/uploads\/2023\/08\/1_discours_concerts0060-scaled.jpg\" data-link=\"https:\/\/institutfrancais.sk\/podujatie\/oslavte-s-nami-dobytie-bastily\/1_discours_concerts0060\/\" class=\"wp-image-28247\" srcset=\"https:\/\/institutfrancais.sk\/wp-content\/uploads\/2023\/08\/1_discours_concerts0060-1024x683.jpg 1024w, https:\/\/institutfrancais.sk\/wp-content\/uploads\/2023\/08\/1_discours_concerts0060-300x200.jpg 300w, https:\/\/institutfrancais.sk\/wp-content\/uploads\/2023\/08\/1_discours_concerts0060-768x512.jpg 768w, https:\/\/institutfrancais.sk\/wp-content\/uploads\/2023\/08\/1_discours_concerts0060-1536x1024.jpg 1536w, https:\/\/institutfrancais.sk\/wp-content\/uploads\/2023\/08\/1_discours_concerts0060-2048x1365.jpg 2048w, https:\/\/institutfrancais.sk\/wp-content\/uploads\/2023\/08\/1_discours_concerts0060-1190x793.jpg 1190w, https:\/\/institutfrancais.sk\/wp-content\/uploads\/2023\/08\/1_discours_concerts0060-1500x1000.jpg 1500w\" sizes=\"(max-width: 1024px) 100vw, 1024px\" \/><\/figure><\/li><\/ul><\/figure>\n\n\n\n<figure class=\"wp-block-embed is-type-video is-provider-youtube wp-block-embed-youtube wp-embed-aspect-16-9 wp-has-aspect-ratio\"><div class=\"wp-block-embed__wrapper\">\n<iframe loading=\"lazy\" title=\"Franc\u00fazsky de\u0148 \/ 14 JUILLET 2023\" width=\"500\" height=\"281\" src=\"https:\/\/www.youtube.com\/embed\/Gq5B4k6DdOM?feature=oembed\" frameborder=\"0\" allow=\"accelerometer; autoplay; clipboard-write; encrypted-media; gyroscope; picture-in-picture; web-share\" referrerpolicy=\"strict-origin-when-cross-origin\" allowfullscreen><\/iframe>\n<\/div><figcaption>Franc\u00fazsky de\u0148 &#8211;&nbsp;komplet video<\/figcaption><\/figure>\n\n\n\n<p>Franc\u00fazsky de\u0148<\/p>\n\n\n\n<figure class=\"wp-block-gallery columns-4 is-cropped wp-block-gallery-4 is-layout-flex wp-block-gallery-is-layout-flex\"><ul class=\"blocks-gallery-grid\"><li class=\"blocks-gallery-item\"><figure><img loading=\"lazy\" decoding=\"async\" width=\"1024\" height=\"683\" src=\"https:\/\/institutfrancais.sk\/wp-content\/uploads\/2023\/08\/3_Marche-francais_0002-1024x683.jpg\" alt=\"\" data-id=\"28367\" data-full-url=\"https:\/\/institutfrancais.sk\/wp-content\/uploads\/2023\/08\/3_Marche-francais_0002-scaled.jpg\" data-link=\"https:\/\/institutfrancais.sk\/podujatie\/oslavte-s-nami-dobytie-bastily\/3_marche-francais_0002\/\" class=\"wp-image-28367\" srcset=\"https:\/\/institutfrancais.sk\/wp-content\/uploads\/2023\/08\/3_Marche-francais_0002-1024x683.jpg 1024w, https:\/\/institutfrancais.sk\/wp-content\/uploads\/2023\/08\/3_Marche-francais_0002-300x200.jpg 300w, https:\/\/institutfrancais.sk\/wp-content\/uploads\/2023\/08\/3_Marche-francais_0002-768x512.jpg 768w, https:\/\/institutfrancais.sk\/wp-content\/uploads\/2023\/08\/3_Marche-francais_0002-1536x1024.jpg 1536w, https:\/\/institutfrancais.sk\/wp-content\/uploads\/2023\/08\/3_Marche-francais_0002-2048x1365.jpg 2048w, https:\/\/institutfrancais.sk\/wp-content\/uploads\/2023\/08\/3_Marche-francais_0002-1190x793.jpg 1190w, https:\/\/institutfrancais.sk\/wp-content\/uploads\/2023\/08\/3_Marche-francais_0002-1500x1000.jpg 1500w\" sizes=\"(max-width: 1024px) 100vw, 1024px\" \/><\/figure><\/li><li class=\"blocks-gallery-item\"><figure><img loading=\"lazy\" decoding=\"async\" width=\"1024\" height=\"683\" src=\"https:\/\/institutfrancais.sk\/wp-content\/uploads\/2023\/08\/3_Marche-francais_0003-1024x683.jpg\" alt=\"\" data-id=\"28369\" data-full-url=\"https:\/\/institutfrancais.sk\/wp-content\/uploads\/2023\/08\/3_Marche-francais_0003-scaled.jpg\" data-link=\"https:\/\/institutfrancais.sk\/podujatie\/oslavte-s-nami-dobytie-bastily\/3_marche-francais_0003\/\" class=\"wp-image-28369\" srcset=\"https:\/\/institutfrancais.sk\/wp-content\/uploads\/2023\/08\/3_Marche-francais_0003-1024x683.jpg 1024w, https:\/\/institutfrancais.sk\/wp-content\/uploads\/2023\/08\/3_Marche-francais_0003-300x200.jpg 300w, https:\/\/institutfrancais.sk\/wp-content\/uploads\/2023\/08\/3_Marche-francais_0003-768x512.jpg 768w, https:\/\/institutfrancais.sk\/wp-content\/uploads\/2023\/08\/3_Marche-francais_0003-1536x1024.jpg 1536w, https:\/\/institutfrancais.sk\/wp-content\/uploads\/2023\/08\/3_Marche-francais_0003-2048x1365.jpg 2048w, https:\/\/institutfrancais.sk\/wp-content\/uploads\/2023\/08\/3_Marche-francais_0003-1190x793.jpg 1190w, https:\/\/institutfrancais.sk\/wp-content\/uploads\/2023\/08\/3_Marche-francais_0003-1500x1000.jpg 1500w\" sizes=\"(max-width: 1024px) 100vw, 1024px\" \/><\/figure><\/li><li class=\"blocks-gallery-item\"><figure><img loading=\"lazy\" decoding=\"async\" width=\"1024\" height=\"683\" src=\"https:\/\/institutfrancais.sk\/wp-content\/uploads\/2023\/08\/3_Marche-francais_0004-1024x683.jpg\" alt=\"\" data-id=\"28371\" data-full-url=\"https:\/\/institutfrancais.sk\/wp-content\/uploads\/2023\/08\/3_Marche-francais_0004-scaled.jpg\" data-link=\"https:\/\/institutfrancais.sk\/podujatie\/oslavte-s-nami-dobytie-bastily\/3_marche-francais_0004\/\" class=\"wp-image-28371\" srcset=\"https:\/\/institutfrancais.sk\/wp-content\/uploads\/2023\/08\/3_Marche-francais_0004-1024x683.jpg 1024w, https:\/\/institutfrancais.sk\/wp-content\/uploads\/2023\/08\/3_Marche-francais_0004-300x200.jpg 300w, https:\/\/institutfrancais.sk\/wp-content\/uploads\/2023\/08\/3_Marche-francais_0004-768x512.jpg 768w, https:\/\/institutfrancais.sk\/wp-content\/uploads\/2023\/08\/3_Marche-francais_0004-1536x1024.jpg 1536w, https:\/\/institutfrancais.sk\/wp-content\/uploads\/2023\/08\/3_Marche-francais_0004-2048x1365.jpg 2048w, https:\/\/institutfrancais.sk\/wp-content\/uploads\/2023\/08\/3_Marche-francais_0004-1190x793.jpg 1190w, https:\/\/institutfrancais.sk\/wp-content\/uploads\/2023\/08\/3_Marche-francais_0004-1500x1000.jpg 1500w\" sizes=\"(max-width: 1024px) 100vw, 1024px\" \/><\/figure><\/li><li class=\"blocks-gallery-item\"><figure><img loading=\"lazy\" decoding=\"async\" width=\"1024\" height=\"683\" src=\"https:\/\/institutfrancais.sk\/wp-content\/uploads\/2023\/08\/3_Marche-francais_0005-1024x683.jpg\" alt=\"\" data-id=\"28373\" data-full-url=\"https:\/\/institutfrancais.sk\/wp-content\/uploads\/2023\/08\/3_Marche-francais_0005-scaled.jpg\" data-link=\"https:\/\/institutfrancais.sk\/podujatie\/oslavte-s-nami-dobytie-bastily\/3_marche-francais_0005\/\" class=\"wp-image-28373\" srcset=\"https:\/\/institutfrancais.sk\/wp-content\/uploads\/2023\/08\/3_Marche-francais_0005-1024x683.jpg 1024w, https:\/\/institutfrancais.sk\/wp-content\/uploads\/2023\/08\/3_Marche-francais_0005-300x200.jpg 300w, https:\/\/institutfrancais.sk\/wp-content\/uploads\/2023\/08\/3_Marche-francais_0005-768x512.jpg 768w, https:\/\/institutfrancais.sk\/wp-content\/uploads\/2023\/08\/3_Marche-francais_0005-1536x1024.jpg 1536w, https:\/\/institutfrancais.sk\/wp-content\/uploads\/2023\/08\/3_Marche-francais_0005-2048x1365.jpg 2048w, https:\/\/institutfrancais.sk\/wp-content\/uploads\/2023\/08\/3_Marche-francais_0005-1190x793.jpg 1190w, https:\/\/institutfrancais.sk\/wp-content\/uploads\/2023\/08\/3_Marche-francais_0005-1500x1000.jpg 1500w\" sizes=\"(max-width: 1024px) 100vw, 1024px\" \/><\/figure><\/li><li class=\"blocks-gallery-item\"><figure><img loading=\"lazy\" decoding=\"async\" width=\"1024\" height=\"683\" src=\"https:\/\/institutfrancais.sk\/wp-content\/uploads\/2023\/08\/3_Marche-francais_0006-1024x683.jpg\" alt=\"\" data-id=\"28375\" data-full-url=\"https:\/\/institutfrancais.sk\/wp-content\/uploads\/2023\/08\/3_Marche-francais_0006-scaled.jpg\" data-link=\"https:\/\/institutfrancais.sk\/podujatie\/oslavte-s-nami-dobytie-bastily\/3_marche-francais_0006\/\" class=\"wp-image-28375\" srcset=\"https:\/\/institutfrancais.sk\/wp-content\/uploads\/2023\/08\/3_Marche-francais_0006-1024x683.jpg 1024w, https:\/\/institutfrancais.sk\/wp-content\/uploads\/2023\/08\/3_Marche-francais_0006-300x200.jpg 300w, https:\/\/institutfrancais.sk\/wp-content\/uploads\/2023\/08\/3_Marche-francais_0006-768x512.jpg 768w, https:\/\/institutfrancais.sk\/wp-content\/uploads\/2023\/08\/3_Marche-francais_0006-1536x1024.jpg 1536w, https:\/\/institutfrancais.sk\/wp-content\/uploads\/2023\/08\/3_Marche-francais_0006-2048x1365.jpg 2048w, https:\/\/institutfrancais.sk\/wp-content\/uploads\/2023\/08\/3_Marche-francais_0006-1190x793.jpg 1190w, https:\/\/institutfrancais.sk\/wp-content\/uploads\/2023\/08\/3_Marche-francais_0006-1500x1000.jpg 1500w\" sizes=\"(max-width: 1024px) 100vw, 1024px\" \/><\/figure><\/li><li class=\"blocks-gallery-item\"><figure><img loading=\"lazy\" decoding=\"async\" width=\"1024\" height=\"683\" src=\"https:\/\/institutfrancais.sk\/wp-content\/uploads\/2023\/08\/3_Marche-francais_0007-1024x683.jpg\" alt=\"\" data-id=\"28377\" data-full-url=\"https:\/\/institutfrancais.sk\/wp-content\/uploads\/2023\/08\/3_Marche-francais_0007-scaled.jpg\" data-link=\"https:\/\/institutfrancais.sk\/podujatie\/oslavte-s-nami-dobytie-bastily\/3_marche-francais_0007\/\" class=\"wp-image-28377\" srcset=\"https:\/\/institutfrancais.sk\/wp-content\/uploads\/2023\/08\/3_Marche-francais_0007-1024x683.jpg 1024w, https:\/\/institutfrancais.sk\/wp-content\/uploads\/2023\/08\/3_Marche-francais_0007-300x200.jpg 300w, https:\/\/institutfrancais.sk\/wp-content\/uploads\/2023\/08\/3_Marche-francais_0007-768x512.jpg 768w, https:\/\/institutfrancais.sk\/wp-content\/uploads\/2023\/08\/3_Marche-francais_0007-1536x1024.jpg 1536w, https:\/\/institutfrancais.sk\/wp-content\/uploads\/2023\/08\/3_Marche-francais_0007-2048x1365.jpg 2048w, https:\/\/institutfrancais.sk\/wp-content\/uploads\/2023\/08\/3_Marche-francais_0007-1190x793.jpg 1190w, https:\/\/institutfrancais.sk\/wp-content\/uploads\/2023\/08\/3_Marche-francais_0007-1500x1000.jpg 1500w\" sizes=\"(max-width: 1024px) 100vw, 1024px\" \/><\/figure><\/li><li class=\"blocks-gallery-item\"><figure><img loading=\"lazy\" decoding=\"async\" width=\"1024\" height=\"683\" src=\"https:\/\/institutfrancais.sk\/wp-content\/uploads\/2023\/08\/3_Marche-francais_0008-1024x683.jpg\" alt=\"\" data-id=\"28379\" data-full-url=\"https:\/\/institutfrancais.sk\/wp-content\/uploads\/2023\/08\/3_Marche-francais_0008-scaled.jpg\" data-link=\"https:\/\/institutfrancais.sk\/podujatie\/oslavte-s-nami-dobytie-bastily\/3_marche-francais_0008\/\" class=\"wp-image-28379\" srcset=\"https:\/\/institutfrancais.sk\/wp-content\/uploads\/2023\/08\/3_Marche-francais_0008-1024x683.jpg 1024w, https:\/\/institutfrancais.sk\/wp-content\/uploads\/2023\/08\/3_Marche-francais_0008-300x200.jpg 300w, https:\/\/institutfrancais.sk\/wp-content\/uploads\/2023\/08\/3_Marche-francais_0008-768x512.jpg 768w, https:\/\/institutfrancais.sk\/wp-content\/uploads\/2023\/08\/3_Marche-francais_0008-1536x1024.jpg 1536w, https:\/\/institutfrancais.sk\/wp-content\/uploads\/2023\/08\/3_Marche-francais_0008-2048x1365.jpg 2048w, https:\/\/institutfrancais.sk\/wp-content\/uploads\/2023\/08\/3_Marche-francais_0008-1190x793.jpg 1190w, https:\/\/institutfrancais.sk\/wp-content\/uploads\/2023\/08\/3_Marche-francais_0008-1500x1000.jpg 1500w\" sizes=\"(max-width: 1024px) 100vw, 1024px\" \/><\/figure><\/li><li class=\"blocks-gallery-item\"><figure><img loading=\"lazy\" decoding=\"async\" width=\"1024\" height=\"683\" src=\"https:\/\/institutfrancais.sk\/wp-content\/uploads\/2023\/08\/3_Marche-francais_0009-1024x683.jpg\" alt=\"\" data-id=\"28381\" data-full-url=\"https:\/\/institutfrancais.sk\/wp-content\/uploads\/2023\/08\/3_Marche-francais_0009-scaled.jpg\" data-link=\"https:\/\/institutfrancais.sk\/podujatie\/oslavte-s-nami-dobytie-bastily\/3_marche-francais_0009\/\" class=\"wp-image-28381\" srcset=\"https:\/\/institutfrancais.sk\/wp-content\/uploads\/2023\/08\/3_Marche-francais_0009-1024x683.jpg 1024w, https:\/\/institutfrancais.sk\/wp-content\/uploads\/2023\/08\/3_Marche-francais_0009-300x200.jpg 300w, https:\/\/institutfrancais.sk\/wp-content\/uploads\/2023\/08\/3_Marche-francais_0009-768x512.jpg 768w, https:\/\/institutfrancais.sk\/wp-content\/uploads\/2023\/08\/3_Marche-francais_0009-1536x1024.jpg 1536w, https:\/\/institutfrancais.sk\/wp-content\/uploads\/2023\/08\/3_Marche-francais_0009-2048x1365.jpg 2048w, https:\/\/institutfrancais.sk\/wp-content\/uploads\/2023\/08\/3_Marche-francais_0009-1190x793.jpg 1190w, https:\/\/institutfrancais.sk\/wp-content\/uploads\/2023\/08\/3_Marche-francais_0009-1500x1000.jpg 1500w\" sizes=\"(max-width: 1024px) 100vw, 1024px\" \/><\/figure><\/li><li class=\"blocks-gallery-item\"><figure><img loading=\"lazy\" decoding=\"async\" width=\"1024\" height=\"683\" src=\"https:\/\/institutfrancais.sk\/wp-content\/uploads\/2023\/08\/3_Marche-francais_0011-1024x683.jpg\" alt=\"\" data-id=\"28383\" data-full-url=\"https:\/\/institutfrancais.sk\/wp-content\/uploads\/2023\/08\/3_Marche-francais_0011-scaled.jpg\" data-link=\"https:\/\/institutfrancais.sk\/podujatie\/oslavte-s-nami-dobytie-bastily\/3_marche-francais_0011\/\" class=\"wp-image-28383\" srcset=\"https:\/\/institutfrancais.sk\/wp-content\/uploads\/2023\/08\/3_Marche-francais_0011-1024x683.jpg 1024w, https:\/\/institutfrancais.sk\/wp-content\/uploads\/2023\/08\/3_Marche-francais_0011-300x200.jpg 300w, https:\/\/institutfrancais.sk\/wp-content\/uploads\/2023\/08\/3_Marche-francais_0011-768x512.jpg 768w, https:\/\/institutfrancais.sk\/wp-content\/uploads\/2023\/08\/3_Marche-francais_0011-1536x1024.jpg 1536w, https:\/\/institutfrancais.sk\/wp-content\/uploads\/2023\/08\/3_Marche-francais_0011-2048x1365.jpg 2048w, https:\/\/institutfrancais.sk\/wp-content\/uploads\/2023\/08\/3_Marche-francais_0011-1190x793.jpg 1190w, https:\/\/institutfrancais.sk\/wp-content\/uploads\/2023\/08\/3_Marche-francais_0011-1500x1000.jpg 1500w\" sizes=\"(max-width: 1024px) 100vw, 1024px\" \/><\/figure><\/li><li class=\"blocks-gallery-item\"><figure><img loading=\"lazy\" decoding=\"async\" width=\"1024\" height=\"683\" src=\"https:\/\/institutfrancais.sk\/wp-content\/uploads\/2023\/08\/3_Marche-francais_0012-1024x683.jpg\" alt=\"\" data-id=\"28385\" data-full-url=\"https:\/\/institutfrancais.sk\/wp-content\/uploads\/2023\/08\/3_Marche-francais_0012-scaled.jpg\" data-link=\"https:\/\/institutfrancais.sk\/podujatie\/oslavte-s-nami-dobytie-bastily\/3_marche-francais_0012\/\" class=\"wp-image-28385\" srcset=\"https:\/\/institutfrancais.sk\/wp-content\/uploads\/2023\/08\/3_Marche-francais_0012-1024x683.jpg 1024w, https:\/\/institutfrancais.sk\/wp-content\/uploads\/2023\/08\/3_Marche-francais_0012-300x200.jpg 300w, https:\/\/institutfrancais.sk\/wp-content\/uploads\/2023\/08\/3_Marche-francais_0012-768x512.jpg 768w, https:\/\/institutfrancais.sk\/wp-content\/uploads\/2023\/08\/3_Marche-francais_0012-1536x1024.jpg 1536w, https:\/\/institutfrancais.sk\/wp-content\/uploads\/2023\/08\/3_Marche-francais_0012-2048x1365.jpg 2048w, https:\/\/institutfrancais.sk\/wp-content\/uploads\/2023\/08\/3_Marche-francais_0012-1190x793.jpg 1190w, https:\/\/institutfrancais.sk\/wp-content\/uploads\/2023\/08\/3_Marche-francais_0012-1500x1000.jpg 1500w\" sizes=\"(max-width: 1024px) 100vw, 1024px\" \/><\/figure><\/li><li class=\"blocks-gallery-item\"><figure><img loading=\"lazy\" decoding=\"async\" width=\"1024\" height=\"683\" src=\"https:\/\/institutfrancais.sk\/wp-content\/uploads\/2023\/08\/3_Marche-francais_0013-1024x683.jpg\" alt=\"\" data-id=\"28387\" data-full-url=\"https:\/\/institutfrancais.sk\/wp-content\/uploads\/2023\/08\/3_Marche-francais_0013-scaled.jpg\" data-link=\"https:\/\/institutfrancais.sk\/podujatie\/oslavte-s-nami-dobytie-bastily\/3_marche-francais_0013\/\" class=\"wp-image-28387\" srcset=\"https:\/\/institutfrancais.sk\/wp-content\/uploads\/2023\/08\/3_Marche-francais_0013-1024x683.jpg 1024w, https:\/\/institutfrancais.sk\/wp-content\/uploads\/2023\/08\/3_Marche-francais_0013-300x200.jpg 300w, https:\/\/institutfrancais.sk\/wp-content\/uploads\/2023\/08\/3_Marche-francais_0013-768x512.jpg 768w, https:\/\/institutfrancais.sk\/wp-content\/uploads\/2023\/08\/3_Marche-francais_0013-1536x1024.jpg 1536w, https:\/\/institutfrancais.sk\/wp-content\/uploads\/2023\/08\/3_Marche-francais_0013-2048x1365.jpg 2048w, https:\/\/institutfrancais.sk\/wp-content\/uploads\/2023\/08\/3_Marche-francais_0013-1190x793.jpg 1190w, https:\/\/institutfrancais.sk\/wp-content\/uploads\/2023\/08\/3_Marche-francais_0013-1500x1000.jpg 1500w\" sizes=\"(max-width: 1024px) 100vw, 1024px\" \/><\/figure><\/li><li class=\"blocks-gallery-item\"><figure><img loading=\"lazy\" decoding=\"async\" width=\"1024\" height=\"683\" src=\"https:\/\/institutfrancais.sk\/wp-content\/uploads\/2023\/08\/3_Marche-francais_0014-1024x683.jpg\" alt=\"\" data-id=\"28389\" data-full-url=\"https:\/\/institutfrancais.sk\/wp-content\/uploads\/2023\/08\/3_Marche-francais_0014-scaled.jpg\" data-link=\"https:\/\/institutfrancais.sk\/podujatie\/oslavte-s-nami-dobytie-bastily\/3_marche-francais_0014\/\" class=\"wp-image-28389\" srcset=\"https:\/\/institutfrancais.sk\/wp-content\/uploads\/2023\/08\/3_Marche-francais_0014-1024x683.jpg 1024w, https:\/\/institutfrancais.sk\/wp-content\/uploads\/2023\/08\/3_Marche-francais_0014-300x200.jpg 300w, https:\/\/institutfrancais.sk\/wp-content\/uploads\/2023\/08\/3_Marche-francais_0014-768x512.jpg 768w, https:\/\/institutfrancais.sk\/wp-content\/uploads\/2023\/08\/3_Marche-francais_0014-1536x1024.jpg 1536w, https:\/\/institutfrancais.sk\/wp-content\/uploads\/2023\/08\/3_Marche-francais_0014-2048x1365.jpg 2048w, https:\/\/institutfrancais.sk\/wp-content\/uploads\/2023\/08\/3_Marche-francais_0014-1190x793.jpg 1190w, https:\/\/institutfrancais.sk\/wp-content\/uploads\/2023\/08\/3_Marche-francais_0014-1500x1000.jpg 1500w\" sizes=\"(max-width: 1024px) 100vw, 1024px\" \/><\/figure><\/li><li class=\"blocks-gallery-item\"><figure><img loading=\"lazy\" decoding=\"async\" width=\"1024\" height=\"683\" src=\"https:\/\/institutfrancais.sk\/wp-content\/uploads\/2023\/08\/3_Marche-francais_0015-1024x683.jpg\" alt=\"\" data-id=\"28391\" data-full-url=\"https:\/\/institutfrancais.sk\/wp-content\/uploads\/2023\/08\/3_Marche-francais_0015-scaled.jpg\" data-link=\"https:\/\/institutfrancais.sk\/podujatie\/oslavte-s-nami-dobytie-bastily\/3_marche-francais_0015\/\" class=\"wp-image-28391\" srcset=\"https:\/\/institutfrancais.sk\/wp-content\/uploads\/2023\/08\/3_Marche-francais_0015-1024x683.jpg 1024w, https:\/\/institutfrancais.sk\/wp-content\/uploads\/2023\/08\/3_Marche-francais_0015-300x200.jpg 300w, https:\/\/institutfrancais.sk\/wp-content\/uploads\/2023\/08\/3_Marche-francais_0015-768x512.jpg 768w, https:\/\/institutfrancais.sk\/wp-content\/uploads\/2023\/08\/3_Marche-francais_0015-1536x1024.jpg 1536w, https:\/\/institutfrancais.sk\/wp-content\/uploads\/2023\/08\/3_Marche-francais_0015-2048x1365.jpg 2048w, https:\/\/institutfrancais.sk\/wp-content\/uploads\/2023\/08\/3_Marche-francais_0015-1190x793.jpg 1190w, https:\/\/institutfrancais.sk\/wp-content\/uploads\/2023\/08\/3_Marche-francais_0015-1500x1000.jpg 1500w\" sizes=\"(max-width: 1024px) 100vw, 1024px\" \/><\/figure><\/li><li class=\"blocks-gallery-item\"><figure><img loading=\"lazy\" decoding=\"async\" width=\"1024\" height=\"683\" src=\"https:\/\/institutfrancais.sk\/wp-content\/uploads\/2023\/08\/3_Marche-francais_0016-1024x683.jpg\" alt=\"\" data-id=\"28393\" data-full-url=\"https:\/\/institutfrancais.sk\/wp-content\/uploads\/2023\/08\/3_Marche-francais_0016-scaled.jpg\" data-link=\"https:\/\/institutfrancais.sk\/podujatie\/oslavte-s-nami-dobytie-bastily\/3_marche-francais_0016\/\" class=\"wp-image-28393\" srcset=\"https:\/\/institutfrancais.sk\/wp-content\/uploads\/2023\/08\/3_Marche-francais_0016-1024x683.jpg 1024w, https:\/\/institutfrancais.sk\/wp-content\/uploads\/2023\/08\/3_Marche-francais_0016-300x200.jpg 300w, https:\/\/institutfrancais.sk\/wp-content\/uploads\/2023\/08\/3_Marche-francais_0016-768x512.jpg 768w, https:\/\/institutfrancais.sk\/wp-content\/uploads\/2023\/08\/3_Marche-francais_0016-1536x1024.jpg 1536w, https:\/\/institutfrancais.sk\/wp-content\/uploads\/2023\/08\/3_Marche-francais_0016-2048x1365.jpg 2048w, https:\/\/institutfrancais.sk\/wp-content\/uploads\/2023\/08\/3_Marche-francais_0016-1190x793.jpg 1190w, https:\/\/institutfrancais.sk\/wp-content\/uploads\/2023\/08\/3_Marche-francais_0016-1500x1000.jpg 1500w\" sizes=\"(max-width: 1024px) 100vw, 1024px\" \/><\/figure><\/li><li class=\"blocks-gallery-item\"><figure><img loading=\"lazy\" decoding=\"async\" width=\"1024\" height=\"683\" src=\"https:\/\/institutfrancais.sk\/wp-content\/uploads\/2023\/08\/3_Marche-francais_0018-1024x683.jpg\" alt=\"\" data-id=\"28395\" data-full-url=\"https:\/\/institutfrancais.sk\/wp-content\/uploads\/2023\/08\/3_Marche-francais_0018-scaled.jpg\" data-link=\"https:\/\/institutfrancais.sk\/podujatie\/oslavte-s-nami-dobytie-bastily\/3_marche-francais_0018\/\" class=\"wp-image-28395\" srcset=\"https:\/\/institutfrancais.sk\/wp-content\/uploads\/2023\/08\/3_Marche-francais_0018-1024x683.jpg 1024w, https:\/\/institutfrancais.sk\/wp-content\/uploads\/2023\/08\/3_Marche-francais_0018-300x200.jpg 300w, https:\/\/institutfrancais.sk\/wp-content\/uploads\/2023\/08\/3_Marche-francais_0018-768x512.jpg 768w, https:\/\/institutfrancais.sk\/wp-content\/uploads\/2023\/08\/3_Marche-francais_0018-1536x1024.jpg 1536w, https:\/\/institutfrancais.sk\/wp-content\/uploads\/2023\/08\/3_Marche-francais_0018-2048x1365.jpg 2048w, https:\/\/institutfrancais.sk\/wp-content\/uploads\/2023\/08\/3_Marche-francais_0018-1190x793.jpg 1190w, https:\/\/institutfrancais.sk\/wp-content\/uploads\/2023\/08\/3_Marche-francais_0018-1500x1000.jpg 1500w\" sizes=\"(max-width: 1024px) 100vw, 1024px\" \/><\/figure><\/li><li class=\"blocks-gallery-item\"><figure><img loading=\"lazy\" decoding=\"async\" width=\"1024\" height=\"683\" src=\"https:\/\/institutfrancais.sk\/wp-content\/uploads\/2023\/08\/3_Marche-francais_0019-1024x683.jpg\" alt=\"\" data-id=\"28397\" data-full-url=\"https:\/\/institutfrancais.sk\/wp-content\/uploads\/2023\/08\/3_Marche-francais_0019-scaled.jpg\" data-link=\"https:\/\/institutfrancais.sk\/podujatie\/oslavte-s-nami-dobytie-bastily\/3_marche-francais_0019\/\" class=\"wp-image-28397\" srcset=\"https:\/\/institutfrancais.sk\/wp-content\/uploads\/2023\/08\/3_Marche-francais_0019-1024x683.jpg 1024w, https:\/\/institutfrancais.sk\/wp-content\/uploads\/2023\/08\/3_Marche-francais_0019-300x200.jpg 300w, https:\/\/institutfrancais.sk\/wp-content\/uploads\/2023\/08\/3_Marche-francais_0019-768x512.jpg 768w, https:\/\/institutfrancais.sk\/wp-content\/uploads\/2023\/08\/3_Marche-francais_0019-1536x1024.jpg 1536w, https:\/\/institutfrancais.sk\/wp-content\/uploads\/2023\/08\/3_Marche-francais_0019-2048x1365.jpg 2048w, https:\/\/institutfrancais.sk\/wp-content\/uploads\/2023\/08\/3_Marche-francais_0019-1190x793.jpg 1190w, https:\/\/institutfrancais.sk\/wp-content\/uploads\/2023\/08\/3_Marche-francais_0019-1500x1000.jpg 1500w\" sizes=\"(max-width: 1024px) 100vw, 1024px\" \/><\/figure><\/li><li class=\"blocks-gallery-item\"><figure><img loading=\"lazy\" decoding=\"async\" width=\"1024\" height=\"683\" src=\"https:\/\/institutfrancais.sk\/wp-content\/uploads\/2023\/08\/3_Marche-francais_0020-1024x683.jpg\" alt=\"\" data-id=\"28399\" data-full-url=\"https:\/\/institutfrancais.sk\/wp-content\/uploads\/2023\/08\/3_Marche-francais_0020-scaled.jpg\" data-link=\"https:\/\/institutfrancais.sk\/podujatie\/oslavte-s-nami-dobytie-bastily\/3_marche-francais_0020\/\" class=\"wp-image-28399\" srcset=\"https:\/\/institutfrancais.sk\/wp-content\/uploads\/2023\/08\/3_Marche-francais_0020-1024x683.jpg 1024w, https:\/\/institutfrancais.sk\/wp-content\/uploads\/2023\/08\/3_Marche-francais_0020-300x200.jpg 300w, https:\/\/institutfrancais.sk\/wp-content\/uploads\/2023\/08\/3_Marche-francais_0020-768x512.jpg 768w, https:\/\/institutfrancais.sk\/wp-content\/uploads\/2023\/08\/3_Marche-francais_0020-1536x1024.jpg 1536w, https:\/\/institutfrancais.sk\/wp-content\/uploads\/2023\/08\/3_Marche-francais_0020-2048x1365.jpg 2048w, https:\/\/institutfrancais.sk\/wp-content\/uploads\/2023\/08\/3_Marche-francais_0020-1190x793.jpg 1190w, https:\/\/institutfrancais.sk\/wp-content\/uploads\/2023\/08\/3_Marche-francais_0020-1500x1000.jpg 1500w\" sizes=\"(max-width: 1024px) 100vw, 1024px\" \/><\/figure><\/li><li class=\"blocks-gallery-item\"><figure><img loading=\"lazy\" decoding=\"async\" width=\"1024\" height=\"683\" src=\"https:\/\/institutfrancais.sk\/wp-content\/uploads\/2023\/08\/3_Marche-francais_0021-1-1024x683.jpg\" alt=\"\" data-id=\"28401\" data-full-url=\"https:\/\/institutfrancais.sk\/wp-content\/uploads\/2023\/08\/3_Marche-francais_0021-1-scaled.jpg\" data-link=\"https:\/\/institutfrancais.sk\/podujatie\/oslavte-s-nami-dobytie-bastily\/3_marche-francais_0021-1\/\" class=\"wp-image-28401\" srcset=\"https:\/\/institutfrancais.sk\/wp-content\/uploads\/2023\/08\/3_Marche-francais_0021-1-1024x683.jpg 1024w, https:\/\/institutfrancais.sk\/wp-content\/uploads\/2023\/08\/3_Marche-francais_0021-1-300x200.jpg 300w, https:\/\/institutfrancais.sk\/wp-content\/uploads\/2023\/08\/3_Marche-francais_0021-1-768x512.jpg 768w, https:\/\/institutfrancais.sk\/wp-content\/uploads\/2023\/08\/3_Marche-francais_0021-1-1536x1024.jpg 1536w, https:\/\/institutfrancais.sk\/wp-content\/uploads\/2023\/08\/3_Marche-francais_0021-1-2048x1365.jpg 2048w, https:\/\/institutfrancais.sk\/wp-content\/uploads\/2023\/08\/3_Marche-francais_0021-1-1190x793.jpg 1190w, https:\/\/institutfrancais.sk\/wp-content\/uploads\/2023\/08\/3_Marche-francais_0021-1-1500x1000.jpg 1500w\" sizes=\"(max-width: 1024px) 100vw, 1024px\" \/><\/figure><\/li><li class=\"blocks-gallery-item\"><figure><img loading=\"lazy\" decoding=\"async\" width=\"1024\" height=\"683\" src=\"https:\/\/institutfrancais.sk\/wp-content\/uploads\/2023\/08\/3_Marche-francais_0022-1024x683.jpg\" alt=\"\" data-id=\"28403\" data-full-url=\"https:\/\/institutfrancais.sk\/wp-content\/uploads\/2023\/08\/3_Marche-francais_0022-scaled.jpg\" data-link=\"https:\/\/institutfrancais.sk\/podujatie\/oslavte-s-nami-dobytie-bastily\/3_marche-francais_0022\/\" class=\"wp-image-28403\" srcset=\"https:\/\/institutfrancais.sk\/wp-content\/uploads\/2023\/08\/3_Marche-francais_0022-1024x683.jpg 1024w, https:\/\/institutfrancais.sk\/wp-content\/uploads\/2023\/08\/3_Marche-francais_0022-300x200.jpg 300w, https:\/\/institutfrancais.sk\/wp-content\/uploads\/2023\/08\/3_Marche-francais_0022-768x512.jpg 768w, https:\/\/institutfrancais.sk\/wp-content\/uploads\/2023\/08\/3_Marche-francais_0022-1536x1024.jpg 1536w, https:\/\/institutfrancais.sk\/wp-content\/uploads\/2023\/08\/3_Marche-francais_0022-2048x1365.jpg 2048w, https:\/\/institutfrancais.sk\/wp-content\/uploads\/2023\/08\/3_Marche-francais_0022-1190x793.jpg 1190w, https:\/\/institutfrancais.sk\/wp-content\/uploads\/2023\/08\/3_Marche-francais_0022-1500x1000.jpg 1500w\" sizes=\"(max-width: 1024px) 100vw, 1024px\" \/><\/figure><\/li><li class=\"blocks-gallery-item\"><figure><img loading=\"lazy\" decoding=\"async\" width=\"1024\" height=\"683\" src=\"https:\/\/institutfrancais.sk\/wp-content\/uploads\/2023\/08\/3_Marche-francais_0024-1024x683.jpg\" alt=\"\" data-id=\"28405\" data-full-url=\"https:\/\/institutfrancais.sk\/wp-content\/uploads\/2023\/08\/3_Marche-francais_0024-scaled.jpg\" data-link=\"https:\/\/institutfrancais.sk\/podujatie\/oslavte-s-nami-dobytie-bastily\/3_marche-francais_0024\/\" class=\"wp-image-28405\" srcset=\"https:\/\/institutfrancais.sk\/wp-content\/uploads\/2023\/08\/3_Marche-francais_0024-1024x683.jpg 1024w, https:\/\/institutfrancais.sk\/wp-content\/uploads\/2023\/08\/3_Marche-francais_0024-300x200.jpg 300w, https:\/\/institutfrancais.sk\/wp-content\/uploads\/2023\/08\/3_Marche-francais_0024-768x512.jpg 768w, https:\/\/institutfrancais.sk\/wp-content\/uploads\/2023\/08\/3_Marche-francais_0024-1536x1024.jpg 1536w, https:\/\/institutfrancais.sk\/wp-content\/uploads\/2023\/08\/3_Marche-francais_0024-2048x1365.jpg 2048w, https:\/\/institutfrancais.sk\/wp-content\/uploads\/2023\/08\/3_Marche-francais_0024-1190x793.jpg 1190w, https:\/\/institutfrancais.sk\/wp-content\/uploads\/2023\/08\/3_Marche-francais_0024-1500x1000.jpg 1500w\" sizes=\"(max-width: 1024px) 100vw, 1024px\" \/><\/figure><\/li><li class=\"blocks-gallery-item\"><figure><img loading=\"lazy\" decoding=\"async\" width=\"1024\" height=\"683\" src=\"https:\/\/institutfrancais.sk\/wp-content\/uploads\/2023\/08\/3_Marche-francais_0025-1024x683.jpg\" alt=\"\" data-id=\"28407\" data-full-url=\"https:\/\/institutfrancais.sk\/wp-content\/uploads\/2023\/08\/3_Marche-francais_0025-scaled.jpg\" data-link=\"https:\/\/institutfrancais.sk\/podujatie\/oslavte-s-nami-dobytie-bastily\/3_marche-francais_0025\/\" class=\"wp-image-28407\" srcset=\"https:\/\/institutfrancais.sk\/wp-content\/uploads\/2023\/08\/3_Marche-francais_0025-1024x683.jpg 1024w, https:\/\/institutfrancais.sk\/wp-content\/uploads\/2023\/08\/3_Marche-francais_0025-300x200.jpg 300w, https:\/\/institutfrancais.sk\/wp-content\/uploads\/2023\/08\/3_Marche-francais_0025-768x512.jpg 768w, https:\/\/institutfrancais.sk\/wp-content\/uploads\/2023\/08\/3_Marche-francais_0025-1536x1024.jpg 1536w, https:\/\/institutfrancais.sk\/wp-content\/uploads\/2023\/08\/3_Marche-francais_0025-2048x1365.jpg 2048w, https:\/\/institutfrancais.sk\/wp-content\/uploads\/2023\/08\/3_Marche-francais_0025-1190x793.jpg 1190w, https:\/\/institutfrancais.sk\/wp-content\/uploads\/2023\/08\/3_Marche-francais_0025-1500x1000.jpg 1500w\" sizes=\"(max-width: 1024px) 100vw, 1024px\" \/><\/figure><\/li><li class=\"blocks-gallery-item\"><figure><img loading=\"lazy\" decoding=\"async\" width=\"1024\" height=\"683\" src=\"https:\/\/institutfrancais.sk\/wp-content\/uploads\/2023\/08\/3_Marche-francais_0026-1024x683.jpg\" alt=\"\" data-id=\"28409\" data-full-url=\"https:\/\/institutfrancais.sk\/wp-content\/uploads\/2023\/08\/3_Marche-francais_0026-scaled.jpg\" data-link=\"https:\/\/institutfrancais.sk\/podujatie\/oslavte-s-nami-dobytie-bastily\/3_marche-francais_0026\/\" class=\"wp-image-28409\" srcset=\"https:\/\/institutfrancais.sk\/wp-content\/uploads\/2023\/08\/3_Marche-francais_0026-1024x683.jpg 1024w, https:\/\/institutfrancais.sk\/wp-content\/uploads\/2023\/08\/3_Marche-francais_0026-300x200.jpg 300w, https:\/\/institutfrancais.sk\/wp-content\/uploads\/2023\/08\/3_Marche-francais_0026-768x512.jpg 768w, https:\/\/institutfrancais.sk\/wp-content\/uploads\/2023\/08\/3_Marche-francais_0026-1536x1024.jpg 1536w, https:\/\/institutfrancais.sk\/wp-content\/uploads\/2023\/08\/3_Marche-francais_0026-2048x1365.jpg 2048w, https:\/\/institutfrancais.sk\/wp-content\/uploads\/2023\/08\/3_Marche-francais_0026-1190x793.jpg 1190w, https:\/\/institutfrancais.sk\/wp-content\/uploads\/2023\/08\/3_Marche-francais_0026-1500x1000.jpg 1500w\" sizes=\"(max-width: 1024px) 100vw, 1024px\" \/><\/figure><\/li><li class=\"blocks-gallery-item\"><figure><img loading=\"lazy\" decoding=\"async\" width=\"1024\" height=\"683\" src=\"https:\/\/institutfrancais.sk\/wp-content\/uploads\/2023\/08\/3_Marche-francais_0027-1024x683.jpg\" alt=\"\" data-id=\"28411\" data-full-url=\"https:\/\/institutfrancais.sk\/wp-content\/uploads\/2023\/08\/3_Marche-francais_0027-scaled.jpg\" data-link=\"https:\/\/institutfrancais.sk\/podujatie\/oslavte-s-nami-dobytie-bastily\/3_marche-francais_0027\/\" class=\"wp-image-28411\" srcset=\"https:\/\/institutfrancais.sk\/wp-content\/uploads\/2023\/08\/3_Marche-francais_0027-1024x683.jpg 1024w, https:\/\/institutfrancais.sk\/wp-content\/uploads\/2023\/08\/3_Marche-francais_0027-300x200.jpg 300w, https:\/\/institutfrancais.sk\/wp-content\/uploads\/2023\/08\/3_Marche-francais_0027-768x512.jpg 768w, https:\/\/institutfrancais.sk\/wp-content\/uploads\/2023\/08\/3_Marche-francais_0027-1536x1024.jpg 1536w, https:\/\/institutfrancais.sk\/wp-content\/uploads\/2023\/08\/3_Marche-francais_0027-2048x1365.jpg 2048w, https:\/\/institutfrancais.sk\/wp-content\/uploads\/2023\/08\/3_Marche-francais_0027-1190x793.jpg 1190w, https:\/\/institutfrancais.sk\/wp-content\/uploads\/2023\/08\/3_Marche-francais_0027-1500x1000.jpg 1500w\" sizes=\"(max-width: 1024px) 100vw, 1024px\" \/><\/figure><\/li><li class=\"blocks-gallery-item\"><figure><img loading=\"lazy\" decoding=\"async\" width=\"1024\" height=\"683\" src=\"https:\/\/institutfrancais.sk\/wp-content\/uploads\/2023\/08\/3_Marche-francais_0028-1024x683.jpg\" alt=\"\" data-id=\"28413\" data-full-url=\"https:\/\/institutfrancais.sk\/wp-content\/uploads\/2023\/08\/3_Marche-francais_0028-scaled.jpg\" data-link=\"https:\/\/institutfrancais.sk\/podujatie\/oslavte-s-nami-dobytie-bastily\/3_marche-francais_0028\/\" class=\"wp-image-28413\" srcset=\"https:\/\/institutfrancais.sk\/wp-content\/uploads\/2023\/08\/3_Marche-francais_0028-1024x683.jpg 1024w, https:\/\/institutfrancais.sk\/wp-content\/uploads\/2023\/08\/3_Marche-francais_0028-300x200.jpg 300w, https:\/\/institutfrancais.sk\/wp-content\/uploads\/2023\/08\/3_Marche-francais_0028-768x512.jpg 768w, https:\/\/institutfrancais.sk\/wp-content\/uploads\/2023\/08\/3_Marche-francais_0028-1536x1024.jpg 1536w, https:\/\/institutfrancais.sk\/wp-content\/uploads\/2023\/08\/3_Marche-francais_0028-2048x1365.jpg 2048w, https:\/\/institutfrancais.sk\/wp-content\/uploads\/2023\/08\/3_Marche-francais_0028-1190x793.jpg 1190w, https:\/\/institutfrancais.sk\/wp-content\/uploads\/2023\/08\/3_Marche-francais_0028-1500x1000.jpg 1500w\" sizes=\"(max-width: 1024px) 100vw, 1024px\" \/><\/figure><\/li><li class=\"blocks-gallery-item\"><figure><img loading=\"lazy\" decoding=\"async\" width=\"1024\" height=\"683\" src=\"https:\/\/institutfrancais.sk\/wp-content\/uploads\/2023\/08\/3_Marche-francais_0029-1024x683.jpg\" alt=\"\" data-id=\"28415\" data-full-url=\"https:\/\/institutfrancais.sk\/wp-content\/uploads\/2023\/08\/3_Marche-francais_0029-scaled.jpg\" data-link=\"https:\/\/institutfrancais.sk\/podujatie\/oslavte-s-nami-dobytie-bastily\/3_marche-francais_0029\/\" class=\"wp-image-28415\" srcset=\"https:\/\/institutfrancais.sk\/wp-content\/uploads\/2023\/08\/3_Marche-francais_0029-1024x683.jpg 1024w, https:\/\/institutfrancais.sk\/wp-content\/uploads\/2023\/08\/3_Marche-francais_0029-300x200.jpg 300w, https:\/\/institutfrancais.sk\/wp-content\/uploads\/2023\/08\/3_Marche-francais_0029-768x512.jpg 768w, https:\/\/institutfrancais.sk\/wp-content\/uploads\/2023\/08\/3_Marche-francais_0029-1536x1024.jpg 1536w, https:\/\/institutfrancais.sk\/wp-content\/uploads\/2023\/08\/3_Marche-francais_0029-2048x1365.jpg 2048w, https:\/\/institutfrancais.sk\/wp-content\/uploads\/2023\/08\/3_Marche-francais_0029-1190x793.jpg 1190w, https:\/\/institutfrancais.sk\/wp-content\/uploads\/2023\/08\/3_Marche-francais_0029-1500x1000.jpg 1500w\" sizes=\"(max-width: 1024px) 100vw, 1024px\" \/><\/figure><\/li><li class=\"blocks-gallery-item\"><figure><img loading=\"lazy\" decoding=\"async\" width=\"1024\" height=\"683\" src=\"https:\/\/institutfrancais.sk\/wp-content\/uploads\/2023\/08\/3_Marche-francais_0030-1024x683.jpg\" alt=\"\" data-id=\"28417\" data-full-url=\"https:\/\/institutfrancais.sk\/wp-content\/uploads\/2023\/08\/3_Marche-francais_0030-scaled.jpg\" data-link=\"https:\/\/institutfrancais.sk\/podujatie\/oslavte-s-nami-dobytie-bastily\/3_marche-francais_0030\/\" class=\"wp-image-28417\" srcset=\"https:\/\/institutfrancais.sk\/wp-content\/uploads\/2023\/08\/3_Marche-francais_0030-1024x683.jpg 1024w, https:\/\/institutfrancais.sk\/wp-content\/uploads\/2023\/08\/3_Marche-francais_0030-300x200.jpg 300w, https:\/\/institutfrancais.sk\/wp-content\/uploads\/2023\/08\/3_Marche-francais_0030-768x512.jpg 768w, https:\/\/institutfrancais.sk\/wp-content\/uploads\/2023\/08\/3_Marche-francais_0030-1536x1024.jpg 1536w, https:\/\/institutfrancais.sk\/wp-content\/uploads\/2023\/08\/3_Marche-francais_0030-2048x1365.jpg 2048w, https:\/\/institutfrancais.sk\/wp-content\/uploads\/2023\/08\/3_Marche-francais_0030-1190x793.jpg 1190w, https:\/\/institutfrancais.sk\/wp-content\/uploads\/2023\/08\/3_Marche-francais_0030-1500x1000.jpg 1500w\" sizes=\"(max-width: 1024px) 100vw, 1024px\" \/><\/figure><\/li><li class=\"blocks-gallery-item\"><figure><img loading=\"lazy\" decoding=\"async\" width=\"1024\" height=\"683\" src=\"https:\/\/institutfrancais.sk\/wp-content\/uploads\/2023\/08\/3_Marche-francais_0031-1024x683.jpg\" alt=\"\" data-id=\"28419\" data-full-url=\"https:\/\/institutfrancais.sk\/wp-content\/uploads\/2023\/08\/3_Marche-francais_0031-scaled.jpg\" data-link=\"https:\/\/institutfrancais.sk\/podujatie\/oslavte-s-nami-dobytie-bastily\/3_marche-francais_0031\/\" class=\"wp-image-28419\" srcset=\"https:\/\/institutfrancais.sk\/wp-content\/uploads\/2023\/08\/3_Marche-francais_0031-1024x683.jpg 1024w, https:\/\/institutfrancais.sk\/wp-content\/uploads\/2023\/08\/3_Marche-francais_0031-300x200.jpg 300w, https:\/\/institutfrancais.sk\/wp-content\/uploads\/2023\/08\/3_Marche-francais_0031-768x512.jpg 768w, https:\/\/institutfrancais.sk\/wp-content\/uploads\/2023\/08\/3_Marche-francais_0031-1536x1024.jpg 1536w, https:\/\/institutfrancais.sk\/wp-content\/uploads\/2023\/08\/3_Marche-francais_0031-2048x1365.jpg 2048w, https:\/\/institutfrancais.sk\/wp-content\/uploads\/2023\/08\/3_Marche-francais_0031-1190x793.jpg 1190w, https:\/\/institutfrancais.sk\/wp-content\/uploads\/2023\/08\/3_Marche-francais_0031-1500x1000.jpg 1500w\" sizes=\"(max-width: 1024px) 100vw, 1024px\" \/><\/figure><\/li><li class=\"blocks-gallery-item\"><figure><img loading=\"lazy\" decoding=\"async\" width=\"683\" height=\"1024\" src=\"https:\/\/institutfrancais.sk\/wp-content\/uploads\/2023\/08\/3_Marche-francais_0032-683x1024.jpg\" alt=\"\" data-id=\"28421\" data-full-url=\"https:\/\/institutfrancais.sk\/wp-content\/uploads\/2023\/08\/3_Marche-francais_0032-scaled.jpg\" data-link=\"https:\/\/institutfrancais.sk\/podujatie\/oslavte-s-nami-dobytie-bastily\/3_marche-francais_0032\/\" class=\"wp-image-28421\" srcset=\"https:\/\/institutfrancais.sk\/wp-content\/uploads\/2023\/08\/3_Marche-francais_0032-683x1024.jpg 683w, https:\/\/institutfrancais.sk\/wp-content\/uploads\/2023\/08\/3_Marche-francais_0032-200x300.jpg 200w, https:\/\/institutfrancais.sk\/wp-content\/uploads\/2023\/08\/3_Marche-francais_0032-768x1152.jpg 768w, https:\/\/institutfrancais.sk\/wp-content\/uploads\/2023\/08\/3_Marche-francais_0032-1024x1536.jpg 1024w, https:\/\/institutfrancais.sk\/wp-content\/uploads\/2023\/08\/3_Marche-francais_0032-1365x2048.jpg 1365w, https:\/\/institutfrancais.sk\/wp-content\/uploads\/2023\/08\/3_Marche-francais_0032-667x1000.jpg 667w, https:\/\/institutfrancais.sk\/wp-content\/uploads\/2023\/08\/3_Marche-francais_0032-scaled.jpg 1707w\" sizes=\"(max-width: 683px) 100vw, 683px\" \/><\/figure><\/li><li class=\"blocks-gallery-item\"><figure><img loading=\"lazy\" decoding=\"async\" width=\"1024\" height=\"683\" src=\"https:\/\/institutfrancais.sk\/wp-content\/uploads\/2023\/08\/3_Marche-francais_0033-1024x683.jpg\" alt=\"\" data-id=\"28423\" data-full-url=\"https:\/\/institutfrancais.sk\/wp-content\/uploads\/2023\/08\/3_Marche-francais_0033-scaled.jpg\" data-link=\"https:\/\/institutfrancais.sk\/podujatie\/oslavte-s-nami-dobytie-bastily\/3_marche-francais_0033\/\" class=\"wp-image-28423\" srcset=\"https:\/\/institutfrancais.sk\/wp-content\/uploads\/2023\/08\/3_Marche-francais_0033-1024x683.jpg 1024w, https:\/\/institutfrancais.sk\/wp-content\/uploads\/2023\/08\/3_Marche-francais_0033-300x200.jpg 300w, https:\/\/institutfrancais.sk\/wp-content\/uploads\/2023\/08\/3_Marche-francais_0033-768x512.jpg 768w, https:\/\/institutfrancais.sk\/wp-content\/uploads\/2023\/08\/3_Marche-francais_0033-1536x1024.jpg 1536w, https:\/\/institutfrancais.sk\/wp-content\/uploads\/2023\/08\/3_Marche-francais_0033-2048x1365.jpg 2048w, https:\/\/institutfrancais.sk\/wp-content\/uploads\/2023\/08\/3_Marche-francais_0033-1190x793.jpg 1190w, https:\/\/institutfrancais.sk\/wp-content\/uploads\/2023\/08\/3_Marche-francais_0033-1500x1000.jpg 1500w\" sizes=\"(max-width: 1024px) 100vw, 1024px\" \/><\/figure><\/li><li class=\"blocks-gallery-item\"><figure><img loading=\"lazy\" decoding=\"async\" width=\"1024\" height=\"683\" src=\"https:\/\/institutfrancais.sk\/wp-content\/uploads\/2023\/08\/3_Marche-francais_0034-1024x683.jpg\" alt=\"\" data-id=\"28425\" data-full-url=\"https:\/\/institutfrancais.sk\/wp-content\/uploads\/2023\/08\/3_Marche-francais_0034-scaled.jpg\" data-link=\"https:\/\/institutfrancais.sk\/podujatie\/oslavte-s-nami-dobytie-bastily\/3_marche-francais_0034\/\" class=\"wp-image-28425\" srcset=\"https:\/\/institutfrancais.sk\/wp-content\/uploads\/2023\/08\/3_Marche-francais_0034-1024x683.jpg 1024w, https:\/\/institutfrancais.sk\/wp-content\/uploads\/2023\/08\/3_Marche-francais_0034-300x200.jpg 300w, https:\/\/institutfrancais.sk\/wp-content\/uploads\/2023\/08\/3_Marche-francais_0034-768x512.jpg 768w, https:\/\/institutfrancais.sk\/wp-content\/uploads\/2023\/08\/3_Marche-francais_0034-1536x1024.jpg 1536w, https:\/\/institutfrancais.sk\/wp-content\/uploads\/2023\/08\/3_Marche-francais_0034-2048x1365.jpg 2048w, https:\/\/institutfrancais.sk\/wp-content\/uploads\/2023\/08\/3_Marche-francais_0034-1190x793.jpg 1190w, https:\/\/institutfrancais.sk\/wp-content\/uploads\/2023\/08\/3_Marche-francais_0034-1500x1000.jpg 1500w\" sizes=\"(max-width: 1024px) 100vw, 1024px\" \/><\/figure><\/li><li class=\"blocks-gallery-item\"><figure><img loading=\"lazy\" decoding=\"async\" width=\"1024\" height=\"683\" src=\"https:\/\/institutfrancais.sk\/wp-content\/uploads\/2023\/08\/3_Marche-francais_0035-1024x683.jpg\" alt=\"\" data-id=\"28427\" data-full-url=\"https:\/\/institutfrancais.sk\/wp-content\/uploads\/2023\/08\/3_Marche-francais_0035-scaled.jpg\" data-link=\"https:\/\/institutfrancais.sk\/podujatie\/oslavte-s-nami-dobytie-bastily\/3_marche-francais_0035\/\" class=\"wp-image-28427\" srcset=\"https:\/\/institutfrancais.sk\/wp-content\/uploads\/2023\/08\/3_Marche-francais_0035-1024x683.jpg 1024w, https:\/\/institutfrancais.sk\/wp-content\/uploads\/2023\/08\/3_Marche-francais_0035-300x200.jpg 300w, https:\/\/institutfrancais.sk\/wp-content\/uploads\/2023\/08\/3_Marche-francais_0035-768x512.jpg 768w, https:\/\/institutfrancais.sk\/wp-content\/uploads\/2023\/08\/3_Marche-francais_0035-1536x1024.jpg 1536w, https:\/\/institutfrancais.sk\/wp-content\/uploads\/2023\/08\/3_Marche-francais_0035-2048x1365.jpg 2048w, https:\/\/institutfrancais.sk\/wp-content\/uploads\/2023\/08\/3_Marche-francais_0035-1190x793.jpg 1190w, https:\/\/institutfrancais.sk\/wp-content\/uploads\/2023\/08\/3_Marche-francais_0035-1500x1000.jpg 1500w\" sizes=\"(max-width: 1024px) 100vw, 1024px\" \/><\/figure><\/li><li class=\"blocks-gallery-item\"><figure><img loading=\"lazy\" decoding=\"async\" width=\"1024\" height=\"683\" src=\"https:\/\/institutfrancais.sk\/wp-content\/uploads\/2023\/08\/3_Marche-francais_0036-1024x683.jpg\" alt=\"\" data-id=\"28429\" data-full-url=\"https:\/\/institutfrancais.sk\/wp-content\/uploads\/2023\/08\/3_Marche-francais_0036-scaled.jpg\" data-link=\"https:\/\/institutfrancais.sk\/podujatie\/oslavte-s-nami-dobytie-bastily\/3_marche-francais_0036\/\" class=\"wp-image-28429\" srcset=\"https:\/\/institutfrancais.sk\/wp-content\/uploads\/2023\/08\/3_Marche-francais_0036-1024x683.jpg 1024w, https:\/\/institutfrancais.sk\/wp-content\/uploads\/2023\/08\/3_Marche-francais_0036-300x200.jpg 300w, https:\/\/institutfrancais.sk\/wp-content\/uploads\/2023\/08\/3_Marche-francais_0036-768x512.jpg 768w, https:\/\/institutfrancais.sk\/wp-content\/uploads\/2023\/08\/3_Marche-francais_0036-1536x1024.jpg 1536w, https:\/\/institutfrancais.sk\/wp-content\/uploads\/2023\/08\/3_Marche-francais_0036-2048x1365.jpg 2048w, https:\/\/institutfrancais.sk\/wp-content\/uploads\/2023\/08\/3_Marche-francais_0036-1190x793.jpg 1190w, https:\/\/institutfrancais.sk\/wp-content\/uploads\/2023\/08\/3_Marche-francais_0036-1500x1000.jpg 1500w\" sizes=\"(max-width: 1024px) 100vw, 1024px\" \/><\/figure><\/li><li class=\"blocks-gallery-item\"><figure><img loading=\"lazy\" decoding=\"async\" width=\"1024\" height=\"683\" src=\"https:\/\/institutfrancais.sk\/wp-content\/uploads\/2023\/08\/3_Marche-francais_0037-1024x683.jpg\" alt=\"\" data-id=\"28431\" data-full-url=\"https:\/\/institutfrancais.sk\/wp-content\/uploads\/2023\/08\/3_Marche-francais_0037-scaled.jpg\" data-link=\"https:\/\/institutfrancais.sk\/podujatie\/oslavte-s-nami-dobytie-bastily\/3_marche-francais_0037\/\" class=\"wp-image-28431\" srcset=\"https:\/\/institutfrancais.sk\/wp-content\/uploads\/2023\/08\/3_Marche-francais_0037-1024x683.jpg 1024w, https:\/\/institutfrancais.sk\/wp-content\/uploads\/2023\/08\/3_Marche-francais_0037-300x200.jpg 300w, https:\/\/institutfrancais.sk\/wp-content\/uploads\/2023\/08\/3_Marche-francais_0037-768x512.jpg 768w, https:\/\/institutfrancais.sk\/wp-content\/uploads\/2023\/08\/3_Marche-francais_0037-1536x1024.jpg 1536w, https:\/\/institutfrancais.sk\/wp-content\/uploads\/2023\/08\/3_Marche-francais_0037-2048x1365.jpg 2048w, https:\/\/institutfrancais.sk\/wp-content\/uploads\/2023\/08\/3_Marche-francais_0037-1190x793.jpg 1190w, https:\/\/institutfrancais.sk\/wp-content\/uploads\/2023\/08\/3_Marche-francais_0037-1500x1000.jpg 1500w\" sizes=\"(max-width: 1024px) 100vw, 1024px\" \/><\/figure><\/li><li class=\"blocks-gallery-item\"><figure><img loading=\"lazy\" decoding=\"async\" width=\"1024\" height=\"683\" src=\"https:\/\/institutfrancais.sk\/wp-content\/uploads\/2023\/08\/3_Marche-francais_0038-1024x683.jpg\" alt=\"\" data-id=\"28433\" data-full-url=\"https:\/\/institutfrancais.sk\/wp-content\/uploads\/2023\/08\/3_Marche-francais_0038-scaled.jpg\" data-link=\"https:\/\/institutfrancais.sk\/podujatie\/oslavte-s-nami-dobytie-bastily\/3_marche-francais_0038\/\" class=\"wp-image-28433\" srcset=\"https:\/\/institutfrancais.sk\/wp-content\/uploads\/2023\/08\/3_Marche-francais_0038-1024x683.jpg 1024w, https:\/\/institutfrancais.sk\/wp-content\/uploads\/2023\/08\/3_Marche-francais_0038-300x200.jpg 300w, https:\/\/institutfrancais.sk\/wp-content\/uploads\/2023\/08\/3_Marche-francais_0038-768x512.jpg 768w, https:\/\/institutfrancais.sk\/wp-content\/uploads\/2023\/08\/3_Marche-francais_0038-1536x1024.jpg 1536w, https:\/\/institutfrancais.sk\/wp-content\/uploads\/2023\/08\/3_Marche-francais_0038-2048x1365.jpg 2048w, https:\/\/institutfrancais.sk\/wp-content\/uploads\/2023\/08\/3_Marche-francais_0038-1190x793.jpg 1190w, https:\/\/institutfrancais.sk\/wp-content\/uploads\/2023\/08\/3_Marche-francais_0038-1500x1000.jpg 1500w\" sizes=\"(max-width: 1024px) 100vw, 1024px\" \/><\/figure><\/li><li class=\"blocks-gallery-item\"><figure><img loading=\"lazy\" decoding=\"async\" width=\"1024\" height=\"683\" src=\"https:\/\/institutfrancais.sk\/wp-content\/uploads\/2023\/08\/3_Marche-francais_0039-1024x683.jpg\" alt=\"\" data-id=\"28435\" data-full-url=\"https:\/\/institutfrancais.sk\/wp-content\/uploads\/2023\/08\/3_Marche-francais_0039-scaled.jpg\" data-link=\"https:\/\/institutfrancais.sk\/podujatie\/oslavte-s-nami-dobytie-bastily\/3_marche-francais_0039\/\" class=\"wp-image-28435\" srcset=\"https:\/\/institutfrancais.sk\/wp-content\/uploads\/2023\/08\/3_Marche-francais_0039-1024x683.jpg 1024w, https:\/\/institutfrancais.sk\/wp-content\/uploads\/2023\/08\/3_Marche-francais_0039-300x200.jpg 300w, https:\/\/institutfrancais.sk\/wp-content\/uploads\/2023\/08\/3_Marche-francais_0039-768x512.jpg 768w, https:\/\/institutfrancais.sk\/wp-content\/uploads\/2023\/08\/3_Marche-francais_0039-1536x1024.jpg 1536w, https:\/\/institutfrancais.sk\/wp-content\/uploads\/2023\/08\/3_Marche-francais_0039-2048x1365.jpg 2048w, https:\/\/institutfrancais.sk\/wp-content\/uploads\/2023\/08\/3_Marche-francais_0039-1190x793.jpg 1190w, https:\/\/institutfrancais.sk\/wp-content\/uploads\/2023\/08\/3_Marche-francais_0039-1500x1000.jpg 1500w\" sizes=\"(max-width: 1024px) 100vw, 1024px\" \/><\/figure><\/li><li class=\"blocks-gallery-item\"><figure><img loading=\"lazy\" decoding=\"async\" width=\"1024\" height=\"683\" src=\"https:\/\/institutfrancais.sk\/wp-content\/uploads\/2023\/08\/3_Marche-francais_0040-1024x683.jpg\" alt=\"\" data-id=\"28437\" data-full-url=\"https:\/\/institutfrancais.sk\/wp-content\/uploads\/2023\/08\/3_Marche-francais_0040-scaled.jpg\" data-link=\"https:\/\/institutfrancais.sk\/podujatie\/oslavte-s-nami-dobytie-bastily\/3_marche-francais_0040\/\" class=\"wp-image-28437\" srcset=\"https:\/\/institutfrancais.sk\/wp-content\/uploads\/2023\/08\/3_Marche-francais_0040-1024x683.jpg 1024w, https:\/\/institutfrancais.sk\/wp-content\/uploads\/2023\/08\/3_Marche-francais_0040-300x200.jpg 300w, https:\/\/institutfrancais.sk\/wp-content\/uploads\/2023\/08\/3_Marche-francais_0040-768x512.jpg 768w, https:\/\/institutfrancais.sk\/wp-content\/uploads\/2023\/08\/3_Marche-francais_0040-1536x1024.jpg 1536w, https:\/\/institutfrancais.sk\/wp-content\/uploads\/2023\/08\/3_Marche-francais_0040-2048x1365.jpg 2048w, https:\/\/institutfrancais.sk\/wp-content\/uploads\/2023\/08\/3_Marche-francais_0040-1190x793.jpg 1190w, https:\/\/institutfrancais.sk\/wp-content\/uploads\/2023\/08\/3_Marche-francais_0040-1500x1000.jpg 1500w\" sizes=\"(max-width: 1024px) 100vw, 1024px\" \/><\/figure><\/li><li class=\"blocks-gallery-item\"><figure><img loading=\"lazy\" decoding=\"async\" width=\"683\" height=\"1024\" src=\"https:\/\/institutfrancais.sk\/wp-content\/uploads\/2023\/08\/3_Marche-francais_0041-683x1024.jpg\" alt=\"\" data-id=\"28439\" data-full-url=\"https:\/\/institutfrancais.sk\/wp-content\/uploads\/2023\/08\/3_Marche-francais_0041-scaled.jpg\" data-link=\"https:\/\/institutfrancais.sk\/podujatie\/oslavte-s-nami-dobytie-bastily\/3_marche-francais_0041\/\" class=\"wp-image-28439\" srcset=\"https:\/\/institutfrancais.sk\/wp-content\/uploads\/2023\/08\/3_Marche-francais_0041-683x1024.jpg 683w, https:\/\/institutfrancais.sk\/wp-content\/uploads\/2023\/08\/3_Marche-francais_0041-200x300.jpg 200w, https:\/\/institutfrancais.sk\/wp-content\/uploads\/2023\/08\/3_Marche-francais_0041-768x1152.jpg 768w, https:\/\/institutfrancais.sk\/wp-content\/uploads\/2023\/08\/3_Marche-francais_0041-1024x1536.jpg 1024w, https:\/\/institutfrancais.sk\/wp-content\/uploads\/2023\/08\/3_Marche-francais_0041-1365x2048.jpg 1365w, https:\/\/institutfrancais.sk\/wp-content\/uploads\/2023\/08\/3_Marche-francais_0041-667x1000.jpg 667w, https:\/\/institutfrancais.sk\/wp-content\/uploads\/2023\/08\/3_Marche-francais_0041-scaled.jpg 1707w\" sizes=\"(max-width: 683px) 100vw, 683px\" \/><\/figure><\/li><li class=\"blocks-gallery-item\"><figure><img loading=\"lazy\" decoding=\"async\" width=\"1024\" height=\"683\" src=\"https:\/\/institutfrancais.sk\/wp-content\/uploads\/2023\/08\/3_Marche-francais_0043-1024x683.jpg\" alt=\"\" data-id=\"28441\" data-full-url=\"https:\/\/institutfrancais.sk\/wp-content\/uploads\/2023\/08\/3_Marche-francais_0043-scaled.jpg\" data-link=\"https:\/\/institutfrancais.sk\/podujatie\/oslavte-s-nami-dobytie-bastily\/3_marche-francais_0043\/\" class=\"wp-image-28441\" srcset=\"https:\/\/institutfrancais.sk\/wp-content\/uploads\/2023\/08\/3_Marche-francais_0043-1024x683.jpg 1024w, https:\/\/institutfrancais.sk\/wp-content\/uploads\/2023\/08\/3_Marche-francais_0043-300x200.jpg 300w, https:\/\/institutfrancais.sk\/wp-content\/uploads\/2023\/08\/3_Marche-francais_0043-768x512.jpg 768w, https:\/\/institutfrancais.sk\/wp-content\/uploads\/2023\/08\/3_Marche-francais_0043-1536x1024.jpg 1536w, https:\/\/institutfrancais.sk\/wp-content\/uploads\/2023\/08\/3_Marche-francais_0043-2048x1365.jpg 2048w, https:\/\/institutfrancais.sk\/wp-content\/uploads\/2023\/08\/3_Marche-francais_0043-1190x793.jpg 1190w, https:\/\/institutfrancais.sk\/wp-content\/uploads\/2023\/08\/3_Marche-francais_0043-1500x1000.jpg 1500w\" sizes=\"(max-width: 1024px) 100vw, 1024px\" \/><\/figure><\/li><li class=\"blocks-gallery-item\"><figure><img loading=\"lazy\" decoding=\"async\" width=\"1024\" height=\"683\" src=\"https:\/\/institutfrancais.sk\/wp-content\/uploads\/2023\/08\/3_Marche-francais_0044-1024x683.jpg\" alt=\"\" data-id=\"28443\" data-full-url=\"https:\/\/institutfrancais.sk\/wp-content\/uploads\/2023\/08\/3_Marche-francais_0044-scaled.jpg\" data-link=\"https:\/\/institutfrancais.sk\/podujatie\/oslavte-s-nami-dobytie-bastily\/3_marche-francais_0044\/\" class=\"wp-image-28443\" srcset=\"https:\/\/institutfrancais.sk\/wp-content\/uploads\/2023\/08\/3_Marche-francais_0044-1024x683.jpg 1024w, https:\/\/institutfrancais.sk\/wp-content\/uploads\/2023\/08\/3_Marche-francais_0044-300x200.jpg 300w, https:\/\/institutfrancais.sk\/wp-content\/uploads\/2023\/08\/3_Marche-francais_0044-768x512.jpg 768w, https:\/\/institutfrancais.sk\/wp-content\/uploads\/2023\/08\/3_Marche-francais_0044-1536x1024.jpg 1536w, https:\/\/institutfrancais.sk\/wp-content\/uploads\/2023\/08\/3_Marche-francais_0044-2048x1365.jpg 2048w, https:\/\/institutfrancais.sk\/wp-content\/uploads\/2023\/08\/3_Marche-francais_0044-1190x793.jpg 1190w, https:\/\/institutfrancais.sk\/wp-content\/uploads\/2023\/08\/3_Marche-francais_0044-1500x1000.jpg 1500w\" sizes=\"(max-width: 1024px) 100vw, 1024px\" \/><\/figure><\/li><li class=\"blocks-gallery-item\"><figure><img loading=\"lazy\" decoding=\"async\" width=\"1024\" height=\"683\" src=\"https:\/\/institutfrancais.sk\/wp-content\/uploads\/2023\/08\/3_Marche-francais_0045-1024x683.jpg\" alt=\"\" data-id=\"28445\" data-full-url=\"https:\/\/institutfrancais.sk\/wp-content\/uploads\/2023\/08\/3_Marche-francais_0045-scaled.jpg\" data-link=\"https:\/\/institutfrancais.sk\/podujatie\/oslavte-s-nami-dobytie-bastily\/3_marche-francais_0045\/\" class=\"wp-image-28445\" srcset=\"https:\/\/institutfrancais.sk\/wp-content\/uploads\/2023\/08\/3_Marche-francais_0045-1024x683.jpg 1024w, https:\/\/institutfrancais.sk\/wp-content\/uploads\/2023\/08\/3_Marche-francais_0045-300x200.jpg 300w, https:\/\/institutfrancais.sk\/wp-content\/uploads\/2023\/08\/3_Marche-francais_0045-768x512.jpg 768w, https:\/\/institutfrancais.sk\/wp-content\/uploads\/2023\/08\/3_Marche-francais_0045-1536x1024.jpg 1536w, https:\/\/institutfrancais.sk\/wp-content\/uploads\/2023\/08\/3_Marche-francais_0045-2048x1365.jpg 2048w, https:\/\/institutfrancais.sk\/wp-content\/uploads\/2023\/08\/3_Marche-francais_0045-1190x793.jpg 1190w, https:\/\/institutfrancais.sk\/wp-content\/uploads\/2023\/08\/3_Marche-francais_0045-1500x1000.jpg 1500w\" sizes=\"(max-width: 1024px) 100vw, 1024px\" \/><\/figure><\/li><li class=\"blocks-gallery-item\"><figure><img loading=\"lazy\" decoding=\"async\" width=\"1024\" height=\"683\" src=\"https:\/\/institutfrancais.sk\/wp-content\/uploads\/2023\/08\/3_Marche-francais_0046-1024x683.jpg\" alt=\"\" data-id=\"28447\" data-full-url=\"https:\/\/institutfrancais.sk\/wp-content\/uploads\/2023\/08\/3_Marche-francais_0046-scaled.jpg\" data-link=\"https:\/\/institutfrancais.sk\/podujatie\/oslavte-s-nami-dobytie-bastily\/3_marche-francais_0046\/\" class=\"wp-image-28447\" srcset=\"https:\/\/institutfrancais.sk\/wp-content\/uploads\/2023\/08\/3_Marche-francais_0046-1024x683.jpg 1024w, https:\/\/institutfrancais.sk\/wp-content\/uploads\/2023\/08\/3_Marche-francais_0046-300x200.jpg 300w, https:\/\/institutfrancais.sk\/wp-content\/uploads\/2023\/08\/3_Marche-francais_0046-768x512.jpg 768w, https:\/\/institutfrancais.sk\/wp-content\/uploads\/2023\/08\/3_Marche-francais_0046-1536x1024.jpg 1536w, https:\/\/institutfrancais.sk\/wp-content\/uploads\/2023\/08\/3_Marche-francais_0046-2048x1365.jpg 2048w, https:\/\/institutfrancais.sk\/wp-content\/uploads\/2023\/08\/3_Marche-francais_0046-1190x793.jpg 1190w, https:\/\/institutfrancais.sk\/wp-content\/uploads\/2023\/08\/3_Marche-francais_0046-1500x1000.jpg 1500w\" sizes=\"(max-width: 1024px) 100vw, 1024px\" \/><\/figure><\/li><li class=\"blocks-gallery-item\"><figure><img loading=\"lazy\" decoding=\"async\" width=\"1024\" height=\"683\" src=\"https:\/\/institutfrancais.sk\/wp-content\/uploads\/2023\/08\/3_Marche-francais_0047-1024x683.jpg\" alt=\"\" data-id=\"28449\" data-full-url=\"https:\/\/institutfrancais.sk\/wp-content\/uploads\/2023\/08\/3_Marche-francais_0047-scaled.jpg\" data-link=\"https:\/\/institutfrancais.sk\/podujatie\/oslavte-s-nami-dobytie-bastily\/3_marche-francais_0047\/\" class=\"wp-image-28449\" srcset=\"https:\/\/institutfrancais.sk\/wp-content\/uploads\/2023\/08\/3_Marche-francais_0047-1024x683.jpg 1024w, https:\/\/institutfrancais.sk\/wp-content\/uploads\/2023\/08\/3_Marche-francais_0047-300x200.jpg 300w, https:\/\/institutfrancais.sk\/wp-content\/uploads\/2023\/08\/3_Marche-francais_0047-768x512.jpg 768w, https:\/\/institutfrancais.sk\/wp-content\/uploads\/2023\/08\/3_Marche-francais_0047-1536x1024.jpg 1536w, https:\/\/institutfrancais.sk\/wp-content\/uploads\/2023\/08\/3_Marche-francais_0047-2048x1365.jpg 2048w, https:\/\/institutfrancais.sk\/wp-content\/uploads\/2023\/08\/3_Marche-francais_0047-1190x793.jpg 1190w, https:\/\/institutfrancais.sk\/wp-content\/uploads\/2023\/08\/3_Marche-francais_0047-1500x1000.jpg 1500w\" sizes=\"(max-width: 1024px) 100vw, 1024px\" \/><\/figure><\/li><li class=\"blocks-gallery-item\"><figure><img loading=\"lazy\" decoding=\"async\" width=\"1024\" height=\"683\" src=\"https:\/\/institutfrancais.sk\/wp-content\/uploads\/2023\/08\/3_Marche-francais_0048-1024x683.jpg\" alt=\"\" data-id=\"28451\" data-full-url=\"https:\/\/institutfrancais.sk\/wp-content\/uploads\/2023\/08\/3_Marche-francais_0048-scaled.jpg\" data-link=\"https:\/\/institutfrancais.sk\/podujatie\/oslavte-s-nami-dobytie-bastily\/3_marche-francais_0048\/\" class=\"wp-image-28451\" srcset=\"https:\/\/institutfrancais.sk\/wp-content\/uploads\/2023\/08\/3_Marche-francais_0048-1024x683.jpg 1024w, https:\/\/institutfrancais.sk\/wp-content\/uploads\/2023\/08\/3_Marche-francais_0048-300x200.jpg 300w, https:\/\/institutfrancais.sk\/wp-content\/uploads\/2023\/08\/3_Marche-francais_0048-768x512.jpg 768w, https:\/\/institutfrancais.sk\/wp-content\/uploads\/2023\/08\/3_Marche-francais_0048-1536x1024.jpg 1536w, https:\/\/institutfrancais.sk\/wp-content\/uploads\/2023\/08\/3_Marche-francais_0048-2048x1365.jpg 2048w, https:\/\/institutfrancais.sk\/wp-content\/uploads\/2023\/08\/3_Marche-francais_0048-1190x793.jpg 1190w, https:\/\/institutfrancais.sk\/wp-content\/uploads\/2023\/08\/3_Marche-francais_0048-1500x1000.jpg 1500w\" sizes=\"(max-width: 1024px) 100vw, 1024px\" \/><\/figure><\/li><li class=\"blocks-gallery-item\"><figure><img loading=\"lazy\" decoding=\"async\" width=\"1024\" height=\"683\" src=\"https:\/\/institutfrancais.sk\/wp-content\/uploads\/2023\/08\/3_Marche-francais_0049-1024x683.jpg\" alt=\"\" data-id=\"28453\" data-full-url=\"https:\/\/institutfrancais.sk\/wp-content\/uploads\/2023\/08\/3_Marche-francais_0049-scaled.jpg\" data-link=\"https:\/\/institutfrancais.sk\/podujatie\/oslavte-s-nami-dobytie-bastily\/3_marche-francais_0049\/\" class=\"wp-image-28453\" srcset=\"https:\/\/institutfrancais.sk\/wp-content\/uploads\/2023\/08\/3_Marche-francais_0049-1024x683.jpg 1024w, https:\/\/institutfrancais.sk\/wp-content\/uploads\/2023\/08\/3_Marche-francais_0049-300x200.jpg 300w, https:\/\/institutfrancais.sk\/wp-content\/uploads\/2023\/08\/3_Marche-francais_0049-768x512.jpg 768w, https:\/\/institutfrancais.sk\/wp-content\/uploads\/2023\/08\/3_Marche-francais_0049-1536x1024.jpg 1536w, https:\/\/institutfrancais.sk\/wp-content\/uploads\/2023\/08\/3_Marche-francais_0049-2048x1365.jpg 2048w, https:\/\/institutfrancais.sk\/wp-content\/uploads\/2023\/08\/3_Marche-francais_0049-1190x793.jpg 1190w, https:\/\/institutfrancais.sk\/wp-content\/uploads\/2023\/08\/3_Marche-francais_0049-1500x1000.jpg 1500w\" sizes=\"(max-width: 1024px) 100vw, 1024px\" \/><\/figure><\/li><li class=\"blocks-gallery-item\"><figure><img loading=\"lazy\" decoding=\"async\" width=\"1024\" height=\"683\" src=\"https:\/\/institutfrancais.sk\/wp-content\/uploads\/2023\/08\/3_Marche-francais_0050-1024x683.jpg\" alt=\"\" data-id=\"28455\" data-full-url=\"https:\/\/institutfrancais.sk\/wp-content\/uploads\/2023\/08\/3_Marche-francais_0050-scaled.jpg\" data-link=\"https:\/\/institutfrancais.sk\/podujatie\/oslavte-s-nami-dobytie-bastily\/3_marche-francais_0050\/\" class=\"wp-image-28455\" srcset=\"https:\/\/institutfrancais.sk\/wp-content\/uploads\/2023\/08\/3_Marche-francais_0050-1024x683.jpg 1024w, https:\/\/institutfrancais.sk\/wp-content\/uploads\/2023\/08\/3_Marche-francais_0050-300x200.jpg 300w, https:\/\/institutfrancais.sk\/wp-content\/uploads\/2023\/08\/3_Marche-francais_0050-768x512.jpg 768w, https:\/\/institutfrancais.sk\/wp-content\/uploads\/2023\/08\/3_Marche-francais_0050-1536x1024.jpg 1536w, https:\/\/institutfrancais.sk\/wp-content\/uploads\/2023\/08\/3_Marche-francais_0050-2048x1365.jpg 2048w, https:\/\/institutfrancais.sk\/wp-content\/uploads\/2023\/08\/3_Marche-francais_0050-1190x793.jpg 1190w, https:\/\/institutfrancais.sk\/wp-content\/uploads\/2023\/08\/3_Marche-francais_0050-1500x1000.jpg 1500w\" sizes=\"(max-width: 1024px) 100vw, 1024px\" \/><\/figure><\/li><li class=\"blocks-gallery-item\"><figure><img loading=\"lazy\" decoding=\"async\" width=\"1024\" height=\"683\" src=\"https:\/\/institutfrancais.sk\/wp-content\/uploads\/2023\/08\/3_Marche-francais_0051-1024x683.jpg\" alt=\"\" data-id=\"28458\" data-full-url=\"https:\/\/institutfrancais.sk\/wp-content\/uploads\/2023\/08\/3_Marche-francais_0051-scaled.jpg\" data-link=\"https:\/\/institutfrancais.sk\/podujatie\/oslavte-s-nami-dobytie-bastily\/3_marche-francais_0051\/\" class=\"wp-image-28458\" srcset=\"https:\/\/institutfrancais.sk\/wp-content\/uploads\/2023\/08\/3_Marche-francais_0051-1024x683.jpg 1024w, https:\/\/institutfrancais.sk\/wp-content\/uploads\/2023\/08\/3_Marche-francais_0051-300x200.jpg 300w, https:\/\/institutfrancais.sk\/wp-content\/uploads\/2023\/08\/3_Marche-francais_0051-768x512.jpg 768w, https:\/\/institutfrancais.sk\/wp-content\/uploads\/2023\/08\/3_Marche-francais_0051-1536x1024.jpg 1536w, https:\/\/institutfrancais.sk\/wp-content\/uploads\/2023\/08\/3_Marche-francais_0051-2048x1365.jpg 2048w, https:\/\/institutfrancais.sk\/wp-content\/uploads\/2023\/08\/3_Marche-francais_0051-1190x793.jpg 1190w, https:\/\/institutfrancais.sk\/wp-content\/uploads\/2023\/08\/3_Marche-francais_0051-1500x1000.jpg 1500w\" sizes=\"(max-width: 1024px) 100vw, 1024px\" \/><\/figure><\/li><li class=\"blocks-gallery-item\"><figure><img loading=\"lazy\" decoding=\"async\" width=\"1024\" height=\"683\" src=\"https:\/\/institutfrancais.sk\/wp-content\/uploads\/2023\/08\/3_Marche-francais_0052-1024x683.jpg\" alt=\"\" data-id=\"28460\" data-full-url=\"https:\/\/institutfrancais.sk\/wp-content\/uploads\/2023\/08\/3_Marche-francais_0052-scaled.jpg\" data-link=\"https:\/\/institutfrancais.sk\/podujatie\/oslavte-s-nami-dobytie-bastily\/3_marche-francais_0052\/\" class=\"wp-image-28460\" srcset=\"https:\/\/institutfrancais.sk\/wp-content\/uploads\/2023\/08\/3_Marche-francais_0052-1024x683.jpg 1024w, https:\/\/institutfrancais.sk\/wp-content\/uploads\/2023\/08\/3_Marche-francais_0052-300x200.jpg 300w, https:\/\/institutfrancais.sk\/wp-content\/uploads\/2023\/08\/3_Marche-francais_0052-768x512.jpg 768w, https:\/\/institutfrancais.sk\/wp-content\/uploads\/2023\/08\/3_Marche-francais_0052-1536x1024.jpg 1536w, https:\/\/institutfrancais.sk\/wp-content\/uploads\/2023\/08\/3_Marche-francais_0052-2048x1365.jpg 2048w, https:\/\/institutfrancais.sk\/wp-content\/uploads\/2023\/08\/3_Marche-francais_0052-1190x793.jpg 1190w, https:\/\/institutfrancais.sk\/wp-content\/uploads\/2023\/08\/3_Marche-francais_0052-1500x1000.jpg 1500w\" sizes=\"(max-width: 1024px) 100vw, 1024px\" \/><\/figure><\/li><li class=\"blocks-gallery-item\"><figure><img loading=\"lazy\" decoding=\"async\" width=\"1024\" height=\"683\" src=\"https:\/\/institutfrancais.sk\/wp-content\/uploads\/2023\/08\/3_Marche-francais_0053-1024x683.jpg\" alt=\"\" data-id=\"28462\" data-full-url=\"https:\/\/institutfrancais.sk\/wp-content\/uploads\/2023\/08\/3_Marche-francais_0053-scaled.jpg\" data-link=\"https:\/\/institutfrancais.sk\/podujatie\/oslavte-s-nami-dobytie-bastily\/3_marche-francais_0053\/\" class=\"wp-image-28462\" srcset=\"https:\/\/institutfrancais.sk\/wp-content\/uploads\/2023\/08\/3_Marche-francais_0053-1024x683.jpg 1024w, https:\/\/institutfrancais.sk\/wp-content\/uploads\/2023\/08\/3_Marche-francais_0053-300x200.jpg 300w, https:\/\/institutfrancais.sk\/wp-content\/uploads\/2023\/08\/3_Marche-francais_0053-768x512.jpg 768w, https:\/\/institutfrancais.sk\/wp-content\/uploads\/2023\/08\/3_Marche-francais_0053-1536x1024.jpg 1536w, https:\/\/institutfrancais.sk\/wp-content\/uploads\/2023\/08\/3_Marche-francais_0053-2048x1365.jpg 2048w, https:\/\/institutfrancais.sk\/wp-content\/uploads\/2023\/08\/3_Marche-francais_0053-1190x793.jpg 1190w, https:\/\/institutfrancais.sk\/wp-content\/uploads\/2023\/08\/3_Marche-francais_0053-1500x1000.jpg 1500w\" sizes=\"(max-width: 1024px) 100vw, 1024px\" \/><\/figure><\/li><li class=\"blocks-gallery-item\"><figure><img loading=\"lazy\" decoding=\"async\" width=\"1024\" height=\"683\" src=\"https:\/\/institutfrancais.sk\/wp-content\/uploads\/2023\/08\/3_Marche-francais_0054-1024x683.jpg\" alt=\"\" data-id=\"28464\" data-full-url=\"https:\/\/institutfrancais.sk\/wp-content\/uploads\/2023\/08\/3_Marche-francais_0054-scaled.jpg\" data-link=\"https:\/\/institutfrancais.sk\/podujatie\/oslavte-s-nami-dobytie-bastily\/3_marche-francais_0054\/\" class=\"wp-image-28464\" srcset=\"https:\/\/institutfrancais.sk\/wp-content\/uploads\/2023\/08\/3_Marche-francais_0054-1024x683.jpg 1024w, https:\/\/institutfrancais.sk\/wp-content\/uploads\/2023\/08\/3_Marche-francais_0054-300x200.jpg 300w, https:\/\/institutfrancais.sk\/wp-content\/uploads\/2023\/08\/3_Marche-francais_0054-768x512.jpg 768w, https:\/\/institutfrancais.sk\/wp-content\/uploads\/2023\/08\/3_Marche-francais_0054-1536x1024.jpg 1536w, https:\/\/institutfrancais.sk\/wp-content\/uploads\/2023\/08\/3_Marche-francais_0054-2048x1365.jpg 2048w, https:\/\/institutfrancais.sk\/wp-content\/uploads\/2023\/08\/3_Marche-francais_0054-1190x793.jpg 1190w, https:\/\/institutfrancais.sk\/wp-content\/uploads\/2023\/08\/3_Marche-francais_0054-1500x1000.jpg 1500w\" sizes=\"(max-width: 1024px) 100vw, 1024px\" \/><\/figure><\/li><li class=\"blocks-gallery-item\"><figure><img loading=\"lazy\" decoding=\"async\" width=\"1024\" height=\"683\" src=\"https:\/\/institutfrancais.sk\/wp-content\/uploads\/2023\/08\/3_Marche-francais_0055-1024x683.jpg\" alt=\"\" data-id=\"28466\" data-full-url=\"https:\/\/institutfrancais.sk\/wp-content\/uploads\/2023\/08\/3_Marche-francais_0055-scaled.jpg\" data-link=\"https:\/\/institutfrancais.sk\/podujatie\/oslavte-s-nami-dobytie-bastily\/3_marche-francais_0055\/\" class=\"wp-image-28466\" srcset=\"https:\/\/institutfrancais.sk\/wp-content\/uploads\/2023\/08\/3_Marche-francais_0055-1024x683.jpg 1024w, https:\/\/institutfrancais.sk\/wp-content\/uploads\/2023\/08\/3_Marche-francais_0055-300x200.jpg 300w, https:\/\/institutfrancais.sk\/wp-content\/uploads\/2023\/08\/3_Marche-francais_0055-768x512.jpg 768w, https:\/\/institutfrancais.sk\/wp-content\/uploads\/2023\/08\/3_Marche-francais_0055-1536x1024.jpg 1536w, https:\/\/institutfrancais.sk\/wp-content\/uploads\/2023\/08\/3_Marche-francais_0055-2048x1365.jpg 2048w, https:\/\/institutfrancais.sk\/wp-content\/uploads\/2023\/08\/3_Marche-francais_0055-1190x793.jpg 1190w, https:\/\/institutfrancais.sk\/wp-content\/uploads\/2023\/08\/3_Marche-francais_0055-1500x1000.jpg 1500w\" sizes=\"(max-width: 1024px) 100vw, 1024px\" \/><\/figure><\/li><li class=\"blocks-gallery-item\"><figure><img loading=\"lazy\" decoding=\"async\" width=\"1024\" height=\"683\" src=\"https:\/\/institutfrancais.sk\/wp-content\/uploads\/2023\/08\/3_Marche-francais_0056-1024x683.jpg\" alt=\"\" data-id=\"28468\" data-full-url=\"https:\/\/institutfrancais.sk\/wp-content\/uploads\/2023\/08\/3_Marche-francais_0056-scaled.jpg\" data-link=\"https:\/\/institutfrancais.sk\/podujatie\/oslavte-s-nami-dobytie-bastily\/3_marche-francais_0056\/\" class=\"wp-image-28468\" srcset=\"https:\/\/institutfrancais.sk\/wp-content\/uploads\/2023\/08\/3_Marche-francais_0056-1024x683.jpg 1024w, https:\/\/institutfrancais.sk\/wp-content\/uploads\/2023\/08\/3_Marche-francais_0056-300x200.jpg 300w, https:\/\/institutfrancais.sk\/wp-content\/uploads\/2023\/08\/3_Marche-francais_0056-768x512.jpg 768w, https:\/\/institutfrancais.sk\/wp-content\/uploads\/2023\/08\/3_Marche-francais_0056-1536x1024.jpg 1536w, https:\/\/institutfrancais.sk\/wp-content\/uploads\/2023\/08\/3_Marche-francais_0056-2048x1365.jpg 2048w, https:\/\/institutfrancais.sk\/wp-content\/uploads\/2023\/08\/3_Marche-francais_0056-1190x793.jpg 1190w, https:\/\/institutfrancais.sk\/wp-content\/uploads\/2023\/08\/3_Marche-francais_0056-1500x1000.jpg 1500w\" sizes=\"(max-width: 1024px) 100vw, 1024px\" \/><\/figure><\/li><li class=\"blocks-gallery-item\"><figure><img loading=\"lazy\" decoding=\"async\" width=\"1024\" height=\"683\" src=\"https:\/\/institutfrancais.sk\/wp-content\/uploads\/2023\/08\/3_Marche-francais_0058-1024x683.jpg\" alt=\"\" data-id=\"28470\" data-full-url=\"https:\/\/institutfrancais.sk\/wp-content\/uploads\/2023\/08\/3_Marche-francais_0058-scaled.jpg\" data-link=\"https:\/\/institutfrancais.sk\/podujatie\/oslavte-s-nami-dobytie-bastily\/3_marche-francais_0058\/\" class=\"wp-image-28470\" srcset=\"https:\/\/institutfrancais.sk\/wp-content\/uploads\/2023\/08\/3_Marche-francais_0058-1024x683.jpg 1024w, https:\/\/institutfrancais.sk\/wp-content\/uploads\/2023\/08\/3_Marche-francais_0058-300x200.jpg 300w, https:\/\/institutfrancais.sk\/wp-content\/uploads\/2023\/08\/3_Marche-francais_0058-768x512.jpg 768w, https:\/\/institutfrancais.sk\/wp-content\/uploads\/2023\/08\/3_Marche-francais_0058-1536x1024.jpg 1536w, https:\/\/institutfrancais.sk\/wp-content\/uploads\/2023\/08\/3_Marche-francais_0058-2048x1365.jpg 2048w, https:\/\/institutfrancais.sk\/wp-content\/uploads\/2023\/08\/3_Marche-francais_0058-1190x793.jpg 1190w, https:\/\/institutfrancais.sk\/wp-content\/uploads\/2023\/08\/3_Marche-francais_0058-1500x1000.jpg 1500w\" sizes=\"(max-width: 1024px) 100vw, 1024px\" \/><\/figure><\/li><li class=\"blocks-gallery-item\"><figure><img loading=\"lazy\" decoding=\"async\" width=\"1024\" height=\"683\" src=\"https:\/\/institutfrancais.sk\/wp-content\/uploads\/2023\/08\/3_Marche-francais_0059-1024x683.jpg\" alt=\"\" data-id=\"28472\" data-full-url=\"https:\/\/institutfrancais.sk\/wp-content\/uploads\/2023\/08\/3_Marche-francais_0059-scaled.jpg\" data-link=\"https:\/\/institutfrancais.sk\/podujatie\/oslavte-s-nami-dobytie-bastily\/3_marche-francais_0059\/\" class=\"wp-image-28472\" srcset=\"https:\/\/institutfrancais.sk\/wp-content\/uploads\/2023\/08\/3_Marche-francais_0059-1024x683.jpg 1024w, https:\/\/institutfrancais.sk\/wp-content\/uploads\/2023\/08\/3_Marche-francais_0059-300x200.jpg 300w, https:\/\/institutfrancais.sk\/wp-content\/uploads\/2023\/08\/3_Marche-francais_0059-768x512.jpg 768w, https:\/\/institutfrancais.sk\/wp-content\/uploads\/2023\/08\/3_Marche-francais_0059-1536x1024.jpg 1536w, https:\/\/institutfrancais.sk\/wp-content\/uploads\/2023\/08\/3_Marche-francais_0059-2048x1365.jpg 2048w, https:\/\/institutfrancais.sk\/wp-content\/uploads\/2023\/08\/3_Marche-francais_0059-1190x793.jpg 1190w, https:\/\/institutfrancais.sk\/wp-content\/uploads\/2023\/08\/3_Marche-francais_0059-1500x1000.jpg 1500w\" sizes=\"(max-width: 1024px) 100vw, 1024px\" \/><\/figure><\/li><li class=\"blocks-gallery-item\"><figure><img loading=\"lazy\" decoding=\"async\" width=\"1024\" height=\"683\" src=\"https:\/\/institutfrancais.sk\/wp-content\/uploads\/2023\/08\/3_Marche-francais_0060-1024x683.jpg\" alt=\"\" data-id=\"28474\" data-full-url=\"https:\/\/institutfrancais.sk\/wp-content\/uploads\/2023\/08\/3_Marche-francais_0060-scaled.jpg\" data-link=\"https:\/\/institutfrancais.sk\/podujatie\/oslavte-s-nami-dobytie-bastily\/3_marche-francais_0060\/\" class=\"wp-image-28474\" srcset=\"https:\/\/institutfrancais.sk\/wp-content\/uploads\/2023\/08\/3_Marche-francais_0060-1024x683.jpg 1024w, https:\/\/institutfrancais.sk\/wp-content\/uploads\/2023\/08\/3_Marche-francais_0060-300x200.jpg 300w, https:\/\/institutfrancais.sk\/wp-content\/uploads\/2023\/08\/3_Marche-francais_0060-768x512.jpg 768w, https:\/\/institutfrancais.sk\/wp-content\/uploads\/2023\/08\/3_Marche-francais_0060-1536x1024.jpg 1536w, https:\/\/institutfrancais.sk\/wp-content\/uploads\/2023\/08\/3_Marche-francais_0060-2048x1365.jpg 2048w, https:\/\/institutfrancais.sk\/wp-content\/uploads\/2023\/08\/3_Marche-francais_0060-1190x793.jpg 1190w, https:\/\/institutfrancais.sk\/wp-content\/uploads\/2023\/08\/3_Marche-francais_0060-1500x1000.jpg 1500w\" sizes=\"(max-width: 1024px) 100vw, 1024px\" \/><\/figure><\/li><li class=\"blocks-gallery-item\"><figure><img loading=\"lazy\" decoding=\"async\" width=\"1024\" height=\"683\" src=\"https:\/\/institutfrancais.sk\/wp-content\/uploads\/2023\/08\/3_Marche-francais_0061-1024x683.jpg\" alt=\"\" data-id=\"28476\" data-full-url=\"https:\/\/institutfrancais.sk\/wp-content\/uploads\/2023\/08\/3_Marche-francais_0061-scaled.jpg\" data-link=\"https:\/\/institutfrancais.sk\/podujatie\/oslavte-s-nami-dobytie-bastily\/3_marche-francais_0061\/\" class=\"wp-image-28476\" srcset=\"https:\/\/institutfrancais.sk\/wp-content\/uploads\/2023\/08\/3_Marche-francais_0061-1024x683.jpg 1024w, https:\/\/institutfrancais.sk\/wp-content\/uploads\/2023\/08\/3_Marche-francais_0061-300x200.jpg 300w, https:\/\/institutfrancais.sk\/wp-content\/uploads\/2023\/08\/3_Marche-francais_0061-768x512.jpg 768w, https:\/\/institutfrancais.sk\/wp-content\/uploads\/2023\/08\/3_Marche-francais_0061-1536x1024.jpg 1536w, https:\/\/institutfrancais.sk\/wp-content\/uploads\/2023\/08\/3_Marche-francais_0061-2048x1365.jpg 2048w, https:\/\/institutfrancais.sk\/wp-content\/uploads\/2023\/08\/3_Marche-francais_0061-1190x793.jpg 1190w, https:\/\/institutfrancais.sk\/wp-content\/uploads\/2023\/08\/3_Marche-francais_0061-1500x1000.jpg 1500w\" sizes=\"(max-width: 1024px) 100vw, 1024px\" \/><\/figure><\/li><li class=\"blocks-gallery-item\"><figure><img loading=\"lazy\" decoding=\"async\" width=\"1024\" height=\"683\" src=\"https:\/\/institutfrancais.sk\/wp-content\/uploads\/2023\/08\/3_Marche-francais_0062-1024x683.jpg\" alt=\"\" data-id=\"28478\" data-full-url=\"https:\/\/institutfrancais.sk\/wp-content\/uploads\/2023\/08\/3_Marche-francais_0062-scaled.jpg\" data-link=\"https:\/\/institutfrancais.sk\/podujatie\/oslavte-s-nami-dobytie-bastily\/3_marche-francais_0062\/\" class=\"wp-image-28478\" srcset=\"https:\/\/institutfrancais.sk\/wp-content\/uploads\/2023\/08\/3_Marche-francais_0062-1024x683.jpg 1024w, https:\/\/institutfrancais.sk\/wp-content\/uploads\/2023\/08\/3_Marche-francais_0062-300x200.jpg 300w, https:\/\/institutfrancais.sk\/wp-content\/uploads\/2023\/08\/3_Marche-francais_0062-768x512.jpg 768w, https:\/\/institutfrancais.sk\/wp-content\/uploads\/2023\/08\/3_Marche-francais_0062-1536x1024.jpg 1536w, https:\/\/institutfrancais.sk\/wp-content\/uploads\/2023\/08\/3_Marche-francais_0062-2048x1365.jpg 2048w, https:\/\/institutfrancais.sk\/wp-content\/uploads\/2023\/08\/3_Marche-francais_0062-1190x793.jpg 1190w, https:\/\/institutfrancais.sk\/wp-content\/uploads\/2023\/08\/3_Marche-francais_0062-1500x1000.jpg 1500w\" sizes=\"(max-width: 1024px) 100vw, 1024px\" \/><\/figure><\/li><li class=\"blocks-gallery-item\"><figure><img loading=\"lazy\" decoding=\"async\" width=\"1024\" height=\"683\" src=\"https:\/\/institutfrancais.sk\/wp-content\/uploads\/2023\/08\/3_Marche-francais_0063-1024x683.jpg\" alt=\"\" data-id=\"28480\" data-full-url=\"https:\/\/institutfrancais.sk\/wp-content\/uploads\/2023\/08\/3_Marche-francais_0063-scaled.jpg\" data-link=\"https:\/\/institutfrancais.sk\/podujatie\/oslavte-s-nami-dobytie-bastily\/3_marche-francais_0063\/\" class=\"wp-image-28480\" srcset=\"https:\/\/institutfrancais.sk\/wp-content\/uploads\/2023\/08\/3_Marche-francais_0063-1024x683.jpg 1024w, https:\/\/institutfrancais.sk\/wp-content\/uploads\/2023\/08\/3_Marche-francais_0063-300x200.jpg 300w, https:\/\/institutfrancais.sk\/wp-content\/uploads\/2023\/08\/3_Marche-francais_0063-768x512.jpg 768w, https:\/\/institutfrancais.sk\/wp-content\/uploads\/2023\/08\/3_Marche-francais_0063-1536x1024.jpg 1536w, https:\/\/institutfrancais.sk\/wp-content\/uploads\/2023\/08\/3_Marche-francais_0063-2048x1365.jpg 2048w, https:\/\/institutfrancais.sk\/wp-content\/uploads\/2023\/08\/3_Marche-francais_0063-1190x793.jpg 1190w, https:\/\/institutfrancais.sk\/wp-content\/uploads\/2023\/08\/3_Marche-francais_0063-1500x1000.jpg 1500w\" sizes=\"(max-width: 1024px) 100vw, 1024px\" \/><\/figure><\/li><li class=\"blocks-gallery-item\"><figure><img loading=\"lazy\" decoding=\"async\" width=\"1024\" height=\"683\" src=\"https:\/\/institutfrancais.sk\/wp-content\/uploads\/2023\/08\/3_Marche-francais_0064-1024x683.jpg\" alt=\"\" data-id=\"28482\" data-full-url=\"https:\/\/institutfrancais.sk\/wp-content\/uploads\/2023\/08\/3_Marche-francais_0064-scaled.jpg\" data-link=\"https:\/\/institutfrancais.sk\/podujatie\/oslavte-s-nami-dobytie-bastily\/3_marche-francais_0064\/\" class=\"wp-image-28482\" srcset=\"https:\/\/institutfrancais.sk\/wp-content\/uploads\/2023\/08\/3_Marche-francais_0064-1024x683.jpg 1024w, https:\/\/institutfrancais.sk\/wp-content\/uploads\/2023\/08\/3_Marche-francais_0064-300x200.jpg 300w, https:\/\/institutfrancais.sk\/wp-content\/uploads\/2023\/08\/3_Marche-francais_0064-768x512.jpg 768w, https:\/\/institutfrancais.sk\/wp-content\/uploads\/2023\/08\/3_Marche-francais_0064-1536x1024.jpg 1536w, https:\/\/institutfrancais.sk\/wp-content\/uploads\/2023\/08\/3_Marche-francais_0064-2048x1365.jpg 2048w, https:\/\/institutfrancais.sk\/wp-content\/uploads\/2023\/08\/3_Marche-francais_0064-1190x793.jpg 1190w, https:\/\/institutfrancais.sk\/wp-content\/uploads\/2023\/08\/3_Marche-francais_0064-1500x1000.jpg 1500w\" sizes=\"(max-width: 1024px) 100vw, 1024px\" \/><\/figure><\/li><li class=\"blocks-gallery-item\"><figure><img loading=\"lazy\" decoding=\"async\" width=\"1024\" height=\"683\" src=\"https:\/\/institutfrancais.sk\/wp-content\/uploads\/2023\/08\/3_Marche-francais_0065-1024x683.jpg\" alt=\"\" data-id=\"28484\" data-full-url=\"https:\/\/institutfrancais.sk\/wp-content\/uploads\/2023\/08\/3_Marche-francais_0065-scaled.jpg\" data-link=\"https:\/\/institutfrancais.sk\/podujatie\/oslavte-s-nami-dobytie-bastily\/3_marche-francais_0065\/\" class=\"wp-image-28484\" srcset=\"https:\/\/institutfrancais.sk\/wp-content\/uploads\/2023\/08\/3_Marche-francais_0065-1024x683.jpg 1024w, https:\/\/institutfrancais.sk\/wp-content\/uploads\/2023\/08\/3_Marche-francais_0065-300x200.jpg 300w, https:\/\/institutfrancais.sk\/wp-content\/uploads\/2023\/08\/3_Marche-francais_0065-768x512.jpg 768w, https:\/\/institutfrancais.sk\/wp-content\/uploads\/2023\/08\/3_Marche-francais_0065-1536x1024.jpg 1536w, https:\/\/institutfrancais.sk\/wp-content\/uploads\/2023\/08\/3_Marche-francais_0065-2048x1365.jpg 2048w, https:\/\/institutfrancais.sk\/wp-content\/uploads\/2023\/08\/3_Marche-francais_0065-1190x793.jpg 1190w, https:\/\/institutfrancais.sk\/wp-content\/uploads\/2023\/08\/3_Marche-francais_0065-1500x1000.jpg 1500w\" sizes=\"(max-width: 1024px) 100vw, 1024px\" \/><\/figure><\/li><li class=\"blocks-gallery-item\"><figure><img loading=\"lazy\" decoding=\"async\" width=\"1024\" height=\"683\" src=\"https:\/\/institutfrancais.sk\/wp-content\/uploads\/2023\/08\/3_Marche-francais_0066-1024x683.jpg\" alt=\"\" data-id=\"28486\" data-full-url=\"https:\/\/institutfrancais.sk\/wp-content\/uploads\/2023\/08\/3_Marche-francais_0066-scaled.jpg\" data-link=\"https:\/\/institutfrancais.sk\/podujatie\/oslavte-s-nami-dobytie-bastily\/3_marche-francais_0066\/\" class=\"wp-image-28486\" srcset=\"https:\/\/institutfrancais.sk\/wp-content\/uploads\/2023\/08\/3_Marche-francais_0066-1024x683.jpg 1024w, https:\/\/institutfrancais.sk\/wp-content\/uploads\/2023\/08\/3_Marche-francais_0066-300x200.jpg 300w, https:\/\/institutfrancais.sk\/wp-content\/uploads\/2023\/08\/3_Marche-francais_0066-768x512.jpg 768w, https:\/\/institutfrancais.sk\/wp-content\/uploads\/2023\/08\/3_Marche-francais_0066-1536x1024.jpg 1536w, https:\/\/institutfrancais.sk\/wp-content\/uploads\/2023\/08\/3_Marche-francais_0066-2048x1365.jpg 2048w, https:\/\/institutfrancais.sk\/wp-content\/uploads\/2023\/08\/3_Marche-francais_0066-1190x793.jpg 1190w, https:\/\/institutfrancais.sk\/wp-content\/uploads\/2023\/08\/3_Marche-francais_0066-1500x1000.jpg 1500w\" sizes=\"(max-width: 1024px) 100vw, 1024px\" \/><\/figure><\/li><li class=\"blocks-gallery-item\"><figure><img loading=\"lazy\" decoding=\"async\" width=\"1024\" height=\"683\" src=\"https:\/\/institutfrancais.sk\/wp-content\/uploads\/2023\/08\/3_Marche-francais_0067-1024x683.jpg\" alt=\"\" data-id=\"28488\" data-full-url=\"https:\/\/institutfrancais.sk\/wp-content\/uploads\/2023\/08\/3_Marche-francais_0067-scaled.jpg\" data-link=\"https:\/\/institutfrancais.sk\/podujatie\/oslavte-s-nami-dobytie-bastily\/3_marche-francais_0067\/\" class=\"wp-image-28488\" srcset=\"https:\/\/institutfrancais.sk\/wp-content\/uploads\/2023\/08\/3_Marche-francais_0067-1024x683.jpg 1024w, https:\/\/institutfrancais.sk\/wp-content\/uploads\/2023\/08\/3_Marche-francais_0067-300x200.jpg 300w, https:\/\/institutfrancais.sk\/wp-content\/uploads\/2023\/08\/3_Marche-francais_0067-768x512.jpg 768w, https:\/\/institutfrancais.sk\/wp-content\/uploads\/2023\/08\/3_Marche-francais_0067-1536x1024.jpg 1536w, https:\/\/institutfrancais.sk\/wp-content\/uploads\/2023\/08\/3_Marche-francais_0067-2048x1365.jpg 2048w, https:\/\/institutfrancais.sk\/wp-content\/uploads\/2023\/08\/3_Marche-francais_0067-1190x793.jpg 1190w, https:\/\/institutfrancais.sk\/wp-content\/uploads\/2023\/08\/3_Marche-francais_0067-1500x1000.jpg 1500w\" sizes=\"(max-width: 1024px) 100vw, 1024px\" \/><\/figure><\/li><li class=\"blocks-gallery-item\"><figure><img loading=\"lazy\" decoding=\"async\" width=\"1024\" height=\"683\" src=\"https:\/\/institutfrancais.sk\/wp-content\/uploads\/2023\/08\/3_Marche-francais_0068-1024x683.jpg\" alt=\"\" data-id=\"28490\" data-full-url=\"https:\/\/institutfrancais.sk\/wp-content\/uploads\/2023\/08\/3_Marche-francais_0068-scaled.jpg\" data-link=\"https:\/\/institutfrancais.sk\/podujatie\/oslavte-s-nami-dobytie-bastily\/3_marche-francais_0068\/\" class=\"wp-image-28490\" srcset=\"https:\/\/institutfrancais.sk\/wp-content\/uploads\/2023\/08\/3_Marche-francais_0068-1024x683.jpg 1024w, https:\/\/institutfrancais.sk\/wp-content\/uploads\/2023\/08\/3_Marche-francais_0068-300x200.jpg 300w, https:\/\/institutfrancais.sk\/wp-content\/uploads\/2023\/08\/3_Marche-francais_0068-768x512.jpg 768w, https:\/\/institutfrancais.sk\/wp-content\/uploads\/2023\/08\/3_Marche-francais_0068-1536x1024.jpg 1536w, https:\/\/institutfrancais.sk\/wp-content\/uploads\/2023\/08\/3_Marche-francais_0068-2048x1365.jpg 2048w, https:\/\/institutfrancais.sk\/wp-content\/uploads\/2023\/08\/3_Marche-francais_0068-1190x793.jpg 1190w, https:\/\/institutfrancais.sk\/wp-content\/uploads\/2023\/08\/3_Marche-francais_0068-1500x1000.jpg 1500w\" sizes=\"(max-width: 1024px) 100vw, 1024px\" \/><\/figure><\/li><li class=\"blocks-gallery-item\"><figure><img loading=\"lazy\" decoding=\"async\" width=\"1024\" height=\"683\" src=\"https:\/\/institutfrancais.sk\/wp-content\/uploads\/2023\/08\/3_Marche-francais_0069-1024x683.jpg\" alt=\"\" data-id=\"28492\" data-full-url=\"https:\/\/institutfrancais.sk\/wp-content\/uploads\/2023\/08\/3_Marche-francais_0069-scaled.jpg\" data-link=\"https:\/\/institutfrancais.sk\/podujatie\/oslavte-s-nami-dobytie-bastily\/3_marche-francais_0069\/\" class=\"wp-image-28492\" srcset=\"https:\/\/institutfrancais.sk\/wp-content\/uploads\/2023\/08\/3_Marche-francais_0069-1024x683.jpg 1024w, https:\/\/institutfrancais.sk\/wp-content\/uploads\/2023\/08\/3_Marche-francais_0069-300x200.jpg 300w, https:\/\/institutfrancais.sk\/wp-content\/uploads\/2023\/08\/3_Marche-francais_0069-768x512.jpg 768w, https:\/\/institutfrancais.sk\/wp-content\/uploads\/2023\/08\/3_Marche-francais_0069-1536x1024.jpg 1536w, https:\/\/institutfrancais.sk\/wp-content\/uploads\/2023\/08\/3_Marche-francais_0069-2048x1365.jpg 2048w, https:\/\/institutfrancais.sk\/wp-content\/uploads\/2023\/08\/3_Marche-francais_0069-1190x793.jpg 1190w, https:\/\/institutfrancais.sk\/wp-content\/uploads\/2023\/08\/3_Marche-francais_0069-1500x1000.jpg 1500w\" sizes=\"(max-width: 1024px) 100vw, 1024px\" \/><\/figure><\/li><li class=\"blocks-gallery-item\"><figure><img loading=\"lazy\" decoding=\"async\" width=\"1024\" height=\"683\" src=\"https:\/\/institutfrancais.sk\/wp-content\/uploads\/2023\/08\/3_Marche-francais_0070-1024x683.jpg\" alt=\"\" data-id=\"28494\" data-full-url=\"https:\/\/institutfrancais.sk\/wp-content\/uploads\/2023\/08\/3_Marche-francais_0070-scaled.jpg\" data-link=\"https:\/\/institutfrancais.sk\/podujatie\/oslavte-s-nami-dobytie-bastily\/3_marche-francais_0070\/\" class=\"wp-image-28494\" srcset=\"https:\/\/institutfrancais.sk\/wp-content\/uploads\/2023\/08\/3_Marche-francais_0070-1024x683.jpg 1024w, https:\/\/institutfrancais.sk\/wp-content\/uploads\/2023\/08\/3_Marche-francais_0070-300x200.jpg 300w, https:\/\/institutfrancais.sk\/wp-content\/uploads\/2023\/08\/3_Marche-francais_0070-768x512.jpg 768w, https:\/\/institutfrancais.sk\/wp-content\/uploads\/2023\/08\/3_Marche-francais_0070-1536x1024.jpg 1536w, https:\/\/institutfrancais.sk\/wp-content\/uploads\/2023\/08\/3_Marche-francais_0070-2048x1365.jpg 2048w, https:\/\/institutfrancais.sk\/wp-content\/uploads\/2023\/08\/3_Marche-francais_0070-1190x793.jpg 1190w, https:\/\/institutfrancais.sk\/wp-content\/uploads\/2023\/08\/3_Marche-francais_0070-1500x1000.jpg 1500w\" sizes=\"(max-width: 1024px) 100vw, 1024px\" \/><\/figure><\/li><li class=\"blocks-gallery-item\"><figure><img loading=\"lazy\" decoding=\"async\" width=\"1024\" height=\"683\" src=\"https:\/\/institutfrancais.sk\/wp-content\/uploads\/2023\/08\/3_Marche-francais_0071-1024x683.jpg\" alt=\"\" data-id=\"28496\" data-full-url=\"https:\/\/institutfrancais.sk\/wp-content\/uploads\/2023\/08\/3_Marche-francais_0071-scaled.jpg\" data-link=\"https:\/\/institutfrancais.sk\/podujatie\/oslavte-s-nami-dobytie-bastily\/3_marche-francais_0071\/\" class=\"wp-image-28496\" srcset=\"https:\/\/institutfrancais.sk\/wp-content\/uploads\/2023\/08\/3_Marche-francais_0071-1024x683.jpg 1024w, https:\/\/institutfrancais.sk\/wp-content\/uploads\/2023\/08\/3_Marche-francais_0071-300x200.jpg 300w, https:\/\/institutfrancais.sk\/wp-content\/uploads\/2023\/08\/3_Marche-francais_0071-768x512.jpg 768w, https:\/\/institutfrancais.sk\/wp-content\/uploads\/2023\/08\/3_Marche-francais_0071-1536x1024.jpg 1536w, https:\/\/institutfrancais.sk\/wp-content\/uploads\/2023\/08\/3_Marche-francais_0071-2048x1365.jpg 2048w, https:\/\/institutfrancais.sk\/wp-content\/uploads\/2023\/08\/3_Marche-francais_0071-1190x793.jpg 1190w, https:\/\/institutfrancais.sk\/wp-content\/uploads\/2023\/08\/3_Marche-francais_0071-1500x1000.jpg 1500w\" sizes=\"(max-width: 1024px) 100vw, 1024px\" \/><\/figure><\/li><li class=\"blocks-gallery-item\"><figure><img loading=\"lazy\" decoding=\"async\" width=\"1024\" height=\"683\" src=\"https:\/\/institutfrancais.sk\/wp-content\/uploads\/2023\/08\/3_Marche-francais_0072-1024x683.jpg\" alt=\"\" data-id=\"28498\" data-full-url=\"https:\/\/institutfrancais.sk\/wp-content\/uploads\/2023\/08\/3_Marche-francais_0072-scaled.jpg\" data-link=\"https:\/\/institutfrancais.sk\/podujatie\/oslavte-s-nami-dobytie-bastily\/3_marche-francais_0072\/\" class=\"wp-image-28498\" srcset=\"https:\/\/institutfrancais.sk\/wp-content\/uploads\/2023\/08\/3_Marche-francais_0072-1024x683.jpg 1024w, https:\/\/institutfrancais.sk\/wp-content\/uploads\/2023\/08\/3_Marche-francais_0072-300x200.jpg 300w, https:\/\/institutfrancais.sk\/wp-content\/uploads\/2023\/08\/3_Marche-francais_0072-768x512.jpg 768w, https:\/\/institutfrancais.sk\/wp-content\/uploads\/2023\/08\/3_Marche-francais_0072-1536x1024.jpg 1536w, https:\/\/institutfrancais.sk\/wp-content\/uploads\/2023\/08\/3_Marche-francais_0072-2048x1365.jpg 2048w, https:\/\/institutfrancais.sk\/wp-content\/uploads\/2023\/08\/3_Marche-francais_0072-1190x793.jpg 1190w, https:\/\/institutfrancais.sk\/wp-content\/uploads\/2023\/08\/3_Marche-francais_0072-1500x1000.jpg 1500w\" sizes=\"(max-width: 1024px) 100vw, 1024px\" \/><\/figure><\/li><li class=\"blocks-gallery-item\"><figure><img loading=\"lazy\" decoding=\"async\" width=\"1024\" height=\"683\" src=\"https:\/\/institutfrancais.sk\/wp-content\/uploads\/2023\/08\/3_Marche-francais_0073-1024x683.jpg\" alt=\"\" data-id=\"28500\" data-full-url=\"https:\/\/institutfrancais.sk\/wp-content\/uploads\/2023\/08\/3_Marche-francais_0073-scaled.jpg\" data-link=\"https:\/\/institutfrancais.sk\/podujatie\/oslavte-s-nami-dobytie-bastily\/3_marche-francais_0073\/\" class=\"wp-image-28500\" srcset=\"https:\/\/institutfrancais.sk\/wp-content\/uploads\/2023\/08\/3_Marche-francais_0073-1024x683.jpg 1024w, https:\/\/institutfrancais.sk\/wp-content\/uploads\/2023\/08\/3_Marche-francais_0073-300x200.jpg 300w, https:\/\/institutfrancais.sk\/wp-content\/uploads\/2023\/08\/3_Marche-francais_0073-768x512.jpg 768w, https:\/\/institutfrancais.sk\/wp-content\/uploads\/2023\/08\/3_Marche-francais_0073-1536x1024.jpg 1536w, https:\/\/institutfrancais.sk\/wp-content\/uploads\/2023\/08\/3_Marche-francais_0073-2048x1365.jpg 2048w, https:\/\/institutfrancais.sk\/wp-content\/uploads\/2023\/08\/3_Marche-francais_0073-1190x793.jpg 1190w, https:\/\/institutfrancais.sk\/wp-content\/uploads\/2023\/08\/3_Marche-francais_0073-1500x1000.jpg 1500w\" sizes=\"(max-width: 1024px) 100vw, 1024px\" \/><\/figure><\/li><li class=\"blocks-gallery-item\"><figure><img loading=\"lazy\" decoding=\"async\" width=\"1024\" height=\"683\" src=\"https:\/\/institutfrancais.sk\/wp-content\/uploads\/2023\/08\/3_Marche-francais_0074-1024x683.jpg\" alt=\"\" data-id=\"28502\" data-full-url=\"https:\/\/institutfrancais.sk\/wp-content\/uploads\/2023\/08\/3_Marche-francais_0074-scaled.jpg\" data-link=\"https:\/\/institutfrancais.sk\/podujatie\/oslavte-s-nami-dobytie-bastily\/3_marche-francais_0074\/\" class=\"wp-image-28502\" srcset=\"https:\/\/institutfrancais.sk\/wp-content\/uploads\/2023\/08\/3_Marche-francais_0074-1024x683.jpg 1024w, https:\/\/institutfrancais.sk\/wp-content\/uploads\/2023\/08\/3_Marche-francais_0074-300x200.jpg 300w, https:\/\/institutfrancais.sk\/wp-content\/uploads\/2023\/08\/3_Marche-francais_0074-768x512.jpg 768w, https:\/\/institutfrancais.sk\/wp-content\/uploads\/2023\/08\/3_Marche-francais_0074-1536x1024.jpg 1536w, https:\/\/institutfrancais.sk\/wp-content\/uploads\/2023\/08\/3_Marche-francais_0074-2048x1365.jpg 2048w, https:\/\/institutfrancais.sk\/wp-content\/uploads\/2023\/08\/3_Marche-francais_0074-1190x793.jpg 1190w, https:\/\/institutfrancais.sk\/wp-content\/uploads\/2023\/08\/3_Marche-francais_0074-1500x1000.jpg 1500w\" sizes=\"(max-width: 1024px) 100vw, 1024px\" \/><\/figure><\/li><li class=\"blocks-gallery-item\"><figure><img loading=\"lazy\" decoding=\"async\" width=\"1024\" height=\"683\" src=\"https:\/\/institutfrancais.sk\/wp-content\/uploads\/2023\/08\/3_Marche-francais_0075-1024x683.jpg\" alt=\"\" data-id=\"28504\" data-full-url=\"https:\/\/institutfrancais.sk\/wp-content\/uploads\/2023\/08\/3_Marche-francais_0075-scaled.jpg\" data-link=\"https:\/\/institutfrancais.sk\/podujatie\/oslavte-s-nami-dobytie-bastily\/3_marche-francais_0075\/\" class=\"wp-image-28504\" srcset=\"https:\/\/institutfrancais.sk\/wp-content\/uploads\/2023\/08\/3_Marche-francais_0075-1024x683.jpg 1024w, https:\/\/institutfrancais.sk\/wp-content\/uploads\/2023\/08\/3_Marche-francais_0075-300x200.jpg 300w, https:\/\/institutfrancais.sk\/wp-content\/uploads\/2023\/08\/3_Marche-francais_0075-768x512.jpg 768w, https:\/\/institutfrancais.sk\/wp-content\/uploads\/2023\/08\/3_Marche-francais_0075-1536x1024.jpg 1536w, https:\/\/institutfrancais.sk\/wp-content\/uploads\/2023\/08\/3_Marche-francais_0075-2048x1365.jpg 2048w, https:\/\/institutfrancais.sk\/wp-content\/uploads\/2023\/08\/3_Marche-francais_0075-1190x793.jpg 1190w, https:\/\/institutfrancais.sk\/wp-content\/uploads\/2023\/08\/3_Marche-francais_0075-1500x1000.jpg 1500w\" sizes=\"(max-width: 1024px) 100vw, 1024px\" \/><\/figure><\/li><li class=\"blocks-gallery-item\"><figure><img loading=\"lazy\" decoding=\"async\" width=\"1024\" height=\"683\" src=\"https:\/\/institutfrancais.sk\/wp-content\/uploads\/2023\/08\/3_Marche-francais_0076-1024x683.jpg\" alt=\"\" data-id=\"28506\" data-full-url=\"https:\/\/institutfrancais.sk\/wp-content\/uploads\/2023\/08\/3_Marche-francais_0076-scaled.jpg\" data-link=\"https:\/\/institutfrancais.sk\/podujatie\/oslavte-s-nami-dobytie-bastily\/3_marche-francais_0076\/\" class=\"wp-image-28506\" srcset=\"https:\/\/institutfrancais.sk\/wp-content\/uploads\/2023\/08\/3_Marche-francais_0076-1024x683.jpg 1024w, https:\/\/institutfrancais.sk\/wp-content\/uploads\/2023\/08\/3_Marche-francais_0076-300x200.jpg 300w, https:\/\/institutfrancais.sk\/wp-content\/uploads\/2023\/08\/3_Marche-francais_0076-768x512.jpg 768w, https:\/\/institutfrancais.sk\/wp-content\/uploads\/2023\/08\/3_Marche-francais_0076-1536x1024.jpg 1536w, https:\/\/institutfrancais.sk\/wp-content\/uploads\/2023\/08\/3_Marche-francais_0076-2048x1365.jpg 2048w, https:\/\/institutfrancais.sk\/wp-content\/uploads\/2023\/08\/3_Marche-francais_0076-1190x793.jpg 1190w, https:\/\/institutfrancais.sk\/wp-content\/uploads\/2023\/08\/3_Marche-francais_0076-1500x1000.jpg 1500w\" sizes=\"(max-width: 1024px) 100vw, 1024px\" \/><\/figure><\/li><li class=\"blocks-gallery-item\"><figure><img loading=\"lazy\" decoding=\"async\" width=\"1024\" height=\"683\" src=\"https:\/\/institutfrancais.sk\/wp-content\/uploads\/2023\/08\/3_Marche-francais_0077-1024x683.jpg\" alt=\"\" data-id=\"28508\" data-full-url=\"https:\/\/institutfrancais.sk\/wp-content\/uploads\/2023\/08\/3_Marche-francais_0077-scaled.jpg\" data-link=\"https:\/\/institutfrancais.sk\/podujatie\/oslavte-s-nami-dobytie-bastily\/3_marche-francais_0077\/\" class=\"wp-image-28508\" srcset=\"https:\/\/institutfrancais.sk\/wp-content\/uploads\/2023\/08\/3_Marche-francais_0077-1024x683.jpg 1024w, https:\/\/institutfrancais.sk\/wp-content\/uploads\/2023\/08\/3_Marche-francais_0077-300x200.jpg 300w, https:\/\/institutfrancais.sk\/wp-content\/uploads\/2023\/08\/3_Marche-francais_0077-768x512.jpg 768w, https:\/\/institutfrancais.sk\/wp-content\/uploads\/2023\/08\/3_Marche-francais_0077-1536x1024.jpg 1536w, https:\/\/institutfrancais.sk\/wp-content\/uploads\/2023\/08\/3_Marche-francais_0077-2048x1365.jpg 2048w, https:\/\/institutfrancais.sk\/wp-content\/uploads\/2023\/08\/3_Marche-francais_0077-1190x793.jpg 1190w, https:\/\/institutfrancais.sk\/wp-content\/uploads\/2023\/08\/3_Marche-francais_0077-1500x1000.jpg 1500w\" sizes=\"(max-width: 1024px) 100vw, 1024px\" \/><\/figure><\/li><li class=\"blocks-gallery-item\"><figure><img loading=\"lazy\" decoding=\"async\" width=\"1024\" height=\"683\" src=\"https:\/\/institutfrancais.sk\/wp-content\/uploads\/2023\/08\/3_Marche-francais_0078-1024x683.jpg\" alt=\"\" data-id=\"28510\" data-full-url=\"https:\/\/institutfrancais.sk\/wp-content\/uploads\/2023\/08\/3_Marche-francais_0078-scaled.jpg\" data-link=\"https:\/\/institutfrancais.sk\/podujatie\/oslavte-s-nami-dobytie-bastily\/3_marche-francais_0078\/\" class=\"wp-image-28510\" srcset=\"https:\/\/institutfrancais.sk\/wp-content\/uploads\/2023\/08\/3_Marche-francais_0078-1024x683.jpg 1024w, https:\/\/institutfrancais.sk\/wp-content\/uploads\/2023\/08\/3_Marche-francais_0078-300x200.jpg 300w, https:\/\/institutfrancais.sk\/wp-content\/uploads\/2023\/08\/3_Marche-francais_0078-768x512.jpg 768w, https:\/\/institutfrancais.sk\/wp-content\/uploads\/2023\/08\/3_Marche-francais_0078-1536x1024.jpg 1536w, https:\/\/institutfrancais.sk\/wp-content\/uploads\/2023\/08\/3_Marche-francais_0078-2048x1365.jpg 2048w, https:\/\/institutfrancais.sk\/wp-content\/uploads\/2023\/08\/3_Marche-francais_0078-1190x793.jpg 1190w, https:\/\/institutfrancais.sk\/wp-content\/uploads\/2023\/08\/3_Marche-francais_0078-1500x1000.jpg 1500w\" sizes=\"(max-width: 1024px) 100vw, 1024px\" \/><\/figure><\/li><li class=\"blocks-gallery-item\"><figure><img loading=\"lazy\" decoding=\"async\" width=\"1024\" height=\"683\" src=\"https:\/\/institutfrancais.sk\/wp-content\/uploads\/2023\/08\/3_Marche-francais_0079-1024x683.jpg\" alt=\"\" data-id=\"28512\" data-full-url=\"https:\/\/institutfrancais.sk\/wp-content\/uploads\/2023\/08\/3_Marche-francais_0079-scaled.jpg\" data-link=\"https:\/\/institutfrancais.sk\/podujatie\/oslavte-s-nami-dobytie-bastily\/3_marche-francais_0079\/\" class=\"wp-image-28512\" srcset=\"https:\/\/institutfrancais.sk\/wp-content\/uploads\/2023\/08\/3_Marche-francais_0079-1024x683.jpg 1024w, https:\/\/institutfrancais.sk\/wp-content\/uploads\/2023\/08\/3_Marche-francais_0079-300x200.jpg 300w, https:\/\/institutfrancais.sk\/wp-content\/uploads\/2023\/08\/3_Marche-francais_0079-768x512.jpg 768w, https:\/\/institutfrancais.sk\/wp-content\/uploads\/2023\/08\/3_Marche-francais_0079-1536x1024.jpg 1536w, https:\/\/institutfrancais.sk\/wp-content\/uploads\/2023\/08\/3_Marche-francais_0079-2048x1365.jpg 2048w, https:\/\/institutfrancais.sk\/wp-content\/uploads\/2023\/08\/3_Marche-francais_0079-1190x793.jpg 1190w, https:\/\/institutfrancais.sk\/wp-content\/uploads\/2023\/08\/3_Marche-francais_0079-1500x1000.jpg 1500w\" sizes=\"(max-width: 1024px) 100vw, 1024px\" \/><\/figure><\/li><li class=\"blocks-gallery-item\"><figure><img loading=\"lazy\" decoding=\"async\" width=\"1024\" height=\"683\" src=\"https:\/\/institutfrancais.sk\/wp-content\/uploads\/2023\/08\/3_Marche-francais_0080-1024x683.jpg\" alt=\"\" data-id=\"28514\" data-full-url=\"https:\/\/institutfrancais.sk\/wp-content\/uploads\/2023\/08\/3_Marche-francais_0080-scaled.jpg\" data-link=\"https:\/\/institutfrancais.sk\/podujatie\/oslavte-s-nami-dobytie-bastily\/3_marche-francais_0080\/\" class=\"wp-image-28514\" srcset=\"https:\/\/institutfrancais.sk\/wp-content\/uploads\/2023\/08\/3_Marche-francais_0080-1024x683.jpg 1024w, https:\/\/institutfrancais.sk\/wp-content\/uploads\/2023\/08\/3_Marche-francais_0080-300x200.jpg 300w, https:\/\/institutfrancais.sk\/wp-content\/uploads\/2023\/08\/3_Marche-francais_0080-768x512.jpg 768w, https:\/\/institutfrancais.sk\/wp-content\/uploads\/2023\/08\/3_Marche-francais_0080-1536x1024.jpg 1536w, https:\/\/institutfrancais.sk\/wp-content\/uploads\/2023\/08\/3_Marche-francais_0080-2048x1365.jpg 2048w, https:\/\/institutfrancais.sk\/wp-content\/uploads\/2023\/08\/3_Marche-francais_0080-1190x793.jpg 1190w, https:\/\/institutfrancais.sk\/wp-content\/uploads\/2023\/08\/3_Marche-francais_0080-1500x1000.jpg 1500w\" sizes=\"(max-width: 1024px) 100vw, 1024px\" \/><\/figure><\/li><li class=\"blocks-gallery-item\"><figure><img loading=\"lazy\" decoding=\"async\" width=\"1024\" height=\"683\" src=\"https:\/\/institutfrancais.sk\/wp-content\/uploads\/2023\/08\/3_Marche-francais_0081-1024x683.jpg\" alt=\"\" data-id=\"28516\" data-full-url=\"https:\/\/institutfrancais.sk\/wp-content\/uploads\/2023\/08\/3_Marche-francais_0081-scaled.jpg\" data-link=\"https:\/\/institutfrancais.sk\/podujatie\/oslavte-s-nami-dobytie-bastily\/3_marche-francais_0081\/\" class=\"wp-image-28516\" srcset=\"https:\/\/institutfrancais.sk\/wp-content\/uploads\/2023\/08\/3_Marche-francais_0081-1024x683.jpg 1024w, https:\/\/institutfrancais.sk\/wp-content\/uploads\/2023\/08\/3_Marche-francais_0081-300x200.jpg 300w, https:\/\/institutfrancais.sk\/wp-content\/uploads\/2023\/08\/3_Marche-francais_0081-768x512.jpg 768w, https:\/\/institutfrancais.sk\/wp-content\/uploads\/2023\/08\/3_Marche-francais_0081-1536x1024.jpg 1536w, https:\/\/institutfrancais.sk\/wp-content\/uploads\/2023\/08\/3_Marche-francais_0081-2048x1365.jpg 2048w, https:\/\/institutfrancais.sk\/wp-content\/uploads\/2023\/08\/3_Marche-francais_0081-1190x793.jpg 1190w, https:\/\/institutfrancais.sk\/wp-content\/uploads\/2023\/08\/3_Marche-francais_0081-1500x1000.jpg 1500w\" sizes=\"(max-width: 1024px) 100vw, 1024px\" \/><\/figure><\/li><li class=\"blocks-gallery-item\"><figure><img loading=\"lazy\" decoding=\"async\" width=\"1024\" height=\"683\" src=\"https:\/\/institutfrancais.sk\/wp-content\/uploads\/2023\/08\/3_Marche-francais_0082-1024x683.jpg\" alt=\"\" data-id=\"28518\" data-full-url=\"https:\/\/institutfrancais.sk\/wp-content\/uploads\/2023\/08\/3_Marche-francais_0082-scaled.jpg\" data-link=\"https:\/\/institutfrancais.sk\/podujatie\/oslavte-s-nami-dobytie-bastily\/3_marche-francais_0082\/\" class=\"wp-image-28518\" srcset=\"https:\/\/institutfrancais.sk\/wp-content\/uploads\/2023\/08\/3_Marche-francais_0082-1024x683.jpg 1024w, https:\/\/institutfrancais.sk\/wp-content\/uploads\/2023\/08\/3_Marche-francais_0082-300x200.jpg 300w, https:\/\/institutfrancais.sk\/wp-content\/uploads\/2023\/08\/3_Marche-francais_0082-768x512.jpg 768w, https:\/\/institutfrancais.sk\/wp-content\/uploads\/2023\/08\/3_Marche-francais_0082-1536x1024.jpg 1536w, https:\/\/institutfrancais.sk\/wp-content\/uploads\/2023\/08\/3_Marche-francais_0082-2048x1365.jpg 2048w, https:\/\/institutfrancais.sk\/wp-content\/uploads\/2023\/08\/3_Marche-francais_0082-1190x793.jpg 1190w, https:\/\/institutfrancais.sk\/wp-content\/uploads\/2023\/08\/3_Marche-francais_0082-1500x1000.jpg 1500w\" sizes=\"(max-width: 1024px) 100vw, 1024px\" \/><\/figure><\/li><li class=\"blocks-gallery-item\"><figure><img loading=\"lazy\" decoding=\"async\" width=\"1024\" height=\"683\" src=\"https:\/\/institutfrancais.sk\/wp-content\/uploads\/2023\/08\/3_Marche-francais_0084-1024x683.jpg\" alt=\"\" data-id=\"28522\" data-full-url=\"https:\/\/institutfrancais.sk\/wp-content\/uploads\/2023\/08\/3_Marche-francais_0084-scaled.jpg\" data-link=\"https:\/\/institutfrancais.sk\/podujatie\/oslavte-s-nami-dobytie-bastily\/3_marche-francais_0084\/\" class=\"wp-image-28522\" srcset=\"https:\/\/institutfrancais.sk\/wp-content\/uploads\/2023\/08\/3_Marche-francais_0084-1024x683.jpg 1024w, https:\/\/institutfrancais.sk\/wp-content\/uploads\/2023\/08\/3_Marche-francais_0084-300x200.jpg 300w, https:\/\/institutfrancais.sk\/wp-content\/uploads\/2023\/08\/3_Marche-francais_0084-768x512.jpg 768w, https:\/\/institutfrancais.sk\/wp-content\/uploads\/2023\/08\/3_Marche-francais_0084-1536x1024.jpg 1536w, https:\/\/institutfrancais.sk\/wp-content\/uploads\/2023\/08\/3_Marche-francais_0084-2048x1365.jpg 2048w, https:\/\/institutfrancais.sk\/wp-content\/uploads\/2023\/08\/3_Marche-francais_0084-1190x793.jpg 1190w, https:\/\/institutfrancais.sk\/wp-content\/uploads\/2023\/08\/3_Marche-francais_0084-1500x1000.jpg 1500w\" sizes=\"(max-width: 1024px) 100vw, 1024px\" \/><\/figure><\/li><li class=\"blocks-gallery-item\"><figure><img loading=\"lazy\" decoding=\"async\" width=\"1024\" height=\"683\" src=\"https:\/\/institutfrancais.sk\/wp-content\/uploads\/2023\/08\/3_Marche-francais_0085-1024x683.jpg\" alt=\"\" data-id=\"28524\" data-full-url=\"https:\/\/institutfrancais.sk\/wp-content\/uploads\/2023\/08\/3_Marche-francais_0085-scaled.jpg\" data-link=\"https:\/\/institutfrancais.sk\/podujatie\/oslavte-s-nami-dobytie-bastily\/3_marche-francais_0085\/\" class=\"wp-image-28524\" srcset=\"https:\/\/institutfrancais.sk\/wp-content\/uploads\/2023\/08\/3_Marche-francais_0085-1024x683.jpg 1024w, https:\/\/institutfrancais.sk\/wp-content\/uploads\/2023\/08\/3_Marche-francais_0085-300x200.jpg 300w, https:\/\/institutfrancais.sk\/wp-content\/uploads\/2023\/08\/3_Marche-francais_0085-768x512.jpg 768w, https:\/\/institutfrancais.sk\/wp-content\/uploads\/2023\/08\/3_Marche-francais_0085-1536x1024.jpg 1536w, https:\/\/institutfrancais.sk\/wp-content\/uploads\/2023\/08\/3_Marche-francais_0085-2048x1365.jpg 2048w, https:\/\/institutfrancais.sk\/wp-content\/uploads\/2023\/08\/3_Marche-francais_0085-1190x793.jpg 1190w, https:\/\/institutfrancais.sk\/wp-content\/uploads\/2023\/08\/3_Marche-francais_0085-1500x1000.jpg 1500w\" sizes=\"(max-width: 1024px) 100vw, 1024px\" \/><\/figure><\/li><li class=\"blocks-gallery-item\"><figure><img loading=\"lazy\" decoding=\"async\" width=\"1024\" height=\"682\" src=\"https:\/\/institutfrancais.sk\/wp-content\/uploads\/2023\/08\/3_Marche-francais_0086-1024x682.jpg\" alt=\"\" data-id=\"28526\" data-full-url=\"https:\/\/institutfrancais.sk\/wp-content\/uploads\/2023\/08\/3_Marche-francais_0086-scaled.jpg\" data-link=\"https:\/\/institutfrancais.sk\/podujatie\/oslavte-s-nami-dobytie-bastily\/3_marche-francais_0086\/\" class=\"wp-image-28526\" srcset=\"https:\/\/institutfrancais.sk\/wp-content\/uploads\/2023\/08\/3_Marche-francais_0086-1024x682.jpg 1024w, https:\/\/institutfrancais.sk\/wp-content\/uploads\/2023\/08\/3_Marche-francais_0086-300x200.jpg 300w, https:\/\/institutfrancais.sk\/wp-content\/uploads\/2023\/08\/3_Marche-francais_0086-768x512.jpg 768w, https:\/\/institutfrancais.sk\/wp-content\/uploads\/2023\/08\/3_Marche-francais_0086-1536x1024.jpg 1536w, https:\/\/institutfrancais.sk\/wp-content\/uploads\/2023\/08\/3_Marche-francais_0086-2048x1365.jpg 2048w, https:\/\/institutfrancais.sk\/wp-content\/uploads\/2023\/08\/3_Marche-francais_0086-1190x793.jpg 1190w, https:\/\/institutfrancais.sk\/wp-content\/uploads\/2023\/08\/3_Marche-francais_0086-1500x1000.jpg 1500w\" sizes=\"(max-width: 1024px) 100vw, 1024px\" \/><\/figure><\/li><li class=\"blocks-gallery-item\"><figure><img loading=\"lazy\" decoding=\"async\" width=\"1024\" height=\"683\" src=\"https:\/\/institutfrancais.sk\/wp-content\/uploads\/2023\/08\/3_Marche-francais_0087-1024x683.jpg\" alt=\"\" data-id=\"28528\" data-full-url=\"https:\/\/institutfrancais.sk\/wp-content\/uploads\/2023\/08\/3_Marche-francais_0087-scaled.jpg\" data-link=\"https:\/\/institutfrancais.sk\/podujatie\/oslavte-s-nami-dobytie-bastily\/3_marche-francais_0087\/\" class=\"wp-image-28528\" srcset=\"https:\/\/institutfrancais.sk\/wp-content\/uploads\/2023\/08\/3_Marche-francais_0087-1024x683.jpg 1024w, https:\/\/institutfrancais.sk\/wp-content\/uploads\/2023\/08\/3_Marche-francais_0087-300x200.jpg 300w, https:\/\/institutfrancais.sk\/wp-content\/uploads\/2023\/08\/3_Marche-francais_0087-768x512.jpg 768w, https:\/\/institutfrancais.sk\/wp-content\/uploads\/2023\/08\/3_Marche-francais_0087-1536x1024.jpg 1536w, https:\/\/institutfrancais.sk\/wp-content\/uploads\/2023\/08\/3_Marche-francais_0087-2048x1365.jpg 2048w, https:\/\/institutfrancais.sk\/wp-content\/uploads\/2023\/08\/3_Marche-francais_0087-1190x793.jpg 1190w, https:\/\/institutfrancais.sk\/wp-content\/uploads\/2023\/08\/3_Marche-francais_0087-1500x1000.jpg 1500w\" sizes=\"(max-width: 1024px) 100vw, 1024px\" \/><\/figure><\/li><li class=\"blocks-gallery-item\"><figure><img loading=\"lazy\" decoding=\"async\" width=\"1024\" height=\"683\" src=\"https:\/\/institutfrancais.sk\/wp-content\/uploads\/2023\/08\/3_Marche-francais_0088-1024x683.jpg\" alt=\"\" data-id=\"28530\" data-full-url=\"https:\/\/institutfrancais.sk\/wp-content\/uploads\/2023\/08\/3_Marche-francais_0088-scaled.jpg\" data-link=\"https:\/\/institutfrancais.sk\/podujatie\/oslavte-s-nami-dobytie-bastily\/3_marche-francais_0088\/\" class=\"wp-image-28530\" srcset=\"https:\/\/institutfrancais.sk\/wp-content\/uploads\/2023\/08\/3_Marche-francais_0088-1024x683.jpg 1024w, https:\/\/institutfrancais.sk\/wp-content\/uploads\/2023\/08\/3_Marche-francais_0088-300x200.jpg 300w, https:\/\/institutfrancais.sk\/wp-content\/uploads\/2023\/08\/3_Marche-francais_0088-768x512.jpg 768w, https:\/\/institutfrancais.sk\/wp-content\/uploads\/2023\/08\/3_Marche-francais_0088-1536x1024.jpg 1536w, https:\/\/institutfrancais.sk\/wp-content\/uploads\/2023\/08\/3_Marche-francais_0088-2048x1365.jpg 2048w, https:\/\/institutfrancais.sk\/wp-content\/uploads\/2023\/08\/3_Marche-francais_0088-1190x793.jpg 1190w, https:\/\/institutfrancais.sk\/wp-content\/uploads\/2023\/08\/3_Marche-francais_0088-1500x1000.jpg 1500w\" sizes=\"(max-width: 1024px) 100vw, 1024px\" \/><\/figure><\/li><li class=\"blocks-gallery-item\"><figure><img loading=\"lazy\" decoding=\"async\" width=\"1024\" height=\"683\" src=\"https:\/\/institutfrancais.sk\/wp-content\/uploads\/2023\/08\/3_Marche-francais_0089-1024x683.jpg\" alt=\"\" data-id=\"28532\" data-full-url=\"https:\/\/institutfrancais.sk\/wp-content\/uploads\/2023\/08\/3_Marche-francais_0089-scaled.jpg\" data-link=\"https:\/\/institutfrancais.sk\/podujatie\/oslavte-s-nami-dobytie-bastily\/3_marche-francais_0089\/\" class=\"wp-image-28532\" srcset=\"https:\/\/institutfrancais.sk\/wp-content\/uploads\/2023\/08\/3_Marche-francais_0089-1024x683.jpg 1024w, https:\/\/institutfrancais.sk\/wp-content\/uploads\/2023\/08\/3_Marche-francais_0089-300x200.jpg 300w, https:\/\/institutfrancais.sk\/wp-content\/uploads\/2023\/08\/3_Marche-francais_0089-768x512.jpg 768w, https:\/\/institutfrancais.sk\/wp-content\/uploads\/2023\/08\/3_Marche-francais_0089-1536x1024.jpg 1536w, https:\/\/institutfrancais.sk\/wp-content\/uploads\/2023\/08\/3_Marche-francais_0089-2048x1365.jpg 2048w, https:\/\/institutfrancais.sk\/wp-content\/uploads\/2023\/08\/3_Marche-francais_0089-1190x793.jpg 1190w, https:\/\/institutfrancais.sk\/wp-content\/uploads\/2023\/08\/3_Marche-francais_0089-1500x1000.jpg 1500w\" sizes=\"(max-width: 1024px) 100vw, 1024px\" \/><\/figure><\/li><li class=\"blocks-gallery-item\"><figure><img loading=\"lazy\" decoding=\"async\" width=\"1024\" height=\"683\" src=\"https:\/\/institutfrancais.sk\/wp-content\/uploads\/2023\/08\/3_Marche-francais_0090-1024x683.jpg\" alt=\"\" data-id=\"28534\" data-full-url=\"https:\/\/institutfrancais.sk\/wp-content\/uploads\/2023\/08\/3_Marche-francais_0090-scaled.jpg\" data-link=\"https:\/\/institutfrancais.sk\/podujatie\/oslavte-s-nami-dobytie-bastily\/3_marche-francais_0090\/\" class=\"wp-image-28534\" srcset=\"https:\/\/institutfrancais.sk\/wp-content\/uploads\/2023\/08\/3_Marche-francais_0090-1024x683.jpg 1024w, https:\/\/institutfrancais.sk\/wp-content\/uploads\/2023\/08\/3_Marche-francais_0090-300x200.jpg 300w, https:\/\/institutfrancais.sk\/wp-content\/uploads\/2023\/08\/3_Marche-francais_0090-768x512.jpg 768w, https:\/\/institutfrancais.sk\/wp-content\/uploads\/2023\/08\/3_Marche-francais_0090-1536x1024.jpg 1536w, https:\/\/institutfrancais.sk\/wp-content\/uploads\/2023\/08\/3_Marche-francais_0090-2048x1365.jpg 2048w, https:\/\/institutfrancais.sk\/wp-content\/uploads\/2023\/08\/3_Marche-francais_0090-1190x793.jpg 1190w, https:\/\/institutfrancais.sk\/wp-content\/uploads\/2023\/08\/3_Marche-francais_0090-1500x1000.jpg 1500w\" sizes=\"(max-width: 1024px) 100vw, 1024px\" \/><\/figure><\/li><li class=\"blocks-gallery-item\"><figure><img loading=\"lazy\" decoding=\"async\" width=\"1024\" height=\"683\" src=\"https:\/\/institutfrancais.sk\/wp-content\/uploads\/2023\/08\/3_Marche-francais_0091-1024x683.jpg\" alt=\"\" data-id=\"28536\" data-full-url=\"https:\/\/institutfrancais.sk\/wp-content\/uploads\/2023\/08\/3_Marche-francais_0091-scaled.jpg\" data-link=\"https:\/\/institutfrancais.sk\/podujatie\/oslavte-s-nami-dobytie-bastily\/3_marche-francais_0091\/\" class=\"wp-image-28536\" srcset=\"https:\/\/institutfrancais.sk\/wp-content\/uploads\/2023\/08\/3_Marche-francais_0091-1024x683.jpg 1024w, https:\/\/institutfrancais.sk\/wp-content\/uploads\/2023\/08\/3_Marche-francais_0091-300x200.jpg 300w, https:\/\/institutfrancais.sk\/wp-content\/uploads\/2023\/08\/3_Marche-francais_0091-768x512.jpg 768w, https:\/\/institutfrancais.sk\/wp-content\/uploads\/2023\/08\/3_Marche-francais_0091-1536x1024.jpg 1536w, https:\/\/institutfrancais.sk\/wp-content\/uploads\/2023\/08\/3_Marche-francais_0091-2048x1365.jpg 2048w, https:\/\/institutfrancais.sk\/wp-content\/uploads\/2023\/08\/3_Marche-francais_0091-1190x793.jpg 1190w, https:\/\/institutfrancais.sk\/wp-content\/uploads\/2023\/08\/3_Marche-francais_0091-1500x1000.jpg 1500w\" sizes=\"(max-width: 1024px) 100vw, 1024px\" \/><\/figure><\/li><li class=\"blocks-gallery-item\"><figure><img loading=\"lazy\" decoding=\"async\" width=\"1024\" height=\"683\" src=\"https:\/\/institutfrancais.sk\/wp-content\/uploads\/2023\/08\/3_Marche-francais_0092-1024x683.jpg\" alt=\"\" data-id=\"28538\" data-full-url=\"https:\/\/institutfrancais.sk\/wp-content\/uploads\/2023\/08\/3_Marche-francais_0092-scaled.jpg\" data-link=\"https:\/\/institutfrancais.sk\/podujatie\/oslavte-s-nami-dobytie-bastily\/3_marche-francais_0092\/\" class=\"wp-image-28538\" srcset=\"https:\/\/institutfrancais.sk\/wp-content\/uploads\/2023\/08\/3_Marche-francais_0092-1024x683.jpg 1024w, https:\/\/institutfrancais.sk\/wp-content\/uploads\/2023\/08\/3_Marche-francais_0092-300x200.jpg 300w, https:\/\/institutfrancais.sk\/wp-content\/uploads\/2023\/08\/3_Marche-francais_0092-768x512.jpg 768w, https:\/\/institutfrancais.sk\/wp-content\/uploads\/2023\/08\/3_Marche-francais_0092-1536x1024.jpg 1536w, https:\/\/institutfrancais.sk\/wp-content\/uploads\/2023\/08\/3_Marche-francais_0092-2048x1365.jpg 2048w, https:\/\/institutfrancais.sk\/wp-content\/uploads\/2023\/08\/3_Marche-francais_0092-1190x793.jpg 1190w, https:\/\/institutfrancais.sk\/wp-content\/uploads\/2023\/08\/3_Marche-francais_0092-1500x1000.jpg 1500w\" sizes=\"(max-width: 1024px) 100vw, 1024px\" \/><\/figure><\/li><li class=\"blocks-gallery-item\"><figure><img loading=\"lazy\" decoding=\"async\" width=\"1024\" height=\"683\" src=\"https:\/\/institutfrancais.sk\/wp-content\/uploads\/2023\/08\/3_Marche-francais_0093-1024x683.jpg\" alt=\"\" data-id=\"28540\" data-full-url=\"https:\/\/institutfrancais.sk\/wp-content\/uploads\/2023\/08\/3_Marche-francais_0093-scaled.jpg\" data-link=\"https:\/\/institutfrancais.sk\/podujatie\/oslavte-s-nami-dobytie-bastily\/3_marche-francais_0093\/\" class=\"wp-image-28540\" srcset=\"https:\/\/institutfrancais.sk\/wp-content\/uploads\/2023\/08\/3_Marche-francais_0093-1024x683.jpg 1024w, https:\/\/institutfrancais.sk\/wp-content\/uploads\/2023\/08\/3_Marche-francais_0093-300x200.jpg 300w, https:\/\/institutfrancais.sk\/wp-content\/uploads\/2023\/08\/3_Marche-francais_0093-768x512.jpg 768w, https:\/\/institutfrancais.sk\/wp-content\/uploads\/2023\/08\/3_Marche-francais_0093-1536x1024.jpg 1536w, https:\/\/institutfrancais.sk\/wp-content\/uploads\/2023\/08\/3_Marche-francais_0093-2048x1365.jpg 2048w, https:\/\/institutfrancais.sk\/wp-content\/uploads\/2023\/08\/3_Marche-francais_0093-1190x793.jpg 1190w, https:\/\/institutfrancais.sk\/wp-content\/uploads\/2023\/08\/3_Marche-francais_0093-1500x1000.jpg 1500w\" sizes=\"(max-width: 1024px) 100vw, 1024px\" \/><\/figure><\/li><li class=\"blocks-gallery-item\"><figure><img loading=\"lazy\" decoding=\"async\" width=\"1024\" height=\"683\" src=\"https:\/\/institutfrancais.sk\/wp-content\/uploads\/2023\/08\/3_Marche-francais_0094-1024x683.jpg\" alt=\"\" data-id=\"28542\" data-full-url=\"https:\/\/institutfrancais.sk\/wp-content\/uploads\/2023\/08\/3_Marche-francais_0094-scaled.jpg\" data-link=\"https:\/\/institutfrancais.sk\/podujatie\/oslavte-s-nami-dobytie-bastily\/3_marche-francais_0094\/\" class=\"wp-image-28542\" srcset=\"https:\/\/institutfrancais.sk\/wp-content\/uploads\/2023\/08\/3_Marche-francais_0094-1024x683.jpg 1024w, https:\/\/institutfrancais.sk\/wp-content\/uploads\/2023\/08\/3_Marche-francais_0094-300x200.jpg 300w, https:\/\/institutfrancais.sk\/wp-content\/uploads\/2023\/08\/3_Marche-francais_0094-768x512.jpg 768w, https:\/\/institutfrancais.sk\/wp-content\/uploads\/2023\/08\/3_Marche-francais_0094-1536x1024.jpg 1536w, https:\/\/institutfrancais.sk\/wp-content\/uploads\/2023\/08\/3_Marche-francais_0094-2048x1365.jpg 2048w, https:\/\/institutfrancais.sk\/wp-content\/uploads\/2023\/08\/3_Marche-francais_0094-1190x793.jpg 1190w, https:\/\/institutfrancais.sk\/wp-content\/uploads\/2023\/08\/3_Marche-francais_0094-1500x1000.jpg 1500w\" sizes=\"(max-width: 1024px) 100vw, 1024px\" \/><\/figure><\/li><li class=\"blocks-gallery-item\"><figure><img loading=\"lazy\" decoding=\"async\" width=\"1024\" height=\"682\" src=\"https:\/\/institutfrancais.sk\/wp-content\/uploads\/2023\/08\/3_Marche-francais_0095-1024x682.jpg\" alt=\"\" data-id=\"28544\" data-full-url=\"https:\/\/institutfrancais.sk\/wp-content\/uploads\/2023\/08\/3_Marche-francais_0095-scaled.jpg\" data-link=\"https:\/\/institutfrancais.sk\/podujatie\/oslavte-s-nami-dobytie-bastily\/3_marche-francais_0095\/\" class=\"wp-image-28544\" srcset=\"https:\/\/institutfrancais.sk\/wp-content\/uploads\/2023\/08\/3_Marche-francais_0095-1024x682.jpg 1024w, https:\/\/institutfrancais.sk\/wp-content\/uploads\/2023\/08\/3_Marche-francais_0095-300x200.jpg 300w, https:\/\/institutfrancais.sk\/wp-content\/uploads\/2023\/08\/3_Marche-francais_0095-768x512.jpg 768w, https:\/\/institutfrancais.sk\/wp-content\/uploads\/2023\/08\/3_Marche-francais_0095-1536x1024.jpg 1536w, https:\/\/institutfrancais.sk\/wp-content\/uploads\/2023\/08\/3_Marche-francais_0095-2048x1365.jpg 2048w, https:\/\/institutfrancais.sk\/wp-content\/uploads\/2023\/08\/3_Marche-francais_0095-1190x793.jpg 1190w, https:\/\/institutfrancais.sk\/wp-content\/uploads\/2023\/08\/3_Marche-francais_0095-1500x1000.jpg 1500w\" sizes=\"(max-width: 1024px) 100vw, 1024px\" \/><\/figure><\/li><li class=\"blocks-gallery-item\"><figure><img loading=\"lazy\" decoding=\"async\" width=\"1024\" height=\"683\" src=\"https:\/\/institutfrancais.sk\/wp-content\/uploads\/2023\/08\/3_Marche-francais_0096-1024x683.jpg\" alt=\"\" data-id=\"28546\" data-full-url=\"https:\/\/institutfrancais.sk\/wp-content\/uploads\/2023\/08\/3_Marche-francais_0096-scaled.jpg\" data-link=\"https:\/\/institutfrancais.sk\/podujatie\/oslavte-s-nami-dobytie-bastily\/3_marche-francais_0096\/\" class=\"wp-image-28546\" srcset=\"https:\/\/institutfrancais.sk\/wp-content\/uploads\/2023\/08\/3_Marche-francais_0096-1024x683.jpg 1024w, https:\/\/institutfrancais.sk\/wp-content\/uploads\/2023\/08\/3_Marche-francais_0096-300x200.jpg 300w, https:\/\/institutfrancais.sk\/wp-content\/uploads\/2023\/08\/3_Marche-francais_0096-768x512.jpg 768w, https:\/\/institutfrancais.sk\/wp-content\/uploads\/2023\/08\/3_Marche-francais_0096-1536x1024.jpg 1536w, https:\/\/institutfrancais.sk\/wp-content\/uploads\/2023\/08\/3_Marche-francais_0096-2048x1365.jpg 2048w, https:\/\/institutfrancais.sk\/wp-content\/uploads\/2023\/08\/3_Marche-francais_0096-1190x793.jpg 1190w, https:\/\/institutfrancais.sk\/wp-content\/uploads\/2023\/08\/3_Marche-francais_0096-1500x1000.jpg 1500w\" sizes=\"(max-width: 1024px) 100vw, 1024px\" \/><\/figure><\/li><li class=\"blocks-gallery-item\"><figure><img loading=\"lazy\" decoding=\"async\" width=\"1024\" height=\"683\" src=\"https:\/\/institutfrancais.sk\/wp-content\/uploads\/2023\/08\/3_Marche-francais_0097-1024x683.jpg\" alt=\"\" data-id=\"28548\" data-full-url=\"https:\/\/institutfrancais.sk\/wp-content\/uploads\/2023\/08\/3_Marche-francais_0097-scaled.jpg\" data-link=\"https:\/\/institutfrancais.sk\/podujatie\/oslavte-s-nami-dobytie-bastily\/3_marche-francais_0097\/\" class=\"wp-image-28548\" srcset=\"https:\/\/institutfrancais.sk\/wp-content\/uploads\/2023\/08\/3_Marche-francais_0097-1024x683.jpg 1024w, https:\/\/institutfrancais.sk\/wp-content\/uploads\/2023\/08\/3_Marche-francais_0097-300x200.jpg 300w, https:\/\/institutfrancais.sk\/wp-content\/uploads\/2023\/08\/3_Marche-francais_0097-768x512.jpg 768w, https:\/\/institutfrancais.sk\/wp-content\/uploads\/2023\/08\/3_Marche-francais_0097-1536x1024.jpg 1536w, https:\/\/institutfrancais.sk\/wp-content\/uploads\/2023\/08\/3_Marche-francais_0097-2048x1365.jpg 2048w, https:\/\/institutfrancais.sk\/wp-content\/uploads\/2023\/08\/3_Marche-francais_0097-1190x793.jpg 1190w, https:\/\/institutfrancais.sk\/wp-content\/uploads\/2023\/08\/3_Marche-francais_0097-1500x1000.jpg 1500w\" sizes=\"(max-width: 1024px) 100vw, 1024px\" \/><\/figure><\/li><li class=\"blocks-gallery-item\"><figure><img loading=\"lazy\" decoding=\"async\" width=\"1024\" height=\"683\" src=\"https:\/\/institutfrancais.sk\/wp-content\/uploads\/2023\/08\/3_Marche-francais_0098-1024x683.jpg\" alt=\"\" data-id=\"28550\" data-full-url=\"https:\/\/institutfrancais.sk\/wp-content\/uploads\/2023\/08\/3_Marche-francais_0098-scaled.jpg\" data-link=\"https:\/\/institutfrancais.sk\/podujatie\/oslavte-s-nami-dobytie-bastily\/3_marche-francais_0098\/\" class=\"wp-image-28550\" srcset=\"https:\/\/institutfrancais.sk\/wp-content\/uploads\/2023\/08\/3_Marche-francais_0098-1024x683.jpg 1024w, https:\/\/institutfrancais.sk\/wp-content\/uploads\/2023\/08\/3_Marche-francais_0098-300x200.jpg 300w, https:\/\/institutfrancais.sk\/wp-content\/uploads\/2023\/08\/3_Marche-francais_0098-768x512.jpg 768w, https:\/\/institutfrancais.sk\/wp-content\/uploads\/2023\/08\/3_Marche-francais_0098-1536x1024.jpg 1536w, https:\/\/institutfrancais.sk\/wp-content\/uploads\/2023\/08\/3_Marche-francais_0098-2048x1365.jpg 2048w, https:\/\/institutfrancais.sk\/wp-content\/uploads\/2023\/08\/3_Marche-francais_0098-1190x793.jpg 1190w, https:\/\/institutfrancais.sk\/wp-content\/uploads\/2023\/08\/3_Marche-francais_0098-1500x1000.jpg 1500w\" sizes=\"(max-width: 1024px) 100vw, 1024px\" \/><\/figure><\/li><li class=\"blocks-gallery-item\"><figure><img loading=\"lazy\" decoding=\"async\" width=\"1024\" height=\"683\" src=\"https:\/\/institutfrancais.sk\/wp-content\/uploads\/2023\/08\/3_Marche-francais_0099-1024x683.jpg\" alt=\"\" data-id=\"28552\" data-full-url=\"https:\/\/institutfrancais.sk\/wp-content\/uploads\/2023\/08\/3_Marche-francais_0099-scaled.jpg\" data-link=\"https:\/\/institutfrancais.sk\/podujatie\/oslavte-s-nami-dobytie-bastily\/3_marche-francais_0099\/\" class=\"wp-image-28552\" srcset=\"https:\/\/institutfrancais.sk\/wp-content\/uploads\/2023\/08\/3_Marche-francais_0099-1024x683.jpg 1024w, https:\/\/institutfrancais.sk\/wp-content\/uploads\/2023\/08\/3_Marche-francais_0099-300x200.jpg 300w, https:\/\/institutfrancais.sk\/wp-content\/uploads\/2023\/08\/3_Marche-francais_0099-768x512.jpg 768w, https:\/\/institutfrancais.sk\/wp-content\/uploads\/2023\/08\/3_Marche-francais_0099-1536x1024.jpg 1536w, https:\/\/institutfrancais.sk\/wp-content\/uploads\/2023\/08\/3_Marche-francais_0099-2048x1365.jpg 2048w, https:\/\/institutfrancais.sk\/wp-content\/uploads\/2023\/08\/3_Marche-francais_0099-1190x793.jpg 1190w, https:\/\/institutfrancais.sk\/wp-content\/uploads\/2023\/08\/3_Marche-francais_0099-1500x1000.jpg 1500w\" sizes=\"(max-width: 1024px) 100vw, 1024px\" \/><\/figure><\/li><li class=\"blocks-gallery-item\"><figure><img loading=\"lazy\" decoding=\"async\" width=\"1024\" height=\"683\" src=\"https:\/\/institutfrancais.sk\/wp-content\/uploads\/2023\/08\/3_Marche-francais_0101-1024x683.jpg\" alt=\"\" data-id=\"28554\" data-full-url=\"https:\/\/institutfrancais.sk\/wp-content\/uploads\/2023\/08\/3_Marche-francais_0101-scaled.jpg\" data-link=\"https:\/\/institutfrancais.sk\/podujatie\/oslavte-s-nami-dobytie-bastily\/3_marche-francais_0101\/\" class=\"wp-image-28554\" srcset=\"https:\/\/institutfrancais.sk\/wp-content\/uploads\/2023\/08\/3_Marche-francais_0101-1024x683.jpg 1024w, https:\/\/institutfrancais.sk\/wp-content\/uploads\/2023\/08\/3_Marche-francais_0101-300x200.jpg 300w, https:\/\/institutfrancais.sk\/wp-content\/uploads\/2023\/08\/3_Marche-francais_0101-768x512.jpg 768w, https:\/\/institutfrancais.sk\/wp-content\/uploads\/2023\/08\/3_Marche-francais_0101-1536x1024.jpg 1536w, https:\/\/institutfrancais.sk\/wp-content\/uploads\/2023\/08\/3_Marche-francais_0101-2048x1365.jpg 2048w, https:\/\/institutfrancais.sk\/wp-content\/uploads\/2023\/08\/3_Marche-francais_0101-1190x793.jpg 1190w, https:\/\/institutfrancais.sk\/wp-content\/uploads\/2023\/08\/3_Marche-francais_0101-1500x1000.jpg 1500w\" sizes=\"(max-width: 1024px) 100vw, 1024px\" \/><\/figure><\/li><li class=\"blocks-gallery-item\"><figure><img loading=\"lazy\" decoding=\"async\" width=\"1024\" height=\"683\" src=\"https:\/\/institutfrancais.sk\/wp-content\/uploads\/2023\/08\/3_Marche-francais_0102-1024x683.jpg\" alt=\"\" data-id=\"28556\" data-full-url=\"https:\/\/institutfrancais.sk\/wp-content\/uploads\/2023\/08\/3_Marche-francais_0102-scaled.jpg\" data-link=\"https:\/\/institutfrancais.sk\/podujatie\/oslavte-s-nami-dobytie-bastily\/3_marche-francais_0102\/\" class=\"wp-image-28556\" srcset=\"https:\/\/institutfrancais.sk\/wp-content\/uploads\/2023\/08\/3_Marche-francais_0102-1024x683.jpg 1024w, https:\/\/institutfrancais.sk\/wp-content\/uploads\/2023\/08\/3_Marche-francais_0102-300x200.jpg 300w, https:\/\/institutfrancais.sk\/wp-content\/uploads\/2023\/08\/3_Marche-francais_0102-768x512.jpg 768w, https:\/\/institutfrancais.sk\/wp-content\/uploads\/2023\/08\/3_Marche-francais_0102-1536x1024.jpg 1536w, https:\/\/institutfrancais.sk\/wp-content\/uploads\/2023\/08\/3_Marche-francais_0102-2048x1365.jpg 2048w, https:\/\/institutfrancais.sk\/wp-content\/uploads\/2023\/08\/3_Marche-francais_0102-1190x793.jpg 1190w, https:\/\/institutfrancais.sk\/wp-content\/uploads\/2023\/08\/3_Marche-francais_0102-1500x1000.jpg 1500w\" sizes=\"(max-width: 1024px) 100vw, 1024px\" \/><\/figure><\/li><li class=\"blocks-gallery-item\"><figure><img loading=\"lazy\" decoding=\"async\" width=\"1024\" height=\"683\" src=\"https:\/\/institutfrancais.sk\/wp-content\/uploads\/2023\/08\/3_Marche-francais_0104-1024x683.jpg\" alt=\"\" data-id=\"28558\" data-full-url=\"https:\/\/institutfrancais.sk\/wp-content\/uploads\/2023\/08\/3_Marche-francais_0104-scaled.jpg\" data-link=\"https:\/\/institutfrancais.sk\/podujatie\/oslavte-s-nami-dobytie-bastily\/3_marche-francais_0104\/\" class=\"wp-image-28558\" srcset=\"https:\/\/institutfrancais.sk\/wp-content\/uploads\/2023\/08\/3_Marche-francais_0104-1024x683.jpg 1024w, https:\/\/institutfrancais.sk\/wp-content\/uploads\/2023\/08\/3_Marche-francais_0104-300x200.jpg 300w, https:\/\/institutfrancais.sk\/wp-content\/uploads\/2023\/08\/3_Marche-francais_0104-768x512.jpg 768w, https:\/\/institutfrancais.sk\/wp-content\/uploads\/2023\/08\/3_Marche-francais_0104-1536x1024.jpg 1536w, https:\/\/institutfrancais.sk\/wp-content\/uploads\/2023\/08\/3_Marche-francais_0104-2048x1365.jpg 2048w, https:\/\/institutfrancais.sk\/wp-content\/uploads\/2023\/08\/3_Marche-francais_0104-1190x793.jpg 1190w, https:\/\/institutfrancais.sk\/wp-content\/uploads\/2023\/08\/3_Marche-francais_0104-1500x1000.jpg 1500w\" sizes=\"(max-width: 1024px) 100vw, 1024px\" \/><\/figure><\/li><li class=\"blocks-gallery-item\"><figure><img loading=\"lazy\" decoding=\"async\" width=\"1024\" height=\"683\" src=\"https:\/\/institutfrancais.sk\/wp-content\/uploads\/2023\/08\/3_Marche-francais_0105-1024x683.jpg\" alt=\"\" data-id=\"28560\" data-full-url=\"https:\/\/institutfrancais.sk\/wp-content\/uploads\/2023\/08\/3_Marche-francais_0105-scaled.jpg\" data-link=\"https:\/\/institutfrancais.sk\/podujatie\/oslavte-s-nami-dobytie-bastily\/3_marche-francais_0105\/\" class=\"wp-image-28560\" srcset=\"https:\/\/institutfrancais.sk\/wp-content\/uploads\/2023\/08\/3_Marche-francais_0105-1024x683.jpg 1024w, https:\/\/institutfrancais.sk\/wp-content\/uploads\/2023\/08\/3_Marche-francais_0105-300x200.jpg 300w, https:\/\/institutfrancais.sk\/wp-content\/uploads\/2023\/08\/3_Marche-francais_0105-768x512.jpg 768w, https:\/\/institutfrancais.sk\/wp-content\/uploads\/2023\/08\/3_Marche-francais_0105-1536x1024.jpg 1536w, https:\/\/institutfrancais.sk\/wp-content\/uploads\/2023\/08\/3_Marche-francais_0105-2048x1365.jpg 2048w, https:\/\/institutfrancais.sk\/wp-content\/uploads\/2023\/08\/3_Marche-francais_0105-1190x793.jpg 1190w, https:\/\/institutfrancais.sk\/wp-content\/uploads\/2023\/08\/3_Marche-francais_0105-1500x1000.jpg 1500w\" sizes=\"(max-width: 1024px) 100vw, 1024px\" \/><\/figure><\/li><li class=\"blocks-gallery-item\"><figure><img loading=\"lazy\" decoding=\"async\" width=\"1024\" height=\"683\" src=\"https:\/\/institutfrancais.sk\/wp-content\/uploads\/2023\/08\/3_Marche-francais_0106-1024x683.jpg\" alt=\"\" data-id=\"28562\" data-full-url=\"https:\/\/institutfrancais.sk\/wp-content\/uploads\/2023\/08\/3_Marche-francais_0106-scaled.jpg\" data-link=\"https:\/\/institutfrancais.sk\/podujatie\/oslavte-s-nami-dobytie-bastily\/3_marche-francais_0106\/\" class=\"wp-image-28562\" srcset=\"https:\/\/institutfrancais.sk\/wp-content\/uploads\/2023\/08\/3_Marche-francais_0106-1024x683.jpg 1024w, https:\/\/institutfrancais.sk\/wp-content\/uploads\/2023\/08\/3_Marche-francais_0106-300x200.jpg 300w, https:\/\/institutfrancais.sk\/wp-content\/uploads\/2023\/08\/3_Marche-francais_0106-768x512.jpg 768w, https:\/\/institutfrancais.sk\/wp-content\/uploads\/2023\/08\/3_Marche-francais_0106-1536x1024.jpg 1536w, https:\/\/institutfrancais.sk\/wp-content\/uploads\/2023\/08\/3_Marche-francais_0106-2048x1365.jpg 2048w, https:\/\/institutfrancais.sk\/wp-content\/uploads\/2023\/08\/3_Marche-francais_0106-1190x793.jpg 1190w, https:\/\/institutfrancais.sk\/wp-content\/uploads\/2023\/08\/3_Marche-francais_0106-1500x1000.jpg 1500w\" sizes=\"(max-width: 1024px) 100vw, 1024px\" \/><\/figure><\/li><li class=\"blocks-gallery-item\"><figure><img loading=\"lazy\" decoding=\"async\" width=\"1024\" height=\"683\" src=\"https:\/\/institutfrancais.sk\/wp-content\/uploads\/2023\/08\/3_Marche-francais_0107-1024x683.jpg\" alt=\"\" data-id=\"28564\" data-full-url=\"https:\/\/institutfrancais.sk\/wp-content\/uploads\/2023\/08\/3_Marche-francais_0107-scaled.jpg\" data-link=\"https:\/\/institutfrancais.sk\/podujatie\/oslavte-s-nami-dobytie-bastily\/3_marche-francais_0107\/\" class=\"wp-image-28564\" srcset=\"https:\/\/institutfrancais.sk\/wp-content\/uploads\/2023\/08\/3_Marche-francais_0107-1024x683.jpg 1024w, https:\/\/institutfrancais.sk\/wp-content\/uploads\/2023\/08\/3_Marche-francais_0107-300x200.jpg 300w, https:\/\/institutfrancais.sk\/wp-content\/uploads\/2023\/08\/3_Marche-francais_0107-768x512.jpg 768w, https:\/\/institutfrancais.sk\/wp-content\/uploads\/2023\/08\/3_Marche-francais_0107-1536x1024.jpg 1536w, https:\/\/institutfrancais.sk\/wp-content\/uploads\/2023\/08\/3_Marche-francais_0107-2048x1365.jpg 2048w, https:\/\/institutfrancais.sk\/wp-content\/uploads\/2023\/08\/3_Marche-francais_0107-1190x793.jpg 1190w, https:\/\/institutfrancais.sk\/wp-content\/uploads\/2023\/08\/3_Marche-francais_0107-1500x1000.jpg 1500w\" sizes=\"(max-width: 1024px) 100vw, 1024px\" \/><\/figure><\/li><li class=\"blocks-gallery-item\"><figure><img loading=\"lazy\" decoding=\"async\" width=\"1024\" height=\"683\" src=\"https:\/\/institutfrancais.sk\/wp-content\/uploads\/2023\/08\/3_Marche-francais_0108-1024x683.jpg\" alt=\"\" data-id=\"28566\" data-full-url=\"https:\/\/institutfrancais.sk\/wp-content\/uploads\/2023\/08\/3_Marche-francais_0108-scaled.jpg\" data-link=\"https:\/\/institutfrancais.sk\/podujatie\/oslavte-s-nami-dobytie-bastily\/3_marche-francais_0108\/\" class=\"wp-image-28566\" srcset=\"https:\/\/institutfrancais.sk\/wp-content\/uploads\/2023\/08\/3_Marche-francais_0108-1024x683.jpg 1024w, https:\/\/institutfrancais.sk\/wp-content\/uploads\/2023\/08\/3_Marche-francais_0108-300x200.jpg 300w, https:\/\/institutfrancais.sk\/wp-content\/uploads\/2023\/08\/3_Marche-francais_0108-768x512.jpg 768w, https:\/\/institutfrancais.sk\/wp-content\/uploads\/2023\/08\/3_Marche-francais_0108-1536x1024.jpg 1536w, https:\/\/institutfrancais.sk\/wp-content\/uploads\/2023\/08\/3_Marche-francais_0108-2048x1365.jpg 2048w, https:\/\/institutfrancais.sk\/wp-content\/uploads\/2023\/08\/3_Marche-francais_0108-1190x793.jpg 1190w, https:\/\/institutfrancais.sk\/wp-content\/uploads\/2023\/08\/3_Marche-francais_0108-1500x1000.jpg 1500w\" sizes=\"(max-width: 1024px) 100vw, 1024px\" \/><\/figure><\/li><\/ul><\/figure>\n\n\n\n<figure class=\"wp-block-image size-full\"><img loading=\"lazy\" decoding=\"async\" width=\"908\" height=\"992\" src=\"https:\/\/institutfrancais.sk\/wp-content\/uploads\/2023\/07\/juillet-logos-1.png\" alt=\"\" class=\"wp-image-27502\" srcset=\"https:\/\/institutfrancais.sk\/wp-content\/uploads\/2023\/07\/juillet-logos-1.png 908w, https:\/\/institutfrancais.sk\/wp-content\/uploads\/2023\/07\/juillet-logos-1-275x300.png 275w, https:\/\/institutfrancais.sk\/wp-content\/uploads\/2023\/07\/juillet-logos-1-768x839.png 768w\" sizes=\"(max-width: 908px) 100vw, 908px\" \/><\/figure>\n\n\n<\/div><iframe loading=\"lazy\" src=\"https:\/\/www.google.com\/maps\/embed?pb=!1m18!1m12!1m3!1d2662.2780673242373!2d17.10610471581843!3d48.14344415873109!2m3!1f0!2f0!3f0!3m2!1i1024!2i768!4f13.1!3m3!1m2!1s0x476c8942d830f02b%3A0x164ab44f7bdff3aa!2zSGxhdm7DqSBuw6FtZXN0aWU!5e0!3m2!1ssk!2ssk!4v1655478079921!5m2!1ssk!2ssk\" width=\"100%\" height=\"558\" frameborder=\"0\" class=\"gmap-iframe\" allowfullscreen=\"\"><\/iframe><div class=\"wrap narrow-wrap\">","protected":false},"featured_media":28196,"template":"","typ-podujatia":[51],"acf":[],"yoast_head":"<!-- This site is optimized with the Yoast SEO plugin v24.5 - https:\/\/yoast.com\/wordpress\/plugins\/seo\/ -->\n<title>Retour sur - F\u00eate nationale fran\u00e7aise - Franc\u00fazsky in\u0161tit\u00fat na Slovensku<\/title>\n<meta name=\"robots\" content=\"index, follow, max-snippet:-1, max-image-preview:large, max-video-preview:-1\" \/>\n<link rel=\"canonical\" href=\"https:\/\/institutfrancais.sk\/fr\/podujatie\/retour-sur-14-juillet\/\" \/>\n<meta property=\"og:locale\" content=\"fr_FR\" \/>\n<meta property=\"og:type\" content=\"article\" \/>\n<meta property=\"og:title\" content=\"Retour sur - F\u00eate nationale fran\u00e7aise - Franc\u00fazsky in\u0161tit\u00fat na Slovensku\" \/>\n<meta property=\"og:description\" content=\"14 juillet est r\u00e9venu au c\u0153ur de Bratislava sur la place principale. Avec les habitants et les visiteurs de la capitale, nous avons c\u00e9l\u00e9br\u00e9s la f\u00eate nationale fran\u00e7aise, \u00e0 l\u2019occasion de l\u2019anniversaire de la conqu\u00eate de la Bastille, pour la onzi\u00e8me fois. Symbole de &nbsp;\u00ab l\u2019Ancien R\u00e9gime \u00bb, la Bastille est envahie et conquise par [&hellip;]\" \/>\n<meta property=\"og:url\" content=\"https:\/\/institutfrancais.sk\/fr\/podujatie\/retour-sur-14-juillet\/\" \/>\n<meta property=\"og:site_name\" content=\"Franc\u00fazsky in\u0161tit\u00fat na Slovensku\" \/>\n<meta property=\"article:modified_time\" content=\"2023-08-04T12:40:56+00:00\" \/>\n<meta property=\"og:image\" content=\"https:\/\/institutfrancais.sk\/wp-content\/uploads\/2023\/08\/1_discours_concerts0079a-scaled.jpg\" \/>\n\t<meta property=\"og:image:width\" content=\"2560\" \/>\n\t<meta property=\"og:image:height\" content=\"1707\" \/>\n\t<meta property=\"og:image:type\" content=\"image\/jpeg\" \/>\n<meta name=\"twitter:card\" content=\"summary_large_image\" \/>\n<meta name=\"twitter:label1\" content=\"Dur\u00e9e de lecture estim\u00e9e\" \/>\n\t<meta name=\"twitter:data1\" content=\"36 minutes\" \/>\n<script type=\"application\/ld+json\" class=\"yoast-schema-graph\">{\"@context\":\"https:\/\/schema.org\",\"@graph\":[{\"@type\":\"WebPage\",\"@id\":\"https:\/\/institutfrancais.sk\/fr\/podujatie\/retour-sur-14-juillet\/\",\"url\":\"https:\/\/institutfrancais.sk\/fr\/podujatie\/retour-sur-14-juillet\/\",\"name\":\"Retour sur - F\u00eate nationale fran\u00e7aise - Franc\u00fazsky in\u0161tit\u00fat na Slovensku\",\"isPartOf\":{\"@id\":\"https:\/\/institutfrancais.sk\/fr\/#website\"},\"primaryImageOfPage\":{\"@id\":\"https:\/\/institutfrancais.sk\/fr\/podujatie\/retour-sur-14-juillet\/#primaryimage\"},\"image\":{\"@id\":\"https:\/\/institutfrancais.sk\/fr\/podujatie\/retour-sur-14-juillet\/#primaryimage\"},\"thumbnailUrl\":\"https:\/\/institutfrancais.sk\/wp-content\/uploads\/2023\/08\/1_discours_concerts0079a-scaled.jpg\",\"datePublished\":\"2023-08-02T09:01:14+00:00\",\"dateModified\":\"2023-08-04T12:40:56+00:00\",\"breadcrumb\":{\"@id\":\"https:\/\/institutfrancais.sk\/fr\/podujatie\/retour-sur-14-juillet\/#breadcrumb\"},\"inLanguage\":\"fr-FR\",\"potentialAction\":[{\"@type\":\"ReadAction\",\"target\":[\"https:\/\/institutfrancais.sk\/fr\/podujatie\/retour-sur-14-juillet\/\"]}]},{\"@type\":\"ImageObject\",\"inLanguage\":\"fr-FR\",\"@id\":\"https:\/\/institutfrancais.sk\/fr\/podujatie\/retour-sur-14-juillet\/#primaryimage\",\"url\":\"https:\/\/institutfrancais.sk\/wp-content\/uploads\/2023\/08\/1_discours_concerts0079a-scaled.jpg\",\"contentUrl\":\"https:\/\/institutfrancais.sk\/wp-content\/uploads\/2023\/08\/1_discours_concerts0079a-scaled.jpg\",\"width\":2560,\"height\":1707,\"caption\":\"Franc\u00fazsky de\u0148\"},{\"@type\":\"BreadcrumbList\",\"@id\":\"https:\/\/institutfrancais.sk\/fr\/podujatie\/retour-sur-14-juillet\/#breadcrumb\",\"itemListElement\":[{\"@type\":\"ListItem\",\"position\":1,\"name\":\"Home\",\"item\":\"https:\/\/institutfrancais.sk\/fr\/\"},{\"@type\":\"ListItem\",\"position\":2,\"name\":\"Events\",\"item\":\"https:\/\/institutfrancais.sk\/fr\/podujatie\/\"},{\"@type\":\"ListItem\",\"position\":3,\"name\":\"Retour sur &#8211; F\u00eate nationale fran\u00e7aise\"}]},{\"@type\":\"WebSite\",\"@id\":\"https:\/\/institutfrancais.sk\/fr\/#website\",\"url\":\"https:\/\/institutfrancais.sk\/fr\/\",\"name\":\"Franc\u00fazsky in\u0161tit\u00fat na Slovensku\",\"description\":\"Franc\u00fazsky in\u0161tit\u00fat na Slovensku\",\"potentialAction\":[{\"@type\":\"SearchAction\",\"target\":{\"@type\":\"EntryPoint\",\"urlTemplate\":\"https:\/\/institutfrancais.sk\/fr\/?s={search_term_string}\"},\"query-input\":{\"@type\":\"PropertyValueSpecification\",\"valueRequired\":true,\"valueName\":\"search_term_string\"}}],\"inLanguage\":\"fr-FR\"}]}<\/script>\n<!-- \/ Yoast SEO plugin. -->","yoast_head_json":{"title":"Retour sur - F\u00eate nationale fran\u00e7aise - Franc\u00fazsky in\u0161tit\u00fat na Slovensku","robots":{"index":"index","follow":"follow","max-snippet":"max-snippet:-1","max-image-preview":"max-image-preview:large","max-video-preview":"max-video-preview:-1"},"canonical":"https:\/\/institutfrancais.sk\/fr\/podujatie\/retour-sur-14-juillet\/","og_locale":"fr_FR","og_type":"article","og_title":"Retour sur - F\u00eate nationale fran\u00e7aise - Franc\u00fazsky in\u0161tit\u00fat na Slovensku","og_description":"14 juillet est r\u00e9venu au c\u0153ur de Bratislava sur la place principale. Avec les habitants et les visiteurs de la capitale, nous avons c\u00e9l\u00e9br\u00e9s la f\u00eate nationale fran\u00e7aise, \u00e0 l\u2019occasion de l\u2019anniversaire de la conqu\u00eate de la Bastille, pour la onzi\u00e8me fois. Symbole de &nbsp;\u00ab l\u2019Ancien R\u00e9gime \u00bb, la Bastille est envahie et conquise par [&hellip;]","og_url":"https:\/\/institutfrancais.sk\/fr\/podujatie\/retour-sur-14-juillet\/","og_site_name":"Franc\u00fazsky in\u0161tit\u00fat na Slovensku","article_modified_time":"2023-08-04T12:40:56+00:00","og_image":[{"width":2560,"height":1707,"url":"https:\/\/institutfrancais.sk\/wp-content\/uploads\/2023\/08\/1_discours_concerts0079a-scaled.jpg","type":"image\/jpeg"}],"twitter_card":"summary_large_image","twitter_misc":{"Dur\u00e9e de lecture estim\u00e9e":"36 minutes"},"schema":{"@context":"https:\/\/schema.org","@graph":[{"@type":"WebPage","@id":"https:\/\/institutfrancais.sk\/fr\/podujatie\/retour-sur-14-juillet\/","url":"https:\/\/institutfrancais.sk\/fr\/podujatie\/retour-sur-14-juillet\/","name":"Retour sur - F\u00eate nationale fran\u00e7aise - Franc\u00fazsky in\u0161tit\u00fat na Slovensku","isPartOf":{"@id":"https:\/\/institutfrancais.sk\/fr\/#website"},"primaryImageOfPage":{"@id":"https:\/\/institutfrancais.sk\/fr\/podujatie\/retour-sur-14-juillet\/#primaryimage"},"image":{"@id":"https:\/\/institutfrancais.sk\/fr\/podujatie\/retour-sur-14-juillet\/#primaryimage"},"thumbnailUrl":"https:\/\/institutfrancais.sk\/wp-content\/uploads\/2023\/08\/1_discours_concerts0079a-scaled.jpg","datePublished":"2023-08-02T09:01:14+00:00","dateModified":"2023-08-04T12:40:56+00:00","breadcrumb":{"@id":"https:\/\/institutfrancais.sk\/fr\/podujatie\/retour-sur-14-juillet\/#breadcrumb"},"inLanguage":"fr-FR","potentialAction":[{"@type":"ReadAction","target":["https:\/\/institutfrancais.sk\/fr\/podujatie\/retour-sur-14-juillet\/"]}]},{"@type":"ImageObject","inLanguage":"fr-FR","@id":"https:\/\/institutfrancais.sk\/fr\/podujatie\/retour-sur-14-juillet\/#primaryimage","url":"https:\/\/institutfrancais.sk\/wp-content\/uploads\/2023\/08\/1_discours_concerts0079a-scaled.jpg","contentUrl":"https:\/\/institutfrancais.sk\/wp-content\/uploads\/2023\/08\/1_discours_concerts0079a-scaled.jpg","width":2560,"height":1707,"caption":"Franc\u00fazsky de\u0148"},{"@type":"BreadcrumbList","@id":"https:\/\/institutfrancais.sk\/fr\/podujatie\/retour-sur-14-juillet\/#breadcrumb","itemListElement":[{"@type":"ListItem","position":1,"name":"Home","item":"https:\/\/institutfrancais.sk\/fr\/"},{"@type":"ListItem","position":2,"name":"Events","item":"https:\/\/institutfrancais.sk\/fr\/podujatie\/"},{"@type":"ListItem","position":3,"name":"Retour sur &#8211; F\u00eate nationale fran\u00e7aise"}]},{"@type":"WebSite","@id":"https:\/\/institutfrancais.sk\/fr\/#website","url":"https:\/\/institutfrancais.sk\/fr\/","name":"Franc\u00fazsky in\u0161tit\u00fat na Slovensku","description":"Franc\u00fazsky in\u0161tit\u00fat na Slovensku","potentialAction":[{"@type":"SearchAction","target":{"@type":"EntryPoint","urlTemplate":"https:\/\/institutfrancais.sk\/fr\/?s={search_term_string}"},"query-input":{"@type":"PropertyValueSpecification","valueRequired":true,"valueName":"search_term_string"}}],"inLanguage":"fr-FR"}]}},"_links":{"self":[{"href":"https:\/\/institutfrancais.sk\/fr\/wp-json\/wp\/v2\/podujatie\/28568"}],"collection":[{"href":"https:\/\/institutfrancais.sk\/fr\/wp-json\/wp\/v2\/podujatie"}],"about":[{"href":"https:\/\/institutfrancais.sk\/fr\/wp-json\/wp\/v2\/types\/podujatie"}],"wp:featuredmedia":[{"embeddable":true,"href":"https:\/\/institutfrancais.sk\/fr\/wp-json\/wp\/v2\/media\/28196"}],"wp:attachment":[{"href":"https:\/\/institutfrancais.sk\/fr\/wp-json\/wp\/v2\/media?parent=28568"}],"wp:term":[{"taxonomy":"typ-podujatia","embeddable":true,"href":"https:\/\/institutfrancais.sk\/fr\/wp-json\/wp\/v2\/typ-podujatia?post=28568"}],"curies":[{"name":"wp","href":"https:\/\/api.w.org\/{rel}","templated":true}]}}