{"id":28789,"date":"2023-09-06T10:36:48","date_gmt":"2023-09-06T08:36:48","guid":{"rendered":"https:\/\/institutfrancais.sk\/?post_type=podujatie&#038;p=28789"},"modified":"2023-09-19T09:19:03","modified_gmt":"2023-09-19T07:19:03","slug":"concert-douverture-du-festival-bhs-2023-aux-couleurs-de-france","status":"publish","type":"podujatie","link":"https:\/\/institutfrancais.sk\/fr\/podujatie\/concert-douverture-du-festival-bhs-2023-aux-couleurs-de-france\/","title":{"rendered":"Concert d&rsquo;ouverture du festival BHS 2023 aux couleurs de la France"},"content":{"rendered":"\n<p>Le <strong>30\u00e8me anniversaire de l&rsquo;\u00e9tablissement des relations diplomatiques<\/strong> entre la France et la Slovaquie sera comm\u00e9mor\u00e9 par l&rsquo;Ambassade de France en Slovaquie et l&rsquo;Institut fran\u00e7ais de Slovaquie \u00e0 l&rsquo;occasion du <strong>concert d&rsquo;ouverture<\/strong> de la 58\u00e8me \u00e9dition du prestigieux festival <strong>F\u00eates de la musique de Bratislava<\/strong> (BHS), qui propose trois liens avec la France. \u2063La Philharmonie slovaque sera \u00e0 nouveau dirig\u00e9e par <strong>Emmanuel Villaume<\/strong>, son ancien chef d&rsquo;orchestre principal. Le soliste fran\u00e7ais <strong>Emmanuel Ceysson<\/strong>, l&rsquo;un des interpr\u00e8tes harpistes les plus brillants du monde, interpr\u00e8tera le <em><strong>Concerto en ut mineur pour harpe et orchestre<\/strong> <\/em>de la compositrice fran\u00e7aise <strong>Henriette Reni\u00e9<\/strong> pour la premi\u00e8re fois en Slovaquie. <\/p>\n\n\n\n<p>Le concert d&rsquo;ouverture rendra hommage \u00e9galement \u00e0 <strong>Eugen Sucho\u0148<\/strong>, l&rsquo;un des repr\u00e9sentants majeurs de la g\u00e9n\u00e9ration fondatrice de la musique nationale slovaque et le cr\u00e9ateur de l&rsquo;op\u00e9ra nationale slovaque, qui nous a&nbsp;quitt\u00e9s il y a&nbsp;d\u00e9j\u00e0 30 ans. Le Ma\u00eetre Sucho\u0148 fut \u00e9troitement li\u00e9 \u00e0 l&rsquo;histoire de la Philharmonie slovaque et du festival BHS ;&nbsp;entre 1966 et 1970 il a&nbsp;\u00e9t\u00e9 le pr\u00e9sident du Comit\u00e9 du festival BHS. Son Ouverture au drame \u00e9ponyme d&rsquo;Ivan Stodola, par laquelle d\u00e9butera ce concert t\u00e9moigne de l&rsquo;int\u00e9r\u00eat de Sucho\u0148 pour ce th\u00e8me, ainsi que du message moral du r\u00e8gne du roi Sv\u00e4topluk. Le concert sera cl\u00f4tur\u00e9 par <em>Titan<\/em> &#8211;&nbsp;la monumentale 1\u00e8re symphonie de Mahler.<\/p>\n\n\n<div class=\"space xs\"><\/div>\n\n\n<h4 class=\"wp-block-heading\">Avec<\/h4>\n\n\n\n<p><strong>Philharmonie slovaque<\/strong><br><strong>Emmanuel Villaume<\/strong>, chef d&rsquo;orchestre<br><strong>Emmanuel Ceysson<\/strong>, harpe<\/p>\n\n\n<div class=\"space xs\"><\/div>\n\n\n<h4 class=\"wp-block-heading\">Programme<\/h4>\n\n\n\n<p><strong>Eugen Sucho\u0148<\/strong> \u2013 Roi Sv\u00e4topluk, Ouverture au drame d&rsquo;Ivan Stodola, op. 10, n\u00b0 1 ESD 56<br><strong>Henriette Reni\u00e9<\/strong> \u2013 Concerto en ut mineur pour harpe et orchestre<br><strong>Gustav Mahler<\/strong> \u2013 Symphonie n\u00b0 1 en R\u00e9 majeur \u00ab Titan \u00bb<\/p>\n\n\n<div class=\"space sm\"><\/div>\n\n\n<h4 class=\"wp-block-heading\">Liens utiles<\/h4>\n\n\n\n<p><a href=\"http:\/\/www.emmanuelceysson.com\">www.emmanuelceysson<\/a><a href=\"http:\/\/www.emmanuelceysson.com\" target=\"_blank\" rel=\"noreferrer noopener\">.com<\/a><br><a href=\"http:\/\/www.bhsfestival.sk\">www.bhsfestival.s<\/a><a href=\"http:\/\/www.bhsfestival.sk\" target=\"_blank\" rel=\"noreferrer noopener\">k<\/a><\/p>\n\n\n<div class=\"space md\"><\/div>\n\n<\/div><iframe loading=\"lazy\" src=\"https:\/\/www.google.com\/maps\/embed?pb=!1m18!1m12!1m3!1d2662.4118190146432!2d17.110117!3d48.140865299999994!2m3!1f0!2f0!3f0!3m2!1i1024!2i768!4f13.1!3m3!1m2!1s0x476c89427d97f855%3A0x6e6b7452a9c4ee57!2sSlovensk%C3%A1%20filharm%C3%B3nia!5e0!3m2!1ssk!2ssk!4v1693989305752!5m2!1ssk!2ssk\" width=\"100%\" height=\"558\" frameborder=\"0\" class=\"gmap-iframe\" allowfullscreen=\"\"><\/iframe><div class=\"wrap narrow-wrap\">","protected":false},"featured_media":28751,"template":"","typ-podujatia":[51],"acf":[],"yoast_head":"<!-- This site is optimized with the Yoast SEO plugin v24.5 - https:\/\/yoast.com\/wordpress\/plugins\/seo\/ -->\n<title>Concert d&#039;ouverture du festival BHS 2023 aux couleurs de la France - Franc\u00fazsky in\u0161tit\u00fat na Slovensku<\/title>\n<meta name=\"description\" content=\"Concert d&#039;ouverture du festival BHS 2023 aux couleurs de France\" \/>\n<meta name=\"robots\" content=\"index, follow, max-snippet:-1, max-image-preview:large, max-video-preview:-1\" \/>\n<link rel=\"canonical\" href=\"https:\/\/institutfrancais.sk\/fr\/podujatie\/concert-douverture-du-festival-bhs-2023-aux-couleurs-de-france\/\" \/>\n<meta property=\"og:locale\" content=\"fr_FR\" \/>\n<meta property=\"og:type\" content=\"article\" \/>\n<meta property=\"og:title\" content=\"Concert d&#039;ouverture du festival BHS 2023 aux couleurs de la France - Franc\u00fazsky in\u0161tit\u00fat na Slovensku\" \/>\n<meta property=\"og:description\" content=\"Concert d&#039;ouverture du festival BHS 2023 aux couleurs de France\" \/>\n<meta property=\"og:url\" content=\"https:\/\/institutfrancais.sk\/fr\/podujatie\/concert-douverture-du-festival-bhs-2023-aux-couleurs-de-france\/\" \/>\n<meta property=\"og:site_name\" content=\"Franc\u00fazsky in\u0161tit\u00fat na Slovensku\" \/>\n<meta property=\"article:modified_time\" content=\"2023-09-19T07:19:03+00:00\" \/>\n<meta property=\"og:image\" content=\"https:\/\/institutfrancais.sk\/wp-content\/uploads\/2023\/09\/01-Emmanuel-Ceysson-2.jpeg\" \/>\n\t<meta property=\"og:image:width\" content=\"1200\" \/>\n\t<meta property=\"og:image:height\" content=\"801\" \/>\n\t<meta property=\"og:image:type\" content=\"image\/jpeg\" \/>\n<meta name=\"twitter:card\" content=\"summary_large_image\" \/>\n<meta name=\"twitter:label1\" content=\"Dur\u00e9e de lecture estim\u00e9e\" \/>\n\t<meta name=\"twitter:data1\" content=\"2 minutes\" \/>\n<script type=\"application\/ld+json\" class=\"yoast-schema-graph\">{\"@context\":\"https:\/\/schema.org\",\"@graph\":[{\"@type\":\"WebPage\",\"@id\":\"https:\/\/institutfrancais.sk\/fr\/podujatie\/concert-douverture-du-festival-bhs-2023-aux-couleurs-de-france\/\",\"url\":\"https:\/\/institutfrancais.sk\/fr\/podujatie\/concert-douverture-du-festival-bhs-2023-aux-couleurs-de-france\/\",\"name\":\"Concert d'ouverture du festival BHS 2023 aux couleurs de la France - Franc\u00fazsky in\u0161tit\u00fat na Slovensku\",\"isPartOf\":{\"@id\":\"https:\/\/institutfrancais.sk\/fr\/#website\"},\"primaryImageOfPage\":{\"@id\":\"https:\/\/institutfrancais.sk\/fr\/podujatie\/concert-douverture-du-festival-bhs-2023-aux-couleurs-de-france\/#primaryimage\"},\"image\":{\"@id\":\"https:\/\/institutfrancais.sk\/fr\/podujatie\/concert-douverture-du-festival-bhs-2023-aux-couleurs-de-france\/#primaryimage\"},\"thumbnailUrl\":\"https:\/\/institutfrancais.sk\/wp-content\/uploads\/2023\/09\/01-Emmanuel-Ceysson-2.jpeg\",\"datePublished\":\"2023-09-06T08:36:48+00:00\",\"dateModified\":\"2023-09-19T07:19:03+00:00\",\"description\":\"Concert d'ouverture du festival BHS 2023 aux couleurs de France\",\"breadcrumb\":{\"@id\":\"https:\/\/institutfrancais.sk\/fr\/podujatie\/concert-douverture-du-festival-bhs-2023-aux-couleurs-de-france\/#breadcrumb\"},\"inLanguage\":\"fr-FR\",\"potentialAction\":[{\"@type\":\"ReadAction\",\"target\":[\"https:\/\/institutfrancais.sk\/fr\/podujatie\/concert-douverture-du-festival-bhs-2023-aux-couleurs-de-france\/\"]}]},{\"@type\":\"ImageObject\",\"inLanguage\":\"fr-FR\",\"@id\":\"https:\/\/institutfrancais.sk\/fr\/podujatie\/concert-douverture-du-festival-bhs-2023-aux-couleurs-de-france\/#primaryimage\",\"url\":\"https:\/\/institutfrancais.sk\/wp-content\/uploads\/2023\/09\/01-Emmanuel-Ceysson-2.jpeg\",\"contentUrl\":\"https:\/\/institutfrancais.sk\/wp-content\/uploads\/2023\/09\/01-Emmanuel-Ceysson-2.jpeg\",\"width\":1200,\"height\":801,\"caption\":\"BHS\"},{\"@type\":\"BreadcrumbList\",\"@id\":\"https:\/\/institutfrancais.sk\/fr\/podujatie\/concert-douverture-du-festival-bhs-2023-aux-couleurs-de-france\/#breadcrumb\",\"itemListElement\":[{\"@type\":\"ListItem\",\"position\":1,\"name\":\"Home\",\"item\":\"https:\/\/institutfrancais.sk\/fr\/\"},{\"@type\":\"ListItem\",\"position\":2,\"name\":\"Events\",\"item\":\"https:\/\/institutfrancais.sk\/fr\/podujatie\/\"},{\"@type\":\"ListItem\",\"position\":3,\"name\":\"Concert d&rsquo;ouverture du festival BHS 2023 aux couleurs de la France\"}]},{\"@type\":\"WebSite\",\"@id\":\"https:\/\/institutfrancais.sk\/fr\/#website\",\"url\":\"https:\/\/institutfrancais.sk\/fr\/\",\"name\":\"Franc\u00fazsky in\u0161tit\u00fat na Slovensku\",\"description\":\"Franc\u00fazsky in\u0161tit\u00fat na Slovensku\",\"potentialAction\":[{\"@type\":\"SearchAction\",\"target\":{\"@type\":\"EntryPoint\",\"urlTemplate\":\"https:\/\/institutfrancais.sk\/fr\/?s={search_term_string}\"},\"query-input\":{\"@type\":\"PropertyValueSpecification\",\"valueRequired\":true,\"valueName\":\"search_term_string\"}}],\"inLanguage\":\"fr-FR\"}]}<\/script>\n<!-- \/ Yoast SEO plugin. -->","yoast_head_json":{"title":"Concert d'ouverture du festival BHS 2023 aux couleurs de la France - Franc\u00fazsky in\u0161tit\u00fat na Slovensku","description":"Concert d'ouverture du festival BHS 2023 aux couleurs de France","robots":{"index":"index","follow":"follow","max-snippet":"max-snippet:-1","max-image-preview":"max-image-preview:large","max-video-preview":"max-video-preview:-1"},"canonical":"https:\/\/institutfrancais.sk\/fr\/podujatie\/concert-douverture-du-festival-bhs-2023-aux-couleurs-de-france\/","og_locale":"fr_FR","og_type":"article","og_title":"Concert d'ouverture du festival BHS 2023 aux couleurs de la France - Franc\u00fazsky in\u0161tit\u00fat na Slovensku","og_description":"Concert d'ouverture du festival BHS 2023 aux couleurs de France","og_url":"https:\/\/institutfrancais.sk\/fr\/podujatie\/concert-douverture-du-festival-bhs-2023-aux-couleurs-de-france\/","og_site_name":"Franc\u00fazsky in\u0161tit\u00fat na Slovensku","article_modified_time":"2023-09-19T07:19:03+00:00","og_image":[{"width":1200,"height":801,"url":"https:\/\/institutfrancais.sk\/wp-content\/uploads\/2023\/09\/01-Emmanuel-Ceysson-2.jpeg","type":"image\/jpeg"}],"twitter_card":"summary_large_image","twitter_misc":{"Dur\u00e9e de lecture estim\u00e9e":"2 minutes"},"schema":{"@context":"https:\/\/schema.org","@graph":[{"@type":"WebPage","@id":"https:\/\/institutfrancais.sk\/fr\/podujatie\/concert-douverture-du-festival-bhs-2023-aux-couleurs-de-france\/","url":"https:\/\/institutfrancais.sk\/fr\/podujatie\/concert-douverture-du-festival-bhs-2023-aux-couleurs-de-france\/","name":"Concert d'ouverture du festival BHS 2023 aux couleurs de la France - Franc\u00fazsky in\u0161tit\u00fat na Slovensku","isPartOf":{"@id":"https:\/\/institutfrancais.sk\/fr\/#website"},"primaryImageOfPage":{"@id":"https:\/\/institutfrancais.sk\/fr\/podujatie\/concert-douverture-du-festival-bhs-2023-aux-couleurs-de-france\/#primaryimage"},"image":{"@id":"https:\/\/institutfrancais.sk\/fr\/podujatie\/concert-douverture-du-festival-bhs-2023-aux-couleurs-de-france\/#primaryimage"},"thumbnailUrl":"https:\/\/institutfrancais.sk\/wp-content\/uploads\/2023\/09\/01-Emmanuel-Ceysson-2.jpeg","datePublished":"2023-09-06T08:36:48+00:00","dateModified":"2023-09-19T07:19:03+00:00","description":"Concert d'ouverture du festival BHS 2023 aux couleurs de France","breadcrumb":{"@id":"https:\/\/institutfrancais.sk\/fr\/podujatie\/concert-douverture-du-festival-bhs-2023-aux-couleurs-de-france\/#breadcrumb"},"inLanguage":"fr-FR","potentialAction":[{"@type":"ReadAction","target":["https:\/\/institutfrancais.sk\/fr\/podujatie\/concert-douverture-du-festival-bhs-2023-aux-couleurs-de-france\/"]}]},{"@type":"ImageObject","inLanguage":"fr-FR","@id":"https:\/\/institutfrancais.sk\/fr\/podujatie\/concert-douverture-du-festival-bhs-2023-aux-couleurs-de-france\/#primaryimage","url":"https:\/\/institutfrancais.sk\/wp-content\/uploads\/2023\/09\/01-Emmanuel-Ceysson-2.jpeg","contentUrl":"https:\/\/institutfrancais.sk\/wp-content\/uploads\/2023\/09\/01-Emmanuel-Ceysson-2.jpeg","width":1200,"height":801,"caption":"BHS"},{"@type":"BreadcrumbList","@id":"https:\/\/institutfrancais.sk\/fr\/podujatie\/concert-douverture-du-festival-bhs-2023-aux-couleurs-de-france\/#breadcrumb","itemListElement":[{"@type":"ListItem","position":1,"name":"Home","item":"https:\/\/institutfrancais.sk\/fr\/"},{"@type":"ListItem","position":2,"name":"Events","item":"https:\/\/institutfrancais.sk\/fr\/podujatie\/"},{"@type":"ListItem","position":3,"name":"Concert d&rsquo;ouverture du festival BHS 2023 aux couleurs de la France"}]},{"@type":"WebSite","@id":"https:\/\/institutfrancais.sk\/fr\/#website","url":"https:\/\/institutfrancais.sk\/fr\/","name":"Franc\u00fazsky in\u0161tit\u00fat na Slovensku","description":"Franc\u00fazsky in\u0161tit\u00fat na Slovensku","potentialAction":[{"@type":"SearchAction","target":{"@type":"EntryPoint","urlTemplate":"https:\/\/institutfrancais.sk\/fr\/?s={search_term_string}"},"query-input":{"@type":"PropertyValueSpecification","valueRequired":true,"valueName":"search_term_string"}}],"inLanguage":"fr-FR"}]}},"_links":{"self":[{"href":"https:\/\/institutfrancais.sk\/fr\/wp-json\/wp\/v2\/podujatie\/28789"}],"collection":[{"href":"https:\/\/institutfrancais.sk\/fr\/wp-json\/wp\/v2\/podujatie"}],"about":[{"href":"https:\/\/institutfrancais.sk\/fr\/wp-json\/wp\/v2\/types\/podujatie"}],"wp:featuredmedia":[{"embeddable":true,"href":"https:\/\/institutfrancais.sk\/fr\/wp-json\/wp\/v2\/media\/28751"}],"wp:attachment":[{"href":"https:\/\/institutfrancais.sk\/fr\/wp-json\/wp\/v2\/media?parent=28789"}],"wp:term":[{"taxonomy":"typ-podujatia","embeddable":true,"href":"https:\/\/institutfrancais.sk\/fr\/wp-json\/wp\/v2\/typ-podujatia?post=28789"}],"curies":[{"name":"wp","href":"https:\/\/api.w.org\/{rel}","templated":true}]}}