{"id":28809,"date":"2023-09-08T14:31:39","date_gmt":"2023-09-08T12:31:39","guid":{"rendered":"https:\/\/institutfrancais.sk\/?post_type=podujatie&#038;p=28809"},"modified":"2023-09-13T09:34:26","modified_gmt":"2023-09-13T07:34:26","slug":"poete-francais-guillaume-decourt-invite-du-festival-novotvar-et-de-linstitut-francais","status":"publish","type":"podujatie","link":"https:\/\/institutfrancais.sk\/fr\/podujatie\/poete-francais-guillaume-decourt-invite-du-festival-novotvar-et-de-linstitut-francais\/","title":{"rendered":"Po\u00e8te fran\u00e7ais Guillaume Decourt invit\u00e9 du festival Novotvar et de l&rsquo;Institut fran\u00e7ais"},"content":{"rendered":"\n<p>Depuis plusieurs ann\u00e9es, le d\u00e9but du mois d&rsquo;octobre \u00e0 Bratislava est associ\u00e9 aussi au festival international de litt\u00e9rature contemporaine <strong>Novotvar<\/strong> (Nouvelle forme). Cette ann\u00e9e, la France sera repr\u00e9sent\u00e9e au festival par le jeune po\u00e8te fran\u00e7ais <strong>Guillaume Decourt<\/strong>. Outre sa participation au programme principal du festival au Palais Pistori le <strong>vendredi 6 octobre \u00e0 20h<\/strong>, l&rsquo;auteur fran\u00e7ais se pr\u00e9sentera \u00e9galement \u00e0 l&rsquo;Institut fran\u00e7ais de Slovaquie dans le cadre d&rsquo;un d\u00e9bat avec des \u00e9tudiants francophones <strong>le m\u00eame jour \u00e0 10h<\/strong>.<\/p>\n\n\n<div class=\"space sm\"><\/div>\n\n\n<h4 class=\"wp-block-heading\">Un mot sur l&rsquo;auteur<\/h4>\n\n\n\n<p><strong>Guillaume Decourt<\/strong> est n\u00e9 en 1985. Il a&nbsp;pass\u00e9 son enfance en Isra\u00ebl, en Allemagne et en Belgique ;&nbsp;son adolescence dans les monts du Forez&nbsp;;&nbsp;puis s\u00e9journ\u00e9 longuement \u00e0 Mayotte et en Nouvelle-Cal\u00e9donie. Il partage aujourd\u2019hui son temps entre Paris et Ath\u00e8nes. Il a&nbsp;publi\u00e9 douze livres de po\u00e9sie&nbsp;dont <em>Les Heures grecques<\/em>, Lanskine, 2015&nbsp;;&nbsp;<em>Le Cargo de R\u00e9b\u00e9tika<\/em>, Lanskine, 2017&nbsp;;<em> Un gratte-ciel, des gratte-ciel<\/em>, Lanskine, 2019&nbsp;;&nbsp;et <em>\u00c0 80 km de Monterey<\/em>, \u00c6thalides, 2021 ;&nbsp;<em>Le Bonjour de Christopher Graham<\/em>, \u00c6thalid\u00e8s, 2023 a&nbsp;<em>Lundi propre<\/em>, La Table Ronde, 2023. Ses po\u00e8mes ont \u00e9t\u00e9 traduits dans une dizaine de langues. Il collabore \u00e0 de nombreuses revues et donne des lectures publiques dans des festivals en France et \u00e0 l\u2019\u00e9tranger.<\/p>\n\n\n<div class=\"space sm\"><\/div>\n\n\n<h4 class=\"wp-block-heading\">Un mot sur le festival<\/h4>\n\n\n\n<p>Le Festival litt\u00e9raire international Novotvar a&nbsp;\u00e9t\u00e9 fond\u00e9 en 2016. Ses organisateurs s&rsquo;efforcent d&rsquo;en faire une image vivante de la litt\u00e9rature contemporaine. Chaque ann\u00e9e, le festival pr\u00e9sente \u00e0 ses visiteurs un \u00e9ventail diversifi\u00e9 d&rsquo;auteurs slovaques et \u00e9trangers renomm\u00e9s dans le domaine de la prose et de la po\u00e9sie, tout en donnant de l&rsquo;espace aux auteurs \u00e9mergents.<\/p>\n\n\n\n<p>Au cours de ses quelques ann\u00e9es d&rsquo;existence, Novotvar a&nbsp;accueilli des noms \u00e9minents de la litt\u00e9rature mondiale contemporaine. Il s&rsquo;agit notamment du romancier isra\u00e9lien Etgar Keret, de la romanci\u00e8re italienne Simona Vinci, de la romanci\u00e8re allemande Olga Grjasnowa, du romancier allemand Michael Kupfm\u00fcller, de la grande romanci\u00e8re tch\u00e8que Petra H\u016flov\u00e1 et de l&rsquo;un des auteurs hongrois contemporains les plus respect\u00e9s, Krisztina T\u00f3th. Le festival a&nbsp;\u00e9galement accueilli des figures de renomm\u00e9e internationale de la po\u00e9sie mondiale contemporaine, telles que la po\u00e9tesse canadienne Anne Carson, la po\u00e9tesse albanaise Luljeta Llhesanaku, le po\u00e8te croate Marko Poga\u010dar et le po\u00e8te exp\u00e9rimental autrichien Ferdinand Schmatz. Parmi les auteurs locaux, les po\u00e8tes Ivan \u0160trpka, Michal Habaj, Peter \u0160ulej, les po\u00e8tes M\u00e1ria Feren\u010duhov\u00e1, Eva Luka, Katar\u00edna Kucbelov\u00e1, les prosateurs Michal Hvoreck\u00fd, Richard Pupala, les prosateurs Veronika \u0160ikulov\u00e1, Ivana Gibov\u00e1, Jana Jur\u00e1\u0148ov\u00e1 et d&rsquo;autres ont \u00e9t\u00e9 pr\u00e9sent\u00e9s \u00e0 Novotvar.<\/p>\n\n\n\n<p>L&rsquo;ambition du festival est de d\u00e9velopper activement l&rsquo;int\u00e9r\u00eat du public pour les \u0153uvres litt\u00e9raires contemporaines slovaques et \u00e9trang\u00e8res, de promouvoir des \u0153uvres litt\u00e9raires nouvelles, progressistes et artistiquement valables, de les pr\u00e9senter au cercle le plus large possible du public culturel et, de cette mani\u00e8re, de soutenir les activit\u00e9s du festival.<\/p>\n\n\n<div class=\"space sm\"><\/div>\n\n\n<h4 class=\"wp-block-heading\">Liens utiles<\/h4>\n\n\n\n<p><a href=\"http:\/\/www.novotvar.sk\">www.novotvar.s<\/a><a href=\"http:\/\/www.novotvar.sk\" target=\"_blank\" rel=\"noreferrer noopener\">k<\/a><\/p>\n\n\n<\/div><iframe loading=\"lazy\" src=\"https:\/\/www.google.com\/maps\/embed?pb=!1m18!1m12!1m3!1d2662.2735746915087!2d17.10532635165492!3d48.14353077912193!2m3!1f0!2f0!3f0!3m2!1i1024!2i768!4f13.1!3m3!1m2!1s0x476c8942d3867d0f%3A0xf92cfa7be90ee73!2zRnJhbmPDunpza3kgaW7FoXRpdMO6dA!5e0!3m2!1ssk!2ssk!4v1575902399794!5m2!1ssk!2ssk\" width=\"100%\" height=\"558\" frameborder=\"0\" class=\"gmap-iframe\" allowfullscreen=\"\"><\/iframe><div class=\"wrap narrow-wrap\">","protected":false},"featured_media":29097,"template":"","typ-podujatia":[58],"acf":[],"yoast_head":"<!-- This site is optimized with the Yoast SEO plugin v24.5 - https:\/\/yoast.com\/wordpress\/plugins\/seo\/ -->\n<title>Po\u00e8te fran\u00e7ais Guillaume Decourt invit\u00e9 du festival Novotvar et de l&#039;Institut fran\u00e7ais - Franc\u00fazsky in\u0161tit\u00fat na Slovensku<\/title>\n<meta name=\"description\" content=\"Po\u00e8te fran\u00e7ais Guillaume Decourt invit\u00e9 du festival Novotvar et de l&#039;Institut fran\u00e7ais\" \/>\n<meta name=\"robots\" content=\"index, follow, max-snippet:-1, max-image-preview:large, max-video-preview:-1\" \/>\n<link rel=\"canonical\" href=\"https:\/\/institutfrancais.sk\/fr\/podujatie\/poete-francais-guillaume-decourt-invite-du-festival-novotvar-et-de-linstitut-francais\/\" \/>\n<meta property=\"og:locale\" content=\"fr_FR\" \/>\n<meta property=\"og:type\" content=\"article\" \/>\n<meta property=\"og:title\" content=\"Po\u00e8te fran\u00e7ais Guillaume Decourt invit\u00e9 du festival Novotvar et de l&#039;Institut fran\u00e7ais - Franc\u00fazsky in\u0161tit\u00fat na Slovensku\" \/>\n<meta property=\"og:description\" content=\"Po\u00e8te fran\u00e7ais Guillaume Decourt invit\u00e9 du festival Novotvar et de l&#039;Institut fran\u00e7ais\" \/>\n<meta property=\"og:url\" content=\"https:\/\/institutfrancais.sk\/fr\/podujatie\/poete-francais-guillaume-decourt-invite-du-festival-novotvar-et-de-linstitut-francais\/\" \/>\n<meta property=\"og:site_name\" content=\"Franc\u00fazsky in\u0161tit\u00fat na Slovensku\" \/>\n<meta property=\"article:modified_time\" content=\"2023-09-13T07:34:26+00:00\" \/>\n<meta property=\"og:image\" content=\"https:\/\/institutfrancais.sk\/wp-content\/uploads\/2023\/09\/guillaume-decourt-foto.jpg\" \/>\n\t<meta property=\"og:image:width\" content=\"1120\" \/>\n\t<meta property=\"og:image:height\" content=\"1680\" \/>\n\t<meta property=\"og:image:type\" content=\"image\/jpeg\" \/>\n<meta name=\"twitter:card\" content=\"summary_large_image\" \/>\n<meta name=\"twitter:label1\" content=\"Dur\u00e9e de lecture estim\u00e9e\" \/>\n\t<meta name=\"twitter:data1\" content=\"3 minutes\" \/>\n<script type=\"application\/ld+json\" class=\"yoast-schema-graph\">{\"@context\":\"https:\/\/schema.org\",\"@graph\":[{\"@type\":\"WebPage\",\"@id\":\"https:\/\/institutfrancais.sk\/fr\/podujatie\/poete-francais-guillaume-decourt-invite-du-festival-novotvar-et-de-linstitut-francais\/\",\"url\":\"https:\/\/institutfrancais.sk\/fr\/podujatie\/poete-francais-guillaume-decourt-invite-du-festival-novotvar-et-de-linstitut-francais\/\",\"name\":\"Po\u00e8te fran\u00e7ais Guillaume Decourt invit\u00e9 du festival Novotvar et de l'Institut fran\u00e7ais - Franc\u00fazsky in\u0161tit\u00fat na Slovensku\",\"isPartOf\":{\"@id\":\"https:\/\/institutfrancais.sk\/fr\/#website\"},\"primaryImageOfPage\":{\"@id\":\"https:\/\/institutfrancais.sk\/fr\/podujatie\/poete-francais-guillaume-decourt-invite-du-festival-novotvar-et-de-linstitut-francais\/#primaryimage\"},\"image\":{\"@id\":\"https:\/\/institutfrancais.sk\/fr\/podujatie\/poete-francais-guillaume-decourt-invite-du-festival-novotvar-et-de-linstitut-francais\/#primaryimage\"},\"thumbnailUrl\":\"https:\/\/institutfrancais.sk\/wp-content\/uploads\/2023\/09\/GD.png\",\"datePublished\":\"2023-09-08T12:31:39+00:00\",\"dateModified\":\"2023-09-13T07:34:26+00:00\",\"description\":\"Po\u00e8te fran\u00e7ais Guillaume Decourt invit\u00e9 du festival Novotvar et de l'Institut fran\u00e7ais\",\"breadcrumb\":{\"@id\":\"https:\/\/institutfrancais.sk\/fr\/podujatie\/poete-francais-guillaume-decourt-invite-du-festival-novotvar-et-de-linstitut-francais\/#breadcrumb\"},\"inLanguage\":\"fr-FR\",\"potentialAction\":[{\"@type\":\"ReadAction\",\"target\":[\"https:\/\/institutfrancais.sk\/fr\/podujatie\/poete-francais-guillaume-decourt-invite-du-festival-novotvar-et-de-linstitut-francais\/\"]}]},{\"@type\":\"ImageObject\",\"inLanguage\":\"fr-FR\",\"@id\":\"https:\/\/institutfrancais.sk\/fr\/podujatie\/poete-francais-guillaume-decourt-invite-du-festival-novotvar-et-de-linstitut-francais\/#primaryimage\",\"url\":\"https:\/\/institutfrancais.sk\/wp-content\/uploads\/2023\/09\/GD.png\",\"contentUrl\":\"https:\/\/institutfrancais.sk\/wp-content\/uploads\/2023\/09\/GD.png\",\"width\":1499,\"height\":803},{\"@type\":\"BreadcrumbList\",\"@id\":\"https:\/\/institutfrancais.sk\/fr\/podujatie\/poete-francais-guillaume-decourt-invite-du-festival-novotvar-et-de-linstitut-francais\/#breadcrumb\",\"itemListElement\":[{\"@type\":\"ListItem\",\"position\":1,\"name\":\"Home\",\"item\":\"https:\/\/institutfrancais.sk\/fr\/\"},{\"@type\":\"ListItem\",\"position\":2,\"name\":\"Events\",\"item\":\"https:\/\/institutfrancais.sk\/fr\/podujatie\/\"},{\"@type\":\"ListItem\",\"position\":3,\"name\":\"Po\u00e8te fran\u00e7ais Guillaume Decourt invit\u00e9 du festival Novotvar et de l&#8217;Institut fran\u00e7ais\"}]},{\"@type\":\"WebSite\",\"@id\":\"https:\/\/institutfrancais.sk\/fr\/#website\",\"url\":\"https:\/\/institutfrancais.sk\/fr\/\",\"name\":\"Franc\u00fazsky in\u0161tit\u00fat na Slovensku\",\"description\":\"Franc\u00fazsky in\u0161tit\u00fat na Slovensku\",\"potentialAction\":[{\"@type\":\"SearchAction\",\"target\":{\"@type\":\"EntryPoint\",\"urlTemplate\":\"https:\/\/institutfrancais.sk\/fr\/?s={search_term_string}\"},\"query-input\":{\"@type\":\"PropertyValueSpecification\",\"valueRequired\":true,\"valueName\":\"search_term_string\"}}],\"inLanguage\":\"fr-FR\"}]}<\/script>\n<!-- \/ Yoast SEO plugin. -->","yoast_head_json":{"title":"Po\u00e8te fran\u00e7ais Guillaume Decourt invit\u00e9 du festival Novotvar et de l'Institut fran\u00e7ais - Franc\u00fazsky in\u0161tit\u00fat na Slovensku","description":"Po\u00e8te fran\u00e7ais Guillaume Decourt invit\u00e9 du festival Novotvar et de l'Institut fran\u00e7ais","robots":{"index":"index","follow":"follow","max-snippet":"max-snippet:-1","max-image-preview":"max-image-preview:large","max-video-preview":"max-video-preview:-1"},"canonical":"https:\/\/institutfrancais.sk\/fr\/podujatie\/poete-francais-guillaume-decourt-invite-du-festival-novotvar-et-de-linstitut-francais\/","og_locale":"fr_FR","og_type":"article","og_title":"Po\u00e8te fran\u00e7ais Guillaume Decourt invit\u00e9 du festival Novotvar et de l'Institut fran\u00e7ais - Franc\u00fazsky in\u0161tit\u00fat na Slovensku","og_description":"Po\u00e8te fran\u00e7ais Guillaume Decourt invit\u00e9 du festival Novotvar et de l'Institut fran\u00e7ais","og_url":"https:\/\/institutfrancais.sk\/fr\/podujatie\/poete-francais-guillaume-decourt-invite-du-festival-novotvar-et-de-linstitut-francais\/","og_site_name":"Franc\u00fazsky in\u0161tit\u00fat na Slovensku","article_modified_time":"2023-09-13T07:34:26+00:00","og_image":[{"width":1120,"height":1680,"url":"https:\/\/institutfrancais.sk\/wp-content\/uploads\/2023\/09\/guillaume-decourt-foto.jpg","type":"image\/jpeg"}],"twitter_card":"summary_large_image","twitter_misc":{"Dur\u00e9e de lecture estim\u00e9e":"3 minutes"},"schema":{"@context":"https:\/\/schema.org","@graph":[{"@type":"WebPage","@id":"https:\/\/institutfrancais.sk\/fr\/podujatie\/poete-francais-guillaume-decourt-invite-du-festival-novotvar-et-de-linstitut-francais\/","url":"https:\/\/institutfrancais.sk\/fr\/podujatie\/poete-francais-guillaume-decourt-invite-du-festival-novotvar-et-de-linstitut-francais\/","name":"Po\u00e8te fran\u00e7ais Guillaume Decourt invit\u00e9 du festival Novotvar et de l'Institut fran\u00e7ais - Franc\u00fazsky in\u0161tit\u00fat na Slovensku","isPartOf":{"@id":"https:\/\/institutfrancais.sk\/fr\/#website"},"primaryImageOfPage":{"@id":"https:\/\/institutfrancais.sk\/fr\/podujatie\/poete-francais-guillaume-decourt-invite-du-festival-novotvar-et-de-linstitut-francais\/#primaryimage"},"image":{"@id":"https:\/\/institutfrancais.sk\/fr\/podujatie\/poete-francais-guillaume-decourt-invite-du-festival-novotvar-et-de-linstitut-francais\/#primaryimage"},"thumbnailUrl":"https:\/\/institutfrancais.sk\/wp-content\/uploads\/2023\/09\/GD.png","datePublished":"2023-09-08T12:31:39+00:00","dateModified":"2023-09-13T07:34:26+00:00","description":"Po\u00e8te fran\u00e7ais Guillaume Decourt invit\u00e9 du festival Novotvar et de l'Institut fran\u00e7ais","breadcrumb":{"@id":"https:\/\/institutfrancais.sk\/fr\/podujatie\/poete-francais-guillaume-decourt-invite-du-festival-novotvar-et-de-linstitut-francais\/#breadcrumb"},"inLanguage":"fr-FR","potentialAction":[{"@type":"ReadAction","target":["https:\/\/institutfrancais.sk\/fr\/podujatie\/poete-francais-guillaume-decourt-invite-du-festival-novotvar-et-de-linstitut-francais\/"]}]},{"@type":"ImageObject","inLanguage":"fr-FR","@id":"https:\/\/institutfrancais.sk\/fr\/podujatie\/poete-francais-guillaume-decourt-invite-du-festival-novotvar-et-de-linstitut-francais\/#primaryimage","url":"https:\/\/institutfrancais.sk\/wp-content\/uploads\/2023\/09\/GD.png","contentUrl":"https:\/\/institutfrancais.sk\/wp-content\/uploads\/2023\/09\/GD.png","width":1499,"height":803},{"@type":"BreadcrumbList","@id":"https:\/\/institutfrancais.sk\/fr\/podujatie\/poete-francais-guillaume-decourt-invite-du-festival-novotvar-et-de-linstitut-francais\/#breadcrumb","itemListElement":[{"@type":"ListItem","position":1,"name":"Home","item":"https:\/\/institutfrancais.sk\/fr\/"},{"@type":"ListItem","position":2,"name":"Events","item":"https:\/\/institutfrancais.sk\/fr\/podujatie\/"},{"@type":"ListItem","position":3,"name":"Po\u00e8te fran\u00e7ais Guillaume Decourt invit\u00e9 du festival Novotvar et de l&#8217;Institut fran\u00e7ais"}]},{"@type":"WebSite","@id":"https:\/\/institutfrancais.sk\/fr\/#website","url":"https:\/\/institutfrancais.sk\/fr\/","name":"Franc\u00fazsky in\u0161tit\u00fat na Slovensku","description":"Franc\u00fazsky in\u0161tit\u00fat na Slovensku","potentialAction":[{"@type":"SearchAction","target":{"@type":"EntryPoint","urlTemplate":"https:\/\/institutfrancais.sk\/fr\/?s={search_term_string}"},"query-input":{"@type":"PropertyValueSpecification","valueRequired":true,"valueName":"search_term_string"}}],"inLanguage":"fr-FR"}]}},"_links":{"self":[{"href":"https:\/\/institutfrancais.sk\/fr\/wp-json\/wp\/v2\/podujatie\/28809"}],"collection":[{"href":"https:\/\/institutfrancais.sk\/fr\/wp-json\/wp\/v2\/podujatie"}],"about":[{"href":"https:\/\/institutfrancais.sk\/fr\/wp-json\/wp\/v2\/types\/podujatie"}],"wp:featuredmedia":[{"embeddable":true,"href":"https:\/\/institutfrancais.sk\/fr\/wp-json\/wp\/v2\/media\/29097"}],"wp:attachment":[{"href":"https:\/\/institutfrancais.sk\/fr\/wp-json\/wp\/v2\/media?parent=28809"}],"wp:term":[{"taxonomy":"typ-podujatia","embeddable":true,"href":"https:\/\/institutfrancais.sk\/fr\/wp-json\/wp\/v2\/typ-podujatia?post=28809"}],"curies":[{"name":"wp","href":"https:\/\/api.w.org\/{rel}","templated":true}]}}