{"id":29028,"date":"2023-10-03T15:19:13","date_gmt":"2023-10-03T13:19:13","guid":{"rendered":"https:\/\/institutfrancais.sk\/?post_type=podujatie&#038;p=29028"},"modified":"2023-11-09T14:15:07","modified_gmt":"2023-11-09T13:15:07","slug":"exposition-photographique-lecosysteme-de-la-camargue-dester-sabik","status":"publish","type":"podujatie","link":"https:\/\/institutfrancais.sk\/fr\/podujatie\/exposition-photographique-lecosysteme-de-la-camargue-dester-sabik\/","title":{"rendered":"Exposition photographique \u00ab\u00a0ecosystem Camargue\u00a0\u00bb d&rsquo;Ester Sabik"},"content":{"rendered":"\n<p>L&rsquo;exposition, intitul\u00e9e \u00ab\u00a0ecosystem Camargue\u00a0\u00bb, pr\u00e9sente une s\u00e9lection d&rsquo;un ensemble de photographies argentiques prises successivement entre 2018 et 2023, lorsque je revisite le Sud de la France, la ville d&rsquo;Arles, le parc national de Camargue, la plage de Pi\u00e9manson. J&rsquo;ai d&rsquo;abord \u00e9t\u00e9 conduite vers ce lieu par mes \u00e9tudes au d\u00e9but de mon ann\u00e9e de master \u00e0 l&rsquo;\u00c9cole sup\u00e9rieure des beaux-arts. Gr\u00e2ce au programme Erasmus, j&rsquo;ai eu l&rsquo;opportunit\u00e9 de fr\u00e9quenter l&rsquo;Ecole Nationale de la Photographie d&rsquo;Arles. Ce fut une p\u00e9riode intense, pleine de nouvelles sensations et de stimuli. Cela a&nbsp;approfondi ma relation avec la photographie et avec moi-m\u00eame, mais surtout avec la nature, avec quelque chose qui ne peut \u00eatre exprim\u00e9 par des mots, ce quelque chose est emport\u00e9 par la sensation &#8211;&nbsp;la superposition du beau, ce sont des moments o\u00f9 l&rsquo;environnement nous parle &#8211;&nbsp;d\u00e9borde, et o\u00f9 nous sentons la touche de l&rsquo;unit\u00e9 &#8211;&nbsp;de la complexit\u00e9.<\/p>\n\n\n\n<p>\u00ab\u00a0Je me trouvais pour la premi\u00e8re fois dans un champ de sel.<br>J&rsquo;ai \u00e9t\u00e9 stup\u00e9fait par sa puret\u00e9.<br>L&rsquo;\u00e9nergie qui m&rsquo;entourait avait un pouvoir vibratoire, il y avait un calme, une pl\u00e9nitude et en m\u00eame temps un vide \u00e9trange.<br>Une conscience de la vie &#8211;&nbsp;de la mort &#8211;&nbsp;de la vie dans la croissance des champs de sel, impr\u00e9gnait mon \u00eatre.<br>C&rsquo;est dans ce lieu que je me sens connect\u00e9\u00a0\u00bb.<\/p>\n\n\n\n<p>Les photographies qui composent l&rsquo;exposition L&rsquo;\u00e9cosyst\u00e8me de la Camargue sont un dialogue intime &#8211;&nbsp;l&rsquo;essence du temps que je vis ici dans le sud de la France. Mon objectif n&rsquo;est pas tant de documenter ou d&rsquo;exp\u00e9rimenter objectivement le parc national de Camargue. Ces images repr\u00e9sentent plut\u00f4t une sorte de po\u00e9sie de l&rsquo;aventure subjective, dans l&rsquo;observation, la d\u00e9gustation et le d\u00e9veloppement progressif d&rsquo;une relation personnelle avec un lieu plus ou moins concret, ou plut\u00f4t un chemin qui, de la ville, \u00e0 travers les champs de sel, les marais habit\u00e9s et les canaux, atteint la plage jusqu&rsquo;\u00e0 la mer.<\/p>\n\n\n\n<p>Depuis 6 ans, j&rsquo;entretiens un dialogue intime avec mon chemin vers la mer \u00e0 travers le parc national de Camargue.<\/p>\n\n\n\n<p>J&rsquo;appr\u00e9cie beaucoup de pouvoir partager une partie de cette conversation avec le public, gr\u00e2ce aux espace de la galerie de l&rsquo;Institut fran\u00e7ais de Slovaquie. C&rsquo;est la langue fran\u00e7aise qui a&nbsp;\u00e9t\u00e9 ma porte d&rsquo;entr\u00e9e vers une langue qui ne conna\u00eet pas de mots gr\u00e2ce \u00e0 notre langue d&rsquo;amour commune &#8211;&nbsp;la photographie.<\/p>\n\n\n\n<p>Je veux dire une langue dont la compr\u00e9hension se situe au niveau de la confiance dans l&rsquo;omnipr\u00e9sence de la communication d&rsquo;un niveau de perception multicouche, immat\u00e9riel et non physique, lorsque le rationnel est mis de c\u00f4t\u00e9 et qu&rsquo;une dimension compl\u00e8tement diff\u00e9rente et nouvelle de la compr\u00e9hension du monde se d\u00e9ploie pour nous. C&rsquo;est \u00e0 une telle prise de conscience que m&rsquo;a&nbsp;conduite l&rsquo;exp\u00e9rience de la vie dans la ville pittoresque d&rsquo;Arles, dans le sud de la France, pour laquelle je serai toujours plus que reconnaissante de tout mon \u00eatre.<\/p>\n\n\n\n<p class=\"has-text-align-right\">Ester Sabik<\/p>\n\n\n\n<p class=\"has-text-align-right\"><a href=\"http:\/\/www.estersabik.com\" target=\"_blank\" rel=\"noreferrer noopener\">www.estersabik.com<\/a><\/p>\n\n\n<div class=\"space sm\"><\/div>\n\n\n<p><strong>Cette exposition est un \u00e9v\u00e9nement partenaire du festival international de la photographie <a href=\"http:\/\/offbratislava.sk\" target=\"_blank\" rel=\"noreferrer noopener\">OFF Bratislava<\/a> (du 3 au 17 novembre 2023).<\/strong><\/p>\n\n\n<div class=\"space sm\"><\/div>\n\n<\/div><div class=\"wrap\"><div class=\"owl-carousel carousel-block cbg-1\" id=\"c264\"><div class=\"item\"><img decoding=\"async\" src=\"https:\/\/institutfrancais.sk\/wp-content\/uploads\/2023\/10\/enlightment-813x1000.jpg\"><\/div><div class=\"item\"><img decoding=\"async\" src=\"https:\/\/institutfrancais.sk\/wp-content\/uploads\/2023\/10\/39-783x1000.jpg\"><\/div><div class=\"item\"><img decoding=\"async\" src=\"https:\/\/institutfrancais.sk\/wp-content\/uploads\/2023\/10\/864000256400026-817x1000.jpg\"><\/div><div class=\"item\"><img decoding=\"async\" src=\"https:\/\/institutfrancais.sk\/wp-content\/uploads\/2023\/10\/solna-slza-70cm-813x1000.jpg\"><\/div><div class=\"item\"><img decoding=\"async\" src=\"https:\/\/institutfrancais.sk\/wp-content\/uploads\/2023\/10\/813-822x1000.jpg\"><\/div><div class=\"item\"><img decoding=\"async\" src=\"https:\/\/institutfrancais.sk\/wp-content\/uploads\/2023\/10\/More-medzi-casu--818x1000.jpg\"><\/div><\/div><div class=\"space lg\"><\/div><\/div><div class=\"wrap narrow-wrap\"><script>\n$(function(){\n  $('#c264').owlCarousel({\n    loop:true,\n    nav:true,\n    autoplay:true,\n    autoplayHoverPause:true,\n    autoplayTimeout:6000,\n    smartSpeed:1000,\n    navText:['<svg xmlns=\"http:\/\/www.w3.org\/2000\/svg\" viewBox=\"0 0 320 512\"><path fill=\"currentColor\" d=\"M34.52 239.03L228.87 44.69c9.37-9.37 24.57-9.37 33.94 0l22.67 22.67c9.36 9.36 9.37 24.52.04 33.9L131.49 256l154.02 154.75c9.34 9.38 9.32 24.54-.04 33.9l-22.67 22.67c-9.37 9.37-24.57 9.37-33.94 0L34.52 272.97c-9.37-9.37-9.37-24.57 0-33.94z\"><\/path><\/svg>','<svg xmlns=\"http:\/\/www.w3.org\/2000\/svg\" viewBox=\"0 0 320 512\"><path d=\"M285.476 272.971L91.132 467.314c-9.373 9.373-24.569 9.373-33.941 0l-22.667-22.667c-9.357-9.357-9.375-24.522-.04-33.901L188.505 256 34.484 101.255c-9.335-9.379-9.317-24.544.04-33.901l22.667-22.667c9.373-9.373 24.569-9.373 33.941 0L285.475 239.03c9.373 9.372 9.373 24.568.001 33.941z\"><\/path><\/svg>'],\n    responsive:{\n      0:{\n        items:1\n      },\n      450:{\n        items:2\n      },\n      700:{\n        items:3\n      },\n      1100:{\n        items:4\n      },\n      1400:{\n        items:1      }\n    }\n  });\n});\n<\/script>\n\n<\/div><iframe loading=\"lazy\" src=\"https:\/\/www.google.com\/maps\/embed?pb=!1m18!1m12!1m3!1d2662.2735746915087!2d17.10532635165492!3d48.14353077912193!2m3!1f0!2f0!3f0!3m2!1i1024!2i768!4f13.1!3m3!1m2!1s0x476c8942d3867d0f%3A0xf92cfa7be90ee73!2zRnJhbmPDunpza3kgaW7FoXRpdMO6dA!5e0!3m2!1ssk!2ssk!4v1575902399794!5m2!1ssk!2ssk\" width=\"100%\" height=\"558\" frameborder=\"0\" class=\"gmap-iframe\" allowfullscreen=\"\"><\/iframe><div class=\"wrap narrow-wrap\">","protected":false},"featured_media":29001,"template":"","typ-podujatia":[56],"acf":[],"yoast_head":"<!-- This site is optimized with the Yoast SEO plugin v24.5 - https:\/\/yoast.com\/wordpress\/plugins\/seo\/ -->\n<title>Exposition photographique &quot;ecosystem Camargue&quot; d&#039;Ester Sabik - Franc\u00fazsky in\u0161tit\u00fat na Slovensku<\/title>\n<meta name=\"description\" content=\"Exposition photographique &quot;\u00e9cosyst\u00e8me Camargue&quot; d&#039;Ester Sabik\" \/>\n<meta name=\"robots\" content=\"index, follow, max-snippet:-1, max-image-preview:large, max-video-preview:-1\" \/>\n<link rel=\"canonical\" href=\"https:\/\/institutfrancais.sk\/fr\/podujatie\/exposition-photographique-lecosysteme-de-la-camargue-dester-sabik\/\" \/>\n<meta property=\"og:locale\" content=\"fr_FR\" \/>\n<meta property=\"og:type\" content=\"article\" \/>\n<meta property=\"og:title\" content=\"Exposition photographique &quot;ecosystem Camargue&quot; d&#039;Ester Sabik - Franc\u00fazsky in\u0161tit\u00fat na Slovensku\" \/>\n<meta property=\"og:description\" content=\"Exposition photographique &quot;\u00e9cosyst\u00e8me Camargue&quot; d&#039;Ester Sabik\" \/>\n<meta property=\"og:url\" content=\"https:\/\/institutfrancais.sk\/fr\/podujatie\/exposition-photographique-lecosysteme-de-la-camargue-dester-sabik\/\" \/>\n<meta property=\"og:site_name\" content=\"Franc\u00fazsky in\u0161tit\u00fat na Slovensku\" \/>\n<meta property=\"article:modified_time\" content=\"2023-11-09T13:15:07+00:00\" \/>\n<meta property=\"og:image\" content=\"https:\/\/institutfrancais.sk\/wp-content\/uploads\/2023\/10\/ecosystem-camargue-plagat-I.jpg\" \/>\n\t<meta property=\"og:image:width\" content=\"1226\" \/>\n\t<meta property=\"og:image:height\" content=\"1500\" \/>\n\t<meta property=\"og:image:type\" content=\"image\/jpeg\" \/>\n<meta name=\"twitter:card\" content=\"summary_large_image\" \/>\n<meta name=\"twitter:label1\" content=\"Dur\u00e9e de lecture estim\u00e9e\" \/>\n\t<meta name=\"twitter:data1\" content=\"3 minutes\" \/>\n<script type=\"application\/ld+json\" class=\"yoast-schema-graph\">{\"@context\":\"https:\/\/schema.org\",\"@graph\":[{\"@type\":\"WebPage\",\"@id\":\"https:\/\/institutfrancais.sk\/fr\/podujatie\/exposition-photographique-lecosysteme-de-la-camargue-dester-sabik\/\",\"url\":\"https:\/\/institutfrancais.sk\/fr\/podujatie\/exposition-photographique-lecosysteme-de-la-camargue-dester-sabik\/\",\"name\":\"Exposition photographique \\\"ecosystem Camargue\\\" d'Ester Sabik - Franc\u00fazsky in\u0161tit\u00fat na Slovensku\",\"isPartOf\":{\"@id\":\"https:\/\/institutfrancais.sk\/fr\/#website\"},\"primaryImageOfPage\":{\"@id\":\"https:\/\/institutfrancais.sk\/fr\/podujatie\/exposition-photographique-lecosysteme-de-la-camargue-dester-sabik\/#primaryimage\"},\"image\":{\"@id\":\"https:\/\/institutfrancais.sk\/fr\/podujatie\/exposition-photographique-lecosysteme-de-la-camargue-dester-sabik\/#primaryimage\"},\"thumbnailUrl\":\"https:\/\/institutfrancais.sk\/wp-content\/uploads\/2023\/10\/ecosystem-camargue-plagat-I.jpg\",\"datePublished\":\"2023-10-03T13:19:13+00:00\",\"dateModified\":\"2023-11-09T13:15:07+00:00\",\"description\":\"Exposition photographique \\\"\u00e9cosyst\u00e8me Camargue\\\" d'Ester Sabik\",\"breadcrumb\":{\"@id\":\"https:\/\/institutfrancais.sk\/fr\/podujatie\/exposition-photographique-lecosysteme-de-la-camargue-dester-sabik\/#breadcrumb\"},\"inLanguage\":\"fr-FR\",\"potentialAction\":[{\"@type\":\"ReadAction\",\"target\":[\"https:\/\/institutfrancais.sk\/fr\/podujatie\/exposition-photographique-lecosysteme-de-la-camargue-dester-sabik\/\"]}]},{\"@type\":\"ImageObject\",\"inLanguage\":\"fr-FR\",\"@id\":\"https:\/\/institutfrancais.sk\/fr\/podujatie\/exposition-photographique-lecosysteme-de-la-camargue-dester-sabik\/#primaryimage\",\"url\":\"https:\/\/institutfrancais.sk\/wp-content\/uploads\/2023\/10\/ecosystem-camargue-plagat-I.jpg\",\"contentUrl\":\"https:\/\/institutfrancais.sk\/wp-content\/uploads\/2023\/10\/ecosystem-camargue-plagat-I.jpg\",\"width\":1226,\"height\":1500},{\"@type\":\"BreadcrumbList\",\"@id\":\"https:\/\/institutfrancais.sk\/fr\/podujatie\/exposition-photographique-lecosysteme-de-la-camargue-dester-sabik\/#breadcrumb\",\"itemListElement\":[{\"@type\":\"ListItem\",\"position\":1,\"name\":\"Home\",\"item\":\"https:\/\/institutfrancais.sk\/fr\/\"},{\"@type\":\"ListItem\",\"position\":2,\"name\":\"Events\",\"item\":\"https:\/\/institutfrancais.sk\/fr\/podujatie\/\"},{\"@type\":\"ListItem\",\"position\":3,\"name\":\"Exposition photographique &#8222;ecosystem Camargue&#8220; d&#8217;Ester Sabik\"}]},{\"@type\":\"WebSite\",\"@id\":\"https:\/\/institutfrancais.sk\/fr\/#website\",\"url\":\"https:\/\/institutfrancais.sk\/fr\/\",\"name\":\"Franc\u00fazsky in\u0161tit\u00fat na Slovensku\",\"description\":\"Franc\u00fazsky in\u0161tit\u00fat na Slovensku\",\"potentialAction\":[{\"@type\":\"SearchAction\",\"target\":{\"@type\":\"EntryPoint\",\"urlTemplate\":\"https:\/\/institutfrancais.sk\/fr\/?s={search_term_string}\"},\"query-input\":{\"@type\":\"PropertyValueSpecification\",\"valueRequired\":true,\"valueName\":\"search_term_string\"}}],\"inLanguage\":\"fr-FR\"}]}<\/script>\n<!-- \/ Yoast SEO plugin. -->","yoast_head_json":{"title":"Exposition photographique \"ecosystem Camargue\" d'Ester Sabik - Franc\u00fazsky in\u0161tit\u00fat na Slovensku","description":"Exposition photographique \"\u00e9cosyst\u00e8me Camargue\" d'Ester Sabik","robots":{"index":"index","follow":"follow","max-snippet":"max-snippet:-1","max-image-preview":"max-image-preview:large","max-video-preview":"max-video-preview:-1"},"canonical":"https:\/\/institutfrancais.sk\/fr\/podujatie\/exposition-photographique-lecosysteme-de-la-camargue-dester-sabik\/","og_locale":"fr_FR","og_type":"article","og_title":"Exposition photographique \"ecosystem Camargue\" d'Ester Sabik - Franc\u00fazsky in\u0161tit\u00fat na Slovensku","og_description":"Exposition photographique \"\u00e9cosyst\u00e8me Camargue\" d'Ester Sabik","og_url":"https:\/\/institutfrancais.sk\/fr\/podujatie\/exposition-photographique-lecosysteme-de-la-camargue-dester-sabik\/","og_site_name":"Franc\u00fazsky in\u0161tit\u00fat na Slovensku","article_modified_time":"2023-11-09T13:15:07+00:00","og_image":[{"width":1226,"height":1500,"url":"https:\/\/institutfrancais.sk\/wp-content\/uploads\/2023\/10\/ecosystem-camargue-plagat-I.jpg","type":"image\/jpeg"}],"twitter_card":"summary_large_image","twitter_misc":{"Dur\u00e9e de lecture estim\u00e9e":"3 minutes"},"schema":{"@context":"https:\/\/schema.org","@graph":[{"@type":"WebPage","@id":"https:\/\/institutfrancais.sk\/fr\/podujatie\/exposition-photographique-lecosysteme-de-la-camargue-dester-sabik\/","url":"https:\/\/institutfrancais.sk\/fr\/podujatie\/exposition-photographique-lecosysteme-de-la-camargue-dester-sabik\/","name":"Exposition photographique \"ecosystem Camargue\" d'Ester Sabik - Franc\u00fazsky in\u0161tit\u00fat na Slovensku","isPartOf":{"@id":"https:\/\/institutfrancais.sk\/fr\/#website"},"primaryImageOfPage":{"@id":"https:\/\/institutfrancais.sk\/fr\/podujatie\/exposition-photographique-lecosysteme-de-la-camargue-dester-sabik\/#primaryimage"},"image":{"@id":"https:\/\/institutfrancais.sk\/fr\/podujatie\/exposition-photographique-lecosysteme-de-la-camargue-dester-sabik\/#primaryimage"},"thumbnailUrl":"https:\/\/institutfrancais.sk\/wp-content\/uploads\/2023\/10\/ecosystem-camargue-plagat-I.jpg","datePublished":"2023-10-03T13:19:13+00:00","dateModified":"2023-11-09T13:15:07+00:00","description":"Exposition photographique \"\u00e9cosyst\u00e8me Camargue\" d'Ester Sabik","breadcrumb":{"@id":"https:\/\/institutfrancais.sk\/fr\/podujatie\/exposition-photographique-lecosysteme-de-la-camargue-dester-sabik\/#breadcrumb"},"inLanguage":"fr-FR","potentialAction":[{"@type":"ReadAction","target":["https:\/\/institutfrancais.sk\/fr\/podujatie\/exposition-photographique-lecosysteme-de-la-camargue-dester-sabik\/"]}]},{"@type":"ImageObject","inLanguage":"fr-FR","@id":"https:\/\/institutfrancais.sk\/fr\/podujatie\/exposition-photographique-lecosysteme-de-la-camargue-dester-sabik\/#primaryimage","url":"https:\/\/institutfrancais.sk\/wp-content\/uploads\/2023\/10\/ecosystem-camargue-plagat-I.jpg","contentUrl":"https:\/\/institutfrancais.sk\/wp-content\/uploads\/2023\/10\/ecosystem-camargue-plagat-I.jpg","width":1226,"height":1500},{"@type":"BreadcrumbList","@id":"https:\/\/institutfrancais.sk\/fr\/podujatie\/exposition-photographique-lecosysteme-de-la-camargue-dester-sabik\/#breadcrumb","itemListElement":[{"@type":"ListItem","position":1,"name":"Home","item":"https:\/\/institutfrancais.sk\/fr\/"},{"@type":"ListItem","position":2,"name":"Events","item":"https:\/\/institutfrancais.sk\/fr\/podujatie\/"},{"@type":"ListItem","position":3,"name":"Exposition photographique &#8222;ecosystem Camargue&#8220; d&#8217;Ester Sabik"}]},{"@type":"WebSite","@id":"https:\/\/institutfrancais.sk\/fr\/#website","url":"https:\/\/institutfrancais.sk\/fr\/","name":"Franc\u00fazsky in\u0161tit\u00fat na Slovensku","description":"Franc\u00fazsky in\u0161tit\u00fat na Slovensku","potentialAction":[{"@type":"SearchAction","target":{"@type":"EntryPoint","urlTemplate":"https:\/\/institutfrancais.sk\/fr\/?s={search_term_string}"},"query-input":{"@type":"PropertyValueSpecification","valueRequired":true,"valueName":"search_term_string"}}],"inLanguage":"fr-FR"}]}},"_links":{"self":[{"href":"https:\/\/institutfrancais.sk\/fr\/wp-json\/wp\/v2\/podujatie\/29028"}],"collection":[{"href":"https:\/\/institutfrancais.sk\/fr\/wp-json\/wp\/v2\/podujatie"}],"about":[{"href":"https:\/\/institutfrancais.sk\/fr\/wp-json\/wp\/v2\/types\/podujatie"}],"wp:featuredmedia":[{"embeddable":true,"href":"https:\/\/institutfrancais.sk\/fr\/wp-json\/wp\/v2\/media\/29001"}],"wp:attachment":[{"href":"https:\/\/institutfrancais.sk\/fr\/wp-json\/wp\/v2\/media?parent=29028"}],"wp:term":[{"taxonomy":"typ-podujatia","embeddable":true,"href":"https:\/\/institutfrancais.sk\/fr\/wp-json\/wp\/v2\/typ-podujatia?post=29028"}],"curies":[{"name":"wp","href":"https:\/\/api.w.org\/{rel}","templated":true}]}}