{"id":29029,"date":"2023-10-03T15:19:48","date_gmt":"2023-10-03T13:19:48","guid":{"rendered":"https:\/\/institutfrancais.sk\/?post_type=podujatie&#038;p=29029"},"modified":"2023-10-03T15:19:49","modified_gmt":"2023-10-03T13:19:49","slug":"migrations-invisibles-au-festival-bratislava-en-mouvement","status":"publish","type":"podujatie","link":"https:\/\/institutfrancais.sk\/fr\/podujatie\/migrations-invisibles-au-festival-bratislava-en-mouvement\/","title":{"rendered":"\u00ab\u00a0Migrations invisibles\u00a0\u00bb au festival Bratislava en mouvement"},"content":{"rendered":"\n<h3 class=\"wp-block-heading\"><strong>\u00ab&nbsp;Migrations invisibles&nbsp;\u00bb<\/strong><\/h3>\n\n\n\n<p>Chor\u00e9graphie&nbsp;:&nbsp;&nbsp;Eva Klimackova<\/p>\n\n\n\n<p>Danse :&nbsp;Eva Klimackova, Leandro Villavicencio<\/p>\n\n\n\n<p>Musique live\/Composition :&nbsp;&nbsp;Nina Rosa<\/p>\n\n\n\n<p>Regard ext\u00e9rieur : Damien Manivel<\/p>\n\n\n\n<p>Lumi\u00e8res&nbsp;:&nbsp;&nbsp;Yann Le Bras<\/p>\n\n\n\n<p><strong>Production&nbsp;:<\/strong>&nbsp;&nbsp;Compagnie E7KA, La Belle Orange<\/p>\n\n\n\n<p><strong>Coproduction&nbsp;:<\/strong>&nbsp;&nbsp;Micadanses \/ Paris, R\u00e9gion Centre \u2013 Val de Loire\/ Conventionnement 2022-2023, CCN de Tours (accueil studio 2023), Fonds 108 \u00b0F Orl\u00e9ans, Telocvicna \/ Plast \u2013 Bratislavsky kraj, DRAC \u2013 Centre Val de Loire (Aide au projet 2023), Institut slovaque de Paris<\/p>\n\n\n\n<p><strong>Avec le soutien de&nbsp;:<\/strong>&nbsp;&nbsp;M\u00e9nagerie de verre dans le cadre de StudioLab Paris, CCN d\u2019Orl\u00e9ans \u2013 direction Maud le Pladec<\/p>\n\n\n\n<p>La cr\u00e9ation&nbsp;<em>\u00ab&nbsp;Migrations invisibles&nbsp;\u00bb<\/em>&nbsp;explore via la forme d\u2019un trio l\u2019exp\u00e9rience individuelle et commune&nbsp;du questionnement de la migration,&nbsp;\u00e0 une \u00e9chelle&nbsp;universelle. Nous sommes tous&nbsp;amen\u00e9s, \u00e0 un moment ou \u00e0 un autre&nbsp;de notre vie, \u00e0 migrer vers un nouveau cercle amical ou familial,&nbsp;migrer dans l\u2019\u00e2ge, migrer dans le genre, migrer dans la soci\u00e9t\u00e9, migrer dans&nbsp;notre&nbsp;vie intime \u2026.&nbsp;Accepter&nbsp;nos migrations ou les migrations des autres vers des nouveaux horizons, nouvelles id\u00e9ologies, nouveaux choix, nouvelles situations&nbsp;auxquels&nbsp;la vie nous confronte&nbsp;tous&nbsp;et toutes.<\/p>\n\n\n\n<p><em>\u00ab&nbsp;Migrations invisibles&nbsp;\u00bb<\/em>&nbsp;requestionne chor\u00e9graphiquement ces exp\u00e9riences individuelles et collectives, \u00e0 travers les jeux des corps, les soutiens, les \u00e9coutes, les intuitions, les emphaties, les partages, les l\u00e2cher-prises, tels des \u00e9claircissements \u00e0 travers les m\u00e9moires de nos corps. Pour finalement faire confiance \u00e0 cette intelligence ultime de la m\u00e9moire du corps et laisser transpercer cette douce nostalgie du d\u00e9part.<\/p>\n\n\n<div class=\"space xs\"><\/div>\n\n\n<h3 class=\"wp-block-heading\">Eva Klim\u00e1\u010dkov\u00e1<\/h3>\n\n\n\n<p>Danseuse, chor\u00e9graphe et p\u00e9dagogue, d\u2019origine slovaque, install\u00e9e \u00e0 Paris depuis 2001, a&nbsp;fait ses \u00e9tudes \u00e0 l\u2019\u00c9cole sup\u00e9rieure des arts lib\u00e9raux de Bratislava (1995-2000). Parall\u00e8lement, elle continue d\u2019enrichir sa pratique en Tai-Chi-Chuan et en Body Mind Centering, certifi\u00e9e \u00e9ducatrice en 2016.<\/p>\n\n\n\n<p>Elle a&nbsp;collabor\u00e9 avec de nombreux chor\u00e9graphes en Slovaquie (Anna Sedlackova, Studio tanca, Milan Kozanek, Kata Mojzisova, Marta Polakova\u2026), en Tch\u00e9quie (&nbsp;cie Dejadonn\u00e9 \u2013 Simone Sandroni, cie Duwadance ), en France (&nbsp;Cie Kubilai Khan Investigations, Cie Petite&nbsp;Fabrique, Faustin Linyekula, Cie Les Ouvreurs de Possibles\u2026 ), en Belgique (&nbsp;Karine Ponties, David Hernandez, Lise Duclaux )\u2026<\/p>\n\n\n\n<p>Elle a&nbsp;par ailleurs enseign\u00e9 \u00e0 Paris (M\u00e9nagerie de verre, Rencontres internationales de Seine-Saint-Denis, Micadanses, ACTs, Canaldanse), au CCN d\u2019Orl\u00e9ans, \u00e0 l\u2019Universit\u00e9 d\u2019Orl\u00e9ans, Le Pacifique \u2013 au CDC Grenoble, \u00e0 Poitiers, La Rochelle (CESMD), TPE Bezons, Limoges, Tours, Bruxelles (Espace catastrophe, Laster studio), \u00e0 Prague (ProArt, Dance perfect, Druna), en Slovaquie (l\u2019Universit\u00e9 de Bratislava, Conservatoire sup\u00e9rieur de Banska Bystrica, Elledanse, Lab1), au Vietnam (Conservatoire sup\u00e9rieure), \u00e0 l\u2019Universit\u00e9 en Lettonie, \u00e0 Varsovie, au Dance Studio Kabako (RD. de Congo).<\/p>\n\n\n\n<p>En 2007 elle a&nbsp;fond\u00e9e la Compagnie E7KA, bas\u00e9e et conventionn\u00e9e par la R\u00e9gion Centre-Val de Loire. La compagnie a&nbsp;cr\u00e9\u00e9 depuis les spectacles : Alzbeta (2007) Alzbeta Hlucha (2008), Ivanuska (2009), Touch.ed (2011), le diptyque MOVE \/ (2014), Ouvrir le temps (2016), PURE (2017), TRACES (2019), MELTING TIMES (2020) et la performance Manifeste (2022) pr\u00e9sent\u00e9s plus d\u2019une centaine de fois en France, Belgique, Slovaquie, Tch\u00e9quie, Allemagne, Slov\u00e9nie, Lettonie, Italie, Pologne et Hong Kong.<\/p>\n\n\n<div class=\"space xs\"><\/div>\n\n\n<h3 class=\"wp-block-heading\">Liens utiles<\/h3>\n\n\n\n<p><a href=\"https:\/\/e7ka.com\/\" target=\"_blank\" rel=\"noreferrer noopener\">e7ka.com<\/a><\/p>\n\n\n\n<p><a href=\"https:\/\/abp.sk\" target=\"_blank\" rel=\"noreferrer noopener\">abp.sk<\/a><\/p>\n\n\n<div class=\"space xs\"><\/div>\n\n\n<figure class=\"wp-block-embed is-type-video is-provider-youtube wp-block-embed-youtube wp-embed-aspect-16-9 wp-has-aspect-ratio\"><div class=\"wp-block-embed__wrapper\">\n<iframe loading=\"lazy\" title=\"Cie E7ka (FR): MIGRATIONS INVISIBLES - Bratislava v pohybe 2023\" width=\"500\" height=\"281\" src=\"https:\/\/www.youtube.com\/embed\/JiROW1VObFM?feature=oembed\" frameborder=\"0\" allow=\"accelerometer; autoplay; clipboard-write; encrypted-media; gyroscope; picture-in-picture; web-share\" referrerpolicy=\"strict-origin-when-cross-origin\" allowfullscreen><\/iframe>\n<\/div><\/figure>\n\n\n<\/div><iframe loading=\"lazy\" src=\"https:\/\/www.google.com\/maps\/embed?pb=!1m18!1m12!1m3!1d10646.329285562995!2d17.094624638557438!3d48.15685711961458!2m3!1f0!2f0!3f0!3m2!1i1024!2i768!4f13.1!3m3!1m2!1s0x476c894379388189%3A0xd7c9cae9384eafca!2zQTQg4oCTIFByaWVzdG9yIHPDusSNYXNuZWoga3VsdMO6cnk!5e0!3m2!1ssk!2ssk!4v1696261961221!5m2!1ssk!2ssk\" width=\"100%\" height=\"558\" frameborder=\"0\" class=\"gmap-iframe\" allowfullscreen=\"\"><\/iframe><div class=\"wrap narrow-wrap\">","protected":false},"featured_media":29030,"template":"","typ-podujatia":[293],"acf":[],"yoast_head":"<!-- This site is optimized with the Yoast SEO plugin v24.5 - https:\/\/yoast.com\/wordpress\/plugins\/seo\/ -->\n<title>&quot;Migrations invisibles&quot; au festival Bratislava en mouvement - Franc\u00fazsky in\u0161tit\u00fat na Slovensku<\/title>\n<meta name=\"description\" content=\"&quot;Migrations invisibles&quot; au festival Bratislava en mouvement\" \/>\n<meta name=\"robots\" content=\"index, follow, max-snippet:-1, max-image-preview:large, max-video-preview:-1\" \/>\n<link rel=\"canonical\" href=\"https:\/\/institutfrancais.sk\/fr\/podujatie\/migrations-invisibles-au-festival-bratislava-en-mouvement\/\" \/>\n<meta property=\"og:locale\" content=\"fr_FR\" \/>\n<meta property=\"og:type\" content=\"article\" \/>\n<meta property=\"og:title\" content=\"&quot;Migrations invisibles&quot; au festival Bratislava en mouvement - Franc\u00fazsky in\u0161tit\u00fat na Slovensku\" \/>\n<meta property=\"og:description\" content=\"&quot;Migrations invisibles&quot; au festival Bratislava en mouvement\" \/>\n<meta property=\"og:url\" content=\"https:\/\/institutfrancais.sk\/fr\/podujatie\/migrations-invisibles-au-festival-bratislava-en-mouvement\/\" \/>\n<meta property=\"og:site_name\" content=\"Franc\u00fazsky in\u0161tit\u00fat na Slovensku\" \/>\n<meta property=\"article:modified_time\" content=\"2023-10-03T13:19:49+00:00\" \/>\n<meta property=\"og:image\" content=\"https:\/\/institutfrancais.sk\/wp-content\/uploads\/2023\/10\/D30_5726-1\u00a9Severine-Charrier-2048x1367-1.jpg\" \/>\n\t<meta property=\"og:image:width\" content=\"2048\" \/>\n\t<meta property=\"og:image:height\" content=\"1367\" \/>\n\t<meta property=\"og:image:type\" content=\"image\/jpeg\" \/>\n<meta name=\"twitter:card\" content=\"summary_large_image\" \/>\n<meta name=\"twitter:label1\" content=\"Dur\u00e9e de lecture estim\u00e9e\" \/>\n\t<meta name=\"twitter:data1\" content=\"3 minutes\" \/>\n<script type=\"application\/ld+json\" class=\"yoast-schema-graph\">{\"@context\":\"https:\/\/schema.org\",\"@graph\":[{\"@type\":\"WebPage\",\"@id\":\"https:\/\/institutfrancais.sk\/fr\/podujatie\/migrations-invisibles-au-festival-bratislava-en-mouvement\/\",\"url\":\"https:\/\/institutfrancais.sk\/fr\/podujatie\/migrations-invisibles-au-festival-bratislava-en-mouvement\/\",\"name\":\"\\\"Migrations invisibles\\\" au festival Bratislava en mouvement - Franc\u00fazsky in\u0161tit\u00fat na Slovensku\",\"isPartOf\":{\"@id\":\"https:\/\/institutfrancais.sk\/fr\/#website\"},\"primaryImageOfPage\":{\"@id\":\"https:\/\/institutfrancais.sk\/fr\/podujatie\/migrations-invisibles-au-festival-bratislava-en-mouvement\/#primaryimage\"},\"image\":{\"@id\":\"https:\/\/institutfrancais.sk\/fr\/podujatie\/migrations-invisibles-au-festival-bratislava-en-mouvement\/#primaryimage\"},\"thumbnailUrl\":\"https:\/\/institutfrancais.sk\/wp-content\/uploads\/2023\/10\/D30_5726-1\u00a9Severine-Charrier-2048x1367-1.jpg\",\"datePublished\":\"2023-10-03T13:19:48+00:00\",\"dateModified\":\"2023-10-03T13:19:49+00:00\",\"description\":\"\\\"Migrations invisibles\\\" au festival Bratislava en mouvement\",\"breadcrumb\":{\"@id\":\"https:\/\/institutfrancais.sk\/fr\/podujatie\/migrations-invisibles-au-festival-bratislava-en-mouvement\/#breadcrumb\"},\"inLanguage\":\"fr-FR\",\"potentialAction\":[{\"@type\":\"ReadAction\",\"target\":[\"https:\/\/institutfrancais.sk\/fr\/podujatie\/migrations-invisibles-au-festival-bratislava-en-mouvement\/\"]}]},{\"@type\":\"ImageObject\",\"inLanguage\":\"fr-FR\",\"@id\":\"https:\/\/institutfrancais.sk\/fr\/podujatie\/migrations-invisibles-au-festival-bratislava-en-mouvement\/#primaryimage\",\"url\":\"https:\/\/institutfrancais.sk\/wp-content\/uploads\/2023\/10\/D30_5726-1\u00a9Severine-Charrier-2048x1367-1.jpg\",\"contentUrl\":\"https:\/\/institutfrancais.sk\/wp-content\/uploads\/2023\/10\/D30_5726-1\u00a9Severine-Charrier-2048x1367-1.jpg\",\"width\":2048,\"height\":1367,\"caption\":\"Photo Severine Charrier\"},{\"@type\":\"BreadcrumbList\",\"@id\":\"https:\/\/institutfrancais.sk\/fr\/podujatie\/migrations-invisibles-au-festival-bratislava-en-mouvement\/#breadcrumb\",\"itemListElement\":[{\"@type\":\"ListItem\",\"position\":1,\"name\":\"Home\",\"item\":\"https:\/\/institutfrancais.sk\/fr\/\"},{\"@type\":\"ListItem\",\"position\":2,\"name\":\"Events\",\"item\":\"https:\/\/institutfrancais.sk\/fr\/podujatie\/\"},{\"@type\":\"ListItem\",\"position\":3,\"name\":\"&#8222;Migrations invisibles&#8220; au festival Bratislava en mouvement\"}]},{\"@type\":\"WebSite\",\"@id\":\"https:\/\/institutfrancais.sk\/fr\/#website\",\"url\":\"https:\/\/institutfrancais.sk\/fr\/\",\"name\":\"Franc\u00fazsky in\u0161tit\u00fat na Slovensku\",\"description\":\"Franc\u00fazsky in\u0161tit\u00fat na Slovensku\",\"potentialAction\":[{\"@type\":\"SearchAction\",\"target\":{\"@type\":\"EntryPoint\",\"urlTemplate\":\"https:\/\/institutfrancais.sk\/fr\/?s={search_term_string}\"},\"query-input\":{\"@type\":\"PropertyValueSpecification\",\"valueRequired\":true,\"valueName\":\"search_term_string\"}}],\"inLanguage\":\"fr-FR\"}]}<\/script>\n<!-- \/ Yoast SEO plugin. -->","yoast_head_json":{"title":"\"Migrations invisibles\" au festival Bratislava en mouvement - Franc\u00fazsky in\u0161tit\u00fat na Slovensku","description":"\"Migrations invisibles\" au festival Bratislava en mouvement","robots":{"index":"index","follow":"follow","max-snippet":"max-snippet:-1","max-image-preview":"max-image-preview:large","max-video-preview":"max-video-preview:-1"},"canonical":"https:\/\/institutfrancais.sk\/fr\/podujatie\/migrations-invisibles-au-festival-bratislava-en-mouvement\/","og_locale":"fr_FR","og_type":"article","og_title":"\"Migrations invisibles\" au festival Bratislava en mouvement - Franc\u00fazsky in\u0161tit\u00fat na Slovensku","og_description":"\"Migrations invisibles\" au festival Bratislava en mouvement","og_url":"https:\/\/institutfrancais.sk\/fr\/podujatie\/migrations-invisibles-au-festival-bratislava-en-mouvement\/","og_site_name":"Franc\u00fazsky in\u0161tit\u00fat na Slovensku","article_modified_time":"2023-10-03T13:19:49+00:00","og_image":[{"width":2048,"height":1367,"url":"https:\/\/institutfrancais.sk\/wp-content\/uploads\/2023\/10\/D30_5726-1\u00a9Severine-Charrier-2048x1367-1.jpg","type":"image\/jpeg"}],"twitter_card":"summary_large_image","twitter_misc":{"Dur\u00e9e de lecture estim\u00e9e":"3 minutes"},"schema":{"@context":"https:\/\/schema.org","@graph":[{"@type":"WebPage","@id":"https:\/\/institutfrancais.sk\/fr\/podujatie\/migrations-invisibles-au-festival-bratislava-en-mouvement\/","url":"https:\/\/institutfrancais.sk\/fr\/podujatie\/migrations-invisibles-au-festival-bratislava-en-mouvement\/","name":"\"Migrations invisibles\" au festival Bratislava en mouvement - Franc\u00fazsky in\u0161tit\u00fat na Slovensku","isPartOf":{"@id":"https:\/\/institutfrancais.sk\/fr\/#website"},"primaryImageOfPage":{"@id":"https:\/\/institutfrancais.sk\/fr\/podujatie\/migrations-invisibles-au-festival-bratislava-en-mouvement\/#primaryimage"},"image":{"@id":"https:\/\/institutfrancais.sk\/fr\/podujatie\/migrations-invisibles-au-festival-bratislava-en-mouvement\/#primaryimage"},"thumbnailUrl":"https:\/\/institutfrancais.sk\/wp-content\/uploads\/2023\/10\/D30_5726-1\u00a9Severine-Charrier-2048x1367-1.jpg","datePublished":"2023-10-03T13:19:48+00:00","dateModified":"2023-10-03T13:19:49+00:00","description":"\"Migrations invisibles\" au festival Bratislava en mouvement","breadcrumb":{"@id":"https:\/\/institutfrancais.sk\/fr\/podujatie\/migrations-invisibles-au-festival-bratislava-en-mouvement\/#breadcrumb"},"inLanguage":"fr-FR","potentialAction":[{"@type":"ReadAction","target":["https:\/\/institutfrancais.sk\/fr\/podujatie\/migrations-invisibles-au-festival-bratislava-en-mouvement\/"]}]},{"@type":"ImageObject","inLanguage":"fr-FR","@id":"https:\/\/institutfrancais.sk\/fr\/podujatie\/migrations-invisibles-au-festival-bratislava-en-mouvement\/#primaryimage","url":"https:\/\/institutfrancais.sk\/wp-content\/uploads\/2023\/10\/D30_5726-1\u00a9Severine-Charrier-2048x1367-1.jpg","contentUrl":"https:\/\/institutfrancais.sk\/wp-content\/uploads\/2023\/10\/D30_5726-1\u00a9Severine-Charrier-2048x1367-1.jpg","width":2048,"height":1367,"caption":"Photo Severine Charrier"},{"@type":"BreadcrumbList","@id":"https:\/\/institutfrancais.sk\/fr\/podujatie\/migrations-invisibles-au-festival-bratislava-en-mouvement\/#breadcrumb","itemListElement":[{"@type":"ListItem","position":1,"name":"Home","item":"https:\/\/institutfrancais.sk\/fr\/"},{"@type":"ListItem","position":2,"name":"Events","item":"https:\/\/institutfrancais.sk\/fr\/podujatie\/"},{"@type":"ListItem","position":3,"name":"&#8222;Migrations invisibles&#8220; au festival Bratislava en mouvement"}]},{"@type":"WebSite","@id":"https:\/\/institutfrancais.sk\/fr\/#website","url":"https:\/\/institutfrancais.sk\/fr\/","name":"Franc\u00fazsky in\u0161tit\u00fat na Slovensku","description":"Franc\u00fazsky in\u0161tit\u00fat na Slovensku","potentialAction":[{"@type":"SearchAction","target":{"@type":"EntryPoint","urlTemplate":"https:\/\/institutfrancais.sk\/fr\/?s={search_term_string}"},"query-input":{"@type":"PropertyValueSpecification","valueRequired":true,"valueName":"search_term_string"}}],"inLanguage":"fr-FR"}]}},"_links":{"self":[{"href":"https:\/\/institutfrancais.sk\/fr\/wp-json\/wp\/v2\/podujatie\/29029"}],"collection":[{"href":"https:\/\/institutfrancais.sk\/fr\/wp-json\/wp\/v2\/podujatie"}],"about":[{"href":"https:\/\/institutfrancais.sk\/fr\/wp-json\/wp\/v2\/types\/podujatie"}],"wp:featuredmedia":[{"embeddable":true,"href":"https:\/\/institutfrancais.sk\/fr\/wp-json\/wp\/v2\/media\/29030"}],"wp:attachment":[{"href":"https:\/\/institutfrancais.sk\/fr\/wp-json\/wp\/v2\/media?parent=29029"}],"wp:term":[{"taxonomy":"typ-podujatia","embeddable":true,"href":"https:\/\/institutfrancais.sk\/fr\/wp-json\/wp\/v2\/typ-podujatia?post=29029"}],"curies":[{"name":"wp","href":"https:\/\/api.w.org\/{rel}","templated":true}]}}