{"id":29040,"date":"2023-10-03T15:11:48","date_gmt":"2023-10-03T13:11:48","guid":{"rendered":"https:\/\/institutfrancais.sk\/?post_type=podujatie&#038;p=29040"},"modified":"2023-10-03T15:11:49","modified_gmt":"2023-10-03T13:11:49","slug":"lillustratrice-francaise-fabienne-delacroix-au-chateau-de-bratislava","status":"publish","type":"podujatie","link":"https:\/\/institutfrancais.sk\/fr\/podujatie\/lillustratrice-francaise-fabienne-delacroix-au-chateau-de-bratislava\/","title":{"rendered":"L&rsquo;illustratrice fran\u00e7aise Fabienne Delacroix au Ch\u00e2teau de Bratislava"},"content":{"rendered":"\n<p><strong>Fabienne Delacroix, France<br>Laur\u00e9at du Prix du jury des enfants BIB 2021<\/strong><\/p>\n\n\n\n<p>Fabienne Delacroix (1972) est issue de la famille du c\u00e9l\u00e8bre peintre na\u00eff Michel Delacroix et s&rsquo;inscrit dans sa lign\u00e9e de repr\u00e9sentations nostalgiques et romantiques de la campagne fran\u00e7aise, de la c\u00f4te et de Paris en particulier. Il d\u00e9peignait des sc\u00e8nes stylis\u00e9es, harmonieuses, presque f\u00e9eriques de la vie quotidienne au tournant des XIXe et XXe si\u00e8cles, pleines de couleurs ou de d\u00e9tails d&rsquo;\u00e9poque. Inspir\u00e9e par les impressionnistes fran\u00e7ais, elle peint \u00e0 la gouache, \u00e0 l&rsquo;acrylique et \u00e0 l&rsquo;aquarelle.<\/p>\n\n\n\n<p>Ses \u0153uvres ont \u00e9t\u00e9 expos\u00e9es dans des galeries aux \u00c9tats-Unis, au Japon, en Cor\u00e9e, en France, au Canada et en Bulgarie. Elle a&nbsp;re\u00e7u le prix du jury des enfants pour ses illustrations du livre Les Malheurs de Sophie.<\/p>\n\n\n\n<p><\/p>\n\n\n<a href=\"https:\/\/www.bibiana.sk\/en\/events\/three\" class=\"btn\" target=\"blank\" rel=\"noreferrer noopener\">Plus sur bibiana.sk<\/a>\n\n<div class=\"space md\"><\/div>","protected":false},"featured_media":29039,"template":"","typ-podujatia":[56],"acf":[],"yoast_head":"<!-- This site is optimized with the Yoast SEO plugin v24.5 - https:\/\/yoast.com\/wordpress\/plugins\/seo\/ -->\n<title>L&#039;illustratrice fran\u00e7aise Fabienne Delacroix au Ch\u00e2teau de Bratislava - Franc\u00fazsky in\u0161tit\u00fat na Slovensku<\/title>\n<meta name=\"description\" content=\"Illustratrice fran\u00e7aise Fabienne Delacroix au Ch\u00e2teau de Bratislava\" \/>\n<meta name=\"robots\" content=\"index, follow, max-snippet:-1, max-image-preview:large, max-video-preview:-1\" \/>\n<link rel=\"canonical\" href=\"https:\/\/institutfrancais.sk\/fr\/podujatie\/lillustratrice-francaise-fabienne-delacroix-au-chateau-de-bratislava\/\" \/>\n<meta property=\"og:locale\" content=\"fr_FR\" \/>\n<meta property=\"og:type\" content=\"article\" \/>\n<meta property=\"og:title\" content=\"L&#039;illustratrice fran\u00e7aise Fabienne Delacroix au Ch\u00e2teau de Bratislava - Franc\u00fazsky in\u0161tit\u00fat na Slovensku\" \/>\n<meta property=\"og:description\" content=\"Illustratrice fran\u00e7aise Fabienne Delacroix au Ch\u00e2teau de Bratislava\" \/>\n<meta property=\"og:url\" content=\"https:\/\/institutfrancais.sk\/fr\/podujatie\/lillustratrice-francaise-fabienne-delacroix-au-chateau-de-bratislava\/\" \/>\n<meta property=\"og:site_name\" content=\"Franc\u00fazsky in\u0161tit\u00fat na Slovensku\" \/>\n<meta property=\"article:modified_time\" content=\"2023-10-03T13:11:49+00:00\" \/>\n<meta property=\"og:image\" content=\"https:\/\/institutfrancais.sk\/wp-content\/uploads\/2023\/10\/bib23_zapadna_terasa_pozvanky.jpg\" \/>\n\t<meta property=\"og:image:width\" content=\"1240\" \/>\n\t<meta property=\"og:image:height\" content=\"1748\" \/>\n\t<meta property=\"og:image:type\" content=\"image\/jpeg\" \/>\n<meta name=\"twitter:card\" content=\"summary_large_image\" \/>\n<meta name=\"twitter:label1\" content=\"Dur\u00e9e de lecture estim\u00e9e\" \/>\n\t<meta name=\"twitter:data1\" content=\"1 minute\" \/>\n<script type=\"application\/ld+json\" class=\"yoast-schema-graph\">{\"@context\":\"https:\/\/schema.org\",\"@graph\":[{\"@type\":\"WebPage\",\"@id\":\"https:\/\/institutfrancais.sk\/fr\/podujatie\/lillustratrice-francaise-fabienne-delacroix-au-chateau-de-bratislava\/\",\"url\":\"https:\/\/institutfrancais.sk\/fr\/podujatie\/lillustratrice-francaise-fabienne-delacroix-au-chateau-de-bratislava\/\",\"name\":\"L'illustratrice fran\u00e7aise Fabienne Delacroix au Ch\u00e2teau de Bratislava - Franc\u00fazsky in\u0161tit\u00fat na Slovensku\",\"isPartOf\":{\"@id\":\"https:\/\/institutfrancais.sk\/fr\/#website\"},\"primaryImageOfPage\":{\"@id\":\"https:\/\/institutfrancais.sk\/fr\/podujatie\/lillustratrice-francaise-fabienne-delacroix-au-chateau-de-bratislava\/#primaryimage\"},\"image\":{\"@id\":\"https:\/\/institutfrancais.sk\/fr\/podujatie\/lillustratrice-francaise-fabienne-delacroix-au-chateau-de-bratislava\/#primaryimage\"},\"thumbnailUrl\":\"https:\/\/institutfrancais.sk\/wp-content\/uploads\/2023\/10\/bib23_zapadna_terasa_pozvanky.jpg\",\"datePublished\":\"2023-10-03T13:11:48+00:00\",\"dateModified\":\"2023-10-03T13:11:49+00:00\",\"description\":\"Illustratrice fran\u00e7aise Fabienne Delacroix au Ch\u00e2teau de Bratislava\",\"breadcrumb\":{\"@id\":\"https:\/\/institutfrancais.sk\/fr\/podujatie\/lillustratrice-francaise-fabienne-delacroix-au-chateau-de-bratislava\/#breadcrumb\"},\"inLanguage\":\"fr-FR\",\"potentialAction\":[{\"@type\":\"ReadAction\",\"target\":[\"https:\/\/institutfrancais.sk\/fr\/podujatie\/lillustratrice-francaise-fabienne-delacroix-au-chateau-de-bratislava\/\"]}]},{\"@type\":\"ImageObject\",\"inLanguage\":\"fr-FR\",\"@id\":\"https:\/\/institutfrancais.sk\/fr\/podujatie\/lillustratrice-francaise-fabienne-delacroix-au-chateau-de-bratislava\/#primaryimage\",\"url\":\"https:\/\/institutfrancais.sk\/wp-content\/uploads\/2023\/10\/bib23_zapadna_terasa_pozvanky.jpg\",\"contentUrl\":\"https:\/\/institutfrancais.sk\/wp-content\/uploads\/2023\/10\/bib23_zapadna_terasa_pozvanky.jpg\",\"width\":1240,\"height\":1748},{\"@type\":\"BreadcrumbList\",\"@id\":\"https:\/\/institutfrancais.sk\/fr\/podujatie\/lillustratrice-francaise-fabienne-delacroix-au-chateau-de-bratislava\/#breadcrumb\",\"itemListElement\":[{\"@type\":\"ListItem\",\"position\":1,\"name\":\"Home\",\"item\":\"https:\/\/institutfrancais.sk\/fr\/\"},{\"@type\":\"ListItem\",\"position\":2,\"name\":\"Events\",\"item\":\"https:\/\/institutfrancais.sk\/fr\/podujatie\/\"},{\"@type\":\"ListItem\",\"position\":3,\"name\":\"L&#8217;illustratrice fran\u00e7aise Fabienne Delacroix au Ch\u00e2teau de Bratislava\"}]},{\"@type\":\"WebSite\",\"@id\":\"https:\/\/institutfrancais.sk\/fr\/#website\",\"url\":\"https:\/\/institutfrancais.sk\/fr\/\",\"name\":\"Franc\u00fazsky in\u0161tit\u00fat na Slovensku\",\"description\":\"Franc\u00fazsky in\u0161tit\u00fat na Slovensku\",\"potentialAction\":[{\"@type\":\"SearchAction\",\"target\":{\"@type\":\"EntryPoint\",\"urlTemplate\":\"https:\/\/institutfrancais.sk\/fr\/?s={search_term_string}\"},\"query-input\":{\"@type\":\"PropertyValueSpecification\",\"valueRequired\":true,\"valueName\":\"search_term_string\"}}],\"inLanguage\":\"fr-FR\"}]}<\/script>\n<!-- \/ Yoast SEO plugin. -->","yoast_head_json":{"title":"L'illustratrice fran\u00e7aise Fabienne Delacroix au Ch\u00e2teau de Bratislava - Franc\u00fazsky in\u0161tit\u00fat na Slovensku","description":"Illustratrice fran\u00e7aise Fabienne Delacroix au Ch\u00e2teau de Bratislava","robots":{"index":"index","follow":"follow","max-snippet":"max-snippet:-1","max-image-preview":"max-image-preview:large","max-video-preview":"max-video-preview:-1"},"canonical":"https:\/\/institutfrancais.sk\/fr\/podujatie\/lillustratrice-francaise-fabienne-delacroix-au-chateau-de-bratislava\/","og_locale":"fr_FR","og_type":"article","og_title":"L'illustratrice fran\u00e7aise Fabienne Delacroix au Ch\u00e2teau de Bratislava - Franc\u00fazsky in\u0161tit\u00fat na Slovensku","og_description":"Illustratrice fran\u00e7aise Fabienne Delacroix au Ch\u00e2teau de Bratislava","og_url":"https:\/\/institutfrancais.sk\/fr\/podujatie\/lillustratrice-francaise-fabienne-delacroix-au-chateau-de-bratislava\/","og_site_name":"Franc\u00fazsky in\u0161tit\u00fat na Slovensku","article_modified_time":"2023-10-03T13:11:49+00:00","og_image":[{"width":1240,"height":1748,"url":"https:\/\/institutfrancais.sk\/wp-content\/uploads\/2023\/10\/bib23_zapadna_terasa_pozvanky.jpg","type":"image\/jpeg"}],"twitter_card":"summary_large_image","twitter_misc":{"Dur\u00e9e de lecture estim\u00e9e":"1 minute"},"schema":{"@context":"https:\/\/schema.org","@graph":[{"@type":"WebPage","@id":"https:\/\/institutfrancais.sk\/fr\/podujatie\/lillustratrice-francaise-fabienne-delacroix-au-chateau-de-bratislava\/","url":"https:\/\/institutfrancais.sk\/fr\/podujatie\/lillustratrice-francaise-fabienne-delacroix-au-chateau-de-bratislava\/","name":"L'illustratrice fran\u00e7aise Fabienne Delacroix au Ch\u00e2teau de Bratislava - Franc\u00fazsky in\u0161tit\u00fat na Slovensku","isPartOf":{"@id":"https:\/\/institutfrancais.sk\/fr\/#website"},"primaryImageOfPage":{"@id":"https:\/\/institutfrancais.sk\/fr\/podujatie\/lillustratrice-francaise-fabienne-delacroix-au-chateau-de-bratislava\/#primaryimage"},"image":{"@id":"https:\/\/institutfrancais.sk\/fr\/podujatie\/lillustratrice-francaise-fabienne-delacroix-au-chateau-de-bratislava\/#primaryimage"},"thumbnailUrl":"https:\/\/institutfrancais.sk\/wp-content\/uploads\/2023\/10\/bib23_zapadna_terasa_pozvanky.jpg","datePublished":"2023-10-03T13:11:48+00:00","dateModified":"2023-10-03T13:11:49+00:00","description":"Illustratrice fran\u00e7aise Fabienne Delacroix au Ch\u00e2teau de Bratislava","breadcrumb":{"@id":"https:\/\/institutfrancais.sk\/fr\/podujatie\/lillustratrice-francaise-fabienne-delacroix-au-chateau-de-bratislava\/#breadcrumb"},"inLanguage":"fr-FR","potentialAction":[{"@type":"ReadAction","target":["https:\/\/institutfrancais.sk\/fr\/podujatie\/lillustratrice-francaise-fabienne-delacroix-au-chateau-de-bratislava\/"]}]},{"@type":"ImageObject","inLanguage":"fr-FR","@id":"https:\/\/institutfrancais.sk\/fr\/podujatie\/lillustratrice-francaise-fabienne-delacroix-au-chateau-de-bratislava\/#primaryimage","url":"https:\/\/institutfrancais.sk\/wp-content\/uploads\/2023\/10\/bib23_zapadna_terasa_pozvanky.jpg","contentUrl":"https:\/\/institutfrancais.sk\/wp-content\/uploads\/2023\/10\/bib23_zapadna_terasa_pozvanky.jpg","width":1240,"height":1748},{"@type":"BreadcrumbList","@id":"https:\/\/institutfrancais.sk\/fr\/podujatie\/lillustratrice-francaise-fabienne-delacroix-au-chateau-de-bratislava\/#breadcrumb","itemListElement":[{"@type":"ListItem","position":1,"name":"Home","item":"https:\/\/institutfrancais.sk\/fr\/"},{"@type":"ListItem","position":2,"name":"Events","item":"https:\/\/institutfrancais.sk\/fr\/podujatie\/"},{"@type":"ListItem","position":3,"name":"L&#8217;illustratrice fran\u00e7aise Fabienne Delacroix au Ch\u00e2teau de Bratislava"}]},{"@type":"WebSite","@id":"https:\/\/institutfrancais.sk\/fr\/#website","url":"https:\/\/institutfrancais.sk\/fr\/","name":"Franc\u00fazsky in\u0161tit\u00fat na Slovensku","description":"Franc\u00fazsky in\u0161tit\u00fat na Slovensku","potentialAction":[{"@type":"SearchAction","target":{"@type":"EntryPoint","urlTemplate":"https:\/\/institutfrancais.sk\/fr\/?s={search_term_string}"},"query-input":{"@type":"PropertyValueSpecification","valueRequired":true,"valueName":"search_term_string"}}],"inLanguage":"fr-FR"}]}},"_links":{"self":[{"href":"https:\/\/institutfrancais.sk\/fr\/wp-json\/wp\/v2\/podujatie\/29040"}],"collection":[{"href":"https:\/\/institutfrancais.sk\/fr\/wp-json\/wp\/v2\/podujatie"}],"about":[{"href":"https:\/\/institutfrancais.sk\/fr\/wp-json\/wp\/v2\/types\/podujatie"}],"wp:featuredmedia":[{"embeddable":true,"href":"https:\/\/institutfrancais.sk\/fr\/wp-json\/wp\/v2\/media\/29039"}],"wp:attachment":[{"href":"https:\/\/institutfrancais.sk\/fr\/wp-json\/wp\/v2\/media?parent=29040"}],"wp:term":[{"taxonomy":"typ-podujatia","embeddable":true,"href":"https:\/\/institutfrancais.sk\/fr\/wp-json\/wp\/v2\/typ-podujatia?post=29040"}],"curies":[{"name":"wp","href":"https:\/\/api.w.org\/{rel}","templated":true}]}}