{"id":29462,"date":"2023-11-02T18:27:56","date_gmt":"2023-11-02T17:27:56","guid":{"rendered":"https:\/\/institutfrancais.sk\/?post_type=podujatie&#038;p=29462"},"modified":"2023-11-06T10:20:31","modified_gmt":"2023-11-06T09:20:31","slug":"films-francais-au-festival-du-film-documentaire-jeden-svet-2023","status":"publish","type":"podujatie","link":"https:\/\/institutfrancais.sk\/fr\/podujatie\/films-francais-au-festival-du-film-documentaire-jeden-svet-2023\/","title":{"rendered":"Films fran\u00e7ais au festival du film documentaire Jeden svet 2023"},"content":{"rendered":"\n<p>Au programme de l&rsquo;\u00e9dition 2023 (24\u00e8me) sont les films suivants :<\/p>\n\n\n\n<figure class=\"wp-block-embed is-type-video is-provider-vimeo wp-block-embed-vimeo wp-embed-aspect-16-9 wp-has-aspect-ratio\"><div class=\"wp-block-embed__wrapper\">\n<iframe loading=\"lazy\" title=\"A LIFE LIKE ANY OTHER by Faustine Cros | Belgium, France | 2022 | Trailer\" src=\"https:\/\/player.vimeo.com\/video\/761968126?dnt=1&amp;app_id=122963\" width=\"500\" height=\"281\" frameborder=\"0\" allow=\"autoplay; fullscreen; picture-in-picture; clipboard-write\"><\/iframe>\n<\/div><\/figure>\n\n\n\n<h2 class=\"wp-block-heading\">Une vie comme une autre (2022)<\/h2>\n\n\n\n<p>Un film de Faustine Cros, France, Belgique, 68 min<\/p>\n\n\n\n<p><em>La projection du film sera suivi d&rsquo;un d\u00e9bat avec sa r\u00e9alisatrice.<\/em><\/p>\n\n\n\n<p>\u00ab\u00a0Mon p\u00e8re a&nbsp;immortalis\u00e9, dans des films de famille, les plus beaux moments de sa vie, tandis que les difficult\u00e9s de ma m\u00e8re frappaient l&rsquo;angle mort de ses images. Aujourd&rsquo;hui, je revisite ces films pour raconter une autre histoire : celle d&rsquo;une femme qui voit son r\u00f4le de m\u00e8re lui enlever peu \u00e0 peu sa libert\u00e9.\u00a0\u00bb<br>(Faustine Cros)<\/p>\n\n\n\n<p><strong>Mardi 7 novembre 2023 \u00e0 19h, Kino Lumi\u00e8re x SNG (Cin\u00e9ma Lumi\u00e8re \u00e0 la Galerie nationale slovaque)<\/strong><\/p>\n\n\n\n<p><a href=\"https:\/\/www.jedensvet.sk\/en\/filmy\/a-life-like-any-other\/\">Plus<\/a><\/p>\n\n\n\n<figure class=\"wp-block-embed is-type-video is-provider-youtube wp-block-embed-youtube wp-embed-aspect-16-9 wp-has-aspect-ratio\"><div class=\"wp-block-embed__wrapper\">\n<iframe loading=\"lazy\" title=\"A Taste of Whale | Official Trailer\" width=\"500\" height=\"281\" src=\"https:\/\/www.youtube.com\/embed\/x8mY1OiRNiA?feature=oembed\" frameborder=\"0\" allow=\"accelerometer; autoplay; clipboard-write; encrypted-media; gyroscope; picture-in-picture; web-share\" referrerpolicy=\"strict-origin-when-cross-origin\" allowfullscreen><\/iframe>\n<\/div><\/figure>\n\n\n\n<h2 class=\"wp-block-heading\">Le Go\u00fbt de la baleine (2022)<\/h2>\n\n\n\n<p>Un film de Vincent Kelner, France, 85 min<\/p>\n\n\n\n<p>Des centaines de baleines-pilotes sont tu\u00e9es chaque ann\u00e9e dans les fjords des \u00eeles F\u00e9ro\u00e9. Le Grind, cette pratique traditionnelle sanglante, est combattue par les activistes de Sea Shepherd. Les F\u00e9ringiens d\u00e9noncent quant \u00e0 eux l\u2019hypocrisie de ceux qui mangent de la viande sans chercher \u00e0 comprendre ce qui se passe dans nos abattoirs.<\/p>\n\n\n\n<p><a href=\"https:\/\/www.jedensvet.sk\/en\/accreditation-ow-online\/\">Disponible en ligne &#8211;&nbsp;acheter accr\u00e9ditation<\/a> <\/p>\n\n\n\n<p><a href=\"https:\/\/www.jedensvet.sk\/en\/filmy\/a-taste-of-whale\/\">Plus<\/a><\/p>\n\n\n\n<figure class=\"wp-block-embed is-type-video is-provider-youtube wp-block-embed-youtube wp-embed-aspect-16-9 wp-has-aspect-ratio\"><div class=\"wp-block-embed__wrapper\">\n<iframe loading=\"lazy\" title=\"Four Daughters (English Trailer) I 22D Label\" width=\"500\" height=\"281\" src=\"https:\/\/www.youtube.com\/embed\/1f_rb66_IXc?feature=oembed\" frameborder=\"0\" allow=\"accelerometer; autoplay; clipboard-write; encrypted-media; gyroscope; picture-in-picture; web-share\" referrerpolicy=\"strict-origin-when-cross-origin\" allowfullscreen><\/iframe>\n<\/div><\/figure>\n\n\n\n<h2 class=\"wp-block-heading\">Les Filles d&rsquo;Olfa (2023)<\/h2>\n\n\n\n<p>Un film de Kaouther Ben Hania, France, Tunisie, Allemagne, Arabie Saoudite, 110 min<\/p>\n\n\n\n<p>La vie d\u2019Olfa, Tunisienne et m\u00e8re de quatre filles, oscille entre ombre et lumi\u00e8re.<br>Un jour, ses deux filles a\u00een\u00e9es disparaissent.<br>Pour combler leur absence, la r\u00e9alisatrice Kaouther Ben Hania convoque des actrices professionnelles et met en place un dispositif de cin\u00e9ma afin de lever le voile sur l\u2019histoire d\u2019Olfa et ses filles.<br>Un voyage fait d\u2019espoir, de r\u00e9bellion, de violence, de transmission et de sororit\u00e9 qui questionne le fondement m\u00eame de nos soci\u00e9t\u00e9s.<\/p>\n\n\n\n<p><strong>Dimanche 5 novembre 2023 \u00e0 16h, Cin\u00e9ma Kino Mlados\u0165<\/strong><\/p>\n\n\n\n<p><a href=\"https:\/\/www.jedensvet.sk\/en\/filmy\/four-daughters\/\">Plus<\/a><\/p>\n\n\n\n<figure class=\"wp-block-embed is-type-video is-provider-youtube wp-block-embed-youtube wp-embed-aspect-16-9 wp-has-aspect-ratio\"><div class=\"wp-block-embed__wrapper\">\n<iframe loading=\"lazy\" title=\"IDFA 2022 | Trailer | Apolonia, Apolonia\" width=\"500\" height=\"281\" src=\"https:\/\/www.youtube.com\/embed\/IARMK6mwhHg?feature=oembed\" frameborder=\"0\" allow=\"accelerometer; autoplay; clipboard-write; encrypted-media; gyroscope; picture-in-picture; web-share\" referrerpolicy=\"strict-origin-when-cross-origin\" allowfullscreen><\/iframe>\n<\/div><\/figure>\n\n\n\n<h2 class=\"wp-block-heading\">Apolonia, Apolonia (2022) <\/h2>\n\n\n\n<p>Un film de L\u00e9a Glob, Danemark, Pologne, France, 116 min<\/p>\n\n\n\n<p>\u00ab\u00a0\u00a0\u00bb<em>J&rsquo;ai souvent pens\u00e9 qu&rsquo;il \u00e9tait temps que je coupe la cam\u00e9ra. Mais je continuais, un peu plus longtemps&#8230;<\/em>\u00a0\u00bb raconte Lea Glob en voix off. C&rsquo;est un coup de foudre lorsqu&rsquo;en 2009, \u00e9tudiante, elle rencontre la magn\u00e9tique Apolonia Sokol, \u00e9lev\u00e9e dans une communaut\u00e9 d&rsquo;artistes au Lavoir Moderne parisien, un th\u00e9\u00e2tre d&rsquo;avant-garde fond\u00e9 par ses parents. Pour la cin\u00e9aste, originaire de la campagne danoise, filmer cette vie de boh\u00e8me, c&rsquo;est entrer dans un conte de f\u00e9es urbain. Une fascination qui va durer treize ans et lier intimement celle qui aspire \u00e0 devenir une peintre accomplie, et son alter ego qui lui tend un miroir cin\u00e9matographique. \u00c0 l&rsquo;instar de Glob, qui porte sur ses images accumul\u00e9es dans le temps un regard r\u00e9trospectif plein de lucidit\u00e9 et de ferveur, nous sommes emport\u00e9s par l&rsquo;\u00e9nergie d\u00e9vorante de la protagoniste \u2013 amie proche d&rsquo;Oksana Shachko, cofondatrice du groupe f\u00e9ministe Femen \u2013 ainsi que ses espoirs, fragilit\u00e9s, frustrations et combats pour \u00eatre reconnue en tant qu&rsquo;artiste. <em>Apolonia, Apolonia<\/em> constitue le renversant portrait d&rsquo;une femme contemporaine, dont la puissance cr\u00e9atrice anime une incessante qu\u00eate de libert\u00e9.\u00a0\u00bb<br>(Emmanuel Chicon &#8211;&nbsp;Visions du R\u00e9el)<\/p>\n\n\n\n<p><strong>Samedi 4 novembre 2023 \u00e0 16h, Kino Lumi\u00e8re x SNG (Cin\u00e9ma Lumi\u00e8re \u00e0 la Galerie nationale slovaque)<\/strong><\/p>\n\n\n\n<p><a href=\"https:\/\/www.jedensvet.sk\/en\/filmy\/apolonia-apolonia\/\">Plus<\/a><\/p>\n\n\n\n<figure class=\"wp-block-embed is-type-video is-provider-youtube wp-block-embed-youtube wp-embed-aspect-16-9 wp-has-aspect-ratio\"><div class=\"wp-block-embed__wrapper\">\n<iframe loading=\"lazy\" title=\"&quot;Seven Winters in Tehran&quot; (Sieben Winter in Teheran) | Trailer | Berlinale 2023\" width=\"500\" height=\"281\" src=\"https:\/\/www.youtube.com\/embed\/SCOky5bOtBQ?feature=oembed\" frameborder=\"0\" allow=\"accelerometer; autoplay; clipboard-write; encrypted-media; gyroscope; picture-in-picture; web-share\" referrerpolicy=\"strict-origin-when-cross-origin\" allowfullscreen><\/iframe>\n<\/div><\/figure>\n\n\n\n<h2 class=\"wp-block-heading\">Sept Hivers \u00e0 T\u00e9h\u00e9ran (2023)<\/h2>\n\n\n\n<p>Un film de Steffi Niederzoll, France, Allemagne, 97 min<\/p>\n\n\n\n<p>En 2007 \u00e0 T\u00e9h\u00e9ran, Reyhaneh Jabbari, 19 ans, poignarde l\u2019homme sur le point de la violer. Elle est accus\u00e9e de meurtre et condamn\u00e9e \u00e0 mort. \u00c0 partir d\u2019images film\u00e9es clandestinement, <em>Sept Hivers \u00e0 T\u00e9h\u00e9ran<\/em> montre le combat de la famille pour tenter de sauver Reyhaneh, devenue symbole de la lutte pour les droits des femmes en Iran.<\/p>\n\n\n\n<p><strong>Vendredi 3 novembre 2023 \u00e0 18h, Kino Lumi\u00e8re x SNG (Cin\u00e9ma Lumi\u00e8re \u00e0 la Galerie nationale slovaque)<\/strong><\/p>\n\n\n\n<p><a href=\"https:\/\/www.jedensvet.sk\/en\/filmy\/seven-winters-in-tehran\/\">Plus<\/a><\/p>\n\n\n\n<figure class=\"wp-block-embed is-type-video is-provider-youtube wp-block-embed-youtube wp-embed-aspect-16-9 wp-has-aspect-ratio\"><div class=\"wp-block-embed__wrapper\">\n<iframe loading=\"lazy\" title=\"Trailer Oficial Mi Pa\u00eds Imaginario\" width=\"500\" height=\"281\" src=\"https:\/\/www.youtube.com\/embed\/_q76W6sRxAU?feature=oembed\" frameborder=\"0\" allow=\"accelerometer; autoplay; clipboard-write; encrypted-media; gyroscope; picture-in-picture; web-share\" referrerpolicy=\"strict-origin-when-cross-origin\" allowfullscreen><\/iframe>\n<\/div><\/figure>\n\n\n\n<h2 class=\"wp-block-heading\">Mon pays imaginaire (2022)<\/h2>\n\n\n\n<p>Un film de Patricio Guzm\u00e1n, France, Chili, 83 min<\/p>\n\n\n\n<p>\u00ab\u00a0Octobre 2019, une r\u00e9volution inattendue, une explosion sociale. Un million et demi de personnes ont manifest\u00e9 dans les rues de Santiago pour plus de d\u00e9mocratie, une vie plus digne, une meilleure \u00e9ducation, un meilleur syst\u00e8me de sant\u00e9 et une nouvelle Constitution. Le Chili avait retrouv\u00e9 sa m\u00e9moire. L\u2019\u00e9v\u00e9nement que j\u2019attendais depuis mes luttes \u00e9tudiantes de 1973 se concr\u00e9tisait enfin.\u00a0\u00bb<br>(Patricio Guzm\u00e1n)<\/p>\n\n\n\n<p><strong>Mercredi 8 novembre 2023 \u00e0 15h, Kino Lumi\u00e8re x SNG (Cin\u00e9ma Lumi\u00e8re \u00e0 la Galerie nationale slovaque<\/strong>)<\/p>\n\n\n\n<p><a href=\"https:\/\/www.jedensvet.sk\/en\/filmy\/my-imaginary-country\/\">Plus<\/a><\/p>\n\n\n\n<figure class=\"wp-block-embed is-type-video is-provider-youtube wp-block-embed-youtube wp-embed-aspect-16-9 wp-has-aspect-ratio\"><div class=\"wp-block-embed__wrapper\">\n<iframe loading=\"lazy\" title=\"Love Is Not an Orange (Official Trailer)\" width=\"500\" height=\"281\" src=\"https:\/\/www.youtube.com\/embed\/FQBBxxo7B1c?feature=oembed\" frameborder=\"0\" allow=\"accelerometer; autoplay; clipboard-write; encrypted-media; gyroscope; picture-in-picture; web-share\" referrerpolicy=\"strict-origin-when-cross-origin\" allowfullscreen><\/iframe>\n<\/div><\/figure>\n\n\n\n<h2 class=\"wp-block-heading\">Love In not an Orange (2022)<\/h2>\n\n\n\n<p>Un film d\u2019Otilia Babara, Belgique,Moldavie, Pays-Bas, France, 73 min<\/p>\n\n\n\n<p>\u00ab\u00a0Au d\u00e9but des ann\u00e9es 90, de nombreuses femmes ont quitt\u00e9 la Moldavie pour subvenir aux besoins de leur famille. Ne pouvant rentrer chez elles, elles ont trouv\u00e9 un moyen particulier de rester en contact avec leur famille : l&rsquo;envoi de grandes bo\u00eetes en carton remplies de cadeaux et de nourriture dont on ne pouvait que r\u00eaver \u00e0 l&rsquo;\u00e9poque. En retour, leurs enfants leur envoyaient des cassettes vid\u00e9o. Cet \u00e9change est devenu un rituel pour des milliers de familles. Les cam\u00e9ras vid\u00e9o et les cadeaux ont permis \u00e0 ces m\u00e8res et \u00e0 ces enfants de partager des aper\u00e7us de leur r\u00e9alit\u00e9 tout en \u00e9tant s\u00e9par\u00e9\u00b7e\u00b7s. Mais derri\u00e8re ces cadeaux se cache aussi l&rsquo;incapacit\u00e9 de mettre des mots sur les \u00e9motions, lorsque la vie vous confronte \u00e0 la douleur indescriptible de la s\u00e9paration\u2026 \u00c0 travers ces archives priv\u00e9es et intimes, la r\u00e9alisatrice Otilia Babara d\u00e9peint la fragilit\u00e9 des liens familiaux \u00e0 travers les yeux d&rsquo;une g\u00e9n\u00e9ration de m\u00e8res et de filles qui ont \u00e9t\u00e9 forc\u00e9es de vivre s\u00e9par\u00e9ment pour survivre. Ce faisant, elle dresse le portrait d&rsquo;un pays post-sovi\u00e9tique \u00e0 la crois\u00e9e des chemins. Un pays dont les femmes ont \u00e9t\u00e9 charg\u00e9es, \u00e0 leur insu, d&rsquo;assurer la transition du communisme au capitalisme. \u00c9motion et Histoire s&rsquo;entrem\u00ealent dans ce r\u00e9cit \u00e9minemment politique.\u00a0\u00bb<br>(Charlotte Serrand &#8211;&nbsp;Visions du R\u00e9el)<\/p>\n\n\n\n<p><strong>Mardi 7 novembre 2023 \u00e0 17h, Kino Klap (Facult\u00e9 de film et de t\u00e9l\u00e9vision de V\u0160MU)<\/strong><\/p>\n\n\n\n<p><a href=\"https:\/\/www.jedensvet.sk\/en\/filmy\/love-is-not-an-orange\/\">Plus<\/a><\/p>\n","protected":false},"featured_media":29463,"template":"","typ-podujatia":[52],"acf":[],"yoast_head":"<!-- This site is optimized with the Yoast SEO plugin v24.5 - https:\/\/yoast.com\/wordpress\/plugins\/seo\/ -->\n<title>Films fran\u00e7ais au festival du film documentaire Jeden svet 2023 - Franc\u00fazsky in\u0161tit\u00fat na Slovensku<\/title>\n<meta name=\"description\" content=\"Films fran\u00e7ais au festival du film documentaire Jeden svet 2023\" \/>\n<meta name=\"robots\" content=\"index, follow, max-snippet:-1, max-image-preview:large, max-video-preview:-1\" \/>\n<link rel=\"canonical\" href=\"https:\/\/institutfrancais.sk\/fr\/podujatie\/films-francais-au-festival-du-film-documentaire-jeden-svet-2023\/\" \/>\n<meta property=\"og:locale\" content=\"fr_FR\" \/>\n<meta property=\"og:type\" content=\"article\" \/>\n<meta property=\"og:title\" content=\"Films fran\u00e7ais au festival du film documentaire Jeden svet 2023 - Franc\u00fazsky in\u0161tit\u00fat na Slovensku\" \/>\n<meta property=\"og:description\" content=\"Films fran\u00e7ais au festival du film documentaire Jeden svet 2023\" \/>\n<meta property=\"og:url\" content=\"https:\/\/institutfrancais.sk\/fr\/podujatie\/films-francais-au-festival-du-film-documentaire-jeden-svet-2023\/\" \/>\n<meta property=\"og:site_name\" content=\"Franc\u00fazsky in\u0161tit\u00fat na Slovensku\" \/>\n<meta property=\"article:modified_time\" content=\"2023-11-06T09:20:31+00:00\" \/>\n<meta property=\"og:image\" content=\"https:\/\/institutfrancais.sk\/wp-content\/uploads\/2023\/11\/JS23-IGpost_1080x1920-A-1.png\" \/>\n\t<meta property=\"og:image:width\" content=\"1080\" \/>\n\t<meta property=\"og:image:height\" content=\"1350\" \/>\n\t<meta property=\"og:image:type\" content=\"image\/png\" \/>\n<meta name=\"twitter:card\" content=\"summary_large_image\" \/>\n<meta name=\"twitter:label1\" content=\"Dur\u00e9e de lecture estim\u00e9e\" \/>\n\t<meta name=\"twitter:data1\" content=\"6 minutes\" \/>\n<script type=\"application\/ld+json\" class=\"yoast-schema-graph\">{\"@context\":\"https:\/\/schema.org\",\"@graph\":[{\"@type\":\"WebPage\",\"@id\":\"https:\/\/institutfrancais.sk\/fr\/podujatie\/films-francais-au-festival-du-film-documentaire-jeden-svet-2023\/\",\"url\":\"https:\/\/institutfrancais.sk\/fr\/podujatie\/films-francais-au-festival-du-film-documentaire-jeden-svet-2023\/\",\"name\":\"Films fran\u00e7ais au festival du film documentaire Jeden svet 2023 - Franc\u00fazsky in\u0161tit\u00fat na Slovensku\",\"isPartOf\":{\"@id\":\"https:\/\/institutfrancais.sk\/fr\/#website\"},\"primaryImageOfPage\":{\"@id\":\"https:\/\/institutfrancais.sk\/fr\/podujatie\/films-francais-au-festival-du-film-documentaire-jeden-svet-2023\/#primaryimage\"},\"image\":{\"@id\":\"https:\/\/institutfrancais.sk\/fr\/podujatie\/films-francais-au-festival-du-film-documentaire-jeden-svet-2023\/#primaryimage\"},\"thumbnailUrl\":\"https:\/\/institutfrancais.sk\/wp-content\/uploads\/2023\/11\/JS23-IGpost_1080x1920-A-1.png\",\"datePublished\":\"2023-11-02T17:27:56+00:00\",\"dateModified\":\"2023-11-06T09:20:31+00:00\",\"description\":\"Films fran\u00e7ais au festival du film documentaire Jeden svet 2023\",\"breadcrumb\":{\"@id\":\"https:\/\/institutfrancais.sk\/fr\/podujatie\/films-francais-au-festival-du-film-documentaire-jeden-svet-2023\/#breadcrumb\"},\"inLanguage\":\"fr-FR\",\"potentialAction\":[{\"@type\":\"ReadAction\",\"target\":[\"https:\/\/institutfrancais.sk\/fr\/podujatie\/films-francais-au-festival-du-film-documentaire-jeden-svet-2023\/\"]}]},{\"@type\":\"ImageObject\",\"inLanguage\":\"fr-FR\",\"@id\":\"https:\/\/institutfrancais.sk\/fr\/podujatie\/films-francais-au-festival-du-film-documentaire-jeden-svet-2023\/#primaryimage\",\"url\":\"https:\/\/institutfrancais.sk\/wp-content\/uploads\/2023\/11\/JS23-IGpost_1080x1920-A-1.png\",\"contentUrl\":\"https:\/\/institutfrancais.sk\/wp-content\/uploads\/2023\/11\/JS23-IGpost_1080x1920-A-1.png\",\"width\":1080,\"height\":1350},{\"@type\":\"BreadcrumbList\",\"@id\":\"https:\/\/institutfrancais.sk\/fr\/podujatie\/films-francais-au-festival-du-film-documentaire-jeden-svet-2023\/#breadcrumb\",\"itemListElement\":[{\"@type\":\"ListItem\",\"position\":1,\"name\":\"Home\",\"item\":\"https:\/\/institutfrancais.sk\/fr\/\"},{\"@type\":\"ListItem\",\"position\":2,\"name\":\"Events\",\"item\":\"https:\/\/institutfrancais.sk\/fr\/podujatie\/\"},{\"@type\":\"ListItem\",\"position\":3,\"name\":\"Films fran\u00e7ais au festival du film documentaire Jeden svet 2023\"}]},{\"@type\":\"WebSite\",\"@id\":\"https:\/\/institutfrancais.sk\/fr\/#website\",\"url\":\"https:\/\/institutfrancais.sk\/fr\/\",\"name\":\"Franc\u00fazsky in\u0161tit\u00fat na Slovensku\",\"description\":\"Franc\u00fazsky in\u0161tit\u00fat na Slovensku\",\"potentialAction\":[{\"@type\":\"SearchAction\",\"target\":{\"@type\":\"EntryPoint\",\"urlTemplate\":\"https:\/\/institutfrancais.sk\/fr\/?s={search_term_string}\"},\"query-input\":{\"@type\":\"PropertyValueSpecification\",\"valueRequired\":true,\"valueName\":\"search_term_string\"}}],\"inLanguage\":\"fr-FR\"}]}<\/script>\n<!-- \/ Yoast SEO plugin. -->","yoast_head_json":{"title":"Films fran\u00e7ais au festival du film documentaire Jeden svet 2023 - Franc\u00fazsky in\u0161tit\u00fat na Slovensku","description":"Films fran\u00e7ais au festival du film documentaire Jeden svet 2023","robots":{"index":"index","follow":"follow","max-snippet":"max-snippet:-1","max-image-preview":"max-image-preview:large","max-video-preview":"max-video-preview:-1"},"canonical":"https:\/\/institutfrancais.sk\/fr\/podujatie\/films-francais-au-festival-du-film-documentaire-jeden-svet-2023\/","og_locale":"fr_FR","og_type":"article","og_title":"Films fran\u00e7ais au festival du film documentaire Jeden svet 2023 - Franc\u00fazsky in\u0161tit\u00fat na Slovensku","og_description":"Films fran\u00e7ais au festival du film documentaire Jeden svet 2023","og_url":"https:\/\/institutfrancais.sk\/fr\/podujatie\/films-francais-au-festival-du-film-documentaire-jeden-svet-2023\/","og_site_name":"Franc\u00fazsky in\u0161tit\u00fat na Slovensku","article_modified_time":"2023-11-06T09:20:31+00:00","og_image":[{"width":1080,"height":1350,"url":"https:\/\/institutfrancais.sk\/wp-content\/uploads\/2023\/11\/JS23-IGpost_1080x1920-A-1.png","type":"image\/png"}],"twitter_card":"summary_large_image","twitter_misc":{"Dur\u00e9e de lecture estim\u00e9e":"6 minutes"},"schema":{"@context":"https:\/\/schema.org","@graph":[{"@type":"WebPage","@id":"https:\/\/institutfrancais.sk\/fr\/podujatie\/films-francais-au-festival-du-film-documentaire-jeden-svet-2023\/","url":"https:\/\/institutfrancais.sk\/fr\/podujatie\/films-francais-au-festival-du-film-documentaire-jeden-svet-2023\/","name":"Films fran\u00e7ais au festival du film documentaire Jeden svet 2023 - Franc\u00fazsky in\u0161tit\u00fat na Slovensku","isPartOf":{"@id":"https:\/\/institutfrancais.sk\/fr\/#website"},"primaryImageOfPage":{"@id":"https:\/\/institutfrancais.sk\/fr\/podujatie\/films-francais-au-festival-du-film-documentaire-jeden-svet-2023\/#primaryimage"},"image":{"@id":"https:\/\/institutfrancais.sk\/fr\/podujatie\/films-francais-au-festival-du-film-documentaire-jeden-svet-2023\/#primaryimage"},"thumbnailUrl":"https:\/\/institutfrancais.sk\/wp-content\/uploads\/2023\/11\/JS23-IGpost_1080x1920-A-1.png","datePublished":"2023-11-02T17:27:56+00:00","dateModified":"2023-11-06T09:20:31+00:00","description":"Films fran\u00e7ais au festival du film documentaire Jeden svet 2023","breadcrumb":{"@id":"https:\/\/institutfrancais.sk\/fr\/podujatie\/films-francais-au-festival-du-film-documentaire-jeden-svet-2023\/#breadcrumb"},"inLanguage":"fr-FR","potentialAction":[{"@type":"ReadAction","target":["https:\/\/institutfrancais.sk\/fr\/podujatie\/films-francais-au-festival-du-film-documentaire-jeden-svet-2023\/"]}]},{"@type":"ImageObject","inLanguage":"fr-FR","@id":"https:\/\/institutfrancais.sk\/fr\/podujatie\/films-francais-au-festival-du-film-documentaire-jeden-svet-2023\/#primaryimage","url":"https:\/\/institutfrancais.sk\/wp-content\/uploads\/2023\/11\/JS23-IGpost_1080x1920-A-1.png","contentUrl":"https:\/\/institutfrancais.sk\/wp-content\/uploads\/2023\/11\/JS23-IGpost_1080x1920-A-1.png","width":1080,"height":1350},{"@type":"BreadcrumbList","@id":"https:\/\/institutfrancais.sk\/fr\/podujatie\/films-francais-au-festival-du-film-documentaire-jeden-svet-2023\/#breadcrumb","itemListElement":[{"@type":"ListItem","position":1,"name":"Home","item":"https:\/\/institutfrancais.sk\/fr\/"},{"@type":"ListItem","position":2,"name":"Events","item":"https:\/\/institutfrancais.sk\/fr\/podujatie\/"},{"@type":"ListItem","position":3,"name":"Films fran\u00e7ais au festival du film documentaire Jeden svet 2023"}]},{"@type":"WebSite","@id":"https:\/\/institutfrancais.sk\/fr\/#website","url":"https:\/\/institutfrancais.sk\/fr\/","name":"Franc\u00fazsky in\u0161tit\u00fat na Slovensku","description":"Franc\u00fazsky in\u0161tit\u00fat na Slovensku","potentialAction":[{"@type":"SearchAction","target":{"@type":"EntryPoint","urlTemplate":"https:\/\/institutfrancais.sk\/fr\/?s={search_term_string}"},"query-input":{"@type":"PropertyValueSpecification","valueRequired":true,"valueName":"search_term_string"}}],"inLanguage":"fr-FR"}]}},"_links":{"self":[{"href":"https:\/\/institutfrancais.sk\/fr\/wp-json\/wp\/v2\/podujatie\/29462"}],"collection":[{"href":"https:\/\/institutfrancais.sk\/fr\/wp-json\/wp\/v2\/podujatie"}],"about":[{"href":"https:\/\/institutfrancais.sk\/fr\/wp-json\/wp\/v2\/types\/podujatie"}],"wp:featuredmedia":[{"embeddable":true,"href":"https:\/\/institutfrancais.sk\/fr\/wp-json\/wp\/v2\/media\/29463"}],"wp:attachment":[{"href":"https:\/\/institutfrancais.sk\/fr\/wp-json\/wp\/v2\/media?parent=29462"}],"wp:term":[{"taxonomy":"typ-podujatia","embeddable":true,"href":"https:\/\/institutfrancais.sk\/fr\/wp-json\/wp\/v2\/typ-podujatia?post=29462"}],"curies":[{"name":"wp","href":"https:\/\/api.w.org\/{rel}","templated":true}]}}