{"id":29475,"date":"2023-11-03T14:58:52","date_gmt":"2023-11-03T13:58:52","guid":{"rendered":"https:\/\/institutfrancais.sk\/?post_type=podujatie&#038;p=29475"},"modified":"2023-11-03T17:22:31","modified_gmt":"2023-11-03T16:22:31","slug":"exposition-et-la-lumiere-fut-de-la-photographe-francaise-dora-tishmann-au-festival-off-bratislava-2023","status":"publish","type":"podujatie","link":"https:\/\/institutfrancais.sk\/fr\/podujatie\/exposition-et-la-lumiere-fut-de-la-photographe-francaise-dora-tishmann-au-festival-off-bratislava-2023\/","title":{"rendered":"Exposition \u00ab\u00a0Et la lumi\u00e8re fut\u00a0\u00bb de la photographe fran\u00e7aise Dora Tishmann au festival OFF Bratislava 2023"},"content":{"rendered":"\n<p>\u00ab\u00a0J\u2019ai cherch\u00e9 \u00e0 d\u00e9velopper une technique o\u00f9 la lumi\u00e8re mat\u00e9rialise une r\u00e9alit\u00e9 invisible des choses qui nous entourent. Dans la chambre noire, j&rsquo;ai mis en place un processus o\u00f9 des rayons d\u2019\u00e9lectricit\u00e9 heurtent, telle la foudre, des v\u00e9g\u00e9taux, des min\u00e9raux, des formes, des objets. La pellicule &#8211;&nbsp;un plan film 4&#215;5&Prime;&nbsp;permet de capter cette manifestation furtive sous forme de photogramme. La lumi\u00e8re agit comme r\u00e9v\u00e9lateur d\u2019une dimension cach\u00e9e, ordonn\u00e9e, harmonieuse, d\u2019une g\u00e9om\u00e9trie de l\u2019univers. A&nbsp;travers ce processus, je fa\u00e7onne un cosmos int\u00e9rieur o\u00f9 une feuille se d\u00e9compose en cellules, se transforme en galaxie. L\u2019infiniment petit et l\u2019infiniment grand se fondent.\u00a0\u00bb<\/p>\n\n\n\n<p>Dora Tishmann<\/p>\n\n\n<div class=\"space md\"><\/div>\n\n\n<h3 class=\"wp-block-heading\">Biographie<\/h3>\n\n\n\n<p>Dora Tishmann est n\u00e9e en ex-Yougoslavie (Serbie). Elle est dipl\u00f4m\u00e9e de l\u2019Universit\u00e9 des Beaux-Arts de Bucarest. Elle vit et travaille en France. Peintre de formation, elle exp\u00e9rimente diff\u00e9rentes techniques photographiques pour aborder des th\u00e8mes autour du corps, de l\u2019univers, des mythes de la cr\u00e9ation.<\/p>\n\n\n<div class=\"space\"><\/div>\n\n\n<figure class=\"wp-block-gallery has-nested-images columns-default is-cropped wp-block-gallery-1 is-layout-flex wp-block-gallery-is-layout-flex\">\n<figure class=\"wp-block-image size-large\"><img loading=\"lazy\" decoding=\"async\" width=\"819\" height=\"1024\" data-id=\"29480\" src=\"https:\/\/institutfrancais.sk\/wp-content\/uploads\/2023\/11\/dt1-819x1024.jpg\" alt=\"\" class=\"wp-image-29480\" srcset=\"https:\/\/institutfrancais.sk\/wp-content\/uploads\/2023\/11\/dt1-819x1024.jpg 819w, https:\/\/institutfrancais.sk\/wp-content\/uploads\/2023\/11\/dt1-240x300.jpg 240w, https:\/\/institutfrancais.sk\/wp-content\/uploads\/2023\/11\/dt1-768x960.jpg 768w, https:\/\/institutfrancais.sk\/wp-content\/uploads\/2023\/11\/dt1-800x1000.jpg 800w, https:\/\/institutfrancais.sk\/wp-content\/uploads\/2023\/11\/dt1.jpg 1063w\" sizes=\"(max-width: 819px) 100vw, 819px\" \/><\/figure>\n\n\n\n<figure class=\"wp-block-image size-large\"><img loading=\"lazy\" decoding=\"async\" width=\"819\" height=\"1024\" data-id=\"29481\" src=\"https:\/\/institutfrancais.sk\/wp-content\/uploads\/2023\/11\/dt2-819x1024.jpg\" alt=\"\" class=\"wp-image-29481\" srcset=\"https:\/\/institutfrancais.sk\/wp-content\/uploads\/2023\/11\/dt2-819x1024.jpg 819w, https:\/\/institutfrancais.sk\/wp-content\/uploads\/2023\/11\/dt2-240x300.jpg 240w, https:\/\/institutfrancais.sk\/wp-content\/uploads\/2023\/11\/dt2-768x960.jpg 768w, https:\/\/institutfrancais.sk\/wp-content\/uploads\/2023\/11\/dt2-800x1000.jpg 800w, https:\/\/institutfrancais.sk\/wp-content\/uploads\/2023\/11\/dt2.jpg 1063w\" sizes=\"(max-width: 819px) 100vw, 819px\" \/><\/figure>\n\n\n\n<figure class=\"wp-block-image size-large\"><img loading=\"lazy\" decoding=\"async\" width=\"819\" height=\"1024\" data-id=\"29490\" src=\"https:\/\/institutfrancais.sk\/wp-content\/uploads\/2023\/11\/dt3-819x1024.jpg\" alt=\"\" class=\"wp-image-29490\" srcset=\"https:\/\/institutfrancais.sk\/wp-content\/uploads\/2023\/11\/dt3-819x1024.jpg 819w, https:\/\/institutfrancais.sk\/wp-content\/uploads\/2023\/11\/dt3-240x300.jpg 240w, https:\/\/institutfrancais.sk\/wp-content\/uploads\/2023\/11\/dt3-768x960.jpg 768w, https:\/\/institutfrancais.sk\/wp-content\/uploads\/2023\/11\/dt3-800x1000.jpg 800w, https:\/\/institutfrancais.sk\/wp-content\/uploads\/2023\/11\/dt3.jpg 1063w\" sizes=\"(max-width: 819px) 100vw, 819px\" \/><\/figure>\n\n\n\n<figure class=\"wp-block-image size-large\"><img loading=\"lazy\" decoding=\"async\" width=\"819\" height=\"1024\" data-id=\"29486\" src=\"https:\/\/institutfrancais.sk\/wp-content\/uploads\/2023\/11\/dt4-819x1024.jpg\" alt=\"\" class=\"wp-image-29486\" srcset=\"https:\/\/institutfrancais.sk\/wp-content\/uploads\/2023\/11\/dt4-819x1024.jpg 819w, https:\/\/institutfrancais.sk\/wp-content\/uploads\/2023\/11\/dt4-240x300.jpg 240w, https:\/\/institutfrancais.sk\/wp-content\/uploads\/2023\/11\/dt4-768x960.jpg 768w, https:\/\/institutfrancais.sk\/wp-content\/uploads\/2023\/11\/dt4-800x1000.jpg 800w, https:\/\/institutfrancais.sk\/wp-content\/uploads\/2023\/11\/dt4.jpg 1063w\" sizes=\"(max-width: 819px) 100vw, 819px\" \/><\/figure>\n\n\n\n<figure class=\"wp-block-image size-large\"><img loading=\"lazy\" decoding=\"async\" width=\"819\" height=\"1024\" data-id=\"29484\" src=\"https:\/\/institutfrancais.sk\/wp-content\/uploads\/2023\/11\/dt5-819x1024.jpg\" alt=\"\" class=\"wp-image-29484\" srcset=\"https:\/\/institutfrancais.sk\/wp-content\/uploads\/2023\/11\/dt5-819x1024.jpg 819w, https:\/\/institutfrancais.sk\/wp-content\/uploads\/2023\/11\/dt5-240x300.jpg 240w, https:\/\/institutfrancais.sk\/wp-content\/uploads\/2023\/11\/dt5-768x960.jpg 768w, https:\/\/institutfrancais.sk\/wp-content\/uploads\/2023\/11\/dt5-800x1000.jpg 800w, https:\/\/institutfrancais.sk\/wp-content\/uploads\/2023\/11\/dt5.jpg 1063w\" sizes=\"(max-width: 819px) 100vw, 819px\" \/><\/figure>\n\n\n\n<figure class=\"wp-block-image size-large\"><img loading=\"lazy\" decoding=\"async\" width=\"819\" height=\"1024\" data-id=\"29488\" src=\"https:\/\/institutfrancais.sk\/wp-content\/uploads\/2023\/11\/dt6-819x1024.jpg\" alt=\"\" class=\"wp-image-29488\" srcset=\"https:\/\/institutfrancais.sk\/wp-content\/uploads\/2023\/11\/dt6-819x1024.jpg 819w, https:\/\/institutfrancais.sk\/wp-content\/uploads\/2023\/11\/dt6-240x300.jpg 240w, https:\/\/institutfrancais.sk\/wp-content\/uploads\/2023\/11\/dt6-768x960.jpg 768w, https:\/\/institutfrancais.sk\/wp-content\/uploads\/2023\/11\/dt6-800x1000.jpg 800w, https:\/\/institutfrancais.sk\/wp-content\/uploads\/2023\/11\/dt6.jpg 1063w\" sizes=\"(max-width: 819px) 100vw, 819px\" \/><\/figure>\n<\/figure>\n\n\n<div class=\"space md\"><\/div>","protected":false},"featured_media":29492,"template":"","typ-podujatia":[56,160],"acf":[],"yoast_head":"<!-- This site is optimized with the Yoast SEO plugin v24.5 - https:\/\/yoast.com\/wordpress\/plugins\/seo\/ -->\n<title>Exposition &quot;Et la lumi\u00e8re fut&quot; de la photographe fran\u00e7aise Dora Tishmann au festival OFF Bratislava 2023 - Franc\u00fazsky in\u0161tit\u00fat na Slovensku<\/title>\n<meta name=\"description\" content=\"Exposition &quot;Et la lumi\u00e8re fut&quot; de la photgraphe fran\u00e7aise Dora Tishmann au festival OFF Bratislava 2023\" \/>\n<meta name=\"robots\" content=\"index, follow, max-snippet:-1, max-image-preview:large, max-video-preview:-1\" \/>\n<link rel=\"canonical\" href=\"https:\/\/institutfrancais.sk\/fr\/podujatie\/exposition-et-la-lumiere-fut-de-la-photographe-francaise-dora-tishmann-au-festival-off-bratislava-2023\/\" \/>\n<meta property=\"og:locale\" content=\"fr_FR\" \/>\n<meta property=\"og:type\" content=\"article\" \/>\n<meta property=\"og:title\" content=\"Exposition &quot;Et la lumi\u00e8re fut&quot; de la photographe fran\u00e7aise Dora Tishmann au festival OFF Bratislava 2023 - Franc\u00fazsky in\u0161tit\u00fat na Slovensku\" \/>\n<meta property=\"og:description\" content=\"Exposition &quot;Et la lumi\u00e8re fut&quot; de la photgraphe fran\u00e7aise Dora Tishmann au festival OFF Bratislava 2023\" \/>\n<meta property=\"og:url\" content=\"https:\/\/institutfrancais.sk\/fr\/podujatie\/exposition-et-la-lumiere-fut-de-la-photographe-francaise-dora-tishmann-au-festival-off-bratislava-2023\/\" \/>\n<meta property=\"og:site_name\" content=\"Franc\u00fazsky in\u0161tit\u00fat na Slovensku\" \/>\n<meta property=\"article:modified_time\" content=\"2023-11-03T16:22:31+00:00\" \/>\n<meta property=\"og:image\" content=\"https:\/\/institutfrancais.sk\/wp-content\/uploads\/2023\/11\/dt7.jpg\" \/>\n\t<meta property=\"og:image:width\" content=\"1063\" \/>\n\t<meta property=\"og:image:height\" content=\"1329\" \/>\n\t<meta property=\"og:image:type\" content=\"image\/jpeg\" \/>\n<meta name=\"twitter:card\" content=\"summary_large_image\" \/>\n<meta name=\"twitter:label1\" content=\"Dur\u00e9e de lecture estim\u00e9e\" \/>\n\t<meta name=\"twitter:data1\" content=\"3 minutes\" \/>\n<script type=\"application\/ld+json\" class=\"yoast-schema-graph\">{\"@context\":\"https:\/\/schema.org\",\"@graph\":[{\"@type\":\"WebPage\",\"@id\":\"https:\/\/institutfrancais.sk\/fr\/podujatie\/exposition-et-la-lumiere-fut-de-la-photographe-francaise-dora-tishmann-au-festival-off-bratislava-2023\/\",\"url\":\"https:\/\/institutfrancais.sk\/fr\/podujatie\/exposition-et-la-lumiere-fut-de-la-photographe-francaise-dora-tishmann-au-festival-off-bratislava-2023\/\",\"name\":\"Exposition \\\"Et la lumi\u00e8re fut\\\" de la photographe fran\u00e7aise Dora Tishmann au festival OFF Bratislava 2023 - Franc\u00fazsky in\u0161tit\u00fat na Slovensku\",\"isPartOf\":{\"@id\":\"https:\/\/institutfrancais.sk\/fr\/#website\"},\"primaryImageOfPage\":{\"@id\":\"https:\/\/institutfrancais.sk\/fr\/podujatie\/exposition-et-la-lumiere-fut-de-la-photographe-francaise-dora-tishmann-au-festival-off-bratislava-2023\/#primaryimage\"},\"image\":{\"@id\":\"https:\/\/institutfrancais.sk\/fr\/podujatie\/exposition-et-la-lumiere-fut-de-la-photographe-francaise-dora-tishmann-au-festival-off-bratislava-2023\/#primaryimage\"},\"thumbnailUrl\":\"https:\/\/institutfrancais.sk\/wp-content\/uploads\/2023\/11\/dt7.jpg\",\"datePublished\":\"2023-11-03T13:58:52+00:00\",\"dateModified\":\"2023-11-03T16:22:31+00:00\",\"description\":\"Exposition \\\"Et la lumi\u00e8re fut\\\" de la photgraphe fran\u00e7aise Dora Tishmann au festival OFF Bratislava 2023\",\"breadcrumb\":{\"@id\":\"https:\/\/institutfrancais.sk\/fr\/podujatie\/exposition-et-la-lumiere-fut-de-la-photographe-francaise-dora-tishmann-au-festival-off-bratislava-2023\/#breadcrumb\"},\"inLanguage\":\"fr-FR\",\"potentialAction\":[{\"@type\":\"ReadAction\",\"target\":[\"https:\/\/institutfrancais.sk\/fr\/podujatie\/exposition-et-la-lumiere-fut-de-la-photographe-francaise-dora-tishmann-au-festival-off-bratislava-2023\/\"]}]},{\"@type\":\"ImageObject\",\"inLanguage\":\"fr-FR\",\"@id\":\"https:\/\/institutfrancais.sk\/fr\/podujatie\/exposition-et-la-lumiere-fut-de-la-photographe-francaise-dora-tishmann-au-festival-off-bratislava-2023\/#primaryimage\",\"url\":\"https:\/\/institutfrancais.sk\/wp-content\/uploads\/2023\/11\/dt7.jpg\",\"contentUrl\":\"https:\/\/institutfrancais.sk\/wp-content\/uploads\/2023\/11\/dt7.jpg\",\"width\":1063,\"height\":1329},{\"@type\":\"BreadcrumbList\",\"@id\":\"https:\/\/institutfrancais.sk\/fr\/podujatie\/exposition-et-la-lumiere-fut-de-la-photographe-francaise-dora-tishmann-au-festival-off-bratislava-2023\/#breadcrumb\",\"itemListElement\":[{\"@type\":\"ListItem\",\"position\":1,\"name\":\"Home\",\"item\":\"https:\/\/institutfrancais.sk\/fr\/\"},{\"@type\":\"ListItem\",\"position\":2,\"name\":\"Events\",\"item\":\"https:\/\/institutfrancais.sk\/fr\/podujatie\/\"},{\"@type\":\"ListItem\",\"position\":3,\"name\":\"Exposition &#8222;Et la lumi\u00e8re fut&#8220; de la photographe fran\u00e7aise Dora Tishmann au festival OFF Bratislava 2023\"}]},{\"@type\":\"WebSite\",\"@id\":\"https:\/\/institutfrancais.sk\/fr\/#website\",\"url\":\"https:\/\/institutfrancais.sk\/fr\/\",\"name\":\"Franc\u00fazsky in\u0161tit\u00fat na Slovensku\",\"description\":\"Franc\u00fazsky in\u0161tit\u00fat na Slovensku\",\"potentialAction\":[{\"@type\":\"SearchAction\",\"target\":{\"@type\":\"EntryPoint\",\"urlTemplate\":\"https:\/\/institutfrancais.sk\/fr\/?s={search_term_string}\"},\"query-input\":{\"@type\":\"PropertyValueSpecification\",\"valueRequired\":true,\"valueName\":\"search_term_string\"}}],\"inLanguage\":\"fr-FR\"}]}<\/script>\n<!-- \/ Yoast SEO plugin. -->","yoast_head_json":{"title":"Exposition \"Et la lumi\u00e8re fut\" de la photographe fran\u00e7aise Dora Tishmann au festival OFF Bratislava 2023 - Franc\u00fazsky in\u0161tit\u00fat na Slovensku","description":"Exposition \"Et la lumi\u00e8re fut\" de la photgraphe fran\u00e7aise Dora Tishmann au festival OFF Bratislava 2023","robots":{"index":"index","follow":"follow","max-snippet":"max-snippet:-1","max-image-preview":"max-image-preview:large","max-video-preview":"max-video-preview:-1"},"canonical":"https:\/\/institutfrancais.sk\/fr\/podujatie\/exposition-et-la-lumiere-fut-de-la-photographe-francaise-dora-tishmann-au-festival-off-bratislava-2023\/","og_locale":"fr_FR","og_type":"article","og_title":"Exposition \"Et la lumi\u00e8re fut\" de la photographe fran\u00e7aise Dora Tishmann au festival OFF Bratislava 2023 - Franc\u00fazsky in\u0161tit\u00fat na Slovensku","og_description":"Exposition \"Et la lumi\u00e8re fut\" de la photgraphe fran\u00e7aise Dora Tishmann au festival OFF Bratislava 2023","og_url":"https:\/\/institutfrancais.sk\/fr\/podujatie\/exposition-et-la-lumiere-fut-de-la-photographe-francaise-dora-tishmann-au-festival-off-bratislava-2023\/","og_site_name":"Franc\u00fazsky in\u0161tit\u00fat na Slovensku","article_modified_time":"2023-11-03T16:22:31+00:00","og_image":[{"width":1063,"height":1329,"url":"https:\/\/institutfrancais.sk\/wp-content\/uploads\/2023\/11\/dt7.jpg","type":"image\/jpeg"}],"twitter_card":"summary_large_image","twitter_misc":{"Dur\u00e9e de lecture estim\u00e9e":"3 minutes"},"schema":{"@context":"https:\/\/schema.org","@graph":[{"@type":"WebPage","@id":"https:\/\/institutfrancais.sk\/fr\/podujatie\/exposition-et-la-lumiere-fut-de-la-photographe-francaise-dora-tishmann-au-festival-off-bratislava-2023\/","url":"https:\/\/institutfrancais.sk\/fr\/podujatie\/exposition-et-la-lumiere-fut-de-la-photographe-francaise-dora-tishmann-au-festival-off-bratislava-2023\/","name":"Exposition \"Et la lumi\u00e8re fut\" de la photographe fran\u00e7aise Dora Tishmann au festival OFF Bratislava 2023 - Franc\u00fazsky in\u0161tit\u00fat na Slovensku","isPartOf":{"@id":"https:\/\/institutfrancais.sk\/fr\/#website"},"primaryImageOfPage":{"@id":"https:\/\/institutfrancais.sk\/fr\/podujatie\/exposition-et-la-lumiere-fut-de-la-photographe-francaise-dora-tishmann-au-festival-off-bratislava-2023\/#primaryimage"},"image":{"@id":"https:\/\/institutfrancais.sk\/fr\/podujatie\/exposition-et-la-lumiere-fut-de-la-photographe-francaise-dora-tishmann-au-festival-off-bratislava-2023\/#primaryimage"},"thumbnailUrl":"https:\/\/institutfrancais.sk\/wp-content\/uploads\/2023\/11\/dt7.jpg","datePublished":"2023-11-03T13:58:52+00:00","dateModified":"2023-11-03T16:22:31+00:00","description":"Exposition \"Et la lumi\u00e8re fut\" de la photgraphe fran\u00e7aise Dora Tishmann au festival OFF Bratislava 2023","breadcrumb":{"@id":"https:\/\/institutfrancais.sk\/fr\/podujatie\/exposition-et-la-lumiere-fut-de-la-photographe-francaise-dora-tishmann-au-festival-off-bratislava-2023\/#breadcrumb"},"inLanguage":"fr-FR","potentialAction":[{"@type":"ReadAction","target":["https:\/\/institutfrancais.sk\/fr\/podujatie\/exposition-et-la-lumiere-fut-de-la-photographe-francaise-dora-tishmann-au-festival-off-bratislava-2023\/"]}]},{"@type":"ImageObject","inLanguage":"fr-FR","@id":"https:\/\/institutfrancais.sk\/fr\/podujatie\/exposition-et-la-lumiere-fut-de-la-photographe-francaise-dora-tishmann-au-festival-off-bratislava-2023\/#primaryimage","url":"https:\/\/institutfrancais.sk\/wp-content\/uploads\/2023\/11\/dt7.jpg","contentUrl":"https:\/\/institutfrancais.sk\/wp-content\/uploads\/2023\/11\/dt7.jpg","width":1063,"height":1329},{"@type":"BreadcrumbList","@id":"https:\/\/institutfrancais.sk\/fr\/podujatie\/exposition-et-la-lumiere-fut-de-la-photographe-francaise-dora-tishmann-au-festival-off-bratislava-2023\/#breadcrumb","itemListElement":[{"@type":"ListItem","position":1,"name":"Home","item":"https:\/\/institutfrancais.sk\/fr\/"},{"@type":"ListItem","position":2,"name":"Events","item":"https:\/\/institutfrancais.sk\/fr\/podujatie\/"},{"@type":"ListItem","position":3,"name":"Exposition &#8222;Et la lumi\u00e8re fut&#8220; de la photographe fran\u00e7aise Dora Tishmann au festival OFF Bratislava 2023"}]},{"@type":"WebSite","@id":"https:\/\/institutfrancais.sk\/fr\/#website","url":"https:\/\/institutfrancais.sk\/fr\/","name":"Franc\u00fazsky in\u0161tit\u00fat na Slovensku","description":"Franc\u00fazsky in\u0161tit\u00fat na Slovensku","potentialAction":[{"@type":"SearchAction","target":{"@type":"EntryPoint","urlTemplate":"https:\/\/institutfrancais.sk\/fr\/?s={search_term_string}"},"query-input":{"@type":"PropertyValueSpecification","valueRequired":true,"valueName":"search_term_string"}}],"inLanguage":"fr-FR"}]}},"_links":{"self":[{"href":"https:\/\/institutfrancais.sk\/fr\/wp-json\/wp\/v2\/podujatie\/29475"}],"collection":[{"href":"https:\/\/institutfrancais.sk\/fr\/wp-json\/wp\/v2\/podujatie"}],"about":[{"href":"https:\/\/institutfrancais.sk\/fr\/wp-json\/wp\/v2\/types\/podujatie"}],"wp:featuredmedia":[{"embeddable":true,"href":"https:\/\/institutfrancais.sk\/fr\/wp-json\/wp\/v2\/media\/29492"}],"wp:attachment":[{"href":"https:\/\/institutfrancais.sk\/fr\/wp-json\/wp\/v2\/media?parent=29475"}],"wp:term":[{"taxonomy":"typ-podujatia","embeddable":true,"href":"https:\/\/institutfrancais.sk\/fr\/wp-json\/wp\/v2\/typ-podujatia?post=29475"}],"curies":[{"name":"wp","href":"https:\/\/api.w.org\/{rel}","templated":true}]}}