{"id":29548,"date":"2024-04-26T14:24:19","date_gmt":"2024-04-26T12:24:19","guid":{"rendered":"https:\/\/institutfrancais.sk\/?post_type=podujatie&#038;p=29548"},"modified":"2024-05-10T15:43:33","modified_gmt":"2024-05-10T13:43:33","slug":"heure-du-conte","status":"publish","type":"podujatie","link":"https:\/\/institutfrancais.sk\/fr\/podujatie\/heure-du-conte\/","title":{"rendered":"Heure du conte \/ \u00a0Un peu perdu\u00a0et\u00a0Oh Non, George!"},"content":{"rendered":"\n<p>Bonjour \u00e0 tous!<\/p>\n\n\n\n<p>Pour notre heure du conte de mai 2024, nous avons s\u00e9lectionn\u00e9 deux livres\u00a0<strong><em>Un peu perdu<\/em>\u00a0<\/strong>et\u00a0<strong><em>Oh Non, George!<\/em>\u00a0<\/strong><\/p>\n\n\n\n<p>La lecture aura lieu samedi\u00a0<strong>25 mai\u00a0de 10h \u00e0 10h45<\/strong>\u00a0\u00e0\u00a0la m\u00e9diath\u00e8que de l\u2019Institut fran\u00e7ais.\u00a0Les enfants entre 2 et 5 ans sont invit\u00e9s, leurs parents aussi\u00a0!<\/p>\n\n\n\n<p><strong>La lecture se fera en fran\u00e7ais et en slovaque&nbsp;!<\/strong><\/p>\n\n\n\n<p>Apr\u00e8s la lecture il y aura une petite activit\u00e9 manuelle&nbsp;!<\/p>\n\n\n<div class=\"space md\"><\/div>","protected":false},"featured_media":32178,"template":"","typ-podujatia":[193,58,98],"acf":[],"yoast_head":"<!-- This site is optimized with the Yoast SEO plugin v24.5 - https:\/\/yoast.com\/wordpress\/plugins\/seo\/ -->\n<title>Heure du conte \/ \u00a0Un peu perdu\u00a0et\u00a0Oh Non, George! - Franc\u00fazsky in\u0161tit\u00fat na Slovensku<\/title>\n<meta name=\"robots\" content=\"index, follow, max-snippet:-1, max-image-preview:large, max-video-preview:-1\" \/>\n<link rel=\"canonical\" href=\"https:\/\/institutfrancais.sk\/fr\/podujatie\/heure-du-conte\/\" \/>\n<meta property=\"og:locale\" content=\"fr_FR\" \/>\n<meta property=\"og:type\" content=\"article\" \/>\n<meta property=\"og:title\" content=\"Heure du conte \/ \u00a0Un peu perdu\u00a0et\u00a0Oh Non, George! - Franc\u00fazsky in\u0161tit\u00fat na Slovensku\" \/>\n<meta property=\"og:description\" content=\"Bonjour \u00e0 tous! Pour notre heure du conte de mai 2024, nous avons s\u00e9lectionn\u00e9 deux livres\u00a0Un peu perdu\u00a0et\u00a0Oh Non, George!\u00a0 La lecture aura lieu samedi\u00a025 mai\u00a0de 10h \u00e0 10h45\u00a0\u00e0\u00a0la m\u00e9diath\u00e8que de l\u2019Institut fran\u00e7ais.\u00a0Les enfants entre 2 et 5 ans sont invit\u00e9s, leurs parents aussi\u00a0! La lecture se fera en fran\u00e7ais et en slovaque&nbsp;! Apr\u00e8s la [&hellip;]\" \/>\n<meta property=\"og:url\" content=\"https:\/\/institutfrancais.sk\/fr\/podujatie\/heure-du-conte\/\" \/>\n<meta property=\"og:site_name\" content=\"Franc\u00fazsky in\u0161tit\u00fat na Slovensku\" \/>\n<meta property=\"article:modified_time\" content=\"2024-05-10T13:43:33+00:00\" \/>\n<meta property=\"og:image\" content=\"https:\/\/institutfrancais.sk\/wp-content\/uploads\/2024\/04\/Oh-non-George1-1.png\" \/>\n\t<meta property=\"og:image:width\" content=\"1080\" \/>\n\t<meta property=\"og:image:height\" content=\"1080\" \/>\n\t<meta property=\"og:image:type\" content=\"image\/png\" \/>\n<meta name=\"twitter:card\" content=\"summary_large_image\" \/>\n<meta name=\"twitter:label1\" content=\"Dur\u00e9e de lecture estim\u00e9e\" \/>\n\t<meta name=\"twitter:data1\" content=\"1 minute\" \/>\n<script type=\"application\/ld+json\" class=\"yoast-schema-graph\">{\"@context\":\"https:\/\/schema.org\",\"@graph\":[{\"@type\":\"WebPage\",\"@id\":\"https:\/\/institutfrancais.sk\/fr\/podujatie\/heure-du-conte\/\",\"url\":\"https:\/\/institutfrancais.sk\/fr\/podujatie\/heure-du-conte\/\",\"name\":\"Heure du conte \/ \u00a0Un peu perdu\u00a0et\u00a0Oh Non, George! - Franc\u00fazsky in\u0161tit\u00fat na Slovensku\",\"isPartOf\":{\"@id\":\"https:\/\/institutfrancais.sk\/fr\/#website\"},\"primaryImageOfPage\":{\"@id\":\"https:\/\/institutfrancais.sk\/fr\/podujatie\/heure-du-conte\/#primaryimage\"},\"image\":{\"@id\":\"https:\/\/institutfrancais.sk\/fr\/podujatie\/heure-du-conte\/#primaryimage\"},\"thumbnailUrl\":\"https:\/\/institutfrancais.sk\/wp-content\/uploads\/2024\/04\/Oh-non-George1-1.png\",\"datePublished\":\"2024-04-26T12:24:19+00:00\",\"dateModified\":\"2024-05-10T13:43:33+00:00\",\"breadcrumb\":{\"@id\":\"https:\/\/institutfrancais.sk\/fr\/podujatie\/heure-du-conte\/#breadcrumb\"},\"inLanguage\":\"fr-FR\",\"potentialAction\":[{\"@type\":\"ReadAction\",\"target\":[\"https:\/\/institutfrancais.sk\/fr\/podujatie\/heure-du-conte\/\"]}]},{\"@type\":\"ImageObject\",\"inLanguage\":\"fr-FR\",\"@id\":\"https:\/\/institutfrancais.sk\/fr\/podujatie\/heure-du-conte\/#primaryimage\",\"url\":\"https:\/\/institutfrancais.sk\/wp-content\/uploads\/2024\/04\/Oh-non-George1-1.png\",\"contentUrl\":\"https:\/\/institutfrancais.sk\/wp-content\/uploads\/2024\/04\/Oh-non-George1-1.png\",\"width\":1080,\"height\":1080},{\"@type\":\"BreadcrumbList\",\"@id\":\"https:\/\/institutfrancais.sk\/fr\/podujatie\/heure-du-conte\/#breadcrumb\",\"itemListElement\":[{\"@type\":\"ListItem\",\"position\":1,\"name\":\"Home\",\"item\":\"https:\/\/institutfrancais.sk\/fr\/\"},{\"@type\":\"ListItem\",\"position\":2,\"name\":\"Events\",\"item\":\"https:\/\/institutfrancais.sk\/fr\/podujatie\/\"},{\"@type\":\"ListItem\",\"position\":3,\"name\":\"Heure du conte \/ \u00a0Un peu perdu\u00a0et\u00a0Oh Non, George!\"}]},{\"@type\":\"WebSite\",\"@id\":\"https:\/\/institutfrancais.sk\/fr\/#website\",\"url\":\"https:\/\/institutfrancais.sk\/fr\/\",\"name\":\"Franc\u00fazsky in\u0161tit\u00fat na Slovensku\",\"description\":\"Franc\u00fazsky in\u0161tit\u00fat na Slovensku\",\"potentialAction\":[{\"@type\":\"SearchAction\",\"target\":{\"@type\":\"EntryPoint\",\"urlTemplate\":\"https:\/\/institutfrancais.sk\/fr\/?s={search_term_string}\"},\"query-input\":{\"@type\":\"PropertyValueSpecification\",\"valueRequired\":true,\"valueName\":\"search_term_string\"}}],\"inLanguage\":\"fr-FR\"}]}<\/script>\n<!-- \/ Yoast SEO plugin. -->","yoast_head_json":{"title":"Heure du conte \/ \u00a0Un peu perdu\u00a0et\u00a0Oh Non, George! - Franc\u00fazsky in\u0161tit\u00fat na Slovensku","robots":{"index":"index","follow":"follow","max-snippet":"max-snippet:-1","max-image-preview":"max-image-preview:large","max-video-preview":"max-video-preview:-1"},"canonical":"https:\/\/institutfrancais.sk\/fr\/podujatie\/heure-du-conte\/","og_locale":"fr_FR","og_type":"article","og_title":"Heure du conte \/ \u00a0Un peu perdu\u00a0et\u00a0Oh Non, George! - Franc\u00fazsky in\u0161tit\u00fat na Slovensku","og_description":"Bonjour \u00e0 tous! Pour notre heure du conte de mai 2024, nous avons s\u00e9lectionn\u00e9 deux livres\u00a0Un peu perdu\u00a0et\u00a0Oh Non, George!\u00a0 La lecture aura lieu samedi\u00a025 mai\u00a0de 10h \u00e0 10h45\u00a0\u00e0\u00a0la m\u00e9diath\u00e8que de l\u2019Institut fran\u00e7ais.\u00a0Les enfants entre 2 et 5 ans sont invit\u00e9s, leurs parents aussi\u00a0! La lecture se fera en fran\u00e7ais et en slovaque&nbsp;! Apr\u00e8s la [&hellip;]","og_url":"https:\/\/institutfrancais.sk\/fr\/podujatie\/heure-du-conte\/","og_site_name":"Franc\u00fazsky in\u0161tit\u00fat na Slovensku","article_modified_time":"2024-05-10T13:43:33+00:00","og_image":[{"width":1080,"height":1080,"url":"https:\/\/institutfrancais.sk\/wp-content\/uploads\/2024\/04\/Oh-non-George1-1.png","type":"image\/png"}],"twitter_card":"summary_large_image","twitter_misc":{"Dur\u00e9e de lecture estim\u00e9e":"1 minute"},"schema":{"@context":"https:\/\/schema.org","@graph":[{"@type":"WebPage","@id":"https:\/\/institutfrancais.sk\/fr\/podujatie\/heure-du-conte\/","url":"https:\/\/institutfrancais.sk\/fr\/podujatie\/heure-du-conte\/","name":"Heure du conte \/ \u00a0Un peu perdu\u00a0et\u00a0Oh Non, George! - Franc\u00fazsky in\u0161tit\u00fat na Slovensku","isPartOf":{"@id":"https:\/\/institutfrancais.sk\/fr\/#website"},"primaryImageOfPage":{"@id":"https:\/\/institutfrancais.sk\/fr\/podujatie\/heure-du-conte\/#primaryimage"},"image":{"@id":"https:\/\/institutfrancais.sk\/fr\/podujatie\/heure-du-conte\/#primaryimage"},"thumbnailUrl":"https:\/\/institutfrancais.sk\/wp-content\/uploads\/2024\/04\/Oh-non-George1-1.png","datePublished":"2024-04-26T12:24:19+00:00","dateModified":"2024-05-10T13:43:33+00:00","breadcrumb":{"@id":"https:\/\/institutfrancais.sk\/fr\/podujatie\/heure-du-conte\/#breadcrumb"},"inLanguage":"fr-FR","potentialAction":[{"@type":"ReadAction","target":["https:\/\/institutfrancais.sk\/fr\/podujatie\/heure-du-conte\/"]}]},{"@type":"ImageObject","inLanguage":"fr-FR","@id":"https:\/\/institutfrancais.sk\/fr\/podujatie\/heure-du-conte\/#primaryimage","url":"https:\/\/institutfrancais.sk\/wp-content\/uploads\/2024\/04\/Oh-non-George1-1.png","contentUrl":"https:\/\/institutfrancais.sk\/wp-content\/uploads\/2024\/04\/Oh-non-George1-1.png","width":1080,"height":1080},{"@type":"BreadcrumbList","@id":"https:\/\/institutfrancais.sk\/fr\/podujatie\/heure-du-conte\/#breadcrumb","itemListElement":[{"@type":"ListItem","position":1,"name":"Home","item":"https:\/\/institutfrancais.sk\/fr\/"},{"@type":"ListItem","position":2,"name":"Events","item":"https:\/\/institutfrancais.sk\/fr\/podujatie\/"},{"@type":"ListItem","position":3,"name":"Heure du conte \/ \u00a0Un peu perdu\u00a0et\u00a0Oh Non, George!"}]},{"@type":"WebSite","@id":"https:\/\/institutfrancais.sk\/fr\/#website","url":"https:\/\/institutfrancais.sk\/fr\/","name":"Franc\u00fazsky in\u0161tit\u00fat na Slovensku","description":"Franc\u00fazsky in\u0161tit\u00fat na Slovensku","potentialAction":[{"@type":"SearchAction","target":{"@type":"EntryPoint","urlTemplate":"https:\/\/institutfrancais.sk\/fr\/?s={search_term_string}"},"query-input":{"@type":"PropertyValueSpecification","valueRequired":true,"valueName":"search_term_string"}}],"inLanguage":"fr-FR"}]}},"_links":{"self":[{"href":"https:\/\/institutfrancais.sk\/fr\/wp-json\/wp\/v2\/podujatie\/29548"}],"collection":[{"href":"https:\/\/institutfrancais.sk\/fr\/wp-json\/wp\/v2\/podujatie"}],"about":[{"href":"https:\/\/institutfrancais.sk\/fr\/wp-json\/wp\/v2\/types\/podujatie"}],"wp:featuredmedia":[{"embeddable":true,"href":"https:\/\/institutfrancais.sk\/fr\/wp-json\/wp\/v2\/media\/32178"}],"wp:attachment":[{"href":"https:\/\/institutfrancais.sk\/fr\/wp-json\/wp\/v2\/media?parent=29548"}],"wp:term":[{"taxonomy":"typ-podujatia","embeddable":true,"href":"https:\/\/institutfrancais.sk\/fr\/wp-json\/wp\/v2\/typ-podujatia?post=29548"}],"curies":[{"name":"wp","href":"https:\/\/api.w.org\/{rel}","templated":true}]}}